{"id":110,"date":"2024-08-06T16:26:17","date_gmt":"2024-08-06T16:26:17","guid":{"rendered":"https:\/\/burkhard-puetz.de\/?page_id=110"},"modified":"2026-02-26T04:15:51","modified_gmt":"2026-02-26T04:15:51","slug":"archiv-musica-sacra-2023","status":"publish","type":"page","link":"https:\/\/burkhard-puetz.de\/?page_id=110","title":{"rendered":"Musica sacra 2023 | 2022 | 2021"},"content":{"rendered":"\n<p class=\"has-text-align-center\"><a href=\"#2023\">2023<\/a><br><a href=\"#2022\">2022<\/a><br><a href=\"#2021\">2021<\/a><\/p>\n\n\n\n<hr class=\"wp-block-separator has-alpha-channel-opacity\" style=\"margin-bottom:var(--wp--preset--spacing--50)\"\/>\n\n\n\n<p>Pfarrkirche Heiligkreuz | Trier, Arnulfstra\u00dfe<br>Pfarrkirche St. Maternus | Trier, Karlsweg<br>Pfarrkirche St. Michael | Trier-Mariahof<\/p>\n\n\n\n<hr class=\"wp-block-separator has-alpha-channel-opacity\"\/>\n\n\n\n<h3 class=\"wp-block-heading has-text-align-center\" id=\"2023\">2023<\/h3>\n\n\n\n<ul class=\"wp-block-list\">\n<li>St. Maternus | St. Michael<\/li>\n<\/ul>\n\n\n\n<p>Samstag\/Sonntag, 21.\/22. Januar 2023 | 3. Sonntag im Jahreskreis<br>Orgelmusik im Gottesdienst | Camille Saint-Sa\u00ebns: Improvisation op. 150 Nr. 7<\/p>\n\n\n\n<ul class=\"wp-block-list\">\n<li>St. Marien, Saarburg-Beurig<\/li>\n<\/ul>\n\n\n\n<p>Sonntag, 22. Januar 2023 | 3. Sonntag im Jahreskreis<br>18:00 | ABENDMESSE<br>Schola- und Kantorenges\u00e4nge von Klaus Wallrath, Heino Schubert u. a.<\/p>\n\n\n\n<p class=\"has-text-align-right\"><em>Absolventen der Vors\u00e4nger- und Kantorenausbildung des Bistums Trier<br>Leitung: Dekanatskantor Burkhard P\u00fctz<br>Regionalkantor Volker Krebs, Orgel<\/em><\/p>\n\n\n\n<ul class=\"wp-block-list\">\n<li>St. Maternus | Heiligkreuz<\/li>\n<\/ul>\n\n\n\n<p>Samstag\/Sonntag, 28.\/29. Januar 2023 | 4. Sonntag im Jahreskreis<br>Orgelmusik im Gottesdienst | Kompositionen von Christopher Tambling,<br>Robert Jones und William Faulkes<\/p>\n\n\n\n<ul class=\"wp-block-list\">\n<li>St. Michael<\/li>\n<\/ul>\n\n\n\n<p>Sonntag, 5. Februar 2023 | 5. Sonntag im Jahreskreis<br>11:00 | HOCHAMT<br>Chorwerke zum Thema &#8220;Vos estis lux mundi \u2013 Ihr seid das Licht der Welt&#8221; (Mt 5,14)<br>von Tom\u00e1s Luis de Victoria, Jos\u00e9 Joaquim Emerico Lobo de Mesquita, Audrey Snyder,<br>Josep Oll\u00e9 i Sabat\u00e9, Thomas Gabriel und Klaus Wallrath<\/p>\n\n\n\n<p class=\"has-text-align-right\"><em>Chorgemeinschaft Heiligkreuz<\/em><\/p>\n\n\n\n<ul class=\"wp-block-list\">\n<li>Heiligkreuz<\/li>\n<\/ul>\n\n\n\n<p>Sonntag, 26. Februar 2023 | 1. Fastensonntag<br>11:00 | HOCHAMT | Gregorianischer Choral<br>Ordinarium XVII in Dominicis Quadragesimae | Proprium &#8220;Invocabit me&#8221;<br>Orgelmusik | Johann Sebastian Bach: Praeludium et Fuga in c BWV 546<\/p>\n\n\n\n<p class=\"has-text-align-right\"><em>Choralschola<\/em><\/p>\n\n\n\n<ul class=\"wp-block-list\">\n<li>St. Maternus | Heiligkreuz<\/li>\n<\/ul>\n\n\n\n<p>Samstag\/Sonntag, 11.\/12. M\u00e4rz 2023 | 3. Fastensonntag<br>Orgelmusik im Gottesdienst | Johann Sebastian Bach:<br>O Mensch, bewein dein S\u00fcnde gro\u00df BWV 622 | Praeludium et Fuga in h BWV 544<\/p>\n\n\n\n<ul class=\"wp-block-list\">\n<li>St. Maternus | St. Michael<\/li>\n<\/ul>\n\n\n\n<p>Samstag\/Sonntag, 18.\/19. M\u00e4rz 2023 | 4. Fastensonntag (Laetare)<br>Orgelmusik im Gottesdienst | Max Reger: Benedictus op. 59 Nr. 9 | Toccata op. 59 Nr. 5<br><em>[Am 19. M\u00e4rz 2023 j\u00e4hrt sich zum 150. Mal der Geburtstag von Max Reger (1873-1916), der vor allem durch seine Orgelwerke anhaltende Ber\u00fchmtheit erlangte.]<\/em><\/p>\n\n\n\n<ul class=\"wp-block-list\">\n<li>St. Michael<\/li>\n<\/ul>\n\n\n\n<p>Sonntag, 19. M\u00e4rz 2023 | 4. Fastensonntag (Laetare)<br>11:00 | HOCHAMT<br>Schola- und Chorges\u00e4nge u. a. von Klaus-Ewald Fischbach, Martin Schomaker<br>und Malcolm Archer<\/p>\n\n\n\n<p class=\"has-text-align-right\"><em>Schola der Chorgemeinschaft Heiligkreuz<\/em><\/p>\n\n\n\n<ul class=\"wp-block-list\">\n<li>Heiligkreuz<\/li>\n<\/ul>\n\n\n\n<p>Freitag, 31. M\u00e4rz 2023<br>19:00 | MUSIK UND WORT ZUR PASSION<br>Joseph Haydn: Die sieben letzten Worte unseres Erl\u00f6sers am Kreuze<br>Orgelwerke von Johann Sebastian Bach<\/p>\n\n\n\n<p class=\"has-text-align-right\"><em>SUBITO QUARTETT<br>Laurentiu Candea, Violine 1 | Dorothee Hesse, Violine 2<br>Tinatin Gnitecki, Viola | Christine Rutz, Violoncello<br>Burkhard P\u00fctz, Orgel<br>Silvia Schmitz-Metzler | Christoph Berger, Wort<\/em><\/p>\n\n\n\n<p class=\"has-text-align-center\"><a href=\"https:\/\/burkhard-puetz.de\/wp-content\/uploads\/2024\/08\/Programmheft-Musik-und-Wort-zur-Passion-31.03.23-Heiligkreuz.pdf\" data-type=\"attachment\" data-id=\"1704\" target=\"_blank\" rel=\"noreferrer noopener\">Programmheft<\/a><\/p>\n\n\n<div class=\"wp-block-image\">\n<figure class=\"aligncenter size-large is-resized\"><img loading=\"lazy\" decoding=\"async\" width=\"697\" height=\"1024\" src=\"https:\/\/burkhard-puetz.de\/wp-content\/uploads\/2024\/08\/Musik-und-Wort-zur-Passion-Heiligkreuz-31.03.23-697x1024.jpg\" alt=\"\" class=\"wp-image-1309\" style=\"width:447px;height:auto\" srcset=\"https:\/\/burkhard-puetz.de\/wp-content\/uploads\/2024\/08\/Musik-und-Wort-zur-Passion-Heiligkreuz-31.03.23-697x1024.jpg 697w, https:\/\/burkhard-puetz.de\/wp-content\/uploads\/2024\/08\/Musik-und-Wort-zur-Passion-Heiligkreuz-31.03.23-204x300.jpg 204w, https:\/\/burkhard-puetz.de\/wp-content\/uploads\/2024\/08\/Musik-und-Wort-zur-Passion-Heiligkreuz-31.03.23-768x1128.jpg 768w, https:\/\/burkhard-puetz.de\/wp-content\/uploads\/2024\/08\/Musik-und-Wort-zur-Passion-Heiligkreuz-31.03.23.jpg 934w\" sizes=\"auto, (max-width: 697px) 100vw, 697px\" \/><\/figure>\n<\/div>\n\n\n<ul class=\"wp-block-list\">\n<li>St. Maternus | Heiligkreuz<\/li>\n<\/ul>\n\n\n\n<p>Samstag\/Sonntag, 1.\/2. April 2023 | Palmsonntag<br>Orgelmusik im Gottesdienst | Samuel Scheidt: Da Jesus an dem Kreuze stund<br>Johann Sebastian Bach: Fantasia in g BWV 542\/1<\/p>\n\n\n\n<ul class=\"wp-block-list\">\n<li>St. Michael<\/li>\n<\/ul>\n\n\n\n<p>Donnerstag, 6. April 2023 | Gr\u00fcndonnerstag<br>19:00 | MESSE VOM LETZTEN ABENDMAHL<br>Gregorianische Ges\u00e4nge vom Tag | Ges\u00e4nge aus Taiz\u00e9 u. a.<\/p>\n\n\n\n<p class=\"has-text-align-right\"><em>Vokalensemble der Chorgemeinschaft Heiligkreuz<\/em><\/p>\n\n\n\n<ul class=\"wp-block-list\">\n<li>Heiligkreuz<\/li>\n<\/ul>\n\n\n\n<p>Freitag, 7. April 2023 | Karfreitag<br>15:00 | FEIER VOM LEIDEN UND STERBEN CHRISTI<br>Jacobus Gallus: Ecce quomodo moritur | Giovanni Pierluigi da Palestrina: O crux ave<br>Tom\u00e1s Luis de Victoria: Popule meus | Felice Anerio: Christus factus est | Johann Cr\u00fcger: Herzliebster Jesu | Johann Sebastian Bach: O Haupt voll Blut und Wunden<br>Heinrich Sch\u00fctz: Also hat Gott die Welt geliebt SWV 380<\/p>\n\n\n\n<p class=\"has-text-align-right\"><em>Chorgemeinschaft Heiligkreuz<\/em><\/p>\n\n\n\n<ul class=\"wp-block-list\">\n<li>St. Maternus | St. Michael<\/li>\n<\/ul>\n\n\n\n<p>Samstag\/Sonntag, 8.\/9. April 2023 | Ostern | Hochfest der Auferstehung des Herrn<br>Orgelmusik im Gottesdienst | Dom Paul Beno\u00eet: Fantasie sur l&#8217;Alleluia du Dimanche de P\u00e2ques<br>Denis B\u00e9dard: Pr\u00e9lude et Toccata sur &#8220;Victimae Paschali Laudes&#8221;<\/p>\n\n\n\n<ul class=\"wp-block-list\">\n<li>St. Maternus<\/li>\n<\/ul>\n\n\n\n<p>Montag, 10. April 2023 | Ostermontag<br>11:00 | HOCHAMT<br>Christopher Tambling: Messe in A f\u00fcr Oberstimmenchor und Orgel<br>Georg Friedrich H\u00e4ndel: I know that my redeemer liveth u. a.<\/p>\n\n\n\n<p class=\"has-text-align-right\"><em>Ein Vokalensemble der Chorgemeinschaft Heiligkreuz<\/em><\/p>\n\n\n\n<ul class=\"wp-block-list\">\n<li>Heiligkreuz<\/li>\n<\/ul>\n\n\n\n<p>Sonntag, 16. April 2023 | 2. Sonntag der Osterzeit<br>10:00 | ERSTKOMMUNIONFEIER<br>Kantorenges\u00e4nge | Lieder aus dem Gotteslob<\/p>\n\n\n\n<p class=\"has-text-align-right\"><em>Kinder- und Jugendchor (A-Chor) Heiligkreuz<\/em><\/p>\n\n\n\n<ul class=\"wp-block-list\">\n<li>Heiligkreuz<\/li>\n<\/ul>\n\n\n\n<p>Sonntag, 7. Mai 2023 | 5. Sonntag der Osterzeit<br>11:00 | HOCHAMT<br>Richard Runciman Terry: Missa brevis in C | Chorges\u00e4nge und Neue Geistliche Lieder<\/p>\n\n\n\n<p class=\"has-text-align-right\"><em>Kinder- und Jugendchor (A-Chor) Heiligkreuz<\/em><\/p>\n\n\n\n<ul class=\"wp-block-list\">\n<li>St. Michael<\/li>\n<\/ul>\n\n\n\n<p>Donnerstag, 18. Mai 2023 | Christi Himmelfahrt<br>11:00 | FESTHOCHAMT | Gregorianischer Choral<br>Ordinarium I in tempore paschali &#8220;Lux et origo&#8221; | Proprium &#8220;Viri Galilaei&#8221;<\/p>\n\n\n\n<p class=\"has-text-align-right\"><em>Choralschola Heiligkreuz<\/em><\/p>\n\n\n\n<ul class=\"wp-block-list\">\n<li>Mattheiser Weiher | Heiligkreuz<\/li>\n<\/ul>\n\n\n\n<p>Donnerstag, 8. Juni 2023 | Fronleichnam<br>9:30 | FESTHOCHAMT | PROZESSION<br>Chorwerke von George Kirbye, Josef Friedrich Doppel\u00adbauer, Karl Norbert Schmid u. a.<\/p>\n\n\n\n<p class=\"has-text-align-right\"><em>Chorgemeinschaft Heiligkreuz<\/em><\/p>\n\n\n\n<ul class=\"wp-block-list\">\n<li>Heiligkreuz<\/li>\n<\/ul>\n\n\n\n<p>Sonntag, 18. Juni 2023 | 11. Sonntag im Jahreskreis<br>11:00 | HOCHAMT | Gregorianischer Choral<br>Ordinarium I &#8220;Lux et origo&#8221; | Proprium &#8220;Exaudi Domine&#8221;<\/p>\n\n\n\n<ul class=\"wp-block-list\">\n<li>St. Michael<\/li>\n<\/ul>\n\n\n\n<p>Sonntag, 25. Juni 2023 | 12. Sonntag im Jahreskreis<br>11:00 | HOCHAMT | Goldenes Priesterjubil\u00e4um Pfr. i. R. Klemens Hombach<br>Tom\u00e1s Luis de Victoria: Missa &#8220;Simile est regnum coelorum&#8221; (Ausz\u00fcge)<br>Heinrich Sch\u00fctz: Also hat Gott die Welt geliebt SWV 380<br>Aller Augen warten auf dich, Herre SWV 429,1<br>Kompositionen von Johann Cr\u00fcger, Jacques Berthier, Burkhard P\u00fctz und Franz Leinh\u00e4user<br>Orgelmusik | Johann Sebastian Bach: Nun danket alle Gott BWV 79 (Arr.: Virgil Fox)<\/p>\n\n\n\n<p class=\"has-text-align-right\"><em>Chorgemeinschaft Heiligkreuz<\/em><\/p>\n\n\n\n<ul class=\"wp-block-list\">\n<li>Heiligkreuz<\/li>\n<\/ul>\n\n\n\n<p>Sonntag, 16. Juli 2023 | 15. Sonntag im Jahreskreis<br>11:00 | HOCHAMT | Gregorianischer Choral<br>Ordinarium &#8220;Missa mundi&#8221; | Proprium &#8220;Dum clamarem&#8221;<\/p>\n\n\n\n<ul class=\"wp-block-list\">\n<li>St. Michael<\/li>\n<\/ul>\n\n\n\n<p>Sonntag, 6. August 2023 | Verkl\u00e4rung des Herrn<br>9:30 | HOCHAMT | Fernsehgottesdienst (Live-\u00dcbertragung im ZDF)<br>Richard Runciman Terry: Mass of St. Dominic in C for four voices and organ (Ausz\u00fcge)<br>Charles Hubert Hastings Parry: Du h\u00f6chstes Licht, du ewger Schein (&#8220;Jerusalem&#8221;)<br>Anton Reinthaler: Choreinleitung &#8220;Gott in der H\u00f6h sei Preis und Ehr&#8221;<br>Burkhard P\u00fctz: Liedkantate &#8220;Herr, nimm auch uns zum Tabor mit&#8221; u. a.<\/p>\n\n\n\n<p class=\"has-text-align-right\"><em>Projektchor Cappella vocale Trier-Heiligkreuz<br>C\u00e4cilia Lauterbach, Kantorengesang<br>KMD Michael Meuser, Orgel<br>Leitung: Dekanatskantor Burkhard P\u00fctz<\/em><\/p>\n\n\n\n<p class=\"has-text-align-center\">Live-Mitschnitt in der ZDF-Mediathek:<br><a href=\"https:\/\/www.zdf.de\/gesellschaft\/gottesdienste\/katholischer-gottesdienst-502.html\" data-type=\"link\" data-id=\"https:\/\/www.zdf.de\/gesellschaft\/gottesdienste\/katholischer-gottesdienst-502.html\" target=\"_blank\" rel=\"noreferrer noopener\"><strong>www.zdf.de<\/strong><\/a><\/p>\n\n\n\n<ul class=\"wp-block-list\">\n<li>St. Michael<\/li>\n<\/ul>\n\n\n\n<p>Sonntag, 20. August 2023 | 20. Sonntag im Jahreskreis<br>11:00 | HOCHAMT | Gregorianischer Choral<br>Ordinarium &#8220;Missa mundi&#8221; | Proprium &#8220;Protector noster&#8221;<\/p>\n\n\n\n<ul class=\"wp-block-list\">\n<li>Heiligkreuz<\/li>\n<\/ul>\n\n\n\n<p>Sonntag, 10. September 2023 | 23. Sonntag im Jahreskreis<br>11:00 | HOCHAMT | Gregorianischer Choral<br>Ordinarium &#8220;Missa mundi&#8221; | Proprium &#8220;Iustus es Domine&#8221;<\/p>\n\n\n\n<ul class=\"wp-block-list\">\n<li>Heiligkreuz<\/li>\n<\/ul>\n\n\n\n<p>Sonntag, 24. September 2023 | 25. Sonntag im Jahreskreis<br>11:00 | HOCHAMT<br>Kompositionen von Felix Mendelssohn Bartholdy, Josef Gabriel Rheinberger, Louis Vierne u. a.<\/p>\n\n\n\n<p class=\"has-text-align-right\"><em>Sabine Zimmermann, Sopran<br>Burkhard P\u00fctz, Orgel<\/em><\/p>\n\n\n\n<ul class=\"wp-block-list\">\n<li>Heiligkreuz<\/li>\n<\/ul>\n\n\n\n<p>Sonntag, 8. Oktober 2023 | 27. Sonntag im Jahreskreis<br>11:00 | HOCHAMT | Erntedank<\/p>\n\n\n\n<p class=\"has-text-align-right\"><em>Gospelchor &#8220;Spiritual Voices&#8221; Hochneukirch<br>Leitung: Wilhelm Junker<\/em><\/p>\n\n\n\n<ul class=\"wp-block-list\">\n<li>St. Michael<\/li>\n<\/ul>\n\n\n\n<p>Mittwoch, 1. November 2023 | Allerheiligen<br>10:00 | FESTHOCHAMT<br>Josef Gabriel Rheinberger: Missa in f op. 62 | Louis Vierne: Ave verum op.15<br>Wolfgang Amadeus Mozart: Alleluia aus &#8220;Exsultate, jubilate&#8221; KV 165 u. a.<\/p>\n\n\n\n<p class=\"has-text-align-right\"><em>Sabine Zimmermann, Sopran<br>Burkhard P\u00fctz, Orgel<\/em><\/p>\n\n\n\n<ul class=\"wp-block-list\">\n<li>Heiligkreuz<\/li>\n<\/ul>\n\n\n\n<p>Sonntag, 5. November 2023 | 31. Sonntag im Jahreskreis<br>11:00 | HOCHAMT | Gregorianischer Choral<br>Ordinarium VIII &#8220;de Angelis&#8221; | Proprium &#8220;Ne derelinquas me, Domine&#8221;<\/p>\n\n\n\n<p class=\"has-text-align-right\"><em>Choralschola Heiligkreuz<\/em><\/p>\n\n\n\n<ul class=\"wp-block-list\">\n<li>Konstantin-Basilika | Trier<\/li>\n<\/ul>\n\n\n\n<p>Mittwoch, 22. November 2023 | Bu\u00df- und Bettag<br>19:00 | \u00d6KUMENISCHER GOTTESDIENST<br>Heinrich Sch\u00fctz: Aus tiefer Not schrei ich zu dir | Gabriel Faur\u00e9: Cantique de Jean Racine op. 11<br>Audrey Snyder: Ubi caritas | Charles Hubert Hastings Parry: Jerusalem &#8211; &#8220;Du h\u00f6chstes Licht&#8221; (Bearbeitung: B. P\u00fctz) | Chors\u00e4tze von Christian Lahusen, Jacques Berthier, Herbert Peter u. a.<br>Orgelmusik | Maurice Durufl\u00e9: Chant donn\u00e9 &#8211; en hommage \u00e0 Jean Gallon<\/p>\n\n\n\n<p class=\"has-text-align-right\"><em>Chorgemeinschaft Heiligkreuz Trier<br>Leitung: Dekanatskantor Burkhard P\u00fctz<br>KMD Martin Bambauer, Orgel<\/em><\/p>\n\n\n\n<p class=\"has-text-align-center\"><a href=\"https:\/\/burkhard-puetz.de\/?page_id=408\" data-type=\"page\" data-id=\"408\" target=\"_blank\" rel=\"noreferrer noopener\">Fotos<\/a><\/p>\n\n\n\n<ul class=\"wp-block-list\">\n<li>St. Michael<\/li>\n<\/ul>\n\n\n\n<p>Sonntag, 3. Dezember 2023 | 1. Adventssonntag<br>11:00 | HOCHAMT<br>Richard Runciman Terry: Missa brevis in C | Gottfried A. Homilius: Israel, hoffe auf den Herrn<br>C\u00e9sar Franck: Panis angelicus | Adventliche Lieder und Ges\u00e4nge<\/p>\n\n\n\n<p class=\"has-text-align-right\"><em>Kinderchor Heiligkreuz (A-Chor)<\/em><\/p>\n\n\n\n<ul class=\"wp-block-list\">\n<li>St. Maternus<\/li>\n<\/ul>\n\n\n\n<p>Samstag, 16. Dezember 2023 | 3. Adventssonntag (Gaudete)<br>11:00 | VORABENDMESSE | Gregorianischer Choral<br>Ordinarium XVII in Dominicis Adventus | Proprium &#8220;Gaudete in Domino&#8221;<br>Adventliche Lieder und Kantorenges\u00e4nge<br>Johann Sebastian Bach: Zion h\u00f6rt die W\u00e4chter singen BWV 140,4<br>Orgelmusik | F\u00e9lix Alexandre Guilmant: Sortie sur &#8220;Creator alme siderum&#8221; op. 65<\/p>\n\n\n\n<ul class=\"wp-block-list\">\n<li>Heiligkreuz<\/li>\n<\/ul>\n\n\n\n<p>Sonntag, 17. Dezember 2023 | 3. Adventssonntag (Gaudete)<\/p>\n\n\n\n<p>11:00 | HOCHAMT | Gregorianischer Choral<br>Ordinarium XVII in Dominicis Adventus | Proprium &#8220;Gaudete in Domino&#8221;<br>Adventliche Lieder und Kantorenges\u00e4nge<br>Orgelmusik | Johann Sebastian Bach: Wachet auf, ruft uns die Stimme BWV 645<br>F\u00e9lix Alexandre Guilmant: Sortie sur &#8220;Creator alme siderum&#8221; op. 65<\/p>\n\n\n\n<p class=\"has-text-align-right\"><em>Choralschola Heiligkreuz<\/em><\/p>\n\n\n\n<ul class=\"wp-block-list\">\n<li>Heiligkreuz<\/li>\n<\/ul>\n\n\n\n<p>Sonntag, 24. Dezember 2023 | Heilig Abend<br>17:30 | Weihnachtliche Orgelmusik zur Einstimmung<br>Choralvorspiele von Johannes Brahms, Karl Hoyer, Gerard Bunk u. a.<br>Alfred Hollins: Pastorale | Denis B\u00e9dard: Variations sur &#8220;In dulci jubilo&#8221;<\/p>\n\n\n\n<p>18:00 | CHRISTMETTE<br>Weihnachtliche Schola- und Kantorenges\u00e4nge<br>Orgelmusik | George Albert Burdett: A Christmas Meditation on &#8220;The First Noel&#8221; and &#8220;Holy Night&#8221; | Camille Saint-Sa\u00ebns: Tollite Hostias (Arr. Eug\u00e8ne Gigout)<\/p>\n\n\n\n<p class=\"has-text-align-right\"><em>Schola der Chorgemeinschaft Heiligkreuz<\/em><\/p>\n\n\n\n<ul class=\"wp-block-list\">\n<li>St. Michael<\/li>\n<\/ul>\n\n\n\n<p>Montag, 25. Dezember 2023 | Weihnachten | Hochfest der Geburt des Herrn<br>11:00 | FESTHOCHAMT<br>Wolfgang Amadeus Mozart: Missa brevis in G &#8220;Pastoralmesse&#8221; KV 140<br>Kirchensonate in F KV 244 | Kirchensonate in C KV 336 <br>f\u00fcr Violinen, Orgel (Solo), Violoncello und Bass<br>Valentin Rathgeber: Weihnachtsoffertorium &#8220;Verbum caro factum est&#8221; op. 20\/2<br>Michel Corrette \/ Michael Praetorius: Lobt Gott, ihr Christen alle gleich<br>Camille Saint-Sa\u00ebns: Tollite hostias | David Willcocks: Adeste, fideles<br>John Rutter: Christmas Lullaby<br>Orgelmusik | Nicolaus Bruhns: Praeludium et Fuga in G<\/p>\n\n\n\n<p class=\"has-text-align-right\"><em>Chorgemeinschaft Heiligkreuz Trier<br>Camerata Subito<br>Dr. Adrian Caspari, Orgel<br>Leitung: Dekanatskantor Burkhard P\u00fctz<\/em><\/p>\n\n\n\n<p><a href=\"#2023\">nach oben<\/a> (Januar 2023)<\/p>\n\n\n\n<hr class=\"wp-block-separator has-alpha-channel-opacity\"\/>\n\n\n\n<h3 class=\"wp-block-heading has-text-align-center\" id=\"2022\">2022<\/h3>\n\n\n\n<ul class=\"wp-block-list\">\n<li>St. Michael<\/li>\n<\/ul>\n\n\n\n<p>Samstag, 1. Januar 2022 | Neujahr | Hochfest der Gottesmutter Maria<br>11:00 | HOCHAMT<br>Orgelmusik | Georg B\u00f6hm: Vom Himmel hoch, da komm ich her<br>Friedrich Wilhelm Zachow: Vom Himmel hoch<br>Johann Sebastian Bach: Vom Himmel hoch, da komm ich her BWV 700 | 701<\/p>\n\n\n\n<ul class=\"wp-block-list\">\n<li>St. Maternus<\/li>\n<\/ul>\n\n\n\n<p>Sonntag, 2. Januar 2022 | 2. Sonntag nach Weihnachten<br>11:00 | HOCHAMT<br>Orgelmusik | Dieterich Buxtehude: Gelobet seist du, Jesu Christ BuxWV 189 | Georg B\u00f6hm: Gelobet seist du, Jesu Christ | Johann Sebastian Bach: Gelobet seist du, Jesu Christ BWV 604<\/p>\n\n\n\n<ul class=\"wp-block-list\">\n<li>St. Maternus<\/li>\n<\/ul>\n\n\n\n<p>Samstag, 8. Januar 2022 | Taufe des Herrn<br>18:00 | VORABENDMESSE<br>Orgelmusik | Johann Pachelbel: Wie sch\u00f6n leuchtet der Morgenstern | Heinrich Lang: Wie sch\u00f6n leuchtet der Morgenstern | Max Reger: Wie sch\u00f6n leuchtet der Morgenstern op. 67 Nr. 49 | Josef Gabriel Rheinberger: Pastorale aus der Orgelsonate Nr. 3 G-Dur op. 88<\/p>\n\n\n\n<ul class=\"wp-block-list\">\n<li>St. Maternus | Heiligkreuz<\/li>\n<\/ul>\n\n\n\n<p>Samstag\/Sonntag, 15.\/16. Januar 2022 | 2. Sonntag im Jahreskreis<br>Orgelmusik im Gottesdienst | Dieterich Buxtehude: Wie sch\u00f6n leuchtet der Morgenstern BuxWV 223 | Ernst Friedrich Richter: Trio \u00fcber &#8220;Wie sch\u00f6n leuchtet der Morgenstern&#8221; op. 20 | Johann Sebastian Bach: Fuga in G BWV 541<\/p>\n\n\n\n<ul class=\"wp-block-list\">\n<li>St. Michael | St. Maternus<\/li>\n<\/ul>\n\n\n\n<p>Samstag\/Sonntag, 22.\/23. Januar 2022 | 3. Sonntag im Jahreskreis<br>Orgelmusik im Gottesdienst | Johann Sebastian Bach: Praeludium et Fuga in C BWV 547<\/p>\n\n\n\n<ul class=\"wp-block-list\">\n<li>St. Michael<\/li>\n<\/ul>\n\n\n\n<p>Sonntag, 30. Januar 2022 | 4. Sonntag im Jahreskreis<br>11:00 | HOCHAMT | Gregorianischer Choral<br>Ordinarium VIII &#8220;De Angelis&#8221; | Proprium &#8220;Laetetur cor&#8221;<br>Orgelmusik | Johann Sebastian Bach: Wie sch\u00f6n leuchtet der Morgenstern BWV 739<\/p>\n\n\n\n<p class=\"has-text-align-right\"><em>Choralschola<\/em><\/p>\n\n\n\n<ul class=\"wp-block-list\">\n<li>Heiligkreuz<\/li>\n<\/ul>\n\n\n\n<p>Sonntag, 6. Februar 2022 | 5. Sonntag im Jahreskreis<br>15:00 | HOCHAMT | Einf\u00fchrung von Domkapitular Benedikt Welter <br>als Pfarrer der Pfarreiengemeinschaft Trier Heiligkreuz<br>L\u00e9o Delibes: Messe br\u00e8ve f\u00fcr gemischten Chor und Orgel<br>Chorwerke von Karl Norbert Schmid, Anton Reinthaler und Colin Mawby<br>Orgelmusik | Nicolas de Grigny: Hymnus &#8220;Verbum supernum prodiens&#8221; | Olivier Messiaen: Le Banquet c\u00e9leste | Johann Sebastian Bach: Toccata in F BWV 540<\/p>\n\n\n\n<p class=\"has-text-align-right\"><em>Chorgemeinschaft Heiligkreuz<br>Dr. Adrian Caspari, Orgel<br>Leitung: Dekanatskantor Burkhard P\u00fctz<\/em><\/p>\n\n\n\n<ul class=\"wp-block-list\">\n<li>St. Michael | St. Maternus<\/li>\n<\/ul>\n\n\n\n<p>Samstag\/Sonntag, 12.\/13. Februar 2022 | 6. Sonntag im Jahreskreis<br>Orgelmusik im Gottesdienst | Camille Saint-Sa\u00ebns: Improvisation op. 150 Nr. 7<\/p>\n\n\n\n<ul class=\"wp-block-list\">\n<li>Heiligkreuz<\/li>\n<\/ul>\n\n\n\n<p>Mittwoch, 2. M\u00e4rz 2022 | Aschermittwoch<br>Orgelmusik im Gottesdienst | Johann Sebastian Bach: Erbarm dich mein, o Herre Gott BWV 721 | Jeanne Demessieux: Attende Domine (Choral Paraphrase) op. 8<\/p>\n\n\n\n<ul class=\"wp-block-list\">\n<li>St. Michael | St. Maternus<\/li>\n<\/ul>\n\n\n\n<p>Samstag\/Sonntag, 5.\/6. M\u00e4rz 2022 | 1. Fastensonntag<br>Orgelmusik im Gottesdienst | Johann Sebastian Bach: Fantasia et Fuga in c BWV 537<\/p>\n\n\n\n<ul class=\"wp-block-list\">\n<li>St. Maternus<\/li>\n<\/ul>\n\n\n\n<p>Sonntag, 6. M\u00e4rz 2022 | 1. Fastensonntag<br>11:00 | HOCHAMT | Gregorianischer Choral<br>Ordinarium XVII in Dominicis Quadragesimae | Proprium &#8220;Invocabit me&#8221;<\/p>\n\n\n\n<p class=\"has-text-align-right\"><em>Choralschola<\/em><\/p>\n\n\n\n<ul class=\"wp-block-list\">\n<li>Heiligkreuz | St. Michael<\/li>\n<\/ul>\n\n\n\n<p>Samstag\/Sonntag, 12.\/13. M\u00e4rz 2022 | 2. Fastensonntag<br>Orgelmusik im Gottesdienst | Max Reger: Praeludium op. 59, Nr. 1<\/p>\n\n\n\n<ul class=\"wp-block-list\">\n<li>St. Maternus | Heiligkreuz<\/li>\n<\/ul>\n\n\n\n<p>Samstag\/Sonntag, 19.\/20. M\u00e4rz 2022 | 3. Fastensonntag<br>Orgelmusik im Gottesdienst | Johann Sebastian Bach: Praeludium et Fuga in c BWV 546 | O Mensch, bewein dein S\u00fcnde gro\u00df BWV 622<\/p>\n\n\n\n<ul class=\"wp-block-list\">\n<li>St. Michael<\/li>\n<\/ul>\n\n\n\n<p>Samstag, 26. M\u00e4rz 2022 | 4. Fastensonntag (Laetare)<br>18:00 | VORABENDMESSE | Gregorianischer Choral<br>Ordinarium XVII in Dominicis Quadragesimae | Proprium &#8220;Laetare Ierusalem&#8221;<br>Orgelmusik | Felix Mendelssohn Bartholdy: Praeludium und Fuge c-Moll op. 37, Nr. 1<\/p>\n\n\n\n<p class=\"has-text-align-right\"><em>Choralschola<\/em><\/p>\n\n\n\n<ul class=\"wp-block-list\">\n<li>St. Maternus<\/li>\n<\/ul>\n\n\n\n<p>Sonntag, 27. M\u00e4rz 2022 | 4. Fastensonntag (Laetare)<br>11:00 | HOCHAMT<br>Chorwerke von Gottfried August Homilius, Malcolm Archer, Klaus-Ewald Fischbach, Martin Schomaker, Robert Sund u. a.<\/p>\n\n\n\n<p class=\"has-text-align-right\"><em>Kinder- und Jugendchor Heiligkreuz (A-Chor)<br>Leitung und Orgel: Burkhard P\u00fctz<\/em><\/p>\n\n\n\n<p class=\"has-text-align-center\"><a href=\"https:\/\/burkhard-puetz.de\/?page_id=410\" data-type=\"page\" data-id=\"410\" target=\"_blank\" rel=\"noreferrer noopener\">Fotos<\/a><\/p>\n\n\n\n<ul class=\"wp-block-list\">\n<li>Heiligkreuz | St. Michael<\/li>\n<\/ul>\n\n\n\n<p>Samstag\/Sonntag, 2.\/3. April 2022 | 5. Fastensonntag<br>Orgelmusik im Gottesdienst | Johann Sebastian Bach: Aus tiefer Not schrei ich zu dir BWV 687 | O Lamm Gottes, unschuldig BWV 618 und 656<\/p>\n\n\n\n<ul class=\"wp-block-list\">\n<li>St. Maternus | Heiligkreuz<\/li>\n<\/ul>\n\n\n\n<p>Samstag\/Sonntag, 9.\/10. April 2022 | Palmsonntag<br>Orgelmusik im Gottesdienst | Karl Hoyer: Choralvorspiel &#8220;O du Liebe meiner Liebe&#8221; op. 57 | Charles-Marie Widor: Mattheus-Final (Bachs-Memento Nr. 6)<\/p>\n\n\n\n<ul class=\"wp-block-list\">\n<li>St. Michael<\/li>\n<\/ul>\n\n\n\n<p>Donnerstag, 14. April 2022 | Gr\u00fcndonnerstag<br>19:00 | MESSE VOM LETZTEN ABENDMAHL<br>Gregorianische Ges\u00e4nge vom Tag<\/p>\n\n\n\n<p class=\"has-text-align-right\"><em>Choralschola Heiligkreuz<\/em><\/p>\n\n\n\n<ul class=\"wp-block-list\">\n<li>Heiligkreuz<\/li>\n<\/ul>\n\n\n\n<p>Freitag, 15. April 2022 | Karfreitag<br>15:00 | FEIER VOM LEIDEN UND STERBEN CHRISTI<br>Giovanni Pierluigi da Palestrina: O crux ave | William Byrd: Ave verum corpus | Tom\u00e1s Luis de Victoria: Popule meus | Jacobus Gallus: Ecce quomodo moritur | Felice Anerio: Christus factus est | Johann Cr\u00fcger: Herzliebster Jesu | Johann Sebastian Bach: O Haupt voll Blut und Wunden | O Traurigkeit, o Herzeleid<\/p>\n\n\n\n<p class=\"has-text-align-right\"><em>Chorgemeinschaft Heiligkreuz<\/em><\/p>\n\n\n\n<ul class=\"wp-block-list\">\n<li>St. Maternus<\/li>\n<\/ul>\n\n\n\n<p>Montag, 18. April 2022 | Ostermontag<br>11:00 | HOCHAMT<br>Hans Leo Hassler: Missa secunda | Gregor Aichinger: Alleluia | Regina caeli<br>Kompositionen von Georg Friedrich H\u00e4ndel und William Henry Monk<br>Orgelmusik | Carl Sattler: Pr\u00e4ludium und Doppelfuge &#8220;Das Grab ist leer&#8221; op. 28a<\/p>\n\n\n\n<p class=\"has-text-align-right\"><em>Chorgemeinschaft Heiligkreuz<br>Leitung und Orgel: Burkhard P\u00fctz<\/em><\/p>\n\n\n\n<ul class=\"wp-block-list\">\n<li>Heiligkreuz<\/li>\n<\/ul>\n\n\n\n<p>Sonntag, 24. April 2022 | 2. Sonntag der Osterzeit<br>10:00 | ERSTKOMMUNIONFEIER<br>Kantorenges\u00e4nge | Lieder aus dem Gotteslob<\/p>\n\n\n\n<p class=\"has-text-align-right\"><em>Schola des Kinderchores Heiligkreuz<\/em><\/p>\n\n\n\n<ul class=\"wp-block-list\">\n<li>St. Michael<\/li>\n<\/ul>\n\n\n\n<p>Sonntag, 1. Mai 2022 | 3. Sonntag der Osterzeit<br>10:00 | ERSTKOMMUNIONFEIER<br>Kantorenges\u00e4nge | Lieder aus dem Gotteslob<\/p>\n\n\n\n<p class=\"has-text-align-right\"><em>Schola des Kinderchores Heiligkreuz<\/em><\/p>\n\n\n\n<ul class=\"wp-block-list\">\n<li>St. Michael<\/li>\n<\/ul>\n\n\n\n<p>Sonntag, 15. Mai 2022 | 5. Sonntag der Osterzeit<br>11:00 | HOCHAMT | Gregorianischer Choral<br>Ordinarium I in tempore paschali &#8220;Lux et origo&#8221; | Proprium &#8220;Cantate&#8221;<\/p>\n\n\n\n<p class=\"has-text-align-right\"><em>Choralschola<\/em><\/p>\n\n\n\n<ul class=\"wp-block-list\">\n<li>Heiligkreuz<\/li>\n<\/ul>\n\n\n\n<p>Sonntag &#8220;Cantate&#8221;, 15. Mai 2022<br>25 plus 2 Jahre Sauer-Orgel in der Pfarrkirche Heiligkreuz<br>18:00 | KONZERT zum Orgeljubil\u00e4um | Nachholtermin von 2020<br><em>Das Konzert konnte wegen der Corona-Pandemie am 22. M\u00e4rz 2020 nicht stattfinden. <\/em><br><em>Es wurde am 15. Mai 2022 mit dem gleichen Solisten nachgeholt.<\/em><\/p>\n\n\n\n<p class=\"has-text-align-center\"><a href=\"https:\/\/burkhard-puetz.de\/wp-content\/uploads\/2024\/08\/TV-Kultur-07.05.22-Interview-zum-Orgeljubilaeum-Heiligkreuz.pdf\" data-type=\"attachment\" data-id=\"1316\" target=\"_blank\" rel=\"noreferrer noopener\">Trierischer Volksfreund vom 07.05.22<\/a><\/p>\n\n\n\n<p><em>Programm:<\/em><br>C\u00e9sar Franck: Choral No. 1 en mi majeur<br>David Cassan: Improvisierte Choral-Partita \u00fcber &#8220;Singt dem Herrn ein neues Lied&#8221; <br>(GL 409) im Stil J. S. Bachs<br>Johann Sebastian Bach: Triosonate Nr. 3 d-Moll BWV 527<br>Maurice Durufl\u00e9: Scherzo op. 2<br>Marcel Dupr\u00e9: \u00c9vocation op. 37 &#8211; Final<br>David Cassan: Improvisation \u00fcber den Introitus &#8220;Cantate Domino canticum novum&#8221;<\/p>\n\n\n\n<p class=\"has-text-align-right\"><em>David Cassan (Paris), Orgel<\/em><br><a href=\"https:\/\/www.davidcassan.com\/\" data-type=\"link\" data-id=\"https:\/\/www.davidcassan.com\/\" target=\"_blank\" rel=\"noreferrer noopener\">www.davidcassan.com<\/a><\/p>\n\n\n\n<p class=\"has-text-align-center\"><a href=\"https:\/\/burkhard-puetz.de\/wp-content\/uploads\/2024\/08\/Programmheft-Konzert-Orgeljubilaeum-15.05.22-Trier-Heiligkreuz.pdf\" data-type=\"attachment\" data-id=\"1317\" target=\"_blank\" rel=\"noreferrer noopener\">Programmheft<\/a><\/p>\n\n\n<div class=\"wp-block-image\">\n<figure class=\"aligncenter size-large is-resized\"><img loading=\"lazy\" decoding=\"async\" width=\"1024\" height=\"1024\" src=\"https:\/\/burkhard-puetz.de\/wp-content\/uploads\/2024\/08\/David-Cassan-15-klein-1024x1024.jpg\" alt=\"\" class=\"wp-image-1318\" style=\"width:363px;height:auto\" srcset=\"https:\/\/burkhard-puetz.de\/wp-content\/uploads\/2024\/08\/David-Cassan-15-klein-1024x1024.jpg 1024w, https:\/\/burkhard-puetz.de\/wp-content\/uploads\/2024\/08\/David-Cassan-15-klein-300x300.jpg 300w, https:\/\/burkhard-puetz.de\/wp-content\/uploads\/2024\/08\/David-Cassan-15-klein-150x150.jpg 150w, https:\/\/burkhard-puetz.de\/wp-content\/uploads\/2024\/08\/David-Cassan-15-klein-768x769.jpg 768w, https:\/\/burkhard-puetz.de\/wp-content\/uploads\/2024\/08\/David-Cassan-15-klein.jpg 1375w\" sizes=\"auto, (max-width: 1024px) 100vw, 1024px\" \/><\/figure>\n<\/div>\n\n\n<p>David Cassan (Paris)<br>Der international renommierte Organist David Cassan (geb. 1989) ist einer der f\u00fchrenden Organisten seiner Generation. Er studierte am Caen Conservatoire und am Conservatoire National Sup\u00e9rieur de Musique in Paris und Lyon bei Thierry Escaich, Pierre Pincemaille, Philippe Lefebvre, Fran\u00e7ois Espinasse, Jean-Fran\u00e7ois Zygel und Erwan Le Prado. Heute f\u00fcllt er als Solist und mit renommierten Ensembles \u2013 wie dem Orchestre Philharmonique de Paris, dem Orchestre National de Lyon, dem Capitole de Toulouse, Ch\u0153ur und dem Orchestre Symphonique de Paris \u2013 in Frankreich sowie weit dar\u00fcber hinaus einen vollen Zeitplan. Er konzertierte bereits in China, Israel, Russland, Lettland, Estland, Spanien, England, Island, Uruguay, Holland, Irland, Portugal, Deutschland, Luxemburg, Schweiz, Belgien, Italien.<br>David Cassan ist ein anerkannter und von Kritikern hochgelobter Interpret. Er hat ein gro\u00dfes Repertoire mit einer Vorliebe f\u00fcr J. S. Bach und die franz\u00f6sischen Komponisten des 19. und 20. Jahrhunderts. Als brillanter und kreativer Improvisator begleitet er auch Stummfilme auf Klavier und Orgel.<br>David Cassan wurde mit einem Dutzend internationaler Erster Preise ausgezeichnet, darunter die von Chartres (Frankreich), St. Albans (UK), Haarlem (Niederlande) und der Grand Prix Jean-Louis Florentz von L&#8217;Acad\u00e9mie des Beaux-Arts (Frankreich). Diese zahlreichen Auszeichnungen machen ihn weltweit zu einem der angesehensten Organisten der j\u00fcngeren Generation.<br>Als renommierter P\u00e4dagoge gibt er regelm\u00e4\u00dfig Meisterkurse auf der ganzen Welt, so zum Beispiel in St. Petersburg, Peking, Bern, Mailand, Lausanne und Paris. David Cassan unterrichtet Orgel am Nancy Conservatoire und Improvisation am Conservatoire de Saint Maur-des-Foss\u00e9s. Regelm\u00e4\u00dfig wird er als Jury-Mitglied bei nationalen und internationalen Wettbewerben eingeladen. Derzeit ist er Titularorganist der Grand-Orgue am L&#8217;Oratoire du Louvre in Paris.<\/p>\n\n\n\n<div class=\"wp-block-media-text is-stacked-on-mobile\"><figure class=\"wp-block-media-text__media\"><img loading=\"lazy\" decoding=\"async\" width=\"768\" height=\"1024\" src=\"https:\/\/burkhard-puetz.de\/wp-content\/uploads\/2024\/08\/IMG-20220515-WA0012-768x1024.jpg\" alt=\"\" class=\"wp-image-766 size-full\" srcset=\"https:\/\/burkhard-puetz.de\/wp-content\/uploads\/2024\/08\/IMG-20220515-WA0012-768x1024.jpg 768w, https:\/\/burkhard-puetz.de\/wp-content\/uploads\/2024\/08\/IMG-20220515-WA0012-225x300.jpg 225w, https:\/\/burkhard-puetz.de\/wp-content\/uploads\/2024\/08\/IMG-20220515-WA0012-1152x1536.jpg 1152w, https:\/\/burkhard-puetz.de\/wp-content\/uploads\/2024\/08\/IMG-20220515-WA0012.jpg 1200w\" sizes=\"auto, (max-width: 768px) 100vw, 768px\" \/><\/figure><div class=\"wp-block-media-text__content\">\n<p>Gro\u00dfe Begeisterung der zahlreichen Besucher des Konzertes zum Orgeljubil\u00e4um<br>mit David Cassan aus Paris <br>am 15. Mai 2022 in Trier-Heiligkreuz &#8211; Autogrammstunde nach dem Konzert<\/p>\n<\/div><\/div>\n\n\n\n<ul class=\"wp-block-list\">\n<li>Heiligkreuz<\/li>\n<\/ul>\n\n\n\n<p>Sonntag, 5. Juni 2022 | Pfingsten<br>11:00 | FESTHOCHAMT<br>Charles Gounod: Messe br\u00e8ve no. 7 en do majeur | Chorwerke von Gregor Aichinger u. a.<br>Orgelmusik | Johann Sebastian Bach: Kyrie, Gott heiliger Geist BWV 671<\/p>\n\n\n\n<p class=\"has-text-align-right\"><em>Chorgemeinschaft Heiligkreuz<\/em><\/p>\n\n\n\n<ul class=\"wp-block-list\">\n<li>St. Michael<\/li>\n<\/ul>\n\n\n\n<p>Pfingstmontag, 6. Juni 2022<br>11:00 | HOCHAMT<br>Orgelmusik | Johann Sebastian Bach: Komm, Gott, Sch\u00f6pfer, Heiliger Geist BWV 667<\/p>\n\n\n\n<ul class=\"wp-block-list\">\n<li>Mattheiser Weiher | St. Maternus<\/li>\n<\/ul>\n\n\n\n<p>Donnerstag, 16. Juni 2022 | Fronleichnam<br>9:30 | FESTHOCHAMT | PROZESSION<br>Chorwerke von George Kirbye, Michael Haller, Josef Friedrich Doppel\u00adbauer,<br>Karl Norbert Schmid u. a.<\/p>\n\n\n\n<p class=\"has-text-align-right\"><em>Chorgemeinschaft Heiligkreuz<\/em><\/p>\n\n\n\n<ul class=\"wp-block-list\">\n<li>St. Maternus<\/li>\n<\/ul>\n\n\n\n<p>Sonntag, 3. Juli 2022 | 14. Sonntag im Jahreskreis<br>11:00 | HOCHAMT | Gregorianischer Choral<br>Ordinarium &#8220;Missa mundi&#8221; | Proprium &#8220;Suscepimus, Deus&#8221;<\/p>\n\n\n\n<ul class=\"wp-block-list\">\n<li>Dienstag, 12. bis Montag 18. Juli 2022<\/li>\n<\/ul>\n\n\n\n<p>15 Kinder und Jugendliche des Kinderchores und der Chorgemeinschaft Heiligkreuz sowie drei Betreuer nehmen am Internationalen Chorfestival der PUERI CANTORES in Florenz (Italien) teil.<\/p>\n\n\n\n<p class=\"has-text-align-center\"><a href=\"https:\/\/burkhard-puetz.de\/?page_id=410\" data-type=\"page\" data-id=\"410\" target=\"_blank\" rel=\"noreferrer noopener\">Fotos<\/a><\/p>\n\n\n\n<p class=\"has-text-align-center\"><a href=\"https:\/\/burkhard-puetz.de\/wp-content\/uploads\/2024\/08\/Bericht-Pueri-Cantores-Festival-Florenz-2022-Trier-Heiligkreuz.pdf\" data-type=\"attachment\" data-id=\"1321\" target=\"_blank\" rel=\"noreferrer noopener\">Bericht<\/a><\/p>\n\n\n\n<figure class=\"wp-block-embed is-type-video is-provider-youtube wp-block-embed-youtube wp-embed-aspect-16-9 wp-has-aspect-ratio\"><div class=\"wp-block-embed__wrapper\">\n<iframe loading=\"lazy\" hcb-fetch-image-from=\"https:\/\/www.youtube.com\/watch?v=wnCMnI8pfeI\" title=\"Chorfestival Pueri Cantores Florenz 2022 - - - international Congress Gaudete et Exsultate Florence\" width=\"720\" height=\"405\" src=\"https:\/\/www.youtube.com\/embed\/wnCMnI8pfeI?feature=oembed\" frameborder=\"0\" allow=\"accelerometer; autoplay; clipboard-write; encrypted-media; gyroscope; picture-in-picture; web-share\" referrerpolicy=\"strict-origin-when-cross-origin\" allowfullscreen><\/iframe>\n<\/div><figcaption class=\"wp-element-caption\">Video 1 (2:47)<\/figcaption><\/figure>\n\n\n\n<figure class=\"wp-block-embed is-type-video is-provider-youtube wp-block-embed-youtube wp-embed-aspect-16-9 wp-has-aspect-ratio\"><div class=\"wp-block-embed__wrapper\">\n<iframe loading=\"lazy\" hcb-fetch-image-from=\"https:\/\/www.youtube.com\/watch?v=KCI9n1QnMKw\" title=\"Singing in Florence - Chorfestival Pueri Cantores Florenz 2022 - international Congress\" width=\"720\" height=\"405\" src=\"https:\/\/www.youtube.com\/embed\/KCI9n1QnMKw?feature=oembed\" frameborder=\"0\" allow=\"accelerometer; autoplay; clipboard-write; encrypted-media; gyroscope; picture-in-picture; web-share\" referrerpolicy=\"strict-origin-when-cross-origin\" allowfullscreen><\/iframe>\n<\/div><figcaption class=\"wp-element-caption\">Video 2 (6:05)<\/figcaption><\/figure>\n\n\n\n<ul class=\"wp-block-list\">\n<li>Heiligkreuz<\/li>\n<\/ul>\n\n\n\n<p>Sonntag, 18. September 2022 | Feier des Patroziniums Kreuzerh\u00f6hung<br>11:00 | HOCHAMT<br>Kantorenges\u00e4nge | Choralmesse &#8220;Lux et origo&#8221;<br>Orgelmusik | Zsolt G\u00e1rdonyi: Lift High the Cross<\/p>\n\n\n\n<p class=\"has-text-align-right\"><em>Teilnehmer\/innen der Kantorenausbildung im Bistum Trier<br>Leitung und Orgel: Dekanatskantor Burkhard P\u00fctz<\/em><\/p>\n\n\n\n<ul class=\"wp-block-list\">\n<li>Samstag, 1. Oktober 2022<\/li>\n<\/ul>\n\n\n\n<p>Ausflug des Kinder- und Jugendchores sowie der Chorgemeinschaft Heiligkreuz <br>in den Europapark Rust<\/p>\n\n\n\n<ul class=\"wp-block-list\">\n<li>Heiligkreuz<\/li>\n<\/ul>\n\n\n\n<p>Samstag, 8. Oktober 2022 | 28. Sonntag im Jahreskreis<br>18:00 | VORABENDMESSE | Verabschiedung Diakon Franz Rudolf Junge<\/p>\n\n\n\n<p class=\"has-text-align-right\"><em>M\u00e4nnergesangverein Trier-Euren<br>Leitung: Katharina Rupik<\/em><\/p>\n\n\n\n<ul class=\"wp-block-list\">\n<li>St. Michael<\/li>\n<\/ul>\n\n\n\n<p>Montag, 1. November 2022 | Allerheiligen<br>11:00 | FESTHOCHAMT | Gregorianischer Choral<br>Ordinarium VIII &#8220;De Angelis&#8221; | Proprium &#8220;Gaudeamus omnes in Domino&#8221;<\/p>\n\n\n\n<p class=\"has-text-align-right\"><em>Choralschola Heiligkreuz<\/em><\/p>\n\n\n\n<ul class=\"wp-block-list\">\n<li>St. Michael<\/li>\n<\/ul>\n\n\n\n<p>Sonntag, 27. November 2022 | 1. Adventssonntag<br>11:00 | HOCHAMT<br>Richard Runciman Terry: Messe in C (Dominikusmesse) f\u00fcr Chor und Orgel<br>Jos\u00e9 Joaquim Emerico Lobo de Mesquita: Alleluia | Burkhard P\u00fctz: In deinen Toren werd ich stehen | Charles Hubert H. Parry: Du h\u00f6chstes Licht | Josep Oll\u00e9 i Sabat\u00e9: Vos estis lux mundi | Philip Stopford: Ave Maria<\/p>\n\n\n\n<p class=\"has-text-align-right\"><em>Chorgemeinschaft Heiligkreuz<\/em><\/p>\n\n\n\n<ul class=\"wp-block-list\">\n<li>Heiligkreuz<\/li>\n<\/ul>\n\n\n\n<p>Sonntag, 4. Dezember 2022 | 2. Adventssonntag<br>11:00 | HOCHAMT | Gregorianischer Choral<br>Ordinarium XVII in Dominicis Adventus | Proprium &#8220;Populus Sion&#8221;<\/p>\n\n\n\n<p class=\"has-text-align-right\"><em>Choralschola Heiligkreuz<\/em><\/p>\n\n\n\n<ul class=\"wp-block-list\">\n<li>St. Michael<\/li>\n<\/ul>\n\n\n\n<p>Sonntag, 11. Dezember 2022 | 3. Adventssonntag (Gaudete)<br>11:00 | HOCHAMT<br>Adventliche Lieder und Ges\u00e4nge von Georg Friedrich H\u00e4ndel, Richard Runciman Terry u. a.<\/p>\n\n\n\n<p class=\"has-text-align-right\"><em>Kinderchor Heiligkreuz (A-Chor)<\/em><\/p>\n\n\n\n<ul class=\"wp-block-list\">\n<li>Heiligkreuz<\/li>\n<\/ul>\n\n\n\n<p>Samstag, 24. Dezember 2022 | Heilig Abend<br>17:25 | Orgelmusik zur Einstimmung<br>C\u00e9sar Franck: Pastorale op. 19<br>Karl Hoyer: Choralvorspiele op. 57 &#8220;O Heiland, rei\u00df die Himmel auf&#8221;<br>&#8220;Nun komm der Heiden Heiland&#8221; | &#8220;Es kommt ein Schiff geladen&#8221;<br>Choral-Paraphrase &#8220;Tochter Zion&#8221; \u2013 &#8220;Vom Himmel hoch&#8221; op. 17<br>Gerard Bunk: Choralimprovisation &#8220;Es kommt ein Schiff geladen&#8221;<br>Johannes Brahms: Choralvorspiel &#8220;Es ist ein Ros entsprungen&#8221; op. 122<\/p>\n\n\n\n<p>18:00 | CHRISTMETTE<br>Weihnachtliche Schola- und Kantorenges\u00e4nge<br>Orgelmusik | Johann Sebastian Bach: Pastorella BWV 590<br>Josef Gabriel Rheinberger: Orgelsonate Nr. 3 G-Dur op. 88 (I. Pastorale)<\/p>\n\n\n\n<p class=\"has-text-align-right\"><em>Schola der Chorgemeinschaft<\/em><\/p>\n\n\n\n<ul class=\"wp-block-list\">\n<li>St. Michael<\/li>\n<\/ul>\n\n\n\n<p>Sonntag, 25. Dezember 2022 | Weihnachten | Hochfest der Geburt des Herrn<br>11:00 | FESTHOCHAMT<br>Richard Runciman Terry: Mass of St. Dominic<br>Weihnachtliche Chorwerke von Michael Praetorius, Felix Mendelssohn Bartholdy,<br>Camille Saint-Sa\u00ebns, David Willcocks u. a.<br>Orgelmusik | Charles Villiers Stanford: Sonata britannica op. 152, 3. Satz: Allegro molto e ritmico<\/p>\n\n\n\n<p class=\"has-text-align-right\"><em>Chorgemeinschaft Heiligkreuz<br>Dr. Adrian Caspari, Orgel<br>Leitung: Dekanatskantor Burkhard P\u00fctz<\/em><\/p>\n\n\n\n<p><a href=\"#2022\">nach oben<\/a> (Januar 2022)<\/p>\n\n\n\n<hr class=\"wp-block-separator has-alpha-channel-opacity\"\/>\n\n\n\n<h3 class=\"wp-block-heading has-text-align-center\" id=\"2021\">2021<\/h3>\n\n\n\n<ul class=\"wp-block-list\">\n<li>Heiligkreuz<\/li>\n<\/ul>\n\n\n\n<p>Sonntag, 10. Januar 2021 | Taufe des Herrn<br>09:30 | HOCHAMT | Gregorianischer Choral<br>Ordinarium VIII &#8220;De Angelis&#8221; | Proprium &#8220;Dilexisti&#8221;<br>Orgelmusik | Johann Sebastian Bach: Wie sch\u00f6n leuchtet der Morgenstern BWV 739<br>Josef Gabriel Rheinberger: Pastorale aus der Orgelsonate Nr. 3 in G-Dur op. 88\/1<\/p>\n\n\n\n<p class=\"has-text-align-right\"><em>Choralschola Heiligkreuz<\/em><\/p>\n\n\n\n<ul class=\"wp-block-list\">\n<li>Heiligkreuz<\/li>\n<\/ul>\n\n\n\n<p>Sonntag, 24. Januar 2021 | 3. Sonntag im Jahreskreis<br>10:30 | HOCHAMT<br>Michael Haller: Missa tertia ad duas voces aequales comitante organo<br>Chorwerke u. a. von Wolfgang Amadeus Mozart und Oliver Sperling<\/p>\n\n\n\n<p class=\"has-text-align-right\"><em>Ein Vokalensemble der Chorgemeinschaft Heiligkreuz<br>Leitung\/Orgel: Burkhard P\u00fctz<\/em><\/p>\n\n\n\n<ul class=\"wp-block-list\">\n<li>St. Maternus | Heiligkreuz | St. Michael<\/li>\n<\/ul>\n\n\n\n<p>Samstag\/Sonntag, 20.\/21. Februar 2021 | 1. Fastensonntag<br>Orgelmusik im Gottesdienst | Jeanne Demessieux: Attende Domine (Choral Paraphrase) op. 8<br>Johann Sebastian Bach: Praeludium et Fuga in e BWV 533<\/p>\n\n\n\n<ul class=\"wp-block-list\">\n<li>Heiligkreuz<\/li>\n<\/ul>\n\n\n\n<p>Sonntag, 21. Februar 2021 | 1. Fastensonntag<br>09:30 | HOCHAMT | Gregorianischer Choral<br>Ordinarium XVII in Dominicis Quadragesimae | Proprium &#8220;Invocabit me&#8221;<\/p>\n\n\n\n<p class=\"has-text-align-right\"><em>Choralschola Heiligkreuz<\/em><\/p>\n\n\n\n<ul class=\"wp-block-list\">\n<li>St. Maternus | Heiligkreuz | St. Michael<\/li>\n<\/ul>\n\n\n\n<p>Samstag\/Sonntag, 27.\/28. Februar 2021 | 2. Fastensonntag<br>Orgelmusik im Gottesdienst | Hermann Schroeder: Kleine Pr\u00e4ludien und Intermezzi op. 9<br>Max Reger: Praeludium op. 59 Nr. 1<\/p>\n\n\n\n<ul class=\"wp-block-list\">\n<li>St. Maternus | Heiligkreuz | St. Michael<\/li>\n<\/ul>\n\n\n\n<p>Samstag\/Sonntag, 6.\/7. M\u00e4rz 2021 | 3. Fastensonntag<br>Orgelmusik im Gottesdienst | Johann Sebastian Bach: O Mensch, bewein dein S\u00fcnde gro\u00df BWV 622 | Praeludium et Fuga in c BWV 546<\/p>\n\n\n\n<ul class=\"wp-block-list\">\n<li>St. Michael<\/li>\n<\/ul>\n\n\n\n<p>Sonntag, 14. M\u00e4rz 2021 | 4. Fastensonntag (Laetare)<br>11:00 | HOCHAMT | Gregorianischer Choral<br>Ordinarium XVII in Dominicis Quadragesimae | Proprium &#8220;Laetare&#8221;<\/p>\n\n\n\n<p class=\"has-text-align-right\"><em>Choralschola Heiligkreuz<\/em><\/p>\n\n\n\n<ul class=\"wp-block-list\">\n<li>St. Maternus | Heiligkreuz | St. Michael<\/li>\n<\/ul>\n\n\n\n<p>Samstag\/Sonntag, 13.\/14. M\u00e4rz 2021 | 4. Fastensonntag (Laetare)<br>Orgelmusik im Gottesdienst | Johann Sebastian Bach: An Wasserfl\u00fcssen Babylon BWV 653<br>Georg Muffat: Toccata tertia<\/p>\n\n\n\n<ul class=\"wp-block-list\">\n<li>St. Maternus | Heiligkreuz | St. Michael<\/li>\n<\/ul>\n\n\n\n<p>Samstag\/Sonntag, 20.\/21. M\u00e4rz 2021 | 5. Fastensonntag<br>Orgelmusik im Gottesdienst | Johann Sebastian Bach: O Lamm Gottes, unschuldig BWV 618 und 656<\/p>\n\n\n\n<ul class=\"wp-block-list\">\n<li>St. Maternus | Heiligkreuz | St. Michael<\/li>\n<\/ul>\n\n\n\n<p>Samstag\/Sonntag, 27.\/28. M\u00e4rz 2021 | Palmsonntag<br>Orgelmusik im Gottesdienst | Johann Sebastian Bach: Praeludium et Fuga in h BWV 544<\/p>\n\n\n\n<ul class=\"wp-block-list\">\n<li>St. Michael<\/li>\n<\/ul>\n\n\n\n<p>Donnerstag, 1. April 2021 | Gr\u00fcndonnerstag<br>19:00 | MESSE VOM LETZTEN ABENDMAHL<br>Gregorianische Ges\u00e4nge vom Tag<\/p>\n\n\n\n<p class=\"has-text-align-right\"><em>Choralschola Heiligkreuz<\/em><\/p>\n\n\n\n<ul class=\"wp-block-list\">\n<li>Heiligkreuz<\/li>\n<\/ul>\n\n\n\n<p>Freitag, 2. April 2021 | Karfreitag<br>15:00 | FEIER VOM LEIDEN UND STERBEN CHRISTI<br>Chorwerke von Giovanni Pierluigi da Palestrina, Felice Anerio, Tom\u00e1s Luis de Victoria, William Byrd, Jacobus Gallus und Johann Sebastian Bach<\/p>\n\n\n\n<p class=\"has-text-align-right\"><em>Vokalensemble der Chorgemeinschaft Heiligkreuz<\/em><\/p>\n\n\n\n<ul class=\"wp-block-list\">\n<li>St. Michael<\/li>\n<\/ul>\n\n\n\n<p>Sonntag, 4. April 2021 | Ostersonntag | Hochfest der Auferstehung des Herrn<br>10:30 | FESTHOCHAMT<br>Th\u00e9odore Dubois: Messe br\u00e8ve | Kompositionen von Georg Friedrich H\u00e4ndel u. a.<br>Gregorianische Ges\u00e4nge vom Tag<br>Orgelmusik | Denis B\u00e9dard: Pr\u00e9lude et Toccata sur &#8220;Victimae Paschali Laudes&#8221;<\/p>\n\n\n\n<p class=\"has-text-align-right\"><em>Vokalensemble der Chorgemeinschaft Heiligkreuz<\/em><\/p>\n\n\n\n<ul class=\"wp-block-list\">\n<li>Heiligkreuz<\/li>\n<\/ul>\n\n\n\n<p>Samstag, 10. April 2021 | Samstag der Osteroktav<br>14:00 | ERSTKOMMUNIONFEIER<br>Kantorenges\u00e4nge | Lieder aus dem Gotteslob<br>Orgelmusik | Th\u00e9odore Dubois: Toccata<\/p>\n\n\n\n<p class=\"has-text-align-right\"><em>Schola des Kinderchores Heiligkreuz<\/em><\/p>\n\n\n\n<ul class=\"wp-block-list\">\n<li>Heiligkreuz<\/li>\n<\/ul>\n\n\n\n<p>Sonntag, 11. April 2021 | 2. Sonntag der Osterzeit<br>10:00 | ERSTKOMMUNIONFEIER<br>Kantorenges\u00e4nge | Lieder aus dem Gotteslob<br>Orgelmusik | Th\u00e9odore Dubois: Toccata<\/p>\n\n\n\n<p class=\"has-text-align-right\"><em>Schola des Kinderchores Heiligkreuz<\/em><\/p>\n\n\n\n<ul class=\"wp-block-list\">\n<li>St. Maternus<\/li>\n<\/ul>\n\n\n\n<p>Samstag, 1. Mai 2021 | 5. Sonntag des Osterzeit<br>18:00 | VORABENDMESSE | Gregorianischer Choral<br>Ordinarium I in tempore paschali &#8220;Lux et origo&#8221; | Proprium &#8220;Cantate&#8221;<br>Orgelmusik | Hermann Schroeder: Marianische Antiphon &#8220;Regina caeli&#8221;<\/p>\n\n\n\n<p class=\"has-text-align-right\"><em>Choralschola Heiligkreuz<\/em><\/p>\n\n\n\n<ul class=\"wp-block-list\">\n<li>St. Maternus | Heiligkreuz | St. Michael<\/li>\n<\/ul>\n\n\n\n<p>Samstag\/Sonntag, 8.\/9. Mai 2021 | 6. Sonntag der Osterzeit<br>Orgelmusik im Gottesdienst | Marcel Dupr\u00e9: Three Chorale Variations on &#8220;Veni Creator Spiritus&#8221;<br>Gaston B\u00e9lier: Toccata pour Grand Orgue<\/p>\n\n\n\n<ul class=\"wp-block-list\">\n<li>St. Michael<\/li>\n<\/ul>\n\n\n\n<p>Donnerstag, 13. Mai 2021 | Christi Himmelfahrt<br>11:00 | FESTHOCHAMT | Gregorianischer Choral<br>Ordinarium I in tempore paschali &#8220;Lux et origo&#8221; | Proprium &#8220;Viri Galilaei&#8221;<\/p>\n\n\n\n<p class=\"has-text-align-right\"><em>Choralschola Heiligkreuz<\/em><\/p>\n\n\n\n<ul class=\"wp-block-list\">\n<li>St. Maternus | Heiligkreuz | St. Michael<\/li>\n<\/ul>\n\n\n\n<p>Samstag\/Sonntag, 15.\/16. Mai 2021 | 7. Sonntag der Osterzeit<br>Orgelmusik im Gottesdienst | Dieterich Buxtehude: Nun bitten wir den Heiligen Geist BuxWV 208 und 209 | Dan Miller: Festival Alleluia &#8220;Lasst uns erfreuen herzlich sehr&#8221;<\/p>\n\n\n\n<ul class=\"wp-block-list\">\n<li>Heiligkreuz<\/li>\n<\/ul>\n\n\n\n<p>Sonntag, 23. Mai 2021 | Pfingsten<br>09:30 | FESTHOCHAMT | Gregorianischer Choral<br>Ordinarium I in tempore paschali &#8220;Lux et origo&#8221; | Proprium &#8220;Spiritus Domini&#8221;<br>Orgelmusik | Alexandre Guilmant: Choral et Fugue aus der Sonate Nr. 5 c-Moll op. 80<\/p>\n\n\n\n<p class=\"has-text-align-right\"><em>Choralschola Heiligkreuz<\/em><\/p>\n\n\n\n<ul class=\"wp-block-list\">\n<li>St. Maternus | Heiligkreuz | St. Michael<\/li>\n<\/ul>\n\n\n\n<p>Samstag\/Sonntag, 29.\/30. Mai 2021 | Dreifaltigkeitssonntag<br>Orgelmusik im Gottesdienst | Marcel Dupr\u00e9: Entr\u00e9e, Canzona et Sortie pour orgue op. 62 <em>[Anl\u00e4sslich des 135. Geburtsjahres und des 50. Todestages (30. Mai 1971) von Marcel Dupr\u00e9]<\/em><\/p>\n\n\n\n<ul class=\"wp-block-list\">\n<li>Heiligkreuz<\/li>\n<\/ul>\n\n\n\n<p>Donnerstag, 3. Juni 2021 | Fronleichnam<br>11:00 | FESTHOCHAMT<br>Orgelmusik | Paul Fey: Variations on &#8220;Tantum ergo&#8221; in the style of Felix Mendelssohn Bartholdy<br>Denis B\u00e9dard: Communion sur &#8220;Lauda Sion&#8221; | Sortie (Toccata)<\/p>\n\n\n\n<ul class=\"wp-block-list\">\n<li>St. Maternus | Heiligkreuz<\/li>\n<\/ul>\n\n\n\n<p>Samstag\/Sonntag, 5.\/6. Juni 2021 | 10. Sonntag im Jahreskreis<br>Orgelmusik im Gottesdienst | Josef Gabriel Rheinberger: Fughetta | Adagio non troppo | Fuge C-Dur WoO 25,5<\/p>\n\n\n\n<ul class=\"wp-block-list\">\n<li>Heiligkreuz<\/li>\n<\/ul>\n\n\n\n<p>Sonntag, 13. Juni 2021 | 11. Sonntag im Jahreskreis<br>09:30 | HOCHAMT | Gregorianischer Choral<br>Ordinarium &#8220;Missa mundi&#8221; | Proprium &#8220;Exaudi Domine&#8221;<\/p>\n\n\n\n<ul class=\"wp-block-list\">\n<li>St. Maternus | Heiligkreuz | St. Michael<\/li>\n<\/ul>\n\n\n\n<p>Samstag\/Sonntag, 19.\/20. Juni 2021 | 12. Sonntag im Jahreskreis<br>Orgelmusik im Gottesdienst | Christian Friedrich Ruppe: Finale D-Dur | Johann Sebastian Bach: Fuga in C BWV 547\/2<\/p>\n\n\n\n<ul class=\"wp-block-list\">\n<li>St. Maternus | Heiligkreuz | St. Michael<\/li>\n<\/ul>\n\n\n\n<p>Samstag\/Sonntag, 26.\/27. Juni 2021 | 13. Sonntag im Jahreskreis<br>Orgelmusik im Gottesdienst | Johann Sebastian Bach: Herr Jesu Christ, dich zu uns wend BWV 709 und 726 | Johann Gottfried Walther: Lobe den Herren, den m\u00e4chtigen K\u00f6nig der Ehren<\/p>\n\n\n\n<ul class=\"wp-block-list\">\n<li>St. Maternus | Heiligkreuz | St. Michael<\/li>\n<\/ul>\n\n\n\n<p>Samstag\/Sonntag, 3.\/4. Juli 2021 | 14. Sonntag im Jahreskreis<br>Orgelmusik im Gottesdienst | Johann Sebastian Bach: Fuga in F BWV 540\/2<\/p>\n\n\n\n<ul class=\"wp-block-list\">\n<li>St. Michael<\/li>\n<\/ul>\n\n\n\n<p>Sonntag, 4. Juli 2021 | 14. Sonntag im Jahreskreis<br>11:00 | HOCHAMT | Gregorianischer Choral<br>Ordinarium &#8220;Missa mundi&#8221; | Proprium &#8220;Suscepimus, Deus&#8221;<\/p>\n\n\n\n<p class=\"has-text-align-right\"><em>Choralschola Heiligkreuz<\/em><\/p>\n\n\n\n<ul class=\"wp-block-list\">\n<li>Heiligkreuz | St. Michael<\/li>\n<\/ul>\n\n\n\n<p>Sonntag, 11. Juli 2021 | 15. Sonntag im Jahreskreis<br>09:30 und 11:00 | HOCHAMT | Erstkommunion<br>Ges\u00e4nge aus dem Gotteslob | Neue Geistliche Lieder von Kathi Stimmer-Salzeder, Peter Janssens und Marco Frisina<br>Orgelmusik | Gaston B\u00e9lier: Toccata pour Grand Orgue<\/p>\n\n\n\n<p class=\"has-text-align-right\"><em>Schola des Kinderchores Heiligkreuz<\/em><\/p>\n\n\n\n<ul class=\"wp-block-list\">\n<li>St. Maternus | Heiligkreuz<\/li>\n<\/ul>\n\n\n\n<p>Samstag\/Sonntag, 17.\/18. Juli 2021 | 16. Sonntag im Jahreskreis<br>Orgelmusik im Gottesdienst | Johann Sebastian Bach: Aria &#8220;Schafe k\u00f6nnen sicher weiden&#8221; (aus: Kantate BWV 208) | Felix Mendelssohn Bartholdy: Praeludium und Fuge G-Dur op. 37, Nr. 2 | Nachspiel D-Dur MWV W12<\/p>\n\n\n\n<ul class=\"wp-block-list\">\n<li>St. Michael<\/li>\n<\/ul>\n\n\n\n<p>Sonntag, 8. August 2021 | 19. Sonntag im Jahreskreis<br>11:00 | HOCHAMT | Gregorianischer Choral<br>Ordinarium &#8220;Missa mundi&#8221; | Proprium &#8220;Respice, Domine&#8221;<br>Orgelmusik | Johann Sebastian Bach: Praeludium et Fuga in G BWV 541<\/p>\n\n\n\n<ul class=\"wp-block-list\">\n<li>Heiligkreuz<\/li>\n<\/ul>\n\n\n\n<p>Sonntag, 5. September 2021 | 23. Sonntag im Jahreskreis<br>11:00 | HOCHAMT | Gregorianischer Choral<br>Ordinarium &#8220;Missa mundi&#8221; | Proprium &#8220;Justus es Domine&#8221;<\/p>\n\n\n\n<p class=\"has-text-align-right\"><em>Choralschola Heiligkreuz<\/em><\/p>\n\n\n\n<ul class=\"wp-block-list\">\n<li>Heiligkreuz<\/li>\n<\/ul>\n\n\n\n<p>Sonntag, 19. September 2021 | Feier des Patroziniums Kreuzerh\u00f6hung<br>11:00 | HOCHAMT | Instrumentalmusik der Barockzeit<br>Triosonaten von Johann Christoph Pepusch und Johann Joachim Quantz<\/p>\n\n\n\n<p class=\"has-text-align-right\"><em>Fabia Neuerburg, Fl\u00f6te<br>Bernhard Neuerburg, Oboe<br>Burkhard P\u00fctz, Orgel<\/em><\/p>\n\n\n\n<ul class=\"wp-block-list\">\n<li>Heiligkreuz<\/li>\n<\/ul>\n\n\n\n<p>Samstag, 9. Oktober 2021<br>19:00 | &#8220;Zelt&#8221; &#8211; &#8220;Burg&#8221; &#8211; &#8220;Stadtteil-Raum&#8221;<br>Orgel-Soir\u00e9e im Gedenken an Gottfried B\u00f6hm (1920-2021), Architekt der Kirche Heiligkreuz in Trier<br>Kompositionen von Johann Sebastian Bach, Max Reger, Sigfrid Karg-Elert, Gerard Bunk, Jehan Alain und Marcel Dupr\u00e9<\/p>\n\n\n\n<p class=\"has-text-align-right\"><em>Dekanatskantor Burkhard P\u00fctz, Orgel<br>Ludwig Kuhn, Wort<\/em><\/p>\n\n\n\n<p class=\"has-text-align-center\"><a href=\"https:\/\/burkhard-puetz.de\/wp-content\/uploads\/2024\/08\/Orgelsoiree-09.10.21-Programm.pdf\" data-type=\"attachment\" data-id=\"1660\" target=\"_blank\" rel=\"noreferrer noopener\">Programm<\/a><\/p>\n\n\n\n<ul class=\"wp-block-list\">\n<li>St. Michael<\/li>\n<\/ul>\n\n\n\n<p>Montag, 1. November 2021 | Allerheiligen<br>11:00 | FESTHOCHAMT | Gregorianischer Choral<br>Ordinarium VIII &#8220;De Angelis&#8221; | Proprium &#8220;Gaudeamus omnes in Domino&#8221;<br>Orgelmusik | Charles Tournemire: L&#8217;Orgue mystique op. 57 Nr. 48 Festum Omnium Sanctorum | Max Reger: Te Deum op. 59 Nr. 12<\/p>\n\n\n\n<p class=\"has-text-align-right\"><em>Choralschola Heiligkreuz<\/em><\/p>\n\n\n\n<ul class=\"wp-block-list\">\n<li>St. Michael<\/li>\n<\/ul>\n\n\n\n<p>Sonntag, 21. November 2021 | Christk\u00f6nigssonntag<br>11:00 | HOCHAMT<br>Chorwerke von Wenzel Emanuel Hor\u00e1k, Josef Venantius von W\u00f6\u00df, Adolf Lohmann u. a.<\/p>\n\n\n\n<p class=\"has-text-align-right\"><em>Chorgemeinschaft Heiligkreuz<\/em><\/p>\n\n\n\n<ul class=\"wp-block-list\">\n<li>Heiligkreuz<\/li>\n<\/ul>\n\n\n\n<p>Sonntag, 28. November 2021 | 1. Adventssonntag<br>11:00 | HOCHAMT<br>Adventliche Lieder und Ges\u00e4nge von Malcolm Archer, Lorenz Maierhofer, Peter Janssens, Bruno Hamm u. a.<\/p>\n\n\n\n<p class=\"has-text-align-right\"><em>Kinder- und Jugendchor Heiligkreuz<\/em><\/p>\n\n\n\n<ul class=\"wp-block-list\">\n<li>St. Maternus<\/li>\n<\/ul>\n\n\n\n<p>Sonntag, 5. Dezember 2021 | 2. Adventssonntag<br>11:00 | HOCHAMT | Adventliche Instrumentalmusik der Barockzeit<br>Kompositionen von Georg Philipp Telemann und Johann Sebastian Bach<\/p>\n\n\n\n<p class=\"has-text-align-right\"><em>Fabia Neuerburg, Fl\u00f6te<br>Bernhard Neuerburg, Oboe<br>Burkhard P\u00fctz, Orgel<\/em><\/p>\n\n\n\n<ul class=\"wp-block-list\">\n<li>Heiligkreuz<\/li>\n<\/ul>\n\n\n\n<p>Samstag, 11. Dezember 2021 | 3. Adventssonntag (Gaudete)<br>18:00 | VORABENDMESSE | Gregorianischer Choral<br>Ordinarium XVII in Dominicis Adventus | Proprium &#8220;Gaudete in Domino&#8221;<\/p>\n\n\n\n<ul class=\"wp-block-list\">\n<li>Heiligkreuz<\/li>\n<\/ul>\n\n\n\n<p>Freitag, 24. Dezember 2021 | Heilig Abend<br>17:30 | Musikalische Einstimmung mit Orgelkompositionen<br>von Johann Sebastian Bach, Sigfrid Karg-Elert und Olivier Messiaen<br>18:00 | CHRISTMETTE<br>Weihnachtliche Schola- und Kantorenges\u00e4nge<\/p>\n\n\n\n<p class=\"has-text-align-right\"><em>Schola der Chorgemeinschaft<\/em><\/p>\n\n\n\n<ul class=\"wp-block-list\">\n<li>St. Michael<\/li>\n<\/ul>\n\n\n\n<p>Samstag, 25. Dezember 2021 | Weihnachten | Hochfest der Geburt des Herrn<br>11:00 | FESTHOCHAMT<br>Wenzel Emanuel Hor\u00e1k: Pastoralmesse<br>Weihnachtliche Chorwerke u. a. von Camille Saint-Sa\u00ebns, David Willcocks und John Rutter<br>Orgelmusik | Dieterich Buxtehude: Nun freut euch, lieben Christen g&#8217;mein BuxWV 210<br>Johann Sebastian Bach: Praeludium in G BWV 550<\/p>\n\n\n\n<p class=\"has-text-align-right\"><em>Chorgemeinschaft Heiligkreuz<br>Dr. Adrian Caspari, Orgel<br>Leitung: Dekanatskantor Burkhard P\u00fctz<\/em><\/p>\n\n\n\n<p><a href=\"#2021\">nach oben<\/a> (Januar 2021)<\/p>\n","protected":false},"excerpt":{"rendered":"<p>202320222021 Pfarrkirche Heiligkreuz | Trier, Arnulfstra\u00dfePfarrkirche St. Maternus | Trier, KarlswegPfarrkirche St. Michael | Trier-Mariahof 2023 Samstag\/Sonntag, 21.\/22. Januar 2023 | 3. Sonntag im JahreskreisOrgelmusik im Gottesdienst | Camille Saint-Sa\u00ebns:&#8230;<\/p>\n","protected":false},"author":1,"featured_media":0,"parent":341,"menu_order":2,"comment_status":"closed","ping_status":"closed","template":"","meta":{"_kadence_starter_templates_imported_post":false,"_kad_post_transparent":"","_kad_post_title":"","_kad_post_layout":"narrow","_kad_post_sidebar_id":"","_kad_post_content_style":"","_kad_post_vertical_padding":"","_kad_post_feature":"","_kad_post_feature_position":"","_kad_post_header":false,"_kad_post_footer":false,"_kad_post_classname":"","footnotes":""},"class_list":["post-110","page","type-page","status-publish","hentry"],"_links":{"self":[{"href":"https:\/\/burkhard-puetz.de\/index.php?rest_route=\/wp\/v2\/pages\/110","targetHints":{"allow":["GET"]}}],"collection":[{"href":"https:\/\/burkhard-puetz.de\/index.php?rest_route=\/wp\/v2\/pages"}],"about":[{"href":"https:\/\/burkhard-puetz.de\/index.php?rest_route=\/wp\/v2\/types\/page"}],"author":[{"embeddable":true,"href":"https:\/\/burkhard-puetz.de\/index.php?rest_route=\/wp\/v2\/users\/1"}],"replies":[{"embeddable":true,"href":"https:\/\/burkhard-puetz.de\/index.php?rest_route=%2Fwp%2Fv2%2Fcomments&post=110"}],"version-history":[{"count":47,"href":"https:\/\/burkhard-puetz.de\/index.php?rest_route=\/wp\/v2\/pages\/110\/revisions"}],"predecessor-version":[{"id":3482,"href":"https:\/\/burkhard-puetz.de\/index.php?rest_route=\/wp\/v2\/pages\/110\/revisions\/3482"}],"up":[{"embeddable":true,"href":"https:\/\/burkhard-puetz.de\/index.php?rest_route=\/wp\/v2\/pages\/341"}],"wp:attachment":[{"href":"https:\/\/burkhard-puetz.de\/index.php?rest_route=%2Fwp%2Fv2%2Fmedia&parent=110"}],"curies":[{"name":"wp","href":"https:\/\/api.w.org\/{rel}","templated":true}]}}