{"id":117,"date":"2024-08-05T15:33:23","date_gmt":"2024-08-05T15:33:23","guid":{"rendered":"https:\/\/burkhard-puetz.de\/?page_id=117"},"modified":"2024-08-14T08:48:24","modified_gmt":"2024-08-14T08:48:24","slug":"archiv-musica-sacra-2020","status":"publish","type":"page","link":"https:\/\/burkhard-puetz.de\/?page_id=117","title":{"rendered":"Musica sacra 2020 | 2019 | 2018"},"content":{"rendered":"\n<p class=\"has-text-align-center\"><a href=\"#2020\">2020<\/a><br><a href=\"#2019\">2019<\/a><br><a href=\"#2018\">2018<\/a><\/p>\n\n\n\n<hr class=\"wp-block-separator has-alpha-channel-opacity\" style=\"margin-bottom:var(--wp--preset--spacing--50)\"\/>\n\n\n\n<p>Pfarrkirche Heiligkreuz | Trier, Arnulfstra\u00dfe<br>Pfarrkirche St. Maternus | Trier, Karlsweg<br>Pfarrkirche St. Michael | Trier-Mariahof<\/p>\n\n\n\n<hr class=\"wp-block-separator has-alpha-channel-opacity\"\/>\n\n\n\n<h3 class=\"wp-block-heading has-text-align-center\" id=\"2020\">2020<\/h3>\n\n\n\n<ul class=\"wp-block-list\">\n<li>St. Maternus<\/li>\n<\/ul>\n\n\n\n<p>Mittwoch, 01. Januar 2020 | Neujahr | Hochfest der Gottesmutter Maria<br>11:30 | HOCHAMT<br>Orgelmusik | Johann Sebastian Bach: Einige canonische Ver\u00e4nderungen \u00fcber das Weihnachtslied &#8220;Vom Himmel hoch da komm ich her&#8221; BWV 769<\/p>\n\n\n\n<ul class=\"wp-block-list\">\n<li>Basilika St. Paulin Trier<\/li>\n<\/ul>\n\n\n\n<p>Sonntag, 12. Januar 2020 | Taufe des Herrn<br>18:30 | ABENDMESSE<br>Kantorenges\u00e4nge und Chorwerke von Klaus-Ewald Fischbach, Stephan Rommelspacher, Marco Frisina u. a.<\/p>\n\n\n\n<p class=\"has-text-align-right\"><em>Absolventen der Vors\u00e4nger- und Kantorenausbildung des Bistums Trier<br>Leitung: Dekanatskantor Burkhard P\u00fctz<br>Regionalkantor Volker Krebs, Orgel<\/em><\/p>\n\n\n\n<ul class=\"wp-block-list\">\n<li>St. Maternus | Heiligkreuz | St. Michael<\/li>\n<\/ul>\n\n\n\n<p>Samstag\/Sonntag, 01.\/02. Februar 2020 | Darstellung des Herrn<br>Orgelmusik | Johann Sebastian Bach: Wie sch\u00f6n leuchtet der Morgenstern BWV 739<br>Dieterich Buxtehude: Wie sch\u00f6n leuchtet der Morgenstern BuxWV 223<\/p>\n\n\n\n<ul class=\"wp-block-list\">\n<li>Heiligkreuz<\/li>\n<\/ul>\n\n\n\n<p>Sonntag, 09. Februar 2020 | 5. Sonntag im Jahreskreis<br>09:30 | HOCHAMT | Gregorianischer Choral<br>Ordinarium VIII &#8220;De Angelis&#8221; | Proprium &#8220;Venite, adoremus&#8221;<br>Orgelmusik | Johann Sebastian Bach: Concerto in C BWV 595<\/p>\n\n\n\n<p class=\"has-text-align-right\"><em>Choralschola<\/em><\/p>\n\n\n\n<ul class=\"wp-block-list\">\n<li>St. Maternus | Heiligkreuz | St. Michael<\/li>\n<\/ul>\n\n\n\n<p>Samstag\/Sonntag, 29. Februar \/ 01. M\u00e4rz 2020 | 1. Fastensonntag<br>Orgelmusik | Johann Sebastian Bach: Aus tiefer Not schrei ich zu dir BWV 686 und 687<\/p>\n\n\n\n<ul class=\"wp-block-list\">\n<li>St. Maternus | Heiligkreuz | St. Michael<\/li>\n<\/ul>\n\n\n\n<p>Samstag\/Sonntag, 07.\/08. M\u00e4rz 2020 | 2. Fastensonntag<br>Orgelmusik | Johann Sebastian Bach: Praeludium et Fuga in h BWV 544<\/p>\n\n\n\n<p><em><strong>Im Bistum Trier sind aufgrund der Coronavirus-Pandemie ab 14. M\u00e4rz s\u00e4mtliche Veranstaltungen (Chorproben, Konzerte etc.) bis zum 31. August abgesagt.<br>\u00d6ffentliche Gottesdienste finden ab Mai wieder statt.<\/strong><\/em><\/p>\n\n\n\n<ul class=\"wp-block-list\">\n<li>Heiligkreuz<\/li>\n<\/ul>\n\n\n\n<p>Sonntag &#8220;Laetare&#8221;, 22. M\u00e4rz 2020 | 25 Jahre Sauer-Orgel in der Pfarrkirche Heiligkreuz<br>18:00 | JUBIL\u00c4UMSKONZERT<\/p>\n\n\n\n<p><em><strong>Das Konzert findet wegen der aktuellen Coronavirus-Ansteckungsgefahr nicht statt. Es wird zu einem sp\u00e4teren Zeitpunkt mit dem gleichen Solisten nachgeholt. Ein neuer Termin wird noch bekanntgegeben.<\/strong><\/em><\/p>\n\n\n\n<p><em>Geplantes Programm:<\/em><br>Johann Sebastian Bach: Praeludium et Fuga in G BWV 541<br>B\u00e9la Bart\u00f3k: Rum\u00e4nische Volkst\u00e4nze<br>Johann Sebastian Bach: Partita \u201eSei gegr\u00fc\u00dfet, Jesu g\u00fctig\u201c BWV 768<br>Alexandre Guilmant: Pri\u00e8re et Berceuse op. 27<br>Jean Guillou: Toccata<br>David Cassan: Improvisation \u00fcber ein gegebenes Thema<\/p>\n\n\n\n<p class=\"has-text-align-right\"><em>David Cassan (Paris), Orgel<\/em><\/p>\n\n\n\n<ul class=\"wp-block-list\">\n<li>Heiligkreuz | St. Michael<\/li>\n<\/ul>\n\n\n\n<p>Samstag\/Sonntag, 16.\/17. Mai 2020 | 6. Sonntag der Osterzeit<br>Orgelmusik<br>Felix Mendelssohn Bartholdy: Allegro maestoso e vivace (aus: Sonate B-Dur op. 65 Nr. 4)<\/p>\n\n\n\n<ul class=\"wp-block-list\">\n<li>St. Michael<\/li>\n<\/ul>\n\n\n\n<p>Donnerstag, 21. Mai 2020 | Christi Himmelfahrt<br>11:00 | FESTHOCHAMT | Gregorianischer Choral<br>Ordinarium I in tempore paschali &#8220;Lux et origo&#8221; | Proprium &#8220;Viri Galilaei&#8221;<br>Orgelmusik | Johann Sebastian Bach: Praeludium in D BWV 532\/1<\/p>\n\n\n\n<p class=\"has-text-align-right\"><em>Choralschola<\/em><\/p>\n\n\n\n<ul class=\"wp-block-list\">\n<li>Heiligkreuz | St. Michael<\/li>\n<\/ul>\n\n\n\n<p>Samstag\/Sonntag, 23.\/24. Mai 2020 | 7. Sonntag der Osterzeit<br>Orgelmusik | Johann Sebastian Bach: Fuga in D BWV 532\/2<br>Dieterich Buxtehude: Nun bitten wir den Heiligen Geist BuxWV 208\/209<\/p>\n\n\n\n<ul class=\"wp-block-list\">\n<li>St. Michael<\/li>\n<\/ul>\n\n\n\n<p>Sonntag, 31. Mai 2020 | Pfingsten<br>11:00 | FESTHOCHAMT<br>Hans Leo Hassler: Missa secunda | Gregor Aichinger: Regina caeli<br>Gregorianisches Proprium &#8220;Spiritus Domini&#8221;<br>Orgelmusik | Johann Sebastian Bach: Komm, Gott, Sch\u00f6pfer, Heiliger Geist BWV 667<br>Denis B\u00e9dard: Toccata et Grand Choeur sur &#8220;Veni Creator&#8221;<\/p>\n\n\n\n<p class=\"has-text-align-right\"><em>Ein Vokalquartett der Chorgemeinschaft Heiligkreuz<br>Leitung\/Orgel: Burkhard P\u00fctz<\/em><\/p>\n\n\n\n<ul class=\"wp-block-list\">\n<li>Heiligkreuz | St. Michael<\/li>\n<\/ul>\n\n\n\n<p>Samstag\/Sonntag, 06.\/07. Juni 2020 | Dreifaltigkeitssonntag<br>Orgelmusik | Johann Sebastian Bach: Praeludium et Fuga pro Organo pleno BWV 552<\/p>\n\n\n\n<ul class=\"wp-block-list\">\n<li>St. Michael<\/li>\n<\/ul>\n\n\n\n<p>Sonntag, 14. Juni 2020 | 11. Sonntag im Jahreskreis<br>11:00 | HOCHAMT | Gregorianischer Choral<br>Ordinarium I &#8220;Lux et origo&#8221; | Proprium &#8220;Exaudi Domine&#8221;<\/p>\n\n\n\n<p class=\"has-text-align-right\"><em>Choralschola<\/em><\/p>\n\n\n\n<ul class=\"wp-block-list\">\n<li>St. Michael<\/li>\n<\/ul>\n\n\n\n<p>Sonntag, 12. Juli 2020 | 15. Sonntag im Jahreskreis<br>11:00 | HOCHAMT | Gregorianischer Choral<br>Ordinarium VIII &#8220;De Angelis&#8221; | Proprium &#8220;Dum clamarem&#8221;<\/p>\n\n\n\n<p class=\"has-text-align-right\"><em>Choralschola<\/em><\/p>\n\n\n\n<ul class=\"wp-block-list\">\n<li>Heiligkreuz | St. Michael<\/li>\n<\/ul>\n\n\n\n<p>Samstag\/Sonntag, 18.\/19. Juni 2020 | 16. Sonntag im Jahreskreis<br>Orgelmusik | Felix Mendelssohn Bartholdy: Andante D-Dur<br>Thema mit Variationen | Allegro B-Dur<\/p>\n\n\n\n<ul class=\"wp-block-list\">\n<li>St. Michael<\/li>\n<\/ul>\n\n\n\n<p>Sonntag, 23. August 2020 | 21. Sonntag im Jahreskreis<br>11:00 | HOCHAMT | Gregorianischer Choral<br>Ordinarium &#8220;Missa mundi&#8221; | Proprium &#8220;Inclina Domine&#8221;<br>Orgelmusik | Johann Sebastian Bach: Praeludium et Fuga in G BWV 541<\/p>\n\n\n\n<p class=\"has-text-align-right\"><em>Frauenschola<\/em><\/p>\n\n\n\n<ul class=\"wp-block-list\">\n<li>Heiligkreuz<\/li>\n<\/ul>\n\n\n\n<p>Dienstag, 15. September 2020<br>18:00 | FIRMGOTTESDIENST<br>Michael Haller: Missa tertia ad duas voces aequales comitante organo<br>Kompositionen von Thomas Gabriel, Klaus-Ewald Fischbach und Oliver Sperling<\/p>\n\n\n\n<p class=\"has-text-align-right\"><em>Ein Vokalensemble der Chorgemeinschaft Heiligkreuz<br>Leitung\/Orgel: Burkhard P\u00fctz<\/em><\/p>\n\n\n\n<ul class=\"wp-block-list\">\n<li>St. Michael<\/li>\n<\/ul>\n\n\n\n<p>Mittwoch, 16. September 2020<br>18:00 | FIRMGOTTESDIENST<br>Ges\u00e4nge aus dem Gotteslob<br>Orgelmusik | Marcel Dupr\u00e9: Three Chorale Variations on &#8220;Veni Creator Spiritus&#8221;<\/p>\n\n\n\n<p class=\"has-text-align-right\"><em>Schola<\/em><\/p>\n\n\n\n<ul class=\"wp-block-list\">\n<li>Heiligkreuz<\/li>\n<\/ul>\n\n\n\n<p>Samstag, 19. September 2020 | Feier des Patroziniums Kreuzerh\u00f6hung<br>18:00 | ABENDMESSE | Gregorianischer Choral<br>Ordinarium I &#8220;Lux et origo&#8221; | Proprium &#8220;Nos autem gloriari oportet&#8221;<\/p>\n\n\n\n<p class=\"has-text-align-right\"><em>Choralschola<\/em><\/p>\n\n\n\n<ul class=\"wp-block-list\">\n<li>Heiligkreuz<\/li>\n<\/ul>\n\n\n\n<p>Sonntag, 20. September 2020<br>18:00 | KONZERT<\/p>\n\n\n\n<p><em><strong>Das Konzert findet infolge der aktuellen Coronavirus-Pandemie nicht statt. Es wird zu einem sp\u00e4teren Zeitpunkt nachgeholt. Ein neuer Termin wird noch bekanntgegeben.<\/strong><\/em><\/p>\n\n\n\n<p><em>Geplantes Programm:<\/em><br>Francesco Durante: Magnificat in B<br>Felix Mendelssohn Bartholdy: Sinfoniesatz c-moll (MWV N 14) f\u00fcr Streichorchester<br>Joseph Haydn: Stabat Mater (Hob. XXbis)<\/p>\n\n\n\n<p class=\"has-text-align-right\"><em>Katharina Persicke, Sopran<br>Marie Henriette Reinhold, Alt<br>Martin Platz, Tenor<br>Thomas Stimmel, Bass<br>Chorgemeinschaft Heiligkreuz Trier<br>Ensemble Camerata Risonanza<br>Klauspeter Bungert, Orgel<br>Leitung: Dekanatskantor Burkhard P\u00fctz<\/em><\/p>\n\n\n\n<ul class=\"wp-block-list\">\n<li>St. Michael<\/li>\n<\/ul>\n\n\n\n<p>Sonntag, 04. Oktober 2020 | 27. Sonntag im Jahreskreis<br>11:00 | HOCHAMT | Gregorianischer Choral<br>Ordinarium VIII &#8220;De Angelis&#8221; | Proprium &#8220;In voluntate tua&#8221;<br>Orgelmusik | Johann Sebastian Bach: Praeludium in e BWV 548\/1<\/p>\n\n\n\n<p class=\"has-text-align-right\"><em>Choralschola<\/em><\/p>\n\n\n\n<ul class=\"wp-block-list\">\n<li>Heiligkreuz<\/li>\n<\/ul>\n\n\n\n<p>Samstag, 07. November 2020 | 32. Sonntag im Jahreskreis<br>18:00 | VORABENDMESSE<br>Lodovico Grossi da Viadana: Missa Dominicalis | Arvo P\u00e4rt: Vater unser<br>Gregorianisches Proprium &#8220;Intret oratio mea&#8221;<br>Orgelmusik | Gerard Bunk: Praeludium und Fuge \u00fcber ein Thema aus der Eroica-Symphonie von Beethoven c-Moll op. 8 | Philipp Wolfrum: Wachet auf, ruft uns die Stimme op. 25<\/p>\n\n\n\n<p class=\"has-text-align-right\"><em>M\u00e4nnerensemble der Chorgemeinschaft Heiligkreuz<br>Leitung\/Orgel: Burkhard P\u00fctz<\/em><\/p>\n\n\n\n<ul class=\"wp-block-list\">\n<li>Heiligkreuz | St. Michael<\/li>\n<\/ul>\n\n\n\n<p>Samstag\/Sonntag, 14.\/15. November 2020 | 33. Sonntag im Jahreskreis<br>Orgelmusik | Felix Mendelssohn Bartholdy: Sonate c-Moll op. 65 Nr. 2<\/p>\n\n\n\n<ul class=\"wp-block-list\">\n<li>Heiligkreuz | St. Michael<\/li>\n<\/ul>\n\n\n\n<p>Samstag\/Sonntag, 21.\/22. November 2020 | Christk\u00f6nigssonntag<br>Orgelmusik | Marcel Dupr\u00e9: Entr\u00e9e, Canzona et Sortie pour orgue op. 62<\/p>\n\n\n\n<ul class=\"wp-block-list\">\n<li>St. Maternus | Heiligkreuz | St. Michael<\/li>\n<\/ul>\n\n\n\n<p>Samstag\/Sonntag, 28.\/29. November2020 | 1. Adventssonntag<br>Orgelmusik | Johann Gottfried Walther: Wachet auf, ruft uns die Stimme<br>Gustav Adolf Merkel: Wachet auf, ruft uns die Stimme op. 100<\/p>\n\n\n\n<ul class=\"wp-block-list\">\n<li>St. Maternus | Heiligkreuz | St. Michael<\/li>\n<\/ul>\n\n\n\n<p>Samstag\/Sonntag, 05.\/06. Dezember 2020 | 2. Adventssonntag<br>Orgelmusik | Johann Sebastian Bach: Nun komm, der Heiden Heiland BWV 659 und 661<\/p>\n\n\n\n<ul class=\"wp-block-list\">\n<li>St. Maternus<\/li>\n<\/ul>\n\n\n\n<p>Samstag, 12. Dezember 2020 | 3. Adventssonntag (Gaudete)<br>18:00 | VORABENDMESSE | Gregorianischer Choral<br>Ordinarium XVII in Dominicis Adventus | Proprium &#8220;Gaudete in Domino&#8221;<\/p>\n\n\n\n<p class=\"has-text-align-right\"><em>Choralschola<\/em><\/p>\n\n\n\n<ul class=\"wp-block-list\">\n<li>St. Maternus | Heiligkreuz | St. Michael<\/li>\n<\/ul>\n\n\n\n<p>Samstag\/Sonntag, 12.\/13. Dezember 2020 | 3. Adventssonntag (Gaudete)<br>Orgelmusik: Johann Sebastian Bach: Wachet auf, ruft uns die Stimme BWV 645<br>F\u00e9lix Alexandre Guilmant: Sortie sur &#8220;Creator alme siderum&#8221; op. 65<\/p>\n\n\n\n<ul class=\"wp-block-list\">\n<li>St. Maternus | Heiligkreuz | St. Michael<\/li>\n<\/ul>\n\n\n\n<p>Samstag\/Sonntag, 19.\/20. Dezember 2020 | 4. Adventssonntag<br>Orgelmusik | Johann Sebastian Bach: Meine Seele erhebt den Herren BWV 648<br>Fuga sopra il Magnificat BWV 733<\/p>\n\n\n\n<ul class=\"wp-block-list\">\n<li>Heiligkreuz<\/li>\n<\/ul>\n\n\n\n<p>Donnerstag, 24. Dezember 2020 | Heilig Abend<br>18:30 | Musikalische Einstimmung mit Orgelkompositionen<br>von Johann Sebastian Bach, Sigfrid Karg-Elert und Olivier Messiaen<\/p>\n\n\n\n<p>19:00 | CHRISTMETTE<br>Weihnachtliche Schola- und Kantorenges\u00e4nge<\/p>\n\n\n\n<p class=\"has-text-align-right\"><em>Schola der Chorgemeinschaft<\/em><\/p>\n\n\n\n<ul class=\"wp-block-list\">\n<li>Heiligkreuz<\/li>\n<\/ul>\n\n\n\n<p>Freitag, 25. Dezember 2020 | Weihnachten | Hochfest der Geburt des Herrn<br>10:00 | FESTHOCHAMT<br>Josef Gabriel Rheinberger: Missa in A &#8220;in nativitate Domini&#8221; op. 126b<br>(Bearbeitung f\u00fcr gemischten Chor und Orgel: Joseph Renner jun.)<br>Weihnachtliche Chorwerke von Michael Praetorius, Felix Mendelssohn Bartholdy und David Willcocks<br>Orgelmusik | Dieterich Buxtehude: Nun freut euch, lieben Christen g&#8217;mein BuxWV 210<br>Louis Vierne: Final de la 1\u00e8re Symphonie op. 14<\/p>\n\n\n\n<p class=\"has-text-align-right\"><em>Vokalensemble der Chorgemeinschaft Heiligkreuz<br>Adrian Caspari, Orgel<br>Leitung: Burkhard P\u00fctz<\/em><\/p>\n\n\n\n<p><a href=\"#2020\">nach oben<\/a> (Januar 2020)<\/p>\n\n\n\n<hr class=\"wp-block-separator has-alpha-channel-opacity\"\/>\n\n\n\n<h3 class=\"wp-block-heading has-text-align-center\" id=\"2019\">2019<\/h3>\n\n\n\n<ul class=\"wp-block-list\">\n<li>Heiligkreuz<\/li>\n<\/ul>\n\n\n\n<p>Sonntag, 6. Januar 2019 | Hochfest Epiphanie | Erscheinung des Herrn<br>17:00 | KONZERT<br>\u201eAu c\u0153ur de la nuit\u201c&nbsp;\u2013 Chor- und Orgelmusik zur Weihnachtszeit<br>Kompositionen von Thomas Tallis, Francisco L\u00f3pez Capillas, Guillaume Costeley, Mykola Leontowytsch, C\u00e9sar Franck, Karl Hoyer, Johannes Petzold, Giuseppe de Marzi, Ola Gjeilo u. a.<\/p>\n\n\n\n<p class=\"has-text-align-right\"><em>Ensemble vocal Jubilate Musica Luxembourg | Leitung:&nbsp;Nicolas Billaux<br>Burkhard P\u00fctz, Orgel<\/em><\/p>\n\n\n\n<ul class=\"wp-block-list\">\n<li>St. Michael<\/li>\n<\/ul>\n\n\n\n<p>Sonntag, 13. Januar 2019 | Taufe des Herrn<br>11:00 | HOCHAMT | Gregorianischer Choral<br>Ordinarium VIII &#8220;De Angelis&#8221; | Proprium &#8220;Dilexisti&#8221;<\/p>\n\n\n\n<p class=\"has-text-align-right\"><em>Choralschola<\/em><\/p>\n\n\n\n<ul class=\"wp-block-list\">\n<li>Heiligkreuz<\/li>\n<\/ul>\n\n\n\n<p>Mittwoch, 16. Januar 2019 | Tag des Ewigen Gebetes<br>18:30 | ABENDLOB | Abschluss des Ewigen Gebetes<br>Chorwerke von O. Vecchi, L. Viadana, C. C. Scholefield, M. Frisina u. a.<\/p>\n\n\n\n<p class=\"has-text-align-right\"><em>Chorgemeinschaft<\/em><\/p>\n\n\n\n<ul class=\"wp-block-list\">\n<li>Heiligkreuz<\/li>\n<\/ul>\n\n\n\n<p>Sonntag, 10. Februar 2019 | 5. Sonntag im Jahreskreis<br>9:30 | HOCHAMT | Gregorianischer Choral<br>Ordinarium VIII &#8220;De Angelis&#8221; | Proprium &#8220;Venite, adoremus Deum&#8221;<\/p>\n\n\n\n<p class=\"has-text-align-right\"><em>Choralschola<\/em><\/p>\n\n\n\n<ul class=\"wp-block-list\">\n<li>&nbsp;St. Michael<\/li>\n<\/ul>\n\n\n\n<p>Sonntag, 17. Februar 2019 | 6. Sonntag im Jahreskreis<br>11:00 | HOCHAMT&nbsp;<br>Jean Langlais: Missa in simplicitate | C\u00e9sar Franck: Ave Maria<br>Hugo Wolf: Lieder f\u00fcr Singstimme und Orgel in einer Bearbeitung von Max Reger<\/p>\n\n\n\n<p class=\"has-text-align-right\"><em>Antonia Lutz, Sopran<br>Burkhard P\u00fctz, Orgel<\/em><\/p>\n\n\n\n<ul class=\"wp-block-list\">\n<li>Heiligkreuz<\/li>\n<\/ul>\n\n\n\n<p>Sonntag, 10. M\u00e4rz 2019 | 1. Fastensonntag<br>9:30 | HOCHAMT | Gregorianischer Choral<br>Ordinarium XVII in Dominicis Quadragesimae | Proprium &#8220;Invocabit me&#8221;<\/p>\n\n\n\n<p class=\"has-text-align-right\"><em>Choralschola<\/em><\/p>\n\n\n\n<ul class=\"wp-block-list\">\n<li>St. Maternus<\/li>\n<\/ul>\n\n\n\n<p>Sonntag, 24. M\u00e4rz 2019 | 3. Fastensonntag | Tag des Ewigen Gebetes<br>18:00 | ABENDLOB | Abschluss des Ewigen Gebetes<br>Marco Frisina: Anima Christi, sanctifica me | George Dyson: Mein Seel erhebet Gott den Herrn<br>Kompositionen von Orfeo Vecchi, William Henry Monk, Nikolaj Rimskij-Korsakov u. a.<\/p>\n\n\n\n<p class=\"has-text-align-right\"><em>Chorgemeinschaft Heiligkreuz<\/em><\/p>\n\n\n\n<ul class=\"wp-block-list\">\n<li>St. Maternus<\/li>\n<\/ul>\n\n\n\n<p>Samstag, 30. M\u00e4rz 2019 | 4. Fastensonntag (Laetare)<br>18:00 | VORABENDMESSE<br>L\u00e9o Delibes: Messe br\u00e8ve | C\u00e9sar Franck: Panis angelicus<br>Neue Geistliche Lieder von Thomas Riegler, Klaus-Ewald Fischbach u. a.<\/p>\n\n\n\n<p class=\"has-text-align-right\"><em>Kinderchor Heiligkreuz<br>Klauspeter Bungert, Orgel<br>Leitung: Burkhard P\u00fctz<\/em><\/p>\n\n\n\n<ul class=\"wp-block-list\">\n<li>St. Michael<\/li>\n<\/ul>\n\n\n\n<p>Sonntag, 31. M\u00e4rz 2019 | 4. Fastensonntag (Laetare)<br>11:00 | HOCHAMT<br>Gregorianischer Choral: Ordinarium XVII in Dominicis Quadragesimae | Proprium &#8220;Laetare&#8221;<\/p>\n\n\n\n<p class=\"has-text-align-right\"><em>Choralschola<\/em><\/p>\n\n\n\n<ul class=\"wp-block-list\">\n<li>St. Michael<\/li>\n<\/ul>\n\n\n\n<p>Donnerstag, 18. April 2019 | Gr\u00fcndonnerstag<br>19:00 | MESSE VOM LETZTEN ABENDMAHL<br>Gregorianische Ges\u00e4nge vom Tag<\/p>\n\n\n\n<p class=\"has-text-align-right\"><em>Choralschola Heiligkreuz<\/em><\/p>\n\n\n\n<ul class=\"wp-block-list\">\n<li>Heiligkreuz<\/li>\n<\/ul>\n\n\n\n<p>Freitag, 19. April 2019 | Karfreitag<br>15:00 | FEIER VOM LEIDEN UND STERBEN CHRISTI<br>Giovanni Pierluigi da Palestrina: O crux ave | William Byrd: Ave verum corpus | Tom\u00e1s Luis de Victoria: Popule meus | Jacobus Gallus: Ecce quomodo moritur | Felice Anerio: Christus factus est | Johann Cr\u00fcger: Herzliebster Jesu | Sebastian Kn\u00fcpfer: O Traurigkeit, o Herzeleid | Johann Sebastian Bach: O Haupt voll Blut und Wunden<\/p>\n\n\n\n<p class=\"has-text-align-right\"><em>Chorgemeinschaft<\/em><\/p>\n\n\n\n<ul class=\"wp-block-list\">\n<li>St. Michael<\/li>\n<\/ul>\n\n\n\n<p>Sonntag, 21. April 2019 | Ostersonntag | Hochfest der Auferstehung des Herrn<br>11:00 | FESTHOCHAMT<br>L\u00e9o Delibes: Messe br\u00e8ve pour ch\u0153ur et orgue | Josef Gabriel Rheinberger: Dextera Domini op. 140 Nr. 2 | Gregorianische Ges\u00e4nge vom Tag | Chorwerke von Melchior Vulpius, Alessandro Scarlatti, Georg Friedrich H\u00e4ndel u. a.<\/p>\n\n\n\n<p class=\"has-text-align-right\"><em>Chorgemeinschaft Heiligkreuz<br>Kinderchor Heiligkreuz<br>Klauspeter Bungert, Orgel<br>Leitung: Burkhard P\u00fctz<\/em><\/p>\n\n\n\n<ul class=\"wp-block-list\">\n<li>St. Maternus<\/li>\n<\/ul>\n\n\n\n<p>Samstag, 18. Mai 2019 | 5. Sonntag der Osterzeit<br>18:00 | VORABENDMESSE | Gregorianischer Choral<br>Ordinarium I in tempore paschali &#8220;Lux et origo&#8221; | Proprium &#8220;Cantate Domino canticum novum&#8221;<\/p>\n\n\n\n<p class=\"has-text-align-right\"><em>Choralschola<\/em><\/p>\n\n\n\n<ul class=\"wp-block-list\">\n<li>Heiligkreuz<\/li>\n<\/ul>\n\n\n\n<p>Sonntag, 19. Mai 2019 | 5. Sonntag der Osterzeit<br>9:30 | HOCHAMT<br>Jean Langlais: Missa in simplicitate | C\u00e9sar Franck: Ave Maria FWV 62<br>Hugo Wolf: Lieder f\u00fcr Singstimme und Orgel in einer Bearbeitung von Max Reger<\/p>\n\n\n\n<p class=\"has-text-align-right\"><em>Antonia Lutz, Sopran<br>Burkhard P\u00fctz, Orgel<\/em><\/p>\n\n\n\n<ul class=\"wp-block-list\">\n<li>St. Maternus<\/li>\n<\/ul>\n\n\n\n<p>Freitag, 24. Mai 2019&nbsp;<br>18:30 | HL. MESSE | anschl. CHORKONZERT<br>Geistliche Chormusik der Ostkirche u. a. von Kedrow, Tschesnokow, Tschaikowsky, Gretschaninow und Bortnjansky<\/p>\n\n\n\n<p class=\"has-text-align-right\"><em>Vokalensemble Vivat St. Petersburg<br>Leitung: Victor Stupnev<\/em><\/p>\n\n\n\n<ul class=\"wp-block-list\">\n<li>Heiligkreuz<\/li>\n<\/ul>\n\n\n\n<p>Donnerstag, 30. Mai 2019 | Christi Himmelfahrt<br>9:30 | FESTHOCHAMT | Gregorianischer Choral<br>Ordinarium I in tempore paschali &#8220;Lux et origo&#8221; | Proprium &#8220;Viri Galilaei&#8221;<\/p>\n\n\n\n<p class=\"has-text-align-right\"><em>Choralschola<\/em><\/p>\n\n\n\n<ul class=\"wp-block-list\">\n<li>Heiligkreuz<\/li>\n<\/ul>\n\n\n\n<p>Sonntag, 9. Juni 2019 | Pfingsten<br>9:30 | FESTHOCHAMT | Gregorianischer Choral<br>Ordinarium I in tempore paschali &#8220;Lux et origo&#8221; | Proprium &#8220;Spiritus Domini&#8221;<br>Orgelmusik | Hermann Schroeder: Introductio ad Introitum &#8220;Spiritus Domini&#8221;<br>Denis B\u00e9dard: Toccata et Grand Ch\u0153ur sur &#8220;Veni Creator Spiritus&#8221;<\/p>\n\n\n\n<p class=\"has-text-align-right\"><em>Choralschola Heiligkreuz<\/em><\/p>\n\n\n\n<ul class=\"wp-block-list\">\n<li>St. Matthias<\/li>\n<\/ul>\n\n\n\n<p>Donnerstag, 13. Juni 2019 | Dekanatswallfahrt<br>19:30 | PILGERAMT<br>L\u00e9o Delibes: Messe br\u00e8ve pour ch\u0153ur et orgue<br>Chorwerke von Alessandro Scarlatti, C\u00e9sar Franck und Barry Rose<\/p>\n\n\n\n<p class=\"has-text-align-right\"><em>Chorgemeinschaft Heiligkreuz<br>Kinderchor Heiligkreuz<br>Gabriel Moll, Orgel<br>Leitung: Dekanatskantor Burkhard P\u00fctz<\/em><\/p>\n\n\n\n<ul class=\"wp-block-list\">\n<li>Mattheiser Weiher | Heiligkreuz<\/li>\n<\/ul>\n\n\n\n<p>Donnerstag, 20. Juni 2019 | Fronleichnam<br>9:30 | EUCHARISTIEFEIER | PROZESSION<br>Chorwerke von Heinrich Isaac, Orlando di Lasso, Alessandro Scarlatti, Max Reger, Josef Friedrich Doppelbauer, Karl Norbert Schmid u. a.<\/p>\n\n\n\n<p class=\"has-text-align-right\"><em>Chorgemeinschaft Heiligkreuz<\/em><\/p>\n\n\n\n<ul class=\"wp-block-list\">\n<li>Liebfrauenkirche Oberwesel<\/li>\n<\/ul>\n\n\n\n<p>Sonntag, 14. Juli 2019<br>11:30 | ORGELMATINEE<br>Percy Whitlock: Fanfare (aus: &#8220;Four Extemporizations&#8221; 1933)<br>Max Reger: Melodia op. 59 Nr. 11<br>Gabriel Piern\u00e9: Trois Pi\u00e8ces op. 29<br>I. Pr\u00e9lude | II. Cantil\u00e8ne | III. Scherzando de Concert<br>Marcel Dupr\u00e9: Cort\u00e8ge et Litanie op. 19 Nr. 2<\/p>\n\n\n\n<p class=\"has-text-align-right\"><em>Dekanatskantor Burkhard P\u00fctz, Orgel<\/em><\/p>\n\n\n\n<p class=\"has-text-align-center\"><a href=\"https:\/\/burkhard-puetz.de\/wp-content\/uploads\/2024\/08\/Kirchenmusikprogramm-Oberwesel-2019.pdf\" data-type=\"attachment\" data-id=\"1291\" target=\"_blank\" rel=\"noreferrer noopener\">Gesamtprogramm<\/a><\/p>\n\n\n\n<ul class=\"wp-block-list\">\n<li>Heiligkreuz<\/li>\n<\/ul>\n\n\n\n<p>Sonntag, 21. Juli 2019 | 16. Sonntag im Jahreskreis<br>9:30 | HOCHAMT | Gregorianischer Choral<br>Ordinarium &#8220;Missa mundi&#8221; | Proprium &#8220;Ecce Deus adiuvat me&#8221;<\/p>\n\n\n\n<ul class=\"wp-block-list\">\n<li>Heiligkreuz<\/li>\n<\/ul>\n\n\n\n<p>Sonntag, 11. August 2019 | 19. Sonntag im Jahreskreis<br>10:30 | HOCHAMT | Silbernes Priesterjubil\u00e4um Pfr. Theo Welsch<br>Joseph Haydn: Missa brevis Sancti Joannis de Deo (Kleine Orgelsolomesse in B) Hob. XXII:7&nbsp;<br>Kompositionen von Alessandro Scarlatti und Karl Norbert Schmid<br>Orgelmusik | Johann Sebastian Bach: Toccata, Adagio et Fuga in C BWV 564 | Nun danket alle Gott BWV 657<\/p>\n\n\n\n<p class=\"has-text-align-right\"><em>Chorgemeinschaft Heiligkreuz<br>Adrian Caspari, Orgel<br>Leitung: Burkhard P\u00fctz<\/em><\/p>\n\n\n\n<ul class=\"wp-block-list\">\n<li>St. Michael<\/li>\n<\/ul>\n\n\n\n<p>Sonntag, 18. August 2019 | 20. Sonntag im Jahreskreis<br>18:00 | ABENDMESSE | Gregorianischer Choral<br>Ordinarium &#8220;Missa mundi&#8221; | Proprium &#8220;Protector noster aspice, Deus&#8221;<\/p>\n\n\n\n<ul class=\"wp-block-list\">\n<li>Heiligkreuz<\/li>\n<\/ul>\n\n\n\n<p>Sonntag, 15. September 2019 | Patrozinium Kreuzerh\u00f6hung<br>9:30 | HOCHAMT<br>Kantorenges\u00e4nge<\/p>\n\n\n\n<p class=\"has-text-align-right\"><em>Teilnehmer\/innen der Kantorenausbildung im Bistum Trier<br>Leitung: Dekanatskantor Burkhard P\u00fctz<\/em><\/p>\n\n\n\n<ul class=\"wp-block-list\">\n<li>Heiligkreuz<\/li>\n<\/ul>\n\n\n\n<p>Sonntag, 15. September 2019 | Patrozinium<br>10:30 | ORGELMATIN\u00c9E<br>Kompositionen von Max Reger, Percy Whitlock, Gabriel Piern\u00e9 und Marcel Dupr\u00e9<\/p>\n\n\n\n<p class=\"has-text-align-right\"><em>Burkhard P\u00fctz, Orgel<\/em><\/p>\n\n\n\n<p class=\"has-text-align-center\"><a href=\"https:\/\/burkhard-puetz.de\/wp-content\/uploads\/2024\/08\/Programm-Orgelmatinee-Heiligkreuz-15.09.19.pdf\" data-type=\"attachment\" data-id=\"2402\" target=\"_blank\" rel=\"noreferrer noopener\">Programm<\/a><\/p>\n\n\n\n<ul class=\"wp-block-list\">\n<li>St. Michael<\/li>\n<\/ul>\n\n\n\n<p>Sonntag, 29. September 2019 | Patronatsfest St. Michael<br>11:00 | HOCHAMT<br>Gregorianischer Choral: Ordinarium VIII &#8220;De Angelis&#8221; | Proprium &#8220;Benedicite Dominum&#8221;<\/p>\n\n\n\n<p class=\"has-text-align-right\"><em>Choralschola<\/em><\/p>\n\n\n\n<ul class=\"wp-block-list\">\n<li>St. Michael<\/li>\n<\/ul>\n\n\n\n<p id=\"Orgeljubil\u00e4um-Mh\">Sonntag, 29. September 2019 | Patronatsfest St. Michael<br>18:00 | JUBIL\u00c4UMSKONZERT | 10 Jahre Mariahofer Klais-Fasen-Orgel<br>Felix Mendelssohn Bartholdy: Orgelsonate c-Moll op. 65 Nr. 2<br>Johann Sebastian Bach: Choralvorspiel BWV 709 und Orgelchoral BWV 726<br>&#8220;Herr Jesu Christ, dich zu uns wend&#8221;<br>Josef Gabriel Rheinberger: Suite f\u00fcr Violine, Violoncello und Orgel op. 149<\/p>\n\n\n\n<p class=\"has-text-align-right\"><em>Laurentiu Candea, Violine<br>Johannes de Wilde, Violoncello<br>Burkhard P\u00fctz, Orgel<\/em><\/p>\n\n\n\n<p>Impressionen aus dem Jubil\u00e4umskonzert:<br>Kurzvideo 1: <a href=\"https:\/\/www.facebook.com\/TrierMariahof\/videos\/2391846011142086\/\" data-type=\"link\" data-id=\"https:\/\/www.facebook.com\/TrierMariahof\/videos\/2391846011142086\/\" target=\"_blank\" rel=\"noreferrer noopener\">Mendelssohn &#8211; Allegro maestoso<\/a><br>Kurzvideo 2: <a href=\"https:\/\/de-de.facebook.com\/TrierMariahof\/videos\/533281430577113\/\" data-type=\"link\" data-id=\"https:\/\/de-de.facebook.com\/TrierMariahof\/videos\/533281430577113\/\" target=\"_blank\" rel=\"noreferrer noopener\">Rheinberger &#8211; Sarabande<\/a> &nbsp;<\/p>\n\n\n\n<ul class=\"wp-block-list\">\n<li>St. Maternus<\/li>\n<\/ul>\n\n\n\n<p>Samstag, 19. Oktober 2019 | 29. Sonntag im Jahreskreis<br>18:00 | VORABENDMESSE<br>Chorwerke von Hans Leo Hassler, John Rutter, Philip Stopford und Rodger Strader<\/p>\n\n\n\n<p class=\"has-text-align-right\"><em>Kirchenchor St. Johannes Evangelist, D\u00fcren-G\u00fcrzenich<br>Leitung: Walter Drees<\/em><\/p>\n\n\n\n<ul class=\"wp-block-list\">\n<li>Heiligkreuz<\/li>\n<\/ul>\n\n\n\n<p>Sonntag, 20. Oktober 2019 | 29. Sonntag im Jahreskreis<br>9:30 | HOCHAMT | Instrumentalmusik<br>Josef Gabriel Rheinberger: Cantilene | Armando Oliva: Notturno | Madeleine Dring: Trio<br>Hans-Andr\u00e9 Stamm: Under the Starry Sky | Berceuse | Echoes of Joy<\/p>\n\n\n\n<p class=\"has-text-align-right\"><em>Bernhard Neuerburg, Oboe<br>Fabia Neuerburg, Fl\u00f6te<br>Burkhard P\u00fctz, Orgel<\/em><\/p>\n\n\n\n<ul class=\"wp-block-list\">\n<li>St. Maternus<\/li>\n<\/ul>\n\n\n\n<p>Samstag, 26. Oktober 2019 | 30. Sonntag im Jahreskreis<br>18:00 | VORABENDMESSE | Gregorianischer Choral<br>Ordinarium &#8220;Missa mundi&#8221; | Proprium &#8220;Laetetur cor&#8221;<\/p>\n\n\n\n<ul class=\"wp-block-list\">\n<li>Heiligkreuz<\/li>\n<\/ul>\n\n\n\n<p>Freitag, 1. November 2019 | Allerheiligen<br>11:00 | HOCHAMT | Gregorianischer Choral<br>Ordinarium VIII &#8220;De Angelis&#8221; | Proprium &#8220;Gaudeamus omnes in Domino&#8221;<\/p>\n\n\n\n<p class=\"has-text-align-right\"><em>Choralschola Heiligkreuz<\/em><\/p>\n\n\n\n<ul class=\"wp-block-list\">\n<li>Heiligkreuz<\/li>\n<\/ul>\n\n\n\n<p>Mittwoch, 6. November 2019&nbsp;<br>16:00 | ORGELKONZERT<br>im Rahmen der Veranstaltung &#8220;Tatort Altbau: Kirchen in Not &#8211; ungenutzt, umgenutzt?&#8221;<br>Kompositionen von&nbsp;Percy Whitlock,&nbsp;Gabriel Piern\u00e9 und Marcel Dupr\u00e9<\/p>\n\n\n\n<p class=\"has-text-align-right\"><em>Burkhard P\u00fctz, Orgel<\/em><\/p>\n\n\n\n<ul class=\"wp-block-list\">\n<li>Heiligkreuz<\/li>\n<\/ul>\n\n\n\n<p>Sonntag, 10. November 2019 | 32. Sonntag im Jahreskreis<br>9:30 | HOCHAMT | Gregorianischer Choral<br>Ordinarium VIII &#8220;De Angelis&#8221; | Proprium &#8220;Intret oratio mea&#8221;<\/p>\n\n\n\n<p class=\"has-text-align-right\"><em>Frauenschola Heiligkreuz<\/em><\/p>\n\n\n\n<ul class=\"wp-block-list\">\n<li>Heiligkreuz<\/li>\n<\/ul>\n\n\n\n<p>Sonntag, 24. November 2019 | Christk\u00f6nigssonntag<br>9:30 | HOCHAMT | C\u00e4cilienfest<br>Giovanni Pierluigi da Palestrina (zum 425. Todesjahr): Missa Brevis<br>Gregor Aichinger: Alleluia | Hermann Schroeder: Rex pacificus op. 19, 2 u. a.<br>Orgelmusik | Johann Sebastian Bach: Triosonate Nr. 6 G-Dur BWV 530<br>Marcel Dupr\u00e9: Pr\u00e9lude et fugue en si majeur op. 7, 1<\/p>\n\n\n\n<p class=\"has-text-align-right\"><em>Chorgemeinschaft Heiligkreuz<br>Adrian Caspari, Orgel<br>Leitung: Burkhard P\u00fctz<\/em><\/p>\n\n\n\n<ul class=\"wp-block-list\">\n<li>St. Michael<\/li>\n<\/ul>\n\n\n\n<p>Sonntag, 1. Dezember 2019 | 1. Adventsonntag<br>11:00 | HOCHAMT<br>Christopher Tambling: Messe in A f\u00fcr Oberstimmenchor und Orgel<br>Burkhard P\u00fctz: In deinen Toren werd ich stehen | Andreas Unterguggenberger: Zwei Adventslieder | C\u00e9sar Franck: Panis angelicus<br>Orgelmusik | Johann Sebastian Bach: Praeludium et Fuga in h&nbsp; BWV 544<\/p>\n\n\n\n<p class=\"has-text-align-right\"><em>Kinderchor Heiligkreuz<br>Christian Scheiwen, Orgel<br>Leitung: Burkhard P\u00fctz<\/em><\/p>\n\n\n\n<ul class=\"wp-block-list\">\n<li>Heiligkreuz<\/li>\n<\/ul>\n\n\n\n<p>Sonntag, 8. Dezember 2019 | 2. Adventsonntag<br>9:30 | HOCHAMT | Gregorianischer Choral<br>Ordinarium XVII in Dominicis Adventus | Proprium &#8220;Populus Sion&#8221;<\/p>\n\n\n\n<p class=\"has-text-align-right\"><em>Choralschola<\/em><\/p>\n\n\n\n<ul class=\"wp-block-list\">\n<li>Heiligkreuz<\/li>\n<\/ul>\n\n\n\n<p>Sonntag, 15. Dezember 2019 | 3. Adventsonntag (Gaudete)<br>9:30 | HOCHAMT | Instrumentalmusik des Barock<br>Triosonaten von Johann Sebastian Bach, Georg Friedrich H\u00e4ndel, Johann Christoph Pepusch und&nbsp;Johann David Heinichen<\/p>\n\n\n\n<p class=\"has-text-align-right\"><em>Fabia Neuerburg, Fl\u00f6te<br>Bernhard Neuerburg, Oboe<br>Johanna Philippi, Fagott<br>Burkhard P\u00fctz, Orgel<\/em><\/p>\n\n\n\n<ul class=\"wp-block-list\">\n<li>Heiligkreuz<\/li>\n<\/ul>\n\n\n\n<p>Dienstag, 24. Dezember 2019 | Heilig Abend<br>17:30 | Weihnachtliche Musik zur Einstimmung<br>18:00 | CHRISTMETTE<\/p>\n\n\n\n<p class=\"has-text-align-right\"><em>Chorgemeinschaft<\/em><\/p>\n\n\n\n<ul class=\"wp-block-list\">\n<li>St. Michael<\/li>\n<\/ul>\n\n\n\n<p>Mittwoch, 25. Dezember 2019 | Weihnachten | Hochfest der Geburt des Herrn<br>11:00 | FESTHOCHAMT<br>Wolfgang Amadeus Mozart: Missa brevis in G \u201ePastoralmesse\u201c KV 140<br>Weihnachtliche Chorwerke von Francesco Durante, Camille Saint-Sa\u00ebns, Colin Mawby u. a.<br>Orgelmusik | Johann Sebastian Bach: Triosonate Nr. 6 G-Dur BWV 530<br>Max Reger: Gloria in excelsis op. 59 Nr. 8<\/p>\n\n\n\n<p class=\"has-text-align-right\"><em>Chorgemeinschaft Heiligkreuz<br>Adrian Caspari, Orgel<br>Leitung: Burkhard P\u00fctz<\/em><\/p>\n\n\n\n<p><a href=\"#2019\">nach oben<\/a> (Januar 2019)<\/p>\n\n\n\n<hr class=\"wp-block-separator has-alpha-channel-opacity\"\/>\n\n\n\n<h3 class=\"wp-block-heading has-text-align-center\" id=\"2018\">2018<\/h3>\n\n\n\n<ul class=\"wp-block-list\">\n<li>St. Maternus<\/li>\n<\/ul>\n\n\n\n<p>Montag, 1. Januar 2018 | Neujahr | Hochfest der Gottesmutter Maria<br>11:00 | HOCHAMT<br>Orgelmusik | Johann Sebastian Bach: Vom Himmel hoch, da komm ich her BWV 700 | 701<\/p>\n\n\n\n<ul class=\"wp-block-list\">\n<li>St. Maternus | Heiligkreuz | St. Michael<\/li>\n<\/ul>\n\n\n\n<p>Samstag\/Sonntag, 6.\/7. Januar 2018 | Erscheinung des Herrn | Taufe des Herrn<br>Orgelmusik | Josef Gabriel Rheinberger: Orgelsonate Nr. 3 G-Dur op. 88<br>I. Pastorale | II. Intermezzo | III. Fuge<\/p>\n\n\n\n<ul class=\"wp-block-list\">\n<li>Heiligkreuz<\/li>\n<\/ul>\n\n\n\n<p>Sonntag, 14. Januar 2018 | 2. Sonntag im Jahreskreis<br>9:30 | HOCHAMT | Gregorianischer Choral<br>Ordinarium VIII &#8220;De Angelis&#8221; | Introitus &#8220;Omnis terra adoret te, Deus&#8221;<br>Versus alleluiaticus &#8220;Laudate Deum&#8221;<br>Orgelmusik | Johann Sebastian Bach: In dir ist Freude BWV 615<\/p>\n\n\n\n<ul class=\"wp-block-list\">\n<li>Heiligkreuz<\/li>\n<\/ul>\n\n\n\n<p>Dienstag, 16. Januar 2018 | Tag des Ewigen Gebetes<br>18:30 | ABENDLOB | Abschluss des Ewigen Gebetes<br>Bernhard Klein: Der Herr ist mein Hirt<br>Wolfgang Amadeus Mozart: Ave verum corpus KV 618 u. a.<\/p>\n\n\n\n<p class=\"has-text-align-right\"><em>Chorgemeinschaft Heiligkreuz<\/em><\/p>\n\n\n\n<ul class=\"wp-block-list\">\n<li>St. Michael<\/li>\n<\/ul>\n\n\n\n<p>Sonntag, 21. Januar 2018 | 3. Sonntag im Jahreskreis | Tag des Ewigen Gebetes<br>11:00 | HOCHAMT | Er\u00f6ffnung des Ewigen Gebetes<br>Johann Ernst Eberlin: Missa sexti toni | Wolfgang Amadeus Mozart: Ave verum corpus KV 618 u. a. | Orgelmusik | Johann Sebastian Bach: Praeludium et Fuga in E BWV 566<\/p>\n\n\n\n<p class=\"has-text-align-right\"><em>Chorgemeinschaft Heiligkreuz<br>Adrian Caspari, Orgel<\/em><\/p>\n\n\n\n<ul class=\"wp-block-list\">\n<li>St. Maternus | Heiligkreuz | St. Michael<\/li>\n<\/ul>\n\n\n\n<p>Samstag\/Sonntag, 27.\/28. Januar 2018 | 4. Sonntag im Jahreskreis<br>Orgelmusik | Johann Sebastian Bach: Praeludium et Fuga in C BWV 547<\/p>\n\n\n\n<ul class=\"wp-block-list\">\n<li>St. Maternus | Heiligkreuz | St. Michael<\/li>\n<\/ul>\n\n\n\n<p>Samstag\/Sonntag, 17.\/18. Februar 2018 | 1. Fastensonntag<br>Orgelmusik | Jeanne Demessieux: Attende Domine &#8211; Choral Paraphrase op. 8<br>Dieterich Buxtehude: Ciacona in e BuxWV 160<\/p>\n\n\n\n<ul class=\"wp-block-list\">\n<li>St. Michael<\/li>\n<\/ul>\n\n\n\n<p>Sonntag, 18. Februar 2018 | 1. Fastensonntag<br>11:00 | HOCHAMT | Gregorianischer Choral<br>Ordinarium XVII in Dominicis Quadragesimae | Introitus &#8220;Invocabit me&#8221;<br>Communio &#8220;Scapulis suis&#8221;<\/p>\n\n\n\n<p class=\"has-text-align-right\"><em>Choralschola<\/em><\/p>\n\n\n\n<ul class=\"wp-block-list\">\n<li>St. Maternus | Heiligkreuz | St. Michael<\/li>\n<\/ul>\n\n\n\n<p>Samstag\/Sonntag, 24.\/25. Februar 2018 | 2. Fastensonntag<br>Orgelmusik | Nicolaus Bruhns: Praeludium in e<\/p>\n\n\n\n<ul class=\"wp-block-list\">\n<li>Heiligkreuz<\/li>\n<\/ul>\n\n\n\n<p>Sonntag, 11. M\u00e4rz 2018 | 4. Fastensonntag | Laetare<br>9:30 | HOCHAMT | Gregorianischer Choral<br>Ordinarium XVII in Dominicis Quadragesimae | Introitus &#8220;Laetare Jerusalem&#8221; <br>Communio &#8220;Jerusalem quae aedificatur&#8221;<br>Orgelmusik | Johann Sebastian Bach: Fantasia et Fuga in c BWV 537<\/p>\n\n\n\n<p class=\"has-text-align-right\"><em>Choralschola<\/em><\/p>\n\n\n\n<ul class=\"wp-block-list\">\n<li>St. Maternus<\/li>\n<\/ul>\n\n\n\n<p>Samstag, 17. M\u00e4rz 2018 | 5. Fastensonntag<br>Orgelmusik | Samuel Scheidt: Psalmus &#8220;Da Jesus an dem Kreuze stund&#8221;<\/p>\n\n\n\n<ul class=\"wp-block-list\">\n<li>St. Michael<\/li>\n<\/ul>\n\n\n\n<p>Sonntag, 18. M\u00e4rz 2018 | 5. Fastensonntag<br>11:00 | HOCHAMT<br>Charles Gounod: Messe br\u00e8ve no. 5 aux s\u00e9minaires | C\u00e9sar Franck: Panis angelicus<\/p>\n\n\n\n<p class=\"has-text-align-right\"><em>Kinderchor Heiligkreuz (A-Chor)<br>Klauspeter Bungert, Orgel<\/em><\/p>\n\n\n\n<ul class=\"wp-block-list\">\n<li>St. Maternus | Heiligkreuz | St. Michael<\/li>\n<\/ul>\n\n\n\n<p>Samstag\/Sonntag, 24.\/25. M\u00e4rz 2018 | Palmsonntag<br>Orgelmusik | Johann Sebastian Bach: Fantasia in g BWV 542\/1<\/p>\n\n\n\n<ul class=\"wp-block-list\">\n<li>St. Michael<\/li>\n<\/ul>\n\n\n\n<p>Donnerstag, 29. M\u00e4rz 2018 | Gr\u00fcndonnerstag<br>19:00 | MESSE VOM LETZTEN ABENDMAHL<br>Gregorianische Ges\u00e4nge vom Tag<\/p>\n\n\n\n<p class=\"has-text-align-right\"><em>Choralschola Heiligkreuz<\/em><\/p>\n\n\n\n<ul class=\"wp-block-list\">\n<li>Heiligkreuz<\/li>\n<\/ul>\n\n\n\n<p>Freitag, 30. M\u00e4rz 2018 | Karfreitag<br>15:00 | FEIER VOM LEIDEN UND STERBEN CHRISTI<br>Jacobus Gallus: Ecce quomodo moritur | Tom\u00e1s Luis de Victoria: Popule meus | Felice Anerio: Christus factus est | William Byrd: Ave verum corpus | Sebastian Kn\u00fcpfer: O Traurigkeit, o Herzeleid | Johann Sebastian Bach: O Haupt voll Blut und Wunden<\/p>\n\n\n\n<p class=\"has-text-align-right\"><em>Chorgemeinschaft<\/em><\/p>\n\n\n\n<ul class=\"wp-block-list\">\n<li>St. Michael<\/li>\n<\/ul>\n\n\n\n<p>Sonntag, 1. April 2018 | Ostersonntag | Hochfest der Auferstehung des Herrn<br>11:00 | FESTHOCHAMT<br>Charles Gounod: Messe br\u00e8ve no. 7 in C | Josef Gabriel Rheinberger: Dextera Domini op. 140 Nr. 2 | Gregorianische Ges\u00e4nge vom Tag | Chorwerke von Melchior Vulpius u. a.<br>Orgelmusik | Denis B\u00e9dard: Pr\u00e9lude et Toccata sur &#8220;Victimae Paschali Laudes&#8221;<\/p>\n\n\n\n<p class=\"has-text-align-right\"><em>Chorgemeinschaft Heiligkreuz<\/em><\/p>\n\n\n\n<ul class=\"wp-block-list\">\n<li>St. Maternus | Heiligkreuz | St. Michael<\/li>\n<\/ul>\n\n\n\n<p>Sonntag, 7.\/8. April 2018 | 2. Sonntag der Osterzeit<br>Orgelmusik | Hermann Schroeder: Orgelchoral \u00fcber &#8220;Christ ist erstanden&#8221;<br>Th\u00e9odore Dubois: Toccata<\/p>\n\n\n\n<ul class=\"wp-block-list\">\n<li>St. Maternus<\/li>\n<\/ul>\n\n\n\n<p>Samstag, 28. April 2018 | 5. Sonntag der Osterzeit<br>18:00 | VORABENDMESSE | Gregorianischer Choral<br>Ordinarium I in tempore paschali &#8220;Lux et origo&#8221; | Introitus &#8220;Cantate Domino canticum novum&#8221;<br>Versus alleluiaticus &#8220;Christus resurgens ex mortuis&#8221;<\/p>\n\n\n\n<p class=\"has-text-align-right\"><em>Choralschola<\/em><\/p>\n\n\n\n<ul class=\"wp-block-list\">\n<li>St. Maternus<\/li>\n<\/ul>\n\n\n\n<p>Samstag, 5. Mai 2018 | 6. Sonntag der Osterzeit<br>18:00 | VORABENDMESSE | anschlie\u00dfend Konzert<br>Felix Mendelssohn Bartholdy: Hebe deine Augen auf<br>Waldemar \u00c5hl\u00e9n: Sommarpsalm | Linda Spevacek: Joyfully sing u. a.<\/p>\n\n\n\n<p class=\"has-text-align-right\"><em>VocalGirls Trier<br>Burkhard P\u00fctz, Orgel<\/em><\/p>\n\n\n\n<ul class=\"wp-block-list\">\n<li>St. Maternus | Heiligkreuz | St. Michael<\/li>\n<\/ul>\n\n\n\n<p>Samstag\/Sonntag, 12.\/13. Mai 2018 | 7. Sonntag der Osterzeit<br>Orgelmusik | Denis B\u00e9dard: Variations sur &#8220;Lasst uns erfreuen&#8221;<\/p>\n\n\n\n<ul class=\"wp-block-list\">\n<li>St. Maternus<\/li>\n<\/ul>\n\n\n\n<p>Freitag, 18. Mai 2018<br>18:30 | HL. MESSE | anschl. CHORKONZERT<br>Geistliche Chormusik der Ostkirche u. a. von Kedrow, Tschesnokow, Tschaikowsky, Gretschaninow und Bortnjansky<\/p>\n\n\n\n<p class=\"has-text-align-right\"><em>Vokalensemble Vivat St. Petersburg<br>Leitung: Victor Stupnev<\/em><\/p>\n\n\n\n<ul class=\"wp-block-list\">\n<li>Heiligkreuz<\/li>\n<\/ul>\n\n\n\n<p>Sonntag, 20. Mai 2018 | Pfingsten<br>9:30 | FESTHOCHAMT | Gregorianischer Choral<br>Ordinarium I in tempore paschali &#8220;Lux et origo&#8221; | Proprium &#8220;Spiritus Domini&#8221;<br>Orgelmusik | Denis B\u00e9dard: Toccata et Grand Choeur sur &#8220;Veni Creator&#8221;<br>Hermann Schroeder: Introductio ad Introitum &#8220;Spiritus Domini&#8221;<\/p>\n\n\n\n<p class=\"has-text-align-right\"><em>Choralschola Heiligkreuz<\/em><\/p>\n\n\n\n<ul class=\"wp-block-list\">\n<li>St. Michael<\/li>\n<\/ul>\n\n\n\n<p>Sonntag, 27. Mai 2018 | Dreifaltigkeitssonntag<br>10:30 | HOCHAMT mit Spendung der Firmung durch Weihbischof Franz Josef Gebert<br>Johann Sebastian Bach: Nun danket alle Gott BWV 79<br>Charles Gounod: Messe br\u00e8ve no. 7 (Ausz\u00fcge) | Colin Mawby: Halleluja<br>Malcolm Archer: Here I am, Lord | Neue Geistliche Lieder<br>Orgelmusik | Johann Sebastian Bach: Praeludium et Fuga pro Organo pleno BWV 552<\/p>\n\n\n\n<p class=\"has-text-align-right\"><em>Chorgemeinschaft Heiligkreuz<br>Chorjugend des A-Kinderchores Heiligkreuz<\/em><\/p>\n\n\n\n<ul class=\"wp-block-list\">\n<li>St. Maternus<\/li>\n<\/ul>\n\n\n\n<p>Donnerstag, 31. Mai 2018 | Fronleichnam<br>10:00 | HOCHAMT mit Te Deum und sakramentalem Segen<br>Kompositionen von Heinrich Isaac, Orlando di Lasso, Alessandro Scarlatti, Max Reger, Josef Friedrich Doppelbauer, Karl Norbert Schmid u. a.<\/p>\n\n\n\n<p class=\"has-text-align-right\"><em>Chorgemeinschaft Heiligkreuz<\/em><\/p>\n\n\n\n<ul class=\"wp-block-list\">\n<li>Heiligkreuz<\/li>\n<\/ul>\n\n\n\n<p>Sonntag, 10. Juni 2018 | 10. Sonntag im Jahreskreis<br>9:30 | HOCHAMT | Gregorianischer Choral<br>Ordinarium I &#8220;Lux et origo&#8221; | Proprium &#8220;Si iniquitates&#8221;<\/p>\n\n\n\n<p class=\"has-text-align-right\"><em>Choralschola<\/em><\/p>\n\n\n\n<ul class=\"wp-block-list\">\n<li>St. Maternus | Heiligkreuz | St. Michael<\/li>\n<\/ul>\n\n\n\n<p>Samstag\/Sonntag, 16.\/17. Juni 2018 | 11. Sonntag im Jahreskreis<br>Orgelmusik | Johann Sebastian Bach: Praeludium et Fuga in G BWV 541<\/p>\n\n\n\n<ul class=\"wp-block-list\">\n<li>Heiligkreuz<\/li>\n<\/ul>\n\n\n\n<p>Sonntag, 8. Juli 2018 | 14. Sonntag im Jahreskreis<br>9:30 | HOCHAMT | Gregorianischer Choral<br>Ordinarium &#8220;Missa mundi&#8221; | Proprium &#8220;Suscepimus, Deus&#8221;<\/p>\n\n\n\n<ul class=\"wp-block-list\">\n<li>Heiligkreuz<\/li>\n<\/ul>\n\n\n\n<p>Sonntag, 15. Juli 2018 | 15. Sonntag im Jahreskreis<br>9:30 | HOCHAMT<br>Triosonaten von Daniel Purcell, Alessandro Scarlatti und Georg Philipp Telemann<\/p>\n\n\n\n<p class=\"has-text-align-right\"><em>Fabia Neuerburg | Lorna Seemann, Fl\u00f6te<br>Bernhard Hess, Oboe | Burkhard P\u00fctz, Orgel<\/em><\/p>\n\n\n\n<ul class=\"wp-block-list\">\n<li>St. Michael<\/li>\n<\/ul>\n\n\n\n<p>Sonntag, 12. August 2018 | 19. Sonntag im Jahreskreis<br>11:00 | HOCHAMT | Gregorianischer Choral<br>Ordinarium &#8220;Missa mundi&#8221; | Communio &#8220;Panis, quem ego dedero&#8221;<\/p>\n\n\n\n<ul class=\"wp-block-list\">\n<li>St. Maternus | Heiligkreuz | St. Michael<\/li>\n<\/ul>\n\n\n\n<p>Samstag\/Sonntag, 18.\/19. August 2018 | 20. Sonntag im Jahreskreis<br>Orgelmusik | Johann Sebastian Bach:<br>Praeludium et Fuga in B BWV 560 | Fuga in C BWV 547<\/p>\n\n\n\n<ul class=\"wp-block-list\">\n<li>St. Maternus | Heiligkreuz | St. Michael<\/li>\n<\/ul>\n\n\n\n<p>Samstag\/Sonntag, 25.\/26. August 2018 | 21. Sonntag im Jahreskreis<br>Orgelmusik | Johann Sebastian Bach: Liebster Jesu, wir sind hier BWV 731<br>Dietrich Buxtehude: Praeludium in D BuxWV 139<\/p>\n\n\n\n<ul class=\"wp-block-list\">\n<li>St. Michael<\/li>\n<\/ul>\n\n\n\n<p>Sonntag, 26. August 2018 | 21. Sonntag im Jahreskreis<br>11:00 | HOCHAMT<br>Claudio Crassini: Missa Prima u. a.<\/p>\n\n\n\n<p class=\"has-text-align-right\"><em>Kirchenchor St. Michael K\u00f6rprich<br>Leitung: Marianne Becker<\/em><\/p>\n\n\n\n<ul class=\"wp-block-list\">\n<li>St. Maternus | Heiligkreuz | St. Michael<\/li>\n<\/ul>\n\n\n\n<p>Samstag\/Sonntag, 1.\/2. September 2018 | 22. Sonntag im Jahreskreis<br>Orgelmusik | Johann Sebastian Bach: Canzona in d BWV 588 | Allabreve in D BWV 589<\/p>\n\n\n\n<ul class=\"wp-block-list\">\n<li>Heiligkreuz<\/li>\n<\/ul>\n\n\n\n<p>Sonntag, 9. September 2018 | 23. Sonntag im Jahreskreis<br>9:30 | HOCHAMT | Gregorianischer Choral<br>Ordinarium &#8220;Missa mundi&#8221; | Proprium &#8220;Justus es Domine&#8221;<br>Orgelmusik | Johann Sebastian Bach: Toccata et Fuga in d (&#8220;Dorische&#8221;) BWV 538<br>O Lamm Gottes, unschuldig BWV 618<\/p>\n\n\n\n<ul class=\"wp-block-list\">\n<li>Heiligkreuz<\/li>\n<\/ul>\n\n\n\n<p>Sonntag, 16. September 2018 | 24. Sonntag im Jahreskreis<br>10:00 | HOCHAMT | Patrozinium Kreuzerh\u00f6hung<br>Kantorenges\u00e4nge<br>Orgelmusik | Johann Pachelbel: Toccata in g<\/p>\n\n\n\n<p class=\"has-text-align-right\"><em>Teilnehmer\/innen der Kantorenausbildung im Bistum Trier<br>Leitung\/Orgel: Dekanatskantor Burkhard P\u00fctz<\/em><\/p>\n\n\n\n<ul class=\"wp-block-list\">\n<li>St. Maternus | Heiligkreuz | St. Michael<\/li>\n<\/ul>\n\n\n\n<p>Samstag\/Sonntag, 22.\/23. September 2018 | 25. Sonntag im Jahreskreis<br>Orgelmusik | Felix Mendelssohn Bartholdy: Praeludium und Fuge c-Moll op. 37<\/p>\n\n\n\n<ul class=\"wp-block-list\">\n<li>St. Maternus | Heiligkreuz | St. Michael<\/li>\n<\/ul>\n\n\n\n<p>Samstag\/Sonntag, 29.\/30. September 2018 | 26. Sonntag im Jahreskreis<br>Orgelmusik | Dieterich Buxtehude: Toccata in F BuxWV 157<br>Johann Sebastian Bach: Praeludium in e BWV 548<\/p>\n\n\n\n<ul class=\"wp-block-list\">\n<li>St. Maternus | Heiligkreuz<\/li>\n<\/ul>\n\n\n\n<p>Samstag\/Sonntag, 6.\/7. Oktober 2018 | 27. Sonntag im Jahreskreis<br>Orgelmusik | Johann Sebastian Bach: Nun danket alle Gott BWV 657<\/p>\n\n\n\n<ul class=\"wp-block-list\">\n<li>St. Remigius | Reinsfeld<\/li>\n<\/ul>\n\n\n\n<p>Sonntag, 7. Oktober 2018 | 27. Sonntag im Jahreskreis<br>18:00 | ABENDLOB des Dekanats Hermeskeil<br>Kompositionen von Thomas Tallis, William Henry Monk, Charles Villiers Stanford, Charles Wood u. a.<\/p>\n\n\n\n<p class=\"has-text-align-right\"><em>Ensemble Cappella vocale Trier<br>KMD Martin Bambauer, Orgel<br>Leitung: Dekanatskantor Burkhard P\u00fctz<\/em><\/p>\n\n\n\n<ul class=\"wp-block-list\">\n<li>St. Maternus | Heiligkreuz | St. Michael<\/li>\n<\/ul>\n\n\n\n<p>Samstag\/Sonntag, 20.\/21. Oktober 2018 | 29. Sonntag im Jahreskreis<br>Orgelmusik | Th\u00e9odore Dubois: Toccata<\/p>\n\n\n\n<ul class=\"wp-block-list\">\n<li>Heiligkreuz<\/li>\n<\/ul>\n\n\n\n<p>Sonntag, 21. Oktober 2018 | 29. Sonntag im Jahreskreis<br>9:30 | HOCHAMT | Gregorianischer Choral<br>Ordinarium VIII &#8220;De Angelis&#8221; | Proprium &#8220;Ego clamavi&#8221;<\/p>\n\n\n\n<ul class=\"wp-block-list\">\n<li>Konstantin-Basilika Trier<\/li>\n<\/ul>\n\n\n\n<p>Freitag, 26. Oktober 2018<br>19:00 | EVENSONG<br>Thomas Tallis: Glory to thee, my God, this night<br>William Henry Monk: Abide with me &#8211; Bleib bei uns, Herr<br>Charles Villiers Stanford: A Song of Trust op. 113 Nr. 2 | O for a closer walk with God<br>Charles Wood: Magnificat and Nunc Dimittis in D<\/p>\n\n\n\n<p class=\"has-text-align-center\"><a href=\"https:\/\/burkhard-puetz.de\/wp-content\/uploads\/2024\/08\/Evensong-26.10.2018-Cappella-vocale-Trier.pdf\" data-type=\"attachment\" data-id=\"1298\" target=\"_blank\" rel=\"noreferrer noopener\">Programmheft<\/a><\/p>\n\n\n\n<p class=\"has-text-align-right\"><em><a href=\"https:\/\/burkhard-puetz.de\/?page_id=382\" data-type=\"page\" data-id=\"382\" target=\"_blank\" rel=\"noreferrer noopener\">Ensemble Cappella vocale Trier<\/a><br>KMD Martin Bambauer, Orgel<br>Leitung: Dekanatskantor Burkhard P\u00fctz<\/em><\/p>\n\n\n\n<p class=\"has-text-align-center\"><a href=\"https:\/\/burkhard-puetz.de\/wp-content\/uploads\/2024\/08\/Konstantin-Basilika_Kirchenmusikprogramm_2018-2.pdf\" data-type=\"attachment\" data-id=\"1299\" target=\"_blank\" rel=\"noreferrer noopener\">Gesamtprogramm<\/a><\/p>\n\n\n\n<ul class=\"wp-block-list\">\n<li>Heiligkreuz<\/li>\n<\/ul>\n\n\n\n<p>Sonntag, 28. Oktober 2018 | 30. Sonntag im Jahreskreis<br>9:30 | HOCHAMT | Aufnahme der neuen Chorkinder<br>Charles Gounod: Messe br\u00e8ve no. 7 in C u. a.<\/p>\n\n\n\n<p class=\"has-text-align-right\"><em>Kinderchor Heiligkreuz<br>Chorgemeinschaft Heiligkreuz<br>Klauspeter Bungert, Orgel<\/em><\/p>\n\n\n\n<ul class=\"wp-block-list\">\n<li>St. Michael<\/li>\n<\/ul>\n\n\n\n<p>Donnerstag, 1. November 2018 | Allerheiligen<br>9:30 | HOCHAMT | Gregorianischer Choral<br>Ordinarium VIII &#8220;De Angelis&#8221; | Proprium &#8220;Gaudeamus omnes in Domino&#8221;<\/p>\n\n\n\n<p class=\"has-text-align-right\"><em>Choralschola Heiligkreuz<\/em><\/p>\n\n\n\n<ul class=\"wp-block-list\">\n<li>St. Michael<\/li>\n<\/ul>\n\n\n\n<p>Sonntag, 11. November 2018 | 32. Sonntag im Jahreskreis<br>11:00 | HOCHAMT | Gregorianischer Choral<br>Ordinarium VIII &#8220;De Angelis&#8221; | Proprium &#8220;Intret oratio mea&#8221;<\/p>\n\n\n\n<p class=\"has-text-align-right\"><em>Frauenschola<\/em><\/p>\n\n\n\n<ul class=\"wp-block-list\">\n<li>Heiligkreuz<\/li>\n<\/ul>\n\n\n\n<p>Sonntag, 18. November 2018 | 33. Sonntag im Jahreskreis<br>9:30 | HOCHAMT | Musik f\u00fcr Instrumente und Orgel<br>Triosonaten von Antonio Vivaldi, Johann Joachim Quantz und Georg Philipp Telemann<\/p>\n\n\n\n<p class=\"has-text-align-right\"><em>Fabia Neuerburg, Fl\u00f6te<br>Bernhard Hess, Oboe<br>Burkhard P\u00fctz, Orgel<\/em><\/p>\n\n\n\n<ul class=\"wp-block-list\">\n<li>Heiligkreuz<\/li>\n<\/ul>\n\n\n\n<p>Sonntag, 25. November 2018 | Christk\u00f6nigssonntag<br>9:30 | HOCHAMT | C\u00e4cilienfest<br>Josef Gabriel Rheinberger: Missa in A op. 126b (Bearb. f\u00fcr gem. Chor: Joseph Renner jun.)<br>Hermann Schroeder: Rex pacificus op. 19, 2 u. a.<br>Orgelmusik | Johann Sebastian Bach: Praeludium et Fuga in a BWV 543<\/p>\n\n\n\n<p class=\"has-text-align-right\"><em>Chorgemeinschaft Heiligkreuz<br>Adrian Caspari, Orgel<br>Leitung: Burkhard P\u00fctz<\/em><\/p>\n\n\n\n<ul class=\"wp-block-list\">\n<li>St. Michael<\/li>\n<\/ul>\n\n\n\n<p>Sonntag, 2. Dezember 2018 | 1. Adventsonntag<br>11:00 | HOCHAMT<br>Malcolm Archer: Christchurch Mass (Ausz\u00fcge) | Adventliche Lieder und Ges\u00e4nge<\/p>\n\n\n\n<p class=\"has-text-align-right\"><em>Kinderchor Heiligkreuz<br>Klauspeter Bungert, Orgel<\/em><\/p>\n\n\n\n<ul class=\"wp-block-list\">\n<li>Heiligkreuz<\/li>\n<\/ul>\n\n\n\n<p>Sonntag, 9. Dezember 2018 | 2. Adventsonntag<br>9:30 | HOCHAMT | Gregorianischer Choral<br>Ordinarium XVII in Dominicis Adventus | Proprium &#8220;Populus Sion&#8221;<\/p>\n\n\n\n<p class=\"has-text-align-right\"><em>Choralschola<\/em><\/p>\n\n\n\n<ul class=\"wp-block-list\">\n<li>Heiligkreuz<\/li>\n<\/ul>\n\n\n\n<p>Montag, 24. Dezember 2018 | Heiligabend<br>17:30 | Weihnachtliche Orgelmusik zur Einstimmung:<br>C\u00e9sar Franck: Pastorale op. 19<br>Karl Hoyer: Variationen \u00fcber ein altes Weihnachtslied aus der Grafschaft Glatz op. 33<br>18:00 | CHRISTMETTE<\/p>\n\n\n\n<p class=\"has-text-align-right\"><em>Chorgemeinschaft Heiligkreuz<br>Leitung und Orgel: Burkhard P\u00fctz<\/em><\/p>\n\n\n\n<ul class=\"wp-block-list\">\n<li>St. Michael<\/li>\n<\/ul>\n\n\n\n<p>Dienstag, 25. Dezember 2018 | Weihnachten | Hochfest der Geburt des Herrn<br>11:00 | FESTHOCHAMT<br>Josef Gabriel Rheinberger: Missa in A op. 126b &#8220;in nativitate Domini&#8221;<br>(Bearbeitung f\u00fcr gemischten Chor und Orgel: Joseph Renner jun.)<br>Weihnachtliche Chorwerke von Camille Saint-Sa\u00ebns, Hermann Schroeder, Colin Mawby, David Willcocks u. a.<br>Orgelmusik | Johann Sebastian Bach: Triosonate C-Dur BWV 529<br>Max Reger: Fuge (&#8220;Gloria sei dir gesungen&#8221;) aus der Choralfantasie &#8220;Wachet auf, ruft uns die Stimme&#8221; op. 52 Nr. 2<\/p>\n\n\n\n<p class=\"has-text-align-right\"><em>Chorgemeinschaft Heiligkreuz<br>Adrian Caspari, Orgel<\/em><\/p>\n\n\n\n<p><a href=\"#2018\">nach oben<\/a> (Januar 2018)<\/p>\n","protected":false},"excerpt":{"rendered":"<p>202020192018 Pfarrkirche Heiligkreuz | Trier, Arnulfstra\u00dfePfarrkirche St. Maternus | Trier, KarlswegPfarrkirche St. Michael | Trier-Mariahof 2020 Mittwoch, 01. Januar 2020 | Neujahr | Hochfest der Gottesmutter Maria11:30 | HOCHAMTOrgelmusik |&#8230;<\/p>\n","protected":false},"author":1,"featured_media":0,"parent":341,"menu_order":3,"comment_status":"closed","ping_status":"closed","template":"","meta":{"_kadence_starter_templates_imported_post":false,"_kad_post_transparent":"","_kad_post_title":"","_kad_post_layout":"narrow","_kad_post_sidebar_id":"","_kad_post_content_style":"","_kad_post_vertical_padding":"","_kad_post_feature":"","_kad_post_feature_position":"","_kad_post_header":false,"_kad_post_footer":false,"_kad_post_classname":"","footnotes":""},"class_list":["post-117","page","type-page","status-publish","hentry"],"_links":{"self":[{"href":"https:\/\/burkhard-puetz.de\/index.php?rest_route=\/wp\/v2\/pages\/117","targetHints":{"allow":["GET"]}}],"collection":[{"href":"https:\/\/burkhard-puetz.de\/index.php?rest_route=\/wp\/v2\/pages"}],"about":[{"href":"https:\/\/burkhard-puetz.de\/index.php?rest_route=\/wp\/v2\/types\/page"}],"author":[{"embeddable":true,"href":"https:\/\/burkhard-puetz.de\/index.php?rest_route=\/wp\/v2\/users\/1"}],"replies":[{"embeddable":true,"href":"https:\/\/burkhard-puetz.de\/index.php?rest_route=%2Fwp%2Fv2%2Fcomments&post=117"}],"version-history":[{"count":31,"href":"https:\/\/burkhard-puetz.de\/index.php?rest_route=\/wp\/v2\/pages\/117\/revisions"}],"predecessor-version":[{"id":2408,"href":"https:\/\/burkhard-puetz.de\/index.php?rest_route=\/wp\/v2\/pages\/117\/revisions\/2408"}],"up":[{"embeddable":true,"href":"https:\/\/burkhard-puetz.de\/index.php?rest_route=\/wp\/v2\/pages\/341"}],"wp:attachment":[{"href":"https:\/\/burkhard-puetz.de\/index.php?rest_route=%2Fwp%2Fv2%2Fmedia&parent=117"}],"curies":[{"name":"wp","href":"https:\/\/api.w.org\/{rel}","templated":true}]}}