{"id":123,"date":"2024-08-05T15:32:23","date_gmt":"2024-08-05T15:32:23","guid":{"rendered":"https:\/\/burkhard-puetz.de\/?page_id=123"},"modified":"2025-02-09T06:06:17","modified_gmt":"2025-02-09T06:06:17","slug":"archiv-musica-sacra-2017","status":"publish","type":"page","link":"https:\/\/burkhard-puetz.de\/?page_id=123","title":{"rendered":"Musica sacra 2017 | 2016 | 2015"},"content":{"rendered":"\n<p class=\"has-text-align-center\"><a href=\"#2017\">2017<\/a><br><a href=\"#2016\">2016<\/a><br><a href=\"#2015\">2015<\/a><\/p>\n\n\n\n<hr class=\"wp-block-separator has-alpha-channel-opacity\" style=\"margin-top:0;margin-bottom:var(--wp--preset--spacing--50)\"\/>\n\n\n\n<p>Pfarrkirche Heiligkreuz | Trier, Arnulfstra\u00dfe<br>Pfarrkirche St. Maternus | Trier, Karlsweg<br>Pfarrkirche St. Michael | Trier-Mariahof<\/p>\n\n\n\n<hr class=\"wp-block-separator has-alpha-channel-opacity\"\/>\n\n\n\n<h3 class=\"wp-block-heading has-text-align-center\" id=\"2017\">2017<\/h3>\n\n\n\n<ul class=\"wp-block-list\">\n<li>St. Maternus | Heiligkreuz | St. Michael<\/li>\n<\/ul>\n\n\n\n<p>Samstag\/Sonntag, 07.\/08. Januar 2017 | Taufe des Herrn<br>Orgelmusik | Josef Gabriel Rheinberger: Orgelsonate Nr. 3 in G-Dur op. 88<br>I. Pastorale | II. Intermezzo | III. Fuge<\/p>\n\n\n\n<ul class=\"wp-block-list\">\n<li>St. Maternus | Heiligkreuz | St. Michael<\/li>\n<\/ul>\n\n\n\n<p>Samstag\/Sonntag, 14.\/15. Januar 2017 | 2. Sonntag im Jahreskreis<br>Orgelmusik | Max Reger: Morgenglanz der Ewigkeit op. 79b Nr. 4<br>Sigfrid Karg-Elert: Before the Image of a Saint op. 142 Nr. 8 | Postludio festivo op. 142 Nr. 12<\/p>\n\n\n\n<ul class=\"wp-block-list\">\n<li>Heiligkreuz<\/li>\n<\/ul>\n\n\n\n<p>Montag, 16. Januar 2017 | Tag des Ewigen Gebetes<br>18:30 | ABENDLOB zum Abschluss<br>Kompositionen von Orfeo Vecchi, Lodovico Viadana, Edward Elgar u. a.<\/p>\n\n\n\n<p class=\"has-text-align-right\"><em>Chorgemeinschaft<\/em><\/p>\n\n\n\n<ul class=\"wp-block-list\">\n<li>St. Michael<\/li>\n<\/ul>\n\n\n\n<p>Samstag, 21. Januar 2017 | Tag des Ewigen Gebetes<br>18:00 | HL. MESSE zum Abschluss des Ewigen Gebetes mit Te Deum und sakramentalem Segen<br>L\u00e9o Delibes: Messe br\u00e8ve | Edward Elgar: Ave verum corpus u. a.<\/p>\n\n\n\n<p class=\"has-text-align-right\"><em>Chorgemeinschaft<\/em><\/p>\n\n\n\n<ul class=\"wp-block-list\">\n<li>St. Maternus | Heiligkreuz | St. Michael<\/li>\n<\/ul>\n\n\n\n<p>Samstag\/Sonntag, 28.\/29. Januar 2017 | 4. Sonntag im Jahreskreis<br>Orgelmusik | Johann Sebastian Bach: Praeludium in C BWV 547<\/p>\n\n\n\n<ul class=\"wp-block-list\">\n<li>St. Maternus | Heiligkreuz | St. Michael<\/li>\n<\/ul>\n\n\n\n<p>Samstag\/Sonntag, 04.\/05. Februar 2017 | 5. Sonntag im Jahreskreis<br>Orgelmusik | Flor Peeters: Wie sch\u00f6n leuchtet der Morgenstern op. 68<\/p>\n\n\n\n<ul class=\"wp-block-list\">\n<li>St. Michael<\/li>\n<\/ul>\n\n\n\n<p>Sonntag, 12. Februar 2017 | 6. Sonntag im Jahreskreis<br>11:00 | HOCHAMT | Gregorianischer Choral: Missa de Angelis<br>Orgelmusik | Johann Sebastian Bach: Fuga in C BWV 547<\/p>\n\n\n\n<p class=\"has-text-align-right\"><em>Choralschola<\/em><\/p>\n\n\n\n<ul class=\"wp-block-list\">\n<li>St. Maternus | Heiligkreuz | St. Michael<\/li>\n<\/ul>\n\n\n\n<p>Samstag\/Sonntag, 04.\/05. M\u00e4rz 2017 | 1. Fastensonntag<br>Orgelmusik | Johann Sebastian Bach: Aus tiefer Not schrei ich zu dir BWV 686\/687<br>Sigfrid Karg-Elert: Aus tiefer Not schrei ich zu dir op. 78<\/p>\n\n\n\n<ul class=\"wp-block-list\">\n<li>St. Maternus | Heiligkreuz | St. Michael<\/li>\n<\/ul>\n\n\n\n<p>Samstag\/Sonntag, 11.\/12. M\u00e4rz 2017 | 2. Fastensonntag<br>Orgelmusik | Johann Sebastian Bach: Fuga in g BWV 578<\/p>\n\n\n\n<ul class=\"wp-block-list\">\n<li>Heiligkreuz<\/li>\n<\/ul>\n\n\n\n<p>Sonntag, 19. M\u00e4rz 2017 | 3. Fastensonntag<br>09:30 | HOCHAMT | Gregorianischer Choral: Missa Adventus et Quadragesima<br>Orgelmusik | Johann Sebastian Bach: Praeludium et Fuga in c BWV 546<\/p>\n\n\n\n<p class=\"has-text-align-right\"><em>Choralschola<\/em><\/p>\n\n\n\n<ul class=\"wp-block-list\">\n<li>St. Maternus<\/li>\n<\/ul>\n\n\n\n<p>Sonntag, 19. M\u00e4rz 2017 | 3. Fastensonntag | Tag des Ewigen Gebetes<br>18:00 | ABENDLOB<br>Kantorenges\u00e4nge | Chors\u00e4tze von Orfeo Vecchi, Karl Norbert Schmid,<br>Max Becksch\u00e4fer u. a. | Richard Shephard: Song of Mary<\/p>\n\n\n\n<p class=\"has-text-align-right\"><em>Absolventen und Teilnehmer der Vors\u00e4nger- und Kantorenausbildung im Bistum Trier<br>Leitung\/Orgel:<br>Dekanatskantor Rafael Klar | Dekanatskantor Burkhard P\u00fctz<\/em><\/p>\n\n\n\n<ul class=\"wp-block-list\">\n<li>St. Maternus<\/li>\n<\/ul>\n\n\n\n<p>Samstag, 25. M\u00e4rz 2017 | 4. Fastensonntag | Laetare<br>18:00 | VORABENDMESSE<br>Christopher Tambling: Messe in A<br>Klaus-Ewald Fischbach: Dir sei Lob und Dank | C\u00e9sar Franck: Panis angelicus<\/p>\n\n\n\n<p class=\"has-text-align-right\"><em>Kinderchor Heiligkreuz<br>Klauspeter Bungert, Orgel<\/em><\/p>\n\n\n\n<ul class=\"wp-block-list\">\n<li>St. Marien | Herzogenrath<\/li>\n<\/ul>\n\n\n\n<p>Donnerstag, 30. M\u00e4rz 2017<br>17:00 | PONTIFIKALAMT nach &#8220;Divine Worship \u2013 The Missal&#8221;<br>im Rahmen der 18. K\u00f6lner Internationalen Liturgischen Tagung<br>Zelebrant: S.E. Bischof Steven Lopes | Houston\/Texas USA<br>William Byrd: Mass for four voices | Beata Virgo | Ave verum corpus<br>Gregorianischer Choral der Votivmesse von den Sieben Schmerzen Mariens &#8220;Saint Mary in Passiontide&#8221;<\/p>\n\n\n\n<p class=\"has-text-align-right\"><em>Ensemble Cappella vocale Trier<br>Leitung: Dekanatskantor Burkhard P\u00fctz<br>Dr. Michael Tunger, Orgel<\/em><\/p>\n\n\n\n<p class=\"has-text-align-center\"><a href=\"https:\/\/burkhard-puetz.de\/?page_id=418\" data-type=\"page\" data-id=\"418\" target=\"_blank\" rel=\"noreferrer noopener\">Fotos<\/a><\/p>\n\n\n\n<ul class=\"wp-block-list\">\n<li>St. Maternus | Heiligkreuz | St. Michael<\/li>\n<\/ul>\n\n\n\n<p>Samstag\/Sonntag, 01.\/02. April 2017 | 5. Fastensonntag<br>Orgelmusik | Johann Sebastian Bach: Praeludium in h BWV 544\/1<br>Sigfrid Karg-Elert: O Haupt voll Blut und Wunden op. 65<\/p>\n\n\n\n<ul class=\"wp-block-list\">\n<li>St. Maternus | Heiligkreuz | St. Michael<\/li>\n<\/ul>\n\n\n\n<p>Samstag\/Sonntag, 08.\/09. April 2017 | Palmsonntag<br>Orgelmusik | Johann Sebastian Bach: Fuga in h BWV 544\/2<br>Sigfrid Karg-Elert: Herzliebster Jesu, was hast du verbrochen op. 65<\/p>\n\n\n\n<ul class=\"wp-block-list\">\n<li>St. Maternus<\/li>\n<\/ul>\n\n\n\n<p>Donnerstag, 13. April 2017 | Gr\u00fcndonnerstag<br>19:00 | MESSE VOM LETZTEN ABENDMAHL<br>Gregorianische Ges\u00e4nge vom Tag<\/p>\n\n\n\n<p class=\"has-text-align-right\"><em>Choralschola<\/em><\/p>\n\n\n\n<ul class=\"wp-block-list\">\n<li>Heiligkreuz<\/li>\n<\/ul>\n\n\n\n<p>Freitag, 14. April 2017 | Karfreitag<br>15:00 | FEIER VOM LEIDEN UND STERBEN CHRISTI<br>Jacobus Gallus: Ecco quomodo moritur | Giovanni Pierluigi da Palestrina: O crux ave<br>Tom\u00e1s Luis de Victoria: Popule meus | Felice Anerio: Christus factus est | Johann IV.: Crux fidelis<br>Sebastian Kn\u00fcpfer: O Traurigkeit, o Herzeleid | Johann Sebastian Bach: O Haupt voll Blut und Wunden<\/p>\n\n\n\n<p class=\"has-text-align-right\"><em>Chorgemeinschaft<\/em><\/p>\n\n\n\n<ul class=\"wp-block-list\">\n<li>St. Michael<\/li>\n<\/ul>\n\n\n\n<p>Sonntag, 16. April 2017 | Ostersonntag | Hochfest der Auferstehung des Herrn<br>11:00 | FESTHOCHAMT<br>Joseph Haydn: Missa brevis Sancti Joannis de Deo (Kleine Orgelsolomesse in B) Hob. XXII:7<br>Gregor Aichinger: Regina coeli | Chorwerke von Melchior Vulpius u. a.<br>Orgelmusik | Wolfgang Amadeus Mozart: Fantasie f-Moll KV 608<\/p>\n\n\n\n<p class=\"has-text-align-right\"><em>Chorgemeinschaft Heiligkreuz<br>Adrian Caspari, Orgel<\/em><\/p>\n\n\n\n<ul class=\"wp-block-list\">\n<li>Konstantin-Basilika | Trier<\/li>\n<\/ul>\n\n\n\n<p>Freitag, 28. April 2017<br>19:00 | EVENSONG<br>Kompositionen f\u00fcr Chor und Orgel von Charles Wood, Percy Whitlock u. a.<br>Herbert Howells (1892-1983): Psalm-Prelude III (2nd Set) f\u00fcr Orgel solo<br>Psalm 33 Vers 3:<br>&#8220;Sing unto Him a new song: Play skilfully with a loud noise.&#8221;<br>&#8220;Singt ihm ein neues Lied, greift voll in die Saiten und jubelt laut!&#8221;<\/p>\n\n\n\n<p class=\"has-text-align-right\"><em>Trierer Bachchor<br>Leitung: KMD Martin Bambauer<br>Dekanatskantor Burkhard P\u00fctz, Orgel<\/em><\/p>\n\n\n\n<ul class=\"wp-block-list\">\n<li>St. Maternus<\/li>\n<\/ul>\n\n\n\n<p>Samstag, 20. Mai 2017 | 6. Sonntag der Osterzeit<br>18:00 | VORABENDMESSE | Gregorianischer Choral | Ordinarium I &#8220;Lux et origo&#8221;<\/p>\n\n\n\n<p class=\"has-text-align-right\"><em>Choralschola<\/em><\/p>\n\n\n\n<ul class=\"wp-block-list\">\n<li>St. Maternus<\/li>\n<\/ul>\n\n\n\n<p>Freitag, 26. Mai 2017<br>18:30 | HL. MESSE | anschl. CHORKONZERT<br>Geistliche Chormusik der Ostkirche u. a. von Kedrow, Tschesnokow, Tschaikowsky, Gretschaninow und Bortnjansky<\/p>\n\n\n\n<p class=\"has-text-align-right\"><em>Vokalensemble Vivat St. Petersburg<br>Leitung: Victor Stupnev<\/em><\/p>\n\n\n\n<ul class=\"wp-block-list\">\n<li>Heiligkreuz<\/li>\n<\/ul>\n\n\n\n<p>Sonntag, 4. Juni 2017 | Pfingsten | Priesterjubil\u00e4um<br>09:30 | FESTHOCHAMT<br>Joseph Haydn: Missa brevis Sancti Joannis de Deo (Kleine Orgelsolomesse in B) Hob. XXII:7<br>Chorwerke von Gregor Aichinger und Melchior Vulpius | Gregorianische Ges\u00e4nge vom Tag<br>Orgelmusik | Wolfgang Amadeus Mozart: Fantasie f-Moll KV 608<\/p>\n\n\n\n<p class=\"has-text-align-right\"><em>Chorgemeinschaft Heiligkreuz<br>Adrian Caspari, Orgel<\/em><\/p>\n\n\n\n<ul class=\"wp-block-list\">\n<li>Mattheiser Weiher | Heiligkreuz<\/li>\n<\/ul>\n\n\n\n<p>Donnerstag, 15. Juni 2017 | Fronleichnam<br>09:30 | EUCHARISTIEFEIER UND PROZESSION<br>Kompositionen von Heinrich Isaac, Johann Cr\u00fcger, Max Reger, Ralf Gr\u00f6ssler, Klaus Fischbach, Thomas Quast u. a.<\/p>\n\n\n\n<p class=\"has-text-align-right\"><em>Chorgemeinschaft Heiligkreuz<\/em><\/p>\n\n\n\n<ul class=\"wp-block-list\">\n<li>St. Remigius | Reinsfeld<\/li>\n<\/ul>\n\n\n\n<p>Sonntag, 2. Juli 2017 | 13. Sonntag im Jahreskreis<br>18:00 | ABENDLOB<br>Kantorenges\u00e4nge | Richard Shephard: Song of Mary<br>Chors\u00e4tze von Max Becksch\u00e4fer und Alain Berg\u00e8se<br>Orgelmusik | Denis B\u00e9dard: Fantasia pour orgue (2012)<br>Johann Sebastian Bach: Fuga \u00e0 5 (BWV 552\/2)<\/p>\n\n\n\n<p class=\"has-text-align-right\"><em>Absolventen und Teilnehmer der Vors\u00e4nger- und Kantorenausbildung im Bistum Trier<br>Leitung\/Orgel:<br>Dekanatskantor Rafael Klar | Dekanatskantor Burkhard P\u00fctz<\/em><\/p>\n\n\n\n<ul class=\"wp-block-list\">\n<li>St. Michael<\/li>\n<\/ul>\n\n\n\n<p>Sonntag, 20. August 2017 | 20. Sonntag im Jahreskreis<br>11:00 | HOCHAMT<br>Gregorianischer Choral: Missa mundi<br>Orgelmusik | Denis B\u00e9dard: Variations sur &#8220;Lasst uns erfreuen&#8221;<\/p>\n\n\n\n<ul class=\"wp-block-list\">\n<li>Heiligkreuz | St. Michael<\/li>\n<\/ul>\n\n\n\n<p>Sonntag, 27. August 2017 | 21. Sonntag im Jahreskreis<br>Orgelmusik | Sigfrid Karg-Elert: Litanei op. 142 Nr. 2 | Before the Image of a Saint op. 142 Nr. 8<br>Postludio festivo op. 142 Nr. 12<\/p>\n\n\n\n<ul class=\"wp-block-list\">\n<li>St. Maternus | Heiligkreuz | St. Michael<\/li>\n<\/ul>\n\n\n\n<p>Samstag\/Sonntag, 02.\/03. September 2017 | 22. Sonntag im Jahreskreis<br>Orgelmusik | Johann Sebastian Bach: Toccata et Fuga in d (&#8220;Dorische&#8221;) BWV 538<\/p>\n\n\n\n<ul class=\"wp-block-list\">\n<li>St. Michael | Heiligkreuz<\/li>\n<\/ul>\n\n\n\n<p>Samstag\/Sonntag, 09.\/10. September 2017 | 23. Sonntag im Jahreskreis<br>Orgelmusik | Robert Schumann: Fugen \u00fcber den Namen BACH op. 60 Nr. 1, 3 und 6<\/p>\n\n\n\n<ul class=\"wp-block-list\">\n<li>Heiligkreuz<\/li>\n<\/ul>\n\n\n\n<p>Sonntag, 17. September 2017 | 24. Sonntag im Jahreskreis<br>09:30 | HOCHAMT zum Patrozinium Kreuzerh\u00f6hung<br>Kantorenges\u00e4nge<br>Orgelmusik | Charles Tournemire: Sortie op. 3<\/p>\n\n\n\n<p class=\"has-text-align-right\"><em>Teilnehmerinnen der Kantorenausbildung im Bistum Trier<br>Leitung\/Orgel: Dekanatskantor Burkhard P\u00fctz<\/em><\/p>\n\n\n\n<ul class=\"wp-block-list\">\n<li>St. Maternus<\/li>\n<\/ul>\n\n\n\n<p>Sonntag, 17. September 2017 | 50 Jahre Pfarrei St. Maternus Trier<br>18:00 | Im Kreuz ist Leben | KONZERT<br>Joachim Reidenbach: Im Kreuz ist Heil<br>Motette f\u00fcr Chor, Bariton solo und Orgel (Erstauff\u00fchrung)<br>&#8211; Grundlage der Komposition ist eine Wandmalerei von Prof. Erich Kraemer in der Pfarrkirche St. Maternus, Trier &#8211;<br>Ralph Vaughan Williams: Five Mystical Songs<br>Werke von Felix Mendelssohn Bartholdy, Josef Gabriel Rheinberger, Charles Villiers Stanford u. a.<\/p>\n\n\n\n<p class=\"has-text-align-right\"><em>Chorgemeinschaft Heiligkreuz<br>Kinderchor Heiligkreuz<br>David John Pike, Bariton<br>Domorganist Josef Still, Orgel<br>Leitung: Dekanatskantor Burkhard P\u00fctz<\/em><\/p>\n\n\n\n<p class=\"has-text-align-center\"><a href=\"https:\/\/burkhard-puetz.de\/wp-content\/uploads\/2024\/08\/Programmheft-Konzert-17.09.17.pdf\" data-type=\"attachment\" data-id=\"1192\" target=\"_blank\" rel=\"noreferrer noopener\">Programmheft<\/a><\/p>\n\n\n\n<p class=\"has-text-align-center\"><a href=\"https:\/\/burkhard-puetz.de\/?page_id=1941#Jubil\u00e4um-Maternus\" data-type=\"page\" data-id=\"1941\" target=\"_blank\" rel=\"noreferrer noopener\">H\u00f6rbeispiele<\/a><\/p>\n\n\n\n<p class=\"has-text-align-center\"><a href=\"https:\/\/burkhard-puetz.de\/?page_id=408\" data-type=\"page\" data-id=\"408\" target=\"_blank\" rel=\"noreferrer noopener\">Fotos<\/a><\/p>\n\n\n\n<ul class=\"wp-block-list\">\n<li>Heiligkreuz | St. Michael<\/li>\n<\/ul>\n\n\n\n<p>Sonntag, 24. September 2017 | 25. Sonntag im Jahreskreis<br>Orgelmusik | Jacques-Nicolas Lemmens: Fanfare<\/p>\n\n\n\n<ul class=\"wp-block-list\">\n<li>Heiligkreuz | St. Michael<\/li>\n<\/ul>\n\n\n\n<p>Sonntag, 1. Oktober 2017 | 26. Sonntag im Jahreskreis | Erntedanksonntag<br>Orgelmusik | Sigfrid Karg-Elert: Nun danket alle Gott (Marche triomphale) op. 65<\/p>\n\n\n\n<ul class=\"wp-block-list\">\n<li>St. Maternus | Heiligkreuz | St. Michael<\/li>\n<\/ul>\n\n\n\n<p>Samstag\/Sonntag, 07.\/08. Oktober 2017 | 27. Sonntag im Jahreskreis<br>Orgelmusik | Hermann Schroeder: Kleine Pr\u00e4ludien und Intermezzi op. 9<br>Nr. 1 Maestoso | Nr. 4 Allegretto | Nr. 5 Andantino | Nr. 6 Poco vivace<\/p>\n\n\n\n<ul class=\"wp-block-list\">\n<li>St. Michael<\/li>\n<\/ul>\n\n\n\n<p>Sonntag, 8. Oktober 2017 | 27. Sonntag im Jahreskreis<br>11:00 | HOCHAMT | Gregorianischer Choral: Ordinarium VIII &#8220;De Angelis&#8221;<\/p>\n\n\n\n<p class=\"has-text-align-right\"><em>Choralschola<\/em><\/p>\n\n\n\n<ul class=\"wp-block-list\">\n<li>Heiligkreuz<\/li>\n<\/ul>\n\n\n\n<p>Sonntag, 29. Oktober 2017 | 30. Sonntag im Jahreskreis<br>09:30 | HOCHAMT<br>Bernhard Blitsch: Messe f\u00fcr Oberstimmenchor und Orgel u. a.<\/p>\n\n\n\n<p class=\"has-text-align-right\"><em>Kinderchor Heiligkreuz<br>Klauspeter Bungert, Orgel<\/em><\/p>\n\n\n\n<ul class=\"wp-block-list\">\n<li>St. Michael<\/li>\n<\/ul>\n\n\n\n<p>Mittwoch, 1. November 2017 | Allerheiligen<br>09:30 | HOCHAMT<br>Gregorianischer Choral: Ordinarium VIII &#8220;De Angelis&#8221; | Proprium vom Hochfest<br>Orgelmusik | Hermann Schroeder: Introductio ad Introitum &#8220;Gaudeamus&#8221;<\/p>\n\n\n\n<p class=\"has-text-align-right\"><em>Choralschola Heiligkreuz<\/em><\/p>\n\n\n\n<ul class=\"wp-block-list\">\n<li>St. Remigius | Reinsfeld<\/li>\n<\/ul>\n\n\n\n<p>Sonntag, 5. November 2017 | 31. Sonntag im Jahreskreis<br>18:00 | ABENDLOB | Abschluss der Vors\u00e4nger- und Kantorenausbildung 2016\/17<\/p>\n\n\n\n<p class=\"has-text-align-right\"><em>Absolventen der Vors\u00e4nger- und Kantorenausbildung im Bistum Trier<br>Leitung: Dekanatskantor Rafael Klar | Dekanatskantor Burkhard P\u00fctz<br>Elmar Neufing, Orgel<\/em><\/p>\n\n\n\n<ul class=\"wp-block-list\">\n<li>St. Maternus | Heiligkreuz | St. Michael<\/li>\n<\/ul>\n\n\n\n<p>Samstag\/Sonntag, 18.\/19. November 2017 | 33. Sonntag im Jahreskreis<br>Orgelmusik | Denis B\u00e9dard: Variations sur &#8220;Sine Nomine&#8221;<\/p>\n\n\n\n<ul class=\"wp-block-list\">\n<li>Konstantin-Basilika | Trier<\/li>\n<\/ul>\n\n\n\n<p>Mittwoch, 22. November 2017 | Bu\u00df- und Bettag<br>19:00 | \u00d6KUMENISCHER GOTTESDIENST<br>mit Bischof Dr. Stephan Ackermann und dem Pr\u00e4ses der evangelischen Kirche im Rheinland Manfred Rekowski<br>Josef Gabriel Rheinberger: Dextera Domini op. 140 Nr. 2 | Charles Villiers Stanford: A Song of Trust op. 113 Nr. 2 | Felix Mendelssohn Bartholdy: Verleih uns Frieden gn\u00e4diglich | Chors\u00e4tze von Johann Cr\u00fcger, William Henry Monk, Max Becksch\u00e4fer, Burkhard P\u00fctz und Herbert Peter<br>Orgelmusik | Marcel Dupr\u00e9: Cort\u00e8ge et Litanie op. 19 Nr. 2 | Sortie op. 62 Nr. 3<\/p>\n\n\n\n<p class=\"has-text-align-right\"><em>Chorgemeinschaft Heiligkreuz Trier<br>Leitung: Dekanatskantor Burkhard P\u00fctz<\/em><br><em>KMD Martin Bambauer, Orgel<\/em><\/p>\n\n\n\n<ul class=\"wp-block-list\">\n<li>St. Maternus<\/li>\n<\/ul>\n\n\n\n<p>Samstag, 25. November 2017 | Christk\u00f6nigssonntag | C\u00e4cilienfest<br>18:00 | VORABENDMESSE<br>Josef Gabriel Rheinberger: Dextera Domini op. 140 Nr. 2 | Bernhard Klein: Der Herr ist mein Hirt<br>Chors\u00e4tze von Christian Lahusen, Adolf Lohmann, Josef Venantius von W\u00f6\u00df, Burkhard P\u00fctz u. a.<br>Orgelmusik | Denis B\u00e9dard: Variations sur &#8220;Christus vincit&#8221;<\/p>\n\n\n\n<p class=\"has-text-align-right\"><em>Chorgemeinschaft<\/em><\/p>\n\n\n\n<ul class=\"wp-block-list\">\n<li>St. Michael<\/li>\n<\/ul>\n\n\n\n<p>Sonntag, 3. Dezember 2017 | 1. Adventsonntag<br>11:00 | HOCHAMT<br>Bernhard Blitsch: Messe f\u00fcr Oberstimmenchor und Orgel<br>Adventliche Lieder und Ges\u00e4nge<\/p>\n\n\n\n<p class=\"has-text-align-right\"><em>Kinderchor Heiligkreuz<br>Klauspeter Bungert, Orgel<\/em><\/p>\n\n\n\n<ul class=\"wp-block-list\">\n<li>Heiligkreuz<\/li>\n<\/ul>\n\n\n\n<p>Sonntag, 10. Dezember 2017 | 2. Adventsonntag<br>09:30 | HOCHAMT | Gregorianischer Choral: Missa Adventus et Quadragesima<br>Orgelmusik | Johann Sebastian Bach: Nun komm der Heiden Heiland | BWV 659 und 661<\/p>\n\n\n\n<p class=\"has-text-align-right\"><em>Choralschola<\/em><\/p>\n\n\n\n<ul class=\"wp-block-list\">\n<li>St. Maternus<\/li>\n<\/ul>\n\n\n\n<p>Samstag, 16. Dezember 2017 | 3. Adventsonntag | Gaudete<br>18:00 | Vorabendmesse<\/p>\n\n\n\n<p class=\"has-text-align-right\"><em>MGV Trier-Euren | Leitung: Manfred Neimann<\/em><\/p>\n\n\n\n<ul class=\"wp-block-list\">\n<li>Heiligkreuz | St. Michael<\/li>\n<\/ul>\n\n\n\n<p>Sonntag, 17. Dezember 2017 | 3. Adventsonntag | Gaudete<br>Orgelmusik | F\u00e9lix Alexandre Guilmant: Sortie sur &#8220;Creator alme siderum&#8221; op. 65<\/p>\n\n\n\n<ul class=\"wp-block-list\">\n<li>Heiligkreuz<\/li>\n<\/ul>\n\n\n\n<p>Sonntag, 24. Dezember 2017 | Heiligabend<br>17:30 | Musikalische Einstimmung<br>18:00 | CHRISTMETTE<br>Chors\u00e4tze von Michael Praetorius, Karl R\u00fcding u. a.<br>Orgelmusik | Johann Sebastian Bach: In dulci jubilo BWV 729 | Denis B\u00e9dard: Variations sur &#8220;In dulci jubilo&#8221;<\/p>\n\n\n\n<p class=\"has-text-align-right\"><em>Chorgemeinschaft<\/em><\/p>\n\n\n\n<ul class=\"wp-block-list\">\n<li>St. Michael<\/li>\n<\/ul>\n\n\n\n<p>Montag, 25. Dezember 2017 | Weihnachten | Hochfest der Geburt des Herrn<br>11:00 | FESTHOCHAMT<br>Johann Ernst Eberlin: Missa sexti toni | Weihnachtliche Chorwerke von Hermann Schroeder, David Willcocks u. a.<br>Orgelmusik | Johann Sebastian Bach: Praeludium et Fuga in E BWV 566<\/p>\n\n\n\n<p class=\"has-text-align-right\"><em>Chorgemeinschaft Heiligkreuz<br>Adrian Caspari, Orgel<\/em><\/p>\n\n\n\n<p><a href=\"#2017\">nach oben<\/a> (Januar 2017)<\/p>\n\n\n\n<hr class=\"wp-block-separator has-alpha-channel-opacity\"\/>\n\n\n\n<h3 class=\"wp-block-heading has-text-align-center\" id=\"2016\">2016<\/h3>\n\n\n\n<ul class=\"wp-block-list\">\n<li>Heiligkreuz<\/li>\n<\/ul>\n\n\n\n<p>Samstag, 16. Januar 2016 | Tag des Ewigen Gebetes<br>10:30 | LAUDES zur Er\u00f6ffnung<br>Kantorenges\u00e4nge<\/p>\n\n\n\n<p class=\"has-text-align-right\"><em>Gisela Neukirch, Kantorin<br>Burkhard P\u00fctz, Orgel<\/em><\/p>\n\n\n\n<p>18:00 | HL. MESSE zum Abschluss des Ewigen Gebetes mit Te Deum und sakramentalem Segen<br>Johann Georg Albrechtsberger: Missa in D | Wolfgang Amadeus Mozart: Ave verum corpus<br>Chorwerke von Reconditus, Anton Reinthaler, Burkhard P\u00fctz und Karl Norbert Schmid<\/p>\n\n\n\n<p class=\"has-text-align-right\"><em>Chorgemeinschaft Heiligkreuz Trier<br>Robert Kl\u00f6ckner, Orgel<br>Leitung: Burkhard P\u00fctz<\/em><\/p>\n\n\n\n<ul class=\"wp-block-list\">\n<li>St. Michael<\/li>\n<\/ul>\n\n\n\n<p>Donnerstag, 21. Januar 2016 | Tag des Ewigen Gebetes<br>18:30 | ABENDLOB<br>Chorwerke von Orfeo Vecchi, Lodovico Viadana, Reconditus, Wolfgang Amadeus Mozart u. a.<\/p>\n\n\n\n<p class=\"has-text-align-right\"><em>Chorgemeinschaft<\/em><\/p>\n\n\n\n<ul class=\"wp-block-list\">\n<li>St. Maternus | Heiligkreuz | St. Michael<\/li>\n<\/ul>\n\n\n\n<p>Samstag\/Sonntag, 13.\/14. Februar 2016 | 1. Fastensonntag<br>Gregorianischer Choral: Ordinarium XVII Adventus et Quadragesima<br>Orgelmusik | Max Reger: Choralvorspiel &#8220;Aus tiefer Not schrei ich zu dir&#8221; op. 67 Nr. 3<\/p>\n\n\n\n<ul class=\"wp-block-list\">\n<li>St. Maternus | Heiligkreuz | St. Michael<\/li>\n<\/ul>\n\n\n\n<p>Samstag\/Sonntag, 21.\/22. Februar 2016 | 2. Fastensonntag<br>Orgelmusik | Max Reger: Choralvorspiel &#8220;Wie sch\u00f6n leuchtet der Morgenstern&#8221; op. 67 Nr. 49<\/p>\n\n\n\n<ul class=\"wp-block-list\">\n<li>St. Maternus<\/li>\n<\/ul>\n\n\n\n<p>Samstag, 27. Februar 2016<br>18:00 | VORABENDMESSE<br>Orlando di Lasso: Adoramus te | Felix Mendelssohn Bartholdy: Hebe deine Augen auf<br>Waldemar \u00c5hl\u00e9n: Sommarpsalm | John Rutter: The Lord bless you and keep you<\/p>\n\n\n\n<p class=\"has-text-align-right\"><em>VocalGirls Trier<\/em><\/p>\n\n\n\n<ul class=\"wp-block-list\">\n<li>Heiligkreuz | St. Michael<\/li>\n<\/ul>\n\n\n\n<p>Sonntag, 28. Februar 2016 | 3. Fastensonntag<br>Orgelmusik | Max Reger: Choralvorspiel &#8220;Jesu Leiden, Pein und Tod&#8221; op. 67 Nr. 19<\/p>\n\n\n\n<ul class=\"wp-block-list\">\n<li>St. Maternus<\/li>\n<\/ul>\n\n\n\n<p>Sonntag, 28. Februar 2016 | 3. Fastensonntag | Tag des Ewigen Gebetes<br>18:00 | ABENDLOB<br>William Byrd: Ave verum corpus | George Dyson: Mein Seel erhebet Gott den Herrn<br>Kompositionen von Orfeo Vecchi, William Henry Monk, Clement Cotterill Scholefield u. a.<\/p>\n\n\n\n<p class=\"has-text-align-right\">Chorgemeinschaft Heiligkreuz<\/p>\n\n\n\n<ul class=\"wp-block-list\">\n<li>St. Maternus<\/li>\n<\/ul>\n\n\n\n<p>Samstag, 5. M\u00e4rz 2016 | 4. Fastensonntag (Laetare)<br>Orgelmusik | Max Reger: Choralvorspiel &#8220;Freu&#8217; dich sehr, o meine Seele&#8221; op. 67 Nr. 11<\/p>\n\n\n\n<ul class=\"wp-block-list\">\n<li>Heiligkreuz<\/li>\n<\/ul>\n\n\n\n<p>Sonntag, 6. M\u00e4rz 2016 | 4. Fastensonnntag (Laetare)<br>09:30 | HOCHAMT<br>Christopher Tambling: Messe in A (Ausz\u00fcge) | C\u00e9sar Franck: Panis angelicus<br>Naomi Schemer: In deinen Toren werd ich stehen u. a.<\/p>\n\n\n\n<p class=\"has-text-align-right\"><em>Kinderchor Heiligkreuz<br>Klauspeter Bungert, Orgel<\/em><\/p>\n\n\n\n<ul class=\"wp-block-list\">\n<li>St. Maternus | St. Michael<\/li>\n<\/ul>\n\n\n\n<p>Samstag\/Sonntag, 12.\/13. M\u00e4rz 2016 | 5. Fastensonntag<br>Orgelmusik | Max Reger: Choralvorspiel &#8220;O Lamm Gottes, unschuldig&#8221; op. 67 Nr. 32<\/p>\n\n\n\n<ul class=\"wp-block-list\">\n<li>Heiligkreuz<\/li>\n<\/ul>\n\n\n\n<p>Sonntag, 13. M\u00e4rz 2016 | 5. Fastensonntag<br>10:30 | FIRMGOTTESDIENST mit Weihbischof Dr. Helmut Dieser<br>Neue Geistliche Lieder in Chors\u00e4tzen von Ralf Gr\u00f6ssler und Thomas Gabriel<br>Jacques Berthier: Ges\u00e4nge aus Taiz\u00e9 | Malcolm Archer: Here I am, Lord<\/p>\n\n\n\n<p class=\"has-text-align-right\"><em>Chorgemeinschaft<\/em><\/p>\n\n\n\n<ul class=\"wp-block-list\">\n<li>St. Maternus | Heiligkreuz | St. Michael<\/li>\n<\/ul>\n\n\n\n<p>Samstag\/Sonntag, 19.\/20. M\u00e4rz 2016 | Palmsonntag<br>Orgelmusik | Max Reger: Choralvorspiel &#8220;O Haupt voll Blut und Wunden&#8221; op. 67 Nr. 14<\/p>\n\n\n\n<ul class=\"wp-block-list\">\n<li>St. Maternus<\/li>\n<\/ul>\n\n\n\n<p>Donnerstag, 24. M\u00e4rz 2016 | Gr\u00fcndonnerstag<br>19:00 | MESSE VOM LETZTEN ABENDMAHL<br>Orgelmusik | Max Reger: Choralvorspiel &#8220;Ach, bleib mit deiner Gnade&#8221; op. 67 Nr. 5Gregorianische Ges\u00e4nge vom Tag<\/p>\n\n\n\n<p class=\"has-text-align-right\"><em>Choralschola Heiligkreuz<\/em><\/p>\n\n\n\n<ul class=\"wp-block-list\">\n<li>Heiligkreuz<\/li>\n<\/ul>\n\n\n\n<p>Freitag, 25. M\u00e4rz 2016 | Karfreitag<br>15:00 | FEIER VOM LEIDEN UND STERBEN CHRISTI<br>Tom\u00e1s Luis de Victoria: Popule meus | Jacobus Gallus: Ecco quomodo moritur | Felice Anerio: Christus factus est | William Byrd: Ave verum corpus | Johann Sebastian Bach: O Haupt voll Blut und Wunden | Sebastian Kn\u00fcpfer: O Traurigkeit, o Herzeleid u. a.<\/p>\n\n\n\n<p class=\"has-text-align-right\"><em>Chorgemeinschaft<\/em><\/p>\n\n\n\n<ul class=\"wp-block-list\">\n<li>St. Michael<\/li>\n<\/ul>\n\n\n\n<p>Sonntag, 27. M\u00e4rz 2016 | Ostern &#8211; Hochfest der Auferstehung des Herrn<br>11:00 | FESTHOCHAMT<br>Giovanni Croce: Missa Prima sexti toni (\u00e0 5 voci a cappella)<br>Gregor Aichinger: Regina coeli | Chorwerke von Melchior Vulpius u. a.<\/p>\n\n\n\n<p class=\"has-text-align-right\"><em>Chorgemeinschaft<\/em><\/p>\n\n\n\n<ul class=\"wp-block-list\">\n<li>Heiligkreuz<\/li>\n<\/ul>\n\n\n\n<p>Sonntag, 17. April 2016 | 4. Sonntag der Osterzeit<br>09:30 | HOCHAMT<br>Gregorianischer Choral | Ordinarium I &#8220;Lux et origo&#8221;<\/p>\n\n\n\n<p class=\"has-text-align-right\"><em>Choralschola<\/em><\/p>\n\n\n\n<ul class=\"wp-block-list\">\n<li>Heiligkreuz<\/li>\n<\/ul>\n\n\n\n<p>Sonntag, 15. Mai 2016 | Pfingsten<br>09:30 | FESTHOCHAMT<br>William Byrd: Mass for four voices<br>Gregor Aichinger: Confirma hoc Deus | Factus est repente<br>Orgelmusik | Max Reger: Toccata und Fuge D-Dur op. 69<\/p>\n\n\n\n<p class=\"has-text-align-right\"><em>Ensemble Cappella vocale<br>Adrian Caspari, Orgel<br>Leitung: Dekanatskantor Burkhard P\u00fctz<\/em><\/p>\n\n\n\n<ul class=\"wp-block-list\">\n<li>St. Michael<\/li>\n<\/ul>\n\n\n\n<p>Sonntag, 22. Mai 2016 | Dreifaltigkeitssonntag<\/p>\n\n\n\n<p>11:00 | HOCHAMT | Pfarrfest<br>Linda Spevacek: Joyfully sing | Felix Mendelssohn Bartholdy: Hebe deine Augen auf<br>Waldemar \u00c5hl\u00e9n: Sommarpsalm | John Rutter: Look at the world | The Lord bless you and keep you<\/p>\n\n\n\n<p class=\"has-text-align-right\"><em>VocalGirls Trier<\/em><\/p>\n\n\n\n<ul class=\"wp-block-list\">\n<li>Mattheiser Weiher | St. Maternus<\/li>\n<\/ul>\n\n\n\n<p>Donnerstag, 26. Mai 2016 | Fronleichnam<br>09:30 | EUCHARISTIEFEIER UND PROZESSION<br>Werke von Max Reger, Ralf Gr\u00f6ssler, Klaus Fischbach, Thomas Quast u. a.<\/p>\n\n\n\n<p class=\"has-text-align-right\"><em>Chorgemeinschaft Heiligkreuz<\/em><\/p>\n\n\n\n<ul class=\"wp-block-list\">\n<li>St. Maternus<\/li>\n<\/ul>\n\n\n\n<p>Samstag, 18. Juni 2016<br>18:00 | VORABENDMESSE | Aufnahme der neuen Chorkinder<br>Bernhard Blitsch: Messe f\u00fcr Oberstimmenchor und Orgel<br>Robert Jones: Segne, Gott im Himmel<\/p>\n\n\n\n<p class=\"has-text-align-right\"><em>Kinderchor Heiligkreuz<br>Klauspeter Bungert, Orgel<\/em><\/p>\n\n\n\n<ul class=\"wp-block-list\">\n<li>Mayen | St. Clemens<\/li>\n<\/ul>\n\n\n\n<p>Samstag, 30. Juli 2016<br>11:30 | ORGELMUSIK ZUR MARKTZEIT<br>Percy Whitlock (1903-1946): Fanfare (aus: Four Extemporizations 1933)<br>Max Reger (1873-1916): Intermezzo D-Dur op. 80 Nr. 10<br>Max Reger: Choralvorspiel \u201eNun danket alle Gott\u201c op. 79b Nr. 11<br>Max Reger: Praeludium und Fuge G-Dur op. 85 Nr. 2<br>Marcel Dupr\u00e9 (1886-1971): Cort\u00e8ge et Litanie op. 19 Nr. 2<\/p>\n\n\n\n<p class=\"has-text-align-right\"><em>Dekanatskantor Burkhard P\u00fctz, Orgel<\/em><\/p>\n\n\n\n<p class=\"has-text-align-center\"><a href=\"https:\/\/burkhard-puetz.de\/wp-content\/uploads\/2024\/08\/St.-Clemens-Mayen-Jahresprogramm-2016.pdf\" data-type=\"attachment\" data-id=\"1171\" target=\"_blank\" rel=\"noreferrer noopener\">Gesamtprogramm<\/a><\/p>\n\n\n\n<ul class=\"wp-block-list\">\n<li>Mayen | St. Veit<\/li>\n<\/ul>\n\n\n\n<p>Samstag, 30. Juli 2016 | 18. Sonntag im Jahreskreis<br>17:30 | VORABENDMESSE | Goldenes Priesterjubil\u00e4um von Pfr. i. R. Dietmar Heid<br>Charles Gounod: Messse br\u00e8ve no. 7 in C aux chapelles<br>Joseph Gabriel Rheinberger: Ave Maria | Anton\u00edn Dvo\u0159\u00e1k: Psalm 23 &#8220;Der Herr ist mein Hirt&#8221; (aus: Biblische Lieder op. 99)<\/p>\n\n\n\n<p class=\"has-text-align-right\"><em>Kirchenchor St. Veit | Leitung: Thomas Schnorr<br>Brigitte Hauer, Sopran<br>Burkhard P\u00fctz, Orgel<\/em><\/p>\n\n\n\n<ul class=\"wp-block-list\">\n<li>Heiligkreuz<\/li>\n<\/ul>\n\n\n\n<p>Sonntag, 28. August 2016 | 22. Sonntag im Jahreskreis<br>10:00 | HOCHAMT | Goldenes Priesterjubil\u00e4um von Prof. Dr. Peter Kr\u00e4mer<br>Johann Georg Albrechtsberger: Missa in D per Coro \u00e0 quattro voci e Organo<\/p>\n\n\n\n<p class=\"has-text-align-right\"><em>Chorgemeinschaft Heiligkreuz<br>Robert Kl\u00f6ckner, Orgel<br>Leitung: Burkhard P\u00fctz<\/em><\/p>\n\n\n\n<ul class=\"wp-block-list\">\n<li>Heiligkreuz<\/li>\n<\/ul>\n\n\n\n<p>Sonntag, 18. September 2016 | Patrozinium Kreuzerh\u00f6hung<br>11:00 | HOCHAMT | Pfarrfest<br>Bernhard Blitsch: Messe f\u00fcr Oberstimmenchor und Orgel<\/p>\n\n\n\n<p class=\"has-text-align-right\"><em>Kinderchor Heiligkreuz<br>Klauspeter Bungert, Orgel<\/em><\/p>\n\n\n\n<ul class=\"wp-block-list\">\n<li>Robert Schuman Haus | Mariens\u00e4ule Trier<\/li>\n<\/ul>\n\n\n\n<p>Samstag, 8. Oktober 2016 | 150 Jahre Mariens\u00e4ule Trier<br>18:00 | Marienlob mit Bischof Dr. Stephan Ackermann<br>Kompositionen von Andrea Gabrieli, Giovanni Gabrieli, Jacob Arcadelt, Gaston Roussel, Markus Eham, Anton Becker u. a.<\/p>\n\n\n\n<p class=\"has-text-align-right\"><em>Projektchor des Dekanats Trier<br>Ein Bl\u00e4serensemble:<br>Marco Jakobs | Frank Wilhelmi, Trompete<br>Jochen Hofer | Christoph Neumann, Posaune<br>Leitung: Dekanatskantor Burkhard P\u00fctz<\/em><\/p>\n\n\n\n<p class=\"has-text-align-center\"><a href=\"https:\/\/burkhard-puetz.de\/?page_id=412\" data-type=\"page\" data-id=\"412\" target=\"_blank\" rel=\"noreferrer noopener\">Fotos<\/a><\/p>\n\n\n\n<ul class=\"wp-block-list\">\n<li>Heiligkreuz<\/li>\n<\/ul>\n\n\n\n<p>Sonntag, 30. Oktober 2016 | 31. Sonntag im Jahreskreis<br>9:30 | HOCHAMT | Abschlussgottesdienst Kantorenausbildung<br>Kantorenges\u00e4nge | Richard Shephard: Song of Mary<br>Chors\u00e4tze von Max Becksch\u00e4fer und Joseph Venantius von W\u00f6\u00df<\/p>\n\n\n\n<p class=\"has-text-align-right\"><em>Absolventen der Kantoren- und Vors\u00e4ngerausbildung im Bistum Trier<br>Leitung\/Orgel:<br>Dekanatskantor Rafael Klar | Dekanatskantor Burkhard P\u00fctz<\/em><\/p>\n\n\n\n<ul class=\"wp-block-list\">\n<li>St. Michael<\/li>\n<\/ul>\n\n\n\n<p>Dienstag, 1. November 2016 | Allerheiligen<br>9:30 | HOCHAMT<br>Gregorianischer Choral | Ordinarium VIII &#8220;De Angelis&#8221; | Proprium vom Tag<\/p>\n\n\n\n<p class=\"has-text-align-right\"><em>Choralschola Heiligkreuz<\/em><\/p>\n\n\n\n<ul class=\"wp-block-list\">\n<li>Hohe Domkirche Trier<\/li>\n<\/ul>\n\n\n\n<p>Mittwoch, 16. November | Bu\u00df- und Bettag<br>19:00 | \u00d6KUMENISCHER GOTTESDIENST | &#8220;Erinnerung heilen \u2013 Jesus Christus bezeugen&#8221;<br>Felix Mendelssohn Bartholdy: Hymne op. 96 Nr. 3 Herr, wir trau&#8217;n auf deine G\u00fcte<br>Svein M\u00f8ller: Surely goodness and mercy (Ps 23, 6)<br>Chors\u00e4tze von Martin Bambauer, Jacques Berthier und William Henry Monk<\/p>\n\n\n\n<p class=\"has-text-align-right\"><em>Caspar-Olevian-Chor Trier | Leitung: Martin Bambauer<br>Burkhard P\u00fctz, Chororgel<br>Josef Still, Hauptorgel<\/em><\/p>\n\n\n\n<ul class=\"wp-block-list\">\n<li>St. Maternus<\/li>\n<\/ul>\n\n\n\n<p id=\"19.11.16\">Samstag, 19. November 2016 | Christk\u00f6nigssonntag<br>18:00 | FESTGOTTESDIENST | 50 Jahre Pfarrei St. Maternus Trier<br>Wolfgang Amadeus Mozart: Missa brevis in C (KV 220) &#8220;Spatzenmesse&#8221; f\u00fcr Soli, Chor, Trompeten, Posaunen, Pauken, Streicher und Basso continuo<br>Aus &#8220;Vesperae solennes de Confessore&#8221;: <br>Dixit Dominus (KV 339, 1) | Laudate Dominum (KV 339, 5)<br>Kirchensonate in C (KV 263)<br>Burkhard P\u00fctz: Liedkantate &#8220;Gelobt seist du, Herr Jesu Christ&#8221;<\/p>\n\n\n\n<p class=\"has-text-align-right\">A<em>ntonia Lutz, Sopran | Maria Melts, Alt<br>Thomas Kuhnen, Tenor | Georg Weege, Bass<br>Chorgemeinschaft Heiligkreuz Trier | Ein Projektorchester | Anastasiya Valek, Orgel<br>Leitung: Dekanatskantor Burkhard P\u00fctz<\/em><\/p>\n\n\n\n<ul class=\"wp-block-list\">\n<li>St. Michael<\/li>\n<\/ul>\n\n\n\n<p>Sonntag, 27. November 2016 | Erster Adventssonntag<br>11:00 | HOCHAMT<br>Josef Gabriel Rheinberger: Missa puerorum op. 62 (Ausz\u00fcge) | Adventliche Lieder und Ges\u00e4nge<\/p>\n\n\n\n<p class=\"has-text-align-right\"><em>Kinderchor Heiligkreuz<br>Klauspeter Bungert, Orgel<\/em><\/p>\n\n\n\n<ul class=\"wp-block-list\">\n<li>Heiligkreuz<\/li>\n<\/ul>\n\n\n\n<p>Samstag, 24. Dezember 2016 | Heiliger Abend<br>17:30 | Musikalische Einstimmung<br>18:00 | CHRISTMETTE<\/p>\n\n\n\n<p class=\"has-text-align-right\"><em>Chorgemeinschaft<\/em><\/p>\n\n\n\n<ul class=\"wp-block-list\">\n<li>St. Michael<\/li>\n<\/ul>\n\n\n\n<p>Sonntag, 25. Dezember 2016 | Weihnachten<br>11:00 | FESTHOCHAMT<br>L\u00e9o Delibes: Messe br\u00e8ve | Camille Saint-Sa\u00ebns: Tollite hostias<br>Weihnachtliche Chors\u00e4tze von Karl R\u00fcding, David Willcocks, Klaus Wallrath u. a.<\/p>\n\n\n\n<p class=\"has-text-align-right\"><em>Chorgemeinschaft Heiligkreuz<\/em><\/p>\n\n\n\n<p><a href=\"#2016\">nach oben<\/a> (Januar 2016)<\/p>\n\n\n\n<hr class=\"wp-block-separator has-alpha-channel-opacity\"\/>\n\n\n\n<h3 class=\"wp-block-heading has-text-align-center\" id=\"2015\">2015<\/h3>\n\n\n\n<ul class=\"wp-block-list\">\n<li>Heiligkreuz | St. Maternus | St. Michael<\/li>\n<\/ul>\n\n\n\n<p>Samstag\/Sonntag, 3.\/4. Januar 2015 | 2. Sonntag nach Weihnachten<br>Orgelmusik | C\u00e9sar Franck: Sortie<\/p>\n\n\n\n<ul class=\"wp-block-list\">\n<li>Heiligkreuz | St. Maternus | St. Michael<\/li>\n<\/ul>\n\n\n\n<p>Samstag\/Sonntag, 10.\/11. Januar 2015 | Taufe des Herrn<br>Orgelmusik | C\u00e9sar Franck: Grand Choeur<\/p>\n\n\n\n<ul class=\"wp-block-list\">\n<li>Heiligkreuz<\/li>\n<\/ul>\n\n\n\n<p>Freitag, 16. Januar 2015 | Tag des Ewigen Gebetes<br>10:00 | CHORALAMT zur Er\u00f6ffnung<\/p>\n\n\n\n<p class=\"has-text-align-right\"><em>Choralschola<\/em><\/p>\n\n\n\n<p>18:30 | ABENDLOB zum Abschluss<br>Chorwerke von O. Vecchi, L. Viadana, Bernhard Klein, Clement C. Scholefield, Charles Hubert H. Parry u. a.<\/p>\n\n\n\n<p class=\"has-text-align-right\"><em>Chorgemeinschaft<\/em><\/p>\n\n\n\n<ul class=\"wp-block-list\">\n<li>Heiligkreuz | St. Maternus | St. Michael<\/li>\n<\/ul>\n\n\n\n<p>Samstag\/Sonntag, 17.\/18. Januar 2015 | 2. Sonntag im Jahreskreis<br>Orgelmusik | Dieterich Buxtehude: Wie sch\u00f6n leuchtet der Morgenstern BuxWV 223<\/p>\n\n\n\n<ul class=\"wp-block-list\">\n<li>St. Michael<\/li>\n<\/ul>\n\n\n\n<p>Mittwoch, 21. Januar 2015 | Tag des Ewigen Gebetes<br>18:30 | ABENDLOB<br>Chorwerke von O. Vecchi, L. Viadana, Bernhard Klein, Clement C. Scholefield, Charles Hubert H. Parry u. a.<\/p>\n\n\n\n<p class=\"has-text-align-right\"><em>Chorgemeinschaft<\/em><\/p>\n\n\n\n<ul class=\"wp-block-list\">\n<li>Heiligkreuz | St. Maternus | St. Michael<\/li>\n<\/ul>\n\n\n\n<p>Samstag\/Sonntag, 24.\/25. Januar 2015 | 3. Sonntag im Jahreskreis<br>Orgelmusik | Johann Sebastian Bach: Praeludium et Fuga in C BWV 547<\/p>\n\n\n\n<ul class=\"wp-block-list\">\n<li>Heiligkreuz | St. Maternus | St. Michael<\/li>\n<\/ul>\n\n\n\n<p>Samstag\/Sonntag, 21.\/22. Februar 2015 | 1. Fastensonntag<br>Orgelmusik | Johann Sebastian Bach: Fuga in g BWV 578<\/p>\n\n\n\n<ul class=\"wp-block-list\">\n<li>Heiligkreuz | St. Maternus | St. Michael<\/li>\n<\/ul>\n\n\n\n<p>Samstag\/Sonntag, 28. Februar \/ 1. M\u00e4rz 2015 | 2. Fastensonntag<br>Orgelmusik | Johann Sebastian Bach: Fantasia et Fuga in c BWV 537<\/p>\n\n\n\n<ul class=\"wp-block-list\">\n<li>St. Maternus<\/li>\n<\/ul>\n\n\n\n<p>Sonntag, 8. M\u00e4rz 2015 | 3. Fastensonntag<br>11:30 | HOCHAMT | Aufnahme der neuen Chorkinder<br>Christopher Tambling: Kyrie aus der Messe in A | Robert Jones: Segne, Gott im Himmel<br>C\u00e9sar Franck: Panis angelicus u. a.<\/p>\n\n\n\n<p class=\"has-text-align-right\"><em>Kinderchor Heiligkreuz<br>Klauspeter Bungert, Orgel<\/em><\/p>\n\n\n\n<p>18:00 | ABENDLOB<br>William Byrd: Ave verum corpus | George Dyson: Mein Seel erhebet Gott den Herrn<br>Kompositionen von Orfeo Vecchi, William Henry Monk, Clement Cotterill Scholefield u. a.<\/p>\n\n\n\n<p class=\"has-text-align-right\"><em>Chorgemeinschaft Heiligkreuz<\/em><\/p>\n\n\n\n<ul class=\"wp-block-list\">\n<li>Heiligkreuz | St. Maternus | St. Michael<\/li>\n<\/ul>\n\n\n\n<p>Samstag\/Sonntag, 14.\/15. M\u00e4rz 2015 | 4. Fastensonntag (Laetare)<br>Orgelmusik | Johann Sebastian Bach: An Wasserfl\u00fcssen Babylon BWV 653<\/p>\n\n\n\n<ul class=\"wp-block-list\">\n<li>Heiligkreuz<\/li>\n<\/ul>\n\n\n\n<p>Sonntag, 15. M\u00e4rz 2015 | 4. Fastensonntag (Laetare)<br>19:00 | 20 JAHRE SAUER-ORGEL HEILIGKREUZ | ORGELKONZERT<br>Kompositionen u. a. von Johann Sebastian Bach, Felix Mendelssohn Bartholdy, Th\u00e9odore Salom\u00e9 und Edward Elgar | Improvisation \u00fcber Themen aus dem Publikum<\/p>\n\n\n\n<p class=\"has-text-align-right\"><em>Paul Kayser (Luxemburg), Orgel<\/em><\/p>\n\n\n\n<p class=\"has-text-align-center\"><a href=\"https:\/\/burkhard-puetz.de\/wp-content\/uploads\/2024\/08\/Orgelkonzert-Paul-Kayser-20-jaehriges-Orgeljubilaeum-15.03.15-Heiligkreuz.pdf\" data-type=\"attachment\" data-id=\"2401\" target=\"_blank\" rel=\"noreferrer noopener\">Programm<\/a><\/p>\n\n\n\n<p class=\"has-text-align-center\">Anschlie\u00dfend Empfang mit &#8220;Heiligkreuzer Wein&#8221;<br>9,- \/ 6,- \u20ac erm. (Ein Glas Wein ist im Eintrittspreis enthalten)<br>Kartenvorverkauf: Ticket Regional<\/p>\n\n\n\n<ul class=\"wp-block-list\">\n<li>Heiligkreuz | St. Maternus | St. Michael<\/li>\n<\/ul>\n\n\n\n<p>Samstag\/Sonntag, 28.\/29. M\u00e4rz 2015 | Palmsonntag<br>Orgelmusik | Johann Sebastian Bach: Praeludium et Fuga in c BWV 549<\/p>\n\n\n\n<ul class=\"wp-block-list\">\n<li>St. Maternus<\/li>\n<\/ul>\n\n\n\n<p>Donnerstag, 2. April 2015 | Gr\u00fcndonnerstag<br>19:00 | MESSE VOM LETZTEN ABENDMAHL<br>Gregorianische Ges\u00e4nge vom Tag<\/p>\n\n\n\n<p class=\"has-text-align-right\"><em>Choralschola Heiligkreuz<\/em><\/p>\n\n\n\n<ul class=\"wp-block-list\">\n<li>Heiligkreuz<\/li>\n<\/ul>\n\n\n\n<p>Freitag, 3. April 2015 | Karfreitag<br>15:00 | FEIER VOM LEIDEN UND STERBEN CHRISTI<br>Tom\u00e1s Luis de Victoria: Popule meus | Jacobus Gallus: Ecco quomodo moritur | William Byrd: Ave verum corpus | Johann Sebastian Bach: Chor\u00e4le aus der Matth\u00e4us-Passion BWV 244 (Herzliebster Jesu, O Haupt voll Blut und Wunden) | Sebastian Kn\u00fcpfer: O Traurigkeit, o Herzeleid | Anton Bruckner: Christus factus est | Franz Leinh\u00e4user: Sei gegr\u00fc\u00dfet, heiliges Kreuz<\/p>\n\n\n\n<p class=\"has-text-align-right\"><em>Chorgemeinschaft<\/em><\/p>\n\n\n\n<ul class=\"wp-block-list\">\n<li>St. Michael<\/li>\n<\/ul>\n\n\n\n<p>Ostersonntag, 5. April 2015 | Hochfest der Auferstehung des Herrn<br>11:00 | FESTHOCHAMT<br>Th\u00e9odore Dubois: Messe in F f\u00fcr Chor und Orgel<br>Melchior Vulpius : Gelobt sei Gott im h\u00f6chsten Thron<br>Gregor Aichinger: Regina coeli | Alessandro Scarlatti: Alleluia<\/p>\n\n\n\n<p class=\"has-text-align-right\"><em>Chorgemeinschaft Heiligkreuz<\/em><\/p>\n\n\n\n<ul class=\"wp-block-list\">\n<li>Heiligkreuz<\/li>\n<\/ul>\n\n\n\n<p>Sonntag, 26. April 2015 | 4. Sonntag der Osterzeit<br>9:30 | HOCHAMT | Diamantenes Priesterjubil\u00e4um von Pfarrer i. R. Josef Otte<br>Th\u00e9odore Dubois: Messe in F f\u00fcr Chor und Orgel | Bernhard Klein: Der Herr ist mein Hirt<br>Karl Norbert Schmid: Gro\u00dfer Gott, wir loben dich<\/p>\n\n\n\n<p class=\"has-text-align-right\"><em>Chorgemeinschaft<\/em><\/p>\n\n\n\n<ul class=\"wp-block-list\">\n<li>St. Paulin | Welschnonnenkirche | Konstantin-Basilika | Trierer Dom<\/li>\n<\/ul>\n\n\n\n<p class=\"has-text-align-left\">Samstag, 2. Mai 2015<br>11:00 bis 18:00 | ERLEBNIS ORGEL<br>Erster Trierer Orgelspaziergang<br>20-min\u00fctige Konzerte mit<br><em>Josef Still \u00b7 Ulrich Krupp \u00b7 Burkhard P\u00fctz \u00b7 Martin Bambauer Prof. Karl Ludwig Kreutz \u00b7 Sch\u00fcler des Max-Planck-Gymnasiums \u00b7 Drehorgelorchester Heinz Reuter \u00b7 Hauptmarkt: Wellershaus-Kirmesorgel \u00b7 Finale: Vokalconsort Leipzig<\/em><\/p>\n\n\n\n<p>Dekanatskantor Burkhard P\u00fctz spielt an der historischen <a href=\"https:\/\/www.trierer-orgelpunkt.de\/andere-kirchen\/Welschnonnen-Trier\/\" type=\"link\" id=\"https:\/\/www.trierer-orgelpunkt.de\/weitere-kirchen\/welschnonnenkirche\" target=\"_blank\" rel=\"noreferrer noopener\">Stumm-Orgel<\/a> (1757\/2007) in der Welschnonnenkirche (Flanderstra\u00dfe):<br>BELLA ITALIA<br>Domenico Zipoli (1688-1726): Quattro Versi et Canzona in Do maggiore<br>Girolamo Frescobaldi (1583-1643): Toccata terza (I\u00b0 libro)<br>Francesco Gasparini (1661-1727): Sonata per l\u2019Elevazione<br>Georg Muffat (1653-1704): Toccata Quinta (aus: Apparatus musico-organisticus)<\/p>\n\n\n\n<p class=\"has-text-align-center\"><a href=\"https:\/\/burkhard-puetz.de\/wp-content\/uploads\/2024\/08\/Flyer_2.Mai-2015-ERLEBNIS-ORGEL.pdf\" data-type=\"attachment\" data-id=\"1179\" target=\"_blank\" rel=\"noreferrer noopener\">Gesamtprogramm<\/a><\/p>\n\n\n\n<figure class=\"wp-block-embed is-type-video is-provider-youtube wp-block-embed-youtube wp-embed-aspect-16-9 wp-has-aspect-ratio\"><div class=\"wp-block-embed__wrapper\">\n<iframe loading=\"lazy\" hcb-fetch-image-from=\"https:\/\/www.youtube.com\/watch?v=fuWlXaVT-K4\" title=\"Stummorgel in der Welschnonnenkirche\" width=\"720\" height=\"405\" src=\"https:\/\/www.youtube.com\/embed\/fuWlXaVT-K4?feature=oembed\" frameborder=\"0\" allow=\"accelerometer; autoplay; clipboard-write; encrypted-media; gyroscope; picture-in-picture; web-share\" referrerpolicy=\"strict-origin-when-cross-origin\" allowfullscreen><\/iframe>\n<\/div><\/figure>\n\n\n\n<p class=\"has-text-align-center\">Video vom Konzert B. P\u00fctz in der Welschnonnenkirche<\/p>\n\n\n\n<p class=\"has-text-align-center\"><a href=\"https:\/\/burkhard-puetz.de\/wp-content\/uploads\/2024\/08\/TV-Bericht-Trierer-Orgelspaziergang-02.05.15.pdf\" data-type=\"attachment\" data-id=\"1178\" target=\"_blank\" rel=\"noreferrer noopener\">Nachbericht Trierischer Volksfreund<\/a><\/p>\n\n\n\n<div class=\"wp-block-media-text is-stacked-on-mobile\" style=\"padding-top:var(--wp--preset--spacing--30)\"><figure class=\"wp-block-media-text__media\"><img loading=\"lazy\" decoding=\"async\" width=\"720\" height=\"960\" src=\"https:\/\/burkhard-puetz.de\/wp-content\/uploads\/2024\/08\/Orgelkonzert-B.-Puetz-02.05.15-Stumm-Orgel-Welschnonnenkirche-Trier-1.jpg\" alt=\"\" class=\"wp-image-1175 size-full\" srcset=\"https:\/\/burkhard-puetz.de\/wp-content\/uploads\/2024\/08\/Orgelkonzert-B.-Puetz-02.05.15-Stumm-Orgel-Welschnonnenkirche-Trier-1.jpg 720w, https:\/\/burkhard-puetz.de\/wp-content\/uploads\/2024\/08\/Orgelkonzert-B.-Puetz-02.05.15-Stumm-Orgel-Welschnonnenkirche-Trier-1-225x300.jpg 225w\" sizes=\"auto, (max-width: 720px) 100vw, 720px\" \/><\/figure><div class=\"wp-block-media-text__content\">\n<p>Burkhard P\u00fctz an der historischen Stumm-Orgel in der Welschnonnenkirche Trier am 02.05.15<\/p>\n<\/div><\/div>\n\n\n\n<ul class=\"wp-block-list\">\n<li>St. Maternus<\/li>\n<\/ul>\n\n\n\n<p>Freitag, 8. Mai 2015<br>18:30 | HL. MESSE | anschl. CHORKONZERT<br>Kompositionen von Tschaikowsky, Kedrow, Bortnjansky u. a.<\/p>\n\n\n\n<p class=\"has-text-align-right\"><em>Vokalensemble &#8220;Vivat&#8221; St. Petersburg<br>Leitung: Victor Stupnev<\/em><\/p>\n\n\n\n<ul class=\"wp-block-list\">\n<li>St. Michael<\/li>\n<\/ul>\n\n\n\n<p>Sonntag, 10. Mai 2015 | 6. Sonntag der Osterzeit<br>11:00 | HOCHAMT<br>Gregorianisches Ordinarium I &#8220;Lux et origo&#8221; | Neue geistliche Lieder aus dem &#8220;Gotteslob&#8221;<\/p>\n\n\n\n<p class=\"has-text-align-right\"><em>Schola der Chorgemeinschaft<\/em><\/p>\n\n\n\n<ul class=\"wp-block-list\">\n<li>Heiligkreuz | St. Maternus | St. Michael<\/li>\n<\/ul>\n\n\n\n<p>Mittwoch\/Donnerstag, 13.\/14. Mai 2015 | Christi Himmelfahrt<br>Orgelmusik | Hermann Schroeder: Marianische Antiphon &#8220;Regina caeli&#8221;<\/p>\n\n\n\n<ul class=\"wp-block-list\">\n<li>Heiligkreuz | St. Maternus<\/li>\n<\/ul>\n\n\n\n<p>Samstag\/Sonntag, 23.\/24. Mai 2015 | Pfingsten<br>Orgelmusik | Johann Sebastian Bach: Fantasia super &#8220;Komm, Heiliger Geist, Herre Gott&#8221; BWV 651<\/p>\n\n\n\n<ul class=\"wp-block-list\">\n<li>Heiligkreuz<\/li>\n<\/ul>\n\n\n\n<p>Sonntag, 24. Mai 2015 | Pfingsten<br>9:30 | FESTHOCHAMT | Gregorianische Ges\u00e4nge<br>Ordinarium I &#8220;Lux et origo&#8221; | Proprium vom Tag<\/p>\n\n\n\n<p class=\"has-text-align-right\"><em>Choralschola<\/em><\/p>\n\n\n\n<ul class=\"wp-block-list\">\n<li>Heiligkreuz | St. Maternus | St. Michael<\/li>\n<\/ul>\n\n\n\n<p>Samstag\/Sonntag, 30.\/31. Mai 2015 | Dreifaltigkeitssonntag<br>Orgelmusik | Johann Sebastian Bach: Praeludium et Fuga pro Organo pleno BWV 552<\/p>\n\n\n\n<ul class=\"wp-block-list\">\n<li>Mattheiser Weiher | Heiligkreuz<\/li>\n<\/ul>\n\n\n\n<p>Donnerstag, 4. Juni 2015 | Fronleichnam<br>9:30 | EUCHARISTIEFEIER UND PROZESSION<br>Werke von Ralf Gr\u00f6ssler, Klaus Fischbach, Thomas Quast, Franz Leinh\u00e4user, Wilhelm Stockhausen u. a.<\/p>\n\n\n\n<p class=\"has-text-align-right\"><em>Chorgemeinschaft Heiligkreuz<\/em><\/p>\n\n\n\n<ul class=\"wp-block-list\">\n<li>St. Martin (Maarstra\u00dfe)<\/li>\n<\/ul>\n\n\n\n<p>Sonntag, 21. Juni 2015 | 12. Sonntag im Jahreskreis<br>18:00 | ABENDLOB \u00b7 DEKANATSSINGEN TRIERER KIRCHENCH\u00d6RE<br>Kompositionen f\u00fcr Chor, Bl\u00e4ser, Gemeinde und Orgel von Reconditus, Sch\u00fctz, Reinthaler, Leinh\u00e4user, Becker, Reidenbach, Rutter, Stanford, Rimskij-Korsakov, Schmid, Steurlein u. a.<\/p>\n\n\n\n<p class=\"has-text-align-right\"><em>Trierer Kirchench\u00f6re<br>Marco Jakobs u. Quentin Malchaire, Trompete<br>Christoph Neumann u. Reimund Berg, Posaune<br>Volker Krebs, Orgel<br>Leitung: Dekanatskantor Burkhard P\u00fctz<\/em><\/p>\n\n\n\n<ul class=\"wp-block-list\">\n<li>St. Maternus<\/li>\n<\/ul>\n\n\n\n<p>Samstag, 27. Juni 2015 | 13. Sonntag im Jahreskreis<br>18:00 | VORABENDMESSE<br>Christopher Tambling: Messe in A (Ausz\u00fcge) | Kompositionen von Robert Jones, Thomas Riegler, C\u00e9sar Franck u. a.<\/p>\n\n\n\n<p class=\"has-text-align-right\"><em>Kinderchor Heiligkreuz<br>Klauspeter Bungert, Orgel<\/em><\/p>\n\n\n\n<ul class=\"wp-block-list\">\n<li>Hoher Dom zu K\u00f6ln<\/li>\n<\/ul>\n\n\n\n<p>Sonntag, 19. Juli 2015 | 16. Sonntag im Jahreskreis<br>10:00 | KAPITELSAMT<br>L\u00e9o Delibes: Messe br\u00e8ve f\u00fcr Chor, Blechbl\u00e4ser und Orgel<br>Flor Peeters: Entrata festiva op. 93<br>Johann Sebastian Bach: Nun danket alle Gott (aus der Kantate BWV 79)<br>Eug\u00e8ne Gigout: Grand Choeur Dialogu\u00e9<\/p>\n\n\n\n<p class=\"has-text-align-right\"><em>Chorgemeinschaft Heiligkreuz Trier<br>Marco Jakobs und Frank Wilhelmi, Trompete<br>Christoph Neumann und Reimund Berg, Posaune<br>Martin Schaefer, Pauken<br><a href=\"https:\/\/www.gillesleyers.lu\/\" data-type=\"link\" data-id=\"https:\/\/www.gillesleyers.lu\/\" target=\"_blank\" rel=\"noreferrer noopener\">Gilles Leyers<\/a> (Luxemburg), Orgel<br>Leitung: Dekanatskantor Burkhard P\u00fctz<\/em><\/p>\n\n\n\n<p class=\"has-text-align-center\"><a href=\"https:\/\/burkhard-puetz.de\/wp-content\/uploads\/2024\/08\/19-07-2015-16.-So-i.-J.-Kapitelsamt-Koelner-Dom.pdf\" data-type=\"attachment\" data-id=\"1182\" target=\"_blank\" rel=\"noreferrer noopener\">Programm<\/a><\/p>\n\n\n\n<p class=\"has-text-align-center\"><a href=\"https:\/\/burkhard-puetz.de\/?page_id=420\" data-type=\"page\" data-id=\"420\" target=\"_blank\" rel=\"noreferrer noopener\">Fotos<\/a><\/p>\n\n\n\n<ul class=\"wp-block-list\">\n<li>St. Michael<\/li>\n<\/ul>\n\n\n\n<p>Sonntag, 26. Juli 2015 | 17. Sonntag im Jahreskreis<br>11:00 | HOCHAMT<br>Anonymus (15. Jahrhundert): Alta Trinit\u00e0 beata | Johann Sebastian Bach: Nun danket alle Gott (BWV 79) | Franz Schubert: Heilig ist der Herr u. a.<\/p>\n\n\n\n<p class=\"has-text-align-right\"><em>Chorgemeinschaft Heiligkreuz<\/em><\/p>\n\n\n\n<ul class=\"wp-block-list\">\n<li>Heiligkreuz | St. Maternus | St. Michael<\/li>\n<\/ul>\n\n\n\n<p>Samstag\/Sonntag, 12.\/13. September 2015 | 24. Sonntag im Jahreskreis<br>Orgelmusik | Johann Sebastian Bach: Praeludium et Fuga in G BWV 541<\/p>\n\n\n\n<ul class=\"wp-block-list\">\n<li>Heiligkreuz<\/li>\n<\/ul>\n\n\n\n<p>Sonntag, 20. September 2015 | 25. Sonntag im Jahreskreis<br>9:30 | HOCHAMT zum Patrozinium<br>Geistliche Musik der franz\u00f6sischen Romantik f\u00fcr Gesang und Orgel:<br>Jean Langlais: Missa in simplicitate | Louis Vierne: Ave verum op. 15 | C\u00e9sar Franck: Ave Maria<br>Orgelmusik von C\u00e9sar Franck<\/p>\n\n\n\n<p class=\"has-text-align-right\"><em>Antonia Lutz, Sopran<br>Burkhard P\u00fctz, Orgel<\/em><\/p>\n\n\n\n<ul class=\"wp-block-list\">\n<li>Heiligkreuz | St. Maternus | St. Michael<\/li>\n<\/ul>\n\n\n\n<p>Samstag\/Sonntag, 26.\/27. September 2015 | 26. Sonntag im Jahreskreis<br>Orgelmusik | Camille Saint-Sa\u00ebns: Improvisation op. 150 Nr. 7<\/p>\n\n\n\n<ul class=\"wp-block-list\">\n<li>Heiligkreuz | St. Maternus | St. Michael<\/li>\n<\/ul>\n\n\n\n<p>Samstag\/Sonntag, 3.\/4. Oktober 2015 | 27. Sonntag im Jahreskreis<br>Orgelmusik | Sigfrid Karg-Elert: Nun danket alle Gott (Marche triomphale) op. 65<\/p>\n\n\n\n<ul class=\"wp-block-list\">\n<li>Heiligkreuz | St. Maternus | St. Michael<\/li>\n<\/ul>\n\n\n\n<p>Samstag\/Sonntag, 10.\/11. Oktober 2015 | 28. Sonntag im Jahreskreis<br>Orgelmusik | Felix Mendelssohn Bartholdy: Praeludium und Fuge c-Moll op. 37<\/p>\n\n\n\n<ul class=\"wp-block-list\">\n<li>Heiligkreuz | St. Maternus | St. Michael<\/li>\n<\/ul>\n\n\n\n<p>Samstag\/Sonntag, 17.\/18. Oktober 2015 | 29. Sonntag im Jahreskreis<br>Orgelmusik | Johann Sebastian Bach: Praeludium c-Moll BWV 546<\/p>\n\n\n\n<ul class=\"wp-block-list\">\n<li>Heiligkreuz | St. Maternus | St. Michael<\/li>\n<\/ul>\n\n\n\n<p>Samstag\/Sonntag, 24.\/25. Oktober 2015 | 30. Sonntag im Jahreskreis<br>Orgelmusik | Johann Sebastian Bach: Fuge c-Moll BWV 546<\/p>\n\n\n\n<ul class=\"wp-block-list\">\n<li>St. Michael<\/li>\n<\/ul>\n\n\n\n<p>Sonntag, 1. November 2015 | Allerheiligen<br>9:30 | HOCHAMT<br>Gregorianischer Choral: Gaudeamus omnes in Domino | Giovanni Croce: Missa Prima sexti toni (Ausz\u00fcge) | Lodovico Viadana: Exsultate justi in Domino<\/p>\n\n\n\n<p class=\"has-text-align-right\"><em>Choralschola<br>Chorgemeinschaft Heiligkreuz<\/em><\/p>\n\n\n\n<ul class=\"wp-block-list\">\n<li>Heiligkreuz<\/li>\n<\/ul>\n\n\n\n<p>Sonntag, 8. November 2015| 32. Sonntag im Jahreskreis<br>9:30 | HOCHAMT<br>Orgelmusik von C\u00e9sar Franck aus &#8220;L&#8217;Organiste&#8221;<\/p>\n\n\n\n<p>10:30 | ORGELMATINEE &#8211; C\u00e9sar Franck zum 125. Todestag<br>Orgelwerke von C\u00e9sar Franck (\u2020 8. Nov. 1890):<br>Choral No. 3 (aus: &#8220;Trois Chorals pour Grand Orgue&#8221;)<br>Cantabile (aus: &#8220;Trois Pi\u00e8ces pour Grand Orgue&#8221;)<br>Pi\u00e8ce h\u00e9ro\u00efque (aus: &#8220;Trois Pi\u00e8ces pour Grand Orgue&#8221;)<\/p>\n\n\n\n<p class=\"has-text-align-right\"><em>Dekanatskantor Burkhard P\u00fctz, Orgel<\/em><\/p>\n\n\n\n<ul class=\"wp-block-list\">\n<li>St. Maternus<\/li>\n<\/ul>\n\n\n\n<p>Samstag, 21. November 2015 | Gedenktag der hl. C\u00e4cilia<br>18:00 | VORABENDMESSE | Christk\u00f6nigssonntag<br>Giovanni Croce: Missa Prima sexti toni (\u00e0 5 voci a cappella) | Lodovico Viadana: Exsultate justi in Domino | Hermann Schroeder: Rex pacificus op. 19, 2<\/p>\n\n\n\n<p class=\"has-text-align-right\"><em>Chorgemeinschaft Heiligkreuz<\/em><\/p>\n\n\n\n<ul class=\"wp-block-list\">\n<li>St. Michael<\/li>\n<\/ul>\n\n\n\n<p>Sonntag, 29. November 2015 | Erster Adventssonntag<br>11:00 | HOCHAMT<br>Adventliche Lieder und Ges\u00e4nge<br>Christopher Tambling: Messe in A (Ausz\u00fcge) | C\u00e9sar Franck: Panis angelicus<\/p>\n\n\n\n<p class=\"has-text-align-right\"><em>Kinderchor Heiligkreuz<br>Klauspeter Bungert, Orgel<\/em><\/p>\n\n\n\n<ul class=\"wp-block-list\">\n<li>Heiligkreuz<\/li>\n<\/ul>\n\n\n\n<p>Donnerstag, 24. Dezember 2015 | Heiligabend<br>17:30 | Weihnachtliche Musik zur Einstimmung<br>18:00 | CHRISTMETTE<br>Weihnachtliche Chorwerke von Joseph Ignaz Schnabel, Karl R\u00fcding, David Willcocks u. a.<\/p>\n\n\n\n<p class=\"has-text-align-right\"><em>Chorgemeinschaft<\/em><\/p>\n\n\n\n<ul class=\"wp-block-list\">\n<li>St. Michael<\/li>\n<\/ul>\n\n\n\n<p>Freitag, 25. Dezember 2015 | Weihnachten<br>11:00 | FESTHOCHAMT<br>Johann Georg Albrechtsberger: Missa in D<br>Joseph Ignaz Schnabel: Transeamus usque Bethlehem | Camille Saint-Sa\u00ebns: Tollite hostias<br>Weihnachtliche Chors\u00e4tze von Karl R\u00fcding, David Willcocks und Klaus Wallrath<\/p>\n\n\n\n<p class=\"has-text-align-right\"><em>Chorgemeinschaft<br>Robert Kl\u00f6ckner, Orgel<\/em><\/p>\n\n\n\n<p><a href=\"#2015\">nach oben<\/a> (Januar 2015)<\/p>\n","protected":false},"excerpt":{"rendered":"<p>201720162015 Pfarrkirche Heiligkreuz | Trier, Arnulfstra\u00dfePfarrkirche St. Maternus | Trier, KarlswegPfarrkirche St. Michael | Trier-Mariahof 2017 Samstag\/Sonntag, 07.\/08. Januar 2017 | Taufe des HerrnOrgelmusik | Josef Gabriel Rheinberger: Orgelsonate Nr&#8230;.<\/p>\n","protected":false},"author":1,"featured_media":0,"parent":341,"menu_order":4,"comment_status":"closed","ping_status":"closed","template":"","meta":{"_kadence_starter_templates_imported_post":false,"_kad_post_transparent":"","_kad_post_title":"","_kad_post_layout":"narrow","_kad_post_sidebar_id":"","_kad_post_content_style":"","_kad_post_vertical_padding":"","_kad_post_feature":"","_kad_post_feature_position":"","_kad_post_header":false,"_kad_post_footer":false,"_kad_post_classname":"","footnotes":""},"class_list":["post-123","page","type-page","status-publish","hentry"],"_links":{"self":[{"href":"https:\/\/burkhard-puetz.de\/index.php?rest_route=\/wp\/v2\/pages\/123","targetHints":{"allow":["GET"]}}],"collection":[{"href":"https:\/\/burkhard-puetz.de\/index.php?rest_route=\/wp\/v2\/pages"}],"about":[{"href":"https:\/\/burkhard-puetz.de\/index.php?rest_route=\/wp\/v2\/types\/page"}],"author":[{"embeddable":true,"href":"https:\/\/burkhard-puetz.de\/index.php?rest_route=\/wp\/v2\/users\/1"}],"replies":[{"embeddable":true,"href":"https:\/\/burkhard-puetz.de\/index.php?rest_route=%2Fwp%2Fv2%2Fcomments&post=123"}],"version-history":[{"count":40,"href":"https:\/\/burkhard-puetz.de\/index.php?rest_route=\/wp\/v2\/pages\/123\/revisions"}],"predecessor-version":[{"id":2844,"href":"https:\/\/burkhard-puetz.de\/index.php?rest_route=\/wp\/v2\/pages\/123\/revisions\/2844"}],"up":[{"embeddable":true,"href":"https:\/\/burkhard-puetz.de\/index.php?rest_route=\/wp\/v2\/pages\/341"}],"wp:attachment":[{"href":"https:\/\/burkhard-puetz.de\/index.php?rest_route=%2Fwp%2Fv2%2Fmedia&parent=123"}],"curies":[{"name":"wp","href":"https:\/\/api.w.org\/{rel}","templated":true}]}}