{"id":129,"date":"2024-08-05T15:31:18","date_gmt":"2024-08-05T15:31:18","guid":{"rendered":"https:\/\/burkhard-puetz.de\/?page_id=129"},"modified":"2024-08-14T09:48:15","modified_gmt":"2024-08-14T09:48:15","slug":"archiv-musica-sacra-2014-2013-2012","status":"publish","type":"page","link":"https:\/\/burkhard-puetz.de\/?page_id=129","title":{"rendered":"Musica sacra 2014 | 2013 | 2012"},"content":{"rendered":"\n<p class=\"has-text-align-center\"><a href=\"#2014\">2014<\/a><br><a href=\"#2013\">2013<\/a><br><a href=\"#2012\">2012<\/a><\/p>\n\n\n\n<hr class=\"wp-block-separator has-alpha-channel-opacity\" style=\"margin-top:0;margin-bottom:var(--wp--preset--spacing--50)\"\/>\n\n\n\n<p>Pfarrkirche Heiligkreuz | Trier, Arnulfstra\u00dfe<br>Pfarrkirche St. Maternus | Trier, Karlsweg<br>Pfarrkirche St. Michael | Trier-Mariahof<\/p>\n\n\n\n<hr class=\"wp-block-separator has-alpha-channel-opacity\"\/>\n\n\n\n<h3 class=\"wp-block-heading has-text-align-center\" id=\"2014\">2014<\/h3>\n\n\n\n<ul class=\"wp-block-list\">\n<li>Heiligkreuz | St. Maternus | St. Michael<\/li>\n<\/ul>\n\n\n\n<p>Samstag\/Sonntag, 4.\/5 Januar 2014 | 2. Sonntag nach Weihnachten<br>Orgelmusik<br>Karl Hoyer: Choral-Paraphrase \u00fcber &#8220;Vom Himmel hoch&#8221; und &#8220;Tochter Zion&#8221; op. 17 Nr. 2<\/p>\n\n\n\n<ul class=\"wp-block-list\">\n<li>St. Maternus | St. Michael<\/li>\n<\/ul>\n\n\n\n<p>Samstag\/Sonntag, 11.\/12. Januar 2014 | Taufe des Herrn<br>Orgelmusik<br>Camille Saint-Sa\u00ebns: Improvisation op. 150 Nr. 7<\/p>\n\n\n\n<ul class=\"wp-block-list\">\n<li>Heiligkreuz<\/li>\n<\/ul>\n\n\n\n<p>Donnerstag, 16. Januar 2014 | Tag des Ewigen Gebetes<br>10:00 | CHORALAMT zur Er\u00f6ffnung<\/p>\n\n\n\n<p class=\"has-text-align-right\"><em>Choralschola<\/em><\/p>\n\n\n\n<p>18:30 | ABENDLOB zum Abschluss<br>Chorwerke von Heinrich Sch\u00fctz, Jacques Berthier, Valentin Rathgeber u. a.<\/p>\n\n\n\n<p class=\"has-text-align-right\"><em>Chorgemeinschaft<\/em><\/p>\n\n\n\n<ul class=\"wp-block-list\">\n<li>Heiligkreuz | St. Maternus | St. Michael<\/li>\n<\/ul>\n\n\n\n<p>Samstag\/Sonntag, 18.\/19. Januar 2014 | 2. Sonntag im Jahreskreis<br>Orgelmusik<br>Dieterich Buxtehude: Wie sch\u00f6n leuchtet der Morgenstern BuxWV 223<\/p>\n\n\n\n<ul class=\"wp-block-list\">\n<li>St. Michael<\/li>\n<\/ul>\n\n\n\n<p>Dienstag, 21. Januar 2014 | Tag des Ewigen Gebetes<br>18:30 | ABENDLOB<br>Chorwerke von Heinrich Sch\u00fctz, Jacques Berthier, Valentin Rathgeber u. a.<\/p>\n\n\n\n<p class=\"has-text-align-right\"><em>Chorgemeinschaft<\/em><\/p>\n\n\n\n<ul class=\"wp-block-list\">\n<li>Heiligkreuz | St. Maternus | St. Michael<\/li>\n<\/ul>\n\n\n\n<p>Samstag\/Sonntag, 25.\/26. Januar 2014 | 3. Sonntag im Jahreskreis<br>Orgelmusik<br>Johann Sebastian Bach: Praeludium et Fuga in C BWV 545<\/p>\n\n\n\n<ul class=\"wp-block-list\">\n<li>St. Michael<\/li>\n<\/ul>\n\n\n\n<p>Sonntag, 2. Februar 2014 | Darstellung des Herrn<br>11:00 | PONTIFIKALAMT UND FIRMUNG<br>Werke von Valentin Rathgeber, Adolf Lohmann, Carles Villiers Stanford, Felix Mendelssohn Bartholdy u. a.<\/p>\n\n\n\n<p class=\"has-text-align-right\"><em>Chorgemeinschaft<\/em><\/p>\n\n\n\n<ul class=\"wp-block-list\">\n<li>St. Maternus<\/li>\n<\/ul>\n\n\n\n<p>Sonntag, 23. M\u00e4rz 2014 | 3. Fastensonntag<br>11:30 | HOCHAMT<br>Einf\u00fchrung der neuen Chorkinder<br>Josef Gabriel Rheinberger: Kyrie aus der Missa puerorum op. 62 | NGL aus dem neuen &#8220;Gotteslob&#8221;<\/p>\n\n\n\n<p class=\"has-text-align-right\"><em>Kinderchor Heiligkreuz<br>Andreas P\u00fctz, Orgel<\/em><\/p>\n\n\n\n<ul class=\"wp-block-list\">\n<li> St. Maternus<\/li>\n<\/ul>\n\n\n\n<p>Freitag, 28. M\u00e4rz 2014<br>18:30 | HL. MESSE<br>Chorwerke der Ostkirche | anschl. KONZERT<\/p>\n\n\n\n<p class=\"has-text-align-right\"><em>Vokalensemble Vivat St. Petersburg<br>Leitung: Victor Stupnev<\/em><\/p>\n\n\n\n<ul class=\"wp-block-list\">\n<li>Heiligkreuz | St. Maternus | St. Michael<\/li>\n<\/ul>\n\n\n\n<p>Samstag\/Sonntag, 29.\/30. M\u00e4rz 2014 | 4. Fastensonntag (Laetare)<br>Orgelmusik<br>Johann Sebastian Bach: Canzona in d BWV 588<\/p>\n\n\n\n<ul class=\"wp-block-list\">\n<li>Heiligkreuz | St. Maternus | St. Michael<\/li>\n<\/ul>\n\n\n\n<p>Samstag\/Sonntag, 5.\/6. April 2014 | 5. Fastensonntag<br>Orgelmusik<br>Georg Muffat: Toccata tertia<\/p>\n\n\n\n<ul class=\"wp-block-list\">\n<li>Heiligkreuz | St. Maternus | St. Michael<\/li>\n<\/ul>\n\n\n\n<p>Samstag\/Sonntag, 12.\/13. April 2014 | Palmsonntag<br>Orgelmusik<br>Johann Sebastian Bach: Fuga in d BWV 538\/2<\/p>\n\n\n\n<ul class=\"wp-block-list\">\n<li>St. Maternus<\/li>\n<\/ul>\n\n\n\n<p>Donnerstag, 17. April 2014 | Gr\u00fcndonnerstag<br>19:00 | MESSE VOM LETZTEN ABENDMAHL<br>Gregorianische Ges\u00e4nge vom Tag<\/p>\n\n\n\n<p class=\"has-text-align-right\"><em>Choralschola<\/em><\/p>\n\n\n\n<ul class=\"wp-block-list\">\n<li>Heiligkreuz<\/li>\n<\/ul>\n\n\n\n<p>Freitag, 18. April 2014 | Karfreitag<br>15:00 | FEIER VOM LEIDEN UND STERBEN CHRISTI<br>Giovanni Pierluigi da Palestrina: O crux ave | Tom\u00e1s Luis de Victoria: Popule meus<br>Jacobus Gallus: Ecce quomodo moritur | Johann Sebastian Bach: Chor\u00e4le aus der Matth\u00e4us-Passion BWV 244 (Herzliebster Jesu, O Haupt voll Blut und Wunden) | Anton Bruckner: Christus factus est<\/p>\n\n\n\n<p class=\"has-text-align-right\"><em>Chorgemeinschaft<\/em><\/p>\n\n\n\n<ul class=\"wp-block-list\">\n<li>St. Maternus<\/li>\n<\/ul>\n\n\n\n<p>Samstag\/Montag, 19.\/21. April 2014 | Hochfest der Auferstehung des Herrn<br>Orgelmusik<br>Th\u00e9odore Dubois: Toccata<\/p>\n\n\n\n<ul class=\"wp-block-list\">\n<li>St. Michael<\/li>\n<\/ul>\n\n\n\n<p>Ostersonntag, 20. April 2014 | Hochfest der Auferstehung des Herrn<br>11:00 | FESTHOCHAMT<br>Chorwerke von Melchior Vulpius, Gregor Aichinger, Alessandro Scarlatti, L\u00e9o Delibes u. a.<\/p>\n\n\n\n<p class=\"has-text-align-right\"><em>Chorgemeinschaft<\/em><\/p>\n\n\n\n<ul class=\"wp-block-list\">\n<li>Heiligkreuz | St. Maternus | St. Michael<\/li>\n<\/ul>\n\n\n\n<p>Samstag\/Sonntag, 26.\/27. April 2014 | 2. Sonntag der Osterzeit<br>Orgelmusik<br>William Lloyd Webber: Festal March<\/p>\n\n\n\n<ul class=\"wp-block-list\">\n<li>Heiligkreuz<\/li>\n<\/ul>\n\n\n\n<p>Mittwoch, 7. Mai 2014<br>19:30 | CHORKONZERT<br>Kompositionen von Heinrich Sch\u00fctz, Josef Gabriel Rheinberger, Ernani Aguiar, John Leavitt, Keith Hampton, Ola Gjeilo u. a.<\/p>\n\n\n\n<p class=\"has-text-align-right\"><em>Chor der Colorado State University Pueblo, USA<br>Leitung: Dr. Dana Ihm<\/em><\/p>\n\n\n\n<ul class=\"wp-block-list\">\n<li>Heiligkreuz | St. Michael<\/li>\n<\/ul>\n\n\n\n<p>Sonntag, 11. Mai 2014 | 4. Sonntag der Osterzeit<br>Orgelmusik<br>Isfrid Kayser: Ouverture<\/p>\n\n\n\n<ul class=\"wp-block-list\">\n<li>Heiligkreuz | St. Maternus | St. Michael<\/li>\n<\/ul>\n\n\n\n<p>Samstag\/Sonntag, 17.\/18. Mai 2014 | 5. Sonntag der Osterzeit<br>Orgelmusik<br>Alexandre Guilmant: Offertoire &#8220;O Filii et Filiae&#8221; op. 49 Nr. 2<\/p>\n\n\n\n<ul class=\"wp-block-list\">\n<li>Heiligkreuz | St. Maternus | St. Michael<\/li>\n<\/ul>\n\n\n\n<p>Samstag\/Sonntag, 24.\/25. Mai 2014 | 6. Sonntag der Osterzeit<br>Orgelmusik<br>William Faulkes: Alleluya &#8211; Festal Postlude &#8220;Lasst uns erfreuen herzlich sehr&#8221;<\/p>\n\n\n\n<ul class=\"wp-block-list\">\n<li>Heiligkreuz | St. Maternus | St. Michael<\/li>\n<\/ul>\n\n\n\n<p>Mittwoch\/Donnerstag, 28.\/29. Mai 2014 | Christi Himmelfahrt<br>Orgelmusik<br>Hermann Schroeder: Marianische Antiphon &#8220;Regina caeli&#8221;<\/p>\n\n\n\n<ul class=\"wp-block-list\">\n<li>St. Maternus<\/li>\n<\/ul>\n\n\n\n<p>Samstag, 31. Mai 2014<br>10:30 | DANKAMT<\/p>\n\n\n\n<p class=\"has-text-align-right\"><em>Chorgemeinschaft<\/em><\/p>\n\n\n\n<ul class=\"wp-block-list\">\n<li>Heiligkreuz | St. Maternus | St. Michael<\/li>\n<\/ul>\n\n\n\n<p>Samstag\/Sonntag, 31. Mai \/ 1. Juni 2014 | 7. Sonntag der Osterzeit<br>Orgelmusik<br>Johann Sebastian Bach: Fuga in g BWV 578<\/p>\n\n\n\n<ul class=\"wp-block-list\">\n<li>St. Maternus | St. Michael<\/li>\n<\/ul>\n\n\n\n<p>Samstag\/Sonntag, 7.\/8. Juni 2014 | Pfingsten<br>Orgelmusik<br>Nicolas de Grigny: Veni creator spiritus<\/p>\n\n\n\n<ul class=\"wp-block-list\">\n<li>St. Michael<\/li>\n<\/ul>\n\n\n\n<p>Sonntag, 8. Juni 2014 | Pfingsten<br>11:00 | FESTHOCHAMT<br>Gregorianische Ges\u00e4nge<br>Ordinarium I &#8220;Lux et origo&#8221; | Proprium vom Tag<\/p>\n\n\n\n<p class=\"has-text-align-right\"><em>Choralschola<\/em><\/p>\n\n\n\n<ul class=\"wp-block-list\">\n<li>St. Michael<\/li>\n<\/ul>\n\n\n\n<p>Sonntag, 15. Juni 2014 | Dreifaltigkeitssonntag<br>10:00 | FESTHOCHAMT 50 Jahre Pfarrei St. Michael<br>L\u00e9o Delibes: Messe br\u00e8ve f\u00fcr Chor, Blechbl\u00e4ser und Orgel<br>Flor Peeters: Entrata festiva op. 93 | Eug\u00e8ne Gigout: Grand Choeur Dialogu\u00e9<br>Johann Sebastian Bach: Nun danket alle Gott (Bearbeitung aus der Kantate BWV 79)<\/p>\n\n\n\n<p class=\"has-text-align-right\"><em>Chorgemeinschaft<br>Marco Jakobs, Frank Wilhelmi &#8211; Trompete<br>Christoph Neumann, Reimund Berg &#8211; Posaune<br>Martin Schaefer &#8211; Pauken<br>Gilles Leyers (Luxemburg) &#8211; Orgel<br>Leitung: Burkhard P\u00fctz<\/em><\/p>\n\n\n\n<ul class=\"wp-block-list\">\n<li>Mattheiser Weiher | St. Maternus<\/li>\n<\/ul>\n\n\n\n<p>Donnerstag, 19. Juni 2014 | Fronleichnam<br>9:30 | EUCHARISTIEFEIER UND PROZESSION<br>Kompositionen von Ralf Gr\u00f6ssler, Klaus Fischbach, Burkhard P\u00fctz, Thomas Quast, Wilhelm Stockhausen u. a.<\/p>\n\n\n\n<p class=\"has-text-align-right\"><em>Chorgemeinschaft<\/em><\/p>\n\n\n\n<ul class=\"wp-block-list\">\n<li>St. Maternus<\/li>\n<\/ul>\n\n\n\n<p>Samstag, 5. Juli 2014 | 14. Sonntag im Jahreskreis<br>18:00 | VORABENDMESSE<br>Josef Gabriel Rheinberger: Missa puerorum op. 62 (Ausz\u00fcge)<br>Thomas Riegler: Psalm 121 | Lieder und Ges\u00e4nge aus dem neuen &#8220;Gotteslob&#8221;<\/p>\n\n\n\n<p class=\"has-text-align-right\"><em>Kinderchor Heiligkreuz<br>Klauspeter Bungert, Orgel<br>Leitung: Burkhard P\u00fctz<\/em><\/p>\n\n\n\n<ul class=\"wp-block-list\">\n<li>St. Maternus | Heiligkreuz | St. Michael<\/li>\n<\/ul>\n\n\n\n<p>Samstag\/Sonntag, 19.\/20. Juli 2014 | 16. Sonntag im Jahreskreis<br>Orgelmusik<br>Johann Sebastian Bach: Allabreve in D BWV 589<\/p>\n\n\n\n<ul class=\"wp-block-list\">\n<li>St. Maternus | Heiligkreuz | St. Michael<\/li>\n<\/ul>\n\n\n\n<p>Samstag\/Sonntag, 26.\/27. Juli 2014 | 17. Sonntag im Jahreskreis<br>Orgelmusik<br>Charles Villiers Stanford: Postlude op. 105 Nr. 6<\/p>\n\n\n\n<ul class=\"wp-block-list\">\n<li> Heiligkreuz<\/li>\n<\/ul>\n\n\n\n<p>Freitag, 22. August 2014<br>19:30 | CHORKONZERT<br>Chormusik von Heinrich Sch\u00fctz, Bob Chilcott, Johannes Weyrauch, Wolfram Buchenberg u. a.<\/p>\n\n\n\n<p class=\"has-text-align-right\"><em>schola cantorum weimar<br>Leitung: Cordula Fischer<\/em><\/p>\n\n\n\n<ul class=\"wp-block-list\">\n<li>Heiligkreuz<\/li>\n<\/ul>\n\n\n\n<p>Sonntag, 14. September 2014 | Kreuzerh\u00f6hung<br>10:00 | FESTHOCHAMT zum Patrozinium | Einf\u00fchrung von Pfarrer Theo Welsch<br>L\u00e9o Delibes: Messe br\u00e8ve f\u00fcr Chor, Blechbl\u00e4ser und Orgel<br>Burkhard P\u00fctz: Hebt hoch das Kreuz, die Liebe Christi preist<br>Flor Peeters: Entrata festiva op. 93 | Eug\u00e8ne Gigout: Grand Choeur Dialogu\u00e9<\/p>\n\n\n\n<p class=\"has-text-align-right\"><em>Chorgemeinschaft<br>Marco Jakobs, Frank Wilhelmi &#8211; Trompete<br>Christoph Neumann, Reimund Berg &#8211; Posaune<br>Martin Schaefer &#8211; Pauken<br>Gilles Leyers (Luxemburg) &#8211; Orgel<br>Leitung: Dekanatskantor Burkhard P\u00fctz<\/em><\/p>\n\n\n\n<ul class=\"wp-block-list\">\n<li>St. Michael<\/li>\n<\/ul>\n\n\n\n<p>Sonntag, 21. September 2014 | 25. Sonntag im Jahreskreis<br>11:00 | HOCHAMT | Abschluss der Jahrestagung der <a href=\"https:\/\/www.hermann-schroeder.de\/\" data-type=\"link\" data-id=\"https:\/\/www.hermann-schroeder.de\/\" target=\"_blank\" rel=\"noreferrer noopener\">Hermann-Schroeder-Gesellschaft<\/a><br><a href=\"https:\/\/burkhard-puetz.de\/wp-content\/uploads\/2024\/08\/Hochamt-St.-Michael-Trier-21.09.14-Abschluss-der-Jahrestagung-der-Hermann-Schroeder-Gesellschaft-Liedblatt.pdf\" data-type=\"attachment\" data-id=\"1659\" target=\"_blank\" rel=\"noreferrer noopener\">Chor- und Orgelwerke von Hermann Schroeder<\/a>:<br>Missa brevis op. 17 | Rex pacificus op. 19<br>Kleine Pr\u00e4ludien und Intermezzi op. 9 | Finale (aus &#8220;Pezzi piccoli&#8221;) u. a.<\/p>\n\n\n\n<p class=\"has-text-align-right\"><em>Vokalensemble Jubilate Musica Luxemburg<br><a href=\"https:\/\/www.hermann-schroeder.de\/biografie\/whoswho\/alainwirth.html\" data-type=\"link\" data-id=\"https:\/\/www.hermann-schroeder.de\/biografie\/whoswho\/alainwirth.html\" target=\"_blank\" rel=\"noreferrer noopener\">Prof. Alain Wirth<\/a>, Orgel<br>Leitung: Dekanatskantor Burkhard P\u00fctz<\/em><\/p>\n\n\n\n<p class=\"has-text-align-center\"><a href=\"https:\/\/burkhard-puetz.de\/wp-content\/uploads\/2024\/08\/Schroeder_2014_Kirchenmusik-im-Bistum-Trier.pdf\" data-type=\"attachment\" data-id=\"1670\" target=\"_blank\" rel=\"noreferrer noopener\">Rezension von Dr. Rainer Mohrs<\/a><\/p>\n\n\n\n<ul class=\"wp-block-list\">\n<li>St. Michael<\/li>\n<\/ul>\n\n\n\n<p>Samstag, 1. November 2014 | Allerheiligen<br>11:00 | HOCHAMT<br>Gregorianischer Choral | Ordinarium VIII &#8220;De Angelis&#8221; | Proprium vom Tag<\/p>\n\n\n\n<p class=\"has-text-align-right\"><em>Choralschola<\/em><\/p>\n\n\n\n<ul class=\"wp-block-list\">\n<li>St. Maternus<\/li>\n<\/ul>\n\n\n\n<p>Samstag, 15. November 2014<br>17:00 | OFFENES SINGEN<br>Lieder und Ges\u00e4nge aus dem neuen Gesangbuch &#8220;Gotteslob&#8221;<\/p>\n\n\n\n<p class=\"has-text-align-right\"><em>Leitung: Dekanatskantor Burkhard P\u00fctz<\/em><\/p>\n\n\n\n<ul class=\"wp-block-list\">\n<li>St. Maternus<\/li>\n<\/ul>\n\n\n\n<p>Samstag, 22. November 2014 | Gedenktag der hl. C\u00e4cilia<\/p>\n\n\n\n<p>18:00 | VORABENDMESSE | Christk\u00f6nigssonntag<br>Kompositionen von Bernhard Klein, Charles Villiers Stanford, Hermann Schroeder u. a.<\/p>\n\n\n\n<p class=\"has-text-align-right\"><em>Chorgemeinschaft<\/em><\/p>\n\n\n\n<ul class=\"wp-block-list\">\n<li>Soleuvre\/Luxembourg<\/li>\n<\/ul>\n\n\n\n<p>Sonntag, 30. November 2014 | Erster Advent<br>17:00 | O NATA LUX | Konzert zum Advent<br>Werke von Tallis, Ha\u00dfler, Mendelssohn, Rheinberger, Lauridsen, Nystedt u. a.<\/p>\n\n\n\n<p class=\"has-text-align-right\"><em>Ensemble vocal Jubilate Musica Luxembourg<br>Patrick Colombo, Orgel<br>Leitung: Burkhard P\u00fctz<\/em><\/p>\n\n\n\n<ul class=\"wp-block-list\">\n<li>Heiligkreuz<\/li>\n<\/ul>\n\n\n\n<p>Sonntag, 7. Dezember 2014 | Zweiter Advent<br>9:30 | HOCHAMT<br>Josef Gabriel Rheinberger: Missa puerorum op. 62 (Ausz\u00fcge)<br>Adventslieder und -ges\u00e4nge aus dem neuen &#8220;Gotteslob&#8221;<\/p>\n\n\n\n<p class=\"has-text-align-right\"><em>Kinderchor Heiligkreuz<br>Klauspeter Bungert, Orgel<br>Leitung: Burkhard P\u00fctz<\/em><\/p>\n\n\n\n<ul class=\"wp-block-list\">\n<li>Heiligkreuz<\/li>\n<\/ul>\n\n\n\n<p>Sonntag, 7. Dezember 2014 | Zweiter Advent<br>18:00 | MARIENLOB<br>Lieder und Ges\u00e4nge aus dem neuen &#8220;Gotteslob&#8221;<\/p>\n\n\n\n<p class=\"has-text-align-right\"><em>Leitung und Orgel: Burkhard P\u00fctz<\/em><\/p>\n\n\n\n<ul class=\"wp-block-list\">\n<li>Bridel\/Luxembourg<\/li>\n<\/ul>\n\n\n\n<p>Sonntag, 14. Dezember 2014 | Dritter Advent<br>17:00 | O NATA LUX | Konzert zum Advent<br>Werke von Tallis, Ha\u00dfler, Mendelssohn, Rheinberger, Lauridsen, Nystedt u. a.<\/p>\n\n\n\n<p class=\"has-text-align-right\"><em>Ensemble vocal Jubilate Musica Luxembourg<br>Patrick Colombo, Orgel<br>Leitung: Burkhard P\u00fctz<\/em><\/p>\n\n\n\n<ul class=\"wp-block-list\">\n<li>Heiligkreuz<\/li>\n<\/ul>\n\n\n\n<p>Mittwoch, 24. Dezember 2014 | Heiligabend<br>17:30 | Weihnachtliche Orgelmusik von Johann Sebastian Bach und Josef Gabriel Rheinberger<br>18:00 | CHRISTMETTE<br>Kompositionen von Michael Praetorius, Th\u00e9odore Dubois und Karl R\u00fcding<\/p>\n\n\n\n<p class=\"has-text-align-right\"><em>Chorgemeinschaft<\/em><\/p>\n\n\n\n<ul class=\"wp-block-list\">\n<li>Heiligkreuz<\/li>\n<\/ul>\n\n\n\n<p>Donnerstag, 25. Dezember 2014 | Weihnachten<br>9:30 | FESTHOCHAMT<br>Th\u00e9odore Dubois: Messe in F f\u00fcr Chor und Orgel<br>Weihnachtliche Chorwerke von Michael Praetorius, Camille Saint-Sa\u00ebns, David Willcocks, Burkhard P\u00fctz u. a.<br>Orgelmusik &#8211; Johann Sebastian Bach: Toccata in F BWV 540<\/p>\n\n\n\n<p class=\"has-text-align-right\"><em>Chorgemeinschaft<br>Adrian Caspari, Orgel<br>Leitung: Burkhard P\u00fctz<\/em><\/p>\n\n\n\n<ul class=\"wp-block-list\">\n<li>St. Michael<\/li>\n<\/ul>\n\n\n\n<p>Donnerstag, 25. Dezember 2014 | Weihnachten<br>11:00 | FESTHOCHAMT<br>Weihnachtliche Musik f\u00fcr Trompete und Orgel<\/p>\n\n\n\n<p class=\"has-text-align-right\"><em>Mario Berend, Trompete<br>Anastasiya Valek, Orgel<\/em><\/p>\n\n\n\n<ul class=\"wp-block-list\">\n<li>Konstantin-Basilika Trier<\/li>\n<\/ul>\n\n\n\n<p>Sonntag, 28. Dezember 2014<br>15:00 | \u00d6KUMENISCHER ORGELTAG<br>Dekanatskantor Burkhard P\u00fctz spielt:<br>Josef Gabriel Rheinberger (175. Geburtsjahr 2014):<br>Sonate Nr. 14 in C-Dur op. 165<br>I. Pr\u00e4ludium | II. Idylle | III. Toccata<\/p>\n\n\n\n<p class=\"has-text-align-right\"><em>Die konzertierenden Organisten Triers an der neuen Eule-Orgel:<br>Kantor Martin Bambauer (Konstantin-Basilika)<br>Prof. Alfred M\u00fcller-Kranich (St. Matthias)<br>Regionalkantor Volker Krebs (St. Paulin)<br>Dekanatskantor Burkhard P\u00fctz (Heiligkreuz)<br>KMD i.R. Ekkehard Schneck (Konstantin-Basilika)<br>Kantor Axel Simon (St. Peter Ehrang)<br>Domorganist Josef Still (Trierer Dom)<br>Kirchenmusikerin Jutta Thommes (Herz Jesu)<\/em><\/p>\n\n\n\n<p class=\"has-text-align-center\"><a href=\"https:\/\/burkhard-puetz.de\/wp-content\/uploads\/2024\/08\/Orgelfestprogramm-Konstantin-Basilika-2014.pdf\" data-type=\"attachment\" data-id=\"2421\" target=\"_blank\" rel=\"noreferrer noopener\">Gesamtprogramm<\/a><\/p>\n\n\n\n<figure class=\"wp-block-image size-large\"><img loading=\"lazy\" decoding=\"async\" width=\"1024\" height=\"768\" src=\"https:\/\/burkhard-puetz.de\/wp-content\/uploads\/2024\/08\/Organisten-Oekumenischer-Orgeltag-Konstantin-Basilika-Trier-28.12.14-klein-1024x768.jpg\" alt=\"\" class=\"wp-image-1054\" srcset=\"https:\/\/burkhard-puetz.de\/wp-content\/uploads\/2024\/08\/Organisten-Oekumenischer-Orgeltag-Konstantin-Basilika-Trier-28.12.14-klein-1024x768.jpg 1024w, https:\/\/burkhard-puetz.de\/wp-content\/uploads\/2024\/08\/Organisten-Oekumenischer-Orgeltag-Konstantin-Basilika-Trier-28.12.14-klein-300x225.jpg 300w, https:\/\/burkhard-puetz.de\/wp-content\/uploads\/2024\/08\/Organisten-Oekumenischer-Orgeltag-Konstantin-Basilika-Trier-28.12.14-klein-768x576.jpg 768w, https:\/\/burkhard-puetz.de\/wp-content\/uploads\/2024\/08\/Organisten-Oekumenischer-Orgeltag-Konstantin-Basilika-Trier-28.12.14-klein-1536x1152.jpg 1536w, https:\/\/burkhard-puetz.de\/wp-content\/uploads\/2024\/08\/Organisten-Oekumenischer-Orgeltag-Konstantin-Basilika-Trier-28.12.14-klein.jpg 1632w\" sizes=\"auto, (max-width: 1024px) 100vw, 1024px\" \/><\/figure>\n\n\n\n<p><em>Die konzertierenden Organisten Triers vor dem Spieltisch der neuen Eule-Orgel in der Konstantin-Basilika<\/em><br>Der \u00f6kumenische Orgeltag am 28.12.14 in der Konstantin-Basilika Trier, ein historischer Moment: Die konzertierenden Organisten Triers gestalten erstmals ein gemeinsames Konzert \u2013 die letzte Veranstaltung des Festmonats zur Einweihung der neuen Eule-Orgel in der Konstantin-Basilika Trier. V.l.n.r.: KMD i.R. Ekkehard Schneck (Konstantin-Basilika), Regionalkantor Volker Krebs (St. Paulin), Kantor Axel Simon (St. Peter), Dekanatskantor Burkhard P\u00fctz (Heiligkreuz), Domorganist Josef Still (Hohe Domkirche), Kirchenmusikerin Jutta Thommes (Herz Jesu), Kantor Martin Bambauer (Konstantin-Basilika). Auf dem Foto fehlt Prof. Alfred M\u00fcller-Kranich (St. Matthias).<\/p>\n\n\n\n<p><a href=\"#2014\">nach oben<\/a> (Januar 2014)<\/p>\n\n\n\n<hr class=\"wp-block-separator has-alpha-channel-opacity\"\/>\n\n\n\n<h3 class=\"wp-block-heading has-text-align-center\" id=\"2013\">2013<\/h3>\n\n\n\n<ul class=\"wp-block-list\">\n<li>St. Maternus<\/li>\n<\/ul>\n\n\n\n<p>Dienstag, 1. Januar 2013 \u00b7 11.00 Uhr \u00b7 Neujahr<br>Orgelmusik<br>Fran\u00e7ois Couperin: Offertoire sur les grands jeux<\/p>\n\n\n\n<ul class=\"wp-block-list\">\n<li>St. Maternus \u00b7 Heiligkreuz \u00b7 St. Michael<\/li>\n<\/ul>\n\n\n\n<p>Samstag\/Sonntag, 7.\/8. Januar 2013 \u00b7 Erscheinung des Herrn<br>Orgelmusik<br>Johann Sebastian Bach: Praeludium et Fuga in C BWV 547<\/p>\n\n\n\n<ul class=\"wp-block-list\">\n<li>St. Maternus \u00b7 Heiligkreuz \u00b7 St. Michael<\/li>\n<\/ul>\n\n\n\n<p>Samstag\/Sonntag, 12.\/13. Januar 2013 \u00b7 Taufe des Herrn<br>Orgelmusik<br>Johann Sebastian Bach: Christ unser Herr zum Jordan kam BWV 684<\/p>\n\n\n\n<ul class=\"wp-block-list\">\n<li>Heiligkreuz<\/li>\n<\/ul>\n\n\n\n<p>Mittwoch, 16. Januar 2013 \u00b7 10.00 Uhr<br>Er\u00f6ffnungsmesse am Tag des Ewigen Gebetes<br>Gregorianischer Choral \u00b7 Ordinarium VIII \u201eDe Angelis\u201c<\/p>\n\n\n\n<p class=\"has-text-align-right\"><em>Choralschola<\/em><\/p>\n\n\n\n<ul class=\"wp-block-list\">\n<li>Heiligkreuz<\/li>\n<\/ul>\n\n\n\n<p>Mittwoch, 16. Januar 2013 \u00b7 18.30 Uhr \u00b7 Tag des Ewigen Gebetes<br>Abendlob<br>Er\u00f6ffnung des Jubil\u00e4umsjahres \u201e100 Jahre Kirchenchor Heiligkreuz\u201c<br>Verleihung der Palestrina-Medaille<br>Kompositionen von Charles Villiers Stanford, Edward Elgar, George Dyson, Charles Hubert Parry u. a.<\/p>\n\n\n\n<p class=\"has-text-align-right\"><em>Chorgemeinschaft Heiligkreuz<br>Regionalkantor Volker Krebs \u00b7 Orgel<br>Leitung: Dekanatskantor Burkhard P\u00fctz<\/em><\/p>\n\n\n\n<p class=\"has-text-align-center\"><a href=\"https:\/\/burkhard-puetz.de\/?page_id=408\" data-type=\"page\" data-id=\"408\" target=\"_blank\" rel=\"noreferrer noopener\">Fotos<\/a><\/p>\n\n\n\n<ul class=\"wp-block-list\">\n<li>St. Maternus \u00b7 Heiligkreuz \u00b7 St. Michael<\/li>\n<\/ul>\n\n\n\n<p>Samstag\/Sonntag, 19.\/20. Januar 2013 \u00b7 2. Sonntag im Jahreskreis<br>Orgelmusik<br>Dieterich Buxtehude: Wie sch\u00f6n leuchtet der Morgenstern BuxWV 223<\/p>\n\n\n\n<ul class=\"wp-block-list\">\n<li>St. Michael<\/li>\n<\/ul>\n\n\n\n<p>Montag, 21. Januar 2013 \u00b7 18.30 Uhr<br>Abendlob zum Abschluss des Ewigen Gebetes<br>Kompositionen von Orfeo Vecchi, Charles Villiers Stanford, Edward Elgar, Karl-Ludwig Nies u. a.<\/p>\n\n\n\n<p class=\"has-text-align-right\"><em>Chorgemeinschaft<\/em><\/p>\n\n\n\n<ul class=\"wp-block-list\">\n<li>St. Maternus<\/li>\n<\/ul>\n\n\n\n<p>Samstag, 16. Februar 2013 \u00b7 18.00 Uhr<br>Gottesdienst zum Beginn der Firmvorbereitung<\/p>\n\n\n\n<p class=\"has-text-align-right\"><em>Jugendchor<\/em><\/p>\n\n\n\n<ul class=\"wp-block-list\">\n<li>St. Maternus \u00b7 Heiligkreuz \u00b7 St. Michael<\/li>\n<\/ul>\n\n\n\n<p>Samstag\/Sonntag, 16.\/17. Februar 2013 \u00b7 1. Fastensonntag<br>Orgelmusik<br>Johann Sebastian Bach: Fantasia et Fuga in c BWV 537<\/p>\n\n\n\n<ul class=\"wp-block-list\">\n<li>St. Maternus \u00b7 Heiligkreuz \u00b7 St. Michael<\/li>\n<\/ul>\n\n\n\n<p>Samstag\/Sonntag, 23.\/24. Februar 2013 \u00b7 2. Fastensonntag<br>Orgelmusik<br>Gustav Adolf Merkel: \u201eAus tiefer Not schrei ich zu dir\u201c<br>1. Satz aus der Orgelsonate Nr. 6 op. 137<\/p>\n\n\n\n<ul class=\"wp-block-list\">\n<li>St. Maternus<\/li>\n<\/ul>\n\n\n\n<p>Samstag\/Sonntag, 2.\/3. M\u00e4rz 2013 \u00b7 3. Fastensonntag<br>Orgelmusik<br>Johann Sebastian Bach: O Mensch, bewein dein S\u00fcnde gro\u00df BWV 622<\/p>\n\n\n\n<ul class=\"wp-block-list\">\n<li>St. Maternus<\/li>\n<\/ul>\n\n\n\n<p>Sonntag, 3. M\u00e4rz 2013 \u00b7 18.00 Uhr<br>Abendlob zum Abschluss des Ewigen Gebetes<br>Werke von Lodovico Viadana, Edward Elgar, Clement C. Scholefield u. a.<\/p>\n\n\n\n<p class=\"has-text-align-right\"><em>Chorgemeinschaft<\/em><\/p>\n\n\n\n<ul class=\"wp-block-list\">\n<li>St. Michael<\/li>\n<\/ul>\n\n\n\n<p>Sonntag, 10. M\u00e4rz 2013 \u00b7 18.00 Uhr \u00b7 4. Fastensonntag (Laetare)<br>Konzert<br>Franz\u00f6sische Kirchenmusik des 19. und 20. Jahrhunderts<br>Gabriel Faur\u00e9: Cantique de Jean Racine op. 11<br>Maurice Durufl\u00e9: Benedictus (aus der \u201eMissa cum jubilo\u201c) op. 11 \u00b7 Notre P\u00e8re op. 14<br>Jean Langlais: Messe Solennelle<br>Gabriel Faur\u00e9: Requiem op. 48<\/p>\n\n\n\n<p class=\"has-text-align-right\"><em>Diane Juchem \u00b7 Sopran<br>David John Pike \u00b7 Bariton<br>Ensemble Vocal Jubilate Musica Luxembourg<br>Prof. Alfred M\u00fcller-Kranich \u00b7 Orgel<br>Leitung: Dekanatskantor Burkhard P\u00fctz<\/em><\/p>\n\n\n\n<ul class=\"wp-block-list\">\n<li>St. Maternus \u00b7 Heiligkreuz \u00b7 St. Michael<\/li>\n<\/ul>\n\n\n\n<p>Samstag\/Sonntag, 16.\/17. M\u00e4rz 2013 \u00b7 5. Fastensonntag<br>Orgelmusik<br>Georg Muffat: Toccata tertia<\/p>\n\n\n\n<ul class=\"wp-block-list\">\n<li>St. Maternus \u00b7 Heiligkreuz \u00b7 St. Michael<\/li>\n<\/ul>\n\n\n\n<p>Samstag\/Sonntag, 23.\/24. M\u00e4rz 2013 \u00b7 Palmsonntag<br>Orgelmusik<br>Johann Sebastian Bach: Praeludium et Fuga in h BWV 544<\/p>\n\n\n\n<ul class=\"wp-block-list\">\n<li>St. Maternus<\/li>\n<\/ul>\n\n\n\n<p>Donnerstag, 28. M\u00e4rz 2013 \u00b7 18.00 Uhr \u00b7 Gr\u00fcndonnerstag<br>Messe vom Letzten Abendmahl<br>Gregorianische Ges\u00e4nge vom Tag<\/p>\n\n\n\n<p class=\"has-text-align-right\"><em>Choralschola<\/em><\/p>\n\n\n\n<ul class=\"wp-block-list\">\n<li>Heiligkreuz<\/li>\n<\/ul>\n\n\n\n<p>Freitag, 29. M\u00e4rz 2013 \u00b7 15.00 Uhr \u00b7 Karfreitag<br>Feier vom Leiden und Sterben Christi<br>Giovanni Pierluigi da Palestrina: O crux ave \u00b7 Tom\u00e1s Luis de Victoria: Popule meus \u00b7 Felice Anerio: Christus factus est \u00b7 Johann Sebastian Bach: Chor\u00e4le aus der Matth\u00e4us-Passion BWV 244 (Herzliebster Jesu, O Haupt voll Blut und Wunden, O Traurigkeit) \u00b7 Quirino Gasparini: Adoramus te, Christe<\/p>\n\n\n\n<p class=\"has-text-align-right\"><em>Chorgemeinschaft<\/em><\/p>\n\n\n\n<ul class=\"wp-block-list\">\n<li>St. Maternus \u00b7 Heiligkreuz<\/li>\n<\/ul>\n\n\n\n<p>Samstag\/Sonntag, 30.\/31. M\u00e4rz 2013 \u00b7 Ostern<br>Orgelmusik<br>Carl Sattler: Pr\u00e4ludium und Doppelfuge \u201eDas Grab ist leer\u201c op. 28a<\/p>\n\n\n\n<ul class=\"wp-block-list\">\n<li>St. Michael<\/li>\n<\/ul>\n\n\n\n<p>Montag, 1. April 2013 \u00b7 11.00 Uhr \u00b7 Ostermontag<br>Hochamt<br>\u00d6sterliche Chorwerke von Giovanni Pierluigi da Palestrina, Melchior Vulpius, Gregor Aichinger, Alessandro Scarlatti u. a.<\/p>\n\n\n\n<p class=\"has-text-align-right\"><em>Chorgemeinschaft<\/em><\/p>\n\n\n\n<ul class=\"wp-block-list\">\n<li>St. Maternus \u00b7 Heiligkreuz \u00b7 St. Michael<\/li>\n<\/ul>\n\n\n\n<p>Samstag\/Sonntag, 6.\/7. April 2013 \u00b7 2. Sonntag der Osterzeit<br>Orgelmusik<br>Felix Mendelssohn Bartholdy: \u201eWar March of the Priests\u201c aus Athalia op. 74<\/p>\n\n\n\n<ul class=\"wp-block-list\">\n<li>St. Maternus \u00b7 Heiligkreuz \u00b7 St. Michael<\/li>\n<\/ul>\n\n\n\n<p>Samstag\/Sonntag, 20.\/21. April 2013 \u00b7 4. Sonntag der Osterzeit<br>Orgelmusik<br>Dan Miller: Festival Alleluia<\/p>\n\n\n\n<ul class=\"wp-block-list\">\n<li>St. Maternus \u00b7 Heiligkreuz \u00b7 St. Michael<\/li>\n<\/ul>\n\n\n\n<p>Samstag\/Sonntag, 4.\/5. Mai 2013 \u00b7 6. Sonntag der Osterzeit<br>Orgelmusik<br>Johann Sebastian Bach: Toccata et Fuga in d BWV 538<\/p>\n\n\n\n<ul class=\"wp-block-list\">\n<li>St. Maternus \u00b7 Heiligkreuz \u00b7 St. Michael<\/li>\n<\/ul>\n\n\n\n<p>Mittwoch\/Donnerstag, 8.\/9. Mai 2013 \u00b7 Christi Himmelfahrt<br>Orgelmusik<br>Fran\u00e7ois Couperin: Offertoire sur les grands jeux<\/p>\n\n\n\n<ul class=\"wp-block-list\">\n<li>Heiligkreuz<\/li>\n<\/ul>\n\n\n\n<p>Samstag, 11. Mai 2013 \u00b7 15.00 Uhr<br>Trauungsmesse<br>Werke von Jacques Berthier, Burkhard P\u00fctz, Klaus-Ewald Fischbach, Franz Leinh\u00e4user u. a.<\/p>\n\n\n\n<p class=\"has-text-align-right\"><em>Chorgemeinschaft<\/em><\/p>\n\n\n\n<ul class=\"wp-block-list\">\n<li>St. Maternus \u00b7 Heiligkreuz<\/li>\n<\/ul>\n\n\n\n<p>Samstag\/Sonntag, 18.\/19. Mai 2013 \u00b7 Pfingsten<br>Orgelmusik<br>Johann Sebastian Bach: Komm, Gott, Sch\u00f6pfer, Heiliger Geist BWV 667<\/p>\n\n\n\n<ul class=\"wp-block-list\">\n<li>Heiligkreuz<\/li>\n<\/ul>\n\n\n\n<p>Sonntag, 19. Mai 2013 \u00b7 9.30 Uhr \u00b7 Pfingsten<br>Festhochamt<br>\u201eVeni Sancte Spiritus\u201c \u00b7 Gregorianischer Choral<br>Ordinarium I \u201eLux et origo\u201c \u00b7 Proprium vom Tag<\/p>\n\n\n\n<p class=\"has-text-align-right\"><em>Choralschola<\/em><\/p>\n\n\n\n<ul class=\"wp-block-list\">\n<li>St. Matthias<\/li>\n<\/ul>\n\n\n\n<p>Donnerstag, 23. Mai 2013 \u00b7 19.30 Uhr \u00b7 Dekanatswallfahrt zum Apostelgrab<br>Pilgeramt<br>Ordinarium I \u201eLux et origo\u201c \u00b7 Alleluia \u00b7 Communio<\/p>\n\n\n\n<p class=\"has-text-align-right\"><em>Choralschola Heiligkreuz<\/em><\/p>\n\n\n\n<ul class=\"wp-block-list\">\n<li>St. Maternus \u00b7 Heiligkreuz \u00b7 St. Michael<\/li>\n<\/ul>\n\n\n\n<p>Samstag\/Sonntag, 25.\/26. Mai 2013 \u00b7 Dreifaltigkeitssonntag<br>Orgelmusik<br>Percy Whitlock: Toccata<\/p>\n\n\n\n<ul class=\"wp-block-list\">\n<li>St. Michael<\/li>\n<\/ul>\n\n\n\n<p>Donnerstag, 30. Mai 2013 \u00b7 9.00 Uhr \u00b7 Fronleichnam<br>Eucharistiefeier und Prozession<br>Richard Shephard: Woodard-Messe \u00b7 Werke von Josef Friedrich Doppelbauer, Karl-Ludwig Nies und Wilhelm Stockhausen<\/p>\n\n\n\n<p class=\"has-text-align-right\"><em>Chorgemeinschaft<\/em><\/p>\n\n\n\n<ul class=\"wp-block-list\">\n<li>Konstantin-Basilika Trier<\/li>\n<\/ul>\n\n\n\n<p>Sonntag, 9. Juni 2013 \u00b7 11.30 Uhr<br>Orgelmatinee<br>Charles Villiers Stanford: Prelude op. 105 Nr. 6<br>Ralph Vaughan Williams: Rhosymedre<br>Percy Whitlock: Plymouth Suite<br>I. Allegro risoluto \u00b7 II. Lantana \u00b7 III. Chanty \u00b7 IV. Salix \u00b7 V. Toccata<br>Edward Elgar: Pomp and Circumstance op. 39 Nr. 4 (Arr. f\u00fcr Orgel: George Robert Sinclair)<\/p>\n\n\n\n<p class=\"has-text-align-right\"><em>Dekanatskantor Burkhard P\u00fctz \u00b7 Orgel<\/em><\/p>\n\n\n\n<ul class=\"wp-block-list\">\n<li>St. Maternus \u00b7 Heiligkreuz<\/li>\n<\/ul>\n\n\n\n<p>Samstag\/Sonntag, 22.\/23. Juni 2013 \u00b7 12. Sonntag im Jahreskreis<br>Orgelmusik<br>Johann Sebastian Bach: Praeludium et Fuga in C BWV 545<\/p>\n\n\n\n<ul class=\"wp-block-list\">\n<li>St. Maternus \u00b7 Heiligkreuz \u00b7 St. Michael<\/li>\n<\/ul>\n\n\n\n<p>Samstag\/Sonntag, 29.\/30. Juni 2013 \u00b7 13. Sonntag im Jahreskreis<br>Orgelmusik<br>C\u00e9sar Franck: Sortie en fa majeur FWV 41<\/p>\n\n\n\n<ul class=\"wp-block-list\">\n<li>St. Maternus \u00b7 Heiligkreuz \u00b7 St. Michael<\/li>\n<\/ul>\n\n\n\n<p>Samstag\/Sonntag, 6.\/7. Juli 2013 \u00b7 14. Sonntag im Jahreskreis<br>Orgelmusik<br>Nicolaus Bruhns: Praeludium in e<\/p>\n\n\n\n<ul class=\"wp-block-list\">\n<li>St. Maternus \u00b7 Heiligkreuz<\/li>\n<\/ul>\n\n\n\n<p>Samstag\/Sonntag, 13.\/14. Juli 2013 \u00b7 15. Sonntag im Jahreskreis<br>Orgelmusik<br>Karl Hoyer: Meditation op. 39 Nr. 2<\/p>\n\n\n\n<ul class=\"wp-block-list\">\n<li>Heiligkreuz<\/li>\n<\/ul>\n\n\n\n<p>Sonntag, 14. Juli 2013 \u00b7 10.45 Uhr \u00b7 15. Sonntag im Jahreskreis<br>Eucharistiefeier \u00b7 Ritterorden vom Heiligen Grab zu Jerusalem<br>Kompositionen f\u00fcr Fl\u00f6te und Orgel von Georg Friedrich H\u00e4ndel, Gabriel Faur\u00e9 und Claude Debussy<\/p>\n\n\n\n<p class=\"has-text-align-right\"><em>Sylwia Timotijevic \u00b7 Querfl\u00f6te<br>Burkhard P\u00fctz \u00b7 Orgel<\/em><\/p>\n\n\n\n<ul class=\"wp-block-list\">\n<li>St. Maternus \u00b7 Heiligkreuz \u00b7 St. Michael<\/li>\n<\/ul>\n\n\n\n<p>Samstag\/Sonntag, 20.\/21. Juli 2013 \u00b7 16. Sonntag im Jahreskreis<br>Orgelmusik<br>Charles Villiers Stanford: Postlude op. 105 Nr. 6<\/p>\n\n\n\n<ul class=\"wp-block-list\">\n<li>St. Maternus \u00b7 Heiligkreuz \u00b7 St. Michael<\/li>\n<\/ul>\n\n\n\n<p>Samstag\/Sonntag, 24.\/25. August 2013 \u00b7 21. Sonntag im Jahreskreis<br>Orgelmusik<br>Johann Sebastian Bach: Praeludium et Fuga in D BWV 532<\/p>\n\n\n\n<ul class=\"wp-block-list\">\n<li>Heiligkreuz \u00b7 St. Michael<\/li>\n<\/ul>\n\n\n\n<p>Sonntag, 1. September 2013 \u00b7 22. Sonntag im Jahreskreis<br>Orgelmusik<br>William Mathias: Postlude<\/p>\n\n\n\n<ul class=\"wp-block-list\">\n<li>St. Maternus \u00b7 Heiligkreuz \u00b7 St. Michael<\/li>\n<\/ul>\n\n\n\n<p>Samstag\/Sonntag, 7.\/8. September 2013 \u00b7 23. Sonntag im Jahreskreis<br>Orgelmusik<br>Dieterich Buxtehude: Praeludium in D BuxWV 139<\/p>\n\n\n\n<ul class=\"wp-block-list\">\n<li>Heiligkreuz<\/li>\n<\/ul>\n\n\n\n<p>Sonntag, 15. September 2013 \u00b7 18.00 Uhr<br>Abendlob \u00b7 Dekanatssingen Trierer Kirchench\u00f6re<br>Kompositionen f\u00fcr Chor und Orgel von William Henry Monk, Clement Cotterill Scholefield, Charles Hubert Parry, Charles Villiers Stanford, Alan Wilson, John Barnard u. a.<\/p>\n\n\n\n<p class=\"has-text-align-right\"><em>Trierer Kirchench\u00f6re<br>Axel Simon \u00b7 Orgel<br>Leitung: Dekanatskantor Burkhard P\u00fctz<\/em><\/p>\n\n\n\n<ul class=\"wp-block-list\">\n<li>St. Michael<\/li>\n<\/ul>\n\n\n\n<p>Sonntag, 22. September 2013 \u00b7 11.00 Uhr \u00b7 25. Sonntag im Jahreskreis<br>Hochamt \u00b7 Verabschiedung Pfarrer Georg Goeres<br>Richard Shephard: Woodard-Messe<br>Chorwerke von Charles Villiers Stanford, Klaus Fischbach und Franz Leinh\u00e4user<\/p>\n\n\n\n<p class=\"has-text-align-right\"><em>Chorgemeinschaft und Jugendchor Heiligkreuz<br>Leitung: Dekanatskantor Burkhard P\u00fctz<\/em><\/p>\n\n\n\n<ul class=\"wp-block-list\">\n<li>St. Maternus \u00b7 Heiligkreuz \u00b7 St. Michael<\/li>\n<\/ul>\n\n\n\n<p>Samstag\/Sonntag, 5.\/6. Oktober 2013 \u00b7 27. Sonntag im Jahreskreis<br>Orgelmusik<br>Johann Sebastian Bach: Nun danket alle Gott BWV 79 (Bearbeitung f\u00fcr Orgel: Virgil Fox)<\/p>\n\n\n\n<ul class=\"wp-block-list\">\n<li>St. Maternus \u00b7 Heiligkreuz \u00b7 St. Michael<\/li>\n<\/ul>\n\n\n\n<p>Samstag\/Sonntag, 12.\/13. Oktober 2013 \u00b7 28. Sonntag im Jahreskreis<br>Orgelmusik<br>Louis Vierne: Trois Improvisations<\/p>\n\n\n\n<ul class=\"wp-block-list\">\n<li>St. Maternus \u00b7 Heiligkreuz \u00b7 St. Michael<\/li>\n<\/ul>\n\n\n\n<p>Samstag\/Sonntag, 19.\/20. Oktober 2013 \u00b7 29. Sonntag im Jahreskreis<br>Orgelmusik<br>Felix Mendelssohn Bartholdy: Allegro moderato e serioso aus der Sonate f-Moll op. 65,1<\/p>\n\n\n\n<ul class=\"wp-block-list\">\n<li>St. Maternus \u00b7 Heiligkreuz \u00b7 St. Michael<\/li>\n<\/ul>\n\n\n\n<p>Samstag\/Sonntag, 26.\/27. Oktober 2013 \u00b7 30. Sonntag im Jahreskreis<br>Orgelmusik<br>Marcel Dupr\u00e9: Entr\u00e9e, Canzona et Sortie op. 62<\/p>\n\n\n\n<ul class=\"wp-block-list\">\n<li>St. Michael<\/li>\n<\/ul>\n\n\n\n<p>Freitag, 1. November 2013 \u00b7 11.00 Uhr \u00b7 Allerheiligen<br>Hochamt<br>Ordinarium VIII De Angelis \u00b7 Proprium vom Tag<\/p>\n\n\n\n<p class=\"has-text-align-right\"><em>Choralschola<\/em><\/p>\n\n\n\n<ul class=\"wp-block-list\">\n<li>St. Maternus \u00b7 Heiligkreuz \u00b7 St. Michael<\/li>\n<\/ul>\n\n\n\n<p>Samstag\/Sonntag, 2.\/3. November 2013 \u00b7 31. Sonntag im Jahreskreis<br>Orgelmusik<br>Felix Mendelssohn Bartholdy: Praeludium und Fuge c-moll op. 37<\/p>\n\n\n\n<ul class=\"wp-block-list\">\n<li>St. Maternus \u00b7 Heiligkreuz \u00b7 St. Michael<\/li>\n<\/ul>\n\n\n\n<p>Sonntag, 10. November 2013 \u00b7 32. Sonntag im Jahreskreis<br>Orgelmusik<br>Johann Sebastian Bach: Praeludium et Fuga in e BWV 533<\/p>\n\n\n\n<ul class=\"wp-block-list\">\n<li>Heiligkreuz<\/li>\n<\/ul>\n\n\n\n<p>Sonntag, 17. November 2013 \u00b7 18.00 Uhr<br>100 Jahre Lobgesang &#8211;<br><a href=\"https:\/\/burkhard-puetz.de\/?page_id=131\" data-type=\"page\" data-id=\"131\" target=\"_blank\" rel=\"noreferrer noopener\">Festkonzert<\/a> 100 Jahre Kirchenchor Heiligkreuz<br>Josef Gabriel Rheinberger: Orgelkonzert Nr. 2 g-moll op. 177<br>Wolfgang Amadeus Mozart: Te Deum KV 141<br>Felix Mendelssohn Bartholdy: Lobgesang \u00b7 Sinfonie-Kantate op. 52<\/p>\n\n\n\n<p class=\"has-text-align-right\"><em>Antonia Bourv\u00e9 \u00b7 Sopran<br>Antonia Lutz \u00b7 Mezzosopran<br>Michael Siemon \u00b7 Tenor<br>Domorganist Josef Still \u00b7 Orgel<br>Chorgemeinschaft und Projektchor Heiligkreuz Trier<br>Vokalensemble Jubilate Musica Luxemburg<br>Sch\u00f6neck-Ensemble Koblenz in sinfonischer Besetzung<br>Leitung: Dekanatskantor Burkhard P\u00fctz<\/em><\/p>\n\n\n\n<p><a href=\"https:\/\/burkhard-puetz.de\/wp-content\/uploads\/2024\/08\/Programmheft-Konzert-17.11.13.pdf\" data-type=\"attachment\" data-id=\"2412\" target=\"_blank\" rel=\"noreferrer noopener\">Programmheft<\/a><\/p>\n\n\n\n<ul class=\"wp-block-list\">\n<li>St. Maternus \u00b7 Heiligkreuz \u00b7 St. Michael<\/li>\n<\/ul>\n\n\n\n<p>Samstag\/Sonntag, 30. November \/ 1. Dezember 2013 \u00b7 Erster Adventssonntag<br>Orgelmusik<br>Gustav Adolf Merkel: Wachet auf, ruft uns die Stimme op. 100<\/p>\n\n\n\n<ul class=\"wp-block-list\">\n<li>St. Maternus \u00b7 Heiligkreuz \u00b7 St. Michael<\/li>\n<\/ul>\n\n\n\n<p>Samstag\/Sonntag, 7.\/8. Dezember 2013 \u00b7 Zweiter Adventssonntag<br>Orgelmusik<br>Johann Sebastian Bach: Nun komm, der Heiden Heiland BWV 659<\/p>\n\n\n\n<ul class=\"wp-block-list\">\n<li>St. Maternus \u00b7 St. Michael<\/li>\n<\/ul>\n\n\n\n<p>Samstag\/Sonntag, 14.\/15. Dezember 2013 \u00b7 Dritter Adventssonntag (Gaudete)<br>Orgelmusik<br>F\u00e9lix Alexandre Guilmant: Paraphrase sur un Choeur de Judas Macchab\u00e9e de G. F. H\u00e4ndel op. 90, 16<\/p>\n\n\n\n<ul class=\"wp-block-list\">\n<li>Heiligkreuz<\/li>\n<\/ul>\n\n\n\n<p>Sonntag, 15. Dezember 2013 \u00b7 9.30 Uhr \u00b7 Dritter Adventssonntag (Gaudete)<br>Hochamt<br>Charles Gounod: Messe br\u00e8ve no. 5 aux s\u00e9minaires<br>Chors\u00e4tze zum Advent von Georg Friedrich H\u00e4ndel<\/p>\n\n\n\n<p class=\"has-text-align-right\"><em>M\u00e4nnerkammerchor &#8217;78 Trier<br>Klauspeter Bungert \u00b7 Orgel<br>Leitung: Burkhard P\u00fctz<\/em><\/p>\n\n\n\n<ul class=\"wp-block-list\">\n<li>St. Maternus \u00b7 Heiligkreuz \u00b7 St. Michael<\/li>\n<\/ul>\n\n\n\n<p>Samstag\/Sonntag, 21.\/22. Dezember 2013 \u00b7 Vierter Adventssonntag<br>Orgelmusik<br>Johann Sebastian Bach: Fuge \u00fcber das Magnificat BWV 733<\/p>\n\n\n\n<ul class=\"wp-block-list\">\n<li>Heiligkreuz<\/li>\n<\/ul>\n\n\n\n<p>Dienstag, 24. Dezember 2013 \u00b7 17.30 Uhr<br>Weihnachtliche Orgelmusik<br>Max Reger: Weihnachten op. 145 Nr. 3<br>Johann Sebastian Bach: In dulci jubilo BWV 729 \u00b7 Pastorella BWV 590<\/p>\n\n\n\n<ul class=\"wp-block-list\">\n<li>Heiligkreuz<\/li>\n<\/ul>\n\n\n\n<p>Dienstag, 24. Dezember 2013 \u00b7 18.00 Uhr \u00b7 Heiligabend<br>Christmette<\/p>\n\n\n\n<p class=\"has-text-align-right\"><em>Chorgemeinschaft<\/em><\/p>\n\n\n\n<ul class=\"wp-block-list\">\n<li>St. Michael<\/li>\n<\/ul>\n\n\n\n<p>Mittwoch, 25. Dezember 2013 \u00b7 11.00 Uhr \u00b7 Weihnachten<br>Festhochamt<br>Valentin Rathgeber: Missa F-Dur \u201eDeclina a malo\u201c op. 1\/1 \u00b7 Weihnachtsoffertorium \u201eVerbum caro factum est\u201c op. 20\/2<br>Weihnachtliche Chors\u00e4tze von Michael Praetorius, Burkhard P\u00fctz und David Willcocks<\/p>\n\n\n\n<p class=\"has-text-align-right\"><em>Chorgemeinschaft Heiligkreuz<br>Robert Kl\u00f6ckner \u00b7 Orgel<br>Leitung: Burkhard P\u00fctz<\/em><\/p>\n\n\n\n<ul class=\"wp-block-list\">\n<li>St. Michael<\/li>\n<\/ul>\n\n\n\n<p>Sonntag, 29. Dezember 2013 \u00b7 17.00 Uhr<br>Orgelkonzert \u00b7 \u201eOrgelfeuerwerk zum Jahresende\u201c<\/p>\n\n\n\n<p class=\"has-text-align-right\"><em>Detlef Steffenhagen \u00b7 Orgel<\/em><\/p>\n\n\n\n<p><a href=\"#2013\">nach oben<\/a> (Januar 2013)<\/p>\n\n\n\n<hr class=\"wp-block-separator has-alpha-channel-opacity\"\/>\n\n\n\n<h3 class=\"wp-block-heading has-text-align-center\" id=\"2012\">2012<\/h3>\n\n\n\n<ul class=\"wp-block-list\">\n<li>Heiligkreuz<\/li>\n<\/ul>\n\n\n\n<p>Montag, 16. Januar 2012 \u00b7 10.00 Uhr<br>Er\u00f6ffnungsmesse am Tag des Ewigen Gebetes<br>Gregorianischer Choral<br>Ordinarium VIII \u201eDe Angelis\u201c \u00b7 Introitus \u201eCibavit eos\u201c<\/p>\n\n\n\n<p class=\"has-text-align-right\"><em>Choralschola<\/em><\/p>\n\n\n\n<ul class=\"wp-block-list\">\n<li>Heiligkreuz<\/li>\n<\/ul>\n\n\n\n<p>Montag, 16. Januar 2012 \u00b7 18.30 Uhr<br>Hl, Messe zum Abschluss des Ewigen Gebetes<br>Georg Friedrich H\u00e4ndel: Chors\u00e4tze aus \u201eMessias\u201c HWV 56<br>Ehre sei Gott \u00b7 O du, die Botin der Freude f\u00fcr Zion \u00b7 Und er wird reinigen<br>Denn es ist uns ein Kind geboren \u00b7 Denn die Herrlichkeit Gottes des Herrn<\/p>\n\n\n\n<p class=\"has-text-align-right\"><em>Chorgemeinschaft<br>Klauspeter Bungert \u00b7 Orgel<\/em><\/p>\n\n\n\n<ul class=\"wp-block-list\">\n<li>St. Michael<\/li>\n<\/ul>\n\n\n\n<p>Samstag, 21. Januar 2012 \u00b7 18.00 Uhr<br>Abendlob zum Abschluss des Ewigen Gebetes<br>Kompositionen von Orfeo Vecchi, Lodovico Viadana, John Ireland, Karl-Ludwig Nies u. a.<\/p>\n\n\n\n<p class=\"has-text-align-right\"><em>Chorgemeinschaft<\/em><\/p>\n\n\n\n<ul class=\"wp-block-list\">\n<li>St. Maternus \u00b7 Heiligkreuz \u00b7 St. Michael<\/li>\n<\/ul>\n\n\n\n<p>Samstag\/Sonntag, 28.\/29. Januar 2012 \u00b7 4. Sonntag im Jahreskreis<br>Orgelmusik<br>Johann Sebastian Bach: Dorische Toccata und Fuge BWV 538<\/p>\n\n\n\n<ul class=\"wp-block-list\">\n<li>St. Maternus<\/li>\n<\/ul>\n\n\n\n<p>Samstag, 25. Februar 2012 \u00b7 18.00 Uhr<br>Gottesdienst zum Beginn der Firmvorbereitung<\/p>\n\n\n\n<p class=\"has-text-align-right\"><em>Jugendchor<\/em><\/p>\n\n\n\n<ul class=\"wp-block-list\">\n<li>St. Maternus \u00b7 Heiligkreuz \u00b7 St. Michael<\/li>\n<\/ul>\n\n\n\n<p>Samstag\/Sonntag, 25.\/26. Februar 2012 \u00b7 1. Fastensonntag<br>Orgelmusik<br>Johann Sebastian Bach: Fantasia et Fuga in c BWV 537<\/p>\n\n\n\n<ul class=\"wp-block-list\">\n<li>St. Maternus \u00b7 Heiligkreuz \u00b7 St. Michael<\/li>\n<\/ul>\n\n\n\n<p>Samstag\/Sonntag, 3.\/4. M\u00e4rz 2012 \u00b7 2. Fastensonntag<br>Orgelmusik<br>Gustav Adolf Merkel: \u201eAus tiefer Not schrei ich zu dir\u201c<br>1. Satz aus der Orgelsonate Nr. 6 op. 137<\/p>\n\n\n\n<ul class=\"wp-block-list\">\n<li>St. Maternus<\/li>\n<\/ul>\n\n\n\n<p>Sonntag, 11. M\u00e4rz 2012 \u00b7 18.00 Uhr<br>Abendlob zum Abschluss des Ewigen Gebetes<br>Anonymus: Falsibordoni \u00b7 Lodovico Viadana: Falsibordoni \u00b7 John Ireland: Freu dich, du Christenheit \u00b7 Charles Hubert H. Parry: Wir wichen aus, dein Wort h\u00e4lt stand<br>Chors\u00e4tze von Clement Cotterill Scholefield, Burkhard P\u00fctz, Matthias Kreuels und Karl-Ludwig Nies<\/p>\n\n\n\n<p class=\"has-text-align-right\"><em>Chorgemeinschaft<\/em><\/p>\n\n\n\n<ul class=\"wp-block-list\">\n<li>St. Maternus \u00b7 Heiligkreuz \u00b7 St. Michael<\/li>\n<\/ul>\n\n\n\n<p>Samstag\/Sonntag, 17.\/18. M\u00e4rz 2012 \u00b7 4. Fastensonntag<br>Orgelmusik<br>Johann Sebastian Bach: An Wasserfl\u00fcssen Babylon BWV 653<\/p>\n\n\n\n<ul class=\"wp-block-list\">\n<li>St. Maternus<\/li>\n<\/ul>\n\n\n\n<p>Donnerstag, 5. April 2012 \u00b7 18.00 Uhr \u00b7 Gr\u00fcndonnerstag<br>Messe vom Letzten Abendmahl<br>Gregorianische Ges\u00e4nge vom Tag<\/p>\n\n\n\n<p class=\"has-text-align-right\"><em>Choralschola<\/em><\/p>\n\n\n\n<ul class=\"wp-block-list\">\n<li>Heiligkreuz<\/li>\n<\/ul>\n\n\n\n<p>Freitag, 6. April 2012 \u00b7 15.00 Uhr \u00b7 Karfreitag<br>Feier vom Leiden und Sterben Christi<br>Chorwerke von Anton Bruckner, Tom\u00e1s Luis de Victoria, Quirino Gasparini, Giovanni Pierluigi da Palestrina und Johann Sebastian Bach<\/p>\n\n\n\n<p class=\"has-text-align-right\"><em>Chorgemeinschaft<\/em><\/p>\n\n\n\n<ul class=\"wp-block-list\">\n<li>St. Michael \u00b7 Heiligkreuz<\/li>\n<\/ul>\n\n\n\n<p>Samstag\/Sonntag, 7.\/8. April 2012 \u00b7 Ostern<br>Orgelmusik<br>Vinzenz Goller: Praeludium und Fuge \u00fcber das \u00f6sterliche Alleluja<\/p>\n\n\n\n<ul class=\"wp-block-list\">\n<li>St. Michael<\/li>\n<\/ul>\n\n\n\n<p>Montag, 9. April 2012 \u00b7 11.00 Uhr \u00b7 Ostermontag<br>Hochamt<br>Georg Friedrich H\u00e4ndel: Chors\u00e4tze aus \u201eMessias\u201c HWV 56<br>Kam durch einen der Tod \u00b7 Ihr Schall ging hinaus \u00b7 Ehre sei Gott \u00b7 Halleluja<br>Doch Dank sei unserm Gott \u00b7 W\u00fcrdig ist das Lamm \u00b7 Amen<\/p>\n\n\n\n<p class=\"has-text-align-right\"><em>Chorgemeinschaft<br>Klauspeter Bungert \u00b7 Orgel<\/em><\/p>\n\n\n\n<ul class=\"wp-block-list\">\n<li>Jesuitenkirche Trier<\/li>\n<\/ul>\n\n\n\n<p>Donnerstag, 3. Mai 2012 \u00b7 12.30 Uhr<br>Orgelkonzert<br>Werke von F\u00e9lix Alexandre Guilmant, Josef Gabriel Rheinberger, William Faulkes, Ralph Vaughan Williams, Hermann Schroeder, Nicholas Choveaux und Dan Miller<\/p>\n\n\n\n<p class=\"has-text-align-right\"><em>Burkhard P\u00fctz \u00b7 Orgel<\/em><\/p>\n\n\n\n<p class=\"has-text-align-center\"><a href=\"https:\/\/burkhard-puetz.de\/wp-content\/uploads\/2024\/08\/Orgelkonzert-3.5.12-Jesuitenkirche-Trier.pdf\" data-type=\"attachment\" data-id=\"2418\" target=\"_blank\" rel=\"noreferrer noopener\">Programm<\/a><\/p>\n\n\n\n<ul class=\"wp-block-list\">\n<li>Arena Trier<\/li>\n<\/ul>\n\n\n\n<p>Samstag, 5. Mai 2012 \u00b7 20.00 Uhr<br>Festkonzert zur Heilig-Rock-Wallfahrt<br>Gustav Mahler: Sinfonie Nr. 2 c-moll \u00b7 \u201eAuferstehungssinfonie\u201c<\/p>\n\n\n\n<p class=\"has-text-align-right\"><em>Sibylla Rubens \u00b7 Sopran<br>Lioba Braun \u00b7 Mezzosopran<br>Triers konzertierende Ch\u00f6re:<br>Basilikachor und Vokalensemble St. Paulin \u00b7 Caspar-Olevian-Chor<br>Ch\u00f6re der Dommusik: M\u00e4dchenchor am Trier Dom, Trierer Domsingknaben, Trierer Domchor, Vokalensemble Dom zu Trier<br>Friedrich-Spee-Chor \u00b7 Singflut<br>Projektchor Heiligkreuz<br>Trierer Bachchor \u00b7 Trierer KonzertChor<br>Einstudierung: Robert Sund<br>Deutsche Radio Philharmonie<br>Leitung: Fabrice Bollon<\/em><\/p>\n\n\n\n<ul class=\"wp-block-list\">\n<li>St. Maternus \u00b7 Heiligkreuz \u00b7 St. Michael<\/li>\n<\/ul>\n\n\n\n<p>Mittwoch\/Donnerstag, 16.\/17. Mai \u00b7 Christi Himmelfahrt<br>Orgelmusik<br>Norman Cocker: Tuba Tune<\/p>\n\n\n\n<ul class=\"wp-block-list\">\n<li>Heiligkreuz<\/li>\n<\/ul>\n\n\n\n<p>Sonntag, 27. Mai 2012 \u00b7 9.30 Uhr \u00b7 Pfingsten<br>Festhochamt<br>\u201eVeni Sancte Spiritus\u201c \u00b7 Gregorianischer Choral<br>Ordinarium I \u201eLux et origo\u201c \u00b7 Proprium vom Tag<\/p>\n\n\n\n<p class=\"has-text-align-right\"><em>Choralschola<\/em><\/p>\n\n\n\n<ul class=\"wp-block-list\">\n<li>St. Michael<\/li>\n<\/ul>\n\n\n\n<p>Pfingstsonntag, 27. Mai 2012 \u00b7 17.00 Uhr<br>Geistliches Konzert \u00b7 Chorwerke der Ostkirche<\/p>\n\n\n\n<p class=\"has-text-align-right\"><em>Vokalensemble \u201eVivat\u201c St. Petersburg<br>Leitung: Victor Stupnev<\/em><\/p>\n\n\n\n<ul class=\"wp-block-list\">\n<li>St. Maternus \u00b7 Heiligkreuz<\/li>\n<\/ul>\n\n\n\n<p>Samstag\/Sonntag, 2.\/3. Juni 2012 \u00b7 Dreifaltigkeitssonntag<br>Orgelmusik<br>Johann Sebastian Bach: Kyrie, Gott Vater in Ewigkeit \u00b7 Christe, aller Welt Trost \u00b7 Kyrie, Gott heiliger Geist BWV 669-671<\/p>\n\n\n\n<ul class=\"wp-block-list\">\n<li>St. Maternus \/ Mattheiser Weiher<\/li>\n<\/ul>\n\n\n\n<p>Donnerstag, 7. Juni \u00b7 9.30 Uhr \u00b7 Fronleichnam<br>Eucharistiefeier und Prozession<br>Chorkompositionen von Klaus Fischbach, Andreas Gassner, Wilhelm Stockhausen, Burkhard P\u00fctz u. a.<\/p>\n\n\n\n<p class=\"has-text-align-right\"><em>Chorgemeinschaft<\/em><\/p>\n\n\n\n<ul class=\"wp-block-list\">\n<li>St. Michael<\/li>\n<\/ul>\n\n\n\n<p>Freitag, 15. Juni 2012 \u00b7 18.30 Uhr<br>Firmgottesdienst<br>Chors\u00e4tze von Helena \u00c5kerblom, Jean Paul L\u00e9cault, Barbara Kolberg, Alejandro Veciana, Peter Reulein u. a.<\/p>\n\n\n\n<p class=\"has-text-align-right\"><em>Chorgemeinschaft<br>Jugendchor<br>Sylwia Timotijevic \u00b7 Fl\u00f6te<\/em><\/p>\n\n\n\n<ul class=\"wp-block-list\">\n<li>St. Maternus<\/li>\n<\/ul>\n\n\n\n<p>Samstag, 23. Juni 2012 \u00b7 18.00 Uhr<br>Dankmesse der Neugefirmten<\/p>\n\n\n\n<p class=\"has-text-align-right\"><em>Jugendchor<\/em><\/p>\n\n\n\n<ul class=\"wp-block-list\">\n<li>St. Maternus \u00b7 Heiligkreuz \u00b7 St. Michael<\/li>\n<\/ul>\n\n\n\n<p>Samstag\/Sonntag, 23.\/24. Juni 2012 \u00b7 Geburt des hl. Johannes des T\u00e4ufers<br>Orgelmusik<br>Johann Sebastian Bach: Christ unser Herr zum Jordan kam BWV 684<\/p>\n\n\n\n<ul class=\"wp-block-list\">\n<li>Liebfrauenkirche Oberwesel<\/li>\n<\/ul>\n\n\n\n<p>Sonntag, 8. Juli 2012 \u00b7 11.30 Uhr<br>Orgelmatinee<br>Percy Whitlock: Plymouth Suite<br>Allegro risoluto \u00b7 Lantana \u00b7 Chanty \u00b7 Salix \u00b7 Toccata<br>Ralph Vaughan Williams: Rhosymedre<br>Edward Elgar: Pomp and Circumstance op. 39 Nr. 4<\/p>\n\n\n\n<p class=\"has-text-align-right\"><em>Dekanatskantor Burkhard P\u00fctz \u00b7 Orgel<\/em><\/p>\n\n\n\n<ul class=\"wp-block-list\">\n<li>St. Maternus \u00b7 Heiligkreuz \u00b7 St. Michael<\/li>\n<\/ul>\n\n\n\n<p>Samstag\/Sonntag, 14.\/15. Juli 2012 \u00b7 15. Sonntag im Jahreskreis<br>Orgelmusik<br>Johann Sebastian Bach: Praeludium et Fuga in C BWV 545<\/p>\n\n\n\n<ul class=\"wp-block-list\">\n<li>St. Maternus \u00b7 Heiligkreuz \u00b7 St. Michael<\/li>\n<\/ul>\n\n\n\n<p>Samstag\/Sonntag, 8.\/9. September 2012 \u00b7 23. Sonntag im Jahreskreis<br>Orgelmusik<br>Th\u00e9odore Dubois: Marche-Sortie<\/p>\n\n\n\n<ul class=\"wp-block-list\">\n<li>Heiligkreuz<\/li>\n<\/ul>\n\n\n\n<p>Sonntag, 16. September 2012 \u00b7 9.30 Uhr \u00b7 Patrozinium Kreuzerh\u00f6hung<br>Hochamt<br>Hans Leo Hassler: Missa secunda<br>Chorwerke von Giovanni Pierluigi da Palestrina, Anton Bruckner, Charles Villiers Stanford u. a.<\/p>\n\n\n\n<p class=\"has-text-align-right\"><em>Chorgemeinschaft<\/em><\/p>\n\n\n\n<ul class=\"wp-block-list\">\n<li>St. Maternus \u00b7 Heiligkreuz \u00b7 St. Michael<\/li>\n<\/ul>\n\n\n\n<p>Samstag\/Sonntag, 13.\/14. Oktober 2012 \u00b7 28. Sonntag im Jahreskreis<br>Orgelmusik<br>Max Reger: Toccata und Fuge op. 59<\/p>\n\n\n\n<ul class=\"wp-block-list\">\n<li>Eglise Notre-Dame de la Mis\u00e9ricorde \u00b7 Howald (Luxembourg)<\/li>\n<\/ul>\n\n\n\n<p>Sonntag, 21. Oktober 2012 \u00b7 17.00 Uhr<br>Konzert<br>Franz\u00f6sische Kirchenmusik des 19. und 20. Jahrhunderts<br>Gabriel Faur\u00e9: Cantique de Jean Racine op. 11<br>Maurice Durufl\u00e9: Benedictus (aus der \u201eMissa cum jubilo\u201c) op. 11 \u00b7 Maurice Durufl\u00e9: Notre P\u00e8re op. 14 \u00b7 Jean Langlais: Messe Solennelle \u00b7 Orgelimprovisation \u00b7 Gabriel Faur\u00e9: Requiem op. 48<\/p>\n\n\n\n<p class=\"has-text-align-right\"><em>Diane Juchem \u00b7 Sopran<br>David John Pike \u00b7 Bariton<br>Ensemble Vocal Jubilate Musica<br>Paul Kayser \u00b7 Orgel<br>Leitung: Burkhard P\u00fctz<\/em><\/p>\n\n\n\n<p class=\"has-text-align-center\"><a href=\"https:\/\/burkhard-puetz.de\/?page_id=416\" data-type=\"page\" data-id=\"416\" target=\"_blank\" rel=\"noreferrer noopener\">Fotos<\/a><\/p>\n\n\n\n<ul class=\"wp-block-list\">\n<li>St. Michael<\/li>\n<\/ul>\n\n\n\n<p>Dienstag, 1. November 2012 \u00b7 11.00 Uhr<br>Allerheiligen \u00b7 Hochamt<br>Ordinarium VIII \u201eDe Angelis\u201c \u00b7 Proprium vom Tag<\/p>\n\n\n\n<p class=\"has-text-align-right\"><em>Choralschola<\/em><\/p>\n\n\n\n<ul class=\"wp-block-list\">\n<li>St. Maternus \u00b7 Heiligkreuz \u00b7 St. Michael<\/li>\n<\/ul>\n\n\n\n<p>Samstag\/Sonntag, 10.\/11. November 2012 \u00b7 32. Sonntag im Jahreskreis<br>Orgelmusik<br>Johann Sebastian Bach: Praeludium et Fuga in c BWV 546<\/p>\n\n\n\n<ul class=\"wp-block-list\">\n<li>St. Michael<\/li>\n<\/ul>\n\n\n\n<p>Sonntag, 25. November 2012 \u00b7 11.00 Uhr \u00b7 Christk\u00f6nigssonntag<br>Hochamt<br>Hans Leo Hassler: Missa secunda \u00b7 Chorwerke von Adolf Lohmann, Hugo Distler u. a.<\/p>\n\n\n\n<p class=\"has-text-align-right\"><em>Chorgemeinschaft<\/em><\/p>\n\n\n\n<ul class=\"wp-block-list\">\n<li>St. Maternus<\/li>\n<\/ul>\n\n\n\n<p>Samstag, 1. Dezember 2012 \u00b7 18.00 Uhr \u00b7 Erster Advent<br>Vorabendmesse<br>Abschlussgottesdienst Kantorenkurs des Dekanates Trier 2012<br>Kantorenges\u00e4nge<\/p>\n\n\n\n<p class=\"has-text-align-right\"><em>Teilnehmer des Kantorenkurses<br>Leitung: Dekanatskantor Burkhard P\u00fctz<\/em><\/p>\n\n\n\n<ul class=\"wp-block-list\">\n<li>St. Michael<\/li>\n<\/ul>\n\n\n\n<p>Samstag, 1. Dezember 2012 \u00b7 18.00 Uhr<br>Chorkonzert zum Advent<\/p>\n\n\n\n<p class=\"has-text-align-right\"><em>Jugendchor Gutweiler<br>Leitung: Matthias Balzer<\/em><\/p>\n\n\n\n<ul class=\"wp-block-list\">\n<li>St. Maternus \u00b7 Heiligkreuz \u00b7 St. Michael<\/li>\n<\/ul>\n\n\n\n<p>Samstag\/Sonntag, 1.\/2. Dezember 2012 \u00b7 Erster Adventssonntag<br>Orgelmusik<br>Dieterich Buxtehude: Ciacona e-Moll BuxWV 160<\/p>\n\n\n\n<ul class=\"wp-block-list\">\n<li>St. Maternus<\/li>\n<\/ul>\n\n\n\n<p>Freitag, 7. Dezember 2012 \u00b7 18.30 Uhr<br>Roratemesse<\/p>\n\n\n\n<p class=\"has-text-align-right\"><em>Jugendchor<\/em><\/p>\n\n\n\n<ul class=\"wp-block-list\">\n<li>St. Michael<\/li>\n<\/ul>\n\n\n\n<p>Sonntag, 9. Dezember 2012 \u00b7 18.00 Uhr \u00b7 Zweiter Adventssonntag<br>Musik und Wort zum Advent<br>Josef Gabriel Rheinberger: Suite f\u00fcr Violine, Violoncello und Orgel op. 149<br>Con moto \u00b7 Thema mit Ver\u00e4nderungen \u00b7 Sarabande \u00b7 Finale<br>Johann Sebastian Bach: Orgelchoral \u201eNun komm, der Heiden Heiland\u201c BWV 659<br>Felix Mendelssohn Bartholdy: Orgelsonate c-Moll op. 65 Nr. 2<br>Grave \u00b7 Adagio \u00b7 Allegro maestoso e vivace \u00b7 Fuga<\/p>\n\n\n\n<p class=\"has-text-align-right\"><em>Laurentiu Candea \u00b7 Violine<br>Viorel Catuna \u00b7 Violoncello<br>Burkhard P\u00fctz \u00b7 Orgel<\/em><\/p>\n\n\n\n<ul class=\"wp-block-list\">\n<li>Eglise Saint Martin \u00b7 Frisange (Luxembourg)<\/li>\n<\/ul>\n\n\n\n<p>Sonntag, 16. Dezember 2012 \u00b7 16.00 Uhr \u00b7 Dritter Adventssonntag<br>\u201eMachet die Tore weit\u201c \u00b7 Adventskonzert<br>Kompositionen von Johann Hermann Schein, Johann Eccard, Georg Philipp Telemann, Josef Gabriel Rheinberger, Karl N\u00f6ssler u. a.<\/p>\n\n\n\n<p class=\"has-text-align-right\"><em>Ensemble Vocal Jubilate Musica Luxembourg<br>Friederike Karstens \u00b7 Sopran<br>Patrick Colombo \u00b7 Orgel<br>Leitung: Burkhard P\u00fctz<\/em><\/p>\n\n\n\n<ul class=\"wp-block-list\">\n<li>St. Maternus \u00b7 Heiligkreuz \u00b7 St. Michael<\/li>\n<\/ul>\n\n\n\n<p>Samstag\/Sonntag, 22.\/23. Dezember 2012 \u00b7 Vierter Adventssonntag<br>Orgelmusik<br>Max Reger: Ave Maria op. 80 Nr. 5<\/p>\n\n\n\n<ul class=\"wp-block-list\">\n<li>Heiligkreuz<\/li>\n<\/ul>\n\n\n\n<p>Montag, 24. Dezember 2012 \u00b7 18.00 Uhr \u00b7 Heiligabend<br>Christmette<\/p>\n\n\n\n<p class=\"has-text-align-right\"><em>Chorgemeinschaft<\/em><\/p>\n\n\n\n<ul class=\"wp-block-list\">\n<li>St. Michael<\/li>\n<\/ul>\n\n\n\n<p>Montag, 24. Dezember 2012 \u00b7 22.00 Uhr \u00b7 Heiligabend<br>Christmette<br>Orgelmusik: Johann Sebastian Bach: Pi\u00e8ce d&#8217;Orgue BWV 572<\/p>\n\n\n\n<ul class=\"wp-block-list\">\n<li>Heiligkreuz<\/li>\n<\/ul>\n\n\n\n<p>Dienstag, 25. Dezember 2012 \u00b7 9.30 Uhr \u00b7 Weihnachten<br>Festhochamt<br>Wolfgang Amadeus Mozart: Missa brevis in G \u201ePastoralmesse\u201c KV 140<br>Weihnachtliche Chorwerke von Michael Praetorius, Camille Saint-Sa\u00ebns, David Willcocks u. a.<\/p>\n\n\n\n<p class=\"has-text-align-right\"><em>Chorgemeinschaft<br>Vokalsolisten aus dem Chor<br>Robert Kl\u00f6ckner \u00b7 Orgel<br>Leitung: Burkhard P\u00fctz<\/em><\/p>\n\n\n\n<ul class=\"wp-block-list\">\n<li>St. Michael<\/li>\n<\/ul>\n\n\n\n<p>Sonntag, 30. Dezember 2012 \u00b7 17.00 Uhr<br>Orgelkonzert \u00b7 \u201eOrgelfeuerwerk zum Jahresende\u201c<\/p>\n\n\n\n<p class=\"has-text-align-right\"><em>Detlef Steffenhagen \u00b7 Orgel<\/em><\/p>\n\n\n\n<p><a href=\"#2012\">nach oben<\/a> (Januar 2012)<\/p>\n","protected":false},"excerpt":{"rendered":"<p>201420132012 Pfarrkirche Heiligkreuz | Trier, Arnulfstra\u00dfePfarrkirche St. Maternus | Trier, KarlswegPfarrkirche St. Michael | Trier-Mariahof 2014 Samstag\/Sonntag, 4.\/5 Januar 2014 | 2. Sonntag nach WeihnachtenOrgelmusikKarl Hoyer: Choral-Paraphrase \u00fcber &#8220;Vom Himmel&#8230;<\/p>\n","protected":false},"author":1,"featured_media":0,"parent":341,"menu_order":5,"comment_status":"closed","ping_status":"closed","template":"","meta":{"_kadence_starter_templates_imported_post":false,"_kad_post_transparent":"","_kad_post_title":"","_kad_post_layout":"narrow","_kad_post_sidebar_id":"","_kad_post_content_style":"","_kad_post_vertical_padding":"","_kad_post_feature":"","_kad_post_feature_position":"","_kad_post_header":false,"_kad_post_footer":false,"_kad_post_classname":"","footnotes":""},"class_list":["post-129","page","type-page","status-publish","hentry"],"_links":{"self":[{"href":"https:\/\/burkhard-puetz.de\/index.php?rest_route=\/wp\/v2\/pages\/129","targetHints":{"allow":["GET"]}}],"collection":[{"href":"https:\/\/burkhard-puetz.de\/index.php?rest_route=\/wp\/v2\/pages"}],"about":[{"href":"https:\/\/burkhard-puetz.de\/index.php?rest_route=\/wp\/v2\/types\/page"}],"author":[{"embeddable":true,"href":"https:\/\/burkhard-puetz.de\/index.php?rest_route=\/wp\/v2\/users\/1"}],"replies":[{"embeddable":true,"href":"https:\/\/burkhard-puetz.de\/index.php?rest_route=%2Fwp%2Fv2%2Fcomments&post=129"}],"version-history":[{"count":30,"href":"https:\/\/burkhard-puetz.de\/index.php?rest_route=\/wp\/v2\/pages\/129\/revisions"}],"predecessor-version":[{"id":2439,"href":"https:\/\/burkhard-puetz.de\/index.php?rest_route=\/wp\/v2\/pages\/129\/revisions\/2439"}],"up":[{"embeddable":true,"href":"https:\/\/burkhard-puetz.de\/index.php?rest_route=\/wp\/v2\/pages\/341"}],"wp:attachment":[{"href":"https:\/\/burkhard-puetz.de\/index.php?rest_route=%2Fwp%2Fv2%2Fmedia&parent=129"}],"curies":[{"name":"wp","href":"https:\/\/api.w.org\/{rel}","templated":true}]}}