{"id":133,"date":"2024-08-05T15:31:58","date_gmt":"2024-08-05T15:31:58","guid":{"rendered":"https:\/\/burkhard-puetz.de\/?page_id=133"},"modified":"2024-08-16T15:01:35","modified_gmt":"2024-08-16T15:01:35","slug":"archiv-chorprojekte-2010-2011","status":"publish","type":"page","link":"https:\/\/burkhard-puetz.de\/?page_id=133","title":{"rendered":"Chorprojekte 2010 | 2011"},"content":{"rendered":"\n<p><a href=\"#Mozart-Projekt\">nach unten<\/a> (zum Projekt 2010)<\/p>\n\n\n\n<figure class=\"wp-block-image\" id=\"H\u00e4ndel-Projekt\"><img loading=\"lazy\" decoding=\"async\" width=\"1241\" height=\"827\" src=\"https:\/\/burkhard-puetz.de\/wp-content\/uploads\/2024\/07\/Messias-20.11.11-Trier-Heiligkreuz-klein.jpg\" alt=\"\" class=\"wp-image-291\" srcset=\"https:\/\/burkhard-puetz.de\/wp-content\/uploads\/2024\/07\/Messias-20.11.11-Trier-Heiligkreuz-klein.jpg 1241w, https:\/\/burkhard-puetz.de\/wp-content\/uploads\/2024\/07\/Messias-20.11.11-Trier-Heiligkreuz-klein-300x200.jpg 300w, https:\/\/burkhard-puetz.de\/wp-content\/uploads\/2024\/07\/Messias-20.11.11-Trier-Heiligkreuz-klein-1024x682.jpg 1024w, https:\/\/burkhard-puetz.de\/wp-content\/uploads\/2024\/07\/Messias-20.11.11-Trier-Heiligkreuz-klein-768x512.jpg 768w\" sizes=\"auto, (max-width: 1241px) 100vw, 1241px\" \/><figcaption class=\"wp-element-caption\">Auff\u00fchrung am 20.11.11 in der Pfarrkirche Heiligkreuz Trier | Georg Friedrich H\u00e4ndel: Messias HWV 56 | Ausf\u00fchrende: Eva Leonardy, Sopran | Matthias Lucht, Altus | Peter Diebschlag, Tenor | Johannes Weinhuber, Bass | Chorgemeinschaft Heiligkreuz Trier | Ensemble vocal &#8216;Jubilate Musica&#8217; Luxembourg | Mitglieder der Chorale r\u00e9unie Donven-Flaxweiler Luxembourg | Julia Glas, Orgel \/ Cembalo | Orchestre &#8216;Estro Armonico&#8217; Luxembourg | Leitung: Burkhard P\u00fctz<\/figcaption><\/figure>\n\n\n\n<h2 class=\"wp-block-heading has-text-align-center\">Deutsch-luxemburgisches Chorprojekt 2011<\/h2>\n\n\n\n<h4 class=\"wp-block-heading has-text-align-center\">Georg Friedrich H\u00c4NDEL<br>Messias<br>HWV 56<\/h4>\n\n\n\n<p>Konzerte:<br>Sonntag, 13. November 2011 \u00b7 17.00 Uhr \u00b7 Dekanatskirche Remich (Luxemburg) <br>Sonntag, 20. November 2011 \u00b7 17.00 Uhr \u00b7 Pfarrkirche Heiligkreuz, Trier<\/p>\n\n\n\n<p>Kartenvorverkauf: ticket regional<\/p>\n\n\n\n<p class=\"has-text-align-center\"><a href=\"https:\/\/burkhard-puetz.de\/?page_id=408\" data-type=\"page\" data-id=\"408\" target=\"_blank\" rel=\"noreferrer noopener\">Fotos<\/a><\/p>\n\n\n\n<p class=\"has-text-align-center\"><a href=\"https:\/\/burkhard-puetz.de\/wp-content\/uploads\/2024\/08\/Rezension-Messias-in-Remich-13.11.11-Luxemburger-Wort-15.11.11.pdf\" data-type=\"attachment\" data-id=\"2427\" target=\"_blank\" rel=\"noreferrer noopener\">Rezension<\/a><\/p>\n\n\n\n<p><a href=\"https:\/\/eva-leonardy.de\/\" data-type=\"link\" data-id=\"https:\/\/eva-leonardy.de\/\" target=\"_blank\" rel=\"noreferrer noopener\">Eva Leonardy<\/a> \u00b7 Sopran | <a href=\"http:\/\/www.altusmatthiaslucht.de\/vita\/\" data-type=\"link\" data-id=\"http:\/\/www.altusmatthiaslucht.de\/vita\/\" target=\"_blank\" rel=\"noreferrer noopener\">Matthias Lucht<\/a> \u00b7 Altus<br><a href=\"https:\/\/www.kirchenmusik-halberstadt.de\/index.php\/16-biografien\/84-peter-diebschlag\" data-type=\"link\" data-id=\"https:\/\/www.kirchenmusik-halberstadt.de\/index.php\/16-biografien\/84-peter-diebschlag\" target=\"_blank\" rel=\"noreferrer noopener\">Peter Diebschlag<\/a> \u00b7 Tenor | <a href=\"http:\/\/www.johannes-weinhuber.de\/index.html\" data-type=\"link\" data-id=\"http:\/\/www.johannes-weinhuber.de\/index.html\" target=\"_blank\" rel=\"noreferrer noopener\">Johannes Weinhuber<\/a> \u00b7 Bass<br>Messias-Projektchor:<br> \u00b7 Chorgemeinschaft Heiligkreuz Trier<br> \u00b7 Ensemble vocal &#8220;Jubilate Musica&#8221; Luxembourg<br> \u00b7 Mitglieder der Chorale r\u00e9unie Donven-Flaxweiler Luxembourg<br>Julia Glas \u00b7 Orgel \/ Cembalo<br>Orchestre &#8220;<a href=\"https:\/\/www.estro.lu\/de\/\" data-type=\"link\" data-id=\"https:\/\/www.estro.lu\/de\/\" target=\"_blank\" rel=\"noreferrer noopener\">Estro Armonico<\/a>&#8221; Luxembourg<br>Leitung: Burkhard P\u00fctz<\/p>\n\n\n\n<p><em>Aus der Rezension:<\/em><br>Drei Ch\u00f6re, ein Barockensemble und Spitzensolisten<strong><br>H\u00e4ndel-Triumph in Remich<\/strong><br><em>Burkhard P\u00fctz leitete den \u201eMessias\u201c in der Dekanatskirche<\/em><br>Nicht ohne Grund war die Remicher Dekanatskirche am Sonntagnachmittag bis auf den letzten Platz besetzt. Mit der Chorgemeinschaft Heiligkreuz Trier, dem Ensemble vocal \u201eJubilate Musica\u201c und der \u201eChorale r\u00e9unie Donven-Flaxweiler\u201c sowie dem Orchester \u201eEstro armonico\u201c und Topsolisten gelang Burkhard P\u00fctz in der Gesamleitung eine Ma\u00dfst\u00e4be setzende Interpretation von H\u00e4ndels ber\u00fchmtestem Oratorium.<br>Der Trierer Kantor, Organist und Chorleiter ging den Weg der progressiven Steigerung. Den ersten Teil legte er \u2013 eher klassisch als barock \u2013 melodisch-linear an, unter weitgehendem Verzicht auf starke Impulse und deklamatorisch-dramatische Akzente. Zu der klassizistischen W\u00fcrde der Remicher Kirche passte dies sehr gut. In innigen Ch\u00f6ren wie \u201eUnd er wird reinigen und l\u00e4utern die S\u00f6hne Levis\u201c \u2013 es wurde deutsch gesungen \u2013 durchdrang mit dem strahlenden Licht der Soprani der messianische Geist die c\u00e4cilianische Legio, die den gesamten Kirchenchor f\u00fcllte. \u2026<br>Dem ausgleichenden Konzept des Konzertleiters passte sich das \u201eEstro armonico\u201c vorbildlich an \u2026<br>Der zweite Teil des Oratoriums spannt sich in einem gewaltigen Bogen vom Leidens- zum Auferstehungsgedanken. Sobald Eva Maria Leonardy in engelgleichen Verk\u00fcndigungsjubel ausbrach und die Trompete ihren gebietenden Ruf erschallen lie\u00df, erwachten die Ch\u00f6re aus der Lieblichkeit. Fortan sollten sich die S\u00e4nger, zu einer exemplarisch intonierenden Gemeinschaft zusammengeschwei\u00dft, mit Temperament zu Schwindel erregenden polyphonen und kontrapunktischen Klanggipfeln emporstemmen. Das monumentale \u201eHalleluja\u201c, das den zweiten Teil abschlie\u00dft, wurde von euphorischen Trompetenfanfaren gest\u00fctzt. Nun, wer Ausdauer genug hatte, zwei Stunden bis zum \u201eHalleluja\u201c auszuharren, der hing gerne noch vierzig Minuten an, um den recht straff durchgezogenen dritten Teil zu genie\u00dfen, der in den himmlischen L\u00e4ngen eines \u00fcberdimensionalen \u201eAmen\u201c gipfelt. Wieder einmal waren hier die beiden Trompeten mit ihren strahlenden, glasklaren Eins\u00e4tzen zum Zug gekommen. Aber auch die Solisten machten den \u201eMessias\u201c zu einem H\u00e4ndel-Triumph. Peter Diebschlag ging einen konsequenten Weg vom melodischen Oratoriengesang zum kraftvoll akzentuierten \u201eTenore lirico spinto\u201c-Nachdruck. Makellos war der Parcours des Countertenors Matthias Lucht, der nicht umsonst bei den Besten seines Fachs in die Schule gegangen ist. Zu dem hervorragenden Eindruck, den er hinterlie\u00df, geh\u00f6rten die \u00fcberaus verst\u00e4ndliche, textbezogene Diktion, das angenehme Timbre und die hochkultivierte Phrasierung. Mit vollem Einsatz sprang als Bassist Marek Rzepka in die Bresche. Auch wenn seine nicht allzu f\u00fcllige Stimme zum Schluss gegen die Trompeten nicht ankam, so konnte er doch dank einer einf\u00fchlsamen und geradlinigen Textauslegung \u00fcberzeugen. Was Eva Maria Leonardy betrifft, so scheint sie keine irdische Schwere zu kennen, so nat\u00fcrlich-locker flie\u00dft ihr kristallklarer Sopran. Ihr gro\u00dfer Augenblick war die Arie \u201eIch wei\u00df, dass mein Erl\u00f6ser lebet\u201c. Obwohl sie sparsam mit Verzierungen umging und ihre Ambitionen keineswegs im Musiktheater liegen, lie\u00df sie jeder Wiederholung wundersch\u00f6n modulierte und kolorierte Variationen zukommen \u2013 einmal sogar mit einem opernhaften Anflug. Und dem gesamten Auff\u00fchrungsapparat blieben nach fast dreist\u00fcndiger Mammutperformance noch gen\u00fcgend Reserven, das \u201eHalleluja\u201c zu wiederholen und danach die begeisterten Ovationen des Publikums entgegenzunehmen.<\/p>\n\n\n\n<p class=\"has-text-align-right\"><em>Andr\u00e9 Link im Luxemburger Wort vom 15.11.11<\/em><\/p>\n\n\n\n<figure class=\"wp-block-image is-resized\"><img loading=\"lazy\" decoding=\"async\" width=\"669\" height=\"444\" src=\"https:\/\/burkhard-puetz.de\/wp-content\/uploads\/2024\/07\/Konzert-13.11.11-Messias-klein.bmp\" alt=\"\" class=\"wp-image-290\" style=\"width:714px;height:auto\"\/><figcaption class=\"wp-element-caption\">Auff\u00fchrung am 13.11.11 in Remich (Lux.) | Georg Friedrich H\u00e4ndel: Messias HWV 56 | Ausf\u00fchrende: Eva Leonardy, Sopran | Matthias Lucht, Altus | Peter Diebschlag, Tenor | Marek Rzepka, Bass | Chorgemeinschaft Heiligkreuz Trier | Ensemble vocal &#8216;Jubilate Musica&#8217; Luxembourg | Mitglieder der Chorale r\u00e9unie Donven-Flaxweiler Luxembourg | Julia Glas, Orgel \/ Cembalo | Orchestre &#8216;Estro Armonico&#8217; Luxembourg | Leitung: Burkhard P\u00fctz<\/figcaption><\/figure>\n\n\n\n<p>Der Messias<br>von Georg Friedrich H\u00e4ndel (1685-1759) geh\u00f6rt zu den popul\u00e4rsten Musikst\u00fccken der Welt. Er wird vielfach als Inbegriff geistlicher Musik angesehen und z\u00e4hlt zu den am h\u00e4ufigsten musizierten Werken.<br>Komponiert in nur 24 Tagen im Sommer 1741, wurde das Oratorium am 13. April 1742 in Dublin uraufgef\u00fchrt. H\u00e4ndel gilt als der erste und wichtigste Vertreter Englands f\u00fcr die Gattung des Oratoriums. Er f\u00fchrte den Messias mehrfach auf und nahm dabei wegen unterschiedlicher Auff\u00fchrungsbedingungen verschiedene Umarbeitungen vor.<br>Der ber\u00fchmteste Satz ist das Halleluja, das den zweiten der drei Teile beschlie\u00dft. Um seiner Bewunderung f\u00fcr dieses monumentale St\u00fcck Ausdruck zu verleihen, soll sich der englische K\u00f6nig Georg II. bei den ersten Takten von seinem Sitz erhoben haben, was das ganze Publikum dazu veranlasste, seinem Beispiel zu folgen. Dieser Brauch hat sich an vielen Orten der Welt bis heute erhalten.<br>Der Text des Messias stammt von Charles Jennens und beschreibt mithilfe biblischer Zitate die christliche Heilsgeschichte: Von der Ank\u00fcndigung des Messias und seiner Geburt, der Passion und Himmelfahrt bis hin zum J\u00fcngsten Gericht und der Erl\u00f6sung der Menschheit durch den Auferstandenen.<br>Als ein zutiefst religi\u00f6ses Werk wollte auch H\u00e4ndel seine Komposition verstanden wissen. Dies belegt seine \u00c4u\u00dferung einem adligen Konzertbesucher gegen\u00fcber, der ihn zu der &#8220;gro\u00dfartigen musikalischen Unterhaltung&#8221; begl\u00fcckw\u00fcnschte: &#8220;Ich w\u00fcrde bedauern, Euer Lordschaft, wenn ich meine Zuh\u00f6rer nur unterhalten h\u00e4tte &#8211; ich w\u00fcnschte, sie zu bessern.&#8221;<br>Einladung zum Mitsingen<br>Das Chorprojekt umfasst die Proben und beide Konzerte.<\/p>\n\n\n\n<p>Noten<br>Klavierauszug f\u00fcr den Chor: H\u00e4ndel Messias, Carus-Verlag Stuttgart<br>(hrsg. von Ton Koopmann &amp; Jan H. Siemons), CV-Nr. 55.056\/54<br>(Ausgabe deutsch, ohne Variantens\u00e4tze), 13,90 \u20ac<br>Die Noten k\u00f6nnen in den Proben erworben werden.<\/p>\n\n\n\n<p>Proben:<\/p>\n\n\n\n<p>Trier<br>gemeinsam mit der Chorgemeinschaft Trier-Heiligkreuz<\/p>\n\n\n\n<figure class=\"wp-block-table is-style-regular\"><table><tbody><tr><td>Do 07.04.<\/td><td>19:30<\/td><td>Pfarrkirche St. Maternus (Karlsweg 19)<\/td><\/tr><tr><td>Do 14.04.<\/td><td>19:30<\/td><td>Pfarrkirche St. Maternus<\/td><\/tr><tr><td>Do 12.05.<\/td><td>19:30<\/td><td>Pfarrkirche St. Maternus<\/td><\/tr><tr><td>Do 19.05.<\/td><td>19:30<\/td><td>Pfarrkirche St. Maternus<\/td><\/tr><tr><td>Do 26.05.<\/td><td>19:30<\/td><td>Pfarrkirche St. Maternus<\/td><\/tr><tr><td>Di&nbsp;31.05.<\/td><td>18:30<br>20:00<\/td><td>Frauenstimmen \u00b7 Pfarrkirche St. Maternus<br>M\u00e4nnerstimmen \u00b7 Pfarrkirche St. Maternus<\/td><\/tr><tr><td>Do 09.06.<\/td><td>19:30<\/td><td>Pfarrkirche St. Maternus<\/td><\/tr><tr><td>Di 14.06.<\/td><td>19:30<\/td><td>Tutti&nbsp;\u00b7&nbsp;Pfarrkirche St. Michael (siehe unten)<\/td><\/tr><tr><td>Do 11.08.<\/td><td>19:30<\/td><td>Pfarrkirche St. Maternus<\/td><\/tr><tr><td>Do 18.08.<\/td><td>19:30<\/td><td>Pfarrkirche St. Maternus<\/td><\/tr><tr><td>Do 25.08.<\/td><td>19:30<\/td><td>Pfarrkirche St. Maternus<\/td><\/tr><tr><td>Do 01.09.<\/td><td>19:30<\/td><td>Pfarrkirche St. Maternus<\/td><\/tr><tr><td>Do 08.09.<\/td><td>19:30<\/td><td>Pfarrkirche St. Maternus<\/td><\/tr><tr><td>Do 15.09.<\/td><td>19:30<\/td><td>Pfarrkirche St. Maternus<\/td><\/tr><tr><td>Do 22.09.<\/td><td>19:30<\/td><td>Pfarrkirche St. Maternus<\/td><\/tr><\/tbody><\/table><\/figure>\n\n\n\n<p>oder:<\/p>\n\n\n\n<p>Luxemburg<br>gemeinsam mit dem Ensemble vocal &#8220;Jubilate Musica&#8221;<\/p>\n\n\n\n<figure class=\"wp-block-table\"><table><tbody><tr><td>Mo 16.05.<\/td><td>20:00<\/td><td>Senningen \u00b7 Alte Schule (Rue du Ch\u00e2teau)<\/td><\/tr><tr><td>Mo 23.05.<\/td><td>20:00<\/td><td>Senningen<\/td><\/tr><tr><td>Mo 30.05.<\/td><td>20:00<\/td><td>Senningen<\/td><\/tr><tr><td>Mo 06.06.<\/td><td>20:00<\/td><td>Senningen<\/td><\/tr><tr><td>Di&nbsp;14.06.<\/td><td>19:30<\/td><td>Tutti \u00b7&nbsp;Trier (siehe unten)<\/td><\/tr><tr><td>Mo 20.06.<\/td><td>20:00<\/td><td>Senningen<\/td><\/tr><tr><td>Mo 27.06.<\/td><td>20:00<\/td><td>Senningen<\/td><\/tr><tr><td>Mo 04.07.<\/td><td>20:00<\/td><td>Senningen<\/td><\/tr><tr><td>Mo 11.07.<\/td><td>20:00<\/td><td>Senningen<\/td><\/tr><tr><td>Mo 05.09.<\/td><td>20:00<\/td><td>Senningen<\/td><\/tr><tr><td>Mo 12.09.<\/td><td>20:00<\/td><td>Senningen<\/td><\/tr><tr><td>Mo 19.09.<\/td><td>20:00<\/td><td>Senningen<\/td><\/tr><tr><td>Mo 26.09.<\/td><td>19:30<\/td><td>Tutti \u00b7&nbsp;Roodt-Syre (siehe unten)<\/td><\/tr><tr><td>Do 29.09.<\/td><td>19:30<\/td><td>Tutti \u00b7 Trier (siehe unten)<\/td><\/tr><tr><td>Mo 03.10.<\/td><td>20:00<\/td><td>Senningen<\/td><\/tr><tr><td>Mo 10.10.<\/td><td>20:00<\/td><td>Roodt-Syre&nbsp;\u00b7 Neue Kirche St. Jakobus (Rue d&#8217;Olingen)<\/td><\/tr><\/tbody><\/table><\/figure>\n\n\n\n<p>Tutti<\/p>\n\n\n\n<figure class=\"wp-block-table\"><table><tbody><tr><td>Di 14.06.<\/td><td>19:30 &#8211;<br>22:00<\/td><td>D<\/td><td>Einzelstimmen \/ Stimmbildung Frauen-\/M\u00e4nnerstimmen<br>Pfarrkirche St. Michael \u00b7&nbsp;Trier-Mariahof (Am Mariahof 37)<\/td><\/tr><tr><td>Mo 26.09.<\/td><td>19:30<\/td><td>L<\/td><td>Roodt-Syre&nbsp;\u00b7 Neue Kirche St. Jakobus (Rue d&#8217;Olingen)<\/td><\/tr><tr><td>Do 29.09.<\/td><td>19:30<\/td><td>D<\/td><td>Trier \u00b7 Pfarrkirche St. Maternus (Karlsweg 19)<\/td><\/tr><tr><td>Mo 17.10<\/td><td>19:30<\/td><td>L<\/td><td>Roodt-Syre&nbsp;\u00b7 Neue Kirche St. Jakobus<\/td><\/tr><tr><td>Sa 22.10.<\/td><td>14:00 &#8211;<br>17:30<\/td><td>L<\/td><td>Niederanven&nbsp;\u00b7 Centre de Loisirs (Routscheed \/ Im Sand)<\/td><\/tr><tr><td>Do 27.10.<\/td><td>19:30<\/td><td>D<\/td><td>Trier \u00b7 Pfarrkirche St. Maternus<\/td><\/tr><tr><td>Sa 05.11.<\/td><td>14:00 &#8211;<br>17:15<\/td><td>D<\/td><td>Hauptprobe \u00b7 Trier \u00b7 Pfarrkirche St. Maternus<\/td><\/tr><tr><td>Mo 07.11.<\/td><td>19:30<\/td><td>D<\/td><td>Trier \u00b7 Pfarrkirche St. Maternus<\/td><\/tr><tr><td>Fr 11.11.<\/td><td>19:00<\/td><td>L<\/td><td>Generalprobe \u00b7 Remich \u00b7 Dekanatskirche<\/td><\/tr><tr><td>So 13.11.<\/td><td>15:00<\/td><td>L<\/td><td>Remich \u00b7 Dekanatskirche<\/td><\/tr><tr><td>So 20.11.<\/td><td>14:30<\/td><td>D<\/td><td>Trier \u00b7 Pfarrkirche Heiligkreuz (Arnulfstra\u00dfe 3)<\/td><\/tr><\/tbody><\/table><figcaption class=\"wp-element-caption\">Stand: 10.02.11 \u00b7 \u00c4nderungen vorbehalten<\/figcaption><\/figure>\n\n\n\n<hr class=\"wp-block-separator has-alpha-channel-opacity is-style-wide\"\/>\n\n\n\n<figure class=\"wp-block-image\"><img loading=\"lazy\" decoding=\"async\" width=\"1808\" height=\"1156\" src=\"https:\/\/burkhard-puetz.de\/wp-content\/uploads\/2024\/07\/Konzert-14.11.10-Trier-Heiligkreuz-klein.jpg\" alt=\"\" class=\"wp-image-289\" srcset=\"https:\/\/burkhard-puetz.de\/wp-content\/uploads\/2024\/07\/Konzert-14.11.10-Trier-Heiligkreuz-klein.jpg 1808w, https:\/\/burkhard-puetz.de\/wp-content\/uploads\/2024\/07\/Konzert-14.11.10-Trier-Heiligkreuz-klein-300x192.jpg 300w, https:\/\/burkhard-puetz.de\/wp-content\/uploads\/2024\/07\/Konzert-14.11.10-Trier-Heiligkreuz-klein-1024x655.jpg 1024w, https:\/\/burkhard-puetz.de\/wp-content\/uploads\/2024\/07\/Konzert-14.11.10-Trier-Heiligkreuz-klein-768x491.jpg 768w, https:\/\/burkhard-puetz.de\/wp-content\/uploads\/2024\/07\/Konzert-14.11.10-Trier-Heiligkreuz-klein-1536x982.jpg 1536w\" sizes=\"auto, (max-width: 1808px) 100vw, 1808px\" \/><figcaption class=\"wp-element-caption\">Konzert 14.11.10 in der Pfarrkirche Heiligkreuz Trier | Wolfgang Amadeus Mozart: Requiem KV 626 | Felix Mendelssohn Bartholdy: Der 42. Psalm op. 42 | Ausf\u00fchrende: Sabine Zimmermann, Sopran | Manou Walesch, Alt | Peter Diebschlag, Tenor | David John Pike, Bass | Ensemble vocal Jubilate Musica Luxembourg | Chorale R\u00e9unie Donven-Flaxweiler Luxembourg | Chorgemeinschaft Heiligkreuz Trier | Orchestre Estro Armonico Luxembourg | Klauspeter Bungert, Orgel | Leitung: Burkhard P\u00fctz<\/figcaption><\/figure>\n\n\n\n<p><a href=\"#H\u00e4ndel-Projekt\">nach oben<\/a> (Projekt 2011)<\/p>\n\n\n\n<h2 class=\"wp-block-heading has-text-align-center\" id=\"Mozart-Projekt\">Deutsch-luxemburgisches Chorprojekt 2010<\/h2>\n\n\n\n<h4 class=\"wp-block-heading\" style=\"padding-bottom:0\">Wolfgang Amadeus Mozart: Requiem \u00b7 KV 626<br>(Fassung von Robert D. Levin)<\/h4>\n\n\n\n<h4 class=\"wp-block-heading\">Felix Mendelssohn Bartholdy: Der 42. Psalm \u00b7 op. 42<\/h4>\n\n\n\n<p><br>Konzert in der Pfarrkirche Hostert, Luxemburg am Sonntag, 7. November 2010 um 17.00 Uhr<br>Konzert in der Pfarrkirche Heiligkreuz, Trier am Sonntag, 14. November 2010 um 18.00 Uhr<\/p>\n\n\n\n<p>Kartenvorverkauf: ticket regional<\/p>\n\n\n\n<p class=\"has-text-align-center\"><a href=\"https:\/\/burkhard-puetz.de\/?page_id=408\" data-type=\"page\" data-id=\"408\" target=\"_blank\" rel=\"noreferrer noopener\">Fotos<\/a><\/p>\n\n\n\n<p><em>aus der Rezension:<\/em><br>&#8220;<strong>Auf hohem Niveau: Mozarts Requiem zum Jubil\u00e4um<\/strong><br>Im Rahmen ihres 100-j\u00e4hrigen Bestehens hat die Pfarrei Heiligkreuz ein Konzert der Extraklasse veranstaltet: Kirchenmusik auf hohem Niveau, vor allem getragen von einem hoch motivierten Chor.<br>Eine beeindruckende Kulisse bot die Pfarrkirche Heiligkreuz. Nahezu 500 Besucher wollten das Requiem, KV 626, von Wolfgang Amadeus Mozart und die Psalmvertonung &#8220;Wie der Hirsch schreit nach frischem Wasser&#8221;, Opus 42, von Felix Mendelssohn Bartholdy miterleben. Ausf\u00fchrende unter der Leitung von Dekanatskantor Burkhard P\u00fctz waren die Chorgemeinschaft Trier-Heiligkreuz, das Ensemble vocal &#8220;Jubilate Musica&#8221; aus Luxemburg und Mitglieder des Kirchenchors Donven-Flaxweiler, ebenfalls aus Luxemburg. Dazu gesellte sich das &#8220;Orchestre Estro Armonico&#8221; aus dem Gro\u00dfherzogtum.<br>Glanzpunkt des Konzertes, sowohl beim Requiem als auch beim Psalm, war zweifelsfrei der Chor, der trotz beachtlicher Gr\u00f6\u00dfe \u00fcberaus schlank und beweglich in Erscheinung trat. Kraftvoll und nachdr\u00fccklich etwa im &#8220;Kyrie eleison&#8221; oder im &#8220;Rex tremendae&#8221;, bittend und mit gro\u00dfer \u00dcberzeugungskraft beim &#8220;Salva me&#8221;. Sowohl bei der Pr\u00e4zision, mit der er dem klaren Dirigat von P\u00fctz folgte, wie auch in der intonatorischen Sauberkeit lag die Leistung weit \u00fcber dem, was man gemeinhin von einem Laienchor erwarten durfte. \u2026<br>Begeisterter und sehr langer Applaus markierte einen besonderen Abend.&#8221;<\/p>\n\n\n\n<p class=\"has-text-align-right\"><em>Gerhard W. Kluth im Trierischen Volksfreund vom 18.11.10<\/em><\/p>\n\n\n\n<p>Ausf\u00fchrende:<br> Sabine Zimmermann, Sopran \u00b7 <a href=\"https:\/\/www.operabase.com\/manou-walesch-a10925\/en\" data-type=\"link\" data-id=\"https:\/\/www.operabase.com\/manou-walesch-a10925\/en\" target=\"_blank\" rel=\"noreferrer noopener\">Manou Walesch<\/a>, Alt<br> <a href=\"https:\/\/www.kirchenmusik-halberstadt.de\/index.php\/16-biografien\/84-peter-diebschlag\" data-type=\"link\" data-id=\"https:\/\/www.kirchenmusik-halberstadt.de\/index.php\/16-biografien\/84-peter-diebschlag\" target=\"_blank\" rel=\"noreferrer noopener\">Peter Diebschlag<\/a>, Tenor \u00b7 <a href=\"https:\/\/www.davidjohnpike.com\/\" data-type=\"link\" data-id=\"https:\/\/www.davidjohnpike.com\/\" target=\"_blank\" rel=\"noreferrer noopener\">David John Pike<\/a>, Bass<br> Projektchor:<br> \u00b7 Ensemble vocal \u201eJubilate Musica\u201c Luxembourg<br> \u00b7 Chorale R\u00e9unie Donven-Flaxweiler Luxembourg<br> \u00b7 Chorgemeinschaft Trier-Heiligkreuz<br> Orchester \u201e<a href=\"https:\/\/www.estro.lu\/de\/\" data-type=\"link\" data-id=\"https:\/\/www.estro.lu\/de\/\" target=\"_blank\" rel=\"noreferrer noopener\">Estro Armonico<\/a>\u201d Luxemburg<br> Klauspeter Bungert, Orgel<br> Leitung: Burkhard P\u00fctz<\/p>\n\n\n\n<p>Proben:<\/p>\n\n\n\n<p>Trier<br>gemeinsam mit der Chorgemeinschaft Heiligkreuz<br>um 19.30 Uhr in der Pfarrkirche St. Maternus (Karlsweg):<\/p>\n\n\n\n<p>Mai Do 6.5. \/ Do 20.5. \/ Di 25.5. (18.30 h Frauen, 20.00 h M\u00e4nner)<br>Juni Do 10.6. (18.30 Frauen, 20.00 h M\u00e4nner) \/ Do 17.6. \/ Do 24.6.<br>Juli Do 1.7. \/ Do 8.7.<br>August Do 19.8. \/ Do 26.8.<br>September Do 2.9. \/ Do 30.9.<\/p>\n\n\n\n<p>Oktober und November<\/p>\n\n\n\n<figure class=\"wp-block-table\"><table><tbody><tr><td>Do 07.10.<\/td><td>19:30<\/td><td>Niederanven (L), Centre de Loisirs (Routscheed \/ Im Sand)<\/td><td>Tutti<\/td><\/tr><tr><td>Sa 09.10.<\/td><td>14:00 &#8211; 17:00<\/td><td>Roodt-Syre&nbsp;(L), Neue Kirche St. Jakobus&nbsp;(Rue d&#8217;Olingen)<\/td><td>Tutti<\/td><\/tr><tr><td>Do 14.10.<\/td><td>19:30<\/td><td>Trier, Kirche St. Maternus (Karlsweg)<\/td><td>CG<\/td><\/tr><tr><td>Mo 18.10.<\/td><td>20:00<\/td><td>Zusatzprobe Roodt-Syre&nbsp;(L), Neue Kirche St. Jakobus&nbsp;(Rue d&#8217;Olingen)<\/td><td>Tutti<\/td><\/tr><tr><td>Mo 25.10.<\/td><td>19:30<\/td><td>Hauptprobe Trier, Kirche St. Maternus (Karlsweg)<\/td><td>Tutti<\/td><\/tr><tr><td>Sa 30.10.<\/td><td>14:00 &#8211; 17:30<\/td><td>Hauptprobe Niederanven (L), Centre de Loisirs (Routscheed \/ Im Sand)<\/td><td>Tutti<\/td><\/tr><tr><td>Fr 05.11.<\/td><td>19:00<\/td><td>Generalprobe Hostert (L), Kirche (Rue Principale)<\/td><td>Tutti<\/td><\/tr><tr><td>So 07.11.<\/td><td>15:00<\/td><td>Hostert (L), Kirche (Rue Principale)<\/td><td>Tutti&nbsp;<\/td><\/tr><tr><td>So 14.11.<\/td><td>15:00<\/td><td>Generalprobe Trier, Kirche Heiligkreuz (Arnulfstra\u00dfe)<\/td><td>Tutti<\/td><\/tr><\/tbody><\/table><figcaption class=\"wp-element-caption\">Stand: 07.10.10 \u00b7 \u00c4nderungen vorbehalten<\/figcaption><\/figure>\n\n\n\n<figure class=\"wp-block-image\"><img loading=\"lazy\" decoding=\"async\" width=\"2184\" height=\"1456\" src=\"https:\/\/burkhard-puetz.de\/wp-content\/uploads\/2024\/07\/Konzert-7.11.2010-klein.jpg\" alt=\"\" class=\"wp-image-288\" srcset=\"https:\/\/burkhard-puetz.de\/wp-content\/uploads\/2024\/07\/Konzert-7.11.2010-klein.jpg 2184w, https:\/\/burkhard-puetz.de\/wp-content\/uploads\/2024\/07\/Konzert-7.11.2010-klein-300x200.jpg 300w, https:\/\/burkhard-puetz.de\/wp-content\/uploads\/2024\/07\/Konzert-7.11.2010-klein-1024x683.jpg 1024w, https:\/\/burkhard-puetz.de\/wp-content\/uploads\/2024\/07\/Konzert-7.11.2010-klein-768x512.jpg 768w, https:\/\/burkhard-puetz.de\/wp-content\/uploads\/2024\/07\/Konzert-7.11.2010-klein-1536x1024.jpg 1536w, https:\/\/burkhard-puetz.de\/wp-content\/uploads\/2024\/07\/Konzert-7.11.2010-klein-2048x1365.jpg 2048w\" sizes=\"auto, (max-width: 2184px) 100vw, 2184px\" \/><figcaption class=\"wp-element-caption\">Konzert 07.11.10 in Hostert (Lux.) | Wolfgang Amadeus Mozart: Requiem KV 626 | Felix Mendelssohn Bartholdy: Der 42. Psalm op. 42 | Ausf\u00fchrende: Sabine Zimmermann, Sopran | Manou Walesch, Alt | Peter Diebschlag, Tenor | David John Pike, Bass | Ensemble vocal Jubilate Musica Luxembourg | Chorale R\u00e9unie Donven-Flaxweiler Luxembourg | Chorgemeinschaft Heiligkreuz Trier | Orchestre Estro Armonico Luxembourg | Klauspeter Bungert, Orgel | Leitung: Burkhard P\u00fctz<\/figcaption><\/figure>\n\n\n\n<p>Wolfgang Amadeus Mozart<br>Requiem<br>In einem Brief an seinen kranken Vater vom 4. April 1787 schreibt Mozart: \u201e\u2026da der Tod, genau zu nehmen, der wahre Endzweck unseres Lebens ist, so habe ich mich seit Jahren mit diesem wahren, besten Freunde des Menschen so bekannt gemacht, dass sein Bild nicht allein nichts Schreckendes mehr f\u00fcr mich hat, sondern recht viel Beruhigendes und Tr\u00f6stendes!\u201c Man sieht, Mozart ist \u2013 bei aller Neigung zum Lustigsein und zu vielen, oft albernen Sp\u00e4\u00dfen \u2013 ein ernster Mensch, voller Gottvertrauen, fromm, wenn auch nicht kirchenfromm, mit dem Tode wohl vertraut. Mozart schrieb vom Sommer 1791 bis in seine letzten Lebenstage am Requiem. \u00dcber eine Probe der bereits fertigen Teile des Requiems kurz vor seinem Tode wird berichtet, dass Mozart beim \u203aLacrimosa\u2039 in Tr\u00e4nen ausbrach und nicht mehr weiterkonnte. Nikolaus Harnoncourt schriebt \u00fcber das Mozarts Requiem: \u201eDas gesamte Werk wirkt auf mich wie eine zutiefst pers\u00f6nliche Auseinandersetzung; erschreckend und ersch\u00fctternd bei einem Komponisten, der normalerweise sein pers\u00f6nliches Leben und Erleben geradezu auffallend von seiner Kunst trennte.\u201c Kaum jemand kann sich noch heute der suggestiven, ersch\u00fctternden Wirkung dieses \u203aOpus ultimum\u2039 entziehen. Es ist unterschiedlich zu allen anderen kirchenmusikalischen Werken des Meisters, mit seiner in die Zukunft weisenden, r\u00e4tselhaften Transparenz und Ausdruckstiefe, voll von Angst und Melancholie, aber auch Momenten des Trostes und der Stille, der Beschw\u00f6rung des Lichtes der Ewigkeit.<\/p>\n\n\n\n<p>Felix Mendelssohn Bartholdy<br>Der 42. Psalm: Wie der Hirsch schreit<br>Psalmtexte inspirierten Mendelssohn w\u00e4hrend seines ganzen Schaffens, und er hinterlie\u00df neben a-cappella-S\u00e4tzen f\u00fcnf gro\u00dfe Orchesterpsalmen. Der 42. Psalm ist Mendelssohns bekannteste Psalmvertonung. Auf der Hochzeitsreise entstanden, entwirft Mendelssohn mit dieser Psalmkantate ein gro\u00dfartiges und tief empfundenes Bild von Sehnsucht und Suche nach Gott, die in Trost und Gottvertrauen Erf\u00fcllung finden. Robert Schumann stellte dieses Werk auf \u201edie h\u00f6chste Stufe, die er (Mendelssohn) als Kirchenkomponist, ja die die neuere Kirchenmusik \u00fcberhaupt erreicht hat.\u201c Mendelssohn selbst hielt diese Komposition \u201ebei weitem f\u00fcr mein bestes geistliches St\u00fcck\u201c, sogar f\u00fcr \u201emein allerbestes Musikst\u00fcck.\u201c<\/p>\n\n\n\n<p><a href=\"#H\u00e4ndel-Projekt\">Seitenanfang<\/a> (Projekt 2011)<\/p>\n","protected":false},"excerpt":{"rendered":"<p>nach unten (zum Projekt 2010) Deutsch-luxemburgisches Chorprojekt 2011 Georg Friedrich H\u00c4NDELMessiasHWV 56 Konzerte:Sonntag, 13. November 2011 \u00b7 17.00 Uhr \u00b7 Dekanatskirche Remich (Luxemburg) Sonntag, 20. November 2011 \u00b7 17.00 Uhr&#8230;<\/p>\n","protected":false},"author":1,"featured_media":0,"parent":962,"menu_order":2,"comment_status":"closed","ping_status":"closed","template":"","meta":{"_kadence_starter_templates_imported_post":false,"_kad_post_transparent":"","_kad_post_title":"","_kad_post_layout":"narrow","_kad_post_sidebar_id":"","_kad_post_content_style":"","_kad_post_vertical_padding":"","_kad_post_feature":"","_kad_post_feature_position":"","_kad_post_header":false,"_kad_post_footer":false,"_kad_post_classname":"","footnotes":""},"class_list":["post-133","page","type-page","status-publish","hentry"],"_links":{"self":[{"href":"https:\/\/burkhard-puetz.de\/index.php?rest_route=\/wp\/v2\/pages\/133","targetHints":{"allow":["GET"]}}],"collection":[{"href":"https:\/\/burkhard-puetz.de\/index.php?rest_route=\/wp\/v2\/pages"}],"about":[{"href":"https:\/\/burkhard-puetz.de\/index.php?rest_route=\/wp\/v2\/types\/page"}],"author":[{"embeddable":true,"href":"https:\/\/burkhard-puetz.de\/index.php?rest_route=\/wp\/v2\/users\/1"}],"replies":[{"embeddable":true,"href":"https:\/\/burkhard-puetz.de\/index.php?rest_route=%2Fwp%2Fv2%2Fcomments&post=133"}],"version-history":[{"count":32,"href":"https:\/\/burkhard-puetz.de\/index.php?rest_route=\/wp\/v2\/pages\/133\/revisions"}],"predecessor-version":[{"id":2513,"href":"https:\/\/burkhard-puetz.de\/index.php?rest_route=\/wp\/v2\/pages\/133\/revisions\/2513"}],"up":[{"embeddable":true,"href":"https:\/\/burkhard-puetz.de\/index.php?rest_route=\/wp\/v2\/pages\/962"}],"wp:attachment":[{"href":"https:\/\/burkhard-puetz.de\/index.php?rest_route=%2Fwp%2Fv2%2Fmedia&parent=133"}],"curies":[{"name":"wp","href":"https:\/\/api.w.org\/{rel}","templated":true}]}}