{"id":137,"date":"2024-08-05T15:31:36","date_gmt":"2024-08-05T15:31:36","guid":{"rendered":"https:\/\/burkhard-puetz.de\/?page_id=137"},"modified":"2024-08-14T13:42:16","modified_gmt":"2024-08-14T13:42:16","slug":"archiv-musica-sacra-2007-2006-2005","status":"publish","type":"page","link":"https:\/\/burkhard-puetz.de\/?page_id=137","title":{"rendered":"Musica sacra 2007 | 2006 | 2005"},"content":{"rendered":"\n<p class=\"has-text-align-center\"><a href=\"#2007\">2007<\/a><br><a href=\"#2006\">2006<\/a><br><a href=\"#2005\">2005<\/a><\/p>\n\n\n\n<hr class=\"wp-block-separator has-alpha-channel-opacity\" style=\"margin-bottom:var(--wp--preset--spacing--50)\"\/>\n\n\n\n<p>Pfarrkirche Heiligkreuz | Trier, Arnulfstra\u00dfe<br>Pfarrkirche St. Maternus | Trier, Karlsweg<br>Pfarrkirche St. Michael | Trier-Mariahof<\/p>\n\n\n\n<hr class=\"wp-block-separator has-alpha-channel-opacity\"\/>\n\n\n\n<h3 class=\"wp-block-heading has-text-align-center\" id=\"2007\">2007<\/h3>\n\n\n\n<ul class=\"wp-block-list\">\n<li>Heiligkreuz<\/li>\n<\/ul>\n\n\n\n<p>Dienstag, 16. Januar 2007 \u2219 10.00 Uhr<br>Er\u00f6ffnungsmesse am Tag des Ewigen Gebetes<br>Gregorianischer Choral<br>Ordinarium VIII \u201eDe angelis\u201c \u2219 Introitus \u201eCibavit eos\u201c<\/p>\n\n\n\n<p class=\"has-text-align-right\"><em>Choralschola<\/em><\/p>\n\n\n\n<ul class=\"wp-block-list\">\n<li>Heiligkreuz<\/li>\n<\/ul>\n\n\n\n<p>Dienstag, 16. Januar 2007 \u2219 18.30 Uhr<br>Abendlob zum Abschluss des Ewigen Gebetes<br>Heinrich Sch\u00fctz: Aller Augen warten auf dich, Herre \u2219 Orfeo Vecchi: Falsibordoni \u2219 Anton Bruckner: Tantum ergo \u2219 C\u00e9sar Franck: Panis angelicus<\/p>\n\n\n\n<p class=\"has-text-align-right\"><em>Chorgemeinschaft<\/em><\/p>\n\n\n\n<ul class=\"wp-block-list\">\n<li>St. Michael<\/li>\n<\/ul>\n\n\n\n<p>Sonntag, 21. Januar 2007 \u2219 18.00 Uhr<br>Abendlob zum Abschluss des Ewigen Gebetes<br>Kompositionen von Bruckner, Berthier, Eham, Gottron u. a.<\/p>\n\n\n\n<p class=\"has-text-align-right\"><em>Chorgemeinschaft<\/em><\/p>\n\n\n\n<ul class=\"wp-block-list\">\n<li>St. Maternus<\/li>\n<\/ul>\n\n\n\n<p>Samstag, 24. Februar 2007 \u2219 18.00 Uhr<br>Vorabendmesse mit den Firmlingen<\/p>\n\n\n\n<p class=\"has-text-align-right\"><em>Jugendchor<\/em><\/p>\n\n\n\n<ul class=\"wp-block-list\">\n<li>St. Maternus<\/li>\n<\/ul>\n\n\n\n<p>Sonntag, 11. M\u00e4rz 2007 \u2219 11.30 Uhr<br>Familiengottesdienst zur Er\u00f6ffnung des Ewigen Gebetes<\/p>\n\n\n\n<p class=\"has-text-align-right\"><em>Kinderchor<\/em><\/p>\n\n\n\n<ul class=\"wp-block-list\">\n<li>St. Maternus<\/li>\n<\/ul>\n\n\n\n<p>Sonntag, 11. M\u00e4rz 2007 \u2219 18.00 Uhr<br>Abendlob zum Abschluss des Ewigen Gebetes<br>Orfeo Vecchi: Falsibordoni \u2219 C\u00e9sar Franck: Panis angelicus \u2219 William Henry Monk: Bleib bei uns, Herr \u2219 Ges\u00e4nge aus Taiz\u00e9<\/p>\n\n\n\n<p class=\"has-text-align-right\"><em>Chorgemeinschaft<\/em><\/p>\n\n\n\n<ul class=\"wp-block-list\">\n<li>St. Antonius \u2013 Jugendkirche, Viehmarkt<\/li>\n<\/ul>\n\n\n\n<p>Mittwoch, 18. M\u00e4rz 2007 \u2219 18.00 Uhr<br>Denn euch geh\u00f6rt das Himmelreich<br>Abendlob<br>Neue Geistliche Lieder von Christill, Heurich, Lehmann und Lonquich<\/p>\n\n\n\n<p class=\"has-text-align-right\"><em>Jugendchor<\/em><\/p>\n\n\n\n<ul class=\"wp-block-list\">\n<li>Heiligkreuz<\/li>\n<\/ul>\n\n\n\n<p>Karfreitag, 6. April 2007 \u2219 15.00 Uhr<br>Feier vom Leiden und Sterben Christi<br>Giovanni Pierluigi da Palestrina: O crux ave \u2219 Tom\u00e1s Luis de Victoria: Popule meus, quid feci tibi \u2219 Melchior Franck: Also hat Gott die Welt geliebt \u2219 Johann Cr\u00fcger: Herzliebster Jesu \/ O Haupt voll Blut und Wunden \u2219 Felice Anerio: Christus factus est \u2219 Quirino Gasparini: Adoramus te, Christe<\/p>\n\n\n\n<p class=\"has-text-align-right\"><em>Chorgemeinschaft<\/em><\/p>\n\n\n\n<ul class=\"wp-block-list\">\n<li>St. Michael<\/li>\n<\/ul>\n\n\n\n<p>Ostersonntag, 8. April 2007 \u2219 17.00 Uhr<br>Emmaus \u2013 Unterwegs mit dem Auferstandenen<br>\u00d6sterliches Abendlob<\/p>\n\n\n\n<ul class=\"wp-block-list\">\n<li>St. Michael<\/li>\n<\/ul>\n\n\n\n<p>Ostermontag, 9. April 2007 \u2219 11.00 Uhr<br>Hochamt<br>Werke von Palestrina, Gippenbusch, Bach und Isom<\/p>\n\n\n\n<p class=\"has-text-align-right\"><em>Chorgemeinschaft<\/em><\/p>\n\n\n\n<ul class=\"wp-block-list\">\n<li>Heiligkreuz<\/li>\n<\/ul>\n\n\n\n<p>Samstag, 21. April 2007 \u2219 20.15 Uhr<br>Geistliches Chorkonzert<\/p>\n\n\n\n<p class=\"has-text-align-right\"><em>Gemengt Koor \u201eSoli Deo Gloria\u201c Schoonhoven (NL)<br>Leitung: Gerard van der Zijden<\/em><\/p>\n\n\n\n<ul class=\"wp-block-list\">\n<li>Heiligkreuz<\/li>\n<\/ul>\n\n\n\n<p>Freitag, 18. Mai 2007 \u2219 20.00 Uhr<br>Chorkonzert<\/p>\n\n\n\n<p class=\"has-text-align-right\"><em>Chr. Gemengd Drechtstedenkoor \u201ePraise Him\u201c Dordrecht (NL)<br>(Leitung: Martin Zonnenberg)<br>Gospelchor \u201eFree Voices\u201c Trier<br>(Leitung: G\u00fcnter Blatt)<br>Martin Mans, Orgel<\/em><\/p>\n\n\n\n<ul class=\"wp-block-list\">\n<li>St. Michael<\/li>\n<\/ul>\n\n\n\n<p>Freitag, 25. Mai 2007 \u2219 18.30 Uhr<br>Firmgottesdienst<br>Neue Geistliche Lieder \u2219 Instrumentalmusik von Georg Philipp Telemann, Johann Sebastian Bach und Georg Friedrich H\u00e4ndel<\/p>\n\n\n\n<p class=\"has-text-align-right\"><em>Jugendchor<br>Agnes Kraemer, Blockfl\u00f6te<br>Thomas Kraemer, Violine<br>Charlotte Kraemer, Violine<br>Andreas P\u00fctz, Fagott<br>Burkhard P\u00fctz und Ulrich Krupp, Orgel<br>Gesamtleitung: Burkhard P\u00fctz<\/em><\/p>\n\n\n\n<ul class=\"wp-block-list\">\n<li>Heiligkreuz<\/li>\n<\/ul>\n\n\n\n<p>Pfingstsonntag, 27. Mai 2007 \u2219 9.30 Uhr<br>Hochamt<br>Spiritus Domini \u2013 Gregorianischer Choral<br>Ordinarium I \u201eLux et origo\u201c \u2219 Proprium vom Tag<\/p>\n\n\n\n<p class=\"has-text-align-right\"><em>Choralschola<\/em><\/p>\n\n\n\n<ul class=\"wp-block-list\">\n<li>St. Maternus<\/li>\n<\/ul>\n\n\n\n<p>Freitag, 1. Juni 2007 \u2219 18.30 Uhr<br>Dankgottesdienst mit den Firmlingen<\/p>\n\n\n\n<p class=\"has-text-align-right\"><em>Jugendchor<\/em><\/p>\n\n\n\n<ul class=\"wp-block-list\">\n<li>St. Michael<\/li>\n<\/ul>\n\n\n\n<p>Dreifaltigkeitssonntag, 3. Juni 2007 \u2219 11.00 Uhr<br>Hochamt zum Pfarrfest<\/p>\n\n\n\n<p class=\"has-text-align-right\"><em>Jugendchor<\/em><\/p>\n\n\n\n<ul class=\"wp-block-list\">\n<li>St. Michael<\/li>\n<\/ul>\n\n\n\n<p>Donnerstag, 7. Juni 2007 \u2219 9.00 Uhr<br>Fronleichnamsgottesdienst und Prozession<br>Kompositionen von Reinthaler, Gassner, Dahlberg und P\u00fctz<\/p>\n\n\n\n<p class=\"has-text-align-right\"><em>Chorgemeinschaft<\/em><\/p>\n\n\n\n<ul class=\"wp-block-list\">\n<li>Heiligkreuz, Pfarrsaal<\/li>\n<\/ul>\n\n\n\n<p>Donnerstag, 7. Juni 2007 \u2219 13.30 Uhr<br>Kinderhits mit Witz<br>Die Kinderch\u00f6re Heiligkreuz \u2013 St. Maternus \u2013 St. Michael singen zum Pfarrfest<\/p>\n\n\n\n<ul class=\"wp-block-list\">\n<li>St. Maternus<\/li>\n<\/ul>\n\n\n\n<p>Sonntag, 1. Juli 2007 \u2219 11.30 Uhr<br>Familiengottesdienst zum Pfarrfest<\/p>\n\n\n\n<p class=\"has-text-align-right\"><em>Kinderchor<\/em><\/p>\n\n\n\n<ul class=\"wp-block-list\">\n<li>St. Ambrosius, Franz-Georg-Stra\u00dfe<\/li>\n<\/ul>\n\n\n\n<p>Sonntag, 22. Juli 2007 \u2219 15.00 Uhr<br>Priesterweihe von Fr. Andreas M\u00fcller CM durch Bischof Dr. Reinhard Marx<br>Wenzel Emanuel Hor\u00e1k: Missa Quinta in B \u2219 Johann Sebastian Bach: Psallite Deo nostro \u2219 Willem Andriessen: Exsultate Deo<\/p>\n\n\n\n<p class=\"has-text-align-right\"><em>Chorgemeinschaft<br>Marcus Adams, Orgel<br>Leitung: Burkhard P\u00fctz<\/em><\/p>\n\n\n\n<ul class=\"wp-block-list\">\n<li>Heiligkreuz<\/li>\n<\/ul>\n\n\n\n<p>Sonntag, 9. September 2007 \u2219 18.00 Uhr<br>Konzert<br>Barockmusik aus Bolivien<\/p>\n\n\n\n<p class=\"has-text-align-right\"><em>Coro y Orquesta Misional San Xavi\u00e9r<br>Leitung: Eduardo Silveira<\/em><\/p>\n\n\n\n<ul class=\"wp-block-list\">\n<li>Heiligkreuz<\/li>\n<\/ul>\n\n\n\n<p>Sonntag, 16. September 2007 \u2219 9.30 Uhr<br>Hochamt zum Fest Kreuzerh\u00f6hung<br>Chor- und Orgelmusik aus England<br>Alan Wilson: Holy, holy, holy \u2219 Burkhard P\u00fctz: Lift high the cross \u2219 Paul Isom: King of all ages, throned on high u. a.<\/p>\n\n\n\n<p class=\"has-text-align-right\"><em>Chorgemeinschaft<\/em><\/p>\n\n\n\n<ul class=\"wp-block-list\">\n<li>St. Anna, Trier-Olewig<\/li>\n<\/ul>\n\n\n\n<p>Samstag, 22. September 2007 \u2219 18.00 Uhr<br>Vorabendmesse mit Neuen Geistlichen Liedern<br>Die Chorgemeinschaft und der Jugendchor singen beim Dekanatssingen (\u201eWorkshop NGL\u201c)<\/p>\n\n\n\n<p class=\"has-text-align-right\"><em>Trierer Kirchen- und Jugendch\u00f6re<br>Ein Instrumentalensemble<br>Gesamtleitung: Dekanatskantor Burkhard P\u00fctz<\/em><\/p>\n\n\n\n<ul class=\"wp-block-list\">\n<li>Heiligkreuz<\/li>\n<\/ul>\n\n\n\n<p>Sonntag, 30. September 2007 \u2219 9.30 Uhr<br>Familiengottesdienst zum Erntedank<\/p>\n\n\n\n<p class=\"has-text-align-right\"><em>Kinderchor<\/em><\/p>\n\n\n\n<ul class=\"wp-block-list\">\n<li>St. Michael<\/li>\n<\/ul>\n\n\n\n<p>Sonntag, 30. September 2007 \u2219 11.00 Uhr<br>Hochamt zum Erntedank- und Patronatsfest<br>Neue Geistliche Lieder in S\u00e4tzen von Kingsbury, Janssens, Lehmann, Roth, Nagel, Sahm, Gabriel u. a.<\/p>\n\n\n\n<p class=\"has-text-align-right\"><em>Chorgemeinschaft<\/em><\/p>\n\n\n\n<ul class=\"wp-block-list\">\n<li>Heiligkreuz<\/li>\n<\/ul>\n\n\n\n<p>Donnerstag, 1. November 2007 \u2219 9.30 Uhr<br>Hochamt zu Allerheiligen<br>Gaudeamus \u2013 Gregorianischer Choral<br>Ordinarium VIII \u201eDe angelis\u201c \u2219 Proprium vom Tag<\/p>\n\n\n\n<p class=\"has-text-align-right\"><em>Choralschola<\/em><\/p>\n\n\n\n<ul class=\"wp-block-list\">\n<li>Heiligkreuz<\/li>\n<\/ul>\n\n\n\n<p>Christk\u00f6nigssonntag, 25. November 2007 \u2219 9.30 Uhr<br>Hochamt \u2013 C\u00e4cilienfest<\/p>\n\n\n\n<p class=\"has-text-align-right\"><em>Chorgemeinschaft<\/em><\/p>\n\n\n\n<ul class=\"wp-block-list\">\n<li>St. Maternus<\/li>\n<\/ul>\n\n\n\n<p>Sonntag, 9. Dezember 2007 \u2219 11.30 Uhr<br>Familiengottesdienst zum zweiten Advent<\/p>\n\n\n\n<p class=\"has-text-align-right\"><em>Kinderchor<\/em><\/p>\n\n\n\n<ul class=\"wp-block-list\">\n<li>Heiligkreuz<\/li>\n<\/ul>\n\n\n\n<p>Montag, 24. Dezember 2007 \u2219 17.30 Uhr<br>Weihnachtliche Instrumentalmusik<\/p>\n\n\n\n<p class=\"has-text-align-right\"><em>Verena Soffel, Fl\u00f6te<br>Burkhard P\u00fctz, Orgel<\/em><\/p>\n\n\n\n<ul class=\"wp-block-list\">\n<li>Heiligkreuz<\/li>\n<\/ul>\n\n\n\n<p>Montag, 24. Dezember 2007 \u2219 18.00 Uhr<br>Christmette<\/p>\n\n\n\n<p class=\"has-text-align-right\"><em>Chorgemeinschaft<\/em><\/p>\n\n\n\n<ul class=\"wp-block-list\">\n<li>St. Maternus<\/li>\n<\/ul>\n\n\n\n<p>Montag, 24. Dezember 2007 \u2219 22.00 Uhr<br>Christmette<br>Weihnachtliche Musik f\u00fcr Blockfl\u00f6te und Orgel<\/p>\n\n\n\n<p class=\"has-text-align-right\"><em>Verena Soffel, Fl\u00f6te<br>Burkhard P\u00fctz, Orgel<\/em><\/p>\n\n\n\n<ul class=\"wp-block-list\">\n<li>St. Maternus<\/li>\n<\/ul>\n\n\n\n<p>Dienstag, 25. Dezember 2007 \u2219 11.00 Uhr<br>Festhochamt zu Weihnachten<br>Th\u00e9odore Dubois: Messe in F f\u00fcr Chor und Orgel \u2219 Gregorianischer Choral: Introitus \u201ePuer natus est\u201c \u2219 Burkhard P\u00fctz: Et incarnatus est \u2219 Felix Mendelssohn-Bartholdy: Hark! The herald angels sing \u2219 Colin Mawby: In dulci jubilo \u2219 Zolt\u00e1n G\u00e1rdonyi: Adeste fideles<\/p>\n\n\n\n<p class=\"has-text-align-right\"><em>Chorgemeinschaft<br>Adrian Caspari, Orgel<\/em><\/p>\n\n\n\n<ul class=\"wp-block-list\">\n<li>St. Michael<\/li>\n<\/ul>\n\n\n\n<p>Dienstag, 25. Dezember 2007 \u2219 17.00 Uhr<br>In ihm ist Gott erschienen<br>Weihnachtliches Abendlob<\/p>\n\n\n\n<hr class=\"wp-block-separator has-alpha-channel-opacity\"\/>\n\n\n\n<p><a href=\"#2007\">nach oben<\/a> (Januar 2007)<\/p>\n\n\n\n<h3 class=\"wp-block-heading has-text-align-center\" id=\"2006\">2006<\/h3>\n\n\n\n<ul class=\"wp-block-list\">\n<li>Heiligkreuz<\/li>\n<\/ul>\n\n\n\n<p>Montag, 16. Januar 2006 \u2219 10.00 Uhr<br>Er\u00f6ffnungsmesse am Tag des Ewigen Gebetes<br>mit gregorianischen Ges\u00e4ngen<\/p>\n\n\n\n<p class=\"has-text-align-right\"><em>Choralschola<\/em><\/p>\n\n\n\n<ul class=\"wp-block-list\">\n<li>Heiligkreuz<\/li>\n<\/ul>\n\n\n\n<p>Montag, 16. Januar 2006 \u2219 18.30 Uhr<br>Schlussmesse am Tag des Ewigen Gebetes<br>Wolfgang Amadeus Mozart: Missa brevis in G KV 140 \u00b7 Ave verum corpus KV 618<br>Valentin Rathgeber: Offertorium op. 20\/2<\/p>\n\n\n\n<p class=\"has-text-align-right\"><em>Chorgemeinschaft<br>Josefine Frank, Sopran \u00b7 Martina Breiling, Alt<br>Sergei Snegirov, Tenor \u00b7 David Ziegler, Bass<br>Sch\u00f6neck-Ensemble Koblenz<br>Andreas Kasper, Orgel<br>Leitung: Burkhard P\u00fctz<\/em><\/p>\n\n\n\n<ul class=\"wp-block-list\">\n<li>St. Michael<\/li>\n<\/ul>\n\n\n\n<p>Samstag, 21. Januar 2006 \u2219 18.00 Uhr<br>Abendlob zum Abschluss des Ewigen Gebetes<br>mit Chorwerken von Vecchi, Sch\u00fctz, Mozart u. a.<\/p>\n\n\n\n<p class=\"has-text-align-right\"><em>Chorgemeinschaft<\/em><\/p>\n\n\n\n<ul class=\"wp-block-list\">\n<li>St. Maternus<\/li>\n<\/ul>\n\n\n\n<p>Samstag, 4. M\u00e4rz 2006 \u2219 18.00 Uhr<br>Vorabendmesse mit Spirituals und Neuen Geistlichen Liedern<\/p>\n\n\n\n<p class=\"has-text-align-right\"><em>Jugendchor<\/em><\/p>\n\n\n\n<ul class=\"wp-block-list\">\n<li>Heiligkreuz (Kapelle)<\/li>\n<\/ul>\n\n\n\n<p>Sonntag, 12. M\u00e4rz 2006 \u2219 18.00 Uhr<br>Jetzt ist die Zeit der Gnade<br>Abendlob in der Fastenzeit<\/p>\n\n\n\n<ul class=\"wp-block-list\">\n<li>St. Maternus<\/li>\n<\/ul>\n\n\n\n<p>Sonntag, 19. M\u00e4rz 2006 \u2219 11.30 Uhr<br>Eucharistiefeier zur Er\u00f6ffnung des Ewigen Gebetes<\/p>\n\n\n\n<p class=\"has-text-align-right\"><em>Kinderschola<\/em><\/p>\n\n\n\n<ul class=\"wp-block-list\">\n<li>St. Maternus<\/li>\n<\/ul>\n\n\n\n<p>Sonntag, 19. M\u00e4rz 2006 \u2219 18.00 Uhr<br>Abendlob zum Abschluss des Ewigen Gebetes<br>mit Chorwerken von Vecchi, Sch\u00fctz, Mozart, Berthier und Monk<\/p>\n\n\n\n<p class=\"has-text-align-right\"><em>Chorgemeinschaft<\/em><\/p>\n\n\n\n<ul class=\"wp-block-list\">\n<li>St. Michael<\/li>\n<\/ul>\n\n\n\n<p>Sonntag, 26. M\u00e4rz 2006 \u2219 11.00 Uhr<br>Familiengottesdienst<\/p>\n\n\n\n<p class=\"has-text-align-right\"><em>Kinderschola<\/em><\/p>\n\n\n\n<ul class=\"wp-block-list\">\n<li>Heiligkreuz<\/li>\n<\/ul>\n\n\n\n<p>Sonntag, 2. April 2006 \u2219 18.30 Uhr<br>Geistliches Konzert zum Passionssonntag<br>Gregorianischer Choral: De profundis clamavi ad te, Domine<br>Felix Mendelssohn-Bartholdy: Aus tiefer Not schrei ich zu dir op. 23, 1<br>Knut Nystedt: Peace, I will leave with you<br>Maurice Durufl\u00e9: Requiem aeternam op. 9<\/p>\n\n\n\n<p class=\"has-text-align-right\"><em>Cantores Trevirenses<br>Martin Leineweber, Orgel<br>Leitung: Matthias Balzer<\/em><\/p>\n\n\n\n<ul class=\"wp-block-list\">\n<li>Heiligkreuz<\/li>\n<\/ul>\n\n\n\n<p>Sonntag, 9. April 2006 \u2219 9.00 Uhr<br>Palmsonntagsliturgie<br>Chorwerke von Menschick, Lohmann und Bach<\/p>\n\n\n\n<p class=\"has-text-align-right\"><em>Chorgemeinschaft<\/em><\/p>\n\n\n\n<ul class=\"wp-block-list\">\n<li>Heiligkreuz<\/li>\n<\/ul>\n\n\n\n<p>Karfreitag, 14. April 2006 \u2219 15.00 Uhr<br>Feier vom Leiden und Sterben Christi<br>Chorwerke von Melchior Franck, Tom\u00e1s Luis de Victoria, Johann Sebastian Bach, Quirino Gasparini und Gottfried August Homilius<\/p>\n\n\n\n<p class=\"has-text-align-right\"><em>Chorgemeinschaft<\/em><\/p>\n\n\n\n<ul class=\"wp-block-list\">\n<li>St. Michael<\/li>\n<\/ul>\n\n\n\n<p>Ostersonntag, 16. April 2006 \u2219 17.00 Uhr<br>Mit dem Auferstandenen unterwegs<br>\u00d6sterliches Abendlob<\/p>\n\n\n\n<ul class=\"wp-block-list\">\n<li>St. Maternus<\/li>\n<\/ul>\n\n\n\n<p>Ostermontag, 17. April 2006 \u2219 11.00 Uhr<br>Hochamt zum Osterfest<br>mit Werken f\u00fcr Chor und Orgel u. a. von Gippenbusch, Vulpius, Leinh\u00e4user, Paulmichl und Isom<\/p>\n\n\n\n<p class=\"has-text-align-right\"><em>Chorgemeinschaft<\/em><\/p>\n\n\n\n<ul class=\"wp-block-list\">\n<li>Heiligkreuz (Kapelle)<\/li>\n<\/ul>\n\n\n\n<p>Montag, 29. Mai 2006 \u2219 19.30 Uhr<br>Konzert mit Chorwerken der Ostkirche u. a. von Tschaikowsky und Bortnjansky<\/p>\n\n\n\n<p class=\"has-text-align-right\"><em>Vokalensemble Vivat St. Petersburg<br>Leitung: Viktor Stupnew<\/em><\/p>\n\n\n\n<ul class=\"wp-block-list\">\n<li>Heiligkreuz<\/li>\n<\/ul>\n\n\n\n<p>Sonntag, 4. Juni 2006 \u2219 9.30 Uhr<br>Hochamt zu Pfingsten<br>Spiritus Domini \u2013 Gregorianischer Choral<br>Ordinarium I \u201eLux et origo\u201d und Proprium vom Tag<\/p>\n\n\n\n<p class=\"has-text-align-right\"><em>Choralschola<\/em><\/p>\n\n\n\n<ul class=\"wp-block-list\">\n<li>St. Maternus<\/li>\n<\/ul>\n\n\n\n<p>Sonntag, 4. Juni 2006 \u2219 18.00 Uhr<br>Pri\u00e8re \u2013 Preghiera \u2013 Gebet<br>Geistliches Konzert<br>mit Kompositionen von Caccini, Durante, Mendelssohn-Bartholdy, Gounod, Dvor\u00e1k u. a.<\/p>\n\n\n\n<p class=\"has-text-align-right\"><em>Vera Ilieva, Mezzosopran<br>Burkhard P\u00fctz, Orgel<\/em><\/p>\n\n\n\n<ul class=\"wp-block-list\">\n<li>St. Maternus<\/li>\n<\/ul>\n\n\n\n<p>Dienstag, 6. Juni 2006 \u2219 18.30 Uhr<br>Firmgottesdienst mit Neuen Geistlichen Liedern<\/p>\n\n\n\n<p class=\"has-text-align-right\"><em>Jugendchor<\/em><\/p>\n\n\n\n<ul class=\"wp-block-list\">\n<li>St. Michael<\/li>\n<\/ul>\n\n\n\n<p>Sonntag, 11. Juni 2006 \u2219 11.00 Uhr<br>Hochamt am Dreifaltigkeitssonntag<br>Kompositionen u. a. von Malcolm Archer und Paul Isom<\/p>\n\n\n\n<p class=\"has-text-align-right\"><em>Chorgemeinschaft<\/em><\/p>\n\n\n\n<ul class=\"wp-block-list\">\n<li>Mattheiser Weiher \/ St. Maternus<\/li>\n<\/ul>\n\n\n\n<p>Donnerstag, 15. Juni 2006 \u2219 9.00 Uhr<br>Fronleichnamsgottesdienst und -prozession<\/p>\n\n\n\n<p class=\"has-text-align-right\"><em>Chorgemeinschaft<\/em><\/p>\n\n\n\n<ul class=\"wp-block-list\">\n<li>St. Maternus<\/li>\n<\/ul>\n\n\n\n<p>Freitag, 23. Juni 2006 \u2219 18.30 Uhr<br>Jugendgottesdienst mit Neuen Geistlichen Liedern<\/p>\n\n\n\n<p class=\"has-text-align-right\"><em>Jugendchor<\/em><\/p>\n\n\n\n<ul class=\"wp-block-list\">\n<li>St. Maternus<\/li>\n<\/ul>\n\n\n\n<p>Sonntag, 9. Juli 2006 \u2219 11.30 Uhr<br>Familiengottesdienst<\/p>\n\n\n\n<p class=\"has-text-align-right\"><em>Kinderch\u00f6re<\/em><\/p>\n\n\n\n<ul class=\"wp-block-list\">\n<li>Heiligkreuz<\/li>\n<\/ul>\n\n\n\n<p>Sonntag, 16. Juli 2006 \u2219 9.30 Uhr<br>Gottesdienst zum Priesterjubil\u00e4um von Prof. Peter Kr\u00e4mer<\/p>\n\n\n\n<p class=\"has-text-align-right\"><em>Chorgemeinschaft<\/em><\/p>\n\n\n\n<ul class=\"wp-block-list\">\n<li>Heiligkreuz<\/li>\n<\/ul>\n\n\n\n<p>Sonntag, 17. September 2006 \u2219 9.30 Uhr<br>Pontifikalamt zum Fest Kreuzerh\u00f6hung<br>mit Weihbischof Leo Schwarz<br>Chorwerke von Giovanni Pierluigi da Palestrina, Johann Sebastian Bach, Quirino Gasparini, Gottfried August Homilius u. a.<\/p>\n\n\n\n<p class=\"has-text-align-right\"><em>Chorgemeinschaft<br>Markus Thome, Orgel<br>Leitung: Burkhard P\u00fctz<\/em><\/p>\n\n\n\n<ul class=\"wp-block-list\">\n<li>Heiligkreuz<\/li>\n<\/ul>\n\n\n\n<p>Sonntag, 1. Oktober 2006 \u2219 9.30 Uhr<br>Hochamt zum Erntedank<\/p>\n\n\n\n<p class=\"has-text-align-right\"><em>Kinderchor<\/em><\/p>\n\n\n\n<ul class=\"wp-block-list\">\n<li>St. Michael<\/li>\n<\/ul>\n\n\n\n<p>Sonntag, 1. Oktober 2006 \u2219 11.00 Uhr<br>Hochamt zum Erntedank- und Patronatsfest<\/p>\n\n\n\n<p class=\"has-text-align-right\"><em>Jugendchor und Kinderschola<\/em><\/p>\n\n\n\n<ul class=\"wp-block-list\">\n<li>Heiligkreuz<\/li>\n<\/ul>\n\n\n\n<p>Sonntag, 1. Oktober 2006 \u2219 17.30 Uhr<br>Benefizkonzert f\u00fcr die neue Orgel der Pfarrkirche St. Michael, Trier-Mariahof<br>Kompositionen von H\u00e4ndel, Mozart, Schubert, Gounod, Bizet u. a.<\/p>\n\n\n\n<p class=\"has-text-align-right\"><em>MGV Trier-Euren \u00b7 Leitung: Manfred Neimann<br>Vera Ilieva, Sopran<br>Kiara Sealy, Alt<br>Burkhard P\u00fctz, Orgel<\/em><\/p>\n\n\n\n<ul class=\"wp-block-list\">\n<li>St. Helena, Trier-Euren<\/li>\n<\/ul>\n\n\n\n<p>Sonntag, 29. Oktober 2006 \u2219 18.00 Uhr<br>Mit dir, Maria, singen wir<br>Abendlob<br>mit Weihbischof Dr. Stephan Ackermann<br>Dekanatssingen Trierer Kirchench\u00f6re<br>Kompositionen f\u00fcr Soli, Chor, Streicher und Orgel von Wolfgang Amadeus Mozart und Johann Michael Haydn, Gregorianischer Choral, Neue Geistliche Lieder u. a.<\/p>\n\n\n\n<p class=\"has-text-align-right\"><em>Kirchench\u00f6re Herz Jesu \u2219 Liebfrauen \u2219 St. Andreas \/ St. Augustinus<br>St. Anna \u2219 St. Helena \u2219 St. Jakob \u2219 St. Martin \u2219 St. Peter \u2219 Unitas Pfalzel<br>Chorgemeinschaft Heiligkreuz \u2013 St. Maternus \u2013 St. Michael<br>Eva Maria Leonardy, Sopran<br>Ein Projektorchester<br>Alfred M\u00fcller-Kranich, Orgel<br>Leitung: Dekanatskantor Burkhard P\u00fctz<\/em><\/p>\n\n\n\n<ul class=\"wp-block-list\">\n<li>St. Michael<\/li>\n<\/ul>\n\n\n\n<p>Dienstag, 31. Oktober 2006 \u2219 18.00 Uhr<br>Pontifikalamt zu Allerheiligen<br>mit Weihbischof Dr. Stephan Ackermann<br>Chorwerke von Mazak, Sch\u00fctz, Reinthaler u. a.<\/p>\n\n\n\n<p class=\"has-text-align-right\"><em>Chorgemeinschaft<\/em><\/p>\n\n\n\n<ul class=\"wp-block-list\">\n<li>Heiligkreuz<\/li>\n<\/ul>\n\n\n\n<p>Mittwoch, 22. November 2006 \u2219 19.30 Uhr<br>Die Seele ist symphonisch<br>Geistliches Konzert mit Kompositionen von Wolfgang Amadeus Mozart und Hildegard von Bingen<\/p>\n\n\n\n<p class=\"has-text-align-right\"><em>Eva Maria Leonardy, Sopran<br>Bernhard Leonardy, Orgel<\/em><\/p>\n\n\n\n<ul class=\"wp-block-list\">\n<li>St. Maternus<\/li>\n<\/ul>\n\n\n\n<p>Samstag, 25. November 2006 \u2219 18.00 Uhr<br>40 Jahre Pfarrei St. Maternus<br>Festgottesdienst<br>Werke f\u00fcr Soli, Chor, Trompeten, Posaunen, Pauken, Streicher und Basso continuo<br>Wolfgang Amadeus Mozart: Missa brevis in C KV 220 \u201eSpatzenmesse\u201c \u2219 Alma Dei creatoris KV 277 \u2219 Dixit Dominus KV 339, 1 \u2219 Kirchensonate in C KV 263 \u2219 Burkhard P\u00fctz: Liedkantate \u201eGelobt seist du, Herr Jesu Christ\u201c<\/p>\n\n\n\n<p class=\"has-text-align-right\"><em>Antonia Lutz, Sopran<br>Martina Breiling, Alt<br>Thomas Kuhnen, Tenor<br>David Ziegler, Bass<br>Chorgemeinschaft<br>Ein Projektorchester:<br>Marco Jakobs \u2219 Thorsten Kiech, Trompete<br>Martin Schaefer, Pauken<br>Christoph Neumann \u2219 Flora Zahn \u2219 Reimund Berg, Posaune<br>Franz Brixius \u2219 Georg Belkot \u2219 Eva Matulla \u00b7 Iwona Haffke-Celiker \u2219<br>Veronika Bier \u2219 Adrianna Marganiec, Violine<br>Sonja Lehrke, Violoncello<br>Peter Seibeld, Kontrabass<br>Felix Eiffler, Fagott<br>Martin Leineweber, Orgel<br>Leitung: Burkhard P\u00fctz<\/em><\/p>\n\n\n\n<ul class=\"wp-block-list\">\n<li>Heiligkreuz<\/li>\n<\/ul>\n\n\n\n<p>Sonntag, 3. Dezember 2006 \u2219 18.00 Uhr<br>Siehe, dein K\u00f6nig kommt zu dir<br>Chorkonzert zum Advent<br>Kompositionen u. a. von Vittoria, Eccard, Schein, Anerio, Johann Michael Haydn, Rheinberger, N\u00f6ssler, Reger und Kod\u00e1ly<\/p>\n\n\n\n<p class=\"has-text-align-right\"><em>Ensemble vocal \u201eJubilate Musica\u201c Luxembourg<br>Leitung: Burkhard P\u00fctz<\/em><\/p>\n\n\n\n<ul class=\"wp-block-list\">\n<li>St. Maternus<\/li>\n<\/ul>\n\n\n\n<p>Sonntag, 10. Dezember 2006 \u2219 11.30 Uhr<br>Familiengottesdienst zum zweiten Advent<\/p>\n\n\n\n<p class=\"has-text-align-right\"><em>Kinderchor<\/em><\/p>\n\n\n\n<ul class=\"wp-block-list\">\n<li>Heiligkreuz<\/li>\n<\/ul>\n\n\n\n<p>Sonntag, 24. Dezember 2006 \u2219 17.30 Uhr<br>Weihnachtliche Instrumentalmusik<\/p>\n\n\n\n<p class=\"has-text-align-right\"><em>Verena Soffel, Fl\u00f6te<br>Burkhard P\u00fctz, Orgel<\/em><\/p>\n\n\n\n<ul class=\"wp-block-list\">\n<li>Heiligkreuz<\/li>\n<\/ul>\n\n\n\n<p>Sonntag, 24. Dezember 2006 \u2219 18.00 Uhr<br>Christmette<br>mit Chorkompositionen von Praetorius, Willcocks u. a.<\/p>\n\n\n\n<p class=\"has-text-align-right\"><em>Chorgemeinschaft<\/em><\/p>\n\n\n\n<ul class=\"wp-block-list\">\n<li>St. Maternus<\/li>\n<\/ul>\n\n\n\n<p>Sonntag, 24. Dezember 2006 \u2219 21.00 Uhr<br>Christmette<br>mit weihnachtlicher Musik f\u00fcr Blockfl\u00f6te und Orgel von L. Graap und R. R. Klein<\/p>\n\n\n\n<p class=\"has-text-align-right\"><em>Verena Soffel, Fl\u00f6te<br>Burkhard P\u00fctz, Orgel<\/em><\/p>\n\n\n\n<ul class=\"wp-block-list\">\n<li>Heiligkreuz<\/li>\n<\/ul>\n\n\n\n<p>Montag, 25. Dezember 2006 \u2219 9.30 Uhr<br>Festhochamt zu Weihnachten<br>Wolfgang Amadeus Mozart: Missa brevis in C KV 220 \u201eSpatzenmesse\u201c f\u00fcr Soli, Chor, Trompeten, Posaunen, Pauken, Streicher und Basso continuo \u2219 Alma Dei creatoris KV 277 \u2219 Dixit Dominus KV 339, 1 \u2219 Kirchensonate in C KV 263<\/p>\n\n\n\n<p class=\"has-text-align-right\"><em>Antonia Lutz, Sopran<br>Martina Breiling, Alt<br>Thomas Kuhnen, Tenor<br>David Ziegler, Bass<br>Chorgemeinschaft<br>Ein Projektorchester:<br>Marco Jakobs \u2219 Thorsten Kiech, Trompete<br>Martin Schaefer, Pauken<br>Christoph Neumann \u2219 Flora Zahn \u2219 Reimund Berg, Posaune<br>Franz Brixius \u2219 Georg Belkot \u2219 Eva Matulla \u2219 Iwona Haffke-Celiker \u2219<br>Veronika Bier \u2219 Adrianna Marganiec, Violine<br>Sonja Lehrke, Violoncello<br>Peter Seibeld, Kontrabass<br>Felix Eiffler, Fagott<br>Martin Leineweber, Orgel<br>Leitung: Burkhard P\u00fctz<\/em><\/p>\n\n\n\n<ul class=\"wp-block-list\">\n<li>St. Michael<\/li>\n<\/ul>\n\n\n\n<p>Montag, 25. Dezember 2006 \u2219 17.00 Uhr<br>Heute erstrahlt ein Licht \u00fcber uns<br>Weihnachtliches Abendlob<\/p>\n\n\n\n<hr class=\"wp-block-separator has-alpha-channel-opacity\"\/>\n\n\n\n<p><a href=\"#2006\">nach oben<\/a> (Januar 2006)<\/p>\n\n\n\n<h3 class=\"wp-block-heading has-text-align-center\" id=\"2005\">2005<\/h3>\n\n\n\n<ul class=\"wp-block-list\">\n<li>St. Maternus<\/li>\n<\/ul>\n\n\n\n<p>Samstag, 12. Februar 2005 \u2219 18.00 Uhr<br>Vorabendmesse mit Neuen Geistlichen Liedern<\/p>\n\n\n\n<p class=\"has-text-align-right\"><em>Jugendchor<\/em><\/p>\n\n\n\n<ul class=\"wp-block-list\">\n<li>Heiligkreuz<\/li>\n<\/ul>\n\n\n\n<p>Sonntag, 20. Februar 2005 \u2219 9.30 Uhr<br>Hochamt mit Neuen Geistlichen Liedern<\/p>\n\n\n\n<p class=\"has-text-align-right\"><em>Jugendchor<\/em><\/p>\n\n\n\n<ul class=\"wp-block-list\">\n<li>St. Michael<\/li>\n<\/ul>\n\n\n\n<p>Sonntag, 20. Februar 2005 \u2219 11.00 Uhr<br>Familiengottesdienst<\/p>\n\n\n\n<p class=\"has-text-align-right\"><em>Kinderschola<\/em><\/p>\n\n\n\n<ul class=\"wp-block-list\">\n<li>St. Maternus<\/li>\n<\/ul>\n\n\n\n<p>Sonntag, 27. Februar 2005 \u2219 11.30 Uhr<br>Eucharistiefeier zur Er\u00f6ffnung des Ewigen Gebetes<\/p>\n\n\n\n<p class=\"has-text-align-right\"><em>Kinderschola<\/em><\/p>\n\n\n\n<ul class=\"wp-block-list\">\n<li>St. Maternus<\/li>\n<\/ul>\n\n\n\n<p>Sonntag, 27. Februar 2005 \u2219 18.00 Uhr<br>Abendlob zum Abschluss des Ewigen Gebetes<br>mit Chorwerken von Vecchi, Sch\u00fctz, Mozart,<br>Parry, Berthier u. a.<\/p>\n\n\n\n<p class=\"has-text-align-right\"><em>Chorgemeinschaft<\/em><\/p>\n\n\n\n<ul class=\"wp-block-list\">\n<li>Heiligkreuz<\/li>\n<\/ul>\n\n\n\n<p>Sonntag \u201eLaetare\u201c, 6. M\u00e4rz 2005 \u2219 19.00 Uhr<br>Laudatio Organi<br>Orgelkonzert zum 10-j\u00e4hrigen Jubil\u00e4um der Siegfried-Sauer-Orgel<br>Kompositionen u. a. von Bach, Vierne, Reger, Karg-Elert und Improvisationen<\/p>\n\n\n\n<p class=\"has-text-align-right\"><em>Domorganist Gereon Krahforst (Paderborn), Orgel<\/em><\/p>\n\n\n\n<ul class=\"wp-block-list\">\n<li>Heiligkreuz<\/li>\n<\/ul>\n\n\n\n<p>Freitag, 11. M\u00e4rz 2005 \u2219 8.00 bis 13.00 Uhr (st\u00fcndlich)<br>Orgelvorf\u00fchrung f\u00fcr Kinder<\/p>\n\n\n\n<p class=\"has-text-align-right\"><em>Burkhard P\u00fctz, Orgel<\/em><\/p>\n\n\n\n<ul class=\"wp-block-list\">\n<li>Heiligkreuz<\/li>\n<\/ul>\n\n\n\n<p>Sonntag, 13. M\u00e4rz 2005 \u2219 18.00 Uhr<br>Abendlob in der Passionszeit \u201eIm Kreuz ist Heil\u201c<\/p>\n\n\n\n<ul class=\"wp-block-list\">\n<li>Heiligkreuz<\/li>\n<\/ul>\n\n\n\n<p>Sonntag, 20. M\u00e4rz 2005 \u2219 9.00 Uhr<br>Palmsonntagsliturgie<\/p>\n\n\n\n<p class=\"has-text-align-right\"><em>Chorgemeinschaft<\/em><\/p>\n\n\n\n<ul class=\"wp-block-list\">\n<li>Heiligkreuz<\/li>\n<\/ul>\n\n\n\n<p>Karfreitag, 25. M\u00e4rz 2005 \u2219 15.00 Uhr<br>Feier vom Leiden und Sterben Christi<br>Chorwerke von Johann Sebastian Bach<\/p>\n\n\n\n<p class=\"has-text-align-right\"><em>Chorgemeinschaft<\/em><\/p>\n\n\n\n<ul class=\"wp-block-list\">\n<li>St. Michael<\/li>\n<\/ul>\n\n\n\n<p>Ostersonntag, 27. M\u00e4rz 2005 \u2219 17.00 Uhr<br>\u00d6sterliches Abendlob \u201eAuferstanden ist der Herr, Halleluja\u201c<\/p>\n\n\n\n<ul class=\"wp-block-list\">\n<li>St. Michael<\/li>\n<\/ul>\n\n\n\n<p>Ostermontag, 28. M\u00e4rz 2005 \u2219 11.00 Uhr<br>Hochamt zum Osterfest<br>mit Werken f\u00fcr Chor und Orgel von Victoria, Praetorius, Gippenbusch, Lotti, Vulpius u. a.<\/p>\n\n\n\n<p class=\"has-text-align-right\"><em>Chorgemeinschaft<\/em><\/p>\n\n\n\n<ul class=\"wp-block-list\">\n<li>St. Michael<\/li>\n<\/ul>\n\n\n\n<p>Sonntag, 3. April 2005 \u2219 9.30 Uhr<br>Erstkommunionfeier<\/p>\n\n\n\n<p class=\"has-text-align-right\"><em>Kinderschola<\/em><\/p>\n\n\n\n<ul class=\"wp-block-list\">\n<li>Heiligkreuz<\/li>\n<\/ul>\n\n\n\n<p>Sonntag, 3. April 2005 \u2219 11.00 Uhr<br>Erstkommunionfeier<\/p>\n\n\n\n<p class=\"has-text-align-right\"><em>Kinderschola<\/em><\/p>\n\n\n\n<ul class=\"wp-block-list\">\n<li>Heiligkreuz<\/li>\n<\/ul>\n\n\n\n<p>Sonntag, 10. April 2005 \u2219 9.30 Uhr<br>Hochamt mit gregorianischen Ges\u00e4ngen<br>Ordinarium I \u201eLux et origo\u201c<\/p>\n\n\n\n<p class=\"has-text-align-right\"><em>Choralschola<\/em><\/p>\n\n\n\n<ul class=\"wp-block-list\">\n<li>St. Michael<\/li>\n<\/ul>\n\n\n\n<p>Montag, 11. April 2005 \u2219 19.00 Uhr<br>Offenes Singen Neuer Geistlicher Lieder<\/p>\n\n\n\n<p class=\"has-text-align-right\"><em>Leitung: Burkhard P\u00fctz<\/em><\/p>\n\n\n\n<ul class=\"wp-block-list\">\n<li>Heiligkreuz<\/li>\n<\/ul>\n\n\n\n<p>Freitag, 6. Mai 2005 \u2219 20.00 Uhr<br>Psalmen gestern und heute<br>Chor- und Orgelkonzert mit Werken von Desprez, Bach, Mendelssohn, Hoybye, Kaminsky, Nystedt u. a.<\/p>\n\n\n\n<p class=\"has-text-align-right\"><em>Konzertchor der Hochschule f\u00fcr Katholische<br>Kirchenmusik und Musikp\u00e4dagogik Regensburg<br>Leitung: Prof. Kunibert Sch\u00e4fer<\/em><\/p>\n\n\n\n<ul class=\"wp-block-list\">\n<li>St. Maternus<\/li>\n<\/ul>\n\n\n\n<p>Samstag, 14. Mai 2005 \u2219 18.00 Uhr<br>Firmgottesdienst mit Neuen Geistlichen Liedern<\/p>\n\n\n\n<p class=\"has-text-align-right\"><em>Jugendchor<\/em><\/p>\n\n\n\n<ul class=\"wp-block-list\">\n<li>Heiligkreuz<\/li>\n<\/ul>\n\n\n\n<p>Pfingstsonntag, 15. Mai 2005 \u2219 9.30 Uhr<br>Festhochamt mit gregorianischen Ges\u00e4ngen<br>Ordinarium I \u201eLux et origo\u201c und Proprium \u201eSpiritus Domini\u201c vom Tag<\/p>\n\n\n\n<p class=\"has-text-align-right\"><em>Choralschola<\/em><\/p>\n\n\n\n<ul class=\"wp-block-list\">\n<li>St. Michael<\/li>\n<\/ul>\n\n\n\n<p>Sonntag, 15. Mai 2005 \u2219 18.00 Uhr<br>Pfingstliches Abendlob \u201eVeni Sancte Spiritus\u201c<\/p>\n\n\n\n<ul class=\"wp-block-list\">\n<li>St. Michael<\/li>\n<\/ul>\n\n\n\n<p>Sonntag, 22. Mai 2005 \u2219 11.00 Uhr<br>Hochamt zum Pfarrfest<\/p>\n\n\n\n<p class=\"has-text-align-right\"><em>Chorgemeinschaft<\/em><\/p>\n\n\n\n<ul class=\"wp-block-list\">\n<li>Heiligkreuz<\/li>\n<\/ul>\n\n\n\n<p>Donnerstag, 26. Mai 2005 \u2219 9.00 Uhr<br>Fronleichnamsgottesdienst<\/p>\n\n\n\n<p class=\"has-text-align-right\"><em>Chorgemeinschaft<\/em><\/p>\n\n\n\n<ul class=\"wp-block-list\">\n<li>Heiligkreuz<\/li>\n<\/ul>\n\n\n\n<p>Donnerstag, 26. Mai 2005 \u2219 15.00 Uhr<br>Orgelkonzert zum Pfarrfest<\/p>\n\n\n\n<p class=\"has-text-align-right\"><em>Burkhard P\u00fctz, Orgel<\/em><\/p>\n\n\n\n<ul class=\"wp-block-list\">\n<li>St. Martin (Maarstra\u00dfe)<\/li>\n<\/ul>\n\n\n\n<p>Samstag, 18. Juni 2005 \u2219 18.00 Uhr<br>Auf dich vertrau ich und f\u00fcrcht mich nicht<br>Die Chorgemeinschaft singt beim Dekanatssingen Trierer Kirchench\u00f6re<br>Kompositionen von Mazak, Bach, Parry u. a.<\/p>\n\n\n\n<p class=\"has-text-align-right\"><em>Leitung: Dekanatskantor Burkhard P\u00fctz<\/em><\/p>\n\n\n\n<ul class=\"wp-block-list\">\n<li>St. Michael<\/li>\n<\/ul>\n\n\n\n<p>Sonntag, 19. Juni 2005 \u2219 11.00 Uhr<br>Familiengottesdienst<\/p>\n\n\n\n<p class=\"has-text-align-right\"><em>Kinderch\u00f6re<\/em><\/p>\n\n\n\n<ul class=\"wp-block-list\">\n<li>Heiligkreuz<\/li>\n<\/ul>\n\n\n\n<p>Sonntag, 18. September 2005 \u2219 9.30 Uhr<br>Hochamt zum Patrozinium<br>Kompositionen u. a. von Mazak, Santini und Bach<\/p>\n\n\n\n<p class=\"has-text-align-right\"><em>Chorgemeinschaft<\/em><\/p>\n\n\n\n<ul class=\"wp-block-list\">\n<li>Heiligkreuz<\/li>\n<\/ul>\n\n\n\n<p>Sonntag, 2. Oktober 2005 \u2219 9.30 Uhr<br>Familiengottesdienst zum Erntedankfest<\/p>\n\n\n\n<p class=\"has-text-align-right\"><em>Kinderschola<\/em><\/p>\n\n\n\n<ul class=\"wp-block-list\">\n<li>St. Michael<\/li>\n<\/ul>\n\n\n\n<p>Sonntag, 2. Oktober 2005 \u2219 11.00 Uhr<br>Hochamt zum Erntedank- und Patronatsfest<\/p>\n\n\n\n<p class=\"has-text-align-right\"><em>Kinderschola<\/em><\/p>\n\n\n\n<ul class=\"wp-block-list\">\n<li>Heiligkreuz<\/li>\n<\/ul>\n\n\n\n<p>Sonntag, 2. Oktober 2005 \u2219 18.00 Uhr<br>Benedicite Dominum<br>Geistliches Konzert zum Patronatsfest St. Michael<br>Gregorianischer Choral und fr\u00fche Mehrstimmigkeit<\/p>\n\n\n\n<p class=\"has-text-align-right\"><em>Ensemble \u201eVirga strata\u201c Berlin<br>Leitung: Krystian Skoczowski<\/em><\/p>\n\n\n\n<ul class=\"wp-block-list\">\n<li>Heiligkreuz<\/li>\n<\/ul>\n\n\n\n<p>Montag, 10. Oktober 2005 \u2219 19.30 Uhr<br>Konzert mit Chorwerken der Ostkirche<br>Kompositionen von Tschaikowsky, Sarti, Balakirew u. a.<\/p>\n\n\n\n<p class=\"has-text-align-right\"><em>Vokalensemble \u201eVivat\u201d St. Petersburg<br>Leitung: Viktor Stupnew<\/em><\/p>\n\n\n\n<ul class=\"wp-block-list\">\n<li>Heiligkreuz<\/li>\n<\/ul>\n\n\n\n<p>Sonntag, 16. Oktober 2005 \u2219 18.00 Uhr<br>Ich will dir singen und spielen<br>Geistliche Chor- und Instrumentalmusik<br>anl\u00e4sslich des 30-j\u00e4hrigen Organistenjubil\u00e4ums von Burkhard P\u00fctz<br>Kompositionen von Hassler, Bach, Mendelssohn-Bartholdy, Reger, Distler u. a.<\/p>\n\n\n\n<p class=\"has-text-align-right\"><em>Chorgemeinschaft<br>Sylwia Timotijevic, Fl\u00f6te<br>Satoshi Nakayama, Oboe<br>Rebekka Hodapp, Violoncello<br>Ulrich Krupp, Orgel<br>Leitung: Burkhard P\u00fctz<\/em><\/p>\n\n\n\n<ul class=\"wp-block-list\">\n<li>Heiligkreuz<\/li>\n<\/ul>\n\n\n\n<p>Dienstag, 1. November 2005 \u2219 9.30 Uhr<br>Hochamt zu Allerheiligen mit gregorianischen Ges\u00e4ngen<br>Ordinarium VIII \u201eDe Angelis\u201c und Proprium vom Tage<\/p>\n\n\n\n<p class=\"has-text-align-right\"><em>Choralschola<\/em><\/p>\n\n\n\n<ul class=\"wp-block-list\">\n<li>St. Maternus<\/li>\n<\/ul>\n\n\n\n<p>Samstag, 27. November 2005 \u2219 18.00 Uhr<br>Vorabendmesse zum ersten Advent<br>Kompositionen f\u00fcr Chor und Orgel von Schein, Briegel, Willcocks u. a.<\/p>\n\n\n\n<p class=\"has-text-align-right\"><em>Chorgemeinschaft<\/em><\/p>\n\n\n\n<ul class=\"wp-block-list\">\n<li>St. Michael<\/li>\n<\/ul>\n\n\n\n<p>Samstag, 3. Dezember 2005 \u2219 18.00 Uhr<br>Wir erwarten einen neuen Himmel<br>Vorabendmesse zum zweiten Advent<\/p>\n\n\n\n<p class=\"has-text-align-right\"><em>Jugendchor<\/em><\/p>\n\n\n\n<ul class=\"wp-block-list\">\n<li>St. Maternus<\/li>\n<\/ul>\n\n\n\n<p>Sonntag, 11. Dezember 2005 \u2219 11.30 Uhr<br>Familiengottesdienst zum dritten Advent<\/p>\n\n\n\n<p class=\"has-text-align-right\"><em>Kinderschola<\/em><\/p>\n\n\n\n<ul class=\"wp-block-list\">\n<li>Heiligkreuz (Kapelle)<\/li>\n<\/ul>\n\n\n\n<p>Sonntag, 18. Dezember 2005 \u2219 18.00 Uhr<br>O Adonai \u2013 O Herr<br>Adventliches Abendlob<\/p>\n\n\n\n<ul class=\"wp-block-list\">\n<li>Heiligkreuz<\/li>\n<\/ul>\n\n\n\n<p>Samstag, 24. Dezember 2005 \u2219 17.30 Uhr<br>Weihnachtliche Instrumentalmusik von Telemann, Nickel u. a.<\/p>\n\n\n\n<p class=\"has-text-align-right\"><em>Verena Soffel, Blockfl\u00f6te<br>Burkhard P\u00fctz, Orgel<\/em><\/p>\n\n\n\n<ul class=\"wp-block-list\">\n<li>Heiligkreuz<\/li>\n<\/ul>\n\n\n\n<p>Samstag, 24. Dezember 2005 \u2219 18.00 Uhr<br>Christmette<br>Chorwerke von Praetorius, Willcocks u. a.<\/p>\n\n\n\n<p class=\"has-text-align-right\"><em>Chorgemeinschaft<\/em><\/p>\n\n\n\n<ul class=\"wp-block-list\">\n<li>St. Maternus<\/li>\n<\/ul>\n\n\n\n<p>Samstag, 24. Dezember 2005 \u2219 22.00 Uhr<br>Christmette<br>Weihnachtliche Musik von Roehr, Nickel und de Caix d\u2019Hervelois<\/p>\n\n\n\n<p class=\"has-text-align-right\"><em>Verena Soffel, Fl\u00f6te<br>Burkhard P\u00fctz, Orgel<\/em><\/p>\n\n\n\n<ul class=\"wp-block-list\">\n<li>St. Michael<\/li>\n<\/ul>\n\n\n\n<p>Sonntag, 25. Dezember 2005 \u2219 11.00 Uhr<br>Festhochamt zu Weihnachten<br>Wolfgang Amadeus Mozart: Missa brevis in G (\u201ePastoralmesse\u201c) KV 140<br>Valentin Rathgeber: Weihnachtsoffertorium \u201eVerbum caro factum est\u201c op. 20\/2<\/p>\n\n\n\n<p class=\"has-text-align-right\"><em>Chorgemeinschaft<br>Josefine Frank, Sopran \u00b7 Martina Breiling, Alt<br>Sergei Snegirov, Tenor \u00b7 David Ziegler, Bass<br>Sch\u00f6neck-Ensemble Koblenz<br>Andreas Kasper, Orgel<br>Leitung: Burkhard P\u00fctz<\/em><\/p>\n\n\n\n<ul class=\"wp-block-list\">\n<li>St. Michael<\/li>\n<\/ul>\n\n\n\n<p>Sonntag, 25. Dezember 2005 \u2219 17.00 Uhr<br>In ihm ist Gott erschienen<br>Weihnachtliches Abendlob<\/p>\n\n\n\n<ul class=\"wp-block-list\">\n<li>Heiligkreuz und St. Maternus<\/li>\n<\/ul>\n\n\n\n<p>Montag, 26. Dezember 2005 \u2219 9.30 und 11.30 Uhr<br>Gottesdienste mit Instrumentalmusik zur Weihnachtszeit von Telemann, Nickel u. a.<\/p>\n\n\n\n<p class=\"has-text-align-right\"><em>Verena Soffel, Blockfl\u00f6te<br>Burkhard P\u00fctz, Orgel<\/em><\/p>\n\n\n\n<p><a href=\"#2005\">nach oben<\/a> (Januar 2005)<\/p>\n","protected":false},"excerpt":{"rendered":"<p>200720062005 Pfarrkirche Heiligkreuz | Trier, Arnulfstra\u00dfePfarrkirche St. Maternus | Trier, KarlswegPfarrkirche St. Michael | Trier-Mariahof 2007 Dienstag, 16. Januar 2007 \u2219 10.00 UhrEr\u00f6ffnungsmesse am Tag des Ewigen GebetesGregorianischer ChoralOrdinarium VIII&#8230;<\/p>\n","protected":false},"author":1,"featured_media":0,"parent":341,"menu_order":7,"comment_status":"closed","ping_status":"closed","template":"","meta":{"_kadence_starter_templates_imported_post":false,"_kad_post_transparent":"","_kad_post_title":"","_kad_post_layout":"narrow","_kad_post_sidebar_id":"","_kad_post_content_style":"","_kad_post_vertical_padding":"","_kad_post_feature":"","_kad_post_feature_position":"","_kad_post_header":false,"_kad_post_footer":false,"_kad_post_classname":"","footnotes":""},"class_list":["post-137","page","type-page","status-publish","hentry"],"_links":{"self":[{"href":"https:\/\/burkhard-puetz.de\/index.php?rest_route=\/wp\/v2\/pages\/137","targetHints":{"allow":["GET"]}}],"collection":[{"href":"https:\/\/burkhard-puetz.de\/index.php?rest_route=\/wp\/v2\/pages"}],"about":[{"href":"https:\/\/burkhard-puetz.de\/index.php?rest_route=\/wp\/v2\/types\/page"}],"author":[{"embeddable":true,"href":"https:\/\/burkhard-puetz.de\/index.php?rest_route=\/wp\/v2\/users\/1"}],"replies":[{"embeddable":true,"href":"https:\/\/burkhard-puetz.de\/index.php?rest_route=%2Fwp%2Fv2%2Fcomments&post=137"}],"version-history":[{"count":46,"href":"https:\/\/burkhard-puetz.de\/index.php?rest_route=\/wp\/v2\/pages\/137\/revisions"}],"predecessor-version":[{"id":2465,"href":"https:\/\/burkhard-puetz.de\/index.php?rest_route=\/wp\/v2\/pages\/137\/revisions\/2465"}],"up":[{"embeddable":true,"href":"https:\/\/burkhard-puetz.de\/index.php?rest_route=\/wp\/v2\/pages\/341"}],"wp:attachment":[{"href":"https:\/\/burkhard-puetz.de\/index.php?rest_route=%2Fwp%2Fv2%2Fmedia&parent=137"}],"curies":[{"name":"wp","href":"https:\/\/api.w.org\/{rel}","templated":true}]}}