{"id":19,"date":"2024-07-28T06:53:25","date_gmt":"2024-07-28T06:53:25","guid":{"rendered":"https:\/\/burkhard-puetz.de\/?page_id=19"},"modified":"2026-04-16T09:25:33","modified_gmt":"2026-04-16T09:25:33","slug":"musica-sacra-2024","status":"publish","type":"page","link":"https:\/\/burkhard-puetz.de\/?page_id=19","title":{"rendered":"Musica sacra 2026 | 2025 | 2024"},"content":{"rendered":"\n<figure class=\"wp-block-image size-full is-resized\"><img loading=\"lazy\" decoding=\"async\" width=\"505\" height=\"234\" src=\"https:\/\/burkhard-puetz.de\/wp-content\/uploads\/2024\/08\/Logo-Musica-sacra-blau-1.png\" alt=\"\" class=\"wp-image-2509\" style=\"width:330px;height:auto\" srcset=\"https:\/\/burkhard-puetz.de\/wp-content\/uploads\/2024\/08\/Logo-Musica-sacra-blau-1.png 505w, https:\/\/burkhard-puetz.de\/wp-content\/uploads\/2024\/08\/Logo-Musica-sacra-blau-1-300x139.png 300w\" sizes=\"auto, (max-width: 505px) 100vw, 505px\" \/><\/figure>\n\n\n\n<p class=\"has-text-align-center\"><a href=\"#2026\">2026<\/a><br><a href=\"#2025\">2025<\/a><br><a href=\"#2024\">2024<\/a><\/p>\n\n\n\n<ul style=\"padding-top:0;padding-bottom:0;line-height:1.5\" class=\"wp-block-list has-theme-palette-1-color has-text-color has-link-color has-medium-font-size wp-elements-212d2c7f7b47ec543649479bcb2cee49\">\n<li style=\"line-height:1.2\">Pfarrkirche Heiligkreuz | Trier, Arnulfstra\u00dfe<\/li>\n<\/ul>\n\n\n\n<ul style=\"padding-top:0;padding-bottom:0;line-height:1.5\" class=\"wp-block-list has-theme-palette-1-color has-text-color has-link-color has-medium-font-size wp-elements-deba8cf4142f511f74bb368a31d5234c\">\n<li style=\"line-height:1.2\">Pfarrkirche St. Maternus | Trier, Karlsweg<\/li>\n<\/ul>\n\n\n\n<ul style=\"padding-top:0;padding-bottom:0;line-height:1.5\" class=\"wp-block-list has-theme-palette-1-color has-text-color has-link-color has-medium-font-size wp-elements-5eafca1a2b6dbbb6dd0f5d6268c89763\">\n<li style=\"line-height:1.2\">Pfarrkirche St. Michael | Trier-Mariahof<\/li>\n<\/ul>\n\n\n\n<ul style=\"line-height:1.2\" class=\"wp-block-list\"><\/ul>\n\n\n\n<hr class=\"wp-block-separator has-alpha-channel-opacity\"\/>\n\n\n\n<h2 class=\"wp-block-heading has-text-align-center\" id=\"2026\">2026<\/h2>\n\n\n\n<h2 class=\"wp-block-heading\">Januar<\/h2>\n\n\n\n<p class=\"has-theme-palette-1-color has-theme-palette-7-background-color has-text-color has-background has-link-color wp-elements-f59c84cefe2ed7649bce653667b0b16c\" style=\"padding-top:var(--wp--preset--spacing--40);padding-right:var(--wp--preset--spacing--50);padding-bottom:var(--wp--preset--spacing--40);padding-left:var(--wp--preset--spacing--50);font-style:normal;font-weight:600;line-height:1.5\">Heiligkreuz<\/p>\n\n\n\n<p>Sonntag, 25. Januar 2026 | 3. Sonntag im Jahreskreis<\/p>\n\n\n\n<p>11:00 HOCHAMT | Gregorianischer Choral<br>Ordinarium VIII \u201eDe Angelis\u201c | Proprium \u201eDominus secus mare\u201c<\/p>\n\n\n\n<p class=\"has-text-align-right\"><em>Choralschola Heiligkreuz<\/em><\/p>\n\n\n\n<h2 class=\"wp-block-heading\">Februar<\/h2>\n\n\n\n<p class=\"has-theme-palette-1-color has-theme-palette-7-background-color has-text-color has-background has-link-color wp-elements-6b9bd7bfcb60fd022ab36097330c7499\" style=\"padding-top:var(--wp--preset--spacing--40);padding-right:var(--wp--preset--spacing--50);padding-bottom:var(--wp--preset--spacing--40);padding-left:var(--wp--preset--spacing--50);font-style:normal;font-weight:600;line-height:1.5\">St. Michael<\/p>\n\n\n\n<p>Sonntag, 1. Februar 2026 | 4. Sonntag im Jahreskreis<\/p>\n\n\n\n<p class=\"has-text-align-left\">11:00 HOCHAMT mit Verabschiedung von Burkhard P\u00fctz <br>als hauptamtlichem Kirchenmusiker der Pfarrei Heiligkreuz-Mariahof<\/p>\n\n\n\n<p class=\"has-text-align-left\">Christopher Tambling: Messe in G f\u00fcr Chor, Gemeinde und Orgel&nbsp;<br>Gregorianischer Choral: Introitus \u201eLaetetur cor\u201c |&nbsp;Communio \u201eBeati mundo corde\u201c&nbsp;<br>Johann Sebastian Bach: Psallite Deo nostro (Chorfuge aus BWV 243) <br>Charles Hubert Hastings Parry: Jerusalem &#8211; \u201eDu h\u00f6chstes Licht\u201c (Arr. B. P\u00fctz) <br>John Rutter: The Lord bless you and keep you |&nbsp;Josep Oll\u00e9 i Sabat\u00e9: Vos estis lux mundi&nbsp;<br>Francesco Meneghello: Licht des Lebens, Flamme unsrer Hoffnung&nbsp;<br>Orgelmusik | Johann Sebastian Bach: Toccata et Fuga in F (BWV 540)<\/p>\n\n\n\n<p class=\"has-text-align-right\"><em>Chorgemeinschaft Heiligkreuz Trier<\/em><br><em>Dr. Adrian Caspari, Orgel<br>Leitung: Burkhard P\u00fctz<\/em><\/p>\n\n\n\n<figure class=\"wp-block-image size-large\"><img loading=\"lazy\" decoding=\"async\" width=\"1024\" height=\"509\" src=\"https:\/\/burkhard-puetz.de\/wp-content\/uploads\/2024\/07\/DSC_7877ab-Klein-e1760186380847-1024x509.jpg\" alt=\"\" class=\"wp-image-23\" srcset=\"https:\/\/burkhard-puetz.de\/wp-content\/uploads\/2024\/07\/DSC_7877ab-Klein-e1760186380847-1024x509.jpg 1024w, https:\/\/burkhard-puetz.de\/wp-content\/uploads\/2024\/07\/DSC_7877ab-Klein-e1760186380847-300x149.jpg 300w, https:\/\/burkhard-puetz.de\/wp-content\/uploads\/2024\/07\/DSC_7877ab-Klein-e1760186380847-768x382.jpg 768w, https:\/\/burkhard-puetz.de\/wp-content\/uploads\/2024\/07\/DSC_7877ab-Klein-e1760186380847-1536x763.jpg 1536w, https:\/\/burkhard-puetz.de\/wp-content\/uploads\/2024\/07\/DSC_7877ab-Klein-e1760186380847.jpg 1590w\" sizes=\"auto, (max-width: 1024px) 100vw, 1024px\" \/><figcaption class=\"wp-element-caption\">Chorgemeinschaft Heiligkreuz Trier<\/figcaption><\/figure>\n\n\n\n<h2 class=\"wp-block-heading\">Mai<\/h2>\n\n\n\n<p class=\"has-theme-palette-1-color has-theme-palette-7-background-color has-text-color has-background has-link-color wp-elements-e072272e525e47ab8c4140c512156f07\" style=\"padding-top:var(--wp--preset--spacing--40);padding-right:var(--wp--preset--spacing--50);padding-bottom:var(--wp--preset--spacing--40);padding-left:var(--wp--preset--spacing--50);font-style:normal;font-weight:600;line-height:1.5\">Kirche St. Amandus, Konz-K\u00f6nen<\/p>\n\n\n\n<p>Sonntag, 3. Mai 2026 | 5. Sonntag der Osterzeit<\/p>\n\n\n\n<p>9:30 HOCHAMT<br>Lambert Kleesattel: Messe in D f\u00fcr Sologesang und Orgel<br>Josef Gabriel Rheinberger: Regina coeli op. 171 Nr. 5 | Samuel Rousseau: Ave verum corpus<br>Wolfgang Amadeus Mozart: Alleluia aus \u201eExsultate, jubilate\u201c KV 165<\/p>\n\n\n\n<p class=\"has-text-align-right\"><em>Antonia Lutz, Sopran<br>Burkhard P\u00fctz, Orgel<\/em><\/p>\n\n\n\n<hr class=\"wp-block-separator has-alpha-channel-opacity is-style-wide\"\/>\n\n\n\n<h2 class=\"wp-block-heading has-text-align-center\" id=\"2025\">2025<\/h2>\n\n\n\n<h2 class=\"wp-block-heading\" style=\"padding-top:0;padding-right:0;padding-bottom:var(--wp--preset--spacing--40);padding-left:0;line-height:1.5\">Februar<\/h2>\n\n\n\n<p class=\"has-theme-palette-1-color has-theme-palette-7-background-color has-text-color has-background has-link-color wp-elements-f59c84cefe2ed7649bce653667b0b16c\" style=\"padding-top:var(--wp--preset--spacing--40);padding-right:var(--wp--preset--spacing--50);padding-bottom:var(--wp--preset--spacing--40);padding-left:var(--wp--preset--spacing--50);font-style:normal;font-weight:600;line-height:1.5\">Heiligkreuz<\/p>\n\n\n\n<p>Sonntag, 23. Februar 2025 | 7. Sonntag im Jahreskreis<\/p>\n\n\n\n<p>11:00 HOCHAMT | Gregorianischer Choral<br>Ordinarium VIII \u201eDe Angelis\u201c | Proprium \u201eDomine, in tua misericordia speravi\u201c<\/p>\n\n\n\n<p class=\"has-text-align-right\"><em>Choralschola Heiligkreuz<\/em><\/p>\n\n\n\n<h2 class=\"wp-block-heading\" style=\"padding-top:0;padding-right:0;padding-bottom:var(--wp--preset--spacing--40);padding-left:0;line-height:1.5\">M\u00e4rz<\/h2>\n\n\n\n<p class=\"has-theme-palette-1-color has-theme-palette-7-background-color has-text-color has-background has-link-color wp-elements-307e4e100d5b8bdde92fadaf2a5526e5\" style=\"padding-top:var(--wp--preset--spacing--40);padding-right:var(--wp--preset--spacing--50);padding-bottom:var(--wp--preset--spacing--40);padding-left:var(--wp--preset--spacing--50);font-style:normal;font-weight:600;line-height:1.5\">St. Maternus | Heiligkreuz<\/p>\n\n\n\n<p>Samstag\/Sonntag, 8.\/9. M\u00e4rz 2025 | 1. Fastensonntag<\/p>\n\n\n\n<p>Orgelmusik im Gottesdienst | Johann Sebastian Bach: Fuga in c BWV 546<br>O Mensch, bewein dein S\u00fcnde gro\u00df BWV 622 <\/p>\n\n\n\n<p class=\"has-theme-palette-1-color has-theme-palette-7-background-color has-text-color has-background has-link-color wp-elements-987a0066784328d5903342d0c3ff5986\" style=\"padding-top:var(--wp--preset--spacing--40);padding-right:var(--wp--preset--spacing--50);padding-bottom:var(--wp--preset--spacing--40);padding-left:var(--wp--preset--spacing--50);font-style:normal;font-weight:600;line-height:1.5\">St. Maternus | St. Michael<\/p>\n\n\n\n<p>Samstag\/Sonntag, 15.\/16. M\u00e4rz 2025 | 2. Fastensonntag<\/p>\n\n\n\n<p>Orgelmusik im Gottesdienst | Felix Mendelssohn Bartholdy: Praeludium c-Moll op. 37, Nr. 1<\/p>\n\n\n\n<p class=\"has-theme-palette-1-color has-theme-palette-7-background-color has-text-color has-background has-link-color wp-elements-6b9bd7bfcb60fd022ab36097330c7499\" style=\"padding-top:var(--wp--preset--spacing--40);padding-right:var(--wp--preset--spacing--50);padding-bottom:var(--wp--preset--spacing--40);padding-left:var(--wp--preset--spacing--50);font-style:normal;font-weight:600;line-height:1.5\">St. Michael<\/p>\n\n\n\n<p>Sonntag, 30. M\u00e4rz 2025 | 4. Fastensonntag (Laetare)<\/p>\n\n\n\n<p>11:00 HOCHAMT | Gregorianischer Choral<br>Ordinarium XVII in Dominicis Quadragesimae | Proprium \u201eLaetare Ierusalem\u201c<br>Orgelmusik | Jeanne Demessieux: Attende Domine (Choral Paraphrase) op. 8<br>Johann Sebastian Bach: Praeludium in c BWV 546<\/p>\n\n\n\n<p class=\"has-text-align-right\"><em>Choralschola Heiligkreuz<\/em><\/p>\n\n\n\n<h2 class=\"wp-block-heading\" style=\"padding-top:0;padding-right:0;padding-bottom:var(--wp--preset--spacing--40);padding-left:0;line-height:1.5\">April<\/h2>\n\n\n\n<p class=\"has-theme-palette-1-color has-theme-palette-7-background-color has-text-color has-background has-link-color wp-elements-307e4e100d5b8bdde92fadaf2a5526e5\" style=\"padding-top:var(--wp--preset--spacing--40);padding-right:var(--wp--preset--spacing--50);padding-bottom:var(--wp--preset--spacing--40);padding-left:var(--wp--preset--spacing--50);font-style:normal;font-weight:600;line-height:1.5\">St. Maternus | Heiligkreuz<\/p>\n\n\n\n<p>Samstag\/Sonntag, 5.\/6. April 2025 | 5. Fastensonntag<\/p>\n\n\n\n<p>Orgelmusik im Gottesdienst | Johann Sebastian Bach: O Lamm Gottes, unschuldig BWV 656<br>Johannes Brahms: Choralvorspiel \u201eHerzliebster Jesu\u201c op. 122, Nr. 2<br>Sergej Rachmaninow: Pr\u00e9lude cis-Moll (Orgelfassung: Louis Vierne)<\/p>\n\n\n\n<p class=\"has-theme-palette-1-color has-theme-palette-7-background-color has-text-color has-background has-link-color wp-elements-307e4e100d5b8bdde92fadaf2a5526e5\" style=\"padding-top:var(--wp--preset--spacing--40);padding-right:var(--wp--preset--spacing--50);padding-bottom:var(--wp--preset--spacing--40);padding-left:var(--wp--preset--spacing--50);font-style:normal;font-weight:600;line-height:1.5\">St. Maternus | Heiligkreuz<\/p>\n\n\n\n<p>Samstag\/Sonntag, 12.\/13. April 2025 | Palmsonntag<\/p>\n\n\n\n<p>Orgelmusik im Gottesdienst | Charles-Marie Widor: Mattheus-Final (Bachs-Memento Nr. 6)<br>Johannes Brahms: Choralvorspiel \u201eHerzlich tut mich verlangen\u201c op. 122, Nr. 10<\/p>\n\n\n\n<p class=\"has-theme-palette-1-color has-theme-palette-7-background-color has-text-color has-background has-link-color wp-elements-6b9bd7bfcb60fd022ab36097330c7499\" style=\"padding-top:var(--wp--preset--spacing--40);padding-right:var(--wp--preset--spacing--50);padding-bottom:var(--wp--preset--spacing--40);padding-left:var(--wp--preset--spacing--50);font-style:normal;font-weight:600;line-height:1.5\">St. Michael<\/p>\n\n\n\n<p>Donnerstag, 17. April 2025 | Gr\u00fcndonnerstag<\/p>\n\n\n\n<p>19:00 | MESSE VOM LETZTEN ABENDMAHL<br>Gregorianische Ges\u00e4nge vom Tag | Ges\u00e4nge aus Taiz\u00e9 u. a.<\/p>\n\n\n\n<p class=\"has-text-align-right\"><em>Chorgemeinschaft Heiligkreuz<\/em><\/p>\n\n\n\n<p class=\"has-theme-palette-1-color has-theme-palette-7-background-color has-text-color has-background has-link-color wp-elements-f59c84cefe2ed7649bce653667b0b16c\" style=\"padding-top:var(--wp--preset--spacing--40);padding-right:var(--wp--preset--spacing--50);padding-bottom:var(--wp--preset--spacing--40);padding-left:var(--wp--preset--spacing--50);font-style:normal;font-weight:600;line-height:1.5\">Heiligkreuz<\/p>\n\n\n\n<p>Freitag, 18. April 2025 | Karfreitag<\/p>\n\n\n\n<p>15:00 | FEIER VOM LEIDEN UND STERBEN CHRISTI<br>Gregorianische Ges\u00e4nge vom Tag | Instrumentale Improvisationen<\/p>\n\n\n\n<p class=\"has-text-align-right\"><em>Choralschola Heiligkreuz<br>Laszlo Anducska, Saxophon<\/em><br><em>Leitung: Dekanatskantor Burkhard P\u00fctz<\/em><\/p>\n\n\n\n<p class=\"has-theme-palette-1-color has-theme-palette-7-background-color has-text-color has-background has-link-color wp-elements-6b9bd7bfcb60fd022ab36097330c7499\" style=\"padding-top:var(--wp--preset--spacing--40);padding-right:var(--wp--preset--spacing--50);padding-bottom:var(--wp--preset--spacing--40);padding-left:var(--wp--preset--spacing--50);font-style:normal;font-weight:600;line-height:1.5\">St. Michael<\/p>\n\n\n\n<p>Ostersonntag, 20. April 2025 | Hochfest der Auferstehung des Herrn<\/p>\n\n\n\n<p>11:00 | FESTHOCHAMT<br>Richard Runciman Terry: Mass of St. Dominic in C for four voices and organ <br>Gregorianischer Choral: Introitus \u201eResurrexi\u201c | Anonymus: Christ the Lord is risen today <br>Colin Mawby: Halleluja-Coda | Wolfgang Reisinger: Psalm 118 <br>C\u00e9sar Franck: Dextera Domini FWV 65 <br>Orgelmusik | Sigfrid Karg-Elert: \u201eLobet den Herren mit Pauken und Zimbeln sch\u00f6n\u201c op. 101 Nr. 5<\/p>\n\n\n\n<p class=\"has-text-align-right\" style=\"line-height:1.5\"><em>Chorgemeinschaft Heiligkreuz<br>Dr. Adrian Caspari, Orgel<br>Leitung: Dekanatskantor Burkhard P\u00fctz<\/em><\/p>\n\n\n\n<p class=\"has-theme-palette-1-color has-theme-palette-7-background-color has-text-color has-background has-link-color wp-elements-f59c84cefe2ed7649bce653667b0b16c\" style=\"padding-top:var(--wp--preset--spacing--40);padding-right:var(--wp--preset--spacing--50);padding-bottom:var(--wp--preset--spacing--40);padding-left:var(--wp--preset--spacing--50);font-style:normal;font-weight:600;line-height:1.5\">Heiligkreuz<\/p>\n\n\n\n<p>Donnerstag, 29. Mai 2025 | Christi Himmelfahrt<\/p>\n\n\n\n<p>11:00 | FESTHOCHAMT | Gregorianischer Choral<br>Ordinarium I in tempore paschali \u201eLux et origo\u201c | Proprium \u201eViri Galilaei\u201c<br>Orgelmusik | Jean-Marie Plum: Messe de P\u00e2ques pour Orgue op. 89 <br>Hermann Schroeder: Introductio ad Introitum \u201eViri Galilaei\u201c | Marianische Antiphon \u201eRegina caeli\u201c<\/p>\n\n\n\n<p class=\"has-text-align-right\" style=\"line-height:1.5\"><em>Choralschola Heiligkreuz<\/em><br><em>Leitung und Orgel: Burkhard P\u00fctz<\/em><\/p>\n\n\n\n<h2 class=\"wp-block-heading\" style=\"padding-top:0;padding-right:0;padding-bottom:var(--wp--preset--spacing--40);padding-left:0;line-height:1.5\">Juni<\/h2>\n\n\n\n<p class=\"has-theme-palette-1-color has-theme-palette-7-background-color has-text-color has-background has-link-color wp-elements-f59c84cefe2ed7649bce653667b0b16c\" style=\"padding-top:var(--wp--preset--spacing--40);padding-right:var(--wp--preset--spacing--50);padding-bottom:var(--wp--preset--spacing--40);padding-left:var(--wp--preset--spacing--50);font-style:normal;font-weight:600;line-height:1.5\">Heiligkreuz<\/p>\n\n\n\n<p>Pfingstsonntag, 8. Juni 2025 | Pfingsten<\/p>\n\n\n\n<p>11:00 | FESTHOCHAMT<br>Gregorianische Ges\u00e4nge vom Tag \u201eSpiritus Domini\u201c <br>C\u00e9sar Franck: \u201eVeni creator Spiritus\u201c pour T\u00e9nor, Basse et Orgue FWV 68 <br>Burkhard P\u00fctz: Vokalkompositionen f\u00fcr M\u00e4nnerstimmen und Orgel \u2013 <br>\u201eKomm, Heiliger Geist\u201c | \u201eAtme in uns, Heiliger Geist\u201c | \u201eDer Geist des Herrn erf\u00fcllt das All\u201c<br>Orgelmusik | Hermann Schroeder: Introductio ad Introitum \u201eSpiritus Domini\u201c <br>Hans-Andr\u00e9 Stamm: Toccata \u00fcber den Choral \u201eDer Geist des Herrn\u201c<\/p>\n\n\n\n<p class=\"has-text-align-right\"><em>M\u00e4nner-Ensemble der Chorgemeinschaft Heiligkreuz&nbsp;<br>Leitung und Orgel: Dekanatskantor Burkhard P\u00fctz<\/em><\/p>\n\n\n\n<figure class=\"wp-block-image size-large\"><img loading=\"lazy\" decoding=\"async\" width=\"1024\" height=\"768\" src=\"https:\/\/burkhard-puetz.de\/wp-content\/uploads\/2025\/06\/IMG-20250608-WA0001-1024x768.jpg\" alt=\"\" class=\"wp-image-3045\" srcset=\"https:\/\/burkhard-puetz.de\/wp-content\/uploads\/2025\/06\/IMG-20250608-WA0001-1024x768.jpg 1024w, https:\/\/burkhard-puetz.de\/wp-content\/uploads\/2025\/06\/IMG-20250608-WA0001-300x225.jpg 300w, https:\/\/burkhard-puetz.de\/wp-content\/uploads\/2025\/06\/IMG-20250608-WA0001-768x576.jpg 768w, https:\/\/burkhard-puetz.de\/wp-content\/uploads\/2025\/06\/IMG-20250608-WA0001-1536x1152.jpg 1536w, https:\/\/burkhard-puetz.de\/wp-content\/uploads\/2025\/06\/IMG-20250608-WA0001.jpg 1600w\" sizes=\"auto, (max-width: 1024px) 100vw, 1024px\" \/><figcaption class=\"wp-element-caption\">Die jungen Ten\u00f6re der Chorgemeinschaft Heiligkreuz beim Pfingsthochamt 08.06.25 in der Pfarrkirche Heiligkreuz Trier | Gregorianische Ges\u00e4nge vom Tag \u201eSpiritus Domini\u201c | C\u00e9sar Franck: \u201eVeni creator Spiritus\u201c pour T\u00e9nor, Basse et Orgue FWV 68 | Burkhard P\u00fctz: Vokalkompositionen f\u00fcr M\u00e4nnerstimmen und Orgel \u2013 \u201eKomm, Heiliger Geist\u201c | \u201eAtme in uns, Heiliger Geist\u201c | \u201eDer Geist des Herrn erf\u00fcllt das All\u201c<\/figcaption><\/figure>\n\n\n\n<p class=\"has-theme-palette-1-color has-theme-palette-7-background-color has-text-color has-background has-link-color wp-elements-6b9bd7bfcb60fd022ab36097330c7499\" style=\"padding-top:var(--wp--preset--spacing--40);padding-right:var(--wp--preset--spacing--50);padding-bottom:var(--wp--preset--spacing--40);padding-left:var(--wp--preset--spacing--50);font-style:normal;font-weight:600;line-height:1.5\">St. Michael<\/p>\n\n\n\n<p>Sonntag, 15. Juni 2025 | Dreifaltigkeitssonntag (Pfarrfest)<\/p>\n\n\n\n<p>11:00 | HOCHAMT<br>Richard Runciman Terry: Missa brevis in C <br>Christian Matthias Hei\u00df: Singen von Gottes Wegen | C\u00e9sar Franck: Panis angelicus u. a.<\/p>\n\n\n\n<p class=\"has-text-align-right\"><em>Kinderchor Heiligkreuz Trier (A-Chor) <br>Leitung: Dekanatskantor Burkhard P\u00fctz<\/em><\/p>\n\n\n\n<figure class=\"wp-block-image size-large\"><img loading=\"lazy\" decoding=\"async\" width=\"1024\" height=\"596\" src=\"https:\/\/burkhard-puetz.de\/wp-content\/uploads\/2025\/06\/20250615_102804-1024x596.jpg\" alt=\"\" class=\"wp-image-3047\" srcset=\"https:\/\/burkhard-puetz.de\/wp-content\/uploads\/2025\/06\/20250615_102804-1024x596.jpg 1024w, https:\/\/burkhard-puetz.de\/wp-content\/uploads\/2025\/06\/20250615_102804-300x175.jpg 300w, https:\/\/burkhard-puetz.de\/wp-content\/uploads\/2025\/06\/20250615_102804-768x447.jpg 768w, https:\/\/burkhard-puetz.de\/wp-content\/uploads\/2025\/06\/20250615_102804-1536x895.jpg 1536w, https:\/\/burkhard-puetz.de\/wp-content\/uploads\/2025\/06\/20250615_102804.jpg 2000w\" sizes=\"auto, (max-width: 1024px) 100vw, 1024px\" \/><figcaption class=\"wp-element-caption\">Der Kinderchor Heiligkreuz Trier im Hochamt zum Pfarrfest | Dreifaltigkeitssonntag, 15. Juni 2025 in der Pfarrkirche St. Michael, Trier-Mariahof | Chorges\u00e4nge von Richard Runciman Terry, C\u00e9sar Franck und Christian Matthias Hei\u00df<\/figcaption><\/figure>\n\n\n\n<p class=\"has-text-align-left has-theme-palette-1-color has-theme-palette-7-background-color has-text-color has-background has-link-color wp-elements-f695b1118a2f3e59cabfe108596ed3b1\" style=\"padding-top:var(--wp--preset--spacing--40);padding-right:var(--wp--preset--spacing--50);padding-bottom:var(--wp--preset--spacing--40);padding-left:var(--wp--preset--spacing--50);font-style:normal;font-weight:600;line-height:1.5\">Mattheiser Weiher | Heiligkreuz<\/p>\n\n\n\n<p>Donnerstag, 19. Juni 2025 | Fronleichnam<\/p>\n\n\n\n<p>9:30 | FESTHOCHAMT | PROZESSION<br>Kompositionen von Josef Friedrich Doppelbauer, Klaus Fischbach, Heinz Martin Lonquich und Audrey Snyder<\/p>\n\n\n\n<p class=\"has-text-align-right\"><em>Chorgemeinschaft Heiligkreuz<\/em><\/p>\n\n\n\n<figure class=\"wp-block-image size-large\"><img loading=\"lazy\" decoding=\"async\" width=\"1024\" height=\"775\" src=\"https:\/\/burkhard-puetz.de\/wp-content\/uploads\/2025\/06\/20250619_093508-1024x775.jpg\" alt=\"\" class=\"wp-image-3053\" srcset=\"https:\/\/burkhard-puetz.de\/wp-content\/uploads\/2025\/06\/20250619_093508-1024x775.jpg 1024w, https:\/\/burkhard-puetz.de\/wp-content\/uploads\/2025\/06\/20250619_093508-300x227.jpg 300w, https:\/\/burkhard-puetz.de\/wp-content\/uploads\/2025\/06\/20250619_093508-768x581.jpg 768w, https:\/\/burkhard-puetz.de\/wp-content\/uploads\/2025\/06\/20250619_093508.jpg 1351w\" sizes=\"auto, (max-width: 1024px) 100vw, 1024px\" \/><figcaption class=\"wp-element-caption\">Die Chorgemeinschaft Heiligkreuz Trier an Fronleichnam, 19. Juni 2025 | Chorwerke von J. F. Doppelbauer, K. Fischbach, H. M. Lonquich, K. N. Schmid und A. Snyder | Eucharistiefeier am Mattheiser Weiher (zusammen mit dem Musikverein Trier-Feyen und Gabriel Moll, E-Piano), anschlie\u00dfend Prozession, Te Deum und sakramentaler Schlusssegen in der Pfarrkirche Heiligkreuz<\/figcaption><\/figure>\n\n\n\n<h2 class=\"wp-block-heading\">August<\/h2>\n\n\n\n<figure class=\"wp-block-image size-large\"><img loading=\"lazy\" decoding=\"async\" width=\"1024\" height=\"682\" src=\"https:\/\/burkhard-puetz.de\/wp-content\/uploads\/2025\/08\/Hochzeit-Theresa-und-David-Keller-16.08.25-Himmerod-1-1024x682.jpg\" alt=\"\" class=\"wp-image-3145\" srcset=\"https:\/\/burkhard-puetz.de\/wp-content\/uploads\/2025\/08\/Hochzeit-Theresa-und-David-Keller-16.08.25-Himmerod-1-1024x682.jpg 1024w, https:\/\/burkhard-puetz.de\/wp-content\/uploads\/2025\/08\/Hochzeit-Theresa-und-David-Keller-16.08.25-Himmerod-1-300x200.jpg 300w, https:\/\/burkhard-puetz.de\/wp-content\/uploads\/2025\/08\/Hochzeit-Theresa-und-David-Keller-16.08.25-Himmerod-1-768x511.jpg 768w, https:\/\/burkhard-puetz.de\/wp-content\/uploads\/2025\/08\/Hochzeit-Theresa-und-David-Keller-16.08.25-Himmerod-1-1536x1022.jpg 1536w, https:\/\/burkhard-puetz.de\/wp-content\/uploads\/2025\/08\/Hochzeit-Theresa-und-David-Keller-16.08.25-Himmerod-1.jpg 1600w\" sizes=\"auto, (max-width: 1024px) 100vw, 1024px\" \/><figcaption class=\"wp-element-caption\">Brautamt zur Hochzeit von Theresa und David Keller am Samstag, 16. August 2025 in der Abteikirche Himmerod | Kompositionen von Josef Gabriel Rheinberger, Christopher Tambling, John Rutter und Klaus Fischbach | Projektchor aus den Ch\u00f6ren der Brautleute | Prof. Karl Ludwig Kreutz, Orgel | Leitung: Dekanatskantor Burkhard P\u00fctz<\/figcaption><\/figure>\n\n\n\n<p class=\"has-theme-palette-1-color has-theme-palette-7-background-color has-text-color has-background has-link-color wp-elements-7ecf9ff9e8351c40882be08cdf7c5822\" style=\"padding-top:var(--wp--preset--spacing--40);padding-right:var(--wp--preset--spacing--50);padding-bottom:var(--wp--preset--spacing--40);padding-left:var(--wp--preset--spacing--50);font-style:normal;font-weight:600;line-height:1.5\">Abteikirche Himmerod<\/p>\n\n\n\n<p>Samstag, 16. August 2025<\/p>\n\n\n\n<p>14:00 | BRAUTAMT zur Hochzeit von Theresa Hagmeyer und David Keller<br>Christopher Tambling: Messe in G | John Rutter: The Lord bless you and keep you <br>Klaus Fischbach: Lobe den Herrn, meine Seele <br>Josef Gabriel Rheinberger: Pastorale f\u00fcr Violine und Orgel op. 150 Nr. 4<\/p>\n\n\n\n<p class=\"has-text-align-right\"><em>Chorgemeinschaft Ayl-Saarburg | Singkreis Igel<br>Kirchenchor St. Georg Irsch | Singkreis St. Martin Trier<br>Chorgemeinschaft St. Andreas Trier-Tarforst<\/em><br><em>Kirchenchor St. Bonifatius K\u00fcrenz | Basilikachor St. Paulin Trier<br>Matthias Hummel, Violine<br>Prof. Karl Ludwig Kreutz, Orgel<br>Leitung: Dekanatskantor Burkhard P\u00fctz<\/em><\/p>\n\n\n\n<figure class=\"wp-block-image size-large\"><img loading=\"lazy\" decoding=\"async\" width=\"1024\" height=\"682\" src=\"https:\/\/burkhard-puetz.de\/wp-content\/uploads\/2025\/08\/Hochzeit-Theresa-und-David-Keller-16.08.25-Himmerod-2-1024x682.jpg\" alt=\"\" class=\"wp-image-3146\" srcset=\"https:\/\/burkhard-puetz.de\/wp-content\/uploads\/2025\/08\/Hochzeit-Theresa-und-David-Keller-16.08.25-Himmerod-2-1024x682.jpg 1024w, https:\/\/burkhard-puetz.de\/wp-content\/uploads\/2025\/08\/Hochzeit-Theresa-und-David-Keller-16.08.25-Himmerod-2-300x200.jpg 300w, https:\/\/burkhard-puetz.de\/wp-content\/uploads\/2025\/08\/Hochzeit-Theresa-und-David-Keller-16.08.25-Himmerod-2-768x511.jpg 768w, https:\/\/burkhard-puetz.de\/wp-content\/uploads\/2025\/08\/Hochzeit-Theresa-und-David-Keller-16.08.25-Himmerod-2-1536x1022.jpg 1536w, https:\/\/burkhard-puetz.de\/wp-content\/uploads\/2025\/08\/Hochzeit-Theresa-und-David-Keller-16.08.25-Himmerod-2.jpg 1600w\" sizes=\"auto, (max-width: 1024px) 100vw, 1024px\" \/><figcaption class=\"wp-element-caption\">Brautamt zur Hochzeit von Theresa und David Keller am Samstag, 16. August 2025 in der Abteikirche Himmerod | Kompositionen von Josef Gabriel Rheinberger, Christopher Tambling, John Rutter und Klaus Fischbach | Projektchor aus den Ch\u00f6ren der Brautleute | Prof. Karl Ludwig Kreutz, Orgel | Leitung: Dekanatskantor Burkhard P\u00fctz<\/figcaption><\/figure>\n\n\n\n<figure class=\"wp-block-image size-large\"><img loading=\"lazy\" decoding=\"async\" width=\"1024\" height=\"681\" src=\"https:\/\/burkhard-puetz.de\/wp-content\/uploads\/2025\/09\/Hochzeit-Theresa-und-David-Keller-16.08.25-Himmerod-3-1024x681.jpg\" alt=\"\" class=\"wp-image-3233\" srcset=\"https:\/\/burkhard-puetz.de\/wp-content\/uploads\/2025\/09\/Hochzeit-Theresa-und-David-Keller-16.08.25-Himmerod-3-1024x681.jpg 1024w, https:\/\/burkhard-puetz.de\/wp-content\/uploads\/2025\/09\/Hochzeit-Theresa-und-David-Keller-16.08.25-Himmerod-3-300x200.jpg 300w, https:\/\/burkhard-puetz.de\/wp-content\/uploads\/2025\/09\/Hochzeit-Theresa-und-David-Keller-16.08.25-Himmerod-3-768x511.jpg 768w, https:\/\/burkhard-puetz.de\/wp-content\/uploads\/2025\/09\/Hochzeit-Theresa-und-David-Keller-16.08.25-Himmerod-3-1536x1022.jpg 1536w, https:\/\/burkhard-puetz.de\/wp-content\/uploads\/2025\/09\/Hochzeit-Theresa-und-David-Keller-16.08.25-Himmerod-3.jpg 2048w\" sizes=\"auto, (max-width: 1024px) 100vw, 1024px\" \/><\/figure>\n\n\n\n<h2 class=\"wp-block-heading\">September<\/h2>\n\n\n\n<p class=\"has-theme-palette-1-color has-theme-palette-7-background-color has-text-color has-background has-link-color wp-elements-8712f596260cf08bb771c8cff9886a57\" style=\"padding-top:var(--wp--preset--spacing--40);padding-right:var(--wp--preset--spacing--50);padding-bottom:var(--wp--preset--spacing--40);padding-left:var(--wp--preset--spacing--50);font-style:normal;font-weight:600;line-height:1.5\"><strong>Heiligkreuz<\/strong><\/p>\n\n\n\n<p>Sonntag, 14. September 2025 | Kreuzerh\u00f6hung<\/p>\n\n\n\n<p>11:00 | HOCHAMT | Kreuzerh\u00f6hung<br>Ordinarium VIII \u201eMissa de Angelis\u201c | Kantoren- und Scholages\u00e4nge<br>Sydney Hugo Nicholson: Erhebt das Kreuz, zeigt Christi Liebe an<br>Orgelmusik | Zsolt G\u00e1rdonyi: Lift High the Cross<\/p>\n\n\n\n<p class=\"has-text-align-right\"><em>Junge Herren der Chorgemeinschaft Heiligkreuz<\/em><\/p>\n\n\n\n<p class=\"has-theme-palette-1-color has-theme-palette-7-background-color has-text-color has-background has-link-color wp-elements-ee3e01863b8b487fc1e363048bbd3d70\" style=\"padding-top:var(--wp--preset--spacing--40);padding-right:var(--wp--preset--spacing--50);padding-bottom:var(--wp--preset--spacing--40);padding-left:var(--wp--preset--spacing--50);font-style:normal;font-weight:600;line-height:1.5\"><strong>St. Michael<\/strong><\/p>\n\n\n\n<p>Sonntag, 28. September 2025 | 26. Sonntag im Jahreskreis<\/p>\n\n\n\n<p class=\"has-text-align-left\">11:00 | HOCHAMT | Patronatsfest St. Michael<br>Ordinarium VIII \u201eMissa de Angelis\u201c <br>Chorwerke von Johann Sebastian Bach, Hermann Schroeder, Klaus Fischbach und Thomas Gabriel<br>Orgelmusik | Johannes Weyrauch: Partita \u00fcber das St. Michaels-Lied \u201eUn\u00fcberwindlich starker Held\u201c<\/p>\n\n\n\n<p class=\"has-text-align-right\"><em>Chorgemeinschaft Heiligkreuz<\/em><\/p>\n\n\n\n<h2 class=\"wp-block-heading has-text-align-left\">Oktober<\/h2>\n\n\n\n<p class=\"has-text-align-left has-theme-palette-1-color has-theme-palette-7-background-color has-text-color has-background has-link-color wp-elements-2340f6131830ee5aa7ccef41d9c5c6bd\" style=\"padding-top:var(--wp--preset--spacing--40);padding-right:var(--wp--preset--spacing--50);padding-bottom:var(--wp--preset--spacing--40);padding-left:var(--wp--preset--spacing--50);font-style:normal;font-weight:600;line-height:1.5\">Karmeliten-Klosterkirche Springiersbach<\/p>\n\n\n\n<p>Samstag, 4. Oktober 2025 <\/p>\n\n\n\n<p>14:00 | BRAUTAMT zur Hochzeit von Tabea und Adrian Caspari<br>Orlando di Lasso: Missa ad imitationem moduli Iager<br>Instrumentalmusik f\u00fcr Trompeten und Orgel \u2013 <br>John Stanley: Trumpet Tune | Henry Purcell: Sound the Trumpet | Jeremiah Clarke: Prince of Denmark&#8217;s March<br>Orgelmusik \u2013 Johann Sebastian Bach: <br>Praeludium et Fuga pro Organo pleno BWV 552 | Schm\u00fccke dich, o liebe Seele BWV 654<\/p>\n\n\n\n<p class=\"has-text-align-right\"><em>Vokalensemble<br>Melanie Dreher, Sopran | Annika Dieckmann, Mezzosopran\/Alt<br>Raoul Bumiller, Tenor | Thomas Pf\u00fctzner, Bass<br>Annika Dieckmann und Tim L\u00f6hrs, Trompeten<br>Dekanatskantor Burkhard P\u00fctz, Orgel<\/em><\/p>\n\n\n\n<figure class=\"wp-block-image size-large\"><img loading=\"lazy\" decoding=\"async\" width=\"768\" height=\"1024\" src=\"https:\/\/burkhard-puetz.de\/wp-content\/uploads\/2025\/10\/Hochzeit-Tabea-und-Adrian-Caspari-04.10.25-0001-768x1024.jpg\" alt=\"\" class=\"wp-image-3242\" srcset=\"https:\/\/burkhard-puetz.de\/wp-content\/uploads\/2025\/10\/Hochzeit-Tabea-und-Adrian-Caspari-04.10.25-0001-768x1024.jpg 768w, https:\/\/burkhard-puetz.de\/wp-content\/uploads\/2025\/10\/Hochzeit-Tabea-und-Adrian-Caspari-04.10.25-0001-225x300.jpg 225w, https:\/\/burkhard-puetz.de\/wp-content\/uploads\/2025\/10\/Hochzeit-Tabea-und-Adrian-Caspari-04.10.25-0001-1152x1536.jpg 1152w, https:\/\/burkhard-puetz.de\/wp-content\/uploads\/2025\/10\/Hochzeit-Tabea-und-Adrian-Caspari-04.10.25-0001.jpg 1200w\" sizes=\"auto, (max-width: 768px) 100vw, 768px\" \/><figcaption class=\"wp-element-caption\">Brautamt zur Hochzeit von Tabea und Adrian Caspari am Samstag, 4. Oktober 2025 in der Karmeliten-Klosterkirche Springiersbach | Chormusik von Orlando di Lasso | Instrumentalmusik f\u00fcr Trompeten und Orgel von John Stanley, Henry Purcell und Jeremiah Clarke | Orgelmusik von Johann Sebastian Bach  | Vokalensemble aus Mitgliedern des Rundfunkchores Berlin | Annika Dieckmann und Tim L\u00f6hrs, Trompeten | Dekanatskantor Burkhard P\u00fctz, Orgel<\/figcaption><\/figure>\n\n\n\n<p class=\"has-theme-palette-1-color has-theme-palette-7-background-color has-text-color has-background has-link-color wp-elements-307e4e100d5b8bdde92fadaf2a5526e5\" style=\"padding-top:var(--wp--preset--spacing--40);padding-right:var(--wp--preset--spacing--50);padding-bottom:var(--wp--preset--spacing--40);padding-left:var(--wp--preset--spacing--50);font-style:normal;font-weight:600;line-height:1.5\">St. Maternus | Heiligkreuz<\/p>\n\n\n\n<p>Samstag\/Sonntag, 18.\/19. Oktober 2025 | 29. Sonntag im Jahreskreis<\/p>\n\n\n\n<p>18:00 VORABENDMESSE | 11:00 HOCHAMT<br>Gregorianischer Choral: Ordinarium \u201eMissa mundi\u201c | Proprium \u201eEgo clamavi\u201c<\/p>\n\n\n\n<h2 class=\"wp-block-heading\">November<\/h2>\n\n\n\n<p class=\"has-theme-palette-1-color has-theme-palette-7-background-color has-text-color has-background has-link-color wp-elements-6b9bd7bfcb60fd022ab36097330c7499\" style=\"padding-top:var(--wp--preset--spacing--40);padding-right:var(--wp--preset--spacing--50);padding-bottom:var(--wp--preset--spacing--40);padding-left:var(--wp--preset--spacing--50);font-style:normal;font-weight:600;line-height:1.5\">St. Michael<\/p>\n\n\n\n<p>Samstag, 1. November 2025 | Allerheiligen<\/p>\n\n\n\n<p>11:00 | FESTHOCHAMT<br>Lambert Kleesattel: Messe in D f\u00fcr Sologesang und Orgel | Wolfgang Reisinger: Psalm 100<br>Samuel Rousseau: Ave verum corpus | Georg Friedrich H\u00e4ndel: Rejoice greatly (aus: Messiah)<\/p>\n\n\n\n<p class=\"has-text-align-right\" style=\"line-height:1.5\"><em>Antonia Lutz, Sopran<br>Burkhard P\u00fctz, Orgel<\/em><\/p>\n\n\n<div class=\"wp-block-image\">\n<figure class=\"aligncenter size-full is-resized\"><img loading=\"lazy\" decoding=\"async\" width=\"375\" height=\"375\" src=\"https:\/\/burkhard-puetz.de\/wp-content\/uploads\/2024\/07\/Antonia-Lutz-klein.jpg\" alt=\"\" class=\"wp-image-26\" style=\"width:343px;height:auto\" srcset=\"https:\/\/burkhard-puetz.de\/wp-content\/uploads\/2024\/07\/Antonia-Lutz-klein.jpg 375w, https:\/\/burkhard-puetz.de\/wp-content\/uploads\/2024\/07\/Antonia-Lutz-klein-300x300.jpg 300w, https:\/\/burkhard-puetz.de\/wp-content\/uploads\/2024\/07\/Antonia-Lutz-klein-150x150.jpg 150w\" sizes=\"auto, (max-width: 375px) 100vw, 375px\" \/><figcaption class=\"wp-element-caption\">Antonia Lutz, Sopran<\/figcaption><\/figure>\n<\/div>\n\n\n<p class=\"has-text-align-center\"><a href=\"https:\/\/aeolus-music.com\/de\/pages\/page-antonia-lutz\" target=\"_blank\" rel=\"noreferrer noopener\">Die Sopranistin Antonia Lutz<\/a><\/p>\n\n\n\n<p class=\"has-theme-palette-1-color has-theme-palette-7-background-color has-text-color has-background has-link-color wp-elements-8712f596260cf08bb771c8cff9886a57\" style=\"padding-top:var(--wp--preset--spacing--40);padding-right:var(--wp--preset--spacing--50);padding-bottom:var(--wp--preset--spacing--40);padding-left:var(--wp--preset--spacing--50);font-style:normal;font-weight:600;line-height:1.5\"><strong>Heiligkreuz<\/strong><\/p>\n\n\n\n<p>Sonntag, 23. November 2025 | Christk\u00f6nigssonntag<\/p>\n\n\n\n<p>18:00 | ORGEL-SOIR\u00c9E \u2013 \u201eVom Holz herab herrscht unser Gott\u201c<br>Johann Sebastian Bach (1685-1750): \u201eO Lamm Gottes unschuldig\u201c BWV 656<br>Robert Schumann (1810-1856): Fugen \u00fcber den Namen BACH, op. 60 Nr. 1 &amp; Nr. 6<br>Klaus Wallrath (1959): Choralpartita \u00fcber \u201eVexilla regis prodeunt\u201c <br>Sydney Hugo Nicholson (1875-1947): \u201eErhebt das Kreuz, zeigt Christi Liebe an\u201c <br>Zsolt G\u00e1rdonyi (1946): \u201eLift High the Cross\u201c<\/p>\n\n\n\n<p class=\"has-text-align-right\"><em>Dekanatskantor Burkhard P\u00fctz, Orgel<\/em><br><em>Schola der Chorgemeinschaft Heiligkreuz Trier<br>Pastoralreferentin Anne P\u00fctz | Diakon Christoph Berger, Wortbeitr\u00e4ge<\/em><\/p>\n\n\n\n<figure class=\"wp-block-image size-large is-resized\"><img loading=\"lazy\" decoding=\"async\" width=\"693\" height=\"1024\" src=\"https:\/\/burkhard-puetz.de\/wp-content\/uploads\/2025\/10\/Plakat-Orgel-Soiree-Trier-Heiligkreuz-23.11.25-693x1024.jpg\" alt=\"\" class=\"wp-image-3319\" style=\"width:730px;height:auto\" srcset=\"https:\/\/burkhard-puetz.de\/wp-content\/uploads\/2025\/10\/Plakat-Orgel-Soiree-Trier-Heiligkreuz-23.11.25-693x1024.jpg 693w, https:\/\/burkhard-puetz.de\/wp-content\/uploads\/2025\/10\/Plakat-Orgel-Soiree-Trier-Heiligkreuz-23.11.25-203x300.jpg 203w, https:\/\/burkhard-puetz.de\/wp-content\/uploads\/2025\/10\/Plakat-Orgel-Soiree-Trier-Heiligkreuz-23.11.25-768x1134.jpg 768w, https:\/\/burkhard-puetz.de\/wp-content\/uploads\/2025\/10\/Plakat-Orgel-Soiree-Trier-Heiligkreuz-23.11.25.jpg 782w\" sizes=\"auto, (max-width: 693px) 100vw, 693px\" \/><\/figure>\n\n\n\n<h2 class=\"wp-block-heading\">Dezember<\/h2>\n\n\n\n<p class=\"has-theme-palette-1-color has-theme-palette-7-background-color has-text-color has-background has-link-color wp-elements-f59c84cefe2ed7649bce653667b0b16c\" style=\"padding-top:var(--wp--preset--spacing--40);padding-right:var(--wp--preset--spacing--50);padding-bottom:var(--wp--preset--spacing--40);padding-left:var(--wp--preset--spacing--50);font-style:normal;font-weight:600;line-height:1.5\">Heiligkreuz<\/p>\n\n\n\n<p>Sonntag, 14. Dezember 2025 | Dritter Adventssonntag (Gaudete)<\/p>\n\n\n\n<p>11:00 | HOCHAMT<br>Gregorianischer Choral Ordinarium XVII in Dominicis Adventus | Proprium \u201eGaudete in Domino\u201c<br>Adventliche Lieder und Kantorenges\u00e4nge | Orgelmusik<\/p>\n\n\n\n<p class=\"has-text-align-right\"><em>Choralschola Heiligkreuz<\/em><\/p>\n\n\n\n<p class=\"has-theme-palette-1-color has-theme-palette-7-background-color has-text-color has-background has-link-color wp-elements-f59c84cefe2ed7649bce653667b0b16c\" style=\"padding-top:var(--wp--preset--spacing--40);padding-right:var(--wp--preset--spacing--50);padding-bottom:var(--wp--preset--spacing--40);padding-left:var(--wp--preset--spacing--50);font-style:normal;font-weight:600;line-height:1.5\">Heiligkreuz<\/p>\n\n\n\n<p>Mittwoch, 24. Dezember 2025 | Am Heiligen Abend<\/p>\n\n\n\n<p>17:30 | Musikalische Einstimmung, anschl. CHRISTMETTE<br>Orgelwerke von Johann Sebastian Bach, Zsolt G\u00e1rdonyi, Lambert Kleesattel u. a. <br>Weihnachtliche Lieder | Schola- und Kantorenges\u00e4nge<\/p>\n\n\n\n<p class=\"has-text-align-right\"><em>Schola der Chorgemeinschaft Heiligkreuz<\/em><\/p>\n\n\n\n<p class=\"has-theme-palette-1-color has-theme-palette-7-background-color has-text-color has-background has-link-color wp-elements-6b9bd7bfcb60fd022ab36097330c7499\" style=\"padding-top:var(--wp--preset--spacing--40);padding-right:var(--wp--preset--spacing--50);padding-bottom:var(--wp--preset--spacing--40);padding-left:var(--wp--preset--spacing--50);font-style:normal;font-weight:600;line-height:1.5\">St. Michael<\/p>\n\n\n\n<p>Donnerstag, 25. Dezember 2025 | Weihnachten | Hochfest der Geburt des Herrn<\/p>\n\n\n\n<p>11:00 | FESTHOCHAMT<br>Christopher Tambling: Messe in G f\u00fcr Chor, Gemeinde und Orgel<br>Gregorianischer Choral: Introitus \u201ePuer natus est\u201c | Communio \u201eViderunt omnes\u201c<br>Michael Praetorius: Es ist ein Ros entsprungen | Felix Mendelssohn Bartholdy: Hark! the herald angels sing | Camille Saint-Sa\u00ebns: Tollite hostias | David Willcocks: Adeste, fideles | John Rutter: Christmas Lullaby&nbsp;<br>Orgelmusik | Claude-B\u00e9nigne Balbastre: Quand J\u00e9sus Naquit \u00e0 No\u00ebl | Eug\u00e8ne Gigout: Grand Ch\u0153ur Dialogu\u00e9<\/p>\n\n\n\n<p class=\"has-text-align-right\"><em>Chorgemeinschaft Heiligkreuz Trier<br>Dr. Adrian Caspari, Orgel<br>Leitung: Dekanatskantor Burkhard P\u00fctz<\/em><\/p>\n\n\n\n<figure class=\"wp-block-image size-large\"><img loading=\"lazy\" decoding=\"async\" width=\"1024\" height=\"576\" src=\"https:\/\/burkhard-puetz.de\/wp-content\/uploads\/2024\/08\/DSC_7873ab-zugeschn.-16-9-1024x576.jpg\" alt=\"\" class=\"wp-image-2645\" srcset=\"https:\/\/burkhard-puetz.de\/wp-content\/uploads\/2024\/08\/DSC_7873ab-zugeschn.-16-9-1024x576.jpg 1024w, https:\/\/burkhard-puetz.de\/wp-content\/uploads\/2024\/08\/DSC_7873ab-zugeschn.-16-9-300x169.jpg 300w, https:\/\/burkhard-puetz.de\/wp-content\/uploads\/2024\/08\/DSC_7873ab-zugeschn.-16-9-768x432.jpg 768w, https:\/\/burkhard-puetz.de\/wp-content\/uploads\/2024\/08\/DSC_7873ab-zugeschn.-16-9.jpg 1492w\" sizes=\"auto, (max-width: 1024px) 100vw, 1024px\" \/><figcaption class=\"wp-element-caption\">Chorgemeinschaft Heiligkreuz Trier 2024<\/figcaption><\/figure>\n\n\n\n<hr class=\"wp-block-separator has-alpha-channel-opacity is-style-wide\"\/>\n\n\n\n<h2 class=\"wp-block-heading has-text-align-center\" id=\"2024\">2024<\/h2>\n\n\n\n<h2 class=\"wp-block-heading\" style=\"padding-top:0;padding-right:0;padding-bottom:var(--wp--preset--spacing--40);padding-left:0;line-height:1.5\">Januar<\/h2>\n\n\n\n<p class=\"has-theme-palette-1-color has-theme-palette-7-background-color has-text-color has-background has-link-color wp-elements-987a0066784328d5903342d0c3ff5986\" style=\"padding-top:var(--wp--preset--spacing--40);padding-right:var(--wp--preset--spacing--50);padding-bottom:var(--wp--preset--spacing--40);padding-left:var(--wp--preset--spacing--50);font-style:normal;font-weight:600;line-height:1.5\">St. Maternus | St. Michael<\/p>\n\n\n\n<p>Samstag\/Sonntag, 6.\/7. Januar 2024 | Erscheinung des Herrn | Taufe des Herrn<\/p>\n\n\n\n<p>Orgelmusik im Gottesdienst | C\u00e9sar Franck: Grand Ch\u0153ur | Sortie<\/p>\n\n\n\n<p class=\"has-theme-palette-1-color has-theme-palette-7-background-color has-text-color has-background has-link-color wp-elements-307e4e100d5b8bdde92fadaf2a5526e5\" style=\"padding-top:var(--wp--preset--spacing--40);padding-right:var(--wp--preset--spacing--50);padding-bottom:var(--wp--preset--spacing--40);padding-left:var(--wp--preset--spacing--50);font-style:normal;font-weight:600;line-height:1.5\">St. Maternus | Heiligkreuz<\/p>\n\n\n\n<p>Samstag\/Sonntag, 13.\/14. Januar 2024 | 2. Sonntag im Jahreskreis<\/p>\n\n\n\n<p>Orgelmusik im Gottesdienst | Wie sch\u00f6n leuchtet der Morgenstern \u2013<br>Choralbearbeitungen von Johann Pachelbel, Theophil Forchhammer, Heinrich Lang und Max Reger<\/p>\n\n\n\n<p class=\"has-theme-palette-1-color has-theme-palette-7-background-color has-text-color has-background has-link-color wp-elements-6b9bd7bfcb60fd022ab36097330c7499\" style=\"padding-top:var(--wp--preset--spacing--40);padding-right:var(--wp--preset--spacing--50);padding-bottom:var(--wp--preset--spacing--40);padding-left:var(--wp--preset--spacing--50);font-style:normal;font-weight:600;line-height:1.5\">St. Michael<\/p>\n\n\n\n<p>Sonntag, 21. Januar 2024 | 3. Sonntag im Jahreskreis<\/p>\n\n\n\n<p>11:00 | HOCHAMT | Gregorianischer Choral<br>Ordinarium VIII &#8220;De Angelis&#8221; | Proprium &#8220;Adorate Deum&#8221;<br>Orgelmusik | Johann Sebastian Bach: Praeludium et Fuga in C BWV 545 | Trio BWV 529\/2<\/p>\n\n\n\n<p class=\"has-theme-palette-1-color has-theme-palette-7-background-color has-text-color has-background has-link-color wp-elements-307e4e100d5b8bdde92fadaf2a5526e5\" style=\"padding-top:var(--wp--preset--spacing--40);padding-right:var(--wp--preset--spacing--50);padding-bottom:var(--wp--preset--spacing--40);padding-left:var(--wp--preset--spacing--50);font-style:normal;font-weight:600;line-height:1.5\">St. Maternus | Heiligkreuz<\/p>\n\n\n\n<p>Samstag\/Sonntag, 27.\/28. Januar 2024 | 4. Sonntag im Jahreskreis<\/p>\n\n\n\n<p>Orgelmusik im Gottesdienst | Johann Sebastian Bach: Herr Jesu Christ, dich zu uns wend BWV 709\/726 | Praeludium in C BWV 547<\/p>\n\n\n\n<h2 class=\"wp-block-heading\" style=\"padding-top:0;padding-right:0;padding-bottom:var(--wp--preset--spacing--40);padding-left:0;line-height:1.5\">Februar<\/h2>\n\n\n\n<p class=\"has-theme-palette-1-color has-theme-palette-7-background-color has-text-color has-background has-link-color wp-elements-987a0066784328d5903342d0c3ff5986\" style=\"padding-top:var(--wp--preset--spacing--40);padding-right:var(--wp--preset--spacing--50);padding-bottom:var(--wp--preset--spacing--40);padding-left:var(--wp--preset--spacing--50);font-style:normal;font-weight:600;line-height:1.5\">St. Maternus | St. Michael<\/p>\n\n\n\n<p>Samstag\/Sonntag, 3.\/4. Februar 2024 | 5. Sonntag im Jahreskreis<\/p>\n\n\n\n<p>Orgelmusik im Gottesdienst | Dieterich Buxtehude: Wie sch\u00f6n leuchtet der Morgenstern BuxWV 223 | Johann Sebastian Bach: Wie sch\u00f6n leuchtet der Morgenstern BWV 739<\/p>\n\n\n\n<p class=\"has-theme-palette-1-color has-theme-palette-7-background-color has-text-color has-background has-link-color wp-elements-6b9bd7bfcb60fd022ab36097330c7499\" style=\"padding-top:var(--wp--preset--spacing--40);padding-right:var(--wp--preset--spacing--50);padding-bottom:var(--wp--preset--spacing--40);padding-left:var(--wp--preset--spacing--50);font-style:normal;font-weight:600;line-height:1.5\">St. Michael<\/p>\n\n\n\n<p>Sonntag, 18. Februar 2024 | 1. Fastensonntag<\/p>\n\n\n\n<p>11:00 | HOCHAMT | Gregorianischer Choral<br>Ordinarium XVII in Dominicis Quadragesimae | Proprium &#8220;Invocabit me&#8221;<\/p>\n\n\n\n<p class=\"has-text-align-right\" style=\"line-height:1.5\"><em>Choralschola Heiligkreuz<\/em><\/p>\n\n\n\n<h2 class=\"wp-block-heading\" style=\"padding-top:0;padding-right:0;padding-bottom:var(--wp--preset--spacing--40);padding-left:0;line-height:1.5\">M\u00e4rz<\/h2>\n\n\n\n<p class=\"has-theme-palette-1-color has-theme-palette-7-background-color has-text-color has-background has-link-color wp-elements-f59c84cefe2ed7649bce653667b0b16c\" style=\"padding-top:var(--wp--preset--spacing--40);padding-right:var(--wp--preset--spacing--50);padding-bottom:var(--wp--preset--spacing--40);padding-left:var(--wp--preset--spacing--50);font-style:normal;font-weight:600;line-height:1.5\">Heiligkreuz<\/p>\n\n\n\n<p>Sonntag, 10. M\u00e4rz 2024 | 4. Fastensonntag (Laetare)<\/p>\n\n\n\n<p>11:00 | HOCHAMT | Gregorianischer Choral<br>Ordinarium XVII in Dominicis Quadragesimae | Proprium &#8220;Laetare Ierusalem&#8221;<br>Orgelmusik | Johann Sebastian Bach: An Wasserfl\u00fcssen Babylon BWV 653<\/p>\n\n\n\n<p class=\"has-text-align-right\" style=\"line-height:1.5\"><em>Choralschola Heiligkreuz<\/em><\/p>\n\n\n\n<p class=\"has-theme-palette-1-color has-theme-palette-7-background-color has-text-color has-background has-link-color wp-elements-6b9bd7bfcb60fd022ab36097330c7499\" style=\"padding-top:var(--wp--preset--spacing--40);padding-right:var(--wp--preset--spacing--50);padding-bottom:var(--wp--preset--spacing--40);padding-left:var(--wp--preset--spacing--50);font-style:normal;font-weight:600;line-height:1.5\">St. Michael<\/p>\n\n\n\n<p>Sonntag, 10. M\u00e4rz 2024 | 4. Fastensonntag (Laetare)<\/p>\n\n\n\n<p>18:00 | ORGELKONZERT | &#8220;Vom Dunkel zum Licht&#8221;<br>Kompositionen von Georg Friedrich H\u00e4ndel und Johann Sebastian Bach:<br>Goldberg-Variationen, freie Orgelwerke und Choralbearbeitungen<\/p>\n\n\n\n<p class=\"has-text-align-right\" style=\"line-height:1.5\"><em>Johannes Baum, Orgel<br>Eleonore M\u00fcller, Moderation<\/em><\/p>\n\n\n\n<p class=\"has-text-align-center\" style=\"font-size:13px;line-height:1.5\">Eintritt frei. Um eine Spende f\u00fcr die Chorarbeit in der Pfarreiengemeinschaft Trier Heiligkreuz wird gebeten.<\/p>\n\n\n\n<p class=\"has-theme-palette-1-color has-theme-palette-7-background-color has-text-color has-background has-link-color wp-elements-6b9bd7bfcb60fd022ab36097330c7499\" style=\"padding-top:var(--wp--preset--spacing--40);padding-right:var(--wp--preset--spacing--50);padding-bottom:var(--wp--preset--spacing--40);padding-left:var(--wp--preset--spacing--50);font-style:normal;font-weight:600;line-height:1.5\">St. Michael<\/p>\n\n\n\n<p>Donnerstag, 28. M\u00e4rz 2024 | Gr\u00fcndonnerstag<\/p>\n\n\n\n<p>19:00 | MESSE VOM LETZTEN ABENDMAHL<br>Gregorianische Ges\u00e4nge vom Tag | Ges\u00e4nge aus Taiz\u00e9 u. a.<\/p>\n\n\n\n<p class=\"has-text-align-right\" style=\"line-height:1.5\"><em>Vokalensemble der Chorgemeinschaft Heiligkreuz<\/em><\/p>\n\n\n\n<p class=\"has-theme-palette-1-color has-theme-palette-7-background-color has-text-color has-background has-link-color wp-elements-f59c84cefe2ed7649bce653667b0b16c\" style=\"padding-top:var(--wp--preset--spacing--40);padding-right:var(--wp--preset--spacing--50);padding-bottom:var(--wp--preset--spacing--40);padding-left:var(--wp--preset--spacing--50);font-style:normal;font-weight:600;line-height:1.5\">Heiligkreuz<\/p>\n\n\n\n<p>Freitag, 29. M\u00e4rz 2024 | Karfreitag<\/p>\n\n\n\n<p>15:00 | FEIER VOM LEIDEN UND STERBEN CHRISTI<br>Chorwerke von Jacobus Gallus, Giovanni Pierluigi da Palestrina, Tom\u00e1s Luis de Victoria, Johann Cr\u00fcger, Johann Sebastian Bach und Anton Bruckner<\/p>\n\n\n\n<p class=\"has-text-align-right\" style=\"line-height:1.5\"><em>Chorgemeinschaft Heiligkreuz<\/em><\/p>\n\n\n\n<p class=\"has-theme-palette-1-color has-theme-palette-7-background-color has-text-color has-background has-link-color wp-elements-6b9bd7bfcb60fd022ab36097330c7499\" style=\"padding-top:var(--wp--preset--spacing--40);padding-right:var(--wp--preset--spacing--50);padding-bottom:var(--wp--preset--spacing--40);padding-left:var(--wp--preset--spacing--50);font-style:normal;font-weight:600;line-height:1.5\">St. Michael<\/p>\n\n\n\n<p>Ostersonntag, 31. M\u00e4rz 2024 | Hochfest der Auferstehung des Herrn<\/p>\n\n\n\n<p>11:00 | FESTHOCHAMT<br>Charles Gounod: Messe br\u00e8ve no. 7 en do majeur | C\u00e9sar Franck: Dextera Domini FWV 65<br>Orgelmusik | Th\u00e9odore Dubois (1837-1924): Toccata<\/p>\n\n\n\n<p class=\"has-text-align-right\" style=\"line-height:1.5\"><em>Chorgemeinschaft Heiligkreuz<br>Dr. Adrian Caspari, Orgel<br>Leitung: Dekanatskantor Burkhard P\u00fctz<\/em><\/p>\n\n\n\n<h2 class=\"wp-block-heading has-text-align-left\" style=\"padding-top:0;padding-right:0;padding-bottom:var(--wp--preset--spacing--40);padding-left:0;line-height:1.5\">April<\/h2>\n\n\n\n<p class=\"has-theme-palette-1-color has-theme-palette-7-background-color has-text-color has-background has-link-color wp-elements-6b9bd7bfcb60fd022ab36097330c7499\" style=\"padding-top:var(--wp--preset--spacing--40);padding-right:var(--wp--preset--spacing--50);padding-bottom:var(--wp--preset--spacing--40);padding-left:var(--wp--preset--spacing--50);font-style:normal;font-weight:600;line-height:1.5\">St. Michael<\/p>\n\n\n\n<p>Sonntag, 14. April 2024 | 3. Sonntag der Osterzeit<\/p>\n\n\n\n<p>10:00 | ERSTKOMMUNIONFEIER<br>Neue Geistliche Lieder | Chorges\u00e4nge von Felix Mendelssohn Bartholdy, Richard Runciman Terry und C\u00e9sar Franck<\/p>\n\n\n\n<p class=\"has-text-align-right\" style=\"line-height:1.5\"><em>Kinder- und Jugendchor (A-Chor) Heiligkreuz<\/em><\/p>\n\n\n\n<figure class=\"wp-block-image size-large\"><img loading=\"lazy\" decoding=\"async\" width=\"1024\" height=\"738\" src=\"https:\/\/burkhard-puetz.de\/wp-content\/uploads\/2024\/07\/A-Kinder-und-Jugendchor-Heiligkreuz-14.04.24-Erstkommunion-St.-Michael-1024x738.jpg\" alt=\"\" class=\"wp-image-29\" srcset=\"https:\/\/burkhard-puetz.de\/wp-content\/uploads\/2024\/07\/A-Kinder-und-Jugendchor-Heiligkreuz-14.04.24-Erstkommunion-St.-Michael-1024x738.jpg 1024w, https:\/\/burkhard-puetz.de\/wp-content\/uploads\/2024\/07\/A-Kinder-und-Jugendchor-Heiligkreuz-14.04.24-Erstkommunion-St.-Michael-300x216.jpg 300w, https:\/\/burkhard-puetz.de\/wp-content\/uploads\/2024\/07\/A-Kinder-und-Jugendchor-Heiligkreuz-14.04.24-Erstkommunion-St.-Michael-768x554.jpg 768w, https:\/\/burkhard-puetz.de\/wp-content\/uploads\/2024\/07\/A-Kinder-und-Jugendchor-Heiligkreuz-14.04.24-Erstkommunion-St.-Michael-1536x1107.jpg 1536w, https:\/\/burkhard-puetz.de\/wp-content\/uploads\/2024\/07\/A-Kinder-und-Jugendchor-Heiligkreuz-14.04.24-Erstkommunion-St.-Michael.jpg 1669w\" sizes=\"auto, (max-width: 1024px) 100vw, 1024px\" \/><figcaption class=\"wp-element-caption\">Der Kinder- und Jugendchor Heiligkreuz vor der Erstkommunionfeier am 14. April 2024 in der Pfarrkirche St. Michael, Trier-Mariahof<\/figcaption><\/figure>\n\n\n\n<h2 class=\"wp-block-heading has-text-align-left\" style=\"padding-top:0;padding-right:0;padding-bottom:var(--wp--preset--spacing--40);padding-left:0;line-height:1.5\">Mai<\/h2>\n\n\n\n<p class=\"has-theme-palette-1-color has-theme-palette-7-background-color has-text-color has-background has-link-color wp-elements-f59c84cefe2ed7649bce653667b0b16c\" style=\"padding-top:var(--wp--preset--spacing--40);padding-right:var(--wp--preset--spacing--50);padding-bottom:var(--wp--preset--spacing--40);padding-left:var(--wp--preset--spacing--50);font-style:normal;font-weight:600;line-height:1.5\">Heiligkreuz<\/p>\n\n\n\n<p>Donnerstag, 9. Mai 2024 | Christi Himmelfahrt<\/p>\n\n\n\n<p>11:00 | FESTHOCHAMT | Gregorianischer Choral<br>Ordinarium I in tempore paschali &#8220;Lux et origo&#8221; | Proprium &#8220;Viri Galilaei&#8221;<\/p>\n\n\n\n<p class=\"has-text-align-right\" style=\"line-height:1.5\"><em>Choralschola Heiligkreuz<\/em><\/p>\n\n\n\n<p class=\"has-theme-palette-1-color has-theme-palette-7-background-color has-text-color has-background has-link-color wp-elements-f59c84cefe2ed7649bce653667b0b16c\" style=\"padding-top:var(--wp--preset--spacing--40);padding-right:var(--wp--preset--spacing--50);padding-bottom:var(--wp--preset--spacing--40);padding-left:var(--wp--preset--spacing--50);font-style:normal;font-weight:600;line-height:1.5\">Heiligkreuz<\/p>\n\n\n\n<p>Sonntag, 19. Mai 2024 | Pfingsten<\/p>\n\n\n\n<p>11:00 | FESTHOCHAMT<br>Gregorianischer Choral &#8220;Spiritus Domini&#8221; vom Tag | Kantorenges\u00e4nge<br>Johann Sebastian Bach: Gott, wie gro\u00df ist deine G\u00fcte BWV 462<br>Burkhard P\u00fctz: Vokalkompositionen f\u00fcr M\u00e4nnerstimmen und Orgel &#8211;<br>Komm, Heiliger Geist | Atme in uns, Heiliger Geist | Der Geist des Herrn erf\u00fcllt das All<br>Orgelmusik | Hermann Schroeder: Introductio ad Introitum &#8220;Spiritus Domini&#8221;<br>Denis B\u00e9dard: Toccata et Grand Ch\u0153ur sur &#8220;Veni Creator&#8221;<\/p>\n\n\n\n<p class=\"has-text-align-right\" style=\"line-height:1.5\"><em>Junge Herren der Chorgemeinschaft Heiligkreuz<\/em><\/p>\n\n\n\n<p class=\"has-theme-palette-1-color has-theme-palette-7-background-color has-text-color has-background has-link-color wp-elements-65623b696206c583de5d3252d161b7e8\" style=\"padding-top:var(--wp--preset--spacing--40);padding-right:var(--wp--preset--spacing--50);padding-bottom:var(--wp--preset--spacing--40);padding-left:var(--wp--preset--spacing--50);font-style:normal;font-weight:600;line-height:1.5\">Mattheiser Weiher | St. Maternus<\/p>\n\n\n\n<p>Donnerstag, 30. Mai 2024 | Fronleichnam<\/p>\n\n\n\n<p>9:30 | FESTHOCHAMT | PROZESSION<br>Kompositionen von Josef Friedrich Doppelbauer, Klaus Fischbach, Heinz Martin Lonquich und George Kirbye<\/p>\n\n\n\n<p class=\"has-text-align-right\" style=\"line-height:1.5\"><em>Chorgemeinschaft Heiligkreuz<\/em><\/p>\n\n\n\n<h2 class=\"wp-block-heading\" style=\"padding-top:0;padding-right:0;padding-bottom:var(--wp--preset--spacing--40);padding-left:0;line-height:1.5\">Juni<\/h2>\n\n\n\n<p class=\"has-theme-palette-1-color has-theme-palette-7-background-color has-text-color has-background has-link-color wp-elements-4e1c49019c2d5e2aafa892ab76417204\" style=\"padding-top:var(--wp--preset--spacing--40);padding-right:var(--wp--preset--spacing--50);padding-bottom:var(--wp--preset--spacing--40);padding-left:var(--wp--preset--spacing--50);font-style:normal;font-weight:600;line-height:1.5\">Trierer Dom<\/p>\n\n\n\n<p>Samstag, 22. Juni 2024<\/p>\n\n\n\n<p>10:00 | DIAKONENWEIHE<\/p>\n\n\n\n<p>Chorwerke von John Harper, Richard Shephard, John Rutter u. a.<br>Orgelmusik | Charles Villiers Stanford: Prelude op. 105 Nr. 6<br>Ralph Vaughan Williams: Rhosymedre | Percy Fletcher: Festival Toccata<\/p>\n\n\n\n<p class=\"has-text-align-right\" style=\"line-height:1.5\"><em>Burkhard P\u00fctz, Hauptorgel<br>Sr. Ursula Hertewich OP, Sr. Scholastika Jurt OP, Sr. Clarita Born OP, Kantorenges\u00e4nge<br>Chor des Bisch\u00f6flichen Angela-Merici-Gymnasiums Trier<br>Michael Meuser, Chororgel<br>Leitung: Ulrich Krupp<\/em><\/p>\n\n\n\n<p class=\"has-text-align-center\" style=\"line-height:1\"><a href=\"https:\/\/paulinus-bistumsnews.de\/aktuell\/news\/artikel\/Gott-existiert-und-wir-duerfen-ihm-begegnen\/\" target=\"_blank\" rel=\"noreferrer noopener\">Nachbericht Bistum Trier<\/a><\/p>\n\n\n\n<p class=\"has-theme-palette-1-color has-theme-palette-7-background-color has-text-color has-background has-link-color wp-elements-7a13aa272c59af308fcf86eeaae736c8\" style=\"padding-top:var(--wp--preset--spacing--40);padding-right:var(--wp--preset--spacing--50);padding-bottom:var(--wp--preset--spacing--40);padding-left:var(--wp--preset--spacing--50);font-style:normal;font-weight:600;line-height:1.5\">St. Maternus<\/p>\n\n\n\n<p>Samstag, 29. Juni 2024 | Hl. Petrus und hl. Paulus<\/p>\n\n\n\n<p>18:00 | HOCHAMT | Erster Dienst von Christoph Berger als Diakon<br>Schola- und Kantorenges\u00e4nge<\/p>\n\n\n\n<p class=\"has-text-align-right\" style=\"line-height:1.5\"><em>Schola der Chorgemeinschaft Heiligkreuz<\/em><\/p>\n\n\n\n<h2 class=\"wp-block-heading\" style=\"padding-top:0;padding-right:0;padding-bottom:var(--wp--preset--spacing--40);padding-left:0;line-height:1.5\">September<\/h2>\n\n\n\n<p class=\"has-theme-palette-1-color has-theme-palette-7-background-color has-text-color has-background has-link-color wp-elements-f59c84cefe2ed7649bce653667b0b16c\" style=\"padding-top:var(--wp--preset--spacing--40);padding-right:var(--wp--preset--spacing--50);padding-bottom:var(--wp--preset--spacing--40);padding-left:var(--wp--preset--spacing--50);font-style:normal;font-weight:600;line-height:1.5\">Heiligkreuz<\/p>\n\n\n\n<p>Sonntag, 22. September 2024 | 25. Sonntag im Jahreskreis<\/p>\n\n\n\n<p>11:00 | HOCHAMT | Familiengottesdienst zum Pfarrfest<br>Neue Geistliche Lieder | Chorges\u00e4nge von Richard Runciman Terry, C\u00e9sar Franck und Christian Matthias Hei\u00df<\/p>\n\n\n\n<p class=\"has-text-align-right\" style=\"line-height:1.5\"><em>Kinderchor Heiligkreuz (A-Chor)<\/em><\/p>\n\n\n\n<figure class=\"wp-block-image size-large\"><img loading=\"lazy\" decoding=\"async\" width=\"1024\" height=\"725\" src=\"https:\/\/burkhard-puetz.de\/wp-content\/uploads\/2024\/09\/IMG-20240922-WA0011-1024x725.jpg\" alt=\"\" class=\"wp-image-2739\" srcset=\"https:\/\/burkhard-puetz.de\/wp-content\/uploads\/2024\/09\/IMG-20240922-WA0011-1024x725.jpg 1024w, https:\/\/burkhard-puetz.de\/wp-content\/uploads\/2024\/09\/IMG-20240922-WA0011-300x213.jpg 300w, https:\/\/burkhard-puetz.de\/wp-content\/uploads\/2024\/09\/IMG-20240922-WA0011-768x544.jpg 768w, https:\/\/burkhard-puetz.de\/wp-content\/uploads\/2024\/09\/IMG-20240922-WA0011-1536x1088.jpg 1536w, https:\/\/burkhard-puetz.de\/wp-content\/uploads\/2024\/09\/IMG-20240922-WA0011.jpg 1903w\" sizes=\"auto, (max-width: 1024px) 100vw, 1024px\" \/><figcaption class=\"wp-element-caption\">Der Kinderchor Heiligkreuz (A-Chor) im Hochamt zum Pfarrfest, 22. September 2024 in der Pfarrkirche Heiligkreuz<\/figcaption><\/figure>\n\n\n\n<p class=\"has-theme-palette-1-color has-theme-palette-7-background-color has-text-color has-background has-link-color wp-elements-6b9bd7bfcb60fd022ab36097330c7499\" style=\"padding-top:var(--wp--preset--spacing--40);padding-right:var(--wp--preset--spacing--50);padding-bottom:var(--wp--preset--spacing--40);padding-left:var(--wp--preset--spacing--50);font-style:normal;font-weight:600;line-height:1.5\">St. Michael<\/p>\n\n\n<div class=\"wp-block-image is-style-default\">\n<figure class=\"aligncenter size-large is-resized\"><img loading=\"lazy\" decoding=\"async\" width=\"730\" height=\"1024\" src=\"https:\/\/burkhard-puetz.de\/wp-content\/uploads\/2024\/07\/Plakat-Musik-Engel-St.-Michael-29.09.24-mit-Offiziant-730x1024.jpg\" alt=\"\" class=\"wp-image-28\" style=\"width:640px;height:auto\" srcset=\"https:\/\/burkhard-puetz.de\/wp-content\/uploads\/2024\/07\/Plakat-Musik-Engel-St.-Michael-29.09.24-mit-Offiziant-730x1024.jpg 730w, https:\/\/burkhard-puetz.de\/wp-content\/uploads\/2024\/07\/Plakat-Musik-Engel-St.-Michael-29.09.24-mit-Offiziant-214x300.jpg 214w, https:\/\/burkhard-puetz.de\/wp-content\/uploads\/2024\/07\/Plakat-Musik-Engel-St.-Michael-29.09.24-mit-Offiziant-768x1077.jpg 768w, https:\/\/burkhard-puetz.de\/wp-content\/uploads\/2024\/07\/Plakat-Musik-Engel-St.-Michael-29.09.24-mit-Offiziant.jpg 1076w\" sizes=\"auto, (max-width: 730px) 100vw, 730px\" \/><\/figure>\n<\/div>\n\n\n<p>Sonntag, 29. September 2024 | 26. Sonntag im Jahreskreis<br>Heilige Erzengel Michael, Gabriel und Rafael<\/p>\n\n\n\n<p>18:00 | MUSIK DER ENGEL | Abendlob zum Patronatsfest St. Michael<br>Johann Sebastian Bach: Chor\u00e4le \u201eGelobet sei der Herr, mein Gott\u201c | \u201eChrist, der du bist der helle Tag\u201c | \u201eNun ruhen alle W\u00e4lder\u201c | Charles Villiers Stanford: Lord, now lettest Thou Thy servant | Frank Martin: Notre P\u00e8re | <a href=\"https:\/\/www.hermann-schroeder.de\/\" target=\"_blank\" rel=\"noreferrer noopener\">Hermann Schroeder<\/a>: Choralvorspiel und Choralsatz \u201eUn\u00fcberwindlich starker Held, Sankt Michael\u201c | Variationen \u00fcber den Tonus peregrinus | Allegretto op. 9 f\u00fcr Orgel | Alan Wilson: Psalm 91 \u201eEr befiehlt seinen Engeln\u201c | Richard Shephard: Song of Mary | Thomas Gabriel: Gott hat mir l\u00e4ngst einen Engel gesandt | Philip Stopford: Ave Maria<\/p>\n\n\n\n<p class=\"has-text-align-right\" style=\"line-height:1.5\"><em>Chorgemeinschaft Heiligkreuz Trier<br>David Keller, Orgel<br>Leitung: Dekanatskantor Burkhard P\u00fctz<br>Liturgie: Domkapitular Pfr. Benedikt Welter<\/em><\/p>\n\n\n\n<figure class=\"wp-block-image size-large\"><img loading=\"lazy\" decoding=\"async\" width=\"1024\" height=\"631\" src=\"https:\/\/burkhard-puetz.de\/wp-content\/uploads\/2024\/11\/Chorgemeinschaft-Heiligkreuz-Abendlob-St.-Michael-29.09.24-1-scaled-1-1024x631.jpg\" alt=\"\" class=\"wp-image-2819\" srcset=\"https:\/\/burkhard-puetz.de\/wp-content\/uploads\/2024\/11\/Chorgemeinschaft-Heiligkreuz-Abendlob-St.-Michael-29.09.24-1-scaled-1-1024x631.jpg 1024w, https:\/\/burkhard-puetz.de\/wp-content\/uploads\/2024\/11\/Chorgemeinschaft-Heiligkreuz-Abendlob-St.-Michael-29.09.24-1-scaled-1-300x185.jpg 300w, https:\/\/burkhard-puetz.de\/wp-content\/uploads\/2024\/11\/Chorgemeinschaft-Heiligkreuz-Abendlob-St.-Michael-29.09.24-1-scaled-1-768x473.jpg 768w, https:\/\/burkhard-puetz.de\/wp-content\/uploads\/2024\/11\/Chorgemeinschaft-Heiligkreuz-Abendlob-St.-Michael-29.09.24-1-scaled-1-1536x946.jpg 1536w, https:\/\/burkhard-puetz.de\/wp-content\/uploads\/2024\/11\/Chorgemeinschaft-Heiligkreuz-Abendlob-St.-Michael-29.09.24-1-scaled-1-2048x1262.jpg 2048w\" sizes=\"auto, (max-width: 1024px) 100vw, 1024px\" \/><figcaption class=\"wp-element-caption\">Die Chorgemeinschaft Heiligkreuz Trier beim Abendlob \u201cMusik der Engel\u201d zum Patronatsfest am 29.09.24<\/figcaption><\/figure>\n\n\n\n<blockquote class=\"wp-block-quote is-layout-flow wp-block-quote-is-layout-flow\">\n<p class=\"has-theme-palette-1-color has-text-color has-link-color wp-elements-f3ebf99119f61e28fd8431bd9c0d215e\"><strong><em>\u201eMusik der Engel\u201c in St.<\/em><\/strong>&nbsp;<strong><em>Michael<\/em><\/strong><br>Das Patronatsfest der Pfarrkirche St.&nbsp;Michael in Mariahof wurde in diesem Jahr besonders festlich am Sonntag, dem 29.&nbsp;September, gefeiert. Im Rahmen eines beeindruckenden Abendlobs unter dem Titel \u201eMusik der Engel\u201c \u00fcbernahm die Chorgemeinschaft Heiligkreuz die musikalische Gestaltung. Erfahrene S\u00e4ngerinnen und S\u00e4nger sowie viele engagierte Jugendliche boten ein vielseitiges Programm geistlicher Chormusik dar.<br>Unter der Leitung von Dekanatskantor Burkhard P\u00fctz und begleitet von David Keller an der Orgel erklangen Werke von Bach, Schroeder, Stanford, Shephard und weiteren Komponisten.<br>Ein besonderer Moment des Gottesdienstes war die Ehrung langj\u00e4hriger Chormitglieder durch Pfarrer Benedikt Welter. Sieben Jugendliche wurden f\u00fcr f\u00fcnf Jahre Chormitgliedschaft ausgezeichnet, w\u00e4hrend vierzehn Erwachsene f\u00fcr beeindruckende Jubil\u00e4en von 10 bis zu 65 Jahren im Dienst der Kirchenmusik geehrt wurden.<br>Die rund zweihundert Besucher dr\u00fcckten ihre Wertsch\u00e4tzung f\u00fcr die ausdrucksstarke und eindringliche Musik mit langanhaltendem Applaus aus und machten diesen Abend zu einem besonderen Fest f\u00fcr alle Beteiligten.<\/p>\n<\/blockquote>\n\n\n\n<h2 class=\"wp-block-heading\" style=\"padding-top:0;padding-right:0;padding-bottom:var(--wp--preset--spacing--40);padding-left:0;line-height:1.5\">Oktober<\/h2>\n\n\n\n<p class=\"has-theme-palette-1-color has-theme-palette-7-background-color has-text-color has-background has-link-color wp-elements-6b9bd7bfcb60fd022ab36097330c7499\" style=\"padding-top:var(--wp--preset--spacing--40);padding-right:var(--wp--preset--spacing--50);padding-bottom:var(--wp--preset--spacing--40);padding-left:var(--wp--preset--spacing--50);font-style:normal;font-weight:600;line-height:1.5\">St. Michael<\/p>\n\n\n\n<p>Sonntag, 13. Oktober 2024 | 28. Sonntag im Jahreskreis<\/p>\n\n\n\n<p>11:00 | HOCHAMT | Gregorianischer Choral<br>Ordinarium VIII &#8220;de Angelis&#8221; | Proprium &#8220;Si iniquitates&#8221;<\/p>\n\n\n\n<p class=\"has-text-align-right\"><em>Choralschola<\/em><\/p>\n\n\n\n<h2 class=\"wp-block-heading\" style=\"padding-top:0;padding-right:0;padding-bottom:var(--wp--preset--spacing--40);padding-left:0;line-height:1.5\">November<\/h2>\n\n\n\n<p class=\"has-theme-palette-1-color has-theme-palette-7-background-color has-text-color has-background has-link-color wp-elements-6b9bd7bfcb60fd022ab36097330c7499\" style=\"padding-top:var(--wp--preset--spacing--40);padding-right:var(--wp--preset--spacing--50);padding-bottom:var(--wp--preset--spacing--40);padding-left:var(--wp--preset--spacing--50);font-style:normal;font-weight:600;line-height:1.5\">St. Michael<\/p>\n\n\n\n<p>Freitag, 8. November 2024<\/p>\n\n\n\n<p>19:00 | FRIEDENSGEBET mit Ges\u00e4ngen aus Taiz\u00e9 &#8211;<br>Im Rahmen des bundesweiten Projektes <br>\u201eKirchenmusik: klangvoll vereint f\u00fcr Frieden und Demokratie\u201c<\/p>\n\n\n\n<p class=\"has-text-align-right\" style=\"line-height:1.5\"><em>Chorgemeinschaft Heiligkreuz Trier<\/em><br><em>Simon Sch\u00f6rer, Orgel<br>Diakon Christoph Berger, liturgische Leitung<\/em><\/p>\n\n\n\n<p class=\"has-text-align-center\"><a href=\"https:\/\/www.acv-deutschland.de\/kirchenmusik-klangvoll-vereint-fuer-frieden-und-demokratie\/\" target=\"_blank\" rel=\"noreferrer noopener\">Kirchenmusik: klangvoll vereint f\u00fcr Frieden und Demokratie<\/a><\/p>\n\n\n\n<figure class=\"wp-block-image size-large\" id=\"Friedensgebet\"><img loading=\"lazy\" decoding=\"async\" width=\"1024\" height=\"816\" src=\"https:\/\/burkhard-puetz.de\/wp-content\/uploads\/2024\/11\/Friedensgebet-08.11.24-Mariahof-1024x816.jpg\" alt=\"\" class=\"wp-image-2816\" srcset=\"https:\/\/burkhard-puetz.de\/wp-content\/uploads\/2024\/11\/Friedensgebet-08.11.24-Mariahof-1024x816.jpg 1024w, https:\/\/burkhard-puetz.de\/wp-content\/uploads\/2024\/11\/Friedensgebet-08.11.24-Mariahof-300x239.jpg 300w, https:\/\/burkhard-puetz.de\/wp-content\/uploads\/2024\/11\/Friedensgebet-08.11.24-Mariahof-768x612.jpg 768w, https:\/\/burkhard-puetz.de\/wp-content\/uploads\/2024\/11\/Friedensgebet-08.11.24-Mariahof.jpg 1356w\" sizes=\"auto, (max-width: 1024px) 100vw, 1024px\" \/><\/figure>\n\n\n\n<blockquote class=\"wp-block-quote is-layout-flow wp-block-quote-is-layout-flow\">\n<p class=\"has-theme-palette-1-color has-text-color has-link-color wp-elements-f8c16e3acc60504618db8a87fc06552c\"><em><strong>Ch\u00f6re singen f\u00fcr den Frieden<\/strong><br><\/em>Am 8.&nbsp;November setzten Ch\u00f6re aus ganz Deutschland ein bewegendes Zeichen f\u00fcr Frieden und Demokratie. Unter dem Motto \u201eKlangvoll vereint f\u00fcr Frieden und Demokratie\u201c versammelten sich um 19&nbsp;Uhr hunderte Ch\u00f6re, um am Vorabend des geschichtstr\u00e4chtigen 9.&nbsp;November gemeinsam zu singen. Diese Initiative, die von der Arbeitsgemeinschaft der \u00c4mter und Referate f\u00fcr Kirchenmusik Deutschland sowie dem Allgemeinen C\u00e4cilienverband f\u00fcr Deutschland ins Leben gerufen wurde, schuf eine musikalische Solidarit\u00e4tsbekundung.<br>Auch die Chorgemeinschaft Heiligkreuz Trier schloss sich der Aktion an. Sie gestaltete ein besonderes Friedensgebet in der Pfarrkirche St.&nbsp;Michael, Mariahof, das durch die meditativen Ges\u00e4nge aus Taiz\u00e9 gepr\u00e4gt war. Geleitet wurde der Gottesdienst von Diakon Christoph Berger, w\u00e4hrend Simon Sch\u00f6rer die musikalische Begleitung an der Orgel \u00fcbernahm. So entstand ein atmosph\u00e4risches Zusammenspiel von Stimmen und Kl\u00e4ngen, das die Besucher auf ber\u00fchrende Weise in das Gebet f\u00fcr Frieden einbezog.<\/p>\n<\/blockquote>\n\n\n\n<h2 class=\"wp-block-heading\" style=\"padding-top:0;padding-right:0;padding-bottom:var(--wp--preset--spacing--40);padding-left:0;line-height:1.5\">Dezember<\/h2>\n\n\n\n<p class=\"has-theme-palette-1-color has-theme-palette-7-background-color has-text-color has-background has-link-color wp-elements-6b9bd7bfcb60fd022ab36097330c7499\" style=\"padding-top:var(--wp--preset--spacing--40);padding-right:var(--wp--preset--spacing--50);padding-bottom:var(--wp--preset--spacing--40);padding-left:var(--wp--preset--spacing--50);font-style:normal;font-weight:600;line-height:1.5\">St. Michael<\/p>\n\n\n\n<p>Sonntag, 1. Dezember 2024 | 1. Adventssonntag<\/p>\n\n\n\n<p>11:00 | HOCHAMT<br><strong><em>Verschoben (krankheitsbedingt):<\/em><\/strong><br>Andreas Unterguggenberger: Zwei Adventslieder f\u00fcr Oberstimmenchor und Orgel | Gottfried August Homilius: Israel, hoffe auf den Herrn | Richard Runciman Terry: Missa brevis in C | C\u00e9sar Franck: Panis angelicus | Lieder und Ges\u00e4nge zum Advent<\/p>\n\n\n\n<p class=\"has-text-align-right\" style=\"line-height:1.5\"><em>Kinderchor Heiligkreuz (A-Chor)<\/em><\/p>\n\n\n\n<p class=\"has-theme-palette-1-color has-theme-palette-7-background-color has-text-color has-background has-link-color wp-elements-6b9bd7bfcb60fd022ab36097330c7499\" style=\"padding-top:var(--wp--preset--spacing--40);padding-right:var(--wp--preset--spacing--50);padding-bottom:var(--wp--preset--spacing--40);padding-left:var(--wp--preset--spacing--50);font-style:normal;font-weight:600;line-height:1.5\">St. Michael<\/p>\n\n\n\n<p>Mittwoch, 25. Dezember 2024 | Weihnachten | Hochfest der Geburt des Herrn<\/p>\n\n\n\n<p>11:00 | FESTHOCHAMT<br><strong><em>Verschoben (krankheitsbedingt):<\/em><\/strong><br>Christopher Tambling: Messe in G f\u00fcr Chor, Orgel und Instrumente<br>John Rutter: Christmas Lullaby | Felix Mendelssohn Bartholdy: Hark! the herald angels sing | David Willcocks: Adeste, fideles | Michael Praetorius: Es ist ein Ros entsprungen | Camille Saint-Sa\u00ebns: Tollite hostias | Hermann Schroeder: Freu dich, Erd und Sternenzelt<br>Orgelmusik | Alfred Herbert Brewer: Marche H\u00e9ro\u00efque<\/p>\n\n\n\n<p class=\"has-text-align-right\"><em>Chorgemeinschaft Heiligkreuz Trier<br>Ein Instrumentalensemble<br>Dr. Adrian Caspari, Orgel<br>Leitung: Dekanatskantor Burkhard P\u00fctz<\/em><\/p>\n\n\n\n<hr class=\"wp-block-separator has-alpha-channel-opacity\"\/>\n\n\n<div style=\"line-height:1.5; padding-right:0;padding-left:0;padding-top:0;padding-bottom:0;\" class=\"has-text-align-right wp-block-post-date__modified-date wp-block-post-date\"><time datetime=\"2026-04-16T09:25:33+00:00\">16.04.26<\/time><\/div>\n\n\n<p class=\"has-text-align-right\">\u00c4nderungen vorbehalten.<\/p>\n\n\n\n<p class=\"has-text-align-center has-theme-palette-7-background-color has-background has-small-font-size\" style=\"margin-top:var(--wp--preset--spacing--60);padding-top:15px;padding-right:15px;padding-bottom:15px;padding-left:15px\">Die genannten Ch\u00f6re stehen unter der Leitung von Dekanatskantor Burkhard P\u00fctz.<br>An der Orgel spielt ebenfalls Burkhard P\u00fctz, sofern nichts anderes angegeben ist.<\/p>\n\n\n\n<p class=\"has-text-align-center\">Infos auch unter:<br><a href=\"https:\/\/www.heiligkreuz-trier.de\/Kirchenmusik.html\" target=\"_blank\" rel=\"noreferrer noopener\">www.heiligkreuz-trier.de<\/a><\/p>\n","protected":false},"excerpt":{"rendered":"<p>202620252024 2026 Januar Heiligkreuz Sonntag, 25. Januar 2026 | 3. Sonntag im Jahreskreis 11:00 HOCHAMT | Gregorianischer ChoralOrdinarium VIII \u201eDe Angelis\u201c | Proprium \u201eDominus secus mare\u201c Choralschola Heiligkreuz Februar St&#8230;.<\/p>\n","protected":false},"author":1,"featured_media":0,"parent":341,"menu_order":1,"comment_status":"closed","ping_status":"closed","template":"","meta":{"_kadence_starter_templates_imported_post":false,"_kad_post_transparent":"default","_kad_post_title":"","_kad_post_layout":"narrow","_kad_post_sidebar_id":"default","_kad_post_content_style":"default","_kad_post_vertical_padding":"hide","_kad_post_feature":"show","_kad_post_feature_position":"above","_kad_post_header":false,"_kad_post_footer":false,"_kad_post_classname":"","footnotes":""},"class_list":["post-19","page","type-page","status-publish","hentry"],"_links":{"self":[{"href":"https:\/\/burkhard-puetz.de\/index.php?rest_route=\/wp\/v2\/pages\/19","targetHints":{"allow":["GET"]}}],"collection":[{"href":"https:\/\/burkhard-puetz.de\/index.php?rest_route=\/wp\/v2\/pages"}],"about":[{"href":"https:\/\/burkhard-puetz.de\/index.php?rest_route=\/wp\/v2\/types\/page"}],"author":[{"embeddable":true,"href":"https:\/\/burkhard-puetz.de\/index.php?rest_route=\/wp\/v2\/users\/1"}],"replies":[{"embeddable":true,"href":"https:\/\/burkhard-puetz.de\/index.php?rest_route=%2Fwp%2Fv2%2Fcomments&post=19"}],"version-history":[{"count":127,"href":"https:\/\/burkhard-puetz.de\/index.php?rest_route=\/wp\/v2\/pages\/19\/revisions"}],"predecessor-version":[{"id":3516,"href":"https:\/\/burkhard-puetz.de\/index.php?rest_route=\/wp\/v2\/pages\/19\/revisions\/3516"}],"up":[{"embeddable":true,"href":"https:\/\/burkhard-puetz.de\/index.php?rest_route=\/wp\/v2\/pages\/341"}],"wp:attachment":[{"href":"https:\/\/burkhard-puetz.de\/index.php?rest_route=%2Fwp%2Fv2%2Fmedia&parent=19"}],"curies":[{"name":"wp","href":"https:\/\/api.w.org\/{rel}","templated":true}]}}