{"id":258,"date":"2024-08-05T15:39:36","date_gmt":"2024-08-05T15:39:36","guid":{"rendered":"https:\/\/burkhard-puetz.de\/?page_id=258"},"modified":"2026-04-01T09:05:46","modified_gmt":"2026-04-01T09:05:46","slug":"fotos-orgelweihe-st-michael-trier-mariahof-2009","status":"publish","type":"page","link":"https:\/\/burkhard-puetz.de\/?page_id=258","title":{"rendered":"Orgelweihe St. Michael Trier-Mariahof 2009"},"content":{"rendered":"\n<p>Dreifaltigkeitssonntag 7. Juni 2009. Pr\u00e4lat Dr. Georg Holkenbrink weiht die Klais-Fasen-Orgel in der Pfarrkirche St. Michael, Trier-Mariahof. Dekanatskantor Burkhard P\u00fctz spielt Orgelwerke von Johann Sebastian Bach, Felix Mendelssohn Bartholdy, Max Reger u. a.<\/p>\n\n\n<!-- PhotoBlocks for WordPress v1.3.3 free --><style> #photoblocks-6 {width: 100%;} #photoblocks-6 .pb-block {border-color: #333333;} #photoblocks-6 .pb-title {color: #ffffff;font-size: 20px;} #photoblocks-6 .pb-description {color: rgba(255, 255, 255, 0.7);font-size: 14px;} #photoblocks-6 .pb-block.pb-type-text .pb-overlay {} #photoblocks-6 .pb-block.pb-type-text .pb-title, #photoblocks-6 .pb-block.pb-type-text .pb-description {} #photoblocks-6 .pb-block.pb-type-text .pb-title {} #photoblocks-6 .pb-block.pb-type-text .pb-description {} #photoblocks-6 .pb-overlay {background: rgba(0, 0, 0, 0.75);} #photoblocks-6.pb-lift.show-empty-overlay .pb-block.pb-type-image:hover, #photoblocks-6.pb-lift .pb-block.pb-type-image.with-text:hover { box-shadow: rgba(0, 0, 0, 0.75) 0 0 20px; } #photoblocks-6 .pb-block { } #photoblocks-6 .pb-block .pb-social button {color: #ffffff;font-size: 14px;} #photoblocks-6 .pb-blocks .pb-type-image {max-width: calc( 100% - 10px )}<\/style><div class=\"photoblocks-gallery pb-blur pb-lift pb-effect-fade\" data-anim=\"fade\" id=\"photoblocks-6\"> <div class=\"pb-blocks\"> <div class=\"pb-block with-text with-social-or-text pb-landscape pb-height pb-type-image \" style=\"\" data-colspan=\"2\" data-rowspan=\"1\" data-col=\"0\" data-row=\"0\" data-valign=\"center\" data-halign=\"center\" data-type=\"image\" data-ratio=\"1.5051740357479\"> <img decoding=\"async\" class=\"pb-image skip-lazy \" src=\"data:image\/png;base64,iVBORw0KGgoAAAANSUhEUgAAAAEAAAABCAYAAAAfFcSJAAAADUlEQVR42mNkYPhfDwAChwGA60e6kgAAAABJRU5ErkJggg==\" data-pb-source=\"https:\/\/burkhardpuetz-i6psyu9my.live-website.com\/wp-content\/uploads\/2024\/07\/Gemeinde.jpg\" alt=\"Orgelweihe St. Michael Trier-Mariahof 2009\"> <noscript><img decoding=\"async\" src=\"https:\/\/burkhardpuetz-i6psyu9my.live-website.com\/wp-content\/uploads\/2024\/07\/Gemeinde.jpg\" alt=\"Orgelweihe St. Michael Trier-Mariahof 2009\"><\/noscript> <a class=\"pb-link \" data-magnific=\"gallery-6\" data-caption=\"Die Gemeinde vor der Feier\" rel=\"\" target=\"\" href=\"https:\/\/burkhard-puetz.de\/wp-content\/uploads\/2024\/07\/Gemeinde.jpg\"> <div class=\"pb-overlay\" style=\"\"> <div class=\"pb-caption-top\"> <span class=\"pb-title pb-caption-left\" style=\"\">Orgelweihe St. Michael Trier-Mariahof 2009<\/span> <\/div> <div class=\"pb-caption-bottom\"> <span class=\"pb-description pb-caption-left\" style=\"\">Die Gemeinde vor der Feier<\/span> <\/div> <\/div> <\/a> <\/div> <div class=\"pb-block with-text with-social-or-text pb-landscape pb-width pb-type-image \" style=\"\" data-colspan=\"1\" data-rowspan=\"1\" data-col=\"2\" data-row=\"0\" data-valign=\"center\" data-halign=\"center\" data-type=\"image\" data-ratio=\"1.5051740357479\"> <img decoding=\"async\" class=\"pb-image skip-lazy \" src=\"data:image\/png;base64,iVBORw0KGgoAAAANSUhEUgAAAAEAAAABCAYAAAAfFcSJAAAADUlEQVR42mNkYPhfDwAChwGA60e6kgAAAABJRU5ErkJggg==\" data-pb-source=\"https:\/\/burkhardpuetz-i6psyu9my.live-website.com\/wp-content\/uploads\/2024\/07\/Pfarrer-Noesges.jpg\" alt=\"Orgelweihe St. Michael Trier-Mariahof 2009\"> <noscript><img decoding=\"async\" src=\"https:\/\/burkhardpuetz-i6psyu9my.live-website.com\/wp-content\/uploads\/2024\/07\/Pfarrer-Noesges.jpg\" alt=\"Orgelweihe St. Michael Trier-Mariahof 2009\"><\/noscript> <a class=\"pb-link \" data-magnific=\"gallery-6\" data-caption=\"Pfarrer N\u00f6sges aus Essen-Frintrop\" rel=\"\" target=\"\" href=\"https:\/\/burkhard-puetz.de\/wp-content\/uploads\/2024\/07\/Pfarrer-Noesges.jpg\"> <div class=\"pb-overlay\" style=\"\"> <div class=\"pb-caption-top\"> <span class=\"pb-title pb-caption-left\" style=\"\">Orgelweihe St. Michael Trier-Mariahof 2009<\/span> <\/div> <div class=\"pb-caption-bottom\"> <span class=\"pb-description pb-caption-left\" style=\"\">Pfarrer N\u00f6sges aus Essen-Frintrop<\/span> <\/div> <\/div> <\/a> <\/div> <div class=\"pb-block with-text with-social-or-text pb-portrait pb-height pb-type-image \" style=\"\" data-colspan=\"1\" data-rowspan=\"1\" data-col=\"3\" data-row=\"0\" data-valign=\"center\" data-halign=\"center\" data-type=\"image\" data-ratio=\"0.664375\"> <img decoding=\"async\" class=\"pb-image skip-lazy \" src=\"data:image\/png;base64,iVBORw0KGgoAAAANSUhEUgAAAAEAAAABCAYAAAAfFcSJAAAADUlEQVR42mNkYPhfDwAChwGA60e6kgAAAABJRU5ErkJggg==\" data-pb-source=\"https:\/\/burkhardpuetz-i6psyu9my.live-website.com\/wp-content\/uploads\/2024\/07\/Burkhard-Puetz-beim-Orgelspiel.jpg\" alt=\"Orgelweihe St. Michael Trier-Mariahof 2009\"> <noscript><img decoding=\"async\" src=\"https:\/\/burkhardpuetz-i6psyu9my.live-website.com\/wp-content\/uploads\/2024\/07\/Burkhard-Puetz-beim-Orgelspiel.jpg\" alt=\"Orgelweihe St. Michael Trier-Mariahof 2009\"><\/noscript> <a class=\"pb-link \" data-magnific=\"gallery-6\" data-caption=\"Dekanatskantor Burkhard P\u00fctz beim Orgelspiel\" rel=\"\" target=\"\" href=\"https:\/\/burkhard-puetz.de\/wp-content\/uploads\/2024\/07\/Burkhard-Puetz-beim-Orgelspiel.jpg\"> <div class=\"pb-overlay\" style=\"\"> <div class=\"pb-caption-top\"> <span class=\"pb-title pb-caption-left\" style=\"\">Orgelweihe St. Michael Trier-Mariahof 2009<\/span> <\/div> <div class=\"pb-caption-bottom\"> <span class=\"pb-description pb-caption-left\" style=\"\">Dekanatskantor Burkhard P\u00fctz beim Orgelspiel<\/span> <\/div> <\/div> <\/a> <\/div> <div class=\"pb-block with-text with-social-or-text pb-landscape pb-height pb-type-image \" style=\"\" data-colspan=\"2\" data-rowspan=\"1\" data-col=\"0\" data-row=\"1\" data-valign=\"center\" data-halign=\"center\" data-type=\"image\" data-ratio=\"1.4995313964386\"> <img decoding=\"async\" class=\"pb-image skip-lazy \" src=\"data:image\/png;base64,iVBORw0KGgoAAAANSUhEUgAAAAEAAAABCAYAAAAfFcSJAAAADUlEQVR42mNkYPhfDwAChwGA60e6kgAAAABJRU5ErkJggg==\" data-pb-source=\"https:\/\/burkhardpuetz-i6psyu9my.live-website.com\/wp-content\/uploads\/2024\/07\/Orgelweihe-4.jpg\" alt=\"Orgelweihe St. Michael Trier-Mariahof 2009\"> <noscript><img decoding=\"async\" src=\"https:\/\/burkhardpuetz-i6psyu9my.live-website.com\/wp-content\/uploads\/2024\/07\/Orgelweihe-4.jpg\" alt=\"Orgelweihe St. Michael Trier-Mariahof 2009\"><\/noscript> <a class=\"pb-link \" data-magnific=\"gallery-6\" data-caption=\"Die Weihe\" rel=\"\" target=\"\" href=\"https:\/\/burkhard-puetz.de\/wp-content\/uploads\/2024\/07\/Orgelweihe-4.jpg\"> <div class=\"pb-overlay\" style=\"\"> <div class=\"pb-caption-top\"> <span class=\"pb-title pb-caption-left\" style=\"\">Orgelweihe St. Michael Trier-Mariahof 2009<\/span> <\/div> <div class=\"pb-caption-bottom\"> <span class=\"pb-description pb-caption-left\" style=\"\">Die Weihe<\/span> <\/div> <\/div> <\/a> <\/div> <div class=\"pb-block with-text with-social-or-text pb-landscape pb-height pb-type-image \" style=\"\" data-colspan=\"2\" data-rowspan=\"1\" data-col=\"2\" data-row=\"1\" data-valign=\"center\" data-halign=\"center\" data-type=\"image\" data-ratio=\"1.5051740357479\"> <img decoding=\"async\" class=\"pb-image skip-lazy \" src=\"data:image\/png;base64,iVBORw0KGgoAAAANSUhEUgAAAAEAAAABCAYAAAAfFcSJAAAADUlEQVR42mNkYPhfDwAChwGA60e6kgAAAABJRU5ErkJggg==\" data-pb-source=\"https:\/\/burkhardpuetz-i6psyu9my.live-website.com\/wp-content\/uploads\/2024\/07\/Chorgemeinschaft.jpg\" alt=\"Orgelweihe St. Michael Trier-Mariahof 2009\"> <noscript><img decoding=\"async\" src=\"https:\/\/burkhardpuetz-i6psyu9my.live-website.com\/wp-content\/uploads\/2024\/07\/Chorgemeinschaft.jpg\" alt=\"Orgelweihe St. Michael Trier-Mariahof 2009\"><\/noscript> <a class=\"pb-link \" data-magnific=\"gallery-6\" data-caption=\"Die Chorgemeinschaft Heiligkreuz Trier nach der Orgelweihe in St. Michael am 07.06.09\" rel=\"\" target=\"\" href=\"https:\/\/burkhard-puetz.de\/wp-content\/uploads\/2024\/07\/Chorgemeinschaft.jpg\"> <div class=\"pb-overlay\" style=\"\"> <div class=\"pb-caption-top\"> <span class=\"pb-title pb-caption-left\" style=\"\">Orgelweihe St. Michael Trier-Mariahof 2009<\/span> <\/div> <div class=\"pb-caption-bottom\"> <span class=\"pb-description pb-caption-left\" style=\"\">Die Chorgemeinschaft Heiligkreuz Trier nach der Orgelweihe in St. Michael am 07.06.09<\/span> <\/div> <\/div> <\/a> <\/div> <div class=\"pb-block with-text with-social-or-text pb-landscape pb-height pb-type-image \" style=\"\" data-colspan=\"2\" data-rowspan=\"1\" data-col=\"0\" data-row=\"2\" data-valign=\"center\" data-halign=\"center\" data-type=\"image\" data-ratio=\"1.5051740357479\"> <img decoding=\"async\" class=\"pb-image skip-lazy \" src=\"data:image\/png;base64,iVBORw0KGgoAAAANSUhEUgAAAAEAAAABCAYAAAAfFcSJAAAADUlEQVR42mNkYPhfDwAChwGA60e6kgAAAABJRU5ErkJggg==\" data-pb-source=\"https:\/\/burkhardpuetz-i6psyu9my.live-website.com\/wp-content\/uploads\/2024\/07\/Hauptpersonen.jpg\" alt=\"Orgelweihe St. Michael Trier-Mariahof 2009\"> <noscript><img decoding=\"async\" src=\"https:\/\/burkhardpuetz-i6psyu9my.live-website.com\/wp-content\/uploads\/2024\/07\/Hauptpersonen.jpg\" alt=\"Orgelweihe St. Michael Trier-Mariahof 2009\"><\/noscript> <a class=\"pb-link \" data-magnific=\"gallery-6\" data-caption=\"v.l.n.r. Pfr. Nikolaus N\u00f6sges (Essen), Dekanatskantor Burkhard P\u00fctz, Gastpriester N.N., Dechant Georg Goeres (Pfr.), Werner Leinenbach (Vors. PGR), Pr\u00e4lat Dr. Georg Holkenbrink (Generalvikar), OBM Hubert Fasen\" rel=\"\" target=\"\" href=\"https:\/\/burkhard-puetz.de\/wp-content\/uploads\/2024\/07\/Hauptpersonen.jpg\"> <div class=\"pb-overlay\" style=\"\"> <div class=\"pb-caption-top\"> <span class=\"pb-title pb-caption-left\" style=\"\">Orgelweihe St. Michael Trier-Mariahof 2009<\/span> <\/div> <div class=\"pb-caption-bottom\"> <span class=\"pb-description pb-caption-left\" style=\"\">v.l.n.r. Pfr. Nikolaus N\u00f6sges (Essen), Dekanatskantor Burkhard P\u00fctz, Gastpriester N.N., Dechant Georg Goeres (Pfr.), Werner Leinenbach (Vors. PGR), Pr\u00e4lat Dr. Georg Holkenbrink (Generalvikar), OBM Hubert Fasen<\/span> <\/div> <\/div> <\/a> <\/div> <div class=\"pb-block with-text with-social-or-text pb-portrait pb-height pb-type-image \" style=\"\" data-colspan=\"2\" data-rowspan=\"1\" data-col=\"2\" data-row=\"2\" data-valign=\"center\" data-halign=\"center\" data-type=\"image\" data-ratio=\"0.75079365079365\"> <img decoding=\"async\" class=\"pb-image skip-lazy \" src=\"data:image\/png;base64,iVBORw0KGgoAAAANSUhEUgAAAAEAAAABCAYAAAAfFcSJAAAADUlEQVR42mNkYPhfDwAChwGA60e6kgAAAABJRU5ErkJggg==\" data-pb-source=\"https:\/\/burkhardpuetz-i6psyu9my.live-website.com\/wp-content\/uploads\/2024\/07\/Orgelkonzert-fuer-Kinder-klein.jpg\" alt=\"Orgelweihe St. Michael Trier-Mariahof 2009\"> <noscript><img decoding=\"async\" src=\"https:\/\/burkhardpuetz-i6psyu9my.live-website.com\/wp-content\/uploads\/2024\/07\/Orgelkonzert-fuer-Kinder-klein.jpg\" alt=\"Orgelweihe St. Michael Trier-Mariahof 2009\"><\/noscript> <a class=\"pb-link \" data-magnific=\"gallery-6\" data-caption=\"Orgelkonzert f\u00fcr Kinder Christiane Michel-Ostertun: Eberhards verwegene Abenteuer Marcus Adams, Orgel \u2219 Anne P\u00fctz, Erz\u00e4hlerin\" rel=\"\" target=\"\" href=\"https:\/\/burkhard-puetz.de\/wp-content\/uploads\/2024\/07\/Orgelkonzert-fuer-Kinder-klein.jpg\"> <div class=\"pb-overlay\" style=\"\"> <div class=\"pb-caption-top\"> <span class=\"pb-title pb-caption-left\" style=\"\">Orgelweihe St. Michael Trier-Mariahof 2009<\/span> <\/div> <div class=\"pb-caption-bottom\"> <span class=\"pb-description pb-caption-left\" style=\"\">Orgelkonzert f\u00fcr Kinder Christiane Michel-Ostertun: Eberhards verwegene Abenteuer Marcus Adams, Orgel \u2219 Anne P\u00fctz, Erz\u00e4hlerin<\/span> <\/div> <\/div> <\/a> <\/div> <\/div><\/div><div id=\"photoblocks-fancybox-6\"><\/div><script>jQuery(function () { var p = new PhotoBlocks({ selector: \"#photoblocks-6\", columns: 4, padding: 10, disable_below: 320, on: { before: function () { }, after: function () { }, refresh: function () { } }, mobile_layout: [], lazy: false, debug: false }); jQuery(\"#photoblocks-6\").magnificPopup({ delegate: \".pb-block:not(.pb-filtered) [data-magnific]\", type: \"image\", gallery: { enabled: true, preload: [0,2] }, image: { titleSrc: 'data-caption' }, mainClass: \"mfp-6\" }); });<\/script>\n","protected":false},"excerpt":{"rendered":"<p>Dreifaltigkeitssonntag 7. Juni 2009. Pr\u00e4lat Dr. Georg Holkenbrink weiht die Klais-Fasen-Orgel in der Pfarrkirche St. Michael, Trier-Mariahof. Dekanatskantor Burkhard P\u00fctz spielt Orgelwerke von Johann Sebastian Bach, Felix Mendelssohn Bartholdy, Max&#8230;<\/p>\n","protected":false},"author":1,"featured_media":0,"parent":154,"menu_order":8,"comment_status":"closed","ping_status":"closed","template":"","meta":{"_kadence_starter_templates_imported_post":false,"_kad_post_transparent":"","_kad_post_title":"","_kad_post_layout":"narrow","_kad_post_sidebar_id":"","_kad_post_content_style":"","_kad_post_vertical_padding":"","_kad_post_feature":"","_kad_post_feature_position":"","_kad_post_header":false,"_kad_post_footer":false,"_kad_post_classname":"","footnotes":""},"class_list":["post-258","page","type-page","status-publish","hentry"],"_links":{"self":[{"href":"https:\/\/burkhard-puetz.de\/index.php?rest_route=\/wp\/v2\/pages\/258","targetHints":{"allow":["GET"]}}],"collection":[{"href":"https:\/\/burkhard-puetz.de\/index.php?rest_route=\/wp\/v2\/pages"}],"about":[{"href":"https:\/\/burkhard-puetz.de\/index.php?rest_route=\/wp\/v2\/types\/page"}],"author":[{"embeddable":true,"href":"https:\/\/burkhard-puetz.de\/index.php?rest_route=\/wp\/v2\/users\/1"}],"replies":[{"embeddable":true,"href":"https:\/\/burkhard-puetz.de\/index.php?rest_route=%2Fwp%2Fv2%2Fcomments&post=258"}],"version-history":[{"count":5,"href":"https:\/\/burkhard-puetz.de\/index.php?rest_route=\/wp\/v2\/pages\/258\/revisions"}],"predecessor-version":[{"id":849,"href":"https:\/\/burkhard-puetz.de\/index.php?rest_route=\/wp\/v2\/pages\/258\/revisions\/849"}],"up":[{"embeddable":true,"href":"https:\/\/burkhard-puetz.de\/index.php?rest_route=\/wp\/v2\/pages\/154"}],"wp:attachment":[{"href":"https:\/\/burkhard-puetz.de\/index.php?rest_route=%2Fwp%2Fv2%2Fmedia&parent=258"}],"curies":[{"name":"wp","href":"https:\/\/api.w.org\/{rel}","templated":true}]}}