{"id":408,"date":"2024-08-05T09:42:24","date_gmt":"2024-08-05T09:42:24","guid":{"rendered":"https:\/\/burkhard-puetz.de\/?page_id=408"},"modified":"2026-04-01T09:04:10","modified_gmt":"2026-04-01T09:04:10","slug":"fotos-chorgemeinschaft-heiligkreuz","status":"publish","type":"page","link":"https:\/\/burkhard-puetz.de\/?page_id=408","title":{"rendered":"Chorgemeinschaft Heiligkreuz Trier"},"content":{"rendered":"<!-- PhotoBlocks for WordPress v1.3.3 free --><style> #photoblocks-14 {width: 100%;} #photoblocks-14 .pb-block {border-color: #333333;} #photoblocks-14 .pb-title {color: #ffffff;font-size: 20px;} #photoblocks-14 .pb-description {color: rgba(255, 255, 255, 0.7);font-size: 14px;} #photoblocks-14 .pb-block.pb-type-text .pb-overlay {} #photoblocks-14 .pb-block.pb-type-text .pb-title, #photoblocks-14 .pb-block.pb-type-text .pb-description {} #photoblocks-14 .pb-block.pb-type-text .pb-title {} #photoblocks-14 .pb-block.pb-type-text .pb-description {} #photoblocks-14 .pb-overlay {background: rgba(0, 0, 0, 0.75);} #photoblocks-14.pb-lift.show-empty-overlay .pb-block.pb-type-image:hover, #photoblocks-14.pb-lift .pb-block.pb-type-image.with-text:hover { box-shadow: rgba(0, 0, 0, 0.75) 0 0 20px; } #photoblocks-14 .pb-block { } #photoblocks-14 .pb-block .pb-social button {color: #ffffff;font-size: 14px;} #photoblocks-14 .pb-blocks .pb-type-image {max-width: calc( 100% - 10px )}<\/style><div class=\"photoblocks-gallery pb-blur pb-lift pb-effect-fade\" data-anim=\"fade\" id=\"photoblocks-14\"> <div class=\"pb-blocks\"> <div class=\"pb-block with-text with-social-or-text pb-landscape pb-width pb-type-image \" style=\"\" data-colspan=\"1\" data-rowspan=\"1\" data-col=\"0\" data-row=\"0\" data-valign=\"center\" data-halign=\"center\" data-type=\"image\" data-ratio=\"1.6339285714286\"> <img decoding=\"async\" class=\"pb-image skip-lazy \" src=\"data:image\/png;base64,iVBORw0KGgoAAAANSUhEUgAAAAEAAAABCAYAAAAfFcSJAAAADUlEQVR42mNkYPhfDwAChwGA60e6kgAAAABJRU5ErkJggg==\" data-pb-source=\"https:\/\/burkhard-puetz.de\/wp-content\/uploads\/2026\/02\/01-Chorgemeinschaft-Heiligkreuz-Trier-01.02.26-St.-Michael.jpg\" alt=\"HOCHAMT mit Verabschiedung von Burkhard P\u00fctz als hauptamtlichem Kirchenmusiker der Pfarrei Heiligkreuz-Mariahof | Trier St. Michael | Sonntag, 1. Februar 2026 | Christopher Tambling: Messe in G f\u00fcr Chor, Gemeinde und Orgel | Gregorianischer Choral | Johann Sebastian Bach: Psallite Deo | Charles Hubert H. Parry: Jerusalem \u2013 Du h\u00f6chstes Licht (Arr. B. P\u00fctz) | John Rutter: The Lord bless you and keep you | Josep Oll\u00e9 i Sabat\u00e9: Vos estis lux mundi | Francesco Meneghello: Licht des Lebens | Chorgemeinschaft Heiligkreuz Trier | Dr. Adrian Caspari, Orgel | Leitung: Burkhard P\u00fctz\"> <noscript><img decoding=\"async\" src=\"https:\/\/burkhard-puetz.de\/wp-content\/uploads\/2026\/02\/01-Chorgemeinschaft-Heiligkreuz-Trier-01.02.26-St.-Michael.jpg\" alt=\"HOCHAMT mit Verabschiedung von Burkhard P\u00fctz als hauptamtlichem Kirchenmusiker der Pfarrei Heiligkreuz-Mariahof | Trier St. Michael | Sonntag, 1. Februar 2026 | Christopher Tambling: Messe in G f\u00fcr Chor, Gemeinde und Orgel | Gregorianischer Choral | Johann Sebastian Bach: Psallite Deo | Charles Hubert H. Parry: Jerusalem \u2013 Du h\u00f6chstes Licht (Arr. B. P\u00fctz) | John Rutter: The Lord bless you and keep you | Josep Oll\u00e9 i Sabat\u00e9: Vos estis lux mundi | Francesco Meneghello: Licht des Lebens | Chorgemeinschaft Heiligkreuz Trier | Dr. Adrian Caspari, Orgel | Leitung: Burkhard P\u00fctz\"><\/noscript> <a class=\"pb-link \" data-magnific=\"gallery-14\" data-caption=\"HOCHAMT mit Verabschiedung von Burkhard P\u00fctz als hauptamtlichem Kirchenmusiker der Pfarrei Heiligkreuz-Mariahof | Trier St. Michael | Sonntag, 1. Februar 2026 | Christopher Tambling: Messe in G f\u00fcr Chor, Gemeinde und Orgel | Gregorianischer Choral | Johann Sebastian Bach: Psallite Deo | Charles Hubert H. Parry: Jerusalem \u2013 Du h\u00f6chstes Licht (Arr. B. P\u00fctz) | John Rutter: The Lord bless you and keep you | Josep Oll\u00e9 i Sabat\u00e9: Vos estis lux mundi | Francesco Meneghello: Licht des Lebens | Chorgemeinschaft Heiligkreuz Trier | Dr. Adrian Caspari, Orgel | Leitung: Burkhard P\u00fctz\" rel=\"\" target=\"\" href=\"https:\/\/burkhard-puetz.de\/wp-content\/uploads\/2026\/02\/01-Chorgemeinschaft-Heiligkreuz-Trier-01.02.26-St.-Michael.jpg\"> <div class=\"pb-overlay\" style=\"\"> <div class=\"pb-caption-bottom\"> <span class=\"pb-description pb-caption-left\" style=\"\">HOCHAMT mit Verabschiedung von Burkhard P\u00fctz als hauptamtlichem Kirchenmusiker der Pfarrei Heiligkreuz-Mariahof | Trier St. Michael | Sonntag, 1. Februar 2026 | Christopher Tambling: Messe in G f\u00fcr Chor, Gemeinde und Orgel | Gregorianischer Choral | Johann Sebastian Bach: Psallite Deo | Charles Hubert H. Parry: Jerusalem \u2013 Du h\u00f6chstes Licht (Arr. B. P\u00fctz) | John Rutter: The Lord bless you and keep you | Josep Oll\u00e9 i Sabat\u00e9: Vos estis lux mundi | Francesco Meneghello: Licht des Lebens | Chorgemeinschaft Heiligkreuz Trier | Dr. Adrian Caspari, Orgel | Leitung: Burkhard P\u00fctz<\/span> <\/div> <\/div> <\/a> <\/div> <div class=\"pb-block with-text with-social-or-text pb-landscape pb-width pb-type-image \" style=\"\" data-colspan=\"1\" data-rowspan=\"1\" data-col=\"1\" data-row=\"0\" data-valign=\"center\" data-halign=\"center\" data-type=\"image\" data-ratio=\"1.3946117274168\"> <img decoding=\"async\" class=\"pb-image skip-lazy \" src=\"data:image\/png;base64,iVBORw0KGgoAAAANSUhEUgAAAAEAAAABCAYAAAAfFcSJAAAADUlEQVR42mNkYPhfDwAChwGA60e6kgAAAABJRU5ErkJggg==\" data-pb-source=\"https:\/\/burkhard-puetz.de\/wp-content\/uploads\/2026\/02\/20260201_111039.jpg\" alt=\"HOCHAMT mit Verabschiedung von Burkhard P\u00fctz als hauptamtlichem Kirchenmusiker der Pfarrei Heiligkreuz-Mariahof | Trier St. Michael | Sonntag, 1. Februar 2026 | Christopher Tambling: Messe in G f\u00fcr Chor, Gemeinde und Orgel | Gregorianischer Choral | Johann Sebastian Bach: Psallite Deo | Charles Hubert H. Parry: Jerusalem \u2013 Du h\u00f6chstes Licht (Arr. B. P\u00fctz) | John Rutter: The Lord bless you and keep you | Josep Oll\u00e9 i Sabat\u00e9: Vos estis lux mundi | Francesco Meneghello: Licht des Lebens | Chorgemeinschaft Heiligkreuz Trier | Dr. Adrian Caspari, Orgel | Leitung: Burkhard P\u00fctz\"> <noscript><img decoding=\"async\" src=\"https:\/\/burkhard-puetz.de\/wp-content\/uploads\/2026\/02\/20260201_111039.jpg\" alt=\"HOCHAMT mit Verabschiedung von Burkhard P\u00fctz als hauptamtlichem Kirchenmusiker der Pfarrei Heiligkreuz-Mariahof | Trier St. Michael | Sonntag, 1. Februar 2026 | Christopher Tambling: Messe in G f\u00fcr Chor, Gemeinde und Orgel | Gregorianischer Choral | Johann Sebastian Bach: Psallite Deo | Charles Hubert H. Parry: Jerusalem \u2013 Du h\u00f6chstes Licht (Arr. B. P\u00fctz) | John Rutter: The Lord bless you and keep you | Josep Oll\u00e9 i Sabat\u00e9: Vos estis lux mundi | Francesco Meneghello: Licht des Lebens | Chorgemeinschaft Heiligkreuz Trier | Dr. Adrian Caspari, Orgel | Leitung: Burkhard P\u00fctz\"><\/noscript> <a class=\"pb-link \" data-magnific=\"gallery-14\" data-caption=\"HOCHAMT mit Verabschiedung von Burkhard P\u00fctz als hauptamtlichem Kirchenmusiker der Pfarrei Heiligkreuz-Mariahof | Trier St. Michael | Sonntag, 1. Februar 2026 | Christopher Tambling: Messe in G f\u00fcr Chor, Gemeinde und Orgel | Gregorianischer Choral | Johann Sebastian Bach: Psallite Deo | Charles Hubert H. Parry: Jerusalem \u2013 Du h\u00f6chstes Licht (Arr. B. P\u00fctz) | John Rutter: The Lord bless you and keep you | Josep Oll\u00e9 i Sabat\u00e9: Vos estis lux mundi | Francesco Meneghello: Licht des Lebens | Chorgemeinschaft Heiligkreuz Trier | Dr. Adrian Caspari, Orgel | Leitung: Burkhard P\u00fctz\" rel=\"\" target=\"\" href=\"https:\/\/burkhard-puetz.de\/wp-content\/uploads\/2026\/02\/20260201_111039.jpg\"> <div class=\"pb-overlay\" style=\"\"> <div class=\"pb-caption-bottom\"> <span class=\"pb-description pb-caption-left\" style=\"\">HOCHAMT mit Verabschiedung von Burkhard P\u00fctz als hauptamtlichem Kirchenmusiker der Pfarrei Heiligkreuz-Mariahof | Trier St. Michael | Sonntag, 1. Februar 2026 | Christopher Tambling: Messe in G f\u00fcr Chor, Gemeinde und Orgel | Gregorianischer Choral | Johann Sebastian Bach: Psallite Deo | Charles Hubert H. Parry: Jerusalem \u2013 Du h\u00f6chstes Licht (Arr. B. P\u00fctz) | John Rutter: The Lord bless you and keep you | Josep Oll\u00e9 i Sabat\u00e9: Vos estis lux mundi | Francesco Meneghello: Licht des Lebens | Chorgemeinschaft Heiligkreuz Trier | Dr. Adrian Caspari, Orgel | Leitung: Burkhard P\u00fctz<\/span> <\/div> <\/div> <\/a> <\/div> <div class=\"pb-block with-text with-social-or-text pb-landscape pb-width pb-type-image \" style=\"\" data-colspan=\"1\" data-rowspan=\"1\" data-col=\"2\" data-row=\"0\" data-valign=\"center\" data-halign=\"center\" data-type=\"image\" data-ratio=\"1.3231884057971\"> <img decoding=\"async\" class=\"pb-image skip-lazy \" src=\"data:image\/png;base64,iVBORw0KGgoAAAANSUhEUgAAAAEAAAABCAYAAAAfFcSJAAAADUlEQVR42mNkYPhfDwAChwGA60e6kgAAAABJRU5ErkJggg==\" data-pb-source=\"https:\/\/burkhard-puetz.de\/wp-content\/uploads\/2026\/02\/20260201_111756.jpg\" alt=\"HOCHAMT mit Verabschiedung von Burkhard P\u00fctz als hauptamtlichem Kirchenmusiker der Pfarrei Heiligkreuz-Mariahof | Trier St. Michael | Sonntag, 1. Februar 2026 | Christopher Tambling: Messe in G f\u00fcr Chor, Gemeinde und Orgel | Gregorianischer Choral | Johann Sebastian Bach: Psallite Deo | Charles Hubert H. Parry: Jerusalem \u2013 Du h\u00f6chstes Licht (Arr. B. P\u00fctz) | John Rutter: The Lord bless you and keep you | Josep Oll\u00e9 i Sabat\u00e9: Vos estis lux mundi | Francesco Meneghello: Licht des Lebens | Chorgemeinschaft Heiligkreuz Trier | Dr. Adrian Caspari, Orgel | Leitung: Burkhard P\u00fctz\"> <noscript><img decoding=\"async\" src=\"https:\/\/burkhard-puetz.de\/wp-content\/uploads\/2026\/02\/20260201_111756.jpg\" alt=\"HOCHAMT mit Verabschiedung von Burkhard P\u00fctz als hauptamtlichem Kirchenmusiker der Pfarrei Heiligkreuz-Mariahof | Trier St. Michael | Sonntag, 1. Februar 2026 | Christopher Tambling: Messe in G f\u00fcr Chor, Gemeinde und Orgel | Gregorianischer Choral | Johann Sebastian Bach: Psallite Deo | Charles Hubert H. Parry: Jerusalem \u2013 Du h\u00f6chstes Licht (Arr. B. P\u00fctz) | John Rutter: The Lord bless you and keep you | Josep Oll\u00e9 i Sabat\u00e9: Vos estis lux mundi | Francesco Meneghello: Licht des Lebens | Chorgemeinschaft Heiligkreuz Trier | Dr. Adrian Caspari, Orgel | Leitung: Burkhard P\u00fctz\"><\/noscript> <a class=\"pb-link \" data-magnific=\"gallery-14\" data-caption=\"HOCHAMT mit Verabschiedung von Burkhard P\u00fctz als hauptamtlichem Kirchenmusiker der Pfarrei Heiligkreuz-Mariahof | Trier St. Michael | Sonntag, 1. Februar 2026 | Christopher Tambling: Messe in G f\u00fcr Chor, Gemeinde und Orgel | Gregorianischer Choral | Johann Sebastian Bach: Psallite Deo | Charles Hubert H. Parry: Jerusalem \u2013 Du h\u00f6chstes Licht (Arr. B. P\u00fctz) | John Rutter: The Lord bless you and keep you | Josep Oll\u00e9 i Sabat\u00e9: Vos estis lux mundi | Francesco Meneghello: Licht des Lebens | Chorgemeinschaft Heiligkreuz Trier | Dr. Adrian Caspari, Orgel | Leitung: Burkhard P\u00fctz\" rel=\"\" target=\"\" href=\"https:\/\/burkhard-puetz.de\/wp-content\/uploads\/2026\/02\/20260201_111756.jpg\"> <div class=\"pb-overlay\" style=\"\"> <div class=\"pb-caption-bottom\"> <span class=\"pb-description pb-caption-left\" style=\"\">HOCHAMT mit Verabschiedung von Burkhard P\u00fctz als hauptamtlichem Kirchenmusiker der Pfarrei Heiligkreuz-Mariahof | Trier St. Michael | Sonntag, 1. Februar 2026 | Christopher Tambling: Messe in G f\u00fcr Chor, Gemeinde und Orgel | Gregorianischer Choral | Johann Sebastian Bach: Psallite Deo | Charles Hubert H. Parry: Jerusalem \u2013 Du h\u00f6chstes Licht (Arr. B. P\u00fctz) | John Rutter: The Lord bless you and keep you | Josep Oll\u00e9 i Sabat\u00e9: Vos estis lux mundi | Francesco Meneghello: Licht des Lebens | Chorgemeinschaft Heiligkreuz Trier | Dr. Adrian Caspari, Orgel | Leitung: Burkhard P\u00fctz<\/span> <\/div> <\/div> <\/a> <\/div> <div class=\"pb-block with-text with-social-or-text pb-landscape pb-width pb-type-image \" style=\"\" data-colspan=\"1\" data-rowspan=\"1\" data-col=\"3\" data-row=\"0\" data-valign=\"center\" data-halign=\"center\" data-type=\"image\" data-ratio=\"1.3876319758673\"> <img decoding=\"async\" class=\"pb-image skip-lazy \" src=\"data:image\/png;base64,iVBORw0KGgoAAAANSUhEUgAAAAEAAAABCAYAAAAfFcSJAAAADUlEQVR42mNkYPhfDwAChwGA60e6kgAAAABJRU5ErkJggg==\" data-pb-source=\"https:\/\/burkhard-puetz.de\/wp-content\/uploads\/2026\/02\/20260201_120225.jpg\" alt=\"HOCHAMT mit Verabschiedung von Burkhard P\u00fctz als hauptamtlichem Kirchenmusiker der Pfarrei Heiligkreuz-Mariahof | Trier St. Michael | Sonntag, 1. Februar 2026 | Christopher Tambling: Messe in G f\u00fcr Chor, Gemeinde und Orgel | Gregorianischer Choral | Johann Sebastian Bach: Psallite Deo | Charles Hubert H. Parry: Jerusalem \u2013 Du h\u00f6chstes Licht (Arr. B. P\u00fctz) | John Rutter: The Lord bless you and keep you | Josep Oll\u00e9 i Sabat\u00e9: Vos estis lux mundi | Francesco Meneghello: Licht des Lebens | Chorgemeinschaft Heiligkreuz Trier | Dr. Adrian Caspari, Orgel | Leitung: Burkhard P\u00fctz\"> <noscript><img decoding=\"async\" src=\"https:\/\/burkhard-puetz.de\/wp-content\/uploads\/2026\/02\/20260201_120225.jpg\" alt=\"HOCHAMT mit Verabschiedung von Burkhard P\u00fctz als hauptamtlichem Kirchenmusiker der Pfarrei Heiligkreuz-Mariahof | Trier St. Michael | Sonntag, 1. Februar 2026 | Christopher Tambling: Messe in G f\u00fcr Chor, Gemeinde und Orgel | Gregorianischer Choral | Johann Sebastian Bach: Psallite Deo | Charles Hubert H. Parry: Jerusalem \u2013 Du h\u00f6chstes Licht (Arr. B. P\u00fctz) | John Rutter: The Lord bless you and keep you | Josep Oll\u00e9 i Sabat\u00e9: Vos estis lux mundi | Francesco Meneghello: Licht des Lebens | Chorgemeinschaft Heiligkreuz Trier | Dr. Adrian Caspari, Orgel | Leitung: Burkhard P\u00fctz\"><\/noscript> <a class=\"pb-link \" data-magnific=\"gallery-14\" data-caption=\"HOCHAMT mit Verabschiedung von Burkhard P\u00fctz als hauptamtlichem Kirchenmusiker der Pfarrei Heiligkreuz-Mariahof | Trier St. Michael | Sonntag, 1. Februar 2026 | Christopher Tambling: Messe in G f\u00fcr Chor, Gemeinde und Orgel | Gregorianischer Choral | Johann Sebastian Bach: Psallite Deo | Charles Hubert H. Parry: Jerusalem \u2013 Du h\u00f6chstes Licht (Arr. B. P\u00fctz) | John Rutter: The Lord bless you and keep you | Josep Oll\u00e9 i Sabat\u00e9: Vos estis lux mundi | Francesco Meneghello: Licht des Lebens | Chorgemeinschaft Heiligkreuz Trier | Dr. Adrian Caspari, Orgel | Leitung: Burkhard P\u00fctz\" rel=\"\" target=\"\" href=\"https:\/\/burkhard-puetz.de\/wp-content\/uploads\/2026\/02\/20260201_120225.jpg\"> <div class=\"pb-overlay\" style=\"\"> <div class=\"pb-caption-bottom\"> <span class=\"pb-description pb-caption-left\" style=\"\">HOCHAMT mit Verabschiedung von Burkhard P\u00fctz als hauptamtlichem Kirchenmusiker der Pfarrei Heiligkreuz-Mariahof | Trier St. Michael | Sonntag, 1. Februar 2026 | Christopher Tambling: Messe in G f\u00fcr Chor, Gemeinde und Orgel | Gregorianischer Choral | Johann Sebastian Bach: Psallite Deo | Charles Hubert H. Parry: Jerusalem \u2013 Du h\u00f6chstes Licht (Arr. B. P\u00fctz) | John Rutter: The Lord bless you and keep you | Josep Oll\u00e9 i Sabat\u00e9: Vos estis lux mundi | Francesco Meneghello: Licht des Lebens | Chorgemeinschaft Heiligkreuz Trier | Dr. Adrian Caspari, Orgel | Leitung: Burkhard P\u00fctz<\/span> <\/div> <\/div> <\/a> <\/div> <div class=\"pb-block with-text with-social-or-text pb-portrait pb-height pb-type-image \" style=\"\" data-colspan=\"1\" data-rowspan=\"1\" data-col=\"0\" data-row=\"1\" data-valign=\"center\" data-halign=\"center\" data-type=\"image\" data-ratio=\"0.96351351351351\"> <img decoding=\"async\" class=\"pb-image skip-lazy \" src=\"data:image\/png;base64,iVBORw0KGgoAAAANSUhEUgAAAAEAAAABCAYAAAAfFcSJAAAADUlEQVR42mNkYPhfDwAChwGA60e6kgAAAABJRU5ErkJggg==\" data-pb-source=\"https:\/\/burkhard-puetz.de\/wp-content\/uploads\/2026\/02\/20260201_120811.jpg\" alt=\"HOCHAMT mit Verabschiedung von Burkhard P\u00fctz als hauptamtlichem Kirchenmusiker der Pfarrei Heiligkreuz-Mariahof | Trier St. Michael | Sonntag, 1. Februar 2026 | Die Choralschola singt den Gregorianischen Choral | Introitus: Laetetur cor | Communio: Beati mundo corde | Leitung: Burkhard P\u00fctz\"> <noscript><img decoding=\"async\" src=\"https:\/\/burkhard-puetz.de\/wp-content\/uploads\/2026\/02\/20260201_120811.jpg\" alt=\"HOCHAMT mit Verabschiedung von Burkhard P\u00fctz als hauptamtlichem Kirchenmusiker der Pfarrei Heiligkreuz-Mariahof | Trier St. Michael | Sonntag, 1. Februar 2026 | Die Choralschola singt den Gregorianischen Choral | Introitus: Laetetur cor | Communio: Beati mundo corde | Leitung: Burkhard P\u00fctz\"><\/noscript> <a class=\"pb-link \" data-magnific=\"gallery-14\" data-caption=\"HOCHAMT mit Verabschiedung von Burkhard P\u00fctz als hauptamtlichem Kirchenmusiker der Pfarrei Heiligkreuz-Mariahof | Trier St. Michael | Sonntag, 1. Februar 2026 | Die Choralschola singt den Gregorianischen Choral | Introitus: Laetetur cor | Communio: Beati mundo corde | Leitung: Burkhard P\u00fctz\" rel=\"\" target=\"\" href=\"https:\/\/burkhard-puetz.de\/wp-content\/uploads\/2026\/02\/20260201_120811.jpg\"> <div class=\"pb-overlay\" style=\"\"> <div class=\"pb-caption-bottom\"> <span class=\"pb-description pb-caption-left\" style=\"\">HOCHAMT mit Verabschiedung von Burkhard P\u00fctz als hauptamtlichem Kirchenmusiker der Pfarrei Heiligkreuz-Mariahof | Trier St. Michael | Sonntag, 1. Februar 2026 | Die Choralschola singt den Gregorianischen Choral | Introitus: Laetetur cor | Communio: Beati mundo corde | Leitung: Burkhard P\u00fctz<\/span> <\/div> <\/div> <\/a> <\/div> <div class=\"pb-block with-text with-social-or-text pb-portrait pb-height pb-type-image \" style=\"\" data-colspan=\"1\" data-rowspan=\"1\" data-col=\"1\" data-row=\"1\" data-valign=\"center\" data-halign=\"center\" data-type=\"image\" data-ratio=\"0.77922077922078\"> <img decoding=\"async\" class=\"pb-image skip-lazy \" src=\"data:image\/png;base64,iVBORw0KGgoAAAANSUhEUgAAAAEAAAABCAYAAAAfFcSJAAAADUlEQVR42mNkYPhfDwAChwGA60e6kgAAAABJRU5ErkJggg==\" data-pb-source=\"https:\/\/burkhard-puetz.de\/wp-content\/uploads\/2026\/02\/20260201_120819.jpg\" alt=\"HOCHAMT mit Verabschiedung von Burkhard P\u00fctz als hauptamtlichem Kirchenmusiker der Pfarrei Heiligkreuz-Mariahof | Trier St. Michael | Sonntag, 1. Februar 2026 | Die Choralschola singt den Gregorianischen Choral | Introitus: Laetetur cor | Communio: Beati mundo corde | Leitung: Burkhard P\u00fctz\"> <noscript><img decoding=\"async\" src=\"https:\/\/burkhard-puetz.de\/wp-content\/uploads\/2026\/02\/20260201_120819.jpg\" alt=\"HOCHAMT mit Verabschiedung von Burkhard P\u00fctz als hauptamtlichem Kirchenmusiker der Pfarrei Heiligkreuz-Mariahof | Trier St. Michael | Sonntag, 1. Februar 2026 | Die Choralschola singt den Gregorianischen Choral | Introitus: Laetetur cor | Communio: Beati mundo corde | Leitung: Burkhard P\u00fctz\"><\/noscript> <a class=\"pb-link \" data-magnific=\"gallery-14\" data-caption=\"HOCHAMT mit Verabschiedung von Burkhard P\u00fctz als hauptamtlichem Kirchenmusiker der Pfarrei Heiligkreuz-Mariahof | Trier St. Michael | Sonntag, 1. Februar 2026 | Die Choralschola singt den Gregorianischen Choral | Introitus: Laetetur cor | Communio: Beati mundo corde | Leitung: Burkhard P\u00fctz\" rel=\"\" target=\"\" href=\"https:\/\/burkhard-puetz.de\/wp-content\/uploads\/2026\/02\/20260201_120819.jpg\"> <div class=\"pb-overlay\" style=\"\"> <div class=\"pb-caption-bottom\"> <span class=\"pb-description pb-caption-left\" style=\"\">HOCHAMT mit Verabschiedung von Burkhard P\u00fctz als hauptamtlichem Kirchenmusiker der Pfarrei Heiligkreuz-Mariahof | Trier St. Michael | Sonntag, 1. Februar 2026 | Die Choralschola singt den Gregorianischen Choral | Introitus: Laetetur cor | Communio: Beati mundo corde | Leitung: Burkhard P\u00fctz<\/span> <\/div> <\/div> <\/a> <\/div> <div class=\"pb-block with-text with-social-or-text pb-portrait pb-height pb-type-image \" style=\"\" data-colspan=\"1\" data-rowspan=\"1\" data-col=\"2\" data-row=\"1\" data-valign=\"center\" data-halign=\"center\" data-type=\"image\" data-ratio=\"0.83228247162673\"> <img decoding=\"async\" class=\"pb-image skip-lazy \" src=\"data:image\/png;base64,iVBORw0KGgoAAAANSUhEUgAAAAEAAAABCAYAAAAfFcSJAAAADUlEQVR42mNkYPhfDwAChwGA60e6kgAAAABJRU5ErkJggg==\" data-pb-source=\"https:\/\/burkhard-puetz.de\/wp-content\/uploads\/2026\/02\/20260201_121559.jpg\" alt=\"HOCHAMT mit Verabschiedung von Burkhard P\u00fctz als hauptamtlichem Kirchenmusiker der Pfarrei Heiligkreuz-Mariahof | Trier St. Michael | Sonntag, 1. Februar 2026 | Dankesrede Burkhard P\u00fctz\"> <noscript><img decoding=\"async\" src=\"https:\/\/burkhard-puetz.de\/wp-content\/uploads\/2026\/02\/20260201_121559.jpg\" alt=\"HOCHAMT mit Verabschiedung von Burkhard P\u00fctz als hauptamtlichem Kirchenmusiker der Pfarrei Heiligkreuz-Mariahof | Trier St. Michael | Sonntag, 1. Februar 2026 | Dankesrede Burkhard P\u00fctz\"><\/noscript> <a class=\"pb-link \" data-magnific=\"gallery-14\" data-caption=\"HOCHAMT mit Verabschiedung von Burkhard P\u00fctz als hauptamtlichem Kirchenmusiker der Pfarrei Heiligkreuz-Mariahof | Trier St. Michael | Sonntag, 1. Februar 2026 | Dankesrede Burkhard P\u00fctz\" rel=\"\" target=\"\" href=\"https:\/\/burkhard-puetz.de\/wp-content\/uploads\/2026\/02\/20260201_121559.jpg\"> <div class=\"pb-overlay\" style=\"\"> <div class=\"pb-caption-bottom\"> <span class=\"pb-description pb-caption-left\" style=\"\">HOCHAMT mit Verabschiedung von Burkhard P\u00fctz als hauptamtlichem Kirchenmusiker der Pfarrei Heiligkreuz-Mariahof | Trier St. Michael | Sonntag, 1. Februar 2026 | Dankesrede Burkhard P\u00fctz<\/span> <\/div> <\/div> <\/a> <\/div> <div class=\"pb-block with-text with-social-or-text pb-portrait pb-height pb-type-image \" style=\"\" data-colspan=\"1\" data-rowspan=\"1\" data-col=\"3\" data-row=\"1\" data-valign=\"center\" data-halign=\"center\" data-type=\"image\" data-ratio=\"0.5625\"> <img decoding=\"async\" class=\"pb-image skip-lazy \" src=\"data:image\/png;base64,iVBORw0KGgoAAAANSUhEUgAAAAEAAAABCAYAAAAfFcSJAAAADUlEQVR42mNkYPhfDwAChwGA60e6kgAAAABJRU5ErkJggg==\" data-pb-source=\"https:\/\/burkhard-puetz.de\/wp-content\/uploads\/2026\/02\/IMG-20260201-WA0000.jpg\" alt=\"HOCHAMT mit Verabschiedung von Burkhard P\u00fctz als hauptamtlichem Kirchenmusiker der Pfarrei Heiligkreuz-Mariahof | Trier St. Michael | Sonntag, 1. Februar 2026 | Domkapitular Pfarrer Benedikt Welter dankt Burkhard P\u00fctz\"> <noscript><img decoding=\"async\" src=\"https:\/\/burkhard-puetz.de\/wp-content\/uploads\/2026\/02\/IMG-20260201-WA0000.jpg\" alt=\"HOCHAMT mit Verabschiedung von Burkhard P\u00fctz als hauptamtlichem Kirchenmusiker der Pfarrei Heiligkreuz-Mariahof | Trier St. Michael | Sonntag, 1. Februar 2026 | Domkapitular Pfarrer Benedikt Welter dankt Burkhard P\u00fctz\"><\/noscript> <a class=\"pb-link \" data-magnific=\"gallery-14\" data-caption=\"HOCHAMT mit Verabschiedung von Burkhard P\u00fctz als hauptamtlichem Kirchenmusiker der Pfarrei Heiligkreuz-Mariahof | Trier St. Michael | Sonntag, 1. Februar 2026 | Domkapitular Pfarrer Benedikt Welter dankt Burkhard P\u00fctz\" rel=\"\" target=\"\" href=\"https:\/\/burkhard-puetz.de\/wp-content\/uploads\/2026\/02\/IMG-20260201-WA0000.jpg\"> <div class=\"pb-overlay\" style=\"\"> <div class=\"pb-caption-bottom\"> <span class=\"pb-description pb-caption-left\" style=\"\">HOCHAMT mit Verabschiedung von Burkhard P\u00fctz als hauptamtlichem Kirchenmusiker der Pfarrei Heiligkreuz-Mariahof | Trier St. Michael | Sonntag, 1. Februar 2026 | Domkapitular Pfarrer Benedikt Welter dankt Burkhard P\u00fctz<\/span> <\/div> <\/div> <\/a> <\/div> <div class=\"pb-block with-text with-social-or-text pb-portrait pb-height pb-type-image \" style=\"\" data-colspan=\"1\" data-rowspan=\"1\" data-col=\"0\" data-row=\"2\" data-valign=\"center\" data-halign=\"center\" data-type=\"image\" data-ratio=\"0.5625\"> <img decoding=\"async\" class=\"pb-image skip-lazy \" src=\"data:image\/png;base64,iVBORw0KGgoAAAANSUhEUgAAAAEAAAABCAYAAAAfFcSJAAAADUlEQVR42mNkYPhfDwAChwGA60e6kgAAAABJRU5ErkJggg==\" data-pb-source=\"https:\/\/burkhard-puetz.de\/wp-content\/uploads\/2026\/02\/IMG-20260201-WA0013.jpg\" alt=\"Sonntag, 1. Februar 2026 | Verabschiedung von Burkhard P\u00fctz als hauptamtlichem Kirchenmusiker der Pfarrei Heiligkreuz-Mariahof | Feier im Pfarrsaal Heiligkreuz Trier | zugleich Geburtstagsfeier\"> <noscript><img decoding=\"async\" src=\"https:\/\/burkhard-puetz.de\/wp-content\/uploads\/2026\/02\/IMG-20260201-WA0013.jpg\" alt=\"Sonntag, 1. Februar 2026 | Verabschiedung von Burkhard P\u00fctz als hauptamtlichem Kirchenmusiker der Pfarrei Heiligkreuz-Mariahof | Feier im Pfarrsaal Heiligkreuz Trier | zugleich Geburtstagsfeier\"><\/noscript> <a class=\"pb-link \" data-magnific=\"gallery-14\" data-caption=\"Sonntag, 1. Februar 2026 | Verabschiedung von Burkhard P\u00fctz als hauptamtlichem Kirchenmusiker der Pfarrei Heiligkreuz-Mariahof | Feier im Pfarrsaal Heiligkreuz Trier | zugleich Geburtstagsfeier\" rel=\"\" target=\"\" href=\"https:\/\/burkhard-puetz.de\/wp-content\/uploads\/2026\/02\/IMG-20260201-WA0013.jpg\"> <div class=\"pb-overlay\" style=\"\"> <div class=\"pb-caption-bottom\"> <span class=\"pb-description pb-caption-left\" style=\"\">Sonntag, 1. Februar 2026 | Verabschiedung von Burkhard P\u00fctz als hauptamtlichem Kirchenmusiker der Pfarrei Heiligkreuz-Mariahof | Feier im Pfarrsaal Heiligkreuz Trier | zugleich Geburtstagsfeier<\/span> <\/div> <\/div> <\/a> <\/div> <div class=\"pb-block with-text with-social-or-text pb-landscape pb-width pb-type-image \" style=\"\" data-colspan=\"1\" data-rowspan=\"1\" data-col=\"1\" data-row=\"2\" data-valign=\"center\" data-halign=\"center\" data-type=\"image\" data-ratio=\"1.3333333333333\"> <img decoding=\"async\" class=\"pb-image skip-lazy \" src=\"data:image\/png;base64,iVBORw0KGgoAAAANSUhEUgAAAAEAAAABCAYAAAAfFcSJAAAADUlEQVR42mNkYPhfDwAChwGA60e6kgAAAABJRU5ErkJggg==\" data-pb-source=\"https:\/\/burkhard-puetz.de\/wp-content\/uploads\/2026\/02\/IMG-20260201-WA0016.jpg\" alt=\"Sonntag, 1. Februar 2026 | Verabschiedung von Burkhard P\u00fctz als hauptamtlichem Kirchenmusiker der Pfarrei Heiligkreuz-Mariahof | Feier im Pfarrsaal Heiligkreuz Trier | St\u00e4ndchen der Familie\"> <noscript><img decoding=\"async\" src=\"https:\/\/burkhard-puetz.de\/wp-content\/uploads\/2026\/02\/IMG-20260201-WA0016.jpg\" alt=\"Sonntag, 1. Februar 2026 | Verabschiedung von Burkhard P\u00fctz als hauptamtlichem Kirchenmusiker der Pfarrei Heiligkreuz-Mariahof | Feier im Pfarrsaal Heiligkreuz Trier | St\u00e4ndchen der Familie\"><\/noscript> <a class=\"pb-link \" data-magnific=\"gallery-14\" data-caption=\"Sonntag, 1. Februar 2026 | Verabschiedung von Burkhard P\u00fctz als hauptamtlichem Kirchenmusiker der Pfarrei Heiligkreuz-Mariahof | Feier im Pfarrsaal Heiligkreuz Trier | St\u00e4ndchen der Familie\" rel=\"\" target=\"\" href=\"https:\/\/burkhard-puetz.de\/wp-content\/uploads\/2026\/02\/IMG-20260201-WA0016.jpg\"> <div class=\"pb-overlay\" style=\"\"> <div class=\"pb-caption-bottom\"> <span class=\"pb-description pb-caption-left\" style=\"\">Sonntag, 1. Februar 2026 | Verabschiedung von Burkhard P\u00fctz als hauptamtlichem Kirchenmusiker der Pfarrei Heiligkreuz-Mariahof | Feier im Pfarrsaal Heiligkreuz Trier | St\u00e4ndchen der Familie<\/span> <\/div> <\/div> <\/a> <\/div> <div class=\"pb-block with-text with-social-or-text pb-landscape pb-width pb-type-image \" style=\"\" data-colspan=\"1\" data-rowspan=\"1\" data-col=\"2\" data-row=\"2\" data-valign=\"center\" data-halign=\"center\" data-type=\"image\" data-ratio=\"1.3344594594595\"> <img decoding=\"async\" class=\"pb-image skip-lazy \" src=\"data:image\/png;base64,iVBORw0KGgoAAAANSUhEUgAAAAEAAAABCAYAAAAfFcSJAAAADUlEQVR42mNkYPhfDwAChwGA60e6kgAAAABJRU5ErkJggg==\" data-pb-source=\"https:\/\/burkhard-puetz.de\/wp-content\/uploads\/2026\/02\/IMG-20260201-WA0017.jpg\" alt=\"Sonntag, 1. Februar 2026 | Verabschiedung von Burkhard P\u00fctz als hauptamtlichem Kirchenmusiker der Pfarrei Heiligkreuz-Mariahof | Feier im Pfarrsaal Heiligkreuz Trier\"> <noscript><img decoding=\"async\" src=\"https:\/\/burkhard-puetz.de\/wp-content\/uploads\/2026\/02\/IMG-20260201-WA0017.jpg\" alt=\"Sonntag, 1. Februar 2026 | Verabschiedung von Burkhard P\u00fctz als hauptamtlichem Kirchenmusiker der Pfarrei Heiligkreuz-Mariahof | Feier im Pfarrsaal Heiligkreuz Trier\"><\/noscript> <a class=\"pb-link \" data-magnific=\"gallery-14\" data-caption=\"Sonntag, 1. Februar 2026 | Verabschiedung von Burkhard P\u00fctz als hauptamtlichem Kirchenmusiker der Pfarrei Heiligkreuz-Mariahof | Feier im Pfarrsaal Heiligkreuz Trier\" rel=\"\" target=\"\" href=\"https:\/\/burkhard-puetz.de\/wp-content\/uploads\/2026\/02\/IMG-20260201-WA0017.jpg\"> <div class=\"pb-overlay\" style=\"\"> <div class=\"pb-caption-bottom\"> <span class=\"pb-description pb-caption-left\" style=\"\">Sonntag, 1. Februar 2026 | Verabschiedung von Burkhard P\u00fctz als hauptamtlichem Kirchenmusiker der Pfarrei Heiligkreuz-Mariahof | Feier im Pfarrsaal Heiligkreuz Trier<\/span> <\/div> <\/div> <\/a> <\/div> <div class=\"pb-block with-text with-social-or-text pb-portrait pb-height pb-type-image \" style=\"\" data-colspan=\"1\" data-rowspan=\"1\" data-col=\"3\" data-row=\"2\" data-valign=\"center\" data-halign=\"center\" data-type=\"image\" data-ratio=\"0.75\"> <img decoding=\"async\" class=\"pb-image skip-lazy \" src=\"data:image\/png;base64,iVBORw0KGgoAAAANSUhEUgAAAAEAAAABCAYAAAAfFcSJAAAADUlEQVR42mNkYPhfDwAChwGA60e6kgAAAABJRU5ErkJggg==\" data-pb-source=\"https:\/\/burkhard-puetz.de\/wp-content\/uploads\/2026\/02\/IMG-20260201-WA0033.jpg\" alt=\"Sonntag, 1. Februar 2026 | Verabschiedung von Burkhard P\u00fctz als hauptamtlichem Kirchenmusiker der Pfarrei Heiligkreuz-Mariahof | Feier im Pfarrsaal Heiligkreuz Trier\"> <noscript><img decoding=\"async\" src=\"https:\/\/burkhard-puetz.de\/wp-content\/uploads\/2026\/02\/IMG-20260201-WA0033.jpg\" alt=\"Sonntag, 1. Februar 2026 | Verabschiedung von Burkhard P\u00fctz als hauptamtlichem Kirchenmusiker der Pfarrei Heiligkreuz-Mariahof | Feier im Pfarrsaal Heiligkreuz Trier\"><\/noscript> <a class=\"pb-link \" data-magnific=\"gallery-14\" data-caption=\"Sonntag, 1. Februar 2026 | Verabschiedung von Burkhard P\u00fctz als hauptamtlichem Kirchenmusiker der Pfarrei Heiligkreuz-Mariahof | Feier im Pfarrsaal Heiligkreuz Trier\" rel=\"\" target=\"\" href=\"https:\/\/burkhard-puetz.de\/wp-content\/uploads\/2026\/02\/IMG-20260201-WA0033.jpg\"> <div class=\"pb-overlay\" style=\"\"> <div class=\"pb-caption-bottom\"> <span class=\"pb-description pb-caption-left\" style=\"\">Sonntag, 1. Februar 2026 | Verabschiedung von Burkhard P\u00fctz als hauptamtlichem Kirchenmusiker der Pfarrei Heiligkreuz-Mariahof | Feier im Pfarrsaal Heiligkreuz Trier<\/span> <\/div> <\/div> <\/a> <\/div> <div class=\"pb-block with-text with-social-or-text pb-portrait pb-height pb-type-image \" style=\"\" data-colspan=\"1\" data-rowspan=\"1\" data-col=\"0\" data-row=\"3\" data-valign=\"center\" data-halign=\"center\" data-type=\"image\" data-ratio=\"0.75\"> <img decoding=\"async\" class=\"pb-image skip-lazy \" src=\"data:image\/png;base64,iVBORw0KGgoAAAANSUhEUgAAAAEAAAABCAYAAAAfFcSJAAAADUlEQVR42mNkYPhfDwAChwGA60e6kgAAAABJRU5ErkJggg==\" data-pb-source=\"https:\/\/burkhard-puetz.de\/wp-content\/uploads\/2026\/02\/IMG-20260201-WA0034.jpg\" alt=\"Sonntag, 1. Februar 2026 | Verabschiedung von Burkhard P\u00fctz als hauptamtlichem Kirchenmusiker der Pfarrei Heiligkreuz-Mariahof | Feier im Pfarrsaal Heiligkreuz Trier\"> <noscript><img decoding=\"async\" src=\"https:\/\/burkhard-puetz.de\/wp-content\/uploads\/2026\/02\/IMG-20260201-WA0034.jpg\" alt=\"Sonntag, 1. Februar 2026 | Verabschiedung von Burkhard P\u00fctz als hauptamtlichem Kirchenmusiker der Pfarrei Heiligkreuz-Mariahof | Feier im Pfarrsaal Heiligkreuz Trier\"><\/noscript> <a class=\"pb-link \" data-magnific=\"gallery-14\" data-caption=\"Sonntag, 1. Februar 2026 | Verabschiedung von Burkhard P\u00fctz als hauptamtlichem Kirchenmusiker der Pfarrei Heiligkreuz-Mariahof | Feier im Pfarrsaal Heiligkreuz Trier\" rel=\"\" target=\"\" href=\"https:\/\/burkhard-puetz.de\/wp-content\/uploads\/2026\/02\/IMG-20260201-WA0034.jpg\"> <div class=\"pb-overlay\" style=\"\"> <div class=\"pb-caption-bottom\"> <span class=\"pb-description pb-caption-left\" style=\"\">Sonntag, 1. Februar 2026 | Verabschiedung von Burkhard P\u00fctz als hauptamtlichem Kirchenmusiker der Pfarrei Heiligkreuz-Mariahof | Feier im Pfarrsaal Heiligkreuz Trier<\/span> <\/div> <\/div> <\/a> <\/div> <div class=\"pb-block with-text with-social-or-text pb-portrait pb-height pb-type-image \" style=\"\" data-colspan=\"1\" data-rowspan=\"1\" data-col=\"1\" data-row=\"3\" data-valign=\"center\" data-halign=\"center\" data-type=\"image\" data-ratio=\"0.83875\"> <img decoding=\"async\" class=\"pb-image skip-lazy \" src=\"data:image\/png;base64,iVBORw0KGgoAAAANSUhEUgAAAAEAAAABCAYAAAAfFcSJAAAADUlEQVR42mNkYPhfDwAChwGA60e6kgAAAABJRU5ErkJggg==\" data-pb-source=\"https:\/\/burkhard-puetz.de\/wp-content\/uploads\/2026\/02\/IMG-20260201-WA0049.jpg\" alt=\"Sonntag, 1. Februar 2026 | Verabschiedung von Burkhard P\u00fctz als hauptamtlichem Kirchenmusiker der Pfarrei Heiligkreuz-Mariahof | Feier im Pfarrsaal Heiligkreuz Trier | Dankesrede Prof. Dr. Thomas R\u00fcfner\"> <noscript><img decoding=\"async\" src=\"https:\/\/burkhard-puetz.de\/wp-content\/uploads\/2026\/02\/IMG-20260201-WA0049.jpg\" alt=\"Sonntag, 1. Februar 2026 | Verabschiedung von Burkhard P\u00fctz als hauptamtlichem Kirchenmusiker der Pfarrei Heiligkreuz-Mariahof | Feier im Pfarrsaal Heiligkreuz Trier | Dankesrede Prof. Dr. Thomas R\u00fcfner\"><\/noscript> <a class=\"pb-link \" data-magnific=\"gallery-14\" data-caption=\"Sonntag, 1. Februar 2026 | Verabschiedung von Burkhard P\u00fctz als hauptamtlichem Kirchenmusiker der Pfarrei Heiligkreuz-Mariahof | Feier im Pfarrsaal Heiligkreuz Trier | Dankesrede Prof. Dr. Thomas R\u00fcfner\" rel=\"\" target=\"\" href=\"https:\/\/burkhard-puetz.de\/wp-content\/uploads\/2026\/02\/IMG-20260201-WA0049.jpg\"> <div class=\"pb-overlay\" style=\"\"> <div class=\"pb-caption-bottom\"> <span class=\"pb-description pb-caption-left\" style=\"\">Sonntag, 1. Februar 2026 | Verabschiedung von Burkhard P\u00fctz als hauptamtlichem Kirchenmusiker der Pfarrei Heiligkreuz-Mariahof | Feier im Pfarrsaal Heiligkreuz Trier | Dankesrede Prof. Dr. Thomas R\u00fcfner<\/span> <\/div> <\/div> <\/a> <\/div> <div class=\"pb-block with-text with-social-or-text pb-landscape pb-width pb-type-image \" style=\"\" data-colspan=\"1\" data-rowspan=\"1\" data-col=\"2\" data-row=\"3\" data-valign=\"center\" data-halign=\"center\" data-type=\"image\" data-ratio=\"1.6305309734513\"> <img decoding=\"async\" class=\"pb-image skip-lazy \" src=\"data:image\/png;base64,iVBORw0KGgoAAAANSUhEUgAAAAEAAAABCAYAAAAfFcSJAAAADUlEQVR42mNkYPhfDwAChwGA60e6kgAAAABJRU5ErkJggg==\" data-pb-source=\"https:\/\/burkhard-puetz.de\/wp-content\/uploads\/2025\/11\/20250907-8-Parisfahrt-Chorgemeinschaft-Heiligkreuz.jpg\" alt=\"Parisfahrt der Chorgemeinschaft Heiligkreuz Trier vom 6. bis 7. September 2025\"> <noscript><img decoding=\"async\" src=\"https:\/\/burkhard-puetz.de\/wp-content\/uploads\/2025\/11\/20250907-8-Parisfahrt-Chorgemeinschaft-Heiligkreuz.jpg\" alt=\"Parisfahrt der Chorgemeinschaft Heiligkreuz Trier vom 6. bis 7. September 2025\"><\/noscript> <a class=\"pb-link \" data-magnific=\"gallery-14\" data-caption=\"Parisfahrt der Chorgemeinschaft Heiligkreuz Trier vom 6. bis 7. September 2025\" rel=\"\" target=\"\" href=\"https:\/\/burkhard-puetz.de\/wp-content\/uploads\/2025\/11\/20250907-8-Parisfahrt-Chorgemeinschaft-Heiligkreuz.jpg\"> <div class=\"pb-overlay\" style=\"\"> <div class=\"pb-caption-bottom\"> <span class=\"pb-description pb-caption-left\" style=\"\">Parisfahrt der Chorgemeinschaft Heiligkreuz Trier vom 6. bis 7. September 2025<\/span> <\/div> <\/div> <\/a> <\/div> <div class=\"pb-block with-text with-social-or-text pb-portrait pb-height pb-type-image \" style=\"\" data-colspan=\"1\" data-rowspan=\"1\" data-col=\"3\" data-row=\"3\" data-valign=\"center\" data-halign=\"center\" data-type=\"image\" data-ratio=\"0.75\"> <img decoding=\"async\" class=\"pb-image skip-lazy \" src=\"data:image\/png;base64,iVBORw0KGgoAAAANSUhEUgAAAAEAAAABCAYAAAAfFcSJAAAADUlEQVR42mNkYPhfDwAChwGA60e6kgAAAABJRU5ErkJggg==\" data-pb-source=\"https:\/\/burkhard-puetz.de\/wp-content\/uploads\/2025\/09\/20250906-1-Parisfahrt-Chorgemeinschaft-Heiligkreuz-rotated.jpg\" alt=\"Parisfahrt der Chorgemeinschaft Heiligkreuz Trier vom 6. bis 7. September 2025 | Am Eiffelturm\"> <noscript><img decoding=\"async\" src=\"https:\/\/burkhard-puetz.de\/wp-content\/uploads\/2025\/09\/20250906-1-Parisfahrt-Chorgemeinschaft-Heiligkreuz-rotated.jpg\" alt=\"Parisfahrt der Chorgemeinschaft Heiligkreuz Trier vom 6. bis 7. September 2025 | Am Eiffelturm\"><\/noscript> <a class=\"pb-link \" data-magnific=\"gallery-14\" data-caption=\"Parisfahrt der Chorgemeinschaft Heiligkreuz Trier vom 6. bis 7. September 2025 | Am Eiffelturm\" rel=\"\" target=\"\" href=\"https:\/\/burkhard-puetz.de\/wp-content\/uploads\/2025\/09\/20250906-1-Parisfahrt-Chorgemeinschaft-Heiligkreuz-rotated.jpg\"> <div class=\"pb-overlay\" style=\"\"> <div class=\"pb-caption-bottom\"> <span class=\"pb-description pb-caption-left\" style=\"\">Parisfahrt der Chorgemeinschaft Heiligkreuz Trier vom 6. bis 7. September 2025 | Am Eiffelturm<\/span> <\/div> <\/div> <\/a> <\/div> <div class=\"pb-block with-text with-social-or-text pb-portrait pb-height pb-type-image \" style=\"\" data-colspan=\"1\" data-rowspan=\"1\" data-col=\"0\" data-row=\"4\" data-valign=\"center\" data-halign=\"center\" data-type=\"image\" data-ratio=\"0.75\"> <img decoding=\"async\" class=\"pb-image skip-lazy \" src=\"data:image\/png;base64,iVBORw0KGgoAAAANSUhEUgAAAAEAAAABCAYAAAAfFcSJAAAADUlEQVR42mNkYPhfDwAChwGA60e6kgAAAABJRU5ErkJggg==\" data-pb-source=\"https:\/\/burkhard-puetz.de\/wp-content\/uploads\/2025\/09\/20250906-3-Parisfahrt-Chorgemeinschaft-Heiligkreuz-rotated.jpg\" alt=\"Parisfahrt der Chorgemeinschaft Heiligkreuz Trier vom 6. bis 7. September 2025 | Am Eiffelturm\"> <noscript><img decoding=\"async\" src=\"https:\/\/burkhard-puetz.de\/wp-content\/uploads\/2025\/09\/20250906-3-Parisfahrt-Chorgemeinschaft-Heiligkreuz-rotated.jpg\" alt=\"Parisfahrt der Chorgemeinschaft Heiligkreuz Trier vom 6. bis 7. September 2025 | Am Eiffelturm\"><\/noscript> <a class=\"pb-link \" data-magnific=\"gallery-14\" data-caption=\"Parisfahrt der Chorgemeinschaft Heiligkreuz Trier vom 6. bis 7. September 2025 | Am Eiffelturm\" rel=\"\" target=\"\" href=\"https:\/\/burkhard-puetz.de\/wp-content\/uploads\/2025\/09\/20250906-3-Parisfahrt-Chorgemeinschaft-Heiligkreuz-rotated.jpg\"> <div class=\"pb-overlay\" style=\"\"> <div class=\"pb-caption-bottom\"> <span class=\"pb-description pb-caption-left\" style=\"\">Parisfahrt der Chorgemeinschaft Heiligkreuz Trier vom 6. bis 7. September 2025 | Am Eiffelturm<\/span> <\/div> <\/div> <\/a> <\/div> <div class=\"pb-block with-text with-social-or-text pb-portrait pb-height pb-type-image \" style=\"\" data-colspan=\"1\" data-rowspan=\"1\" data-col=\"1\" data-row=\"4\" data-valign=\"center\" data-halign=\"center\" data-type=\"image\" data-ratio=\"0.75\"> <img decoding=\"async\" class=\"pb-image skip-lazy \" src=\"data:image\/png;base64,iVBORw0KGgoAAAANSUhEUgAAAAEAAAABCAYAAAAfFcSJAAAADUlEQVR42mNkYPhfDwAChwGA60e6kgAAAABJRU5ErkJggg==\" data-pb-source=\"https:\/\/burkhard-puetz.de\/wp-content\/uploads\/2025\/09\/20250906-2-Parisfahrt-Chorgemeinschaft-Heiligkreuz.jpg\" alt=\"Parisfahrt der Chorgemeinschaft Heiligkreuz Trier vom 6. bis 7. September 2025 | Am Eiffelturm\"> <noscript><img decoding=\"async\" src=\"https:\/\/burkhard-puetz.de\/wp-content\/uploads\/2025\/09\/20250906-2-Parisfahrt-Chorgemeinschaft-Heiligkreuz.jpg\" alt=\"Parisfahrt der Chorgemeinschaft Heiligkreuz Trier vom 6. bis 7. September 2025 | Am Eiffelturm\"><\/noscript> <a class=\"pb-link \" data-magnific=\"gallery-14\" data-caption=\"Parisfahrt der Chorgemeinschaft Heiligkreuz Trier vom 6. bis 7. September 2025 | Am Eiffelturm\" rel=\"\" target=\"\" href=\"https:\/\/burkhard-puetz.de\/wp-content\/uploads\/2025\/09\/20250906-2-Parisfahrt-Chorgemeinschaft-Heiligkreuz.jpg\"> <div class=\"pb-overlay\" style=\"\"> <div class=\"pb-caption-bottom\"> <span class=\"pb-description pb-caption-left\" style=\"\">Parisfahrt der Chorgemeinschaft Heiligkreuz Trier vom 6. bis 7. September 2025 | Am Eiffelturm<\/span> <\/div> <\/div> <\/a> <\/div> <div class=\"pb-block with-text with-social-or-text pb-landscape pb-width pb-type-image \" style=\"\" data-colspan=\"1\" data-rowspan=\"1\" data-col=\"2\" data-row=\"4\" data-valign=\"center\" data-halign=\"center\" data-type=\"image\" data-ratio=\"1.3333333333333\"> <img decoding=\"async\" class=\"pb-image skip-lazy \" src=\"data:image\/png;base64,iVBORw0KGgoAAAANSUhEUgAAAAEAAAABCAYAAAAfFcSJAAAADUlEQVR42mNkYPhfDwAChwGA60e6kgAAAABJRU5ErkJggg==\" data-pb-source=\"https:\/\/burkhard-puetz.de\/wp-content\/uploads\/2025\/09\/20250906-5-Parisfahrt-Chorgemeinschaft-Heiligkreuz.jpg\" alt=\"Parisfahrt der Chorgemeinschaft Heiligkreuz Trier vom 6. bis 7. September 2025 | \u00dcber den D\u00e4chern von Paris\"> <noscript><img decoding=\"async\" src=\"https:\/\/burkhard-puetz.de\/wp-content\/uploads\/2025\/09\/20250906-5-Parisfahrt-Chorgemeinschaft-Heiligkreuz.jpg\" alt=\"Parisfahrt der Chorgemeinschaft Heiligkreuz Trier vom 6. bis 7. September 2025 | \u00dcber den D\u00e4chern von Paris\"><\/noscript> <a class=\"pb-link \" data-magnific=\"gallery-14\" data-caption=\"Parisfahrt der Chorgemeinschaft Heiligkreuz Trier vom 6. bis 7. September 2025 | \u00dcber den D\u00e4chern von Paris\" rel=\"\" target=\"\" href=\"https:\/\/burkhard-puetz.de\/wp-content\/uploads\/2025\/09\/20250906-5-Parisfahrt-Chorgemeinschaft-Heiligkreuz.jpg\"> <div class=\"pb-overlay\" style=\"\"> <div class=\"pb-caption-bottom\"> <span class=\"pb-description pb-caption-left\" style=\"\">Parisfahrt der Chorgemeinschaft Heiligkreuz Trier vom 6. bis 7. September 2025 | \u00dcber den D\u00e4chern von Paris<\/span> <\/div> <\/div> <\/a> <\/div> <div class=\"pb-block with-text with-social-or-text pb-portrait pb-height pb-type-image \" style=\"\" data-colspan=\"1\" data-rowspan=\"1\" data-col=\"3\" data-row=\"4\" data-valign=\"center\" data-halign=\"center\" data-type=\"image\" data-ratio=\"0.86071987480438\"> <img decoding=\"async\" class=\"pb-image skip-lazy \" src=\"data:image\/png;base64,iVBORw0KGgoAAAANSUhEUgAAAAEAAAABCAYAAAAfFcSJAAAADUlEQVR42mNkYPhfDwAChwGA60e6kgAAAABJRU5ErkJggg==\" data-pb-source=\"https:\/\/burkhard-puetz.de\/wp-content\/uploads\/2025\/09\/20250906-4-Parisfahrt-Chorgemeinschaft-Heiligkreuz.jpg\" alt=\"Parisfahrt der Chorgemeinschaft Heiligkreuz Trier vom 6. bis 7. September 2025 | \u00dcber den D\u00e4chern von Paris\"> <noscript><img decoding=\"async\" src=\"https:\/\/burkhard-puetz.de\/wp-content\/uploads\/2025\/09\/20250906-4-Parisfahrt-Chorgemeinschaft-Heiligkreuz.jpg\" alt=\"Parisfahrt der Chorgemeinschaft Heiligkreuz Trier vom 6. bis 7. September 2025 | \u00dcber den D\u00e4chern von Paris\"><\/noscript> <a class=\"pb-link \" data-magnific=\"gallery-14\" data-caption=\"Parisfahrt der Chorgemeinschaft Heiligkreuz Trier vom 6. bis 7. September 2025 | \u00dcber den D\u00e4chern von Paris\" rel=\"\" target=\"\" href=\"https:\/\/burkhard-puetz.de\/wp-content\/uploads\/2025\/09\/20250906-4-Parisfahrt-Chorgemeinschaft-Heiligkreuz.jpg\"> <div class=\"pb-overlay\" style=\"\"> <div class=\"pb-caption-bottom\"> <span class=\"pb-description pb-caption-left\" style=\"\">Parisfahrt der Chorgemeinschaft Heiligkreuz Trier vom 6. bis 7. September 2025 | \u00dcber den D\u00e4chern von Paris<\/span> <\/div> <\/div> <\/a> <\/div> <div class=\"pb-block with-text with-social-or-text pb-landscape pb-width pb-type-image \" style=\"\" data-colspan=\"1\" data-rowspan=\"1\" data-col=\"0\" data-row=\"5\" data-valign=\"center\" data-halign=\"center\" data-type=\"image\" data-ratio=\"1.3333333333333\"> <img decoding=\"async\" class=\"pb-image skip-lazy \" src=\"data:image\/png;base64,iVBORw0KGgoAAAANSUhEUgAAAAEAAAABCAYAAAAfFcSJAAAADUlEQVR42mNkYPhfDwAChwGA60e6kgAAAABJRU5ErkJggg==\" data-pb-source=\"https:\/\/burkhard-puetz.de\/wp-content\/uploads\/2025\/09\/20250906-6-Parisfahrt-Chorgemeinschaft-Heiligkreuz.jpg\" alt=\"Parisfahrt der Chorgemeinschaft Heiligkreuz Trier vom 6. bis 7. September 2025 | \u00dcber den D\u00e4chern von Paris\"> <noscript><img decoding=\"async\" src=\"https:\/\/burkhard-puetz.de\/wp-content\/uploads\/2025\/09\/20250906-6-Parisfahrt-Chorgemeinschaft-Heiligkreuz.jpg\" alt=\"Parisfahrt der Chorgemeinschaft Heiligkreuz Trier vom 6. bis 7. September 2025 | \u00dcber den D\u00e4chern von Paris\"><\/noscript> <a class=\"pb-link \" data-magnific=\"gallery-14\" data-caption=\"Parisfahrt der Chorgemeinschaft Heiligkreuz Trier vom 6. bis 7. September 2025 | \u00dcber den D\u00e4chern von Paris\" rel=\"\" target=\"\" href=\"https:\/\/burkhard-puetz.de\/wp-content\/uploads\/2025\/09\/20250906-6-Parisfahrt-Chorgemeinschaft-Heiligkreuz.jpg\"> <div class=\"pb-overlay\" style=\"\"> <div class=\"pb-caption-bottom\"> <span class=\"pb-description pb-caption-left\" style=\"\">Parisfahrt der Chorgemeinschaft Heiligkreuz Trier vom 6. bis 7. September 2025 | \u00dcber den D\u00e4chern von Paris<\/span> <\/div> <\/div> <\/a> <\/div> <div class=\"pb-block with-text with-social-or-text pb-landscape pb-width pb-type-image \" style=\"\" data-colspan=\"1\" data-rowspan=\"1\" data-col=\"1\" data-row=\"5\" data-valign=\"center\" data-halign=\"center\" data-type=\"image\" data-ratio=\"1.3333333333333\"> <img decoding=\"async\" class=\"pb-image skip-lazy \" src=\"data:image\/png;base64,iVBORw0KGgoAAAANSUhEUgAAAAEAAAABCAYAAAAfFcSJAAAADUlEQVR42mNkYPhfDwAChwGA60e6kgAAAABJRU5ErkJggg==\" data-pb-source=\"https:\/\/burkhard-puetz.de\/wp-content\/uploads\/2025\/09\/20250906-7-Parisfahrt-Chorgemeinschaft-Heiligkreuz.jpg\" alt=\"Parisfahrt der Chorgemeinschaft Heiligkreuz Trier vom 6. bis 7. September 2025 | \u00dcber den D\u00e4chern von Paris\"> <noscript><img decoding=\"async\" src=\"https:\/\/burkhard-puetz.de\/wp-content\/uploads\/2025\/09\/20250906-7-Parisfahrt-Chorgemeinschaft-Heiligkreuz.jpg\" alt=\"Parisfahrt der Chorgemeinschaft Heiligkreuz Trier vom 6. bis 7. September 2025 | \u00dcber den D\u00e4chern von Paris\"><\/noscript> <a class=\"pb-link \" data-magnific=\"gallery-14\" data-caption=\"Parisfahrt der Chorgemeinschaft Heiligkreuz Trier vom 6. bis 7. September 2025 | \u00dcber den D\u00e4chern von Paris\" rel=\"\" target=\"\" href=\"https:\/\/burkhard-puetz.de\/wp-content\/uploads\/2025\/09\/20250906-7-Parisfahrt-Chorgemeinschaft-Heiligkreuz.jpg\"> <div class=\"pb-overlay\" style=\"\"> <div class=\"pb-caption-bottom\"> <span class=\"pb-description pb-caption-left\" style=\"\">Parisfahrt der Chorgemeinschaft Heiligkreuz Trier vom 6. bis 7. September 2025 | \u00dcber den D\u00e4chern von Paris<\/span> <\/div> <\/div> <\/a> <\/div> <div class=\"pb-block with-text with-social-or-text pb-landscape pb-width pb-type-image \" style=\"\" data-colspan=\"1\" data-rowspan=\"1\" data-col=\"2\" data-row=\"5\" data-valign=\"center\" data-halign=\"center\" data-type=\"image\" data-ratio=\"1.3333333333333\"> <img decoding=\"async\" class=\"pb-image skip-lazy \" src=\"data:image\/png;base64,iVBORw0KGgoAAAANSUhEUgAAAAEAAAABCAYAAAAfFcSJAAAADUlEQVR42mNkYPhfDwAChwGA60e6kgAAAABJRU5ErkJggg==\" data-pb-source=\"https:\/\/burkhard-puetz.de\/wp-content\/uploads\/2025\/09\/20250906-8-Parisfahrt-Chorgemeinschaft-Heiligkreuz.jpg\" alt=\"Parisfahrt der Chorgemeinschaft Heiligkreuz Trier vom 6. bis 7. September 2025 | \u00dcber den D\u00e4chern von Paris\"> <noscript><img decoding=\"async\" src=\"https:\/\/burkhard-puetz.de\/wp-content\/uploads\/2025\/09\/20250906-8-Parisfahrt-Chorgemeinschaft-Heiligkreuz.jpg\" alt=\"Parisfahrt der Chorgemeinschaft Heiligkreuz Trier vom 6. bis 7. September 2025 | \u00dcber den D\u00e4chern von Paris\"><\/noscript> <a class=\"pb-link \" data-magnific=\"gallery-14\" data-caption=\"Parisfahrt der Chorgemeinschaft Heiligkreuz Trier vom 6. bis 7. September 2025 | \u00dcber den D\u00e4chern von Paris\" rel=\"\" target=\"\" href=\"https:\/\/burkhard-puetz.de\/wp-content\/uploads\/2025\/09\/20250906-8-Parisfahrt-Chorgemeinschaft-Heiligkreuz.jpg\"> <div class=\"pb-overlay\" style=\"\"> <div class=\"pb-caption-bottom\"> <span class=\"pb-description pb-caption-left\" style=\"\">Parisfahrt der Chorgemeinschaft Heiligkreuz Trier vom 6. bis 7. September 2025 | \u00dcber den D\u00e4chern von Paris<\/span> <\/div> <\/div> <\/a> <\/div> <div class=\"pb-block with-text with-social-or-text pb-landscape pb-width pb-type-image \" style=\"\" data-colspan=\"1\" data-rowspan=\"1\" data-col=\"3\" data-row=\"5\" data-valign=\"center\" data-halign=\"center\" data-type=\"image\" data-ratio=\"1.3333333333333\"> <img decoding=\"async\" class=\"pb-image skip-lazy \" src=\"data:image\/png;base64,iVBORw0KGgoAAAANSUhEUgAAAAEAAAABCAYAAAAfFcSJAAAADUlEQVR42mNkYPhfDwAChwGA60e6kgAAAABJRU5ErkJggg==\" data-pb-source=\"https:\/\/burkhard-puetz.de\/wp-content\/uploads\/2025\/09\/20250906-9-Parisfahrt-Chorgemeinschaft-Heiligkreuz.jpg\" alt=\"Parisfahrt der Chorgemeinschaft Heiligkreuz Trier vom 6. bis 7. September 2025 | Bootstour auf der Seine\"> <noscript><img decoding=\"async\" src=\"https:\/\/burkhard-puetz.de\/wp-content\/uploads\/2025\/09\/20250906-9-Parisfahrt-Chorgemeinschaft-Heiligkreuz.jpg\" alt=\"Parisfahrt der Chorgemeinschaft Heiligkreuz Trier vom 6. bis 7. September 2025 | Bootstour auf der Seine\"><\/noscript> <a class=\"pb-link \" data-magnific=\"gallery-14\" data-caption=\"Parisfahrt der Chorgemeinschaft Heiligkreuz Trier vom 6. bis 7. September 2025 | Bootstour auf der Seine\" rel=\"\" target=\"\" href=\"https:\/\/burkhard-puetz.de\/wp-content\/uploads\/2025\/09\/20250906-9-Parisfahrt-Chorgemeinschaft-Heiligkreuz.jpg\"> <div class=\"pb-overlay\" style=\"\"> <div class=\"pb-caption-bottom\"> <span class=\"pb-description pb-caption-left\" style=\"\">Parisfahrt der Chorgemeinschaft Heiligkreuz Trier vom 6. bis 7. September 2025 | Bootstour auf der Seine<\/span> <\/div> <\/div> <\/a> <\/div> <div class=\"pb-block with-text with-social-or-text pb-portrait pb-height pb-type-image \" style=\"\" data-colspan=\"1\" data-rowspan=\"1\" data-col=\"0\" data-row=\"6\" data-valign=\"center\" data-halign=\"center\" data-type=\"image\" data-ratio=\"0.75\"> <img decoding=\"async\" class=\"pb-image skip-lazy \" src=\"data:image\/png;base64,iVBORw0KGgoAAAANSUhEUgAAAAEAAAABCAYAAAAfFcSJAAAADUlEQVR42mNkYPhfDwAChwGA60e6kgAAAABJRU5ErkJggg==\" data-pb-source=\"https:\/\/burkhard-puetz.de\/wp-content\/uploads\/2025\/09\/20250906-10-Parisfahrt-Chorgemeinschaft-Heiligkreuz-rotated.jpg\" alt=\"Parisfahrt der Chorgemeinschaft Heiligkreuz Trier vom 6. bis 7. September 2025 | Bootstour auf der Seine\"> <noscript><img decoding=\"async\" src=\"https:\/\/burkhard-puetz.de\/wp-content\/uploads\/2025\/09\/20250906-10-Parisfahrt-Chorgemeinschaft-Heiligkreuz-rotated.jpg\" alt=\"Parisfahrt der Chorgemeinschaft Heiligkreuz Trier vom 6. bis 7. September 2025 | Bootstour auf der Seine\"><\/noscript> <a class=\"pb-link \" data-magnific=\"gallery-14\" data-caption=\"Parisfahrt der Chorgemeinschaft Heiligkreuz Trier vom 6. bis 7. September 2025 | Bootstour auf der Seine\" rel=\"\" target=\"\" href=\"https:\/\/burkhard-puetz.de\/wp-content\/uploads\/2025\/09\/20250906-10-Parisfahrt-Chorgemeinschaft-Heiligkreuz-rotated.jpg\"> <div class=\"pb-overlay\" style=\"\"> <div class=\"pb-caption-bottom\"> <span class=\"pb-description pb-caption-left\" style=\"\">Parisfahrt der Chorgemeinschaft Heiligkreuz Trier vom 6. bis 7. September 2025 | Bootstour auf der Seine<\/span> <\/div> <\/div> <\/a> <\/div> <div class=\"pb-block with-text with-social-or-text pb-portrait pb-height pb-type-image \" style=\"\" data-colspan=\"1\" data-rowspan=\"1\" data-col=\"1\" data-row=\"6\" data-valign=\"center\" data-halign=\"center\" data-type=\"image\" data-ratio=\"0.75\"> <img decoding=\"async\" class=\"pb-image skip-lazy \" src=\"data:image\/png;base64,iVBORw0KGgoAAAANSUhEUgAAAAEAAAABCAYAAAAfFcSJAAAADUlEQVR42mNkYPhfDwAChwGA60e6kgAAAABJRU5ErkJggg==\" data-pb-source=\"https:\/\/burkhard-puetz.de\/wp-content\/uploads\/2025\/09\/20250907-2-Parisfahrt-Chorgemeinschaft-Heiligkreuz-rotated.jpg\" alt=\"Parisfahrt der Chorgemeinschaft Heiligkreuz Trier vom 6. bis 7. September 2025 | Feierliches Hochamt in der Kathedrale Notre Dame\"> <noscript><img decoding=\"async\" src=\"https:\/\/burkhard-puetz.de\/wp-content\/uploads\/2025\/09\/20250907-2-Parisfahrt-Chorgemeinschaft-Heiligkreuz-rotated.jpg\" alt=\"Parisfahrt der Chorgemeinschaft Heiligkreuz Trier vom 6. bis 7. September 2025 | Feierliches Hochamt in der Kathedrale Notre Dame\"><\/noscript> <a class=\"pb-link \" data-magnific=\"gallery-14\" data-caption=\"Parisfahrt der Chorgemeinschaft Heiligkreuz Trier vom 6. bis 7. September 2025 | Feierliches Hochamt in der Kathedrale Notre Dame\" rel=\"\" target=\"\" href=\"https:\/\/burkhard-puetz.de\/wp-content\/uploads\/2025\/09\/20250907-2-Parisfahrt-Chorgemeinschaft-Heiligkreuz-rotated.jpg\"> <div class=\"pb-overlay\" style=\"\"> <div class=\"pb-caption-bottom\"> <span class=\"pb-description pb-caption-left\" style=\"\">Parisfahrt der Chorgemeinschaft Heiligkreuz Trier vom 6. bis 7. September 2025 | Feierliches Hochamt in der Kathedrale Notre Dame<\/span> <\/div> <\/div> <\/a> <\/div> <div class=\"pb-block with-text with-social-or-text pb-landscape pb-width pb-type-image \" style=\"\" data-colspan=\"1\" data-rowspan=\"1\" data-col=\"2\" data-row=\"6\" data-valign=\"center\" data-halign=\"center\" data-type=\"image\" data-ratio=\"1.3333333333333\"> <img decoding=\"async\" class=\"pb-image skip-lazy \" src=\"data:image\/png;base64,iVBORw0KGgoAAAANSUhEUgAAAAEAAAABCAYAAAAfFcSJAAAADUlEQVR42mNkYPhfDwAChwGA60e6kgAAAABJRU5ErkJggg==\" data-pb-source=\"https:\/\/burkhard-puetz.de\/wp-content\/uploads\/2025\/09\/20250907-3-Parisfahrt-Chorgemeinschaft-Heiligkreuz.jpg\" alt=\"Parisfahrt der Chorgemeinschaft Heiligkreuz Trier vom 6. bis 7. September 2025 | Feierliches Hochamt in der Kathedrale Notre Dame\"> <noscript><img decoding=\"async\" src=\"https:\/\/burkhard-puetz.de\/wp-content\/uploads\/2025\/09\/20250907-3-Parisfahrt-Chorgemeinschaft-Heiligkreuz.jpg\" alt=\"Parisfahrt der Chorgemeinschaft Heiligkreuz Trier vom 6. bis 7. September 2025 | Feierliches Hochamt in der Kathedrale Notre Dame\"><\/noscript> <a class=\"pb-link \" data-magnific=\"gallery-14\" data-caption=\"Parisfahrt der Chorgemeinschaft Heiligkreuz Trier vom 6. bis 7. September 2025 | Feierliches Hochamt in der Kathedrale Notre Dame\" rel=\"\" target=\"\" href=\"https:\/\/burkhard-puetz.de\/wp-content\/uploads\/2025\/09\/20250907-3-Parisfahrt-Chorgemeinschaft-Heiligkreuz.jpg\"> <div class=\"pb-overlay\" style=\"\"> <div class=\"pb-caption-bottom\"> <span class=\"pb-description pb-caption-left\" style=\"\">Parisfahrt der Chorgemeinschaft Heiligkreuz Trier vom 6. bis 7. September 2025 | Feierliches Hochamt in der Kathedrale Notre Dame<\/span> <\/div> <\/div> <\/a> <\/div> <div class=\"pb-block with-text with-social-or-text pb-landscape pb-width pb-type-image \" style=\"\" data-colspan=\"1\" data-rowspan=\"1\" data-col=\"3\" data-row=\"6\" data-valign=\"center\" data-halign=\"center\" data-type=\"image\" data-ratio=\"1.3333333333333\"> <img decoding=\"async\" class=\"pb-image skip-lazy \" src=\"data:image\/png;base64,iVBORw0KGgoAAAANSUhEUgAAAAEAAAABCAYAAAAfFcSJAAAADUlEQVR42mNkYPhfDwAChwGA60e6kgAAAABJRU5ErkJggg==\" data-pb-source=\"https:\/\/burkhard-puetz.de\/wp-content\/uploads\/2025\/09\/20250907-4-Parisfahrt-Chorgemeinschaft-Heiligkreuz.jpg\" alt=\"Parisfahrt der Chorgemeinschaft Heiligkreuz Trier vom 6. bis 7. September 2025 | Feierliches Hochamt in der Kathedrale Notre Dame\"> <noscript><img decoding=\"async\" src=\"https:\/\/burkhard-puetz.de\/wp-content\/uploads\/2025\/09\/20250907-4-Parisfahrt-Chorgemeinschaft-Heiligkreuz.jpg\" alt=\"Parisfahrt der Chorgemeinschaft Heiligkreuz Trier vom 6. bis 7. September 2025 | Feierliches Hochamt in der Kathedrale Notre Dame\"><\/noscript> <a class=\"pb-link \" data-magnific=\"gallery-14\" data-caption=\"Parisfahrt der Chorgemeinschaft Heiligkreuz Trier vom 6. bis 7. September 2025 | Feierliches Hochamt in der Kathedrale Notre Dame\" rel=\"\" target=\"\" href=\"https:\/\/burkhard-puetz.de\/wp-content\/uploads\/2025\/09\/20250907-4-Parisfahrt-Chorgemeinschaft-Heiligkreuz.jpg\"> <div class=\"pb-overlay\" style=\"\"> <div class=\"pb-caption-bottom\"> <span class=\"pb-description pb-caption-left\" style=\"\">Parisfahrt der Chorgemeinschaft Heiligkreuz Trier vom 6. bis 7. September 2025 | Feierliches Hochamt in der Kathedrale Notre Dame<\/span> <\/div> <\/div> <\/a> <\/div> <div class=\"pb-block with-text with-social-or-text pb-portrait pb-height pb-type-image \" style=\"\" data-colspan=\"1\" data-rowspan=\"1\" data-col=\"0\" data-row=\"7\" data-valign=\"center\" data-halign=\"center\" data-type=\"image\" data-ratio=\"0.75\"> <img decoding=\"async\" class=\"pb-image skip-lazy \" src=\"data:image\/png;base64,iVBORw0KGgoAAAANSUhEUgAAAAEAAAABCAYAAAAfFcSJAAAADUlEQVR42mNkYPhfDwAChwGA60e6kgAAAABJRU5ErkJggg==\" data-pb-source=\"https:\/\/burkhard-puetz.de\/wp-content\/uploads\/2025\/09\/20250907-1-Parisfahrt-Chorgemeinschaft-Heiligkreuz-rotated.jpg\" alt=\"Parisfahrt der Chorgemeinschaft Heiligkreuz Trier vom 6. bis 7. September 2025 | Kathedrale Notre Dame\"> <noscript><img decoding=\"async\" src=\"https:\/\/burkhard-puetz.de\/wp-content\/uploads\/2025\/09\/20250907-1-Parisfahrt-Chorgemeinschaft-Heiligkreuz-rotated.jpg\" alt=\"Parisfahrt der Chorgemeinschaft Heiligkreuz Trier vom 6. bis 7. September 2025 | Kathedrale Notre Dame\"><\/noscript> <a class=\"pb-link \" data-magnific=\"gallery-14\" data-caption=\"Parisfahrt der Chorgemeinschaft Heiligkreuz Trier vom 6. bis 7. September 2025 | Kathedrale Notre Dame\" rel=\"\" target=\"\" href=\"https:\/\/burkhard-puetz.de\/wp-content\/uploads\/2025\/09\/20250907-1-Parisfahrt-Chorgemeinschaft-Heiligkreuz-rotated.jpg\"> <div class=\"pb-overlay\" style=\"\"> <div class=\"pb-caption-bottom\"> <span class=\"pb-description pb-caption-left\" style=\"\">Parisfahrt der Chorgemeinschaft Heiligkreuz Trier vom 6. bis 7. September 2025 | Kathedrale Notre Dame<\/span> <\/div> <\/div> <\/a> <\/div> <div class=\"pb-block with-text with-social-or-text pb-landscape pb-width pb-type-image \" style=\"\" data-colspan=\"1\" data-rowspan=\"1\" data-col=\"1\" data-row=\"7\" data-valign=\"center\" data-halign=\"center\" data-type=\"image\" data-ratio=\"1.3333333333333\"> <img decoding=\"async\" class=\"pb-image skip-lazy \" src=\"data:image\/png;base64,iVBORw0KGgoAAAANSUhEUgAAAAEAAAABCAYAAAAfFcSJAAAADUlEQVR42mNkYPhfDwAChwGA60e6kgAAAABJRU5ErkJggg==\" data-pb-source=\"https:\/\/burkhard-puetz.de\/wp-content\/uploads\/2025\/09\/20250907-6-Parisfahrt-Chorgemeinschaft-Heiligkreuz-.jpg\" alt=\"Parisfahrt der Chorgemeinschaft Heiligkreuz Trier vom 6. bis 7. September 2025 | Beim Fr\u00fchschoppen nach dem Hochamt\"> <noscript><img decoding=\"async\" src=\"https:\/\/burkhard-puetz.de\/wp-content\/uploads\/2025\/09\/20250907-6-Parisfahrt-Chorgemeinschaft-Heiligkreuz-.jpg\" alt=\"Parisfahrt der Chorgemeinschaft Heiligkreuz Trier vom 6. bis 7. September 2025 | Beim Fr\u00fchschoppen nach dem Hochamt\"><\/noscript> <a class=\"pb-link \" data-magnific=\"gallery-14\" data-caption=\"Parisfahrt der Chorgemeinschaft Heiligkreuz Trier vom 6. bis 7. September 2025 | Beim Fr\u00fchschoppen nach dem Hochamt\" rel=\"\" target=\"\" href=\"https:\/\/burkhard-puetz.de\/wp-content\/uploads\/2025\/09\/20250907-6-Parisfahrt-Chorgemeinschaft-Heiligkreuz-.jpg\"> <div class=\"pb-overlay\" style=\"\"> <div class=\"pb-caption-bottom\"> <span class=\"pb-description pb-caption-left\" style=\"\">Parisfahrt der Chorgemeinschaft Heiligkreuz Trier vom 6. bis 7. September 2025 | Beim Fr\u00fchschoppen nach dem Hochamt<\/span> <\/div> <\/div> <\/a> <\/div> <div class=\"pb-block with-text with-social-or-text pb-landscape pb-width pb-type-image \" style=\"\" data-colspan=\"1\" data-rowspan=\"1\" data-col=\"2\" data-row=\"7\" data-valign=\"center\" data-halign=\"center\" data-type=\"image\" data-ratio=\"1.3333333333333\"> <img decoding=\"async\" class=\"pb-image skip-lazy \" src=\"data:image\/png;base64,iVBORw0KGgoAAAANSUhEUgAAAAEAAAABCAYAAAAfFcSJAAAADUlEQVR42mNkYPhfDwAChwGA60e6kgAAAABJRU5ErkJggg==\" data-pb-source=\"https:\/\/burkhard-puetz.de\/wp-content\/uploads\/2025\/09\/20250907-5-Parisfahrt-Chorgemeinschaft-Heiligkreuz.jpg\" alt=\"Parisfahrt der Chorgemeinschaft Heiligkreuz Trier vom 6. bis 7. September 2025 | Beim Fr\u00fchschoppen nach dem Hochamt\"> <noscript><img decoding=\"async\" src=\"https:\/\/burkhard-puetz.de\/wp-content\/uploads\/2025\/09\/20250907-5-Parisfahrt-Chorgemeinschaft-Heiligkreuz.jpg\" alt=\"Parisfahrt der Chorgemeinschaft Heiligkreuz Trier vom 6. bis 7. September 2025 | Beim Fr\u00fchschoppen nach dem Hochamt\"><\/noscript> <a class=\"pb-link \" data-magnific=\"gallery-14\" data-caption=\"Parisfahrt der Chorgemeinschaft Heiligkreuz Trier vom 6. bis 7. September 2025 | Beim Fr\u00fchschoppen nach dem Hochamt\" rel=\"\" target=\"\" href=\"https:\/\/burkhard-puetz.de\/wp-content\/uploads\/2025\/09\/20250907-5-Parisfahrt-Chorgemeinschaft-Heiligkreuz.jpg\"> <div class=\"pb-overlay\" style=\"\"> <div class=\"pb-caption-bottom\"> <span class=\"pb-description pb-caption-left\" style=\"\">Parisfahrt der Chorgemeinschaft Heiligkreuz Trier vom 6. bis 7. September 2025 | Beim Fr\u00fchschoppen nach dem Hochamt<\/span> <\/div> <\/div> <\/a> <\/div> <div class=\"pb-block with-text with-social-or-text pb-landscape pb-width pb-type-image \" style=\"\" data-colspan=\"1\" data-rowspan=\"1\" data-col=\"3\" data-row=\"7\" data-valign=\"center\" data-halign=\"center\" data-type=\"image\" data-ratio=\"1.3313725490196\"> <img decoding=\"async\" class=\"pb-image skip-lazy \" src=\"data:image\/png;base64,iVBORw0KGgoAAAANSUhEUgAAAAEAAAABCAYAAAAfFcSJAAAADUlEQVR42mNkYPhfDwAChwGA60e6kgAAAABJRU5ErkJggg==\" data-pb-source=\"https:\/\/burkhard-puetz.de\/wp-content\/uploads\/2025\/06\/20250619_093514.jpg\" alt=\"Die Chorgemeinschaft Heiligkreuz Trier an Fronleichnam, 19. Juni 2025 | Chorwerke von J. F. Doppelbauer, K. Fischbach, H. M. Lonquich, K. N. Schmid und A. Snyder | Eucharistiefeier am Mattheiser Weiher (zusammen mit dem Musikverein Trier-Feyen und Gabriel Moll, E-Piano), anschlie\u00dfend Prozession, Te Deum und sakramentaler Schlusssegen in der Pfarrkirche Heiligkreuz\"> <noscript><img decoding=\"async\" src=\"https:\/\/burkhard-puetz.de\/wp-content\/uploads\/2025\/06\/20250619_093514.jpg\" alt=\"Die Chorgemeinschaft Heiligkreuz Trier an Fronleichnam, 19. Juni 2025 | Chorwerke von J. F. Doppelbauer, K. Fischbach, H. M. Lonquich, K. N. Schmid und A. Snyder | Eucharistiefeier am Mattheiser Weiher (zusammen mit dem Musikverein Trier-Feyen und Gabriel Moll, E-Piano), anschlie\u00dfend Prozession, Te Deum und sakramentaler Schlusssegen in der Pfarrkirche Heiligkreuz\"><\/noscript> <a class=\"pb-link \" data-magnific=\"gallery-14\" data-caption=\"Die Chorgemeinschaft Heiligkreuz Trier an Fronleichnam, 19. Juni 2025 | Chorwerke von J. F. Doppelbauer, K. Fischbach, H. M. Lonquich, K. N. Schmid und A. Snyder | Eucharistiefeier am Mattheiser Weiher (zusammen mit dem Musikverein Trier-Feyen und Gabriel Moll, E-Piano), anschlie\u00dfend Prozession, Te Deum und sakramentaler Schlusssegen in der Pfarrkirche Heiligkreuz\" rel=\"\" target=\"\" href=\"https:\/\/burkhard-puetz.de\/wp-content\/uploads\/2025\/06\/20250619_093514.jpg\"> <div class=\"pb-overlay\" style=\"\"> <div class=\"pb-caption-bottom\"> <span class=\"pb-description pb-caption-left\" style=\"\">Die Chorgemeinschaft Heiligkreuz Trier an Fronleichnam, 19. Juni 2025 | Chorwerke von J. F. Doppelbauer, K. Fischbach, H. M. Lonquich, K. N. Schmid und A. Snyder | Eucharistiefeier am Mattheiser Weiher (zusammen mit dem Musikverein Trier-Feyen und Gabriel Moll, E-Piano), anschlie\u00dfend Prozession, Te Deum und sakramentaler Schlusssegen in der Pfarrkirche Heiligkreuz<\/span> <\/div> <\/div> <\/a> <\/div> <div class=\"pb-block with-text with-social-or-text pb-landscape pb-width pb-type-image \" style=\"\" data-colspan=\"1\" data-rowspan=\"1\" data-col=\"0\" data-row=\"8\" data-valign=\"center\" data-halign=\"center\" data-type=\"image\" data-ratio=\"1.3219178082192\"> <img decoding=\"async\" class=\"pb-image skip-lazy \" src=\"data:image\/png;base64,iVBORw0KGgoAAAANSUhEUgAAAAEAAAABCAYAAAAfFcSJAAAADUlEQVR42mNkYPhfDwAChwGA60e6kgAAAABJRU5ErkJggg==\" data-pb-source=\"https:\/\/burkhard-puetz.de\/wp-content\/uploads\/2025\/06\/20250619_093508.jpg\" alt=\"Die Chorgemeinschaft Heiligkreuz Trier an Fronleichnam, 19. Juni 2025 | Chorwerke von J. F. Doppelbauer, K. Fischbach, H. M. Lonquich, K. N. Schmid und A. Snyder | Eucharistiefeier am Mattheiser Weiher (zusammen mit dem Musikverein Trier-Feyen und Gabriel Moll, E-Piano), anschlie\u00dfend Prozession, Te Deum und sakramentaler Schlusssegen in der Pfarrkirche Heiligkreuz\"> <noscript><img decoding=\"async\" src=\"https:\/\/burkhard-puetz.de\/wp-content\/uploads\/2025\/06\/20250619_093508.jpg\" alt=\"Die Chorgemeinschaft Heiligkreuz Trier an Fronleichnam, 19. Juni 2025 | Chorwerke von J. F. Doppelbauer, K. Fischbach, H. M. Lonquich, K. N. Schmid und A. Snyder | Eucharistiefeier am Mattheiser Weiher (zusammen mit dem Musikverein Trier-Feyen und Gabriel Moll, E-Piano), anschlie\u00dfend Prozession, Te Deum und sakramentaler Schlusssegen in der Pfarrkirche Heiligkreuz\"><\/noscript> <a class=\"pb-link \" data-magnific=\"gallery-14\" data-caption=\"Die Chorgemeinschaft Heiligkreuz Trier an Fronleichnam, 19. Juni 2025 | Chorwerke von J. F. Doppelbauer, K. Fischbach, H. M. Lonquich, K. N. Schmid und A. Snyder | Eucharistiefeier am Mattheiser Weiher (zusammen mit dem Musikverein Trier-Feyen und Gabriel Moll, E-Piano), anschlie\u00dfend Prozession, Te Deum und sakramentaler Schlusssegen in der Pfarrkirche Heiligkreuz\" rel=\"\" target=\"\" href=\"https:\/\/burkhard-puetz.de\/wp-content\/uploads\/2025\/06\/20250619_093508.jpg\"> <div class=\"pb-overlay\" style=\"\"> <div class=\"pb-caption-bottom\"> <span class=\"pb-description pb-caption-left\" style=\"\">Die Chorgemeinschaft Heiligkreuz Trier an Fronleichnam, 19. Juni 2025 | Chorwerke von J. F. Doppelbauer, K. Fischbach, H. M. Lonquich, K. N. Schmid und A. Snyder | Eucharistiefeier am Mattheiser Weiher (zusammen mit dem Musikverein Trier-Feyen und Gabriel Moll, E-Piano), anschlie\u00dfend Prozession, Te Deum und sakramentaler Schlusssegen in der Pfarrkirche Heiligkreuz<\/span> <\/div> <\/div> <\/a> <\/div> <div class=\"pb-block with-text with-social-or-text pb-landscape pb-width pb-type-image \" style=\"\" data-colspan=\"1\" data-rowspan=\"1\" data-col=\"1\" data-row=\"8\" data-valign=\"center\" data-halign=\"center\" data-type=\"image\" data-ratio=\"1.3333333333333\"> <img decoding=\"async\" class=\"pb-image skip-lazy \" src=\"data:image\/png;base64,iVBORw0KGgoAAAANSUhEUgAAAAEAAAABCAYAAAAfFcSJAAAADUlEQVR42mNkYPhfDwAChwGA60e6kgAAAABJRU5ErkJggg==\" data-pb-source=\"https:\/\/burkhard-puetz.de\/wp-content\/uploads\/2025\/06\/20250618_185927.jpg\" alt=\"Grillabend der M\u00e4nnerstimmen am 18.06.25 im Pfarrheim Heiligkreuz\"> <noscript><img decoding=\"async\" src=\"https:\/\/burkhard-puetz.de\/wp-content\/uploads\/2025\/06\/20250618_185927.jpg\" alt=\"Grillabend der M\u00e4nnerstimmen am 18.06.25 im Pfarrheim Heiligkreuz\"><\/noscript> <a class=\"pb-link \" data-magnific=\"gallery-14\" data-caption=\"Grillabend der M\u00e4nnerstimmen am 18.06.25 im Pfarrheim Heiligkreuz\" rel=\"\" target=\"\" href=\"https:\/\/burkhard-puetz.de\/wp-content\/uploads\/2025\/06\/20250618_185927.jpg\"> <div class=\"pb-overlay\" style=\"\"> <div class=\"pb-caption-bottom\"> <span class=\"pb-description pb-caption-left\" style=\"\">Grillabend der M\u00e4nnerstimmen am 18.06.25 im Pfarrheim Heiligkreuz<\/span> <\/div> <\/div> <\/a> <\/div> <div class=\"pb-block with-text with-social-or-text pb-landscape pb-width pb-type-image \" style=\"\" data-colspan=\"1\" data-rowspan=\"1\" data-col=\"2\" data-row=\"8\" data-valign=\"center\" data-halign=\"center\" data-type=\"image\" data-ratio=\"1.1833333333333\"> <img decoding=\"async\" class=\"pb-image skip-lazy \" src=\"data:image\/png;base64,iVBORw0KGgoAAAANSUhEUgAAAAEAAAABCAYAAAAfFcSJAAAADUlEQVR42mNkYPhfDwAChwGA60e6kgAAAABJRU5ErkJggg==\" data-pb-source=\"https:\/\/burkhard-puetz.de\/wp-content\/uploads\/2025\/06\/20250618_185548.jpg\" alt=\"Grillabend der M\u00e4nnerstimmen am 18.06.25 im Pfarrheim Heiligkreuz\"> <noscript><img decoding=\"async\" src=\"https:\/\/burkhard-puetz.de\/wp-content\/uploads\/2025\/06\/20250618_185548.jpg\" alt=\"Grillabend der M\u00e4nnerstimmen am 18.06.25 im Pfarrheim Heiligkreuz\"><\/noscript> <a class=\"pb-link \" data-magnific=\"gallery-14\" data-caption=\"Grillabend der M\u00e4nnerstimmen am 18.06.25 im Pfarrheim Heiligkreuz\" rel=\"\" target=\"\" href=\"https:\/\/burkhard-puetz.de\/wp-content\/uploads\/2025\/06\/20250618_185548.jpg\"> <div class=\"pb-overlay\" style=\"\"> <div class=\"pb-caption-bottom\"> <span class=\"pb-description pb-caption-left\" style=\"\">Grillabend der M\u00e4nnerstimmen am 18.06.25 im Pfarrheim Heiligkreuz<\/span> <\/div> <\/div> <\/a> <\/div> <div class=\"pb-block with-text with-social-or-text pb-landscape pb-width pb-type-image \" style=\"\" data-colspan=\"1\" data-rowspan=\"1\" data-col=\"3\" data-row=\"8\" data-valign=\"center\" data-halign=\"center\" data-type=\"image\" data-ratio=\"1.3333333333333\"> <img decoding=\"async\" class=\"pb-image skip-lazy \" src=\"data:image\/png;base64,iVBORw0KGgoAAAANSUhEUgAAAAEAAAABCAYAAAAfFcSJAAAADUlEQVR42mNkYPhfDwAChwGA60e6kgAAAABJRU5ErkJggg==\" data-pb-source=\"https:\/\/burkhard-puetz.de\/wp-content\/uploads\/2025\/06\/IMG-20250608-WA0001.jpg\" alt=\"Junge Ten\u00f6re Heiligkreuz 08.06.25\"> <noscript><img decoding=\"async\" src=\"https:\/\/burkhard-puetz.de\/wp-content\/uploads\/2025\/06\/IMG-20250608-WA0001.jpg\" alt=\"Junge Ten\u00f6re Heiligkreuz 08.06.25\"><\/noscript> <a class=\"pb-link \" data-magnific=\"gallery-14\" data-caption=\"Die jungen Ten\u00f6re aus dem M\u00e4nnerensemble der Chorgemeinschaft Heiligkreuz beim Pfingsthochamt 08.06.25 in der Pfarrkirche Heiligkreuz Trier | Gregorianische Ges\u00e4nge vom Tag \u201eSpiritus Domini\u201c | C\u00e9sar Franck: \u201eVeni creator Spiritus\u201c pour T\u00e9nor, Basse et Orgue FWV 68 | Burkhard P\u00fctz: Vokalkompositionen f\u00fcr M\u00e4nnerstimmen und Orgel \u2013 \u201eKomm, Heiliger Geist\u201c | \u201eAtme in uns, Heiliger Geist\u201c | \u201eDer Geist des Herrn erf\u00fcllt das All\u201c\" rel=\"\" target=\"\" href=\"https:\/\/burkhard-puetz.de\/wp-content\/uploads\/2025\/06\/IMG-20250608-WA0001.jpg\"> <div class=\"pb-overlay\" style=\"\"> <div class=\"pb-caption-bottom\"> <span class=\"pb-title pb-caption-left\" style=\"\">Junge Ten\u00f6re Heiligkreuz 08.06.25<\/span> <span class=\"pb-description pb-caption-left\" style=\"\">Die jungen Ten\u00f6re aus dem M\u00e4nnerensemble der Chorgemeinschaft Heiligkreuz beim Pfingsthochamt 08.06.25 in der Pfarrkirche Heiligkreuz Trier | Gregorianische Ges\u00e4nge vom Tag \u201eSpiritus Domini\u201c | C\u00e9sar Franck: \u201eVeni creator Spiritus\u201c pour T\u00e9nor, Basse et Orgue FWV 68 | Burkhard P\u00fctz: Vokalkompositionen f\u00fcr M\u00e4nnerstimmen und Orgel \u2013 \u201eKomm, Heiliger Geist\u201c | \u201eAtme in uns, Heiliger Geist\u201c | \u201eDer Geist des Herrn erf\u00fcllt das All\u201c<\/span> <\/div> <\/div> <\/a> <\/div> <div class=\"pb-block with-text with-social-or-text pb-landscape pb-width pb-type-image \" style=\"\" data-colspan=\"1\" data-rowspan=\"1\" data-col=\"0\" data-row=\"9\" data-valign=\"center\" data-halign=\"center\" data-type=\"image\" data-ratio=\"1.2555555555556\"> <img decoding=\"async\" class=\"pb-image skip-lazy \" src=\"data:image\/png;base64,iVBORw0KGgoAAAANSUhEUgAAAAEAAAABCAYAAAAfFcSJAAAADUlEQVR42mNkYPhfDwAChwGA60e6kgAAAABJRU5ErkJggg==\" data-pb-source=\"https:\/\/burkhard-puetz.de\/wp-content\/uploads\/2024\/11\/Friedensgebet-08.11.24-Mariahof-1.jpg\" alt=\"Friedensgebet mit Ges\u00e4ngen aus Taiz\u00e9 | Im Rahmen des bundesweiten Projektes &#039;Kirchenmusik: klangvoll vereint f\u00fcr Frieden und Demokratie&#039; | Chorgemeinschaft Heiligkreuz am 8. November 2024 in St. Michael, Trier-Mariahof\"> <noscript><img decoding=\"async\" src=\"https:\/\/burkhard-puetz.de\/wp-content\/uploads\/2024\/11\/Friedensgebet-08.11.24-Mariahof-1.jpg\" alt=\"Friedensgebet mit Ges\u00e4ngen aus Taiz\u00e9 | Im Rahmen des bundesweiten Projektes &#039;Kirchenmusik: klangvoll vereint f\u00fcr Frieden und Demokratie&#039; | Chorgemeinschaft Heiligkreuz am 8. November 2024 in St. Michael, Trier-Mariahof\"><\/noscript> <a class=\"pb-link \" data-magnific=\"gallery-14\" data-caption=\"Friedensgebet mit Ges\u00e4ngen aus Taiz\u00e9 | Im Rahmen des bundesweiten Projektes 'Kirchenmusik: klangvoll vereint f\u00fcr Frieden und Demokratie' | Chorgemeinschaft Heiligkreuz am 8. November 2024 in St. Michael, Trier-Mariahof\" rel=\"\" target=\"\" href=\"https:\/\/burkhard-puetz.de\/wp-content\/uploads\/2024\/11\/Friedensgebet-08.11.24-Mariahof-1.jpg\"> <div class=\"pb-overlay\" style=\"\"> <div class=\"pb-caption-bottom\"> <span class=\"pb-description pb-caption-left\" style=\"\">Friedensgebet mit Ges\u00e4ngen aus Taiz\u00e9 | Im Rahmen des bundesweiten Projektes 'Kirchenmusik: klangvoll vereint f\u00fcr Frieden und Demokratie' | Chorgemeinschaft Heiligkreuz am 8. November 2024 in St. Michael, Trier-Mariahof<\/span> <\/div> <\/div> <\/a> <\/div> <div class=\"pb-block with-text with-social-or-text pb-landscape pb-width pb-type-image \" style=\"\" data-colspan=\"1\" data-rowspan=\"1\" data-col=\"1\" data-row=\"9\" data-valign=\"center\" data-halign=\"center\" data-type=\"image\" data-ratio=\"1.1456664238893\"> <img decoding=\"async\" class=\"pb-image skip-lazy \" src=\"data:image\/png;base64,iVBORw0KGgoAAAANSUhEUgAAAAEAAAABCAYAAAAfFcSJAAAADUlEQVR42mNkYPhfDwAChwGA60e6kgAAAABJRU5ErkJggg==\" data-pb-source=\"https:\/\/burkhard-puetz.de\/wp-content\/uploads\/2024\/11\/Friedensgebet-08.11.24-0002-Web.jpg\" alt=\"Friedensgebet mit Ges\u00e4ngen aus Taiz\u00e9 | Im Rahmen des bundesweiten Projektes &#039;Kirchenmusik: klangvoll vereint f\u00fcr Frieden und Demokratie&#039; | Chorgemeinschaft Heiligkreuz am 8. November 2024 in St. Michael, Trier-Mariahof\"> <noscript><img decoding=\"async\" src=\"https:\/\/burkhard-puetz.de\/wp-content\/uploads\/2024\/11\/Friedensgebet-08.11.24-0002-Web.jpg\" alt=\"Friedensgebet mit Ges\u00e4ngen aus Taiz\u00e9 | Im Rahmen des bundesweiten Projektes &#039;Kirchenmusik: klangvoll vereint f\u00fcr Frieden und Demokratie&#039; | Chorgemeinschaft Heiligkreuz am 8. November 2024 in St. Michael, Trier-Mariahof\"><\/noscript> <a class=\"pb-link \" data-magnific=\"gallery-14\" data-caption=\"Friedensgebet mit Ges\u00e4ngen aus Taiz\u00e9 | Im Rahmen des bundesweiten Projektes 'Kirchenmusik: klangvoll vereint f\u00fcr Frieden und Demokratie' | Chorgemeinschaft Heiligkreuz am 8. November 2024 in St. Michael, Trier-Mariahof\" rel=\"\" target=\"\" href=\"https:\/\/burkhard-puetz.de\/wp-content\/uploads\/2024\/11\/Friedensgebet-08.11.24-0002-Web.jpg\"> <div class=\"pb-overlay\" style=\"\"> <div class=\"pb-caption-bottom\"> <span class=\"pb-description pb-caption-left\" style=\"\">Friedensgebet mit Ges\u00e4ngen aus Taiz\u00e9 | Im Rahmen des bundesweiten Projektes 'Kirchenmusik: klangvoll vereint f\u00fcr Frieden und Demokratie' | Chorgemeinschaft Heiligkreuz am 8. November 2024 in St. Michael, Trier-Mariahof<\/span> <\/div> <\/div> <\/a> <\/div> <div class=\"pb-block with-text with-social-or-text pb-landscape pb-width pb-type-image \" style=\"\" data-colspan=\"1\" data-rowspan=\"1\" data-col=\"2\" data-row=\"9\" data-valign=\"center\" data-halign=\"center\" data-type=\"image\" data-ratio=\"1.0969305331179\"> <img decoding=\"async\" class=\"pb-image skip-lazy \" src=\"data:image\/png;base64,iVBORw0KGgoAAAANSUhEUgAAAAEAAAABCAYAAAAfFcSJAAAADUlEQVR42mNkYPhfDwAChwGA60e6kgAAAABJRU5ErkJggg==\" data-pb-source=\"https:\/\/burkhard-puetz.de\/wp-content\/uploads\/2024\/11\/Friedensgebet-08.11.24-0005-Web.jpg\" alt=\"Friedensgebet mit Ges\u00e4ngen aus Taiz\u00e9 | Im Rahmen des bundesweiten Projektes &#039;Kirchenmusik: klangvoll vereint f\u00fcr Frieden und Demokratie&#039; | Chorgemeinschaft Heiligkreuz am 8. November 2024 in St. Michael, Trier-Mariahof\"> <noscript><img decoding=\"async\" src=\"https:\/\/burkhard-puetz.de\/wp-content\/uploads\/2024\/11\/Friedensgebet-08.11.24-0005-Web.jpg\" alt=\"Friedensgebet mit Ges\u00e4ngen aus Taiz\u00e9 | Im Rahmen des bundesweiten Projektes &#039;Kirchenmusik: klangvoll vereint f\u00fcr Frieden und Demokratie&#039; | Chorgemeinschaft Heiligkreuz am 8. November 2024 in St. Michael, Trier-Mariahof\"><\/noscript> <a class=\"pb-link \" data-magnific=\"gallery-14\" data-caption=\"Friedensgebet mit Ges\u00e4ngen aus Taiz\u00e9 | Im Rahmen des bundesweiten Projektes 'Kirchenmusik: klangvoll vereint f\u00fcr Frieden und Demokratie' | Chorgemeinschaft Heiligkreuz am 8. November 2024 in St. Michael, Trier-Mariahof\" rel=\"\" target=\"\" href=\"https:\/\/burkhard-puetz.de\/wp-content\/uploads\/2024\/11\/Friedensgebet-08.11.24-0005-Web.jpg\"> <div class=\"pb-overlay\" style=\"\"> <div class=\"pb-caption-bottom\"> <span class=\"pb-description pb-caption-left\" style=\"\">Friedensgebet mit Ges\u00e4ngen aus Taiz\u00e9 | Im Rahmen des bundesweiten Projektes 'Kirchenmusik: klangvoll vereint f\u00fcr Frieden und Demokratie' | Chorgemeinschaft Heiligkreuz am 8. November 2024 in St. Michael, Trier-Mariahof<\/span> <\/div> <\/div> <\/a> <\/div> <div class=\"pb-block with-text with-social-or-text pb-landscape pb-width pb-type-image \" style=\"\" data-colspan=\"1\" data-rowspan=\"1\" data-col=\"3\" data-row=\"9\" data-valign=\"center\" data-halign=\"center\" data-type=\"image\" data-ratio=\"1.121915820029\"> <img decoding=\"async\" class=\"pb-image skip-lazy \" src=\"data:image\/png;base64,iVBORw0KGgoAAAANSUhEUgAAAAEAAAABCAYAAAAfFcSJAAAADUlEQVR42mNkYPhfDwAChwGA60e6kgAAAABJRU5ErkJggg==\" data-pb-source=\"https:\/\/burkhard-puetz.de\/wp-content\/uploads\/2024\/11\/Friedensgebet-08.11.24-0009-Web.jpg\" alt=\"Friedensgebet mit Ges\u00e4ngen aus Taiz\u00e9 | Im Rahmen des bundesweiten Projektes &#039;Kirchenmusik: klangvoll vereint f\u00fcr Frieden und Demokratie&#039; | Chorgemeinschaft Heiligkreuz am 8. November 2024 in St. Michael, Trier-Mariahof\"> <noscript><img decoding=\"async\" src=\"https:\/\/burkhard-puetz.de\/wp-content\/uploads\/2024\/11\/Friedensgebet-08.11.24-0009-Web.jpg\" alt=\"Friedensgebet mit Ges\u00e4ngen aus Taiz\u00e9 | Im Rahmen des bundesweiten Projektes &#039;Kirchenmusik: klangvoll vereint f\u00fcr Frieden und Demokratie&#039; | Chorgemeinschaft Heiligkreuz am 8. November 2024 in St. Michael, Trier-Mariahof\"><\/noscript> <a class=\"pb-link \" data-magnific=\"gallery-14\" data-caption=\"Friedensgebet mit Ges\u00e4ngen aus Taiz\u00e9 | Im Rahmen des bundesweiten Projektes 'Kirchenmusik: klangvoll vereint f\u00fcr Frieden und Demokratie' | Chorgemeinschaft Heiligkreuz am 8. November 2024 in St. Michael, Trier-Mariahof\" rel=\"\" target=\"\" href=\"https:\/\/burkhard-puetz.de\/wp-content\/uploads\/2024\/11\/Friedensgebet-08.11.24-0009-Web.jpg\"> <div class=\"pb-overlay\" style=\"\"> <div class=\"pb-caption-bottom\"> <span class=\"pb-description pb-caption-left\" style=\"\">Friedensgebet mit Ges\u00e4ngen aus Taiz\u00e9 | Im Rahmen des bundesweiten Projektes 'Kirchenmusik: klangvoll vereint f\u00fcr Frieden und Demokratie' | Chorgemeinschaft Heiligkreuz am 8. November 2024 in St. Michael, Trier-Mariahof<\/span> <\/div> <\/div> <\/a> <\/div> <div class=\"pb-block with-text with-social-or-text pb-portrait pb-height pb-type-image \" style=\"\" data-colspan=\"1\" data-rowspan=\"1\" data-col=\"0\" data-row=\"10\" data-valign=\"center\" data-halign=\"center\" data-type=\"image\" data-ratio=\"0.970625\"> <img decoding=\"async\" class=\"pb-image skip-lazy \" src=\"data:image\/png;base64,iVBORw0KGgoAAAANSUhEUgAAAAEAAAABCAYAAAAfFcSJAAAADUlEQVR42mNkYPhfDwAChwGA60e6kgAAAABJRU5ErkJggg==\" data-pb-source=\"https:\/\/burkhard-puetz.de\/wp-content\/uploads\/2024\/11\/Friedensgebet-08.11.24-0011-Web.jpg\" alt=\"Friedensgebet mit Ges\u00e4ngen aus Taiz\u00e9 | Im Rahmen des bundesweiten Projektes &#039;Kirchenmusik: klangvoll vereint f\u00fcr Frieden und Demokratie&#039; | Chorgemeinschaft Heiligkreuz am 8. November 2024 in St. Michael, Trier-Mariahof\"> <noscript><img decoding=\"async\" src=\"https:\/\/burkhard-puetz.de\/wp-content\/uploads\/2024\/11\/Friedensgebet-08.11.24-0011-Web.jpg\" alt=\"Friedensgebet mit Ges\u00e4ngen aus Taiz\u00e9 | Im Rahmen des bundesweiten Projektes &#039;Kirchenmusik: klangvoll vereint f\u00fcr Frieden und Demokratie&#039; | Chorgemeinschaft Heiligkreuz am 8. November 2024 in St. Michael, Trier-Mariahof\"><\/noscript> <a class=\"pb-link \" data-magnific=\"gallery-14\" data-caption=\"Friedensgebet mit Ges\u00e4ngen aus Taiz\u00e9 | Im Rahmen des bundesweiten Projektes 'Kirchenmusik: klangvoll vereint f\u00fcr Frieden und Demokratie' | Chorgemeinschaft Heiligkreuz am 8. November 2024 in St. Michael, Trier-Mariahof\" rel=\"\" target=\"\" href=\"https:\/\/burkhard-puetz.de\/wp-content\/uploads\/2024\/11\/Friedensgebet-08.11.24-0011-Web.jpg\"> <div class=\"pb-overlay\" style=\"\"> <div class=\"pb-caption-bottom\"> <span class=\"pb-description pb-caption-left\" style=\"\">Friedensgebet mit Ges\u00e4ngen aus Taiz\u00e9 | Im Rahmen des bundesweiten Projektes 'Kirchenmusik: klangvoll vereint f\u00fcr Frieden und Demokratie' | Chorgemeinschaft Heiligkreuz am 8. November 2024 in St. Michael, Trier-Mariahof<\/span> <\/div> <\/div> <\/a> <\/div> <div class=\"pb-block with-text with-social-or-text pb-landscape pb-width pb-type-image \" style=\"\" data-colspan=\"1\" data-rowspan=\"1\" data-col=\"1\" data-row=\"10\" data-valign=\"center\" data-halign=\"center\" data-type=\"image\" data-ratio=\"1.3333333333333\"> <img decoding=\"async\" class=\"pb-image skip-lazy \" src=\"data:image\/png;base64,iVBORw0KGgoAAAANSUhEUgAAAAEAAAABCAYAAAAfFcSJAAAADUlEQVR42mNkYPhfDwAChwGA60e6kgAAAABJRU5ErkJggg==\" data-pb-source=\"https:\/\/burkhard-puetz.de\/wp-content\/uploads\/2024\/10\/IMG_0925-Kopie2-scaled.jpg\" alt=\"Ausflug des Kinderchores (A-Chor) und der Jugendlichen der Chorgemeinschaft Heiligkreuz Trier in den Europapark Rust am Samstag, 5. Oktober 2024\"> <noscript><img decoding=\"async\" src=\"https:\/\/burkhard-puetz.de\/wp-content\/uploads\/2024\/10\/IMG_0925-Kopie2-scaled.jpg\" alt=\"Ausflug des Kinderchores (A-Chor) und der Jugendlichen der Chorgemeinschaft Heiligkreuz Trier in den Europapark Rust am Samstag, 5. Oktober 2024\"><\/noscript> <a class=\"pb-link \" data-magnific=\"gallery-14\" data-caption=\"Ausflug des Kinderchores (A-Chor) und der Jugendlichen der Chorgemeinschaft Heiligkreuz Trier in den Europapark Rust am Samstag, 5. Oktober 2024\" rel=\"\" target=\"\" href=\"https:\/\/burkhard-puetz.de\/wp-content\/uploads\/2024\/10\/IMG_0925-Kopie2-scaled.jpg\"> <div class=\"pb-overlay\" style=\"\"> <div class=\"pb-caption-bottom\"> <span class=\"pb-description pb-caption-left\" style=\"\">Ausflug des Kinderchores (A-Chor) und der Jugendlichen der Chorgemeinschaft Heiligkreuz Trier in den Europapark Rust am Samstag, 5. Oktober 2024<\/span> <\/div> <\/div> <\/a> <\/div> <div class=\"pb-block with-text with-social-or-text pb-landscape pb-width pb-type-image \" style=\"\" data-colspan=\"1\" data-rowspan=\"1\" data-col=\"2\" data-row=\"10\" data-valign=\"center\" data-halign=\"center\" data-type=\"image\" data-ratio=\"1.3333333333333\"> <img decoding=\"async\" class=\"pb-image skip-lazy \" src=\"data:image\/png;base64,iVBORw0KGgoAAAANSUhEUgAAAAEAAAABCAYAAAAfFcSJAAAADUlEQVR42mNkYPhfDwAChwGA60e6kgAAAABJRU5ErkJggg==\" data-pb-source=\"https:\/\/burkhard-puetz.de\/wp-content\/uploads\/2024\/10\/IMG_0932-Kopie2-scaled.jpg\" alt=\"Ausflug des Kinderchores (A-Chor) und der Jugendlichen der Chorgemeinschaft Heiligkreuz Trier in den Europapark Rust am Samstag, 5. Oktober 2024\"> <noscript><img decoding=\"async\" src=\"https:\/\/burkhard-puetz.de\/wp-content\/uploads\/2024\/10\/IMG_0932-Kopie2-scaled.jpg\" alt=\"Ausflug des Kinderchores (A-Chor) und der Jugendlichen der Chorgemeinschaft Heiligkreuz Trier in den Europapark Rust am Samstag, 5. Oktober 2024\"><\/noscript> <a class=\"pb-link \" data-magnific=\"gallery-14\" data-caption=\"Ausflug des Kinderchores (A-Chor) und der Jugendlichen der Chorgemeinschaft Heiligkreuz Trier in den Europapark Rust am Samstag, 5. Oktober 2024\" rel=\"\" target=\"\" href=\"https:\/\/burkhard-puetz.de\/wp-content\/uploads\/2024\/10\/IMG_0932-Kopie2-scaled.jpg\"> <div class=\"pb-overlay\" style=\"\"> <div class=\"pb-caption-bottom\"> <span class=\"pb-description pb-caption-left\" style=\"\">Ausflug des Kinderchores (A-Chor) und der Jugendlichen der Chorgemeinschaft Heiligkreuz Trier in den Europapark Rust am Samstag, 5. Oktober 2024<\/span> <\/div> <\/div> <\/a> <\/div> <div class=\"pb-block with-text with-social-or-text pb-landscape pb-width pb-type-image \" style=\"\" data-colspan=\"1\" data-rowspan=\"1\" data-col=\"3\" data-row=\"10\" data-valign=\"center\" data-halign=\"center\" data-type=\"image\" data-ratio=\"1.6233354470514\"> <img decoding=\"async\" class=\"pb-image skip-lazy \" src=\"data:image\/png;base64,iVBORw0KGgoAAAANSUhEUgAAAAEAAAABCAYAAAAfFcSJAAAADUlEQVR42mNkYPhfDwAChwGA60e6kgAAAABJRU5ErkJggg==\" data-pb-source=\"https:\/\/burkhard-puetz.de\/wp-content\/uploads\/2024\/11\/Chorgemeinschaft-Heiligkreuz-Abendlob-St.-Michael-29.09.24-1-scaled-1.jpg\" alt=\"MUSIK DER ENGEL | Abendlob zum Patronatsfest St. Michael, Trier-Mariahof | Sonntag, 29.09.24 | Kompositionen von Johann Sebastian Bach, Frank Martin, Hermann Schroeder, Charles Villiers Stanford, Richard Shephard, Alan Wilson, Philip Stopford u. a. | Chorgemeinschaft Heiligkreuz Trier | David Keller, Orgel | Leitung: Dekanatskantor Burkhard P\u00fctz | Liturgie: Domkapitular Pfr. Benedikt Welter\"> <noscript><img decoding=\"async\" src=\"https:\/\/burkhard-puetz.de\/wp-content\/uploads\/2024\/11\/Chorgemeinschaft-Heiligkreuz-Abendlob-St.-Michael-29.09.24-1-scaled-1.jpg\" alt=\"MUSIK DER ENGEL | Abendlob zum Patronatsfest St. Michael, Trier-Mariahof | Sonntag, 29.09.24 | Kompositionen von Johann Sebastian Bach, Frank Martin, Hermann Schroeder, Charles Villiers Stanford, Richard Shephard, Alan Wilson, Philip Stopford u. a. | Chorgemeinschaft Heiligkreuz Trier | David Keller, Orgel | Leitung: Dekanatskantor Burkhard P\u00fctz | Liturgie: Domkapitular Pfr. Benedikt Welter\"><\/noscript> <a class=\"pb-link \" data-magnific=\"gallery-14\" data-caption=\"MUSIK DER ENGEL | Abendlob zum Patronatsfest St. Michael, Trier-Mariahof | Sonntag, 29.09.24 | Kompositionen von Johann Sebastian Bach, Frank Martin, Hermann Schroeder, Charles Villiers Stanford, Richard Shephard, Alan Wilson, Philip Stopford u. a. | Chorgemeinschaft Heiligkreuz Trier | David Keller, Orgel | Leitung: Dekanatskantor Burkhard P\u00fctz | Liturgie: Domkapitular Pfr. Benedikt Welter\" rel=\"\" target=\"\" href=\"https:\/\/burkhard-puetz.de\/wp-content\/uploads\/2024\/11\/Chorgemeinschaft-Heiligkreuz-Abendlob-St.-Michael-29.09.24-1-scaled-1.jpg\"> <div class=\"pb-overlay\" style=\"\"> <div class=\"pb-caption-bottom\"> <span class=\"pb-description pb-caption-left\" style=\"\">MUSIK DER ENGEL | Abendlob zum Patronatsfest St. Michael, Trier-Mariahof | Sonntag, 29.09.24 | Kompositionen von Johann Sebastian Bach, Frank Martin, Hermann Schroeder, Charles Villiers Stanford, Richard Shephard, Alan Wilson, Philip Stopford u. a. | Chorgemeinschaft Heiligkreuz Trier | David Keller, Orgel | Leitung: Dekanatskantor Burkhard P\u00fctz | Liturgie: Domkapitular Pfr. Benedikt Welter<\/span> <\/div> <\/div> <\/a> <\/div> <div class=\"pb-block with-text with-social-or-text pb-landscape pb-width pb-type-image \" style=\"\" data-colspan=\"1\" data-rowspan=\"1\" data-col=\"0\" data-row=\"11\" data-valign=\"center\" data-halign=\"center\" data-type=\"image\" data-ratio=\"1.3558739255014\"> <img decoding=\"async\" class=\"pb-image skip-lazy \" src=\"data:image\/png;base64,iVBORw0KGgoAAAANSUhEUgAAAAEAAAABCAYAAAAfFcSJAAAADUlEQVR42mNkYPhfDwAChwGA60e6kgAAAABJRU5ErkJggg==\" data-pb-source=\"https:\/\/burkhard-puetz.de\/wp-content\/uploads\/2024\/10\/Chorgemeinschaft-Heiligkreuz-Abendlob-St.-Michael-29.09.24-2.jpg\" alt=\"MUSIK DER ENGEL | Abendlob zum Patronatsfest St. Michael, Trier-Mariahof | Sonntag, 29.09.24 | Kompositionen von Johann Sebastian Bach, Frank Martin, Hermann Schroeder, Charles Villiers Stanford, Richard Shephard, Alan Wilson, Philip Stopford u. a. | Chorgemeinschaft Heiligkreuz Trier | David Keller, Orgel | Leitung: Dekanatskantor Burkhard P\u00fctz | Liturgie: Domkapitular Pfr. Benedikt Welter\"> <noscript><img decoding=\"async\" src=\"https:\/\/burkhard-puetz.de\/wp-content\/uploads\/2024\/10\/Chorgemeinschaft-Heiligkreuz-Abendlob-St.-Michael-29.09.24-2.jpg\" alt=\"MUSIK DER ENGEL | Abendlob zum Patronatsfest St. Michael, Trier-Mariahof | Sonntag, 29.09.24 | Kompositionen von Johann Sebastian Bach, Frank Martin, Hermann Schroeder, Charles Villiers Stanford, Richard Shephard, Alan Wilson, Philip Stopford u. a. | Chorgemeinschaft Heiligkreuz Trier | David Keller, Orgel | Leitung: Dekanatskantor Burkhard P\u00fctz | Liturgie: Domkapitular Pfr. Benedikt Welter\"><\/noscript> <a class=\"pb-link \" data-magnific=\"gallery-14\" data-caption=\"MUSIK DER ENGEL | Abendlob zum Patronatsfest St. Michael, Trier-Mariahof | Sonntag, 29.09.24 | Kompositionen von Johann Sebastian Bach, Frank Martin, Hermann Schroeder, Charles Villiers Stanford, Richard Shephard, Alan Wilson, Philip Stopford u. a. | Chorgemeinschaft Heiligkreuz Trier | David Keller, Orgel | Leitung: Dekanatskantor Burkhard P\u00fctz | Liturgie: Domkapitular Pfr. Benedikt Welter\" rel=\"\" target=\"\" href=\"https:\/\/burkhard-puetz.de\/wp-content\/uploads\/2024\/10\/Chorgemeinschaft-Heiligkreuz-Abendlob-St.-Michael-29.09.24-2.jpg\"> <div class=\"pb-overlay\" style=\"\"> <div class=\"pb-caption-bottom\"> <span class=\"pb-description pb-caption-left\" style=\"\">MUSIK DER ENGEL | Abendlob zum Patronatsfest St. Michael, Trier-Mariahof | Sonntag, 29.09.24 | Kompositionen von Johann Sebastian Bach, Frank Martin, Hermann Schroeder, Charles Villiers Stanford, Richard Shephard, Alan Wilson, Philip Stopford u. a. | Chorgemeinschaft Heiligkreuz Trier | David Keller, Orgel | Leitung: Dekanatskantor Burkhard P\u00fctz | Liturgie: Domkapitular Pfr. Benedikt Welter<\/span> <\/div> <\/div> <\/a> <\/div> <div class=\"pb-block with-text with-social-or-text pb-landscape pb-width pb-type-image \" style=\"\" data-colspan=\"1\" data-rowspan=\"1\" data-col=\"1\" data-row=\"11\" data-valign=\"center\" data-halign=\"center\" data-type=\"image\" data-ratio=\"2.1052631578947\"> <img decoding=\"async\" class=\"pb-image skip-lazy \" src=\"data:image\/png;base64,iVBORw0KGgoAAAANSUhEUgAAAAEAAAABCAYAAAAfFcSJAAAADUlEQVR42mNkYPhfDwAChwGA60e6kgAAAABJRU5ErkJggg==\" data-pb-source=\"https:\/\/burkhard-puetz.de\/wp-content\/uploads\/2024\/10\/Chorgemeinschaft-Heiligkreuz-Abendlob-St.-Michael-29.09.24-3.jpg\" alt=\"MUSIK DER ENGEL | Abendlob zum Patronatsfest St. Michael, Trier-Mariahof | Sonntag, 29.09.24 | Kompositionen von Johann Sebastian Bach, Frank Martin, Hermann Schroeder, Charles Villiers Stanford, Richard Shephard, Alan Wilson, Philip Stopford u. a. | Chorgemeinschaft Heiligkreuz Trier | David Keller, Orgel | Leitung: Dekanatskantor Burkhard P\u00fctz | Liturgie: Domkapitular Pfr. Benedikt Welter\"> <noscript><img decoding=\"async\" src=\"https:\/\/burkhard-puetz.de\/wp-content\/uploads\/2024\/10\/Chorgemeinschaft-Heiligkreuz-Abendlob-St.-Michael-29.09.24-3.jpg\" alt=\"MUSIK DER ENGEL | Abendlob zum Patronatsfest St. Michael, Trier-Mariahof | Sonntag, 29.09.24 | Kompositionen von Johann Sebastian Bach, Frank Martin, Hermann Schroeder, Charles Villiers Stanford, Richard Shephard, Alan Wilson, Philip Stopford u. a. | Chorgemeinschaft Heiligkreuz Trier | David Keller, Orgel | Leitung: Dekanatskantor Burkhard P\u00fctz | Liturgie: Domkapitular Pfr. Benedikt Welter\"><\/noscript> <a class=\"pb-link \" data-magnific=\"gallery-14\" data-caption=\"MUSIK DER ENGEL | Abendlob zum Patronatsfest St. Michael, Trier-Mariahof | Sonntag, 29.09.24 | Kompositionen von Johann Sebastian Bach, Frank Martin, Hermann Schroeder, Charles Villiers Stanford, Richard Shephard, Alan Wilson, Philip Stopford u. a. | Chorgemeinschaft Heiligkreuz Trier | David Keller, Orgel | Leitung: Dekanatskantor Burkhard P\u00fctz | Liturgie: Domkapitular Pfr. Benedikt Welter\" rel=\"\" target=\"\" href=\"https:\/\/burkhard-puetz.de\/wp-content\/uploads\/2024\/10\/Chorgemeinschaft-Heiligkreuz-Abendlob-St.-Michael-29.09.24-3.jpg\"> <div class=\"pb-overlay\" style=\"\"> <div class=\"pb-caption-bottom\"> <span class=\"pb-description pb-caption-left\" style=\"\">MUSIK DER ENGEL | Abendlob zum Patronatsfest St. Michael, Trier-Mariahof | Sonntag, 29.09.24 | Kompositionen von Johann Sebastian Bach, Frank Martin, Hermann Schroeder, Charles Villiers Stanford, Richard Shephard, Alan Wilson, Philip Stopford u. a. | Chorgemeinschaft Heiligkreuz Trier | David Keller, Orgel | Leitung: Dekanatskantor Burkhard P\u00fctz | Liturgie: Domkapitular Pfr. Benedikt Welter<\/span> <\/div> <\/div> <\/a> <\/div> <div class=\"pb-block with-text with-social-or-text pb-landscape pb-width pb-type-image \" style=\"\" data-colspan=\"1\" data-rowspan=\"1\" data-col=\"2\" data-row=\"11\" data-valign=\"center\" data-halign=\"center\" data-type=\"image\" data-ratio=\"1.5667074663403\"> <img decoding=\"async\" class=\"pb-image skip-lazy \" src=\"data:image\/png;base64,iVBORw0KGgoAAAANSUhEUgAAAAEAAAABCAYAAAAfFcSJAAAADUlEQVR42mNkYPhfDwAChwGA60e6kgAAAABJRU5ErkJggg==\" data-pb-source=\"https:\/\/burkhard-puetz.de\/wp-content\/uploads\/2024\/10\/Chorgemeinschaft-Heiligkreuz-Abendlob-St.-Michael-29.09.24-4.jpg\" alt=\"MUSIK DER ENGEL | Abendlob zum Patronatsfest St. Michael, Trier-Mariahof | Sonntag, 29.09.24 | Ehrung langj\u00e4hriger S\u00e4ngerinnen und S\u00e4nger der Chorgemeinschaft Heiligkreuz: 5, 10, 25, 45, 50 und 65 Jahre Singen im Kirchenchor\"> <noscript><img decoding=\"async\" src=\"https:\/\/burkhard-puetz.de\/wp-content\/uploads\/2024\/10\/Chorgemeinschaft-Heiligkreuz-Abendlob-St.-Michael-29.09.24-4.jpg\" alt=\"MUSIK DER ENGEL | Abendlob zum Patronatsfest St. Michael, Trier-Mariahof | Sonntag, 29.09.24 | Ehrung langj\u00e4hriger S\u00e4ngerinnen und S\u00e4nger der Chorgemeinschaft Heiligkreuz: 5, 10, 25, 45, 50 und 65 Jahre Singen im Kirchenchor\"><\/noscript> <a class=\"pb-link \" data-magnific=\"gallery-14\" data-caption=\"MUSIK DER ENGEL | Abendlob zum Patronatsfest St. Michael, Trier-Mariahof | Sonntag, 29.09.24 | Ehrung langj\u00e4hriger S\u00e4ngerinnen und S\u00e4nger der Chorgemeinschaft Heiligkreuz: 5, 10, 25, 45, 50 und 65 Jahre Singen im Kirchenchor\" rel=\"\" target=\"\" href=\"https:\/\/burkhard-puetz.de\/wp-content\/uploads\/2024\/10\/Chorgemeinschaft-Heiligkreuz-Abendlob-St.-Michael-29.09.24-4.jpg\"> <div class=\"pb-overlay\" style=\"\"> <div class=\"pb-caption-bottom\"> <span class=\"pb-description pb-caption-left\" style=\"\">MUSIK DER ENGEL | Abendlob zum Patronatsfest St. Michael, Trier-Mariahof | Sonntag, 29.09.24 | Ehrung langj\u00e4hriger S\u00e4ngerinnen und S\u00e4nger der Chorgemeinschaft Heiligkreuz: 5, 10, 25, 45, 50 und 65 Jahre Singen im Kirchenchor<\/span> <\/div> <\/div> <\/a> <\/div> <div class=\"pb-block with-text with-social-or-text pb-portrait pb-height pb-type-image \" style=\"\" data-colspan=\"1\" data-rowspan=\"1\" data-col=\"3\" data-row=\"11\" data-valign=\"center\" data-halign=\"center\" data-type=\"image\" data-ratio=\"0.75\"> <img decoding=\"async\" class=\"pb-image skip-lazy \" src=\"data:image\/png;base64,iVBORw0KGgoAAAANSUhEUgAAAAEAAAABCAYAAAAfFcSJAAAADUlEQVR42mNkYPhfDwAChwGA60e6kgAAAABJRU5ErkJggg==\" data-pb-source=\"https:\/\/burkhard-puetz.de\/wp-content\/uploads\/2024\/10\/Chorgemeinschaft-Heiligkreuz-Abendlob-St.-Michael-29.09.24-5.jpg\" alt=\"MUSIK DER ENGEL | Abendlob zum Patronatsfest St. Michael, Trier-Mariahof | Sonntag, 29.09.24 | Ehrung langj\u00e4hriger S\u00e4ngerinnen und S\u00e4nger der Chorgemeinschaft Heiligkreuz: 5, 10, 25, 45, 50 und 65 Jahre Singen im Kirchenchor\"> <noscript><img decoding=\"async\" src=\"https:\/\/burkhard-puetz.de\/wp-content\/uploads\/2024\/10\/Chorgemeinschaft-Heiligkreuz-Abendlob-St.-Michael-29.09.24-5.jpg\" alt=\"MUSIK DER ENGEL | Abendlob zum Patronatsfest St. Michael, Trier-Mariahof | Sonntag, 29.09.24 | Ehrung langj\u00e4hriger S\u00e4ngerinnen und S\u00e4nger der Chorgemeinschaft Heiligkreuz: 5, 10, 25, 45, 50 und 65 Jahre Singen im Kirchenchor\"><\/noscript> <a class=\"pb-link \" data-magnific=\"gallery-14\" data-caption=\"MUSIK DER ENGEL | Abendlob zum Patronatsfest St. Michael, Trier-Mariahof | Sonntag, 29.09.24 | Ehrung langj\u00e4hriger S\u00e4ngerinnen und S\u00e4nger der Chorgemeinschaft Heiligkreuz: 5, 10, 25, 45, 50 und 65 Jahre Singen im Kirchenchor\" rel=\"\" target=\"\" href=\"https:\/\/burkhard-puetz.de\/wp-content\/uploads\/2024\/10\/Chorgemeinschaft-Heiligkreuz-Abendlob-St.-Michael-29.09.24-5.jpg\"> <div class=\"pb-overlay\" style=\"\"> <div class=\"pb-caption-bottom\"> <span class=\"pb-description pb-caption-left\" style=\"\">MUSIK DER ENGEL | Abendlob zum Patronatsfest St. Michael, Trier-Mariahof | Sonntag, 29.09.24 | Ehrung langj\u00e4hriger S\u00e4ngerinnen und S\u00e4nger der Chorgemeinschaft Heiligkreuz: 5, 10, 25, 45, 50 und 65 Jahre Singen im Kirchenchor<\/span> <\/div> <\/div> <\/a> <\/div> <div class=\"pb-block with-text with-social-or-text pb-landscape pb-width pb-type-image \" style=\"\" data-colspan=\"1\" data-rowspan=\"1\" data-col=\"0\" data-row=\"12\" data-valign=\"center\" data-halign=\"center\" data-type=\"image\" data-ratio=\"1.4496036240091\"> <img decoding=\"async\" class=\"pb-image skip-lazy \" src=\"data:image\/png;base64,iVBORw0KGgoAAAANSUhEUgAAAAEAAAABCAYAAAAfFcSJAAAADUlEQVR42mNkYPhfDwAChwGA60e6kgAAAABJRU5ErkJggg==\" data-pb-source=\"https:\/\/burkhard-puetz.de\/wp-content\/uploads\/2024\/10\/Chorgemeinschaft-Heiligkreuz-Abendlob-St.-Michael-29.09.24-6.jpg\" alt=\"MUSIK DER ENGEL | Abendlob zum Patronatsfest St. Michael, Trier-Mariahof | Sonntag, 29.09.24 | Ehrung langj\u00e4hriger S\u00e4ngerinnen und S\u00e4nger der Chorgemeinschaft Heiligkreuz: 5, 10, 25, 45, 50 und 65 Jahre Singen im Kirchenchor\"> <noscript><img decoding=\"async\" src=\"https:\/\/burkhard-puetz.de\/wp-content\/uploads\/2024\/10\/Chorgemeinschaft-Heiligkreuz-Abendlob-St.-Michael-29.09.24-6.jpg\" alt=\"MUSIK DER ENGEL | Abendlob zum Patronatsfest St. Michael, Trier-Mariahof | Sonntag, 29.09.24 | Ehrung langj\u00e4hriger S\u00e4ngerinnen und S\u00e4nger der Chorgemeinschaft Heiligkreuz: 5, 10, 25, 45, 50 und 65 Jahre Singen im Kirchenchor\"><\/noscript> <a class=\"pb-link \" data-magnific=\"gallery-14\" data-caption=\"MUSIK DER ENGEL | Abendlob zum Patronatsfest St. Michael, Trier-Mariahof | Sonntag, 29.09.24 | Ehrung langj\u00e4hriger S\u00e4ngerinnen und S\u00e4nger der Chorgemeinschaft Heiligkreuz: 5, 10, 25, 45, 50 und 65 Jahre Singen im Kirchenchor\" rel=\"\" target=\"\" href=\"https:\/\/burkhard-puetz.de\/wp-content\/uploads\/2024\/10\/Chorgemeinschaft-Heiligkreuz-Abendlob-St.-Michael-29.09.24-6.jpg\"> <div class=\"pb-overlay\" style=\"\"> <div class=\"pb-caption-bottom\"> <span class=\"pb-description pb-caption-left\" style=\"\">MUSIK DER ENGEL | Abendlob zum Patronatsfest St. Michael, Trier-Mariahof | Sonntag, 29.09.24 | Ehrung langj\u00e4hriger S\u00e4ngerinnen und S\u00e4nger der Chorgemeinschaft Heiligkreuz: 5, 10, 25, 45, 50 und 65 Jahre Singen im Kirchenchor<\/span> <\/div> <\/div> <\/a> <\/div> <div class=\"pb-block with-text with-social-or-text pb-landscape pb-width pb-type-image \" style=\"\" data-colspan=\"1\" data-rowspan=\"1\" data-col=\"1\" data-row=\"12\" data-valign=\"center\" data-halign=\"center\" data-type=\"image\" data-ratio=\"1.6745329400197\"> <img decoding=\"async\" class=\"pb-image skip-lazy \" src=\"data:image\/png;base64,iVBORw0KGgoAAAANSUhEUgAAAAEAAAABCAYAAAAfFcSJAAAADUlEQVR42mNkYPhfDwAChwGA60e6kgAAAABJRU5ErkJggg==\" data-pb-source=\"https:\/\/burkhardpuetz-i6psyu9my.live-website.com\/wp-content\/uploads\/2024\/08\/DSC_7877ab-Klein.jpg\" alt=\"Die Chorgemeinschaft Heiligkreuz 2024 in der Pfarrkirche Heiligkreuz, Trier\"> <noscript><img decoding=\"async\" src=\"https:\/\/burkhardpuetz-i6psyu9my.live-website.com\/wp-content\/uploads\/2024\/08\/DSC_7877ab-Klein.jpg\" alt=\"Die Chorgemeinschaft Heiligkreuz 2024 in der Pfarrkirche Heiligkreuz, Trier\"><\/noscript> <a class=\"pb-link \" data-magnific=\"gallery-14\" data-caption=\"Die Chorgemeinschaft Heiligkreuz 2024 in der Pfarrkirche Heiligkreuz, Trier\" rel=\"\" target=\"\" href=\"https:\/\/burkhard-puetz.de\/wp-content\/uploads\/2024\/08\/DSC_7877ab-Klein.jpg\"> <div class=\"pb-overlay\" style=\"\"> <div class=\"pb-caption-bottom\"> <span class=\"pb-description pb-caption-left\" style=\"\">Die Chorgemeinschaft Heiligkreuz 2024 in der Pfarrkirche Heiligkreuz, Trier<\/span> <\/div> <\/div> <\/a> <\/div> <div class=\"pb-block with-text with-social-or-text pb-landscape pb-width pb-type-image \" style=\"\" data-colspan=\"1\" data-rowspan=\"1\" data-col=\"2\" data-row=\"12\" data-valign=\"center\" data-halign=\"center\" data-type=\"image\" data-ratio=\"1.6699029126214\"> <img decoding=\"async\" class=\"pb-image skip-lazy \" src=\"data:image\/png;base64,iVBORw0KGgoAAAANSUhEUgAAAAEAAAABCAYAAAAfFcSJAAAADUlEQVR42mNkYPhfDwAChwGA60e6kgAAAABJRU5ErkJggg==\" data-pb-source=\"https:\/\/burkhardpuetz-i6psyu9my.live-website.com\/wp-content\/uploads\/2024\/08\/DSC_7873ab.jpg\" alt=\"Die Chorgemeinschaft Heiligkreuz 2024 in der Pfarrkirche Heiligkreuz, Trier\"> <noscript><img decoding=\"async\" src=\"https:\/\/burkhardpuetz-i6psyu9my.live-website.com\/wp-content\/uploads\/2024\/08\/DSC_7873ab.jpg\" alt=\"Die Chorgemeinschaft Heiligkreuz 2024 in der Pfarrkirche Heiligkreuz, Trier\"><\/noscript> <a class=\"pb-link \" data-magnific=\"gallery-14\" data-caption=\"Die Chorgemeinschaft Heiligkreuz 2024 in der Pfarrkirche Heiligkreuz, Trier\" rel=\"\" target=\"\" href=\"https:\/\/burkhard-puetz.de\/wp-content\/uploads\/2024\/08\/DSC_7873ab.jpg\"> <div class=\"pb-overlay\" style=\"\"> <div class=\"pb-caption-bottom\"> <span class=\"pb-description pb-caption-left\" style=\"\">Die Chorgemeinschaft Heiligkreuz 2024 in der Pfarrkirche Heiligkreuz, Trier<\/span> <\/div> <\/div> <\/a> <\/div> <div class=\"pb-block with-text with-social-or-text pb-landscape pb-width pb-type-image \" style=\"\" data-colspan=\"1\" data-rowspan=\"1\" data-col=\"3\" data-row=\"12\" data-valign=\"center\" data-halign=\"center\" data-type=\"image\" data-ratio=\"1.4739292364991\"> <img decoding=\"async\" class=\"pb-image skip-lazy \" src=\"data:image\/png;base64,iVBORw0KGgoAAAANSUhEUgAAAAEAAAABCAYAAAAfFcSJAAAADUlEQVR42mNkYPhfDwAChwGA60e6kgAAAABJRU5ErkJggg==\" data-pb-source=\"https:\/\/burkhardpuetz-i6psyu9my.live-website.com\/wp-content\/uploads\/2024\/08\/Fronleichnam-30.05.24.jpg\" alt=\"Die Chorgemeinschaft Heiligkreuz Trier (Ferienchor) an Fronleichnam, 30. Mai 2024 | Chorwerke von J. F. Doppelbauer, K. Fischbach, H. M. Lonquich und G. Kirbye | Wortgottesdienst am Mattheiser Weiher (zusammen mit dem Musikverein Trier-Feyen und Gabriel Moll, E-Piano), anschlie\u00dfend witterungsbedingt Eucharistiefeier, Te Deum und sakramentaler Schlusssegen in der Pfarrkirche St. Maternus\"> <noscript><img decoding=\"async\" src=\"https:\/\/burkhardpuetz-i6psyu9my.live-website.com\/wp-content\/uploads\/2024\/08\/Fronleichnam-30.05.24.jpg\" alt=\"Die Chorgemeinschaft Heiligkreuz Trier (Ferienchor) an Fronleichnam, 30. Mai 2024 | Chorwerke von J. F. Doppelbauer, K. Fischbach, H. M. Lonquich und G. Kirbye | Wortgottesdienst am Mattheiser Weiher (zusammen mit dem Musikverein Trier-Feyen und Gabriel Moll, E-Piano), anschlie\u00dfend witterungsbedingt Eucharistiefeier, Te Deum und sakramentaler Schlusssegen in der Pfarrkirche St. Maternus\"><\/noscript> <a class=\"pb-link \" data-magnific=\"gallery-14\" data-caption=\"Die Chorgemeinschaft Heiligkreuz Trier (Ferienchor) an Fronleichnam, 30. Mai 2024 | Chorwerke von J. F. Doppelbauer, K. Fischbach, H. M. Lonquich und G. Kirbye | Wortgottesdienst am Mattheiser Weiher (zusammen mit dem Musikverein Trier-Feyen und Gabriel Moll, E-Piano), anschlie\u00dfend witterungsbedingt Eucharistiefeier, Te Deum und sakramentaler Schlusssegen in der Pfarrkirche St. Maternus\" rel=\"\" target=\"\" href=\"https:\/\/burkhard-puetz.de\/wp-content\/uploads\/2024\/08\/Fronleichnam-30.05.24.jpg\"> <div class=\"pb-overlay\" style=\"\"> <div class=\"pb-caption-bottom\"> <span class=\"pb-description pb-caption-left\" style=\"\">Die Chorgemeinschaft Heiligkreuz Trier (Ferienchor) an Fronleichnam, 30. Mai 2024 | Chorwerke von J. F. Doppelbauer, K. Fischbach, H. M. Lonquich und G. Kirbye | Wortgottesdienst am Mattheiser Weiher (zusammen mit dem Musikverein Trier-Feyen und Gabriel Moll, E-Piano), anschlie\u00dfend witterungsbedingt Eucharistiefeier, Te Deum und sakramentaler Schlusssegen in der Pfarrkirche St. Maternus<\/span> <\/div> <\/div> <\/a> <\/div> <div class=\"pb-block with-text with-social-or-text pb-portrait pb-height pb-type-image \" style=\"\" data-colspan=\"1\" data-rowspan=\"1\" data-col=\"0\" data-row=\"13\" data-valign=\"center\" data-halign=\"center\" data-type=\"image\" data-ratio=\"0.69236641221374\"> <img decoding=\"async\" class=\"pb-image skip-lazy \" src=\"data:image\/png;base64,iVBORw0KGgoAAAANSUhEUgAAAAEAAAABCAYAAAAfFcSJAAAADUlEQVR42mNkYPhfDwAChwGA60e6kgAAAABJRU5ErkJggg==\" data-pb-source=\"https:\/\/burkhardpuetz-i6psyu9my.live-website.com\/wp-content\/uploads\/2024\/08\/Junge-Herren-der-Chorgemeinschaft-Heiligkreuz-Trier-Pfingsthochamt-19.05.24.jpg\" alt=\"Junge Herren der Chorgemeinschaft Heiligkreuz (Ferienbesetzung) | Pfingsthochamt 19.05.24 Pfarrkirche Heiligkreuz Trier | Gregorianischer Choral &#039;Spiritus Domini&#039; vom Tag | Burkhard P\u00fctz: Vokalkompositionen f\u00fcr M\u00e4nnerstimmen und Orgel \u2013 Komm, Heiliger Geist | Atme in uns, Heiliger Geist | Der Geist des Herrn erf\u00fcllt das All u. a.\"> <noscript><img decoding=\"async\" src=\"https:\/\/burkhardpuetz-i6psyu9my.live-website.com\/wp-content\/uploads\/2024\/08\/Junge-Herren-der-Chorgemeinschaft-Heiligkreuz-Trier-Pfingsthochamt-19.05.24.jpg\" alt=\"Junge Herren der Chorgemeinschaft Heiligkreuz (Ferienbesetzung) | Pfingsthochamt 19.05.24 Pfarrkirche Heiligkreuz Trier | Gregorianischer Choral &#039;Spiritus Domini&#039; vom Tag | Burkhard P\u00fctz: Vokalkompositionen f\u00fcr M\u00e4nnerstimmen und Orgel \u2013 Komm, Heiliger Geist | Atme in uns, Heiliger Geist | Der Geist des Herrn erf\u00fcllt das All u. a.\"><\/noscript> <a class=\"pb-link \" data-magnific=\"gallery-14\" data-caption=\"Junge Herren der Chorgemeinschaft Heiligkreuz (Ferienbesetzung) | Pfingsthochamt 19.05.24 Pfarrkirche Heiligkreuz Trier | Gregorianischer Choral 'Spiritus Domini' vom Tag | Burkhard P\u00fctz: Vokalkompositionen f\u00fcr M\u00e4nnerstimmen und Orgel \u2013 Komm, Heiliger Geist | Atme in uns, Heiliger Geist | Der Geist des Herrn erf\u00fcllt das All u. a.\" rel=\"\" target=\"\" href=\"https:\/\/burkhard-puetz.de\/wp-content\/uploads\/2024\/08\/Junge-Herren-der-Chorgemeinschaft-Heiligkreuz-Trier-Pfingsthochamt-19.05.24.jpg\"> <div class=\"pb-overlay\" style=\"\"> <div class=\"pb-caption-bottom\"> <span class=\"pb-description pb-caption-left\" style=\"\">Junge Herren der Chorgemeinschaft Heiligkreuz (Ferienbesetzung) | Pfingsthochamt 19.05.24 Pfarrkirche Heiligkreuz Trier | Gregorianischer Choral 'Spiritus Domini' vom Tag | Burkhard P\u00fctz: Vokalkompositionen f\u00fcr M\u00e4nnerstimmen und Orgel \u2013 Komm, Heiliger Geist | Atme in uns, Heiliger Geist | Der Geist des Herrn erf\u00fcllt das All u. a.<\/span> <\/div> <\/div> <\/a> <\/div> <div class=\"pb-block with-text with-social-or-text pb-landscape pb-width pb-type-image \" style=\"\" data-colspan=\"1\" data-rowspan=\"1\" data-col=\"1\" data-row=\"13\" data-valign=\"center\" data-halign=\"center\" data-type=\"image\" data-ratio=\"1.4208633093525\"> <img decoding=\"async\" class=\"pb-image skip-lazy \" src=\"data:image\/png;base64,iVBORw0KGgoAAAANSUhEUgAAAAEAAAABCAYAAAAfFcSJAAAADUlEQVR42mNkYPhfDwAChwGA60e6kgAAAABJRU5ErkJggg==\" data-pb-source=\"https:\/\/burkhardpuetz-i6psyu9my.live-website.com\/wp-content\/uploads\/2024\/08\/Ausflug-Chorgemeinschaft-Heiligkreuz-nach-Koeln-04.05.24.jpg\" alt=\"Ausflug der Chorgemeinschaft Heiligkreuz Trier nach K\u00f6ln am 4. Mai 2024 (Zwei mitgereiste Chormitglieder fehlen auf dem Foto)\"> <noscript><img decoding=\"async\" src=\"https:\/\/burkhardpuetz-i6psyu9my.live-website.com\/wp-content\/uploads\/2024\/08\/Ausflug-Chorgemeinschaft-Heiligkreuz-nach-Koeln-04.05.24.jpg\" alt=\"Ausflug der Chorgemeinschaft Heiligkreuz Trier nach K\u00f6ln am 4. Mai 2024 (Zwei mitgereiste Chormitglieder fehlen auf dem Foto)\"><\/noscript> <a class=\"pb-link \" data-magnific=\"gallery-14\" data-caption=\"Ausflug der Chorgemeinschaft Heiligkreuz Trier nach K\u00f6ln am 4. Mai 2024 (Zwei mitgereiste Chormitglieder fehlen auf dem Foto)\" rel=\"\" target=\"\" href=\"https:\/\/burkhard-puetz.de\/wp-content\/uploads\/2024\/08\/Ausflug-Chorgemeinschaft-Heiligkreuz-nach-Koeln-04.05.24.jpg\"> <div class=\"pb-overlay\" style=\"\"> <div class=\"pb-caption-bottom\"> <span class=\"pb-description pb-caption-left\" style=\"\">Ausflug der Chorgemeinschaft Heiligkreuz Trier nach K\u00f6ln am 4. Mai 2024 (Zwei mitgereiste Chormitglieder fehlen auf dem Foto)<\/span> <\/div> <\/div> <\/a> <\/div> <div class=\"pb-block with-text with-social-or-text pb-landscape pb-width pb-type-image \" style=\"\" data-colspan=\"1\" data-rowspan=\"1\" data-col=\"2\" data-row=\"13\" data-valign=\"center\" data-halign=\"center\" data-type=\"image\" data-ratio=\"1.7777777777778\"> <img decoding=\"async\" class=\"pb-image skip-lazy \" src=\"data:image\/png;base64,iVBORw0KGgoAAAANSUhEUgAAAAEAAAABCAYAAAAfFcSJAAAADUlEQVR42mNkYPhfDwAChwGA60e6kgAAAABJRU5ErkJggg==\" data-pb-source=\"https:\/\/burkhardpuetz-i6psyu9my.live-website.com\/wp-content\/uploads\/2024\/08\/Chorgemeinschaft-Trier-Heiligkreuz-Die-Saengerinnen-und-Saenger-des-Osterhochamtes-31.04.24.jpg\" alt=\"Chorgemeinschaft Heiligkreuz | Die Mitwirkenden beim Festhochamt am Ostersonntag, 31.03.24 in der Pfarrkirche St. Michael, Trier-Mariahof | Charles Gounod: Messe br\u00e8ve no. 7 en do majeur | C\u00e9sar Franck: Dextera Domini FWV 65 u. a.\"> <noscript><img decoding=\"async\" src=\"https:\/\/burkhardpuetz-i6psyu9my.live-website.com\/wp-content\/uploads\/2024\/08\/Chorgemeinschaft-Trier-Heiligkreuz-Die-Saengerinnen-und-Saenger-des-Osterhochamtes-31.04.24.jpg\" alt=\"Chorgemeinschaft Heiligkreuz | Die Mitwirkenden beim Festhochamt am Ostersonntag, 31.03.24 in der Pfarrkirche St. Michael, Trier-Mariahof | Charles Gounod: Messe br\u00e8ve no. 7 en do majeur | C\u00e9sar Franck: Dextera Domini FWV 65 u. a.\"><\/noscript> <a class=\"pb-link \" data-magnific=\"gallery-14\" data-caption=\"Chorgemeinschaft Heiligkreuz | Die Mitwirkenden beim Festhochamt am Ostersonntag, 31.03.24 in der Pfarrkirche St. Michael, Trier-Mariahof | Charles Gounod: Messe br\u00e8ve no. 7 en do majeur | C\u00e9sar Franck: Dextera Domini FWV 65 u. a.\" rel=\"\" target=\"\" href=\"https:\/\/burkhard-puetz.de\/wp-content\/uploads\/2024\/08\/Chorgemeinschaft-Trier-Heiligkreuz-Die-Saengerinnen-und-Saenger-des-Osterhochamtes-31.04.24.jpg\"> <div class=\"pb-overlay\" style=\"\"> <div class=\"pb-caption-bottom\"> <span class=\"pb-description pb-caption-left\" style=\"\">Chorgemeinschaft Heiligkreuz | Die Mitwirkenden beim Festhochamt am Ostersonntag, 31.03.24 in der Pfarrkirche St. Michael, Trier-Mariahof | Charles Gounod: Messe br\u00e8ve no. 7 en do majeur | C\u00e9sar Franck: Dextera Domini FWV 65 u. a.<\/span> <\/div> <\/div> <\/a> <\/div> <div class=\"pb-block with-text with-social-or-text pb-landscape pb-width pb-type-image \" style=\"\" data-colspan=\"1\" data-rowspan=\"1\" data-col=\"3\" data-row=\"13\" data-valign=\"center\" data-halign=\"center\" data-type=\"image\" data-ratio=\"1.5037593984962\"> <img decoding=\"async\" class=\"pb-image skip-lazy \" src=\"data:image\/png;base64,iVBORw0KGgoAAAANSUhEUgAAAAEAAAABCAYAAAAfFcSJAAAADUlEQVR42mNkYPhfDwAChwGA60e6kgAAAABJRU5ErkJggg==\" data-pb-source=\"https:\/\/burkhardpuetz-i6psyu9my.live-website.com\/wp-content\/uploads\/2024\/08\/IMG_3114.JPG_298794401.jpg\" alt=\"\u00d6kumenischer Gottesdienst Bu\u00df- und Bettag 22.11.23 in der Konstantin-Basilika Trier | H. Sch\u00fctz: Aus tiefer Not schrei ich zu dir | G. Faur\u00e9: Cantique de Jean Racine op. 11 | A. Snyder: Ubi caritas | Ch. H. H. Parry: Jerusalem - &#039;Du h\u00f6chstes Licht&#039; (Bearbeitung: B. P\u00fctz) | Chors\u00e4tze von Chr. Lahusen, J. Berthier, H. Peter u. a. | Chorgemeinschaft Heiligkreuz Trier | KMD M. Bambauer, Orgel | Ltg.: Dekanatskantor B. P\u00fctz\"> <noscript><img decoding=\"async\" src=\"https:\/\/burkhardpuetz-i6psyu9my.live-website.com\/wp-content\/uploads\/2024\/08\/IMG_3114.JPG_298794401.jpg\" alt=\"\u00d6kumenischer Gottesdienst Bu\u00df- und Bettag 22.11.23 in der Konstantin-Basilika Trier | H. Sch\u00fctz: Aus tiefer Not schrei ich zu dir | G. Faur\u00e9: Cantique de Jean Racine op. 11 | A. Snyder: Ubi caritas | Ch. H. H. Parry: Jerusalem - &#039;Du h\u00f6chstes Licht&#039; (Bearbeitung: B. P\u00fctz) | Chors\u00e4tze von Chr. Lahusen, J. Berthier, H. Peter u. a. | Chorgemeinschaft Heiligkreuz Trier | KMD M. Bambauer, Orgel | Ltg.: Dekanatskantor B. P\u00fctz\"><\/noscript> <a class=\"pb-link \" data-magnific=\"gallery-14\" data-caption=\"\u00d6kumenischer Gottesdienst Bu\u00df- und Bettag 22.11.23 in der Konstantin-Basilika Trier | H. Sch\u00fctz: Aus tiefer Not schrei ich zu dir | G. Faur\u00e9: Cantique de Jean Racine op. 11 | A. Snyder: Ubi caritas | Ch. H. H. Parry: Jerusalem - 'Du h\u00f6chstes Licht' (Bearbeitung: B. P\u00fctz) | Chors\u00e4tze von Chr. Lahusen, J. Berthier, H. Peter u. a. | Chorgemeinschaft Heiligkreuz Trier | KMD M. Bambauer, Orgel | Ltg.: Dekanatskantor B. P\u00fctz\" rel=\"\" target=\"\" href=\"https:\/\/burkhard-puetz.de\/wp-content\/uploads\/2024\/08\/IMG_3114.JPG_298794401.jpg\"> <div class=\"pb-overlay\" style=\"\"> <div class=\"pb-caption-bottom\"> <span class=\"pb-description pb-caption-left\" style=\"\">\u00d6kumenischer Gottesdienst Bu\u00df- und Bettag 22.11.23 in der Konstantin-Basilika Trier | H. Sch\u00fctz: Aus tiefer Not schrei ich zu dir | G. Faur\u00e9: Cantique de Jean Racine op. 11 | A. Snyder: Ubi caritas | Ch. H. H. Parry: Jerusalem - 'Du h\u00f6chstes Licht' (Bearbeitung: B. P\u00fctz) | Chors\u00e4tze von Chr. Lahusen, J. Berthier, H. Peter u. a. | Chorgemeinschaft Heiligkreuz Trier | KMD M. Bambauer, Orgel | Ltg.: Dekanatskantor B. P\u00fctz<\/span> <\/div> <\/div> <\/a> <\/div> <div class=\"pb-block with-text with-social-or-text pb-landscape pb-width pb-type-image \" style=\"\" data-colspan=\"1\" data-rowspan=\"1\" data-col=\"0\" data-row=\"14\" data-valign=\"center\" data-halign=\"center\" data-type=\"image\" data-ratio=\"1.5037593984962\"> <img decoding=\"async\" class=\"pb-image skip-lazy \" src=\"data:image\/png;base64,iVBORw0KGgoAAAANSUhEUgAAAAEAAAABCAYAAAAfFcSJAAAADUlEQVR42mNkYPhfDwAChwGA60e6kgAAAABJRU5ErkJggg==\" data-pb-source=\"https:\/\/burkhardpuetz-i6psyu9my.live-website.com\/wp-content\/uploads\/2024\/08\/IMG_3119.JPG_298794401.jpg\" alt=\"\u00d6kumenischer Gottesdienst Bu\u00df- und Bettag 22.11.23 in der Konstantin-Basilika Trier | H. Sch\u00fctz: Aus tiefer Not schrei ich zu dir | G. Faur\u00e9: Cantique de Jean Racine op. 11 | A. Snyder: Ubi caritas | Ch. H. H. Parry: Jerusalem - &#039;Du h\u00f6chstes Licht&#039; (Bearbeitung: B. P\u00fctz) | Chors\u00e4tze von Chr. Lahusen, J. Berthier, H. Peter u. a. | Chorgemeinschaft Heiligkreuz Trier | KMD M. Bambauer, Orgel | Ltg.: Dekanatskantor B. P\u00fctz\"> <noscript><img decoding=\"async\" src=\"https:\/\/burkhardpuetz-i6psyu9my.live-website.com\/wp-content\/uploads\/2024\/08\/IMG_3119.JPG_298794401.jpg\" alt=\"\u00d6kumenischer Gottesdienst Bu\u00df- und Bettag 22.11.23 in der Konstantin-Basilika Trier | H. Sch\u00fctz: Aus tiefer Not schrei ich zu dir | G. Faur\u00e9: Cantique de Jean Racine op. 11 | A. Snyder: Ubi caritas | Ch. H. H. Parry: Jerusalem - &#039;Du h\u00f6chstes Licht&#039; (Bearbeitung: B. P\u00fctz) | Chors\u00e4tze von Chr. Lahusen, J. Berthier, H. Peter u. a. | Chorgemeinschaft Heiligkreuz Trier | KMD M. Bambauer, Orgel | Ltg.: Dekanatskantor B. P\u00fctz\"><\/noscript> <a class=\"pb-link \" data-magnific=\"gallery-14\" data-caption=\"\u00d6kumenischer Gottesdienst Bu\u00df- und Bettag 22.11.23 in der Konstantin-Basilika Trier | H. Sch\u00fctz: Aus tiefer Not schrei ich zu dir | G. Faur\u00e9: Cantique de Jean Racine op. 11 | A. Snyder: Ubi caritas | Ch. H. H. Parry: Jerusalem - 'Du h\u00f6chstes Licht' (Bearbeitung: B. P\u00fctz) | Chors\u00e4tze von Chr. Lahusen, J. Berthier, H. Peter u. a. | Chorgemeinschaft Heiligkreuz Trier | KMD M. Bambauer, Orgel | Ltg.: Dekanatskantor B. P\u00fctz\" rel=\"\" target=\"\" href=\"https:\/\/burkhard-puetz.de\/wp-content\/uploads\/2024\/08\/IMG_3119.JPG_298794401.jpg\"> <div class=\"pb-overlay\" style=\"\"> <div class=\"pb-caption-bottom\"> <span class=\"pb-description pb-caption-left\" style=\"\">\u00d6kumenischer Gottesdienst Bu\u00df- und Bettag 22.11.23 in der Konstantin-Basilika Trier | H. Sch\u00fctz: Aus tiefer Not schrei ich zu dir | G. Faur\u00e9: Cantique de Jean Racine op. 11 | A. Snyder: Ubi caritas | Ch. H. H. Parry: Jerusalem - 'Du h\u00f6chstes Licht' (Bearbeitung: B. P\u00fctz) | Chors\u00e4tze von Chr. Lahusen, J. Berthier, H. Peter u. a. | Chorgemeinschaft Heiligkreuz Trier | KMD M. Bambauer, Orgel | Ltg.: Dekanatskantor B. P\u00fctz<\/span> <\/div> <\/div> <\/a> <\/div> <div class=\"pb-block with-text with-social-or-text pb-landscape pb-width pb-type-image \" style=\"\" data-colspan=\"1\" data-rowspan=\"1\" data-col=\"1\" data-row=\"14\" data-valign=\"center\" data-halign=\"center\" data-type=\"image\" data-ratio=\"1.5037593984962\"> <img decoding=\"async\" class=\"pb-image skip-lazy \" src=\"data:image\/png;base64,iVBORw0KGgoAAAANSUhEUgAAAAEAAAABCAYAAAAfFcSJAAAADUlEQVR42mNkYPhfDwAChwGA60e6kgAAAABJRU5ErkJggg==\" data-pb-source=\"https:\/\/burkhardpuetz-i6psyu9my.live-website.com\/wp-content\/uploads\/2024\/08\/IMG_3121.JPG_298794401.jpg\" alt=\"\u00d6kumenischer Gottesdienst Bu\u00df- und Bettag 22.11.23 in der Konstantin-Basilika Trier | H. Sch\u00fctz: Aus tiefer Not schrei ich zu dir | G. Faur\u00e9: Cantique de Jean Racine op. 11 | A. Snyder: Ubi caritas | Ch. H. H. Parry: Jerusalem - &#039;Du h\u00f6chstes Licht&#039; (Bearbeitung: B. P\u00fctz) | Chors\u00e4tze von Chr. Lahusen, J. Berthier, H. Peter u. a. | Chorgemeinschaft Heiligkreuz Trier | KMD M. Bambauer, Orgel | Ltg.: Dekanatskantor B. P\u00fctz\"> <noscript><img decoding=\"async\" src=\"https:\/\/burkhardpuetz-i6psyu9my.live-website.com\/wp-content\/uploads\/2024\/08\/IMG_3121.JPG_298794401.jpg\" alt=\"\u00d6kumenischer Gottesdienst Bu\u00df- und Bettag 22.11.23 in der Konstantin-Basilika Trier | H. Sch\u00fctz: Aus tiefer Not schrei ich zu dir | G. Faur\u00e9: Cantique de Jean Racine op. 11 | A. Snyder: Ubi caritas | Ch. H. H. Parry: Jerusalem - &#039;Du h\u00f6chstes Licht&#039; (Bearbeitung: B. P\u00fctz) | Chors\u00e4tze von Chr. Lahusen, J. Berthier, H. Peter u. a. | Chorgemeinschaft Heiligkreuz Trier | KMD M. Bambauer, Orgel | Ltg.: Dekanatskantor B. P\u00fctz\"><\/noscript> <a class=\"pb-link \" data-magnific=\"gallery-14\" data-caption=\"\u00d6kumenischer Gottesdienst Bu\u00df- und Bettag 22.11.23 in der Konstantin-Basilika Trier | H. Sch\u00fctz: Aus tiefer Not schrei ich zu dir | G. Faur\u00e9: Cantique de Jean Racine op. 11 | A. Snyder: Ubi caritas | Ch. H. H. Parry: Jerusalem - 'Du h\u00f6chstes Licht' (Bearbeitung: B. P\u00fctz) | Chors\u00e4tze von Chr. Lahusen, J. Berthier, H. Peter u. a. | Chorgemeinschaft Heiligkreuz Trier | KMD M. Bambauer, Orgel | Ltg.: Dekanatskantor B. P\u00fctz\" rel=\"\" target=\"\" href=\"https:\/\/burkhard-puetz.de\/wp-content\/uploads\/2024\/08\/IMG_3121.JPG_298794401.jpg\"> <div class=\"pb-overlay\" style=\"\"> <div class=\"pb-caption-bottom\"> <span class=\"pb-description pb-caption-left\" style=\"\">\u00d6kumenischer Gottesdienst Bu\u00df- und Bettag 22.11.23 in der Konstantin-Basilika Trier | H. Sch\u00fctz: Aus tiefer Not schrei ich zu dir | G. Faur\u00e9: Cantique de Jean Racine op. 11 | A. Snyder: Ubi caritas | Ch. H. H. Parry: Jerusalem - 'Du h\u00f6chstes Licht' (Bearbeitung: B. P\u00fctz) | Chors\u00e4tze von Chr. Lahusen, J. Berthier, H. Peter u. a. | Chorgemeinschaft Heiligkreuz Trier | KMD M. Bambauer, Orgel | Ltg.: Dekanatskantor B. P\u00fctz<\/span> <\/div> <\/div> <\/a> <\/div> <div class=\"pb-block with-text with-social-or-text pb-landscape pb-width pb-type-image \" style=\"\" data-colspan=\"1\" data-rowspan=\"1\" data-col=\"2\" data-row=\"14\" data-valign=\"center\" data-halign=\"center\" data-type=\"image\" data-ratio=\"1.5037593984962\"> <img decoding=\"async\" class=\"pb-image skip-lazy \" src=\"data:image\/png;base64,iVBORw0KGgoAAAANSUhEUgAAAAEAAAABCAYAAAAfFcSJAAAADUlEQVR42mNkYPhfDwAChwGA60e6kgAAAABJRU5ErkJggg==\" data-pb-source=\"https:\/\/burkhardpuetz-i6psyu9my.live-website.com\/wp-content\/uploads\/2024\/08\/IMG_3128.JPG_298794401.jpg\" alt=\"\u00d6kumenischer Gottesdienst Bu\u00df- und Bettag 22.11.23 in der Konstantin-Basilika Trier | H. Sch\u00fctz: Aus tiefer Not schrei ich zu dir | G. Faur\u00e9: Cantique de Jean Racine op. 11 | A. Snyder: Ubi caritas | Ch. H. H. Parry: Jerusalem - &#039;Du h\u00f6chstes Licht&#039; (Bearbeitung: B. P\u00fctz) | Chors\u00e4tze von Chr. Lahusen, J. Berthier, H. Peter u. a. | Chorgemeinschaft Heiligkreuz Trier | KMD M. Bambauer, Orgel | Ltg.: Dekanatskantor B. P\u00fctz\"> <noscript><img decoding=\"async\" src=\"https:\/\/burkhardpuetz-i6psyu9my.live-website.com\/wp-content\/uploads\/2024\/08\/IMG_3128.JPG_298794401.jpg\" alt=\"\u00d6kumenischer Gottesdienst Bu\u00df- und Bettag 22.11.23 in der Konstantin-Basilika Trier | H. Sch\u00fctz: Aus tiefer Not schrei ich zu dir | G. Faur\u00e9: Cantique de Jean Racine op. 11 | A. Snyder: Ubi caritas | Ch. H. H. Parry: Jerusalem - &#039;Du h\u00f6chstes Licht&#039; (Bearbeitung: B. P\u00fctz) | Chors\u00e4tze von Chr. Lahusen, J. Berthier, H. Peter u. a. | Chorgemeinschaft Heiligkreuz Trier | KMD M. Bambauer, Orgel | Ltg.: Dekanatskantor B. P\u00fctz\"><\/noscript> <a class=\"pb-link \" data-magnific=\"gallery-14\" data-caption=\"\u00d6kumenischer Gottesdienst Bu\u00df- und Bettag 22.11.23 in der Konstantin-Basilika Trier | H. Sch\u00fctz: Aus tiefer Not schrei ich zu dir | G. Faur\u00e9: Cantique de Jean Racine op. 11 | A. Snyder: Ubi caritas | Ch. H. H. Parry: Jerusalem - 'Du h\u00f6chstes Licht' (Bearbeitung: B. P\u00fctz) | Chors\u00e4tze von Chr. Lahusen, J. Berthier, H. Peter u. a. | Chorgemeinschaft Heiligkreuz Trier | KMD M. Bambauer, Orgel | Ltg.: Dekanatskantor B. P\u00fctz\" rel=\"\" target=\"\" href=\"https:\/\/burkhard-puetz.de\/wp-content\/uploads\/2024\/08\/IMG_3128.JPG_298794401.jpg\"> <div class=\"pb-overlay\" style=\"\"> <div class=\"pb-caption-bottom\"> <span class=\"pb-description pb-caption-left\" style=\"\">\u00d6kumenischer Gottesdienst Bu\u00df- und Bettag 22.11.23 in der Konstantin-Basilika Trier | H. Sch\u00fctz: Aus tiefer Not schrei ich zu dir | G. Faur\u00e9: Cantique de Jean Racine op. 11 | A. Snyder: Ubi caritas | Ch. H. H. Parry: Jerusalem - 'Du h\u00f6chstes Licht' (Bearbeitung: B. P\u00fctz) | Chors\u00e4tze von Chr. Lahusen, J. Berthier, H. Peter u. a. | Chorgemeinschaft Heiligkreuz Trier | KMD M. Bambauer, Orgel | Ltg.: Dekanatskantor B. P\u00fctz<\/span> <\/div> <\/div> <\/a> <\/div> <div class=\"pb-block with-text with-social-or-text pb-landscape pb-width pb-type-image \" style=\"\" data-colspan=\"1\" data-rowspan=\"1\" data-col=\"3\" data-row=\"14\" data-valign=\"center\" data-halign=\"center\" data-type=\"image\" data-ratio=\"1.5037593984962\"> <img decoding=\"async\" class=\"pb-image skip-lazy \" src=\"data:image\/png;base64,iVBORw0KGgoAAAANSUhEUgAAAAEAAAABCAYAAAAfFcSJAAAADUlEQVR42mNkYPhfDwAChwGA60e6kgAAAABJRU5ErkJggg==\" data-pb-source=\"https:\/\/burkhardpuetz-i6psyu9my.live-website.com\/wp-content\/uploads\/2024\/08\/IMG_3153.JPG_298794401.jpg\" alt=\"\u00d6kumenischer Gottesdienst Bu\u00df- und Bettag 22.11.23 in der Konstantin-Basilika Trier | H. Sch\u00fctz: Aus tiefer Not schrei ich zu dir | G. Faur\u00e9: Cantique de Jean Racine op. 11 | A. Snyder: Ubi caritas | Ch. H. H. Parry: Jerusalem - &#039;Du h\u00f6chstes Licht&#039; (Bearbeitung: B. P\u00fctz) | Chors\u00e4tze von Chr. Lahusen, J. Berthier, H. Peter u. a. | Chorgemeinschaft Heiligkreuz Trier | KMD M. Bambauer, Orgel | Ltg.: Dekanatskantor B. P\u00fctz\"> <noscript><img decoding=\"async\" src=\"https:\/\/burkhardpuetz-i6psyu9my.live-website.com\/wp-content\/uploads\/2024\/08\/IMG_3153.JPG_298794401.jpg\" alt=\"\u00d6kumenischer Gottesdienst Bu\u00df- und Bettag 22.11.23 in der Konstantin-Basilika Trier | H. Sch\u00fctz: Aus tiefer Not schrei ich zu dir | G. Faur\u00e9: Cantique de Jean Racine op. 11 | A. Snyder: Ubi caritas | Ch. H. H. Parry: Jerusalem - &#039;Du h\u00f6chstes Licht&#039; (Bearbeitung: B. P\u00fctz) | Chors\u00e4tze von Chr. Lahusen, J. Berthier, H. Peter u. a. | Chorgemeinschaft Heiligkreuz Trier | KMD M. Bambauer, Orgel | Ltg.: Dekanatskantor B. P\u00fctz\"><\/noscript> <a class=\"pb-link \" data-magnific=\"gallery-14\" data-caption=\"\u00d6kumenischer Gottesdienst Bu\u00df- und Bettag 22.11.23 in der Konstantin-Basilika Trier | H. Sch\u00fctz: Aus tiefer Not schrei ich zu dir | G. Faur\u00e9: Cantique de Jean Racine op. 11 | A. Snyder: Ubi caritas | Ch. H. H. Parry: Jerusalem - 'Du h\u00f6chstes Licht' (Bearbeitung: B. P\u00fctz) | Chors\u00e4tze von Chr. Lahusen, J. Berthier, H. Peter u. a. | Chorgemeinschaft Heiligkreuz Trier | KMD M. Bambauer, Orgel | Ltg.: Dekanatskantor B. P\u00fctz\" rel=\"\" target=\"\" href=\"https:\/\/burkhard-puetz.de\/wp-content\/uploads\/2024\/08\/IMG_3153.JPG_298794401.jpg\"> <div class=\"pb-overlay\" style=\"\"> <div class=\"pb-caption-bottom\"> <span class=\"pb-description pb-caption-left\" style=\"\">\u00d6kumenischer Gottesdienst Bu\u00df- und Bettag 22.11.23 in der Konstantin-Basilika Trier | H. Sch\u00fctz: Aus tiefer Not schrei ich zu dir | G. Faur\u00e9: Cantique de Jean Racine op. 11 | A. Snyder: Ubi caritas | Ch. H. H. Parry: Jerusalem - 'Du h\u00f6chstes Licht' (Bearbeitung: B. P\u00fctz) | Chors\u00e4tze von Chr. Lahusen, J. Berthier, H. Peter u. a. | Chorgemeinschaft Heiligkreuz Trier | KMD M. Bambauer, Orgel | Ltg.: Dekanatskantor B. P\u00fctz<\/span> <\/div> <\/div> <\/a> <\/div> <div class=\"pb-block with-text with-social-or-text pb-landscape pb-width pb-type-image \" style=\"\" data-colspan=\"1\" data-rowspan=\"1\" data-col=\"0\" data-row=\"15\" data-valign=\"center\" data-halign=\"center\" data-type=\"image\" data-ratio=\"1.4906832298137\"> <img decoding=\"async\" class=\"pb-image skip-lazy \" src=\"data:image\/png;base64,iVBORw0KGgoAAAANSUhEUgAAAAEAAAABCAYAAAAfFcSJAAAADUlEQVR42mNkYPhfDwAChwGA60e6kgAAAABJRU5ErkJggg==\" data-pb-source=\"https:\/\/burkhardpuetz-i6psyu9my.live-website.com\/wp-content\/uploads\/2024\/08\/Chorgemeinschaft-Trier-Heiligkreuz-Fahrt-Maastricht-13.05.23-1a.jpg\" alt=\"Ausflug der Chorgemeinschaft Heiligkreuz Trier nach Maastricht (NL) am 13. Mai 2023\"> <noscript><img decoding=\"async\" src=\"https:\/\/burkhardpuetz-i6psyu9my.live-website.com\/wp-content\/uploads\/2024\/08\/Chorgemeinschaft-Trier-Heiligkreuz-Fahrt-Maastricht-13.05.23-1a.jpg\" alt=\"Ausflug der Chorgemeinschaft Heiligkreuz Trier nach Maastricht (NL) am 13. Mai 2023\"><\/noscript> <a class=\"pb-link \" data-magnific=\"gallery-14\" data-caption=\"Ausflug der Chorgemeinschaft Heiligkreuz Trier nach Maastricht (NL) am 13. Mai 2023\" rel=\"\" target=\"\" href=\"https:\/\/burkhard-puetz.de\/wp-content\/uploads\/2024\/08\/Chorgemeinschaft-Trier-Heiligkreuz-Fahrt-Maastricht-13.05.23-1a.jpg\"> <div class=\"pb-overlay\" style=\"\"> <div class=\"pb-caption-bottom\"> <span class=\"pb-description pb-caption-left\" style=\"\">Ausflug der Chorgemeinschaft Heiligkreuz Trier nach Maastricht (NL) am 13. Mai 2023<\/span> <\/div> <\/div> <\/a> <\/div> <div class=\"pb-block with-text with-social-or-text pb-landscape pb-width pb-type-image \" style=\"\" data-colspan=\"1\" data-rowspan=\"1\" data-col=\"1\" data-row=\"15\" data-valign=\"center\" data-halign=\"center\" data-type=\"image\" data-ratio=\"1.3333333333333\"> <img decoding=\"async\" class=\"pb-image skip-lazy \" src=\"data:image\/png;base64,iVBORw0KGgoAAAANSUhEUgAAAAEAAAABCAYAAAAfFcSJAAAADUlEQVR42mNkYPhfDwAChwGA60e6kgAAAABJRU5ErkJggg==\" data-pb-source=\"https:\/\/burkhardpuetz-i6psyu9my.live-website.com\/wp-content\/uploads\/2024\/08\/Chorgemeinschaft-Trier-Heiligkreuz-Fahrt-Maastricht-13.05.23-1b.jpg\" alt=\"Ausflug der Chorgemeinschaft Heiligkreuz Trier nach Maastricht (NL) am 13. Mai 2023\"> <noscript><img decoding=\"async\" src=\"https:\/\/burkhardpuetz-i6psyu9my.live-website.com\/wp-content\/uploads\/2024\/08\/Chorgemeinschaft-Trier-Heiligkreuz-Fahrt-Maastricht-13.05.23-1b.jpg\" alt=\"Ausflug der Chorgemeinschaft Heiligkreuz Trier nach Maastricht (NL) am 13. Mai 2023\"><\/noscript> <a class=\"pb-link \" data-magnific=\"gallery-14\" data-caption=\"Ausflug der Chorgemeinschaft Heiligkreuz Trier nach Maastricht (NL) am 13. Mai 2023\" rel=\"\" target=\"\" href=\"https:\/\/burkhard-puetz.de\/wp-content\/uploads\/2024\/08\/Chorgemeinschaft-Trier-Heiligkreuz-Fahrt-Maastricht-13.05.23-1b.jpg\"> <div class=\"pb-overlay\" style=\"\"> <div class=\"pb-caption-bottom\"> <span class=\"pb-description pb-caption-left\" style=\"\">Ausflug der Chorgemeinschaft Heiligkreuz Trier nach Maastricht (NL) am 13. Mai 2023<\/span> <\/div> <\/div> <\/a> <\/div> <div class=\"pb-block with-text with-social-or-text pb-landscape pb-width pb-type-image \" style=\"\" data-colspan=\"1\" data-rowspan=\"1\" data-col=\"2\" data-row=\"15\" data-valign=\"center\" data-halign=\"center\" data-type=\"image\" data-ratio=\"1.3328434974284\"> <img decoding=\"async\" class=\"pb-image skip-lazy \" src=\"data:image\/png;base64,iVBORw0KGgoAAAANSUhEUgAAAAEAAAABCAYAAAAfFcSJAAAADUlEQVR42mNkYPhfDwAChwGA60e6kgAAAABJRU5ErkJggg==\" data-pb-source=\"https:\/\/burkhardpuetz-i6psyu9my.live-website.com\/wp-content\/uploads\/2024\/08\/Chorgemeinschaft-Trier-Heiligkreuz-Fahrt-Maastricht-13.05.23-2-Klein.jpg\" alt=\"Ausflug der Chorgemeinschaft Heiligkreuz Trier nach Maastricht (NL) am 13. Mai 2023 | Besichtigung Liebfrauenbasilika\"> <noscript><img decoding=\"async\" src=\"https:\/\/burkhardpuetz-i6psyu9my.live-website.com\/wp-content\/uploads\/2024\/08\/Chorgemeinschaft-Trier-Heiligkreuz-Fahrt-Maastricht-13.05.23-2-Klein.jpg\" alt=\"Ausflug der Chorgemeinschaft Heiligkreuz Trier nach Maastricht (NL) am 13. Mai 2023 | Besichtigung Liebfrauenbasilika\"><\/noscript> <a class=\"pb-link \" data-magnific=\"gallery-14\" data-caption=\"Ausflug der Chorgemeinschaft Heiligkreuz Trier nach Maastricht (NL) am 13. Mai 2023 | Besichtigung Liebfrauenbasilika\" rel=\"\" target=\"\" href=\"https:\/\/burkhard-puetz.de\/wp-content\/uploads\/2024\/08\/Chorgemeinschaft-Trier-Heiligkreuz-Fahrt-Maastricht-13.05.23-2-Klein.jpg\"> <div class=\"pb-overlay\" style=\"\"> <div class=\"pb-caption-bottom\"> <span class=\"pb-description pb-caption-left\" style=\"\">Ausflug der Chorgemeinschaft Heiligkreuz Trier nach Maastricht (NL) am 13. Mai 2023 | Besichtigung Liebfrauenbasilika<\/span> <\/div> <\/div> <\/a> <\/div> <div class=\"pb-block with-text with-social-or-text pb-landscape pb-width pb-type-image \" style=\"\" data-colspan=\"1\" data-rowspan=\"1\" data-col=\"3\" data-row=\"15\" data-valign=\"center\" data-halign=\"center\" data-type=\"image\" data-ratio=\"1.8998875140607\"> <img decoding=\"async\" class=\"pb-image skip-lazy \" src=\"data:image\/png;base64,iVBORw0KGgoAAAANSUhEUgAAAAEAAAABCAYAAAAfFcSJAAAADUlEQVR42mNkYPhfDwAChwGA60e6kgAAAABJRU5ErkJggg==\" data-pb-source=\"https:\/\/burkhardpuetz-i6psyu9my.live-website.com\/wp-content\/uploads\/2024\/08\/Chorgemeinschaft-Trier-Heiligkreuz-Fahrt-Maastricht-13.05.23-2a-Klein.jpg\" alt=\"Ausflug der Chorgemeinschaft Heiligkreuz Trier nach Maastricht (NL) am 13. Mai 2023 | F\u00fchrung in der Liebfrauenbasilika\"> <noscript><img decoding=\"async\" src=\"https:\/\/burkhardpuetz-i6psyu9my.live-website.com\/wp-content\/uploads\/2024\/08\/Chorgemeinschaft-Trier-Heiligkreuz-Fahrt-Maastricht-13.05.23-2a-Klein.jpg\" alt=\"Ausflug der Chorgemeinschaft Heiligkreuz Trier nach Maastricht (NL) am 13. Mai 2023 | F\u00fchrung in der Liebfrauenbasilika\"><\/noscript> <a class=\"pb-link \" data-magnific=\"gallery-14\" data-caption=\"Ausflug der Chorgemeinschaft Heiligkreuz Trier nach Maastricht (NL) am 13. Mai 2023 | F\u00fchrung in der Liebfrauenbasilika\" rel=\"\" target=\"\" href=\"https:\/\/burkhard-puetz.de\/wp-content\/uploads\/2024\/08\/Chorgemeinschaft-Trier-Heiligkreuz-Fahrt-Maastricht-13.05.23-2a-Klein.jpg\"> <div class=\"pb-overlay\" style=\"\"> <div class=\"pb-caption-bottom\"> <span class=\"pb-description pb-caption-left\" style=\"\">Ausflug der Chorgemeinschaft Heiligkreuz Trier nach Maastricht (NL) am 13. Mai 2023 | F\u00fchrung in der Liebfrauenbasilika<\/span> <\/div> <\/div> <\/a> <\/div> <div class=\"pb-block with-text with-social-or-text pb-landscape pb-width pb-type-image \" style=\"\" data-colspan=\"1\" data-rowspan=\"1\" data-col=\"0\" data-row=\"16\" data-valign=\"center\" data-halign=\"center\" data-type=\"image\" data-ratio=\"1.8996692392503\"> <img decoding=\"async\" class=\"pb-image skip-lazy \" src=\"data:image\/png;base64,iVBORw0KGgoAAAANSUhEUgAAAAEAAAABCAYAAAAfFcSJAAAADUlEQVR42mNkYPhfDwAChwGA60e6kgAAAABJRU5ErkJggg==\" data-pb-source=\"https:\/\/burkhardpuetz-i6psyu9my.live-website.com\/wp-content\/uploads\/2024\/08\/Chorgemeinschaft-Trier-Heiligkreuz-Fahrt-Maastricht-13.05.23-2b.jpg\" alt=\"Ausflug der Chorgemeinschaft Heiligkreuz Trier nach Maastricht (NL) am 13. Mai 2023 | F\u00fchrung in der Liebfrauenbasilika\"> <noscript><img decoding=\"async\" src=\"https:\/\/burkhardpuetz-i6psyu9my.live-website.com\/wp-content\/uploads\/2024\/08\/Chorgemeinschaft-Trier-Heiligkreuz-Fahrt-Maastricht-13.05.23-2b.jpg\" alt=\"Ausflug der Chorgemeinschaft Heiligkreuz Trier nach Maastricht (NL) am 13. Mai 2023 | F\u00fchrung in der Liebfrauenbasilika\"><\/noscript> <a class=\"pb-link \" data-magnific=\"gallery-14\" data-caption=\"Ausflug der Chorgemeinschaft Heiligkreuz Trier nach Maastricht (NL) am 13. Mai 2023 | F\u00fchrung in der Liebfrauenbasilika\" rel=\"\" target=\"\" href=\"https:\/\/burkhard-puetz.de\/wp-content\/uploads\/2024\/08\/Chorgemeinschaft-Trier-Heiligkreuz-Fahrt-Maastricht-13.05.23-2b.jpg\"> <div class=\"pb-overlay\" style=\"\"> <div class=\"pb-caption-bottom\"> <span class=\"pb-description pb-caption-left\" style=\"\">Ausflug der Chorgemeinschaft Heiligkreuz Trier nach Maastricht (NL) am 13. Mai 2023 | F\u00fchrung in der Liebfrauenbasilika<\/span> <\/div> <\/div> <\/a> <\/div> <div class=\"pb-block with-text with-social-or-text pb-landscape pb-width pb-type-image \" style=\"\" data-colspan=\"1\" data-rowspan=\"1\" data-col=\"1\" data-row=\"16\" data-valign=\"center\" data-halign=\"center\" data-type=\"image\" data-ratio=\"1.3327828241123\"> <img decoding=\"async\" class=\"pb-image skip-lazy \" src=\"data:image\/png;base64,iVBORw0KGgoAAAANSUhEUgAAAAEAAAABCAYAAAAfFcSJAAAADUlEQVR42mNkYPhfDwAChwGA60e6kgAAAABJRU5ErkJggg==\" data-pb-source=\"https:\/\/burkhardpuetz-i6psyu9my.live-website.com\/wp-content\/uploads\/2024\/08\/Chorgemeinschaft-Trier-Heiligkreuz-Fahrt-Maastricht-13.05.23-3-Klein.jpg\" alt=\"Ausflug der Chorgemeinschaft Heiligkreuz Trier nach Maastricht (NL) am 13. Mai 2023 | Besichtigung Kreuzgang Liebfrauenbasilika\"> <noscript><img decoding=\"async\" src=\"https:\/\/burkhardpuetz-i6psyu9my.live-website.com\/wp-content\/uploads\/2024\/08\/Chorgemeinschaft-Trier-Heiligkreuz-Fahrt-Maastricht-13.05.23-3-Klein.jpg\" alt=\"Ausflug der Chorgemeinschaft Heiligkreuz Trier nach Maastricht (NL) am 13. Mai 2023 | Besichtigung Kreuzgang Liebfrauenbasilika\"><\/noscript> <a class=\"pb-link \" data-magnific=\"gallery-14\" data-caption=\"Ausflug der Chorgemeinschaft Heiligkreuz Trier nach Maastricht (NL) am 13. Mai 2023 | Besichtigung Kreuzgang Liebfrauenbasilika\" rel=\"\" target=\"\" href=\"https:\/\/burkhard-puetz.de\/wp-content\/uploads\/2024\/08\/Chorgemeinschaft-Trier-Heiligkreuz-Fahrt-Maastricht-13.05.23-3-Klein.jpg\"> <div class=\"pb-overlay\" style=\"\"> <div class=\"pb-caption-bottom\"> <span class=\"pb-description pb-caption-left\" style=\"\">Ausflug der Chorgemeinschaft Heiligkreuz Trier nach Maastricht (NL) am 13. Mai 2023 | Besichtigung Kreuzgang Liebfrauenbasilika<\/span> <\/div> <\/div> <\/a> <\/div> <div class=\"pb-block with-text with-social-or-text pb-landscape pb-width pb-type-image \" style=\"\" data-colspan=\"1\" data-rowspan=\"1\" data-col=\"2\" data-row=\"16\" data-valign=\"center\" data-halign=\"center\" data-type=\"image\" data-ratio=\"1.3333333333333\"> <img decoding=\"async\" class=\"pb-image skip-lazy \" src=\"data:image\/png;base64,iVBORw0KGgoAAAANSUhEUgAAAAEAAAABCAYAAAAfFcSJAAAADUlEQVR42mNkYPhfDwAChwGA60e6kgAAAABJRU5ErkJggg==\" data-pb-source=\"https:\/\/burkhardpuetz-i6psyu9my.live-website.com\/wp-content\/uploads\/2024\/08\/Chorgemeinschaft-Trier-Heiligkreuz-Fahrt-Maastricht-13.05.23-3b.jpg\" alt=\"Ausflug der Chorgemeinschaft Heiligkreuz Trier nach Maastricht (NL) am 13. Mai 2023 | Besichtigung Kreuzgang Liebfrauenbasilika\"> <noscript><img decoding=\"async\" src=\"https:\/\/burkhardpuetz-i6psyu9my.live-website.com\/wp-content\/uploads\/2024\/08\/Chorgemeinschaft-Trier-Heiligkreuz-Fahrt-Maastricht-13.05.23-3b.jpg\" alt=\"Ausflug der Chorgemeinschaft Heiligkreuz Trier nach Maastricht (NL) am 13. Mai 2023 | Besichtigung Kreuzgang Liebfrauenbasilika\"><\/noscript> <a class=\"pb-link \" data-magnific=\"gallery-14\" data-caption=\"Ausflug der Chorgemeinschaft Heiligkreuz Trier nach Maastricht (NL) am 13. Mai 2023 | Besichtigung Kreuzgang Liebfrauenbasilika\" rel=\"\" target=\"\" href=\"https:\/\/burkhard-puetz.de\/wp-content\/uploads\/2024\/08\/Chorgemeinschaft-Trier-Heiligkreuz-Fahrt-Maastricht-13.05.23-3b.jpg\"> <div class=\"pb-overlay\" style=\"\"> <div class=\"pb-caption-bottom\"> <span class=\"pb-description pb-caption-left\" style=\"\">Ausflug der Chorgemeinschaft Heiligkreuz Trier nach Maastricht (NL) am 13. Mai 2023 | Besichtigung Kreuzgang Liebfrauenbasilika<\/span> <\/div> <\/div> <\/a> <\/div> <div class=\"pb-block with-text with-social-or-text pb-landscape pb-width pb-type-image \" style=\"\" data-colspan=\"1\" data-rowspan=\"1\" data-col=\"3\" data-row=\"16\" data-valign=\"center\" data-halign=\"center\" data-type=\"image\" data-ratio=\"1.3327828241123\"> <img decoding=\"async\" class=\"pb-image skip-lazy \" src=\"data:image\/png;base64,iVBORw0KGgoAAAANSUhEUgAAAAEAAAABCAYAAAAfFcSJAAAADUlEQVR42mNkYPhfDwAChwGA60e6kgAAAABJRU5ErkJggg==\" data-pb-source=\"https:\/\/burkhardpuetz-i6psyu9my.live-website.com\/wp-content\/uploads\/2024\/08\/Chorgemeinschaft-Trier-Heiligkreuz-Fahrt-Maastricht-13.05.23-3a-Klein.jpg\" alt=\"Ausflug der Chorgemeinschaft Heiligkreuz Trier nach Maastricht (NL) am 13. Mai 2023 | Besichtigung Kreuzgang Liebfrauenbasilika\"> <noscript><img decoding=\"async\" src=\"https:\/\/burkhardpuetz-i6psyu9my.live-website.com\/wp-content\/uploads\/2024\/08\/Chorgemeinschaft-Trier-Heiligkreuz-Fahrt-Maastricht-13.05.23-3a-Klein.jpg\" alt=\"Ausflug der Chorgemeinschaft Heiligkreuz Trier nach Maastricht (NL) am 13. Mai 2023 | Besichtigung Kreuzgang Liebfrauenbasilika\"><\/noscript> <a class=\"pb-link \" data-magnific=\"gallery-14\" data-caption=\"Ausflug der Chorgemeinschaft Heiligkreuz Trier nach Maastricht (NL) am 13. Mai 2023 | Besichtigung Kreuzgang Liebfrauenbasilika\" rel=\"\" target=\"\" href=\"https:\/\/burkhard-puetz.de\/wp-content\/uploads\/2024\/08\/Chorgemeinschaft-Trier-Heiligkreuz-Fahrt-Maastricht-13.05.23-3a-Klein.jpg\"> <div class=\"pb-overlay\" style=\"\"> <div class=\"pb-caption-bottom\"> <span class=\"pb-description pb-caption-left\" style=\"\">Ausflug der Chorgemeinschaft Heiligkreuz Trier nach Maastricht (NL) am 13. Mai 2023 | Besichtigung Kreuzgang Liebfrauenbasilika<\/span> <\/div> <\/div> <\/a> <\/div> <div class=\"pb-block with-text with-social-or-text pb-landscape pb-width pb-type-image \" style=\"\" data-colspan=\"1\" data-rowspan=\"1\" data-col=\"0\" data-row=\"17\" data-valign=\"center\" data-halign=\"center\" data-type=\"image\" data-ratio=\"1.3333333333333\"> <img decoding=\"async\" class=\"pb-image skip-lazy \" src=\"data:image\/png;base64,iVBORw0KGgoAAAANSUhEUgAAAAEAAAABCAYAAAAfFcSJAAAADUlEQVR42mNkYPhfDwAChwGA60e6kgAAAABJRU5ErkJggg==\" data-pb-source=\"https:\/\/burkhardpuetz-i6psyu9my.live-website.com\/wp-content\/uploads\/2024\/08\/Chorgemeinschaft-Trier-Heiligkreuz-Fahrt-Maastricht-13.05.23-3c.jpg\" alt=\"Ausflug der Chorgemeinschaft Heiligkreuz Trier nach Maastricht (NL) am 13. Mai 2023 | Besichtigung Kreuzgang Liebfrauenbasilika\"> <noscript><img decoding=\"async\" src=\"https:\/\/burkhardpuetz-i6psyu9my.live-website.com\/wp-content\/uploads\/2024\/08\/Chorgemeinschaft-Trier-Heiligkreuz-Fahrt-Maastricht-13.05.23-3c.jpg\" alt=\"Ausflug der Chorgemeinschaft Heiligkreuz Trier nach Maastricht (NL) am 13. Mai 2023 | Besichtigung Kreuzgang Liebfrauenbasilika\"><\/noscript> <a class=\"pb-link \" data-magnific=\"gallery-14\" data-caption=\"Ausflug der Chorgemeinschaft Heiligkreuz Trier nach Maastricht (NL) am 13. Mai 2023 | Besichtigung Kreuzgang Liebfrauenbasilika\" rel=\"\" target=\"\" href=\"https:\/\/burkhard-puetz.de\/wp-content\/uploads\/2024\/08\/Chorgemeinschaft-Trier-Heiligkreuz-Fahrt-Maastricht-13.05.23-3c.jpg\"> <div class=\"pb-overlay\" style=\"\"> <div class=\"pb-caption-bottom\"> <span class=\"pb-description pb-caption-left\" style=\"\">Ausflug der Chorgemeinschaft Heiligkreuz Trier nach Maastricht (NL) am 13. Mai 2023 | Besichtigung Kreuzgang Liebfrauenbasilika<\/span> <\/div> <\/div> <\/a> <\/div> <div class=\"pb-block with-text with-social-or-text pb-landscape pb-width pb-type-image \" style=\"\" data-colspan=\"1\" data-rowspan=\"1\" data-col=\"1\" data-row=\"17\" data-valign=\"center\" data-halign=\"center\" data-type=\"image\" data-ratio=\"1.3333333333333\"> <img decoding=\"async\" class=\"pb-image skip-lazy \" src=\"data:image\/png;base64,iVBORw0KGgoAAAANSUhEUgAAAAEAAAABCAYAAAAfFcSJAAAADUlEQVR42mNkYPhfDwAChwGA60e6kgAAAABJRU5ErkJggg==\" data-pb-source=\"https:\/\/burkhardpuetz-i6psyu9my.live-website.com\/wp-content\/uploads\/2024\/08\/Chorgemeinschaft-Trier-Heiligkreuz-Fahrt-Maastricht-13.05.23-5.jpg\" alt=\"Ausflug der Chorgemeinschaft Heiligkreuz Trier nach Maastricht (NL) am 13. Mai 2023\"> <noscript><img decoding=\"async\" src=\"https:\/\/burkhardpuetz-i6psyu9my.live-website.com\/wp-content\/uploads\/2024\/08\/Chorgemeinschaft-Trier-Heiligkreuz-Fahrt-Maastricht-13.05.23-5.jpg\" alt=\"Ausflug der Chorgemeinschaft Heiligkreuz Trier nach Maastricht (NL) am 13. Mai 2023\"><\/noscript> <a class=\"pb-link \" data-magnific=\"gallery-14\" data-caption=\"Ausflug der Chorgemeinschaft Heiligkreuz Trier nach Maastricht (NL) am 13. Mai 2023\" rel=\"\" target=\"\" href=\"https:\/\/burkhard-puetz.de\/wp-content\/uploads\/2024\/08\/Chorgemeinschaft-Trier-Heiligkreuz-Fahrt-Maastricht-13.05.23-5.jpg\"> <div class=\"pb-overlay\" style=\"\"> <div class=\"pb-caption-bottom\"> <span class=\"pb-description pb-caption-left\" style=\"\">Ausflug der Chorgemeinschaft Heiligkreuz Trier nach Maastricht (NL) am 13. Mai 2023<\/span> <\/div> <\/div> <\/a> <\/div> <div class=\"pb-block with-text with-social-or-text pb-landscape pb-width pb-type-image \" style=\"\" data-colspan=\"1\" data-rowspan=\"1\" data-col=\"2\" data-row=\"17\" data-valign=\"center\" data-halign=\"center\" data-type=\"image\" data-ratio=\"1.3333333333333\"> <img decoding=\"async\" class=\"pb-image skip-lazy \" src=\"data:image\/png;base64,iVBORw0KGgoAAAANSUhEUgAAAAEAAAABCAYAAAAfFcSJAAAADUlEQVR42mNkYPhfDwAChwGA60e6kgAAAABJRU5ErkJggg==\" data-pb-source=\"https:\/\/burkhardpuetz-i6psyu9my.live-website.com\/wp-content\/uploads\/2024\/08\/Chorgemeinschaft-Trier-Heiligkreuz-Fahrt-Maastricht-13.05.23-6a.jpg\" alt=\"Ausflug der Chorgemeinschaft Heiligkreuz Trier nach Maastricht (NL) am 13. Mai 2023\"> <noscript><img decoding=\"async\" src=\"https:\/\/burkhardpuetz-i6psyu9my.live-website.com\/wp-content\/uploads\/2024\/08\/Chorgemeinschaft-Trier-Heiligkreuz-Fahrt-Maastricht-13.05.23-6a.jpg\" alt=\"Ausflug der Chorgemeinschaft Heiligkreuz Trier nach Maastricht (NL) am 13. Mai 2023\"><\/noscript> <a class=\"pb-link \" data-magnific=\"gallery-14\" data-caption=\"Ausflug der Chorgemeinschaft Heiligkreuz Trier nach Maastricht (NL) am 13. Mai 2023\" rel=\"\" target=\"\" href=\"https:\/\/burkhard-puetz.de\/wp-content\/uploads\/2024\/08\/Chorgemeinschaft-Trier-Heiligkreuz-Fahrt-Maastricht-13.05.23-6a.jpg\"> <div class=\"pb-overlay\" style=\"\"> <div class=\"pb-caption-bottom\"> <span class=\"pb-description pb-caption-left\" style=\"\">Ausflug der Chorgemeinschaft Heiligkreuz Trier nach Maastricht (NL) am 13. Mai 2023<\/span> <\/div> <\/div> <\/a> <\/div> <div class=\"pb-block with-text with-social-or-text pb-landscape pb-width pb-type-image \" style=\"\" data-colspan=\"1\" data-rowspan=\"1\" data-col=\"3\" data-row=\"17\" data-valign=\"center\" data-halign=\"center\" data-type=\"image\" data-ratio=\"2.2222222222222\"> <img decoding=\"async\" class=\"pb-image skip-lazy \" src=\"data:image\/png;base64,iVBORw0KGgoAAAANSUhEUgAAAAEAAAABCAYAAAAfFcSJAAAADUlEQVR42mNkYPhfDwAChwGA60e6kgAAAABJRU5ErkJggg==\" data-pb-source=\"https:\/\/burkhardpuetz-i6psyu9my.live-website.com\/wp-content\/uploads\/2024\/08\/Chorgemeinschaft-Trier-Heiligkreuz-Fahrt-Maastricht-13.05.23-7.jpg\" alt=\"Ausflug der Chorgemeinschaft Heiligkreuz Trier nach Maastricht (NL) am 13. Mai 2023\"> <noscript><img decoding=\"async\" src=\"https:\/\/burkhardpuetz-i6psyu9my.live-website.com\/wp-content\/uploads\/2024\/08\/Chorgemeinschaft-Trier-Heiligkreuz-Fahrt-Maastricht-13.05.23-7.jpg\" alt=\"Ausflug der Chorgemeinschaft Heiligkreuz Trier nach Maastricht (NL) am 13. Mai 2023\"><\/noscript> <a class=\"pb-link \" data-magnific=\"gallery-14\" data-caption=\"Ausflug der Chorgemeinschaft Heiligkreuz Trier nach Maastricht (NL) am 13. Mai 2023\" rel=\"\" target=\"\" href=\"https:\/\/burkhard-puetz.de\/wp-content\/uploads\/2024\/08\/Chorgemeinschaft-Trier-Heiligkreuz-Fahrt-Maastricht-13.05.23-7.jpg\"> <div class=\"pb-overlay\" style=\"\"> <div class=\"pb-caption-bottom\"> <span class=\"pb-description pb-caption-left\" style=\"\">Ausflug der Chorgemeinschaft Heiligkreuz Trier nach Maastricht (NL) am 13. Mai 2023<\/span> <\/div> <\/div> <\/a> <\/div> <div class=\"pb-block with-text with-social-or-text pb-landscape pb-width pb-type-image \" style=\"\" data-colspan=\"1\" data-rowspan=\"1\" data-col=\"0\" data-row=\"18\" data-valign=\"center\" data-halign=\"center\" data-type=\"image\" data-ratio=\"2.1843003412969\"> <img decoding=\"async\" class=\"pb-image skip-lazy \" src=\"data:image\/png;base64,iVBORw0KGgoAAAANSUhEUgAAAAEAAAABCAYAAAAfFcSJAAAADUlEQVR42mNkYPhfDwAChwGA60e6kgAAAABJRU5ErkJggg==\" data-pb-source=\"https:\/\/burkhardpuetz-i6psyu9my.live-website.com\/wp-content\/uploads\/2024\/08\/Chorgemeinschaft-Trier-Heiligkreuz.jpg\" alt=\"Ausflug der Chorgemeinschaft Heiligkreuz Trier nach Maastricht (NL) am 13. Mai 2023\"> <noscript><img decoding=\"async\" src=\"https:\/\/burkhardpuetz-i6psyu9my.live-website.com\/wp-content\/uploads\/2024\/08\/Chorgemeinschaft-Trier-Heiligkreuz.jpg\" alt=\"Ausflug der Chorgemeinschaft Heiligkreuz Trier nach Maastricht (NL) am 13. Mai 2023\"><\/noscript> <a class=\"pb-link \" data-magnific=\"gallery-14\" data-caption=\"Ausflug der Chorgemeinschaft Heiligkreuz Trier nach Maastricht (NL) am 13. Mai 2023\" rel=\"\" target=\"\" href=\"https:\/\/burkhard-puetz.de\/wp-content\/uploads\/2024\/08\/Chorgemeinschaft-Trier-Heiligkreuz.jpg\"> <div class=\"pb-overlay\" style=\"\"> <div class=\"pb-caption-bottom\"> <span class=\"pb-description pb-caption-left\" style=\"\">Ausflug der Chorgemeinschaft Heiligkreuz Trier nach Maastricht (NL) am 13. Mai 2023<\/span> <\/div> <\/div> <\/a> <\/div> <div class=\"pb-block with-text with-social-or-text pb-landscape pb-width pb-type-image \" style=\"\" data-colspan=\"1\" data-rowspan=\"1\" data-col=\"1\" data-row=\"18\" data-valign=\"center\" data-halign=\"center\" data-type=\"image\" data-ratio=\"1.712\"> <img decoding=\"async\" class=\"pb-image skip-lazy \" src=\"data:image\/png;base64,iVBORw0KGgoAAAANSUhEUgAAAAEAAAABCAYAAAAfFcSJAAAADUlEQVR42mNkYPhfDwAChwGA60e6kgAAAABJRU5ErkJggg==\" data-pb-source=\"https:\/\/burkhardpuetz-i6psyu9my.live-website.com\/wp-content\/uploads\/2024\/08\/Pfingsten-05.06.2022-Web.jpg\" alt=\"Pfingsten 05.06.22 | Festhochamt in der Pfarrkirche Heiligkreuz, Trier | Charles Gounod: Messe br\u00e8ve no. 7 en do majeur | Chorwerke von Gregor Aichinger u. a. | Chorgemeinschaft Heiligkreuz | Leitung\/Orgel: Dekanatskantor Burkhard P\u00fctz\"> <noscript><img decoding=\"async\" src=\"https:\/\/burkhardpuetz-i6psyu9my.live-website.com\/wp-content\/uploads\/2024\/08\/Pfingsten-05.06.2022-Web.jpg\" alt=\"Pfingsten 05.06.22 | Festhochamt in der Pfarrkirche Heiligkreuz, Trier | Charles Gounod: Messe br\u00e8ve no. 7 en do majeur | Chorwerke von Gregor Aichinger u. a. | Chorgemeinschaft Heiligkreuz | Leitung\/Orgel: Dekanatskantor Burkhard P\u00fctz\"><\/noscript> <a class=\"pb-link \" data-magnific=\"gallery-14\" data-caption=\"Pfingsten 05.06.22 | Festhochamt in der Pfarrkirche Heiligkreuz, Trier | Charles Gounod: Messe br\u00e8ve no. 7 en do majeur | Chorwerke von Gregor Aichinger u. a. | Chorgemeinschaft Heiligkreuz | Leitung\/Orgel: Dekanatskantor Burkhard P\u00fctz\" rel=\"\" target=\"\" href=\"https:\/\/burkhard-puetz.de\/wp-content\/uploads\/2024\/08\/Pfingsten-05.06.2022-Web.jpg\"> <div class=\"pb-overlay\" style=\"\"> <div class=\"pb-caption-bottom\"> <span class=\"pb-description pb-caption-left\" style=\"\">Pfingsten 05.06.22 | Festhochamt in der Pfarrkirche Heiligkreuz, Trier | Charles Gounod: Messe br\u00e8ve no. 7 en do majeur | Chorwerke von Gregor Aichinger u. a. | Chorgemeinschaft Heiligkreuz | Leitung\/Orgel: Dekanatskantor Burkhard P\u00fctz<\/span> <\/div> <\/div> <\/a> <\/div> <div class=\"pb-block with-text with-social-or-text pb-landscape pb-width pb-type-image \" style=\"\" data-colspan=\"1\" data-rowspan=\"1\" data-col=\"2\" data-row=\"18\" data-valign=\"center\" data-halign=\"center\" data-type=\"image\" data-ratio=\"2.1081081081081\"> <img decoding=\"async\" class=\"pb-image skip-lazy \" src=\"data:image\/png;base64,iVBORw0KGgoAAAANSUhEUgAAAAEAAAABCAYAAAAfFcSJAAAADUlEQVR42mNkYPhfDwAChwGA60e6kgAAAABJRU5ErkJggg==\" data-pb-source=\"https:\/\/burkhardpuetz-i6psyu9my.live-website.com\/wp-content\/uploads\/2024\/08\/Firmgottesdienst-27.05.18-klein.jpg\" alt=\"Firmgottesdienst 27.05.18 St. Michael | Dreifaltigkeitssonntag | Spendung d. Firmung durch Weihbischof Franz Josef Gebert | Werke f. Chor u. Orgel v. Bach, Gounod, Mawby u. Archer | Chorgemeinschaft u. Chorjugend des Kinderchores Heiligkreuz | Leitung\/Orgel: Gereon\/B. P\u00fctz\"> <noscript><img decoding=\"async\" src=\"https:\/\/burkhardpuetz-i6psyu9my.live-website.com\/wp-content\/uploads\/2024\/08\/Firmgottesdienst-27.05.18-klein.jpg\" alt=\"Firmgottesdienst 27.05.18 St. Michael | Dreifaltigkeitssonntag | Spendung d. Firmung durch Weihbischof Franz Josef Gebert | Werke f. Chor u. Orgel v. Bach, Gounod, Mawby u. Archer | Chorgemeinschaft u. Chorjugend des Kinderchores Heiligkreuz | Leitung\/Orgel: Gereon\/B. P\u00fctz\"><\/noscript> <a class=\"pb-link \" data-magnific=\"gallery-14\" data-caption=\"Firmgottesdienst 27.05.18 St. Michael | Dreifaltigkeitssonntag | Spendung d. Firmung durch Weihbischof Franz Josef Gebert | Werke f. Chor u. Orgel v. Bach, Gounod, Mawby u. Archer | Chorgemeinschaft u. Chorjugend des Kinderchores Heiligkreuz | Leitung\/Orgel: Gereon\/B. P\u00fctz\" rel=\"\" target=\"\" href=\"https:\/\/burkhard-puetz.de\/wp-content\/uploads\/2024\/08\/Firmgottesdienst-27.05.18-klein.jpg\"> <div class=\"pb-overlay\" style=\"\"> <div class=\"pb-caption-bottom\"> <span class=\"pb-description pb-caption-left\" style=\"\">Firmgottesdienst 27.05.18 St. Michael | Dreifaltigkeitssonntag | Spendung d. Firmung durch Weihbischof Franz Josef Gebert | Werke f. Chor u. Orgel v. Bach, Gounod, Mawby u. Archer | Chorgemeinschaft u. Chorjugend des Kinderchores Heiligkreuz | Leitung\/Orgel: Gereon\/B. P\u00fctz<\/span> <\/div> <\/div> <\/a> <\/div> <div class=\"pb-block with-text with-social-or-text pb-landscape pb-width pb-type-image \" style=\"\" data-colspan=\"1\" data-rowspan=\"1\" data-col=\"3\" data-row=\"18\" data-valign=\"center\" data-halign=\"center\" data-type=\"image\" data-ratio=\"1.5009259259259\"> <img decoding=\"async\" class=\"pb-image skip-lazy \" src=\"data:image\/png;base64,iVBORw0KGgoAAAANSUhEUgAAAAEAAAABCAYAAAAfFcSJAAAADUlEQVR42mNkYPhfDwAChwGA60e6kgAAAABJRU5ErkJggg==\" data-pb-source=\"https:\/\/burkhardpuetz-i6psyu9my.live-website.com\/wp-content\/uploads\/2024\/08\/Oekumenischer-Gottesdienst-22.11.17-Konstantin-Basilika-Bischof-Ackermann-uebergibt-Evangeliar-2.jpg\" alt=\"\u00d6kumenischer Gottesdienst 22.11.17 Konstantin-Basilika Trier | Bischof Dr. Ackermann \u00fcbergibt Evangeliar | Chorgemeinschaft Heiligkreuz\"> <noscript><img decoding=\"async\" src=\"https:\/\/burkhardpuetz-i6psyu9my.live-website.com\/wp-content\/uploads\/2024\/08\/Oekumenischer-Gottesdienst-22.11.17-Konstantin-Basilika-Bischof-Ackermann-uebergibt-Evangeliar-2.jpg\" alt=\"\u00d6kumenischer Gottesdienst 22.11.17 Konstantin-Basilika Trier | Bischof Dr. Ackermann \u00fcbergibt Evangeliar | Chorgemeinschaft Heiligkreuz\"><\/noscript> <a class=\"pb-link \" data-magnific=\"gallery-14\" data-caption=\"\u00d6kumenischer Gottesdienst 22.11.17 Konstantin-Basilika Trier | Bischof Dr. Ackermann \u00fcbergibt Evangeliar | Chorgemeinschaft Heiligkreuz\" rel=\"\" target=\"\" href=\"https:\/\/burkhard-puetz.de\/wp-content\/uploads\/2024\/08\/Oekumenischer-Gottesdienst-22.11.17-Konstantin-Basilika-Bischof-Ackermann-uebergibt-Evangeliar-2.jpg\"> <div class=\"pb-overlay\" style=\"\"> <div class=\"pb-caption-bottom\"> <span class=\"pb-description pb-caption-left\" style=\"\">\u00d6kumenischer Gottesdienst 22.11.17 Konstantin-Basilika Trier | Bischof Dr. Ackermann \u00fcbergibt Evangeliar | Chorgemeinschaft Heiligkreuz<\/span> <\/div> <\/div> <\/a> <\/div> <div class=\"pb-block with-text with-social-or-text pb-landscape pb-width pb-type-image \" style=\"\" data-colspan=\"1\" data-rowspan=\"1\" data-col=\"0\" data-row=\"19\" data-valign=\"center\" data-halign=\"center\" data-type=\"image\" data-ratio=\"1.5\"> <img decoding=\"async\" class=\"pb-image skip-lazy \" src=\"data:image\/png;base64,iVBORw0KGgoAAAANSUhEUgAAAAEAAAABCAYAAAAfFcSJAAAADUlEQVR42mNkYPhfDwAChwGA60e6kgAAAABJRU5ErkJggg==\" data-pb-source=\"https:\/\/burkhardpuetz-i6psyu9my.live-website.com\/wp-content\/uploads\/2024\/08\/Oekumenischer-Gottesdienst-22.11.17-Konstantin-Basilika-Predigt-Bischof-Ackermann-und-Chorgemeinschaft.jpg\" alt=\"\u00d6kumenischer Gottesdienst 22.11.17 Konstantin-Basilika Trier | Rheinberger: Dextera Domini op. 140 | Stanford: Song of Trust op. 113 | Mendelssohn: Verleih uns Frieden u. a. | Chorgemeinschaft Heiligkreuz | Ltg.: Dekanatskantor Burkhard P\u00fctz | KMD Martin Bambauer, Orgel\"> <noscript><img decoding=\"async\" src=\"https:\/\/burkhardpuetz-i6psyu9my.live-website.com\/wp-content\/uploads\/2024\/08\/Oekumenischer-Gottesdienst-22.11.17-Konstantin-Basilika-Predigt-Bischof-Ackermann-und-Chorgemeinschaft.jpg\" alt=\"\u00d6kumenischer Gottesdienst 22.11.17 Konstantin-Basilika Trier | Rheinberger: Dextera Domini op. 140 | Stanford: Song of Trust op. 113 | Mendelssohn: Verleih uns Frieden u. a. | Chorgemeinschaft Heiligkreuz | Ltg.: Dekanatskantor Burkhard P\u00fctz | KMD Martin Bambauer, Orgel\"><\/noscript> <a class=\"pb-link \" data-magnific=\"gallery-14\" data-caption=\"\u00d6kumenischer Gottesdienst 22.11.17 Konstantin-Basilika Trier | Rheinberger: Dextera Domini op. 140 | Stanford: Song of Trust op. 113 | Mendelssohn: Verleih uns Frieden u. a. | Chorgemeinschaft Heiligkreuz | Ltg.: Dekanatskantor Burkhard P\u00fctz | KMD Martin Bambauer, Orgel\" rel=\"\" target=\"\" href=\"https:\/\/burkhard-puetz.de\/wp-content\/uploads\/2024\/08\/Oekumenischer-Gottesdienst-22.11.17-Konstantin-Basilika-Predigt-Bischof-Ackermann-und-Chorgemeinschaft.jpg\"> <div class=\"pb-overlay\" style=\"\"> <div class=\"pb-caption-bottom\"> <span class=\"pb-description pb-caption-left\" style=\"\">\u00d6kumenischer Gottesdienst 22.11.17 Konstantin-Basilika Trier | Rheinberger: Dextera Domini op. 140 | Stanford: Song of Trust op. 113 | Mendelssohn: Verleih uns Frieden u. a. | Chorgemeinschaft Heiligkreuz | Ltg.: Dekanatskantor Burkhard P\u00fctz | KMD Martin Bambauer, Orgel<\/span> <\/div> <\/div> <\/a> <\/div> <div class=\"pb-block with-text with-social-or-text pb-landscape pb-width pb-type-image \" style=\"\" data-colspan=\"1\" data-rowspan=\"1\" data-col=\"1\" data-row=\"19\" data-valign=\"center\" data-halign=\"center\" data-type=\"image\" data-ratio=\"1.3328434974284\"> <img decoding=\"async\" class=\"pb-image skip-lazy \" src=\"data:image\/png;base64,iVBORw0KGgoAAAANSUhEUgAAAAEAAAABCAYAAAAfFcSJAAAADUlEQVR42mNkYPhfDwAChwGA60e6kgAAAABJRU5ErkJggg==\" data-pb-source=\"https:\/\/burkhardpuetz-i6psyu9my.live-website.com\/wp-content\/uploads\/2024\/08\/web-Konzert-St.-Maternus-Trier-17.09.17-Zuhoerer2.jpg\" alt=\"Konzert in St. Maternus 17.09.17 | 50 Jahre Pfarrei St. Maternus Trier | Im Kreuz ist Leben | J. Reidenbach: Im Kreuz ist Heil (Erstauff\u00fchrung) | R. Vaughan Williams: Five Mystical Songs | Werke v. Mendelssohn, Rheinberger, Stanford u. a. | Chorgemeinschaft und Kinderchor Heiligkreuz | D. J. Pike, Bariton | J. Still, Orgel | Ltg.: B. P\u00fctz\"> <noscript><img decoding=\"async\" src=\"https:\/\/burkhardpuetz-i6psyu9my.live-website.com\/wp-content\/uploads\/2024\/08\/web-Konzert-St.-Maternus-Trier-17.09.17-Zuhoerer2.jpg\" alt=\"Konzert in St. Maternus 17.09.17 | 50 Jahre Pfarrei St. Maternus Trier | Im Kreuz ist Leben | J. Reidenbach: Im Kreuz ist Heil (Erstauff\u00fchrung) | R. Vaughan Williams: Five Mystical Songs | Werke v. Mendelssohn, Rheinberger, Stanford u. a. | Chorgemeinschaft und Kinderchor Heiligkreuz | D. J. Pike, Bariton | J. Still, Orgel | Ltg.: B. P\u00fctz\"><\/noscript> <a class=\"pb-link \" data-magnific=\"gallery-14\" data-caption=\"Konzert in St. Maternus 17.09.17 | 50 Jahre Pfarrei St. Maternus Trier | Im Kreuz ist Leben | J. Reidenbach: Im Kreuz ist Heil (Erstauff\u00fchrung) | R. Vaughan Williams: Five Mystical Songs | Werke v. Mendelssohn, Rheinberger, Stanford u. a. | Chorgemeinschaft und Kinderchor Heiligkreuz | D. J. Pike, Bariton | J. Still, Orgel | Ltg.: B. P\u00fctz\" rel=\"\" target=\"\" href=\"https:\/\/burkhard-puetz.de\/wp-content\/uploads\/2024\/08\/web-Konzert-St.-Maternus-Trier-17.09.17-Zuhoerer2.jpg\"> <div class=\"pb-overlay\" style=\"\"> <div class=\"pb-caption-bottom\"> <span class=\"pb-description pb-caption-left\" style=\"\">Konzert in St. Maternus 17.09.17 | 50 Jahre Pfarrei St. Maternus Trier | Im Kreuz ist Leben | J. Reidenbach: Im Kreuz ist Heil (Erstauff\u00fchrung) | R. Vaughan Williams: Five Mystical Songs | Werke v. Mendelssohn, Rheinberger, Stanford u. a. | Chorgemeinschaft und Kinderchor Heiligkreuz | D. J. Pike, Bariton | J. Still, Orgel | Ltg.: B. P\u00fctz<\/span> <\/div> <\/div> <\/a> <\/div> <div class=\"pb-block with-text with-social-or-text pb-landscape pb-width pb-type-image \" style=\"\" data-colspan=\"1\" data-rowspan=\"1\" data-col=\"2\" data-row=\"19\" data-valign=\"center\" data-halign=\"center\" data-type=\"image\" data-ratio=\"1.3328434974284\"> <img decoding=\"async\" class=\"pb-image skip-lazy \" src=\"data:image\/png;base64,iVBORw0KGgoAAAANSUhEUgAAAAEAAAABCAYAAAAfFcSJAAAADUlEQVR42mNkYPhfDwAChwGA60e6kgAAAABJRU5ErkJggg==\" data-pb-source=\"https:\/\/burkhardpuetz-i6psyu9my.live-website.com\/wp-content\/uploads\/2024\/08\/web-Konzert-St.-Maternus-Trier-17.09.17-Zuhoerer1.jpg\" alt=\"Konzert in St. Maternus 17.09.17 | 50 Jahre Pfarrei St. Maternus Trier | Im Kreuz ist Leben | J. Reidenbach: Im Kreuz ist Heil (Erstauff\u00fchrung) | R. Vaughan Williams: Five Mystical Songs | Werke v. Mendelssohn, Rheinberger, Stanford u. a. | Chorgemeinschaft und Kinderchor Heiligkreuz | D. J. Pike, Bariton | J. Still, Orgel | Ltg.: B. P\u00fctz\"> <noscript><img decoding=\"async\" src=\"https:\/\/burkhardpuetz-i6psyu9my.live-website.com\/wp-content\/uploads\/2024\/08\/web-Konzert-St.-Maternus-Trier-17.09.17-Zuhoerer1.jpg\" alt=\"Konzert in St. Maternus 17.09.17 | 50 Jahre Pfarrei St. Maternus Trier | Im Kreuz ist Leben | J. Reidenbach: Im Kreuz ist Heil (Erstauff\u00fchrung) | R. Vaughan Williams: Five Mystical Songs | Werke v. Mendelssohn, Rheinberger, Stanford u. a. | Chorgemeinschaft und Kinderchor Heiligkreuz | D. J. Pike, Bariton | J. Still, Orgel | Ltg.: B. P\u00fctz\"><\/noscript> <a class=\"pb-link \" data-magnific=\"gallery-14\" data-caption=\"Konzert in St. Maternus 17.09.17 | 50 Jahre Pfarrei St. Maternus Trier | Im Kreuz ist Leben | J. Reidenbach: Im Kreuz ist Heil (Erstauff\u00fchrung) | R. Vaughan Williams: Five Mystical Songs | Werke v. Mendelssohn, Rheinberger, Stanford u. a. | Chorgemeinschaft und Kinderchor Heiligkreuz | D. J. Pike, Bariton | J. Still, Orgel | Ltg.: B. P\u00fctz\" rel=\"\" target=\"\" href=\"https:\/\/burkhard-puetz.de\/wp-content\/uploads\/2024\/08\/web-Konzert-St.-Maternus-Trier-17.09.17-Zuhoerer1.jpg\"> <div class=\"pb-overlay\" style=\"\"> <div class=\"pb-caption-bottom\"> <span class=\"pb-description pb-caption-left\" style=\"\">Konzert in St. Maternus 17.09.17 | 50 Jahre Pfarrei St. Maternus Trier | Im Kreuz ist Leben | J. Reidenbach: Im Kreuz ist Heil (Erstauff\u00fchrung) | R. Vaughan Williams: Five Mystical Songs | Werke v. Mendelssohn, Rheinberger, Stanford u. a. | Chorgemeinschaft und Kinderchor Heiligkreuz | D. J. Pike, Bariton | J. Still, Orgel | Ltg.: B. P\u00fctz<\/span> <\/div> <\/div> <\/a> <\/div> <div class=\"pb-block with-text with-social-or-text pb-landscape pb-width pb-type-image \" style=\"\" data-colspan=\"1\" data-rowspan=\"1\" data-col=\"3\" data-row=\"19\" data-valign=\"center\" data-halign=\"center\" data-type=\"image\" data-ratio=\"1.3333333333333\"> <img decoding=\"async\" class=\"pb-image skip-lazy \" src=\"data:image\/png;base64,iVBORw0KGgoAAAANSUhEUgAAAAEAAAABCAYAAAAfFcSJAAAADUlEQVR42mNkYPhfDwAChwGA60e6kgAAAABJRU5ErkJggg==\" data-pb-source=\"https:\/\/burkhardpuetz-i6psyu9my.live-website.com\/wp-content\/uploads\/2024\/08\/web-Konzert-St.-Maternus-Trier-17.09.17-1.jpg\" alt=\"Konzert in St. Maternus 17.09.17 | 50 Jahre Pfarrei St. Maternus Trier | Im Kreuz ist Leben | J. Reidenbach: Im Kreuz ist Heil (Erstauff\u00fchrung) | R. Vaughan Williams: Five Mystical Songs | Werke v. Mendelssohn, Rheinberger, Stanford u. a. | Chorgemeinschaft und Kinderchor Heiligkreuz | D. J. Pike, Bariton | J. Still, Orgel | Ltg.: B. P\u00fctz\"> <noscript><img decoding=\"async\" src=\"https:\/\/burkhardpuetz-i6psyu9my.live-website.com\/wp-content\/uploads\/2024\/08\/web-Konzert-St.-Maternus-Trier-17.09.17-1.jpg\" alt=\"Konzert in St. Maternus 17.09.17 | 50 Jahre Pfarrei St. Maternus Trier | Im Kreuz ist Leben | J. Reidenbach: Im Kreuz ist Heil (Erstauff\u00fchrung) | R. Vaughan Williams: Five Mystical Songs | Werke v. Mendelssohn, Rheinberger, Stanford u. a. | Chorgemeinschaft und Kinderchor Heiligkreuz | D. J. Pike, Bariton | J. Still, Orgel | Ltg.: B. P\u00fctz\"><\/noscript> <a class=\"pb-link \" data-magnific=\"gallery-14\" data-caption=\"Konzert in St. Maternus 17.09.17 | 50 Jahre Pfarrei St. Maternus Trier | Im Kreuz ist Leben | J. Reidenbach: Im Kreuz ist Heil (Erstauff\u00fchrung) | R. Vaughan Williams: Five Mystical Songs | Werke v. Mendelssohn, Rheinberger, Stanford u. a. | Chorgemeinschaft und Kinderchor Heiligkreuz | D. J. Pike, Bariton | J. Still, Orgel | Ltg.: B. P\u00fctz\" rel=\"\" target=\"\" href=\"https:\/\/burkhard-puetz.de\/wp-content\/uploads\/2024\/08\/web-Konzert-St.-Maternus-Trier-17.09.17-1.jpg\"> <div class=\"pb-overlay\" style=\"\"> <div class=\"pb-caption-bottom\"> <span class=\"pb-description pb-caption-left\" style=\"\">Konzert in St. Maternus 17.09.17 | 50 Jahre Pfarrei St. Maternus Trier | Im Kreuz ist Leben | J. Reidenbach: Im Kreuz ist Heil (Erstauff\u00fchrung) | R. Vaughan Williams: Five Mystical Songs | Werke v. Mendelssohn, Rheinberger, Stanford u. a. | Chorgemeinschaft und Kinderchor Heiligkreuz | D. J. Pike, Bariton | J. Still, Orgel | Ltg.: B. P\u00fctz<\/span> <\/div> <\/div> <\/a> <\/div> <div class=\"pb-block with-text with-social-or-text pb-landscape pb-width pb-type-image \" style=\"\" data-colspan=\"1\" data-rowspan=\"1\" data-col=\"0\" data-row=\"20\" data-valign=\"center\" data-halign=\"center\" data-type=\"image\" data-ratio=\"1.5930304915993\"> <img decoding=\"async\" class=\"pb-image skip-lazy \" src=\"data:image\/png;base64,iVBORw0KGgoAAAANSUhEUgAAAAEAAAABCAYAAAAfFcSJAAAADUlEQVR42mNkYPhfDwAChwGA60e6kgAAAABJRU5ErkJggg==\" data-pb-source=\"https:\/\/burkhardpuetz-i6psyu9my.live-website.com\/wp-content\/uploads\/2024\/08\/web-Konzert-St.-Maternus-Trier-17.09.17-2b-scaled.jpg\" alt=\"Konzert in St. Maternus 17.09.17 | 50 Jahre Pfarrei St. Maternus Trier | Im Kreuz ist Leben | J. Reidenbach: Im Kreuz ist Heil (Erstauff\u00fchrung) | R. Vaughan Williams: Five Mystical Songs | Werke v. Mendelssohn, Rheinberger, Stanford u. a. | Chorgemeinschaft und Kinderchor Heiligkreuz | D. J. Pike, Bariton | J. Still, Orgel | Ltg.: B. P\u00fctz\"> <noscript><img decoding=\"async\" src=\"https:\/\/burkhardpuetz-i6psyu9my.live-website.com\/wp-content\/uploads\/2024\/08\/web-Konzert-St.-Maternus-Trier-17.09.17-2b-scaled.jpg\" alt=\"Konzert in St. Maternus 17.09.17 | 50 Jahre Pfarrei St. Maternus Trier | Im Kreuz ist Leben | J. Reidenbach: Im Kreuz ist Heil (Erstauff\u00fchrung) | R. Vaughan Williams: Five Mystical Songs | Werke v. Mendelssohn, Rheinberger, Stanford u. a. | Chorgemeinschaft und Kinderchor Heiligkreuz | D. J. Pike, Bariton | J. Still, Orgel | Ltg.: B. P\u00fctz\"><\/noscript> <a class=\"pb-link \" data-magnific=\"gallery-14\" data-caption=\"Konzert in St. Maternus 17.09.17 | 50 Jahre Pfarrei St. Maternus Trier | Im Kreuz ist Leben | J. Reidenbach: Im Kreuz ist Heil (Erstauff\u00fchrung) | R. Vaughan Williams: Five Mystical Songs | Werke v. Mendelssohn, Rheinberger, Stanford u. a. | Chorgemeinschaft und Kinderchor Heiligkreuz | D. J. Pike, Bariton | J. Still, Orgel | Ltg.: B. P\u00fctz\" rel=\"\" target=\"\" href=\"https:\/\/burkhard-puetz.de\/wp-content\/uploads\/2024\/08\/web-Konzert-St.-Maternus-Trier-17.09.17-2b-scaled.jpg\"> <div class=\"pb-overlay\" style=\"\"> <div class=\"pb-caption-bottom\"> <span class=\"pb-description pb-caption-left\" style=\"\">Konzert in St. Maternus 17.09.17 | 50 Jahre Pfarrei St. Maternus Trier | Im Kreuz ist Leben | J. Reidenbach: Im Kreuz ist Heil (Erstauff\u00fchrung) | R. Vaughan Williams: Five Mystical Songs | Werke v. Mendelssohn, Rheinberger, Stanford u. a. | Chorgemeinschaft und Kinderchor Heiligkreuz | D. J. Pike, Bariton | J. Still, Orgel | Ltg.: B. P\u00fctz<\/span> <\/div> <\/div> <\/a> <\/div> <div class=\"pb-block with-text with-social-or-text pb-landscape pb-width pb-type-image \" style=\"\" data-colspan=\"1\" data-rowspan=\"1\" data-col=\"1\" data-row=\"20\" data-valign=\"center\" data-halign=\"center\" data-type=\"image\" data-ratio=\"2.1192052980132\"> <img decoding=\"async\" class=\"pb-image skip-lazy \" src=\"data:image\/png;base64,iVBORw0KGgoAAAANSUhEUgAAAAEAAAABCAYAAAAfFcSJAAAADUlEQVR42mNkYPhfDwAChwGA60e6kgAAAABJRU5ErkJggg==\" data-pb-source=\"https:\/\/burkhardpuetz-i6psyu9my.live-website.com\/wp-content\/uploads\/2024\/08\/web-Konzert-St.-Maternus-Trier-17.09.17-3-scaled.jpg\" alt=\"Konzert in St. Maternus 17.09.17 | 50 Jahre Pfarrei St. Maternus Trier | Im Kreuz ist Leben | J. Reidenbach: Im Kreuz ist Heil (Erstauff\u00fchrung) | R. Vaughan Williams: Five Mystical Songs | Werke v. Mendelssohn, Rheinberger, Stanford u. a. | Chorgemeinschaft und Kinderchor Heiligkreuz | D. J. Pike, Bariton | J. Still, Orgel | Ltg.: B. P\u00fctz\"> <noscript><img decoding=\"async\" src=\"https:\/\/burkhardpuetz-i6psyu9my.live-website.com\/wp-content\/uploads\/2024\/08\/web-Konzert-St.-Maternus-Trier-17.09.17-3-scaled.jpg\" alt=\"Konzert in St. Maternus 17.09.17 | 50 Jahre Pfarrei St. Maternus Trier | Im Kreuz ist Leben | J. Reidenbach: Im Kreuz ist Heil (Erstauff\u00fchrung) | R. Vaughan Williams: Five Mystical Songs | Werke v. Mendelssohn, Rheinberger, Stanford u. a. | Chorgemeinschaft und Kinderchor Heiligkreuz | D. J. Pike, Bariton | J. Still, Orgel | Ltg.: B. P\u00fctz\"><\/noscript> <a class=\"pb-link \" data-magnific=\"gallery-14\" data-caption=\"Konzert in St. Maternus 17.09.17 | 50 Jahre Pfarrei St. Maternus Trier | Im Kreuz ist Leben | J. Reidenbach: Im Kreuz ist Heil (Erstauff\u00fchrung) | R. Vaughan Williams: Five Mystical Songs | Werke v. Mendelssohn, Rheinberger, Stanford u. a. | Chorgemeinschaft und Kinderchor Heiligkreuz | D. J. Pike, Bariton | J. Still, Orgel | Ltg.: B. P\u00fctz\" rel=\"\" target=\"\" href=\"https:\/\/burkhard-puetz.de\/wp-content\/uploads\/2024\/08\/web-Konzert-St.-Maternus-Trier-17.09.17-3-scaled.jpg\"> <div class=\"pb-overlay\" style=\"\"> <div class=\"pb-caption-bottom\"> <span class=\"pb-description pb-caption-left\" style=\"\">Konzert in St. Maternus 17.09.17 | 50 Jahre Pfarrei St. Maternus Trier | Im Kreuz ist Leben | J. Reidenbach: Im Kreuz ist Heil (Erstauff\u00fchrung) | R. Vaughan Williams: Five Mystical Songs | Werke v. Mendelssohn, Rheinberger, Stanford u. a. | Chorgemeinschaft und Kinderchor Heiligkreuz | D. J. Pike, Bariton | J. Still, Orgel | Ltg.: B. P\u00fctz<\/span> <\/div> <\/div> <\/a> <\/div> <div class=\"pb-block with-text with-social-or-text pb-landscape pb-width pb-type-image \" style=\"\" data-colspan=\"1\" data-rowspan=\"1\" data-col=\"2\" data-row=\"20\" data-valign=\"center\" data-halign=\"center\" data-type=\"image\" data-ratio=\"1.8181818181818\"> <img decoding=\"async\" class=\"pb-image skip-lazy \" src=\"data:image\/png;base64,iVBORw0KGgoAAAANSUhEUgAAAAEAAAABCAYAAAAfFcSJAAAADUlEQVR42mNkYPhfDwAChwGA60e6kgAAAABJRU5ErkJggg==\" data-pb-source=\"https:\/\/burkhardpuetz-i6psyu9my.live-website.com\/wp-content\/uploads\/2024\/08\/web-Konzert-St.-Maternus-Trier-17.09.17-3a-scaled.jpg\" alt=\"Konzert in St. Maternus 17.09.17 | 50 Jahre Pfarrei St. Maternus Trier | Im Kreuz ist Leben | J. Reidenbach: Im Kreuz ist Heil (Urauff\u00fchrung) | R. Vaughan Williams: Five Mystical Songs | Werke v. Mendelssohn, Rheinberger, Stanford u. a. | Chorgemeinschaft und Kinderchor Heiligkreuz | D. J. Pike, Bariton | J. Still, Orgel | Ltg.: B. P\u00fctz\"> <noscript><img decoding=\"async\" src=\"https:\/\/burkhardpuetz-i6psyu9my.live-website.com\/wp-content\/uploads\/2024\/08\/web-Konzert-St.-Maternus-Trier-17.09.17-3a-scaled.jpg\" alt=\"Konzert in St. Maternus 17.09.17 | 50 Jahre Pfarrei St. Maternus Trier | Im Kreuz ist Leben | J. Reidenbach: Im Kreuz ist Heil (Urauff\u00fchrung) | R. Vaughan Williams: Five Mystical Songs | Werke v. Mendelssohn, Rheinberger, Stanford u. a. | Chorgemeinschaft und Kinderchor Heiligkreuz | D. J. Pike, Bariton | J. Still, Orgel | Ltg.: B. P\u00fctz\"><\/noscript> <a class=\"pb-link \" data-magnific=\"gallery-14\" data-caption=\"Konzert in St. Maternus 17.09.17 | 50 Jahre Pfarrei St. Maternus Trier | Im Kreuz ist Leben | J. Reidenbach: Im Kreuz ist Heil (Urauff\u00fchrung) | R. Vaughan Williams: Five Mystical Songs | Werke v. Mendelssohn, Rheinberger, Stanford u. a. | Chorgemeinschaft und Kinderchor Heiligkreuz | D. J. Pike, Bariton | J. Still, Orgel | Ltg.: B. P\u00fctz\" rel=\"\" target=\"\" href=\"https:\/\/burkhard-puetz.de\/wp-content\/uploads\/2024\/08\/web-Konzert-St.-Maternus-Trier-17.09.17-3a-scaled.jpg\"> <div class=\"pb-overlay\" style=\"\"> <div class=\"pb-caption-bottom\"> <span class=\"pb-description pb-caption-left\" style=\"\">Konzert in St. Maternus 17.09.17 | 50 Jahre Pfarrei St. Maternus Trier | Im Kreuz ist Leben | J. Reidenbach: Im Kreuz ist Heil (Urauff\u00fchrung) | R. Vaughan Williams: Five Mystical Songs | Werke v. Mendelssohn, Rheinberger, Stanford u. a. | Chorgemeinschaft und Kinderchor Heiligkreuz | D. J. Pike, Bariton | J. Still, Orgel | Ltg.: B. P\u00fctz<\/span> <\/div> <\/div> <\/a> <\/div> <div class=\"pb-block with-text with-social-or-text pb-landscape pb-width pb-type-image \" style=\"\" data-colspan=\"1\" data-rowspan=\"1\" data-col=\"3\" data-row=\"20\" data-valign=\"center\" data-halign=\"center\" data-type=\"image\" data-ratio=\"1.3333333333333\"> <img decoding=\"async\" class=\"pb-image skip-lazy \" src=\"data:image\/png;base64,iVBORw0KGgoAAAANSUhEUgAAAAEAAAABCAYAAAAfFcSJAAAADUlEQVR42mNkYPhfDwAChwGA60e6kgAAAABJRU5ErkJggg==\" data-pb-source=\"https:\/\/burkhardpuetz-i6psyu9my.live-website.com\/wp-content\/uploads\/2024\/08\/web-Konzert-St.-Maternus-Trier-17.09.17-4.jpg\" alt=\"Konzert in St. Maternus 17.09.17 | 50 Jahre Pfarrei St. Maternus Trier | Im Kreuz ist Leben | J. Reidenbach: Im Kreuz ist Heil (Urauff\u00fchrung) | R. Vaughan Williams: Five Mystical Songs | Werke v. Mendelssohn, Rheinberger, Stanford u. a. | Chorgemeinschaft und Kinderchor Heiligkreuz | D. J. Pike, Bariton | J. Still, Orgel | Ltg.: B. P\u00fctz\"> <noscript><img decoding=\"async\" src=\"https:\/\/burkhardpuetz-i6psyu9my.live-website.com\/wp-content\/uploads\/2024\/08\/web-Konzert-St.-Maternus-Trier-17.09.17-4.jpg\" alt=\"Konzert in St. Maternus 17.09.17 | 50 Jahre Pfarrei St. Maternus Trier | Im Kreuz ist Leben | J. Reidenbach: Im Kreuz ist Heil (Urauff\u00fchrung) | R. Vaughan Williams: Five Mystical Songs | Werke v. Mendelssohn, Rheinberger, Stanford u. a. | Chorgemeinschaft und Kinderchor Heiligkreuz | D. J. Pike, Bariton | J. Still, Orgel | Ltg.: B. P\u00fctz\"><\/noscript> <a class=\"pb-link \" data-magnific=\"gallery-14\" data-caption=\"Konzert in St. Maternus 17.09.17 | 50 Jahre Pfarrei St. Maternus Trier | Im Kreuz ist Leben | J. Reidenbach: Im Kreuz ist Heil (Urauff\u00fchrung) | R. Vaughan Williams: Five Mystical Songs | Werke v. Mendelssohn, Rheinberger, Stanford u. a. | Chorgemeinschaft und Kinderchor Heiligkreuz | D. J. Pike, Bariton | J. Still, Orgel | Ltg.: B. P\u00fctz\" rel=\"\" target=\"\" href=\"https:\/\/burkhard-puetz.de\/wp-content\/uploads\/2024\/08\/web-Konzert-St.-Maternus-Trier-17.09.17-4.jpg\"> <div class=\"pb-overlay\" style=\"\"> <div class=\"pb-caption-bottom\"> <span class=\"pb-description pb-caption-left\" style=\"\">Konzert in St. Maternus 17.09.17 | 50 Jahre Pfarrei St. Maternus Trier | Im Kreuz ist Leben | J. Reidenbach: Im Kreuz ist Heil (Urauff\u00fchrung) | R. Vaughan Williams: Five Mystical Songs | Werke v. Mendelssohn, Rheinberger, Stanford u. a. | Chorgemeinschaft und Kinderchor Heiligkreuz | D. J. Pike, Bariton | J. Still, Orgel | Ltg.: B. P\u00fctz<\/span> <\/div> <\/div> <\/a> <\/div> <div class=\"pb-block with-text with-social-or-text pb-landscape pb-width pb-type-image \" style=\"\" data-colspan=\"1\" data-rowspan=\"1\" data-col=\"0\" data-row=\"21\" data-valign=\"center\" data-halign=\"center\" data-type=\"image\" data-ratio=\"1.9234404536862\"> <img decoding=\"async\" class=\"pb-image skip-lazy \" src=\"data:image\/png;base64,iVBORw0KGgoAAAANSUhEUgAAAAEAAAABCAYAAAAfFcSJAAAADUlEQVR42mNkYPhfDwAChwGA60e6kgAAAABJRU5ErkJggg==\" data-pb-source=\"https:\/\/burkhardpuetz-i6psyu9my.live-website.com\/wp-content\/uploads\/2024\/08\/web-Konzert-St.-Maternus-Trier-17.09.17-6.jpg\" alt=\"Konzert in St. Maternus 17.09.17 | 50 Jahre Pfarrei St. Maternus Trier | Im Kreuz ist Leben | J. Reidenbach: Im Kreuz ist Heil (Urauff\u00fchrung) | R. Vaughan Williams: Five Mystical Songs | Werke v. Mendelssohn, Rheinberger, Stanford u. a. | Chorgemeinschaft und Kinderchor Heiligkreuz | D. J. Pike, Bariton | J. Still, Orgel | Ltg.: B. P\u00fctz\"> <noscript><img decoding=\"async\" src=\"https:\/\/burkhardpuetz-i6psyu9my.live-website.com\/wp-content\/uploads\/2024\/08\/web-Konzert-St.-Maternus-Trier-17.09.17-6.jpg\" alt=\"Konzert in St. Maternus 17.09.17 | 50 Jahre Pfarrei St. Maternus Trier | Im Kreuz ist Leben | J. Reidenbach: Im Kreuz ist Heil (Urauff\u00fchrung) | R. Vaughan Williams: Five Mystical Songs | Werke v. Mendelssohn, Rheinberger, Stanford u. a. | Chorgemeinschaft und Kinderchor Heiligkreuz | D. J. Pike, Bariton | J. Still, Orgel | Ltg.: B. P\u00fctz\"><\/noscript> <a class=\"pb-link \" data-magnific=\"gallery-14\" data-caption=\"Konzert in St. Maternus 17.09.17 | 50 Jahre Pfarrei St. Maternus Trier | Im Kreuz ist Leben | J. Reidenbach: Im Kreuz ist Heil (Urauff\u00fchrung) | R. Vaughan Williams: Five Mystical Songs | Werke v. Mendelssohn, Rheinberger, Stanford u. a. | Chorgemeinschaft und Kinderchor Heiligkreuz | D. J. Pike, Bariton | J. Still, Orgel | Ltg.: B. P\u00fctz\" rel=\"\" target=\"\" href=\"https:\/\/burkhard-puetz.de\/wp-content\/uploads\/2024\/08\/web-Konzert-St.-Maternus-Trier-17.09.17-6.jpg\"> <div class=\"pb-overlay\" style=\"\"> <div class=\"pb-caption-bottom\"> <span class=\"pb-description pb-caption-left\" style=\"\">Konzert in St. Maternus 17.09.17 | 50 Jahre Pfarrei St. Maternus Trier | Im Kreuz ist Leben | J. Reidenbach: Im Kreuz ist Heil (Urauff\u00fchrung) | R. Vaughan Williams: Five Mystical Songs | Werke v. Mendelssohn, Rheinberger, Stanford u. a. | Chorgemeinschaft und Kinderchor Heiligkreuz | D. J. Pike, Bariton | J. Still, Orgel | Ltg.: B. P\u00fctz<\/span> <\/div> <\/div> <\/a> <\/div> <div class=\"pb-block with-text with-social-or-text pb-landscape pb-width pb-type-image \" style=\"\" data-colspan=\"1\" data-rowspan=\"1\" data-col=\"1\" data-row=\"21\" data-valign=\"center\" data-halign=\"center\" data-type=\"image\" data-ratio=\"1.7799852832965\"> <img decoding=\"async\" class=\"pb-image skip-lazy \" src=\"data:image\/png;base64,iVBORw0KGgoAAAANSUhEUgAAAAEAAAABCAYAAAAfFcSJAAAADUlEQVR42mNkYPhfDwAChwGA60e6kgAAAABJRU5ErkJggg==\" data-pb-source=\"https:\/\/burkhardpuetz-i6psyu9my.live-website.com\/wp-content\/uploads\/2024\/08\/web-Konzert-St.-Maternus-Trier-17.09.17-6a.jpg\" alt=\"Konzert in St. Maternus 17.09.17 | 50 Jahre Pfarrei St. Maternus Trier | Im Kreuz ist Leben | J. Reidenbach: Im Kreuz ist Heil (Urauff\u00fchrung) | R. Vaughan Williams: Five Mystical Songs | Werke v. Mendelssohn, Rheinberger, Stanford u. a. | Chorgemeinschaft und Kinderchor Heiligkreuz | D. J. Pike, Bariton | J. Still, Orgel | Ltg.: B. P\u00fctz\"> <noscript><img decoding=\"async\" src=\"https:\/\/burkhardpuetz-i6psyu9my.live-website.com\/wp-content\/uploads\/2024\/08\/web-Konzert-St.-Maternus-Trier-17.09.17-6a.jpg\" alt=\"Konzert in St. Maternus 17.09.17 | 50 Jahre Pfarrei St. Maternus Trier | Im Kreuz ist Leben | J. Reidenbach: Im Kreuz ist Heil (Urauff\u00fchrung) | R. Vaughan Williams: Five Mystical Songs | Werke v. Mendelssohn, Rheinberger, Stanford u. a. | Chorgemeinschaft und Kinderchor Heiligkreuz | D. J. Pike, Bariton | J. Still, Orgel | Ltg.: B. P\u00fctz\"><\/noscript> <a class=\"pb-link \" data-magnific=\"gallery-14\" data-caption=\"Konzert in St. Maternus 17.09.17 | 50 Jahre Pfarrei St. Maternus Trier | Im Kreuz ist Leben | J. Reidenbach: Im Kreuz ist Heil (Urauff\u00fchrung) | R. Vaughan Williams: Five Mystical Songs | Werke v. Mendelssohn, Rheinberger, Stanford u. a. | Chorgemeinschaft und Kinderchor Heiligkreuz | D. J. Pike, Bariton | J. Still, Orgel | Ltg.: B. P\u00fctz\" rel=\"\" target=\"\" href=\"https:\/\/burkhard-puetz.de\/wp-content\/uploads\/2024\/08\/web-Konzert-St.-Maternus-Trier-17.09.17-6a.jpg\"> <div class=\"pb-overlay\" style=\"\"> <div class=\"pb-caption-bottom\"> <span class=\"pb-description pb-caption-left\" style=\"\">Konzert in St. Maternus 17.09.17 | 50 Jahre Pfarrei St. Maternus Trier | Im Kreuz ist Leben | J. Reidenbach: Im Kreuz ist Heil (Urauff\u00fchrung) | R. Vaughan Williams: Five Mystical Songs | Werke v. Mendelssohn, Rheinberger, Stanford u. a. | Chorgemeinschaft und Kinderchor Heiligkreuz | D. J. Pike, Bariton | J. Still, Orgel | Ltg.: B. P\u00fctz<\/span> <\/div> <\/div> <\/a> <\/div> <div class=\"pb-block with-text with-social-or-text pb-landscape pb-width pb-type-image \" style=\"\" data-colspan=\"1\" data-rowspan=\"1\" data-col=\"2\" data-row=\"21\" data-valign=\"center\" data-halign=\"center\" data-type=\"image\" data-ratio=\"1.3330578512397\"> <img decoding=\"async\" class=\"pb-image skip-lazy \" src=\"data:image\/png;base64,iVBORw0KGgoAAAANSUhEUgAAAAEAAAABCAYAAAAfFcSJAAAADUlEQVR42mNkYPhfDwAChwGA60e6kgAAAABJRU5ErkJggg==\" data-pb-source=\"https:\/\/burkhardpuetz-i6psyu9my.live-website.com\/wp-content\/uploads\/2024\/08\/1-72401492-a2ed-b83c-c7ba-0b44874de520.jpg\" alt=\"Festgottesdienst | 50 Jahre Pfarrei St. Maternus Trier 19.11.16 | Wolfgang Amadeus Mozart: Missa brevis in C (KV 220) &#039;Spatzenmesse&#039; f\u00fcr Soli, Chor, Trompeten, Posaunen, Pauken, Streicher und Basso continuo | aus &#039;Vesperae solennes de Confessore&#039;: Dixit Dominus (KV 339, 1) | Laudate Dominum (KV 339, 5) | Kirchensonate in C (KV 263) | Burkhard P\u00fctz: Liedkantate &#039;Gelobt seist du, Herr Jesu Christ&#039; | Antonia Lutz, Sopran | Maria Melts, Alt | Thomas Kuhnen, Tenor | Georg Weege, Bass | Chorgemeinschaft Heiligkreuz Trier | Ein Projektorchester | Anastasiya Valek, Orgel | Leitung: Dekanatskantor Burkhard P\u00fctz\"> <noscript><img decoding=\"async\" src=\"https:\/\/burkhardpuetz-i6psyu9my.live-website.com\/wp-content\/uploads\/2024\/08\/1-72401492-a2ed-b83c-c7ba-0b44874de520.jpg\" alt=\"Festgottesdienst | 50 Jahre Pfarrei St. Maternus Trier 19.11.16 | Wolfgang Amadeus Mozart: Missa brevis in C (KV 220) &#039;Spatzenmesse&#039; f\u00fcr Soli, Chor, Trompeten, Posaunen, Pauken, Streicher und Basso continuo | aus &#039;Vesperae solennes de Confessore&#039;: Dixit Dominus (KV 339, 1) | Laudate Dominum (KV 339, 5) | Kirchensonate in C (KV 263) | Burkhard P\u00fctz: Liedkantate &#039;Gelobt seist du, Herr Jesu Christ&#039; | Antonia Lutz, Sopran | Maria Melts, Alt | Thomas Kuhnen, Tenor | Georg Weege, Bass | Chorgemeinschaft Heiligkreuz Trier | Ein Projektorchester | Anastasiya Valek, Orgel | Leitung: Dekanatskantor Burkhard P\u00fctz\"><\/noscript> <a class=\"pb-link \" data-magnific=\"gallery-14\" data-caption=\"Festgottesdienst | 50 Jahre Pfarrei St. Maternus Trier 19.11.16 | Wolfgang Amadeus Mozart: Missa brevis in C (KV 220) 'Spatzenmesse' f\u00fcr Soli, Chor, Trompeten, Posaunen, Pauken, Streicher und Basso continuo | aus 'Vesperae solennes de Confessore': Dixit Dominus (KV 339, 1) | Laudate Dominum (KV 339, 5) | Kirchensonate in C (KV 263) | Burkhard P\u00fctz: Liedkantate 'Gelobt seist du, Herr Jesu Christ' | Antonia Lutz, Sopran | Maria Melts, Alt | Thomas Kuhnen, Tenor | Georg Weege, Bass | Chorgemeinschaft Heiligkreuz Trier | Ein Projektorchester | Anastasiya Valek, Orgel | Leitung: Dekanatskantor Burkhard P\u00fctz\" rel=\"\" target=\"\" href=\"https:\/\/burkhard-puetz.de\/wp-content\/uploads\/2024\/08\/1-72401492-a2ed-b83c-c7ba-0b44874de520.jpg\"> <div class=\"pb-overlay\" style=\"\"> <div class=\"pb-caption-bottom\"> <span class=\"pb-description pb-caption-left\" style=\"\">Festgottesdienst | 50 Jahre Pfarrei St. Maternus Trier 19.11.16 | Wolfgang Amadeus Mozart: Missa brevis in C (KV 220) 'Spatzenmesse' f\u00fcr Soli, Chor, Trompeten, Posaunen, Pauken, Streicher und Basso continuo | aus 'Vesperae solennes de Confessore': Dixit Dominus (KV 339, 1) | Laudate Dominum (KV 339, 5) | Kirchensonate in C (KV 263) | Burkhard P\u00fctz: Liedkantate 'Gelobt seist du, Herr Jesu Christ' | Antonia Lutz, Sopran | Maria Melts, Alt | Thomas Kuhnen, Tenor | Georg Weege, Bass | Chorgemeinschaft Heiligkreuz Trier | Ein Projektorchester | Anastasiya Valek, Orgel | Leitung: Dekanatskantor Burkhard P\u00fctz<\/span> <\/div> <\/div> <\/a> <\/div> <div class=\"pb-block with-text with-social-or-text pb-landscape pb-width pb-type-image \" style=\"\" data-colspan=\"1\" data-rowspan=\"1\" data-col=\"3\" data-row=\"21\" data-valign=\"center\" data-halign=\"center\" data-type=\"image\" data-ratio=\"1.3330578512397\"> <img decoding=\"async\" class=\"pb-image skip-lazy \" src=\"data:image\/png;base64,iVBORw0KGgoAAAANSUhEUgAAAAEAAAABCAYAAAAfFcSJAAAADUlEQVR42mNkYPhfDwAChwGA60e6kgAAAABJRU5ErkJggg==\" data-pb-source=\"https:\/\/burkhardpuetz-i6psyu9my.live-website.com\/wp-content\/uploads\/2024\/08\/2-733cbc68-c0c0-343b-ee1f-547e4f573fa6.jpg\" alt=\"Festgottesdienst | 50 Jahre Pfarrei St. Maternus Trier 19.11.16 | Wolfgang Amadeus Mozart: Missa brevis in C (KV 220) &#039;Spatzenmesse&#039; f\u00fcr Soli, Chor, Trompeten, Posaunen, Pauken, Streicher und Basso continuo | aus &#039;Vesperae solennes de Confessore&#039;: Dixit Dominus (KV 339, 1) | Laudate Dominum (KV 339, 5) | Kirchensonate in C (KV 263) | Burkhard P\u00fctz: Liedkantate &#039;Gelobt seist du, Herr Jesu Christ&#039; | Antonia Lutz, Sopran | Maria Melts, Alt | Thomas Kuhnen, Tenor | Georg Weege, Bass | Chorgemeinschaft Heiligkreuz Trier | Ein Projektorchester | Anastasiya Valek, Orgel | Leitung: Dekanatskantor Burkhard P\u00fctz\"> <noscript><img decoding=\"async\" src=\"https:\/\/burkhardpuetz-i6psyu9my.live-website.com\/wp-content\/uploads\/2024\/08\/2-733cbc68-c0c0-343b-ee1f-547e4f573fa6.jpg\" alt=\"Festgottesdienst | 50 Jahre Pfarrei St. Maternus Trier 19.11.16 | Wolfgang Amadeus Mozart: Missa brevis in C (KV 220) &#039;Spatzenmesse&#039; f\u00fcr Soli, Chor, Trompeten, Posaunen, Pauken, Streicher und Basso continuo | aus &#039;Vesperae solennes de Confessore&#039;: Dixit Dominus (KV 339, 1) | Laudate Dominum (KV 339, 5) | Kirchensonate in C (KV 263) | Burkhard P\u00fctz: Liedkantate &#039;Gelobt seist du, Herr Jesu Christ&#039; | Antonia Lutz, Sopran | Maria Melts, Alt | Thomas Kuhnen, Tenor | Georg Weege, Bass | Chorgemeinschaft Heiligkreuz Trier | Ein Projektorchester | Anastasiya Valek, Orgel | Leitung: Dekanatskantor Burkhard P\u00fctz\"><\/noscript> <a class=\"pb-link \" data-magnific=\"gallery-14\" data-caption=\"Festgottesdienst | 50 Jahre Pfarrei St. Maternus Trier 19.11.16 | Wolfgang Amadeus Mozart: Missa brevis in C (KV 220) 'Spatzenmesse' f\u00fcr Soli, Chor, Trompeten, Posaunen, Pauken, Streicher und Basso continuo | aus 'Vesperae solennes de Confessore': Dixit Dominus (KV 339, 1) | Laudate Dominum (KV 339, 5) | Kirchensonate in C (KV 263) | Burkhard P\u00fctz: Liedkantate 'Gelobt seist du, Herr Jesu Christ' | Antonia Lutz, Sopran | Maria Melts, Alt | Thomas Kuhnen, Tenor | Georg Weege, Bass | Chorgemeinschaft Heiligkreuz Trier | Ein Projektorchester | Anastasiya Valek, Orgel | Leitung: Dekanatskantor Burkhard P\u00fctz\" rel=\"\" target=\"\" href=\"https:\/\/burkhard-puetz.de\/wp-content\/uploads\/2024\/08\/2-733cbc68-c0c0-343b-ee1f-547e4f573fa6.jpg\"> <div class=\"pb-overlay\" style=\"\"> <div class=\"pb-caption-bottom\"> <span class=\"pb-description pb-caption-left\" style=\"\">Festgottesdienst | 50 Jahre Pfarrei St. Maternus Trier 19.11.16 | Wolfgang Amadeus Mozart: Missa brevis in C (KV 220) 'Spatzenmesse' f\u00fcr Soli, Chor, Trompeten, Posaunen, Pauken, Streicher und Basso continuo | aus 'Vesperae solennes de Confessore': Dixit Dominus (KV 339, 1) | Laudate Dominum (KV 339, 5) | Kirchensonate in C (KV 263) | Burkhard P\u00fctz: Liedkantate 'Gelobt seist du, Herr Jesu Christ' | Antonia Lutz, Sopran | Maria Melts, Alt | Thomas Kuhnen, Tenor | Georg Weege, Bass | Chorgemeinschaft Heiligkreuz Trier | Ein Projektorchester | Anastasiya Valek, Orgel | Leitung: Dekanatskantor Burkhard P\u00fctz<\/span> <\/div> <\/div> <\/a> <\/div> <div class=\"pb-block with-text with-social-or-text pb-landscape pb-width pb-type-image \" style=\"\" data-colspan=\"1\" data-rowspan=\"1\" data-col=\"0\" data-row=\"22\" data-valign=\"center\" data-halign=\"center\" data-type=\"image\" data-ratio=\"1.3330578512397\"> <img decoding=\"async\" class=\"pb-image skip-lazy \" src=\"data:image\/png;base64,iVBORw0KGgoAAAANSUhEUgAAAAEAAAABCAYAAAAfFcSJAAAADUlEQVR42mNkYPhfDwAChwGA60e6kgAAAABJRU5ErkJggg==\" data-pb-source=\"https:\/\/burkhardpuetz-i6psyu9my.live-website.com\/wp-content\/uploads\/2024\/08\/3-922aa4ba-05a8-ab10-7b4f-35dde47a9a26.jpg\" alt=\"Festgottesdienst | 50 Jahre Pfarrei St. Maternus Trier 19.11.16 | Wolfgang Amadeus Mozart: Missa brevis in C (KV 220) &#039;Spatzenmesse&#039; f\u00fcr Soli, Chor, Trompeten, Posaunen, Pauken, Streicher und Basso continuo | aus &#039;Vesperae solennes de Confessore&#039;: Dixit Dominus (KV 339, 1) | Laudate Dominum (KV 339, 5) | Kirchensonate in C (KV 263) | Burkhard P\u00fctz: Liedkantate &#039;Gelobt seist du, Herr Jesu Christ&#039; | Antonia Lutz, Sopran | Maria Melts, Alt | Thomas Kuhnen, Tenor | Georg Weege, Bass | Chorgemeinschaft Heiligkreuz Trier | Ein Projektorchester | Anastasiya Valek, Orgel | Leitung: Dekanatskantor Burkhard P\u00fctz\"> <noscript><img decoding=\"async\" src=\"https:\/\/burkhardpuetz-i6psyu9my.live-website.com\/wp-content\/uploads\/2024\/08\/3-922aa4ba-05a8-ab10-7b4f-35dde47a9a26.jpg\" alt=\"Festgottesdienst | 50 Jahre Pfarrei St. Maternus Trier 19.11.16 | Wolfgang Amadeus Mozart: Missa brevis in C (KV 220) &#039;Spatzenmesse&#039; f\u00fcr Soli, Chor, Trompeten, Posaunen, Pauken, Streicher und Basso continuo | aus &#039;Vesperae solennes de Confessore&#039;: Dixit Dominus (KV 339, 1) | Laudate Dominum (KV 339, 5) | Kirchensonate in C (KV 263) | Burkhard P\u00fctz: Liedkantate &#039;Gelobt seist du, Herr Jesu Christ&#039; | Antonia Lutz, Sopran | Maria Melts, Alt | Thomas Kuhnen, Tenor | Georg Weege, Bass | Chorgemeinschaft Heiligkreuz Trier | Ein Projektorchester | Anastasiya Valek, Orgel | Leitung: Dekanatskantor Burkhard P\u00fctz\"><\/noscript> <a class=\"pb-link \" data-magnific=\"gallery-14\" data-caption=\"Festgottesdienst | 50 Jahre Pfarrei St. Maternus Trier 19.11.16 | Wolfgang Amadeus Mozart: Missa brevis in C (KV 220) 'Spatzenmesse' f\u00fcr Soli, Chor, Trompeten, Posaunen, Pauken, Streicher und Basso continuo | aus 'Vesperae solennes de Confessore': Dixit Dominus (KV 339, 1) | Laudate Dominum (KV 339, 5) | Kirchensonate in C (KV 263) | Burkhard P\u00fctz: Liedkantate 'Gelobt seist du, Herr Jesu Christ' | Antonia Lutz, Sopran | Maria Melts, Alt | Thomas Kuhnen, Tenor | Georg Weege, Bass | Chorgemeinschaft Heiligkreuz Trier | Ein Projektorchester | Anastasiya Valek, Orgel | Leitung: Dekanatskantor Burkhard P\u00fctz\" rel=\"\" target=\"\" href=\"https:\/\/burkhard-puetz.de\/wp-content\/uploads\/2024\/08\/3-922aa4ba-05a8-ab10-7b4f-35dde47a9a26.jpg\"> <div class=\"pb-overlay\" style=\"\"> <div class=\"pb-caption-bottom\"> <span class=\"pb-description pb-caption-left\" style=\"\">Festgottesdienst | 50 Jahre Pfarrei St. Maternus Trier 19.11.16 | Wolfgang Amadeus Mozart: Missa brevis in C (KV 220) 'Spatzenmesse' f\u00fcr Soli, Chor, Trompeten, Posaunen, Pauken, Streicher und Basso continuo | aus 'Vesperae solennes de Confessore': Dixit Dominus (KV 339, 1) | Laudate Dominum (KV 339, 5) | Kirchensonate in C (KV 263) | Burkhard P\u00fctz: Liedkantate 'Gelobt seist du, Herr Jesu Christ' | Antonia Lutz, Sopran | Maria Melts, Alt | Thomas Kuhnen, Tenor | Georg Weege, Bass | Chorgemeinschaft Heiligkreuz Trier | Ein Projektorchester | Anastasiya Valek, Orgel | Leitung: Dekanatskantor Burkhard P\u00fctz<\/span> <\/div> <\/div> <\/a> <\/div> <div class=\"pb-block with-text with-social-or-text pb-landscape pb-width pb-type-image \" style=\"\" data-colspan=\"1\" data-rowspan=\"1\" data-col=\"1\" data-row=\"22\" data-valign=\"center\" data-halign=\"center\" data-type=\"image\" data-ratio=\"1.2851239669421\"> <img decoding=\"async\" class=\"pb-image skip-lazy \" src=\"data:image\/png;base64,iVBORw0KGgoAAAANSUhEUgAAAAEAAAABCAYAAAAfFcSJAAAADUlEQVR42mNkYPhfDwAChwGA60e6kgAAAABJRU5ErkJggg==\" data-pb-source=\"https:\/\/burkhardpuetz-i6psyu9my.live-website.com\/wp-content\/uploads\/2024\/08\/4-55f5141e-e9c3-93de-48bb-5c640f57777e.jpg\" alt=\"Festgottesdienst | 50 Jahre Pfarrei St. Maternus Trier 19.11.16 | Wolfgang Amadeus Mozart: Missa brevis in C (KV 220) &#039;Spatzenmesse&#039; f\u00fcr Soli, Chor, Trompeten, Posaunen, Pauken, Streicher und Basso continuo | aus &#039;Vesperae solennes de Confessore&#039;: Dixit Dominus (KV 339, 1) | Laudate Dominum (KV 339, 5) | Kirchensonate in C (KV 263) | Burkhard P\u00fctz: Liedkantate &#039;Gelobt seist du, Herr Jesu Christ&#039; | Antonia Lutz, Sopran | Maria Melts, Alt | Thomas Kuhnen, Tenor | Georg Weege, Bass | Chorgemeinschaft Heiligkreuz Trier | Ein Projektorchester | Anastasiya Valek, Orgel | Leitung: Dekanatskantor Burkhard P\u00fctz\"> <noscript><img decoding=\"async\" src=\"https:\/\/burkhardpuetz-i6psyu9my.live-website.com\/wp-content\/uploads\/2024\/08\/4-55f5141e-e9c3-93de-48bb-5c640f57777e.jpg\" alt=\"Festgottesdienst | 50 Jahre Pfarrei St. Maternus Trier 19.11.16 | Wolfgang Amadeus Mozart: Missa brevis in C (KV 220) &#039;Spatzenmesse&#039; f\u00fcr Soli, Chor, Trompeten, Posaunen, Pauken, Streicher und Basso continuo | aus &#039;Vesperae solennes de Confessore&#039;: Dixit Dominus (KV 339, 1) | Laudate Dominum (KV 339, 5) | Kirchensonate in C (KV 263) | Burkhard P\u00fctz: Liedkantate &#039;Gelobt seist du, Herr Jesu Christ&#039; | Antonia Lutz, Sopran | Maria Melts, Alt | Thomas Kuhnen, Tenor | Georg Weege, Bass | Chorgemeinschaft Heiligkreuz Trier | Ein Projektorchester | Anastasiya Valek, Orgel | Leitung: Dekanatskantor Burkhard P\u00fctz\"><\/noscript> <a class=\"pb-link \" data-magnific=\"gallery-14\" data-caption=\"Festgottesdienst | 50 Jahre Pfarrei St. Maternus Trier 19.11.16 | Wolfgang Amadeus Mozart: Missa brevis in C (KV 220) 'Spatzenmesse' f\u00fcr Soli, Chor, Trompeten, Posaunen, Pauken, Streicher und Basso continuo | aus 'Vesperae solennes de Confessore': Dixit Dominus (KV 339, 1) | Laudate Dominum (KV 339, 5) | Kirchensonate in C (KV 263) | Burkhard P\u00fctz: Liedkantate 'Gelobt seist du, Herr Jesu Christ' | Antonia Lutz, Sopran | Maria Melts, Alt | Thomas Kuhnen, Tenor | Georg Weege, Bass | Chorgemeinschaft Heiligkreuz Trier | Ein Projektorchester | Anastasiya Valek, Orgel | Leitung: Dekanatskantor Burkhard P\u00fctz\" rel=\"\" target=\"\" href=\"https:\/\/burkhard-puetz.de\/wp-content\/uploads\/2024\/08\/4-55f5141e-e9c3-93de-48bb-5c640f57777e.jpg\"> <div class=\"pb-overlay\" style=\"\"> <div class=\"pb-caption-bottom\"> <span class=\"pb-description pb-caption-left\" style=\"\">Festgottesdienst | 50 Jahre Pfarrei St. Maternus Trier 19.11.16 | Wolfgang Amadeus Mozart: Missa brevis in C (KV 220) 'Spatzenmesse' f\u00fcr Soli, Chor, Trompeten, Posaunen, Pauken, Streicher und Basso continuo | aus 'Vesperae solennes de Confessore': Dixit Dominus (KV 339, 1) | Laudate Dominum (KV 339, 5) | Kirchensonate in C (KV 263) | Burkhard P\u00fctz: Liedkantate 'Gelobt seist du, Herr Jesu Christ' | Antonia Lutz, Sopran | Maria Melts, Alt | Thomas Kuhnen, Tenor | Georg Weege, Bass | Chorgemeinschaft Heiligkreuz Trier | Ein Projektorchester | Anastasiya Valek, Orgel | Leitung: Dekanatskantor Burkhard P\u00fctz<\/span> <\/div> <\/div> <\/a> <\/div> <div class=\"pb-block with-text with-social-or-text pb-landscape pb-width pb-type-image \" style=\"\" data-colspan=\"1\" data-rowspan=\"1\" data-col=\"2\" data-row=\"22\" data-valign=\"center\" data-halign=\"center\" data-type=\"image\" data-ratio=\"1.3330578512397\"> <img decoding=\"async\" class=\"pb-image skip-lazy \" src=\"data:image\/png;base64,iVBORw0KGgoAAAANSUhEUgAAAAEAAAABCAYAAAAfFcSJAAAADUlEQVR42mNkYPhfDwAChwGA60e6kgAAAABJRU5ErkJggg==\" data-pb-source=\"https:\/\/burkhardpuetz-i6psyu9my.live-website.com\/wp-content\/uploads\/2024\/08\/5-baed15b2-ae78-ff57-bd4f-24fbeb332e5a.jpg\" alt=\"Festgottesdienst | 50 Jahre Pfarrei St. Maternus Trier 19.11.16 | Wolfgang Amadeus Mozart: Missa brevis in C (KV 220) &#039;Spatzenmesse&#039; f\u00fcr Soli, Chor, Trompeten, Posaunen, Pauken, Streicher und Basso continuo | aus &#039;Vesperae solennes de Confessore&#039;: Dixit Dominus (KV 339, 1) | Laudate Dominum (KV 339, 5) | Kirchensonate in C (KV 263) | Burkhard P\u00fctz: Liedkantate &#039;Gelobt seist du, Herr Jesu Christ&#039; | Antonia Lutz, Sopran | Maria Melts, Alt | Thomas Kuhnen, Tenor | Georg Weege, Bass | Chorgemeinschaft Heiligkreuz Trier | Ein Projektorchester | Anastasiya Valek, Orgel | Leitung: Dekanatskantor Burkhard P\u00fctz\"> <noscript><img decoding=\"async\" src=\"https:\/\/burkhardpuetz-i6psyu9my.live-website.com\/wp-content\/uploads\/2024\/08\/5-baed15b2-ae78-ff57-bd4f-24fbeb332e5a.jpg\" alt=\"Festgottesdienst | 50 Jahre Pfarrei St. Maternus Trier 19.11.16 | Wolfgang Amadeus Mozart: Missa brevis in C (KV 220) &#039;Spatzenmesse&#039; f\u00fcr Soli, Chor, Trompeten, Posaunen, Pauken, Streicher und Basso continuo | aus &#039;Vesperae solennes de Confessore&#039;: Dixit Dominus (KV 339, 1) | Laudate Dominum (KV 339, 5) | Kirchensonate in C (KV 263) | Burkhard P\u00fctz: Liedkantate &#039;Gelobt seist du, Herr Jesu Christ&#039; | Antonia Lutz, Sopran | Maria Melts, Alt | Thomas Kuhnen, Tenor | Georg Weege, Bass | Chorgemeinschaft Heiligkreuz Trier | Ein Projektorchester | Anastasiya Valek, Orgel | Leitung: Dekanatskantor Burkhard P\u00fctz\"><\/noscript> <a class=\"pb-link \" data-magnific=\"gallery-14\" data-caption=\"Festgottesdienst | 50 Jahre Pfarrei St. Maternus Trier 19.11.16 | Wolfgang Amadeus Mozart: Missa brevis in C (KV 220) 'Spatzenmesse' f\u00fcr Soli, Chor, Trompeten, Posaunen, Pauken, Streicher und Basso continuo | aus 'Vesperae solennes de Confessore': Dixit Dominus (KV 339, 1) | Laudate Dominum (KV 339, 5) | Kirchensonate in C (KV 263) | Burkhard P\u00fctz: Liedkantate 'Gelobt seist du, Herr Jesu Christ' | Antonia Lutz, Sopran | Maria Melts, Alt | Thomas Kuhnen, Tenor | Georg Weege, Bass | Chorgemeinschaft Heiligkreuz Trier | Ein Projektorchester | Anastasiya Valek, Orgel | Leitung: Dekanatskantor Burkhard P\u00fctz\" rel=\"\" target=\"\" href=\"https:\/\/burkhard-puetz.de\/wp-content\/uploads\/2024\/08\/5-baed15b2-ae78-ff57-bd4f-24fbeb332e5a.jpg\"> <div class=\"pb-overlay\" style=\"\"> <div class=\"pb-caption-bottom\"> <span class=\"pb-description pb-caption-left\" style=\"\">Festgottesdienst | 50 Jahre Pfarrei St. Maternus Trier 19.11.16 | Wolfgang Amadeus Mozart: Missa brevis in C (KV 220) 'Spatzenmesse' f\u00fcr Soli, Chor, Trompeten, Posaunen, Pauken, Streicher und Basso continuo | aus 'Vesperae solennes de Confessore': Dixit Dominus (KV 339, 1) | Laudate Dominum (KV 339, 5) | Kirchensonate in C (KV 263) | Burkhard P\u00fctz: Liedkantate 'Gelobt seist du, Herr Jesu Christ' | Antonia Lutz, Sopran | Maria Melts, Alt | Thomas Kuhnen, Tenor | Georg Weege, Bass | Chorgemeinschaft Heiligkreuz Trier | Ein Projektorchester | Anastasiya Valek, Orgel | Leitung: Dekanatskantor Burkhard P\u00fctz<\/span> <\/div> <\/div> <\/a> <\/div> <div class=\"pb-block with-text with-social-or-text pb-landscape pb-width pb-type-image \" style=\"\" data-colspan=\"1\" data-rowspan=\"1\" data-col=\"3\" data-row=\"22\" data-valign=\"center\" data-halign=\"center\" data-type=\"image\" data-ratio=\"1.3330578512397\"> <img decoding=\"async\" class=\"pb-image skip-lazy \" src=\"data:image\/png;base64,iVBORw0KGgoAAAANSUhEUgAAAAEAAAABCAYAAAAfFcSJAAAADUlEQVR42mNkYPhfDwAChwGA60e6kgAAAABJRU5ErkJggg==\" data-pb-source=\"https:\/\/burkhardpuetz-i6psyu9my.live-website.com\/wp-content\/uploads\/2024\/08\/6-b01b329b-281c-5e2d-7812-8c9fabcf4cb7.jpg\" alt=\"Festgottesdienst | 50 Jahre Pfarrei St. Maternus Trier 19.11.16 | Wolfgang Amadeus Mozart: Missa brevis in C (KV 220) &#039;Spatzenmesse&#039; f\u00fcr Soli, Chor, Trompeten, Posaunen, Pauken, Streicher und Basso continuo | aus &#039;Vesperae solennes de Confessore&#039;: Dixit Dominus (KV 339, 1) | Laudate Dominum (KV 339, 5) | Kirchensonate in C (KV 263) | Burkhard P\u00fctz: Liedkantate &#039;Gelobt seist du, Herr Jesu Christ&#039; | Antonia Lutz, Sopran | Maria Melts, Alt | Thomas Kuhnen, Tenor | Georg Weege, Bass | Chorgemeinschaft Heiligkreuz Trier | Ein Projektorchester | Anastasiya Valek, Orgel | Leitung: Dekanatskantor Burkhard P\u00fctz\"> <noscript><img decoding=\"async\" src=\"https:\/\/burkhardpuetz-i6psyu9my.live-website.com\/wp-content\/uploads\/2024\/08\/6-b01b329b-281c-5e2d-7812-8c9fabcf4cb7.jpg\" alt=\"Festgottesdienst | 50 Jahre Pfarrei St. Maternus Trier 19.11.16 | Wolfgang Amadeus Mozart: Missa brevis in C (KV 220) &#039;Spatzenmesse&#039; f\u00fcr Soli, Chor, Trompeten, Posaunen, Pauken, Streicher und Basso continuo | aus &#039;Vesperae solennes de Confessore&#039;: Dixit Dominus (KV 339, 1) | Laudate Dominum (KV 339, 5) | Kirchensonate in C (KV 263) | Burkhard P\u00fctz: Liedkantate &#039;Gelobt seist du, Herr Jesu Christ&#039; | Antonia Lutz, Sopran | Maria Melts, Alt | Thomas Kuhnen, Tenor | Georg Weege, Bass | Chorgemeinschaft Heiligkreuz Trier | Ein Projektorchester | Anastasiya Valek, Orgel | Leitung: Dekanatskantor Burkhard P\u00fctz\"><\/noscript> <a class=\"pb-link \" data-magnific=\"gallery-14\" data-caption=\"Festgottesdienst | 50 Jahre Pfarrei St. Maternus Trier 19.11.16 | Wolfgang Amadeus Mozart: Missa brevis in C (KV 220) 'Spatzenmesse' f\u00fcr Soli, Chor, Trompeten, Posaunen, Pauken, Streicher und Basso continuo | aus 'Vesperae solennes de Confessore': Dixit Dominus (KV 339, 1) | Laudate Dominum (KV 339, 5) | Kirchensonate in C (KV 263) | Burkhard P\u00fctz: Liedkantate 'Gelobt seist du, Herr Jesu Christ' | Antonia Lutz, Sopran | Maria Melts, Alt | Thomas Kuhnen, Tenor | Georg Weege, Bass | Chorgemeinschaft Heiligkreuz Trier | Ein Projektorchester | Anastasiya Valek, Orgel | Leitung: Dekanatskantor Burkhard P\u00fctz\" rel=\"\" target=\"\" href=\"https:\/\/burkhard-puetz.de\/wp-content\/uploads\/2024\/08\/6-b01b329b-281c-5e2d-7812-8c9fabcf4cb7.jpg\"> <div class=\"pb-overlay\" style=\"\"> <div class=\"pb-caption-bottom\"> <span class=\"pb-description pb-caption-left\" style=\"\">Festgottesdienst | 50 Jahre Pfarrei St. Maternus Trier 19.11.16 | Wolfgang Amadeus Mozart: Missa brevis in C (KV 220) 'Spatzenmesse' f\u00fcr Soli, Chor, Trompeten, Posaunen, Pauken, Streicher und Basso continuo | aus 'Vesperae solennes de Confessore': Dixit Dominus (KV 339, 1) | Laudate Dominum (KV 339, 5) | Kirchensonate in C (KV 263) | Burkhard P\u00fctz: Liedkantate 'Gelobt seist du, Herr Jesu Christ' | Antonia Lutz, Sopran | Maria Melts, Alt | Thomas Kuhnen, Tenor | Georg Weege, Bass | Chorgemeinschaft Heiligkreuz Trier | Ein Projektorchester | Anastasiya Valek, Orgel | Leitung: Dekanatskantor Burkhard P\u00fctz<\/span> <\/div> <\/div> <\/a> <\/div> <div class=\"pb-block with-text with-social-or-text pb-landscape pb-width pb-type-image \" style=\"\" data-colspan=\"1\" data-rowspan=\"1\" data-col=\"0\" data-row=\"23\" data-valign=\"center\" data-halign=\"center\" data-type=\"image\" data-ratio=\"1.3330578512397\"> <img decoding=\"async\" class=\"pb-image skip-lazy \" src=\"data:image\/png;base64,iVBORw0KGgoAAAANSUhEUgAAAAEAAAABCAYAAAAfFcSJAAAADUlEQVR42mNkYPhfDwAChwGA60e6kgAAAABJRU5ErkJggg==\" data-pb-source=\"https:\/\/burkhardpuetz-i6psyu9my.live-website.com\/wp-content\/uploads\/2024\/08\/7-04c06913-aa1e-1c61-1d0d-10299655cb13.jpg\" alt=\"Festgottesdienst | 50 Jahre Pfarrei St. Maternus Trier 19.11.16 | Wolfgang Amadeus Mozart: Missa brevis in C (KV 220) &#039;Spatzenmesse&#039; f\u00fcr Soli, Chor, Trompeten, Posaunen, Pauken, Streicher und Basso continuo | aus &#039;Vesperae solennes de Confessore&#039;: Dixit Dominus (KV 339, 1) | Laudate Dominum (KV 339, 5) | Kirchensonate in C (KV 263) | Burkhard P\u00fctz: Liedkantate &#039;Gelobt seist du, Herr Jesu Christ&#039; | Antonia Lutz, Sopran | Maria Melts, Alt | Thomas Kuhnen, Tenor | Georg Weege, Bass | Chorgemeinschaft Heiligkreuz Trier | Ein Projektorchester | Anastasiya Valek, Orgel | Leitung: Dekanatskantor Burkhard P\u00fctz\"> <noscript><img decoding=\"async\" src=\"https:\/\/burkhardpuetz-i6psyu9my.live-website.com\/wp-content\/uploads\/2024\/08\/7-04c06913-aa1e-1c61-1d0d-10299655cb13.jpg\" alt=\"Festgottesdienst | 50 Jahre Pfarrei St. Maternus Trier 19.11.16 | Wolfgang Amadeus Mozart: Missa brevis in C (KV 220) &#039;Spatzenmesse&#039; f\u00fcr Soli, Chor, Trompeten, Posaunen, Pauken, Streicher und Basso continuo | aus &#039;Vesperae solennes de Confessore&#039;: Dixit Dominus (KV 339, 1) | Laudate Dominum (KV 339, 5) | Kirchensonate in C (KV 263) | Burkhard P\u00fctz: Liedkantate &#039;Gelobt seist du, Herr Jesu Christ&#039; | Antonia Lutz, Sopran | Maria Melts, Alt | Thomas Kuhnen, Tenor | Georg Weege, Bass | Chorgemeinschaft Heiligkreuz Trier | Ein Projektorchester | Anastasiya Valek, Orgel | Leitung: Dekanatskantor Burkhard P\u00fctz\"><\/noscript> <a class=\"pb-link \" data-magnific=\"gallery-14\" data-caption=\"Festgottesdienst | 50 Jahre Pfarrei St. Maternus Trier 19.11.16 | Wolfgang Amadeus Mozart: Missa brevis in C (KV 220) 'Spatzenmesse' f\u00fcr Soli, Chor, Trompeten, Posaunen, Pauken, Streicher und Basso continuo | aus 'Vesperae solennes de Confessore': Dixit Dominus (KV 339, 1) | Laudate Dominum (KV 339, 5) | Kirchensonate in C (KV 263) | Burkhard P\u00fctz: Liedkantate 'Gelobt seist du, Herr Jesu Christ' | Antonia Lutz, Sopran | Maria Melts, Alt | Thomas Kuhnen, Tenor | Georg Weege, Bass | Chorgemeinschaft Heiligkreuz Trier | Ein Projektorchester | Anastasiya Valek, Orgel | Leitung: Dekanatskantor Burkhard P\u00fctz\" rel=\"\" target=\"\" href=\"https:\/\/burkhard-puetz.de\/wp-content\/uploads\/2024\/08\/7-04c06913-aa1e-1c61-1d0d-10299655cb13.jpg\"> <div class=\"pb-overlay\" style=\"\"> <div class=\"pb-caption-bottom\"> <span class=\"pb-description pb-caption-left\" style=\"\">Festgottesdienst | 50 Jahre Pfarrei St. Maternus Trier 19.11.16 | Wolfgang Amadeus Mozart: Missa brevis in C (KV 220) 'Spatzenmesse' f\u00fcr Soli, Chor, Trompeten, Posaunen, Pauken, Streicher und Basso continuo | aus 'Vesperae solennes de Confessore': Dixit Dominus (KV 339, 1) | Laudate Dominum (KV 339, 5) | Kirchensonate in C (KV 263) | Burkhard P\u00fctz: Liedkantate 'Gelobt seist du, Herr Jesu Christ' | Antonia Lutz, Sopran | Maria Melts, Alt | Thomas Kuhnen, Tenor | Georg Weege, Bass | Chorgemeinschaft Heiligkreuz Trier | Ein Projektorchester | Anastasiya Valek, Orgel | Leitung: Dekanatskantor Burkhard P\u00fctz<\/span> <\/div> <\/div> <\/a> <\/div> <div class=\"pb-block with-text with-social-or-text pb-landscape pb-width pb-type-image \" style=\"\" data-colspan=\"1\" data-rowspan=\"1\" data-col=\"1\" data-row=\"23\" data-valign=\"center\" data-halign=\"center\" data-type=\"image\" data-ratio=\"1.8962962962963\"> <img decoding=\"async\" class=\"pb-image skip-lazy \" src=\"data:image\/png;base64,iVBORw0KGgoAAAANSUhEUgAAAAEAAAABCAYAAAAfFcSJAAAADUlEQVR42mNkYPhfDwAChwGA60e6kgAAAABJRU5ErkJggg==\" data-pb-source=\"https:\/\/burkhardpuetz-i6psyu9my.live-website.com\/wp-content\/uploads\/2024\/08\/Chorgemeinschaft-Heiligkreuz-Trier-vor-dem-Dreikoenigenschrein-Koelner-Dom-19.07.15-1-scaled.jpg\" alt=\"Kapitelsamt im K\u00f6lner Dom am 19.07.15 | L\u00e9o Delibes: Messe br\u00e8ve f\u00fcr Chor, Blechbl\u00e4ser und Orgel | Flor Peeters: Entrata festiva op. 93 | Johann Sebastian Bach: Nun danket alle Gott (aus der Kantate BWV 79) | Eug\u00e8ne Gigout: Grand Choeur Dialogu\u00e9 | Chorgemeinschaft Heiligkreuz Trier | Marco Jakobs und Frank Wilhelmi, Trompete | Christoph Neumann und Reimund Berg, Posaune | Martin Schaefer, Pauken | Gilles Leyers (Luxemburg), Orgel | Leitung: Dekanatskantor Burkhard P\u00fctz | Gl\u00fcckliche Gesichter nach der musikalischen Gestaltung des Kapitelsamtes | Die Chorgemeinschaft Heiligkreuz vor dem Dreik\u00f6nigenschrein\"> <noscript><img decoding=\"async\" src=\"https:\/\/burkhardpuetz-i6psyu9my.live-website.com\/wp-content\/uploads\/2024\/08\/Chorgemeinschaft-Heiligkreuz-Trier-vor-dem-Dreikoenigenschrein-Koelner-Dom-19.07.15-1-scaled.jpg\" alt=\"Kapitelsamt im K\u00f6lner Dom am 19.07.15 | L\u00e9o Delibes: Messe br\u00e8ve f\u00fcr Chor, Blechbl\u00e4ser und Orgel | Flor Peeters: Entrata festiva op. 93 | Johann Sebastian Bach: Nun danket alle Gott (aus der Kantate BWV 79) | Eug\u00e8ne Gigout: Grand Choeur Dialogu\u00e9 | Chorgemeinschaft Heiligkreuz Trier | Marco Jakobs und Frank Wilhelmi, Trompete | Christoph Neumann und Reimund Berg, Posaune | Martin Schaefer, Pauken | Gilles Leyers (Luxemburg), Orgel | Leitung: Dekanatskantor Burkhard P\u00fctz | Gl\u00fcckliche Gesichter nach der musikalischen Gestaltung des Kapitelsamtes | Die Chorgemeinschaft Heiligkreuz vor dem Dreik\u00f6nigenschrein\"><\/noscript> <a class=\"pb-link \" data-magnific=\"gallery-14\" data-caption=\"Kapitelsamt im K\u00f6lner Dom am 19.07.15 | L\u00e9o Delibes: Messe br\u00e8ve f\u00fcr Chor, Blechbl\u00e4ser und Orgel | Flor Peeters: Entrata festiva op. 93 | Johann Sebastian Bach: Nun danket alle Gott (aus der Kantate BWV 79) | Eug\u00e8ne Gigout: Grand Choeur Dialogu\u00e9 | Chorgemeinschaft Heiligkreuz Trier | Marco Jakobs und Frank Wilhelmi, Trompete | Christoph Neumann und Reimund Berg, Posaune | Martin Schaefer, Pauken | Gilles Leyers (Luxemburg), Orgel | Leitung: Dekanatskantor Burkhard P\u00fctz | Gl\u00fcckliche Gesichter nach der musikalischen Gestaltung des Kapitelsamtes | Die Chorgemeinschaft Heiligkreuz vor dem Dreik\u00f6nigenschrein\" rel=\"\" target=\"\" href=\"https:\/\/burkhard-puetz.de\/wp-content\/uploads\/2024\/08\/Chorgemeinschaft-Heiligkreuz-Trier-vor-dem-Dreikoenigenschrein-Koelner-Dom-19.07.15-1-scaled.jpg\"> <div class=\"pb-overlay\" style=\"\"> <div class=\"pb-caption-bottom\"> <span class=\"pb-description pb-caption-left\" style=\"\">Kapitelsamt im K\u00f6lner Dom am 19.07.15 | L\u00e9o Delibes: Messe br\u00e8ve f\u00fcr Chor, Blechbl\u00e4ser und Orgel | Flor Peeters: Entrata festiva op. 93 | Johann Sebastian Bach: Nun danket alle Gott (aus der Kantate BWV 79) | Eug\u00e8ne Gigout: Grand Choeur Dialogu\u00e9 | Chorgemeinschaft Heiligkreuz Trier | Marco Jakobs und Frank Wilhelmi, Trompete | Christoph Neumann und Reimund Berg, Posaune | Martin Schaefer, Pauken | Gilles Leyers (Luxemburg), Orgel | Leitung: Dekanatskantor Burkhard P\u00fctz | Gl\u00fcckliche Gesichter nach der musikalischen Gestaltung des Kapitelsamtes | Die Chorgemeinschaft Heiligkreuz vor dem Dreik\u00f6nigenschrein<\/span> <\/div> <\/div> <\/a> <\/div> <div class=\"pb-block with-text with-social-or-text pb-landscape pb-width pb-type-image \" style=\"\" data-colspan=\"1\" data-rowspan=\"1\" data-col=\"2\" data-row=\"23\" data-valign=\"center\" data-halign=\"center\" data-type=\"image\" data-ratio=\"1.4883427851292\"> <img decoding=\"async\" class=\"pb-image skip-lazy \" src=\"data:image\/png;base64,iVBORw0KGgoAAAANSUhEUgAAAAEAAAABCAYAAAAfFcSJAAAADUlEQVR42mNkYPhfDwAChwGA60e6kgAAAABJRU5ErkJggg==\" data-pb-source=\"https:\/\/burkhardpuetz-i6psyu9my.live-website.com\/wp-content\/uploads\/2024\/08\/Ehrungen-Chorgemeinschaft-Heiligkreuz-Trier-22.11.14.jpg\" alt=\"Ehrungen bei der Chorgemeinschaft Heiligkreuz Trier, C\u00e4cilienfest 22.11.14 | 2. Reihe (v.l.n.r.): Pfarrer Theo Welsch, Heinz Josef Nisius (65 Jahre), Andrea K\u00e4mper (25 J.), Alfons Krempchen (Ehrenvorsitzender) | 1. Reihe: Ursula Schmitt-Sch\u00e4fer (40 J.), Katrin Heintz (25 J.)\"> <noscript><img decoding=\"async\" src=\"https:\/\/burkhardpuetz-i6psyu9my.live-website.com\/wp-content\/uploads\/2024\/08\/Ehrungen-Chorgemeinschaft-Heiligkreuz-Trier-22.11.14.jpg\" alt=\"Ehrungen bei der Chorgemeinschaft Heiligkreuz Trier, C\u00e4cilienfest 22.11.14 | 2. Reihe (v.l.n.r.): Pfarrer Theo Welsch, Heinz Josef Nisius (65 Jahre), Andrea K\u00e4mper (25 J.), Alfons Krempchen (Ehrenvorsitzender) | 1. Reihe: Ursula Schmitt-Sch\u00e4fer (40 J.), Katrin Heintz (25 J.)\"><\/noscript> <a class=\"pb-link \" data-magnific=\"gallery-14\" data-caption=\"Ehrungen bei der Chorgemeinschaft Heiligkreuz Trier, C\u00e4cilienfest 22.11.14 | 2. Reihe (v.l.n.r.): Pfarrer Theo Welsch, Heinz Josef Nisius (65 Jahre), Andrea K\u00e4mper (25 J.), Alfons Krempchen (Ehrenvorsitzender) | 1. Reihe: Ursula Schmitt-Sch\u00e4fer (40 J.), Katrin Heintz (25 J.)\" rel=\"\" target=\"\" href=\"https:\/\/burkhard-puetz.de\/wp-content\/uploads\/2024\/08\/Ehrungen-Chorgemeinschaft-Heiligkreuz-Trier-22.11.14.jpg\"> <div class=\"pb-overlay\" style=\"\"> <div class=\"pb-caption-bottom\"> <span class=\"pb-description pb-caption-left\" style=\"\">Ehrungen bei der Chorgemeinschaft Heiligkreuz Trier, C\u00e4cilienfest 22.11.14 | 2. Reihe (v.l.n.r.): Pfarrer Theo Welsch, Heinz Josef Nisius (65 Jahre), Andrea K\u00e4mper (25 J.), Alfons Krempchen (Ehrenvorsitzender) | 1. Reihe: Ursula Schmitt-Sch\u00e4fer (40 J.), Katrin Heintz (25 J.)<\/span> <\/div> <\/div> <\/a> <\/div> <div class=\"pb-block with-text with-social-or-text pb-landscape pb-width pb-type-image \" style=\"\" data-colspan=\"1\" data-rowspan=\"1\" data-col=\"3\" data-row=\"23\" data-valign=\"center\" data-halign=\"center\" data-type=\"image\" data-ratio=\"1.5058823529412\"> <img decoding=\"async\" class=\"pb-image skip-lazy \" src=\"data:image\/png;base64,iVBORw0KGgoAAAANSUhEUgAAAAEAAAABCAYAAAAfFcSJAAAADUlEQVR42mNkYPhfDwAChwGA60e6kgAAAABJRU5ErkJggg==\" data-pb-source=\"https:\/\/burkhardpuetz-i6psyu9my.live-website.com\/wp-content\/uploads\/2024\/08\/Fronleichnam-2014.jpg\" alt=\"Fronleichnam 2014 | Eucharistiefeier am Mattheiser Weiher | Prozession zur Pfarrkirche St. Maternus | Kompositionen von Ralf Gr\u00f6ssler, Klaus Fischbach, Burkhard P\u00fctz, Thomas Quast, Wilhelm Stockhausen u. a.\"> <noscript><img decoding=\"async\" src=\"https:\/\/burkhardpuetz-i6psyu9my.live-website.com\/wp-content\/uploads\/2024\/08\/Fronleichnam-2014.jpg\" alt=\"Fronleichnam 2014 | Eucharistiefeier am Mattheiser Weiher | Prozession zur Pfarrkirche St. Maternus | Kompositionen von Ralf Gr\u00f6ssler, Klaus Fischbach, Burkhard P\u00fctz, Thomas Quast, Wilhelm Stockhausen u. a.\"><\/noscript> <a class=\"pb-link \" data-magnific=\"gallery-14\" data-caption=\"Fronleichnam 2014 | Eucharistiefeier am Mattheiser Weiher | Prozession zur Pfarrkirche St. Maternus | Kompositionen von Ralf Gr\u00f6ssler, Klaus Fischbach, Burkhard P\u00fctz, Thomas Quast, Wilhelm Stockhausen u. a.\" rel=\"\" target=\"\" href=\"https:\/\/burkhard-puetz.de\/wp-content\/uploads\/2024\/08\/Fronleichnam-2014.jpg\"> <div class=\"pb-overlay\" style=\"\"> <div class=\"pb-caption-bottom\"> <span class=\"pb-description pb-caption-left\" style=\"\">Fronleichnam 2014 | Eucharistiefeier am Mattheiser Weiher | Prozession zur Pfarrkirche St. Maternus | Kompositionen von Ralf Gr\u00f6ssler, Klaus Fischbach, Burkhard P\u00fctz, Thomas Quast, Wilhelm Stockhausen u. a.<\/span> <\/div> <\/div> <\/a> <\/div> <div class=\"pb-block with-text with-social-or-text pb-landscape pb-width pb-type-image \" style=\"\" data-colspan=\"1\" data-rowspan=\"1\" data-col=\"0\" data-row=\"24\" data-valign=\"center\" data-halign=\"center\" data-type=\"image\" data-ratio=\"1.4992679355783\"> <img decoding=\"async\" class=\"pb-image skip-lazy \" src=\"data:image\/png;base64,iVBORw0KGgoAAAANSUhEUgAAAAEAAAABCAYAAAAfFcSJAAAADUlEQVR42mNkYPhfDwAChwGA60e6kgAAAABJRU5ErkJggg==\" data-pb-source=\"https:\/\/burkhardpuetz-i6psyu9my.live-website.com\/wp-content\/uploads\/2024\/08\/Konzert-17.11.13-Heiligkreuz-Trier-1-klein.jpg\" alt=\"Konzert am 17.11.13 in der Pfarrkirche Heiligkreuz Trier | Josef Gabriel Rheinberger: Orgelkonzert g-moll op. 177 | Wolfgang Amadeus Mozart: Te Deum KV 141 | Felix Mendelssohn Bartholdy: Lobgesang, Sinfonie-Kantate op. 52 | Ausf\u00fchrende: Antonia Bourv\u00e9, Sopran | Antonia Lutz, Mezzosopran | Michael Siemon, Tenor | Domorganist Josef Still, Orgel | Chorgemeinschaft und Projektchor Heiligkreuz Trier | Vokalensemble Jubilate Musica Luxemburg | Sch\u00f6neck-Ensemble Koblenz | Leitung: Dekanatskantor Burkhard P\u00fctz\"> <noscript><img decoding=\"async\" src=\"https:\/\/burkhardpuetz-i6psyu9my.live-website.com\/wp-content\/uploads\/2024\/08\/Konzert-17.11.13-Heiligkreuz-Trier-1-klein.jpg\" alt=\"Konzert am 17.11.13 in der Pfarrkirche Heiligkreuz Trier | Josef Gabriel Rheinberger: Orgelkonzert g-moll op. 177 | Wolfgang Amadeus Mozart: Te Deum KV 141 | Felix Mendelssohn Bartholdy: Lobgesang, Sinfonie-Kantate op. 52 | Ausf\u00fchrende: Antonia Bourv\u00e9, Sopran | Antonia Lutz, Mezzosopran | Michael Siemon, Tenor | Domorganist Josef Still, Orgel | Chorgemeinschaft und Projektchor Heiligkreuz Trier | Vokalensemble Jubilate Musica Luxemburg | Sch\u00f6neck-Ensemble Koblenz | Leitung: Dekanatskantor Burkhard P\u00fctz\"><\/noscript> <a class=\"pb-link \" data-magnific=\"gallery-14\" data-caption=\"Konzert am 17.11.13 in der Pfarrkirche Heiligkreuz Trier | Josef Gabriel Rheinberger: Orgelkonzert g-moll op. 177 | Wolfgang Amadeus Mozart: Te Deum KV 141 | Felix Mendelssohn Bartholdy: Lobgesang, Sinfonie-Kantate op. 52 | Ausf\u00fchrende: Antonia Bourv\u00e9, Sopran | Antonia Lutz, Mezzosopran | Michael Siemon, Tenor | Domorganist Josef Still, Orgel | Chorgemeinschaft und Projektchor Heiligkreuz Trier | Vokalensemble Jubilate Musica Luxemburg | Sch\u00f6neck-Ensemble Koblenz | Leitung: Dekanatskantor Burkhard P\u00fctz\" rel=\"\" target=\"\" href=\"https:\/\/burkhard-puetz.de\/wp-content\/uploads\/2024\/08\/Konzert-17.11.13-Heiligkreuz-Trier-1-klein.jpg\"> <div class=\"pb-overlay\" style=\"\"> <div class=\"pb-caption-bottom\"> <span class=\"pb-description pb-caption-left\" style=\"\">Konzert am 17.11.13 in der Pfarrkirche Heiligkreuz Trier | Josef Gabriel Rheinberger: Orgelkonzert g-moll op. 177 | Wolfgang Amadeus Mozart: Te Deum KV 141 | Felix Mendelssohn Bartholdy: Lobgesang, Sinfonie-Kantate op. 52 | Ausf\u00fchrende: Antonia Bourv\u00e9, Sopran | Antonia Lutz, Mezzosopran | Michael Siemon, Tenor | Domorganist Josef Still, Orgel | Chorgemeinschaft und Projektchor Heiligkreuz Trier | Vokalensemble Jubilate Musica Luxemburg | Sch\u00f6neck-Ensemble Koblenz | Leitung: Dekanatskantor Burkhard P\u00fctz<\/span> <\/div> <\/div> <\/a> <\/div> <div class=\"pb-block with-text with-social-or-text pb-landscape pb-width pb-type-image \" style=\"\" data-colspan=\"1\" data-rowspan=\"1\" data-col=\"1\" data-row=\"24\" data-valign=\"center\" data-halign=\"center\" data-type=\"image\" data-ratio=\"1.4992679355783\"> <img decoding=\"async\" class=\"pb-image skip-lazy \" src=\"data:image\/png;base64,iVBORw0KGgoAAAANSUhEUgAAAAEAAAABCAYAAAAfFcSJAAAADUlEQVR42mNkYPhfDwAChwGA60e6kgAAAABJRU5ErkJggg==\" data-pb-source=\"https:\/\/burkhardpuetz-i6psyu9my.live-website.com\/wp-content\/uploads\/2024\/08\/Konzert-17.11.13-Heiligkreuz-Trier-3-klein.jpg\" alt=\"Konzert am 17.11.13 in der Pfarrkirche Heiligkreuz Trier | Josef Gabriel Rheinberger: Orgelkonzert g-moll op. 177 | Wolfgang Amadeus Mozart: Te Deum KV 141 | Felix Mendelssohn Bartholdy: Lobgesang, Sinfonie-Kantate op. 52 | Ausf\u00fchrende: Antonia Bourv\u00e9, Sopran | Antonia Lutz, Mezzosopran | Michael Siemon, Tenor | Domorganist Josef Still, Orgel | Chorgemeinschaft und Projektchor Heiligkreuz Trier | Vokalensemble Jubilate Musica Luxemburg | Sch\u00f6neck-Ensemble Koblenz | Leitung: Dekanatskantor Burkhard P\u00fctz\"> <noscript><img decoding=\"async\" src=\"https:\/\/burkhardpuetz-i6psyu9my.live-website.com\/wp-content\/uploads\/2024\/08\/Konzert-17.11.13-Heiligkreuz-Trier-3-klein.jpg\" alt=\"Konzert am 17.11.13 in der Pfarrkirche Heiligkreuz Trier | Josef Gabriel Rheinberger: Orgelkonzert g-moll op. 177 | Wolfgang Amadeus Mozart: Te Deum KV 141 | Felix Mendelssohn Bartholdy: Lobgesang, Sinfonie-Kantate op. 52 | Ausf\u00fchrende: Antonia Bourv\u00e9, Sopran | Antonia Lutz, Mezzosopran | Michael Siemon, Tenor | Domorganist Josef Still, Orgel | Chorgemeinschaft und Projektchor Heiligkreuz Trier | Vokalensemble Jubilate Musica Luxemburg | Sch\u00f6neck-Ensemble Koblenz | Leitung: Dekanatskantor Burkhard P\u00fctz\"><\/noscript> <a class=\"pb-link \" data-magnific=\"gallery-14\" data-caption=\"Konzert am 17.11.13 in der Pfarrkirche Heiligkreuz Trier | Josef Gabriel Rheinberger: Orgelkonzert g-moll op. 177 | Wolfgang Amadeus Mozart: Te Deum KV 141 | Felix Mendelssohn Bartholdy: Lobgesang, Sinfonie-Kantate op. 52 | Ausf\u00fchrende: Antonia Bourv\u00e9, Sopran | Antonia Lutz, Mezzosopran | Michael Siemon, Tenor | Domorganist Josef Still, Orgel | Chorgemeinschaft und Projektchor Heiligkreuz Trier | Vokalensemble Jubilate Musica Luxemburg | Sch\u00f6neck-Ensemble Koblenz | Leitung: Dekanatskantor Burkhard P\u00fctz\" rel=\"\" target=\"\" href=\"https:\/\/burkhard-puetz.de\/wp-content\/uploads\/2024\/08\/Konzert-17.11.13-Heiligkreuz-Trier-3-klein.jpg\"> <div class=\"pb-overlay\" style=\"\"> <div class=\"pb-caption-bottom\"> <span class=\"pb-description pb-caption-left\" style=\"\">Konzert am 17.11.13 in der Pfarrkirche Heiligkreuz Trier | Josef Gabriel Rheinberger: Orgelkonzert g-moll op. 177 | Wolfgang Amadeus Mozart: Te Deum KV 141 | Felix Mendelssohn Bartholdy: Lobgesang, Sinfonie-Kantate op. 52 | Ausf\u00fchrende: Antonia Bourv\u00e9, Sopran | Antonia Lutz, Mezzosopran | Michael Siemon, Tenor | Domorganist Josef Still, Orgel | Chorgemeinschaft und Projektchor Heiligkreuz Trier | Vokalensemble Jubilate Musica Luxemburg | Sch\u00f6neck-Ensemble Koblenz | Leitung: Dekanatskantor Burkhard P\u00fctz<\/span> <\/div> <\/div> <\/a> <\/div> <div class=\"pb-block with-text with-social-or-text pb-landscape pb-width pb-type-image \" style=\"\" data-colspan=\"1\" data-rowspan=\"1\" data-col=\"2\" data-row=\"24\" data-valign=\"center\" data-halign=\"center\" data-type=\"image\" data-ratio=\"1.4992679355783\"> <img decoding=\"async\" class=\"pb-image skip-lazy \" src=\"data:image\/png;base64,iVBORw0KGgoAAAANSUhEUgAAAAEAAAABCAYAAAAfFcSJAAAADUlEQVR42mNkYPhfDwAChwGA60e6kgAAAABJRU5ErkJggg==\" data-pb-source=\"https:\/\/burkhardpuetz-i6psyu9my.live-website.com\/wp-content\/uploads\/2024\/07\/Konzert-17.11.13-Heiligkreuz-Trier-2-klein.jpg\" alt=\"Konzert am 17.11.13 in der Pfarrkirche Heiligkreuz Trier | Josef Gabriel Rheinberger: Orgelkonzert g-moll op. 177 | Wolfgang Amadeus Mozart: Te Deum KV 141 | Felix Mendelssohn Bartholdy: Lobgesang, Sinfonie-Kantate op. 52 | Ausf\u00fchrende: Antonia Bourv\u00e9, Sopran | Antonia Lutz, Mezzosopran | Michael Siemon, Tenor | Domorganist Josef Still, Orgel | Chorgemeinschaft und Projektchor Heiligkreuz Trier | Vokalensemble Jubilate Musica Luxemburg | Sch\u00f6neck-Ensemble Koblenz | Leitung: Dekanatskantor Burkhard P\u00fctz\"> <noscript><img decoding=\"async\" src=\"https:\/\/burkhardpuetz-i6psyu9my.live-website.com\/wp-content\/uploads\/2024\/07\/Konzert-17.11.13-Heiligkreuz-Trier-2-klein.jpg\" alt=\"Konzert am 17.11.13 in der Pfarrkirche Heiligkreuz Trier | Josef Gabriel Rheinberger: Orgelkonzert g-moll op. 177 | Wolfgang Amadeus Mozart: Te Deum KV 141 | Felix Mendelssohn Bartholdy: Lobgesang, Sinfonie-Kantate op. 52 | Ausf\u00fchrende: Antonia Bourv\u00e9, Sopran | Antonia Lutz, Mezzosopran | Michael Siemon, Tenor | Domorganist Josef Still, Orgel | Chorgemeinschaft und Projektchor Heiligkreuz Trier | Vokalensemble Jubilate Musica Luxemburg | Sch\u00f6neck-Ensemble Koblenz | Leitung: Dekanatskantor Burkhard P\u00fctz\"><\/noscript> <a class=\"pb-link \" data-magnific=\"gallery-14\" data-caption=\"Konzert am 17.11.13 in der Pfarrkirche Heiligkreuz Trier | Josef Gabriel Rheinberger: Orgelkonzert g-moll op. 177 | Wolfgang Amadeus Mozart: Te Deum KV 141 | Felix Mendelssohn Bartholdy: Lobgesang, Sinfonie-Kantate op. 52 | Ausf\u00fchrende: Antonia Bourv\u00e9, Sopran | Antonia Lutz, Mezzosopran | Michael Siemon, Tenor | Domorganist Josef Still, Orgel | Chorgemeinschaft und Projektchor Heiligkreuz Trier | Vokalensemble Jubilate Musica Luxemburg | Sch\u00f6neck-Ensemble Koblenz | Leitung: Dekanatskantor Burkhard P\u00fctz\" rel=\"\" target=\"\" href=\"https:\/\/burkhard-puetz.de\/wp-content\/uploads\/2024\/07\/Konzert-17.11.13-Heiligkreuz-Trier-2-klein.jpg\"> <div class=\"pb-overlay\" style=\"\"> <div class=\"pb-caption-bottom\"> <span class=\"pb-description pb-caption-left\" style=\"\">Konzert am 17.11.13 in der Pfarrkirche Heiligkreuz Trier | Josef Gabriel Rheinberger: Orgelkonzert g-moll op. 177 | Wolfgang Amadeus Mozart: Te Deum KV 141 | Felix Mendelssohn Bartholdy: Lobgesang, Sinfonie-Kantate op. 52 | Ausf\u00fchrende: Antonia Bourv\u00e9, Sopran | Antonia Lutz, Mezzosopran | Michael Siemon, Tenor | Domorganist Josef Still, Orgel | Chorgemeinschaft und Projektchor Heiligkreuz Trier | Vokalensemble Jubilate Musica Luxemburg | Sch\u00f6neck-Ensemble Koblenz | Leitung: Dekanatskantor Burkhard P\u00fctz<\/span> <\/div> <\/div> <\/a> <\/div> <div class=\"pb-block with-text with-social-or-text pb-landscape pb-width pb-type-image \" style=\"\" data-colspan=\"1\" data-rowspan=\"1\" data-col=\"3\" data-row=\"24\" data-valign=\"center\" data-halign=\"center\" data-type=\"image\" data-ratio=\"1.8204379562044\"> <img decoding=\"async\" class=\"pb-image skip-lazy \" src=\"data:image\/png;base64,iVBORw0KGgoAAAANSUhEUgAAAAEAAAABCAYAAAAfFcSJAAAADUlEQVR42mNkYPhfDwAChwGA60e6kgAAAABJRU5ErkJggg==\" data-pb-source=\"https:\/\/burkhardpuetz-i6psyu9my.live-website.com\/wp-content\/uploads\/2024\/08\/Chorgemeinschaft-und-Projektchor-Heiligkreuz-Probenausklang-04.07.13.jpg\" alt=\"Chorgemeinschaft und Projektchor Heiligkreuz Trier | Probenausklang 04.07.13 auf dem Kirchplatz St. Maternus\"> <noscript><img decoding=\"async\" src=\"https:\/\/burkhardpuetz-i6psyu9my.live-website.com\/wp-content\/uploads\/2024\/08\/Chorgemeinschaft-und-Projektchor-Heiligkreuz-Probenausklang-04.07.13.jpg\" alt=\"Chorgemeinschaft und Projektchor Heiligkreuz Trier | Probenausklang 04.07.13 auf dem Kirchplatz St. Maternus\"><\/noscript> <a class=\"pb-link \" data-magnific=\"gallery-14\" data-caption=\"Chorgemeinschaft und Projektchor Heiligkreuz Trier | Probenausklang 04.07.13 auf dem Kirchplatz St. Maternus\" rel=\"\" target=\"\" href=\"https:\/\/burkhard-puetz.de\/wp-content\/uploads\/2024\/08\/Chorgemeinschaft-und-Projektchor-Heiligkreuz-Probenausklang-04.07.13.jpg\"> <div class=\"pb-overlay\" style=\"\"> <div class=\"pb-caption-bottom\"> <span class=\"pb-description pb-caption-left\" style=\"\">Chorgemeinschaft und Projektchor Heiligkreuz Trier | Probenausklang 04.07.13 auf dem Kirchplatz St. Maternus<\/span> <\/div> <\/div> <\/a> <\/div> <div class=\"pb-block with-text with-social-or-text pb-landscape pb-width pb-type-image \" style=\"\" data-colspan=\"1\" data-rowspan=\"1\" data-col=\"0\" data-row=\"25\" data-valign=\"center\" data-halign=\"center\" data-type=\"image\" data-ratio=\"1.4991539763113\"> <img decoding=\"async\" class=\"pb-image skip-lazy \" src=\"data:image\/png;base64,iVBORw0KGgoAAAANSUhEUgAAAAEAAAABCAYAAAAfFcSJAAAADUlEQVR42mNkYPhfDwAChwGA60e6kgAAAABJRU5ErkJggg==\" data-pb-source=\"https:\/\/burkhardpuetz-i6psyu9my.live-website.com\/wp-content\/uploads\/2024\/08\/Chorgemeinschaft-Heiligkreuz-Trier-Jubilaeum-2013-klein.jpg\" alt=\"Jubil\u00e4um 100 Jahre Kirchenchor Heiligkreuz Trier | Die Chorgemeinschaft Heiligkreuz im Jubil\u00e4umsjahr 2013\"> <noscript><img decoding=\"async\" src=\"https:\/\/burkhardpuetz-i6psyu9my.live-website.com\/wp-content\/uploads\/2024\/08\/Chorgemeinschaft-Heiligkreuz-Trier-Jubilaeum-2013-klein.jpg\" alt=\"Jubil\u00e4um 100 Jahre Kirchenchor Heiligkreuz Trier | Die Chorgemeinschaft Heiligkreuz im Jubil\u00e4umsjahr 2013\"><\/noscript> <a class=\"pb-link \" data-magnific=\"gallery-14\" data-caption=\"Jubil\u00e4um 100 Jahre Kirchenchor Heiligkreuz Trier | Die Chorgemeinschaft Heiligkreuz im Jubil\u00e4umsjahr 2013\" rel=\"\" target=\"\" href=\"https:\/\/burkhard-puetz.de\/wp-content\/uploads\/2024\/08\/Chorgemeinschaft-Heiligkreuz-Trier-Jubilaeum-2013-klein.jpg\"> <div class=\"pb-overlay\" style=\"\"> <div class=\"pb-caption-bottom\"> <span class=\"pb-description pb-caption-left\" style=\"\">Jubil\u00e4um 100 Jahre Kirchenchor Heiligkreuz Trier | Die Chorgemeinschaft Heiligkreuz im Jubil\u00e4umsjahr 2013<\/span> <\/div> <\/div> <\/a> <\/div> <div class=\"pb-block with-text with-social-or-text pb-landscape pb-width pb-type-image \" style=\"\" data-colspan=\"1\" data-rowspan=\"1\" data-col=\"1\" data-row=\"25\" data-valign=\"center\" data-halign=\"center\" data-type=\"image\" data-ratio=\"1.8009803921569\"> <img decoding=\"async\" class=\"pb-image skip-lazy \" src=\"data:image\/png;base64,iVBORw0KGgoAAAANSUhEUgAAAAEAAAABCAYAAAAfFcSJAAAADUlEQVR42mNkYPhfDwAChwGA60e6kgAAAABJRU5ErkJggg==\" data-pb-source=\"https:\/\/burkhardpuetz-i6psyu9my.live-website.com\/wp-content\/uploads\/2024\/08\/17-Jubilaeum-Chorgemeinschaft-Heiligkreuz-16.01.13-001-Klein.jpg\" alt=\"Abendlob zur Er\u00f6ffnung des Chorjubil\u00e4ums &#039;100 Jahre Kirchenchor Heiligkreuz Trier&#039; | 16.01.13 Pfarrkirche Heiligkreuz Trier | Verleihung der Palestrina-Medaille | Kompositionen von Charles Villiers Stanford, Edward Elgar, George Dyson, Charles Hubert H. Parry u. a. | Chorgemeinschaft Heiligkreuz Trier | Regionalkantor Volker Krebs, Orgel | Leitung: Dekanatskantor Burkhard P\u00fctz\"> <noscript><img decoding=\"async\" src=\"https:\/\/burkhardpuetz-i6psyu9my.live-website.com\/wp-content\/uploads\/2024\/08\/17-Jubilaeum-Chorgemeinschaft-Heiligkreuz-16.01.13-001-Klein.jpg\" alt=\"Abendlob zur Er\u00f6ffnung des Chorjubil\u00e4ums &#039;100 Jahre Kirchenchor Heiligkreuz Trier&#039; | 16.01.13 Pfarrkirche Heiligkreuz Trier | Verleihung der Palestrina-Medaille | Kompositionen von Charles Villiers Stanford, Edward Elgar, George Dyson, Charles Hubert H. Parry u. a. | Chorgemeinschaft Heiligkreuz Trier | Regionalkantor Volker Krebs, Orgel | Leitung: Dekanatskantor Burkhard P\u00fctz\"><\/noscript> <a class=\"pb-link \" data-magnific=\"gallery-14\" data-caption=\"Abendlob zur Er\u00f6ffnung des Chorjubil\u00e4ums '100 Jahre Kirchenchor Heiligkreuz Trier' | 16.01.13 Pfarrkirche Heiligkreuz Trier | Verleihung der Palestrina-Medaille | Kompositionen von Charles Villiers Stanford, Edward Elgar, George Dyson, Charles Hubert H. Parry u. a. | Chorgemeinschaft Heiligkreuz Trier | Regionalkantor Volker Krebs, Orgel | Leitung: Dekanatskantor Burkhard P\u00fctz\" rel=\"\" target=\"\" href=\"https:\/\/burkhard-puetz.de\/wp-content\/uploads\/2024\/08\/17-Jubilaeum-Chorgemeinschaft-Heiligkreuz-16.01.13-001-Klein.jpg\"> <div class=\"pb-overlay\" style=\"\"> <div class=\"pb-caption-bottom\"> <span class=\"pb-description pb-caption-left\" style=\"\">Abendlob zur Er\u00f6ffnung des Chorjubil\u00e4ums '100 Jahre Kirchenchor Heiligkreuz Trier' | 16.01.13 Pfarrkirche Heiligkreuz Trier | Verleihung der Palestrina-Medaille | Kompositionen von Charles Villiers Stanford, Edward Elgar, George Dyson, Charles Hubert H. Parry u. a. | Chorgemeinschaft Heiligkreuz Trier | Regionalkantor Volker Krebs, Orgel | Leitung: Dekanatskantor Burkhard P\u00fctz<\/span> <\/div> <\/div> <\/a> <\/div> <div class=\"pb-block with-text with-social-or-text pb-landscape pb-width pb-type-image \" style=\"\" data-colspan=\"1\" data-rowspan=\"1\" data-col=\"2\" data-row=\"25\" data-valign=\"center\" data-halign=\"center\" data-type=\"image\" data-ratio=\"1.1035175879397\"> <img decoding=\"async\" class=\"pb-image skip-lazy \" src=\"data:image\/png;base64,iVBORw0KGgoAAAANSUhEUgAAAAEAAAABCAYAAAAfFcSJAAAADUlEQVR42mNkYPhfDwAChwGA60e6kgAAAABJRU5ErkJggg==\" data-pb-source=\"https:\/\/burkhardpuetz-i6psyu9my.live-website.com\/wp-content\/uploads\/2024\/08\/16-Saengerinnen-und-Saenger-des-Jubilaeumschores-Trier-Heiligkreuz-16.01.13-Klein.jpg\" alt=\"Abendlob zur Er\u00f6ffnung des Chorjubil\u00e4ums &#039;100 Jahre Kirchenchor Heiligkreuz Trier&#039; | 16.01.13 Pfarrkirche Heiligkreuz Trier | Verleihung der Palestrina-Medaille | Kompositionen von Charles Villiers Stanford, Edward Elgar, George Dyson, Charles Hubert H. Parry u. a. | Chorgemeinschaft Heiligkreuz Trier | Regionalkantor Volker Krebs, Orgel | Leitung: Dekanatskantor Burkhard P\u00fctz\"> <noscript><img decoding=\"async\" src=\"https:\/\/burkhardpuetz-i6psyu9my.live-website.com\/wp-content\/uploads\/2024\/08\/16-Saengerinnen-und-Saenger-des-Jubilaeumschores-Trier-Heiligkreuz-16.01.13-Klein.jpg\" alt=\"Abendlob zur Er\u00f6ffnung des Chorjubil\u00e4ums &#039;100 Jahre Kirchenchor Heiligkreuz Trier&#039; | 16.01.13 Pfarrkirche Heiligkreuz Trier | Verleihung der Palestrina-Medaille | Kompositionen von Charles Villiers Stanford, Edward Elgar, George Dyson, Charles Hubert H. Parry u. a. | Chorgemeinschaft Heiligkreuz Trier | Regionalkantor Volker Krebs, Orgel | Leitung: Dekanatskantor Burkhard P\u00fctz\"><\/noscript> <a class=\"pb-link \" data-magnific=\"gallery-14\" data-caption=\"Abendlob zur Er\u00f6ffnung des Chorjubil\u00e4ums '100 Jahre Kirchenchor Heiligkreuz Trier' | 16.01.13 Pfarrkirche Heiligkreuz Trier | Verleihung der Palestrina-Medaille | Kompositionen von Charles Villiers Stanford, Edward Elgar, George Dyson, Charles Hubert H. Parry u. a. | Chorgemeinschaft Heiligkreuz Trier | Regionalkantor Volker Krebs, Orgel | Leitung: Dekanatskantor Burkhard P\u00fctz\" rel=\"\" target=\"\" href=\"https:\/\/burkhard-puetz.de\/wp-content\/uploads\/2024\/08\/16-Saengerinnen-und-Saenger-des-Jubilaeumschores-Trier-Heiligkreuz-16.01.13-Klein.jpg\"> <div class=\"pb-overlay\" style=\"\"> <div class=\"pb-caption-bottom\"> <span class=\"pb-description pb-caption-left\" style=\"\">Abendlob zur Er\u00f6ffnung des Chorjubil\u00e4ums '100 Jahre Kirchenchor Heiligkreuz Trier' | 16.01.13 Pfarrkirche Heiligkreuz Trier | Verleihung der Palestrina-Medaille | Kompositionen von Charles Villiers Stanford, Edward Elgar, George Dyson, Charles Hubert H. Parry u. a. | Chorgemeinschaft Heiligkreuz Trier | Regionalkantor Volker Krebs, Orgel | Leitung: Dekanatskantor Burkhard P\u00fctz<\/span> <\/div> <\/div> <\/a> <\/div> <div class=\"pb-block with-text with-social-or-text pb-landscape pb-width pb-type-image \" style=\"\" data-colspan=\"1\" data-rowspan=\"1\" data-col=\"3\" data-row=\"25\" data-valign=\"center\" data-halign=\"center\" data-type=\"image\" data-ratio=\"1.4938271604938\"> <img decoding=\"async\" class=\"pb-image skip-lazy \" src=\"data:image\/png;base64,iVBORw0KGgoAAAANSUhEUgAAAAEAAAABCAYAAAAfFcSJAAAADUlEQVR42mNkYPhfDwAChwGA60e6kgAAAABJRU5ErkJggg==\" data-pb-source=\"https:\/\/burkhardpuetz-i6psyu9my.live-website.com\/wp-content\/uploads\/2024\/08\/02-Eroeffnung-Chorjubilaeum-16.01.13-klein.jpg\" alt=\"Abendlob zur Er\u00f6ffnung des Chorjubil\u00e4ums &#039;100 Jahre Kirchenchor Heiligkreuz Trier&#039; | 16.01.13 Pfarrkirche Heiligkreuz Trier | Verleihung der Palestrina-Medaille | Kompositionen von Charles Villiers Stanford, Edward Elgar, George Dyson, Charles Hubert H. Parry u. a. | Chorgemeinschaft Heiligkreuz Trier | Regionalkantor Volker Krebs, Orgel | Leitung: Dekanatskantor Burkhard P\u00fctz\"> <noscript><img decoding=\"async\" src=\"https:\/\/burkhardpuetz-i6psyu9my.live-website.com\/wp-content\/uploads\/2024\/08\/02-Eroeffnung-Chorjubilaeum-16.01.13-klein.jpg\" alt=\"Abendlob zur Er\u00f6ffnung des Chorjubil\u00e4ums &#039;100 Jahre Kirchenchor Heiligkreuz Trier&#039; | 16.01.13 Pfarrkirche Heiligkreuz Trier | Verleihung der Palestrina-Medaille | Kompositionen von Charles Villiers Stanford, Edward Elgar, George Dyson, Charles Hubert H. Parry u. a. | Chorgemeinschaft Heiligkreuz Trier | Regionalkantor Volker Krebs, Orgel | Leitung: Dekanatskantor Burkhard P\u00fctz\"><\/noscript> <a class=\"pb-link \" data-magnific=\"gallery-14\" data-caption=\"Abendlob zur Er\u00f6ffnung des Chorjubil\u00e4ums '100 Jahre Kirchenchor Heiligkreuz Trier' | 16.01.13 Pfarrkirche Heiligkreuz Trier | Verleihung der Palestrina-Medaille | Kompositionen von Charles Villiers Stanford, Edward Elgar, George Dyson, Charles Hubert H. Parry u. a. | Chorgemeinschaft Heiligkreuz Trier | Regionalkantor Volker Krebs, Orgel | Leitung: Dekanatskantor Burkhard P\u00fctz\" rel=\"\" target=\"\" href=\"https:\/\/burkhard-puetz.de\/wp-content\/uploads\/2024\/08\/02-Eroeffnung-Chorjubilaeum-16.01.13-klein.jpg\"> <div class=\"pb-overlay\" style=\"\"> <div class=\"pb-caption-bottom\"> <span class=\"pb-description pb-caption-left\" style=\"\">Abendlob zur Er\u00f6ffnung des Chorjubil\u00e4ums '100 Jahre Kirchenchor Heiligkreuz Trier' | 16.01.13 Pfarrkirche Heiligkreuz Trier | Verleihung der Palestrina-Medaille | Kompositionen von Charles Villiers Stanford, Edward Elgar, George Dyson, Charles Hubert H. Parry u. a. | Chorgemeinschaft Heiligkreuz Trier | Regionalkantor Volker Krebs, Orgel | Leitung: Dekanatskantor Burkhard P\u00fctz<\/span> <\/div> <\/div> <\/a> <\/div> <div class=\"pb-block with-text with-social-or-text pb-landscape pb-width pb-type-image \" style=\"\" data-colspan=\"1\" data-rowspan=\"1\" data-col=\"0\" data-row=\"26\" data-valign=\"center\" data-halign=\"center\" data-type=\"image\" data-ratio=\"1.5\"> <img decoding=\"async\" class=\"pb-image skip-lazy \" src=\"data:image\/png;base64,iVBORw0KGgoAAAANSUhEUgAAAAEAAAABCAYAAAAfFcSJAAAADUlEQVR42mNkYPhfDwAChwGA60e6kgAAAABJRU5ErkJggg==\" data-pb-source=\"https:\/\/burkhardpuetz-i6psyu9my.live-website.com\/wp-content\/uploads\/2024\/08\/DSC03868-Web.jpg\" alt=\"St\u00e4ndchen zum 50. Geburtstag | Robert Schuman Haus Trier 04.02.12\"> <noscript><img decoding=\"async\" src=\"https:\/\/burkhardpuetz-i6psyu9my.live-website.com\/wp-content\/uploads\/2024\/08\/DSC03868-Web.jpg\" alt=\"St\u00e4ndchen zum 50. Geburtstag | Robert Schuman Haus Trier 04.02.12\"><\/noscript> <a class=\"pb-link \" data-magnific=\"gallery-14\" data-caption=\"St\u00e4ndchen zum 50. Geburtstag | Robert Schuman Haus Trier 04.02.12\" rel=\"\" target=\"\" href=\"https:\/\/burkhard-puetz.de\/wp-content\/uploads\/2024\/08\/DSC03868-Web.jpg\"> <div class=\"pb-overlay\" style=\"\"> <div class=\"pb-caption-bottom\"> <span class=\"pb-description pb-caption-left\" style=\"\">St\u00e4ndchen zum 50. Geburtstag | Robert Schuman Haus Trier 04.02.12<\/span> <\/div> <\/div> <\/a> <\/div> <div class=\"pb-block with-text with-social-or-text pb-landscape pb-width pb-type-image \" style=\"\" data-colspan=\"1\" data-rowspan=\"1\" data-col=\"1\" data-row=\"26\" data-valign=\"center\" data-halign=\"center\" data-type=\"image\" data-ratio=\"1.5\"> <img decoding=\"async\" class=\"pb-image skip-lazy \" src=\"data:image\/png;base64,iVBORw0KGgoAAAANSUhEUgAAAAEAAAABCAYAAAAfFcSJAAAADUlEQVR42mNkYPhfDwAChwGA60e6kgAAAABJRU5ErkJggg==\" data-pb-source=\"https:\/\/burkhardpuetz-i6psyu9my.live-website.com\/wp-content\/uploads\/2024\/08\/DSC03869-Web.jpg\" alt=\"St\u00e4ndchen zum 50. Geburtstag | Robert Schuman Haus Trier 04.02.12\"> <noscript><img decoding=\"async\" src=\"https:\/\/burkhardpuetz-i6psyu9my.live-website.com\/wp-content\/uploads\/2024\/08\/DSC03869-Web.jpg\" alt=\"St\u00e4ndchen zum 50. Geburtstag | Robert Schuman Haus Trier 04.02.12\"><\/noscript> <a class=\"pb-link \" data-magnific=\"gallery-14\" data-caption=\"St\u00e4ndchen zum 50. Geburtstag | Robert Schuman Haus Trier 04.02.12\" rel=\"\" target=\"\" href=\"https:\/\/burkhard-puetz.de\/wp-content\/uploads\/2024\/08\/DSC03869-Web.jpg\"> <div class=\"pb-overlay\" style=\"\"> <div class=\"pb-caption-bottom\"> <span class=\"pb-description pb-caption-left\" style=\"\">St\u00e4ndchen zum 50. Geburtstag | Robert Schuman Haus Trier 04.02.12<\/span> <\/div> <\/div> <\/a> <\/div> <div class=\"pb-block with-text with-social-or-text pb-landscape pb-width pb-type-image \" style=\"\" data-colspan=\"1\" data-rowspan=\"1\" data-col=\"2\" data-row=\"26\" data-valign=\"center\" data-halign=\"center\" data-type=\"image\" data-ratio=\"1.5\"> <img decoding=\"async\" class=\"pb-image skip-lazy \" src=\"data:image\/png;base64,iVBORw0KGgoAAAANSUhEUgAAAAEAAAABCAYAAAAfFcSJAAAADUlEQVR42mNkYPhfDwAChwGA60e6kgAAAABJRU5ErkJggg==\" data-pb-source=\"https:\/\/burkhardpuetz-i6psyu9my.live-website.com\/wp-content\/uploads\/2024\/08\/DSC03870-Web.jpg\" alt=\"St\u00e4ndchen zum 50. Geburtstag | Robert Schuman Haus Trier 04.02.12\"> <noscript><img decoding=\"async\" src=\"https:\/\/burkhardpuetz-i6psyu9my.live-website.com\/wp-content\/uploads\/2024\/08\/DSC03870-Web.jpg\" alt=\"St\u00e4ndchen zum 50. Geburtstag | Robert Schuman Haus Trier 04.02.12\"><\/noscript> <a class=\"pb-link \" data-magnific=\"gallery-14\" data-caption=\"St\u00e4ndchen zum 50. Geburtstag | Robert Schuman Haus Trier 04.02.12\" rel=\"\" target=\"\" href=\"https:\/\/burkhard-puetz.de\/wp-content\/uploads\/2024\/08\/DSC03870-Web.jpg\"> <div class=\"pb-overlay\" style=\"\"> <div class=\"pb-caption-bottom\"> <span class=\"pb-description pb-caption-left\" style=\"\">St\u00e4ndchen zum 50. Geburtstag | Robert Schuman Haus Trier 04.02.12<\/span> <\/div> <\/div> <\/a> <\/div> <div class=\"pb-block with-text with-social-or-text pb-landscape pb-width pb-type-image \" style=\"\" data-colspan=\"1\" data-rowspan=\"1\" data-col=\"3\" data-row=\"26\" data-valign=\"center\" data-halign=\"center\" data-type=\"image\" data-ratio=\"1.5006045949214\"> <img decoding=\"async\" class=\"pb-image skip-lazy \" src=\"data:image\/png;base64,iVBORw0KGgoAAAANSUhEUgAAAAEAAAABCAYAAAAfFcSJAAAADUlEQVR42mNkYPhfDwAChwGA60e6kgAAAABJRU5ErkJggg==\" data-pb-source=\"https:\/\/burkhardpuetz-i6psyu9my.live-website.com\/wp-content\/uploads\/2024\/07\/Messias-20.11.11-Trier-Heiligkreuz-klein.jpg\" alt=\"Auff\u00fchrung am 20.11.11 in der Pfarrkirche Heiligkreuz Trier | Georg Friedrich H\u00e4ndel: Messias HWV 56 | Ausf\u00fchrende: Eva Leonardy, Sopran | Matthias Lucht, Altus | Peter Diebschlag, Tenor | Johannes Weinhuber, Bass | Chorgemeinschaft Heiligkreuz Trier | Ensemble vocal &#039;Jubilate Musica&#039; Luxembourg | Mitglieder der Chorale r\u00e9unie Donven-Flaxweiler Luxembourg | Julia Glas, Orgel \/ Cembalo | Orchestre &#039;Estro Armonico&#039; Luxembourg | Leitung: Burkhard P\u00fctz\"> <noscript><img decoding=\"async\" src=\"https:\/\/burkhardpuetz-i6psyu9my.live-website.com\/wp-content\/uploads\/2024\/07\/Messias-20.11.11-Trier-Heiligkreuz-klein.jpg\" alt=\"Auff\u00fchrung am 20.11.11 in der Pfarrkirche Heiligkreuz Trier | Georg Friedrich H\u00e4ndel: Messias HWV 56 | Ausf\u00fchrende: Eva Leonardy, Sopran | Matthias Lucht, Altus | Peter Diebschlag, Tenor | Johannes Weinhuber, Bass | Chorgemeinschaft Heiligkreuz Trier | Ensemble vocal &#039;Jubilate Musica&#039; Luxembourg | Mitglieder der Chorale r\u00e9unie Donven-Flaxweiler Luxembourg | Julia Glas, Orgel \/ Cembalo | Orchestre &#039;Estro Armonico&#039; Luxembourg | Leitung: Burkhard P\u00fctz\"><\/noscript> <a class=\"pb-link \" data-magnific=\"gallery-14\" data-caption=\"Auff\u00fchrung am 20.11.11 in der Pfarrkirche Heiligkreuz Trier | Georg Friedrich H\u00e4ndel: Messias HWV 56 | Ausf\u00fchrende: Eva Leonardy, Sopran | Matthias Lucht, Altus | Peter Diebschlag, Tenor | Johannes Weinhuber, Bass | Chorgemeinschaft Heiligkreuz Trier | Ensemble vocal 'Jubilate Musica' Luxembourg | Mitglieder der Chorale r\u00e9unie Donven-Flaxweiler Luxembourg | Julia Glas, Orgel \/ Cembalo | Orchestre 'Estro Armonico' Luxembourg | Leitung: Burkhard P\u00fctz\" rel=\"\" target=\"\" href=\"https:\/\/burkhard-puetz.de\/wp-content\/uploads\/2024\/07\/Messias-20.11.11-Trier-Heiligkreuz-klein.jpg\"> <div class=\"pb-overlay\" style=\"\"> <div class=\"pb-caption-bottom\"> <span class=\"pb-description pb-caption-left\" style=\"\">Auff\u00fchrung am 20.11.11 in der Pfarrkirche Heiligkreuz Trier | Georg Friedrich H\u00e4ndel: Messias HWV 56 | Ausf\u00fchrende: Eva Leonardy, Sopran | Matthias Lucht, Altus | Peter Diebschlag, Tenor | Johannes Weinhuber, Bass | Chorgemeinschaft Heiligkreuz Trier | Ensemble vocal 'Jubilate Musica' Luxembourg | Mitglieder der Chorale r\u00e9unie Donven-Flaxweiler Luxembourg | Julia Glas, Orgel \/ Cembalo | Orchestre 'Estro Armonico' Luxembourg | Leitung: Burkhard P\u00fctz<\/span> <\/div> <\/div> <\/a> <\/div> <div class=\"pb-block with-text with-social-or-text pb-landscape pb-width pb-type-image \" style=\"\" data-colspan=\"1\" data-rowspan=\"1\" data-col=\"0\" data-row=\"27\" data-valign=\"center\" data-halign=\"center\" data-type=\"image\" data-ratio=\"1.5067567567568\"> <img decoding=\"async\" class=\"pb-image skip-lazy \" src=\"data:image\/png;base64,iVBORw0KGgoAAAANSUhEUgAAAAEAAAABCAYAAAAfFcSJAAAADUlEQVR42mNkYPhfDwAChwGA60e6kgAAAABJRU5ErkJggg==\" data-pb-source=\"https:\/\/burkhardpuetz-i6psyu9my.live-website.com\/wp-content\/uploads\/2024\/07\/Konzert-13.11.11-Messias-klein.bmp\" alt=\"Auff\u00fchrung am 13.11.11 in Remich (Lux.) | Georg Friedrich H\u00e4ndel: Messias HWV 56 | Ausf\u00fchrende: Eva Leonardy, Sopran | Matthias Lucht, Altus | Peter Diebschlag, Tenor | Marek Rzepka, Bass | Chorgemeinschaft Heiligkreuz Trier | Ensemble vocal &#039;Jubilate Musica&#039; Luxembourg | Mitglieder der Chorale r\u00e9unie Donven-Flaxweiler Luxembourg | Julia Glas, Orgel \/ Cembalo | Orchestre &#039;Estro Armonico&#039; Luxembourg | Leitung: Burkhard P\u00fctz\"> <noscript><img decoding=\"async\" src=\"https:\/\/burkhardpuetz-i6psyu9my.live-website.com\/wp-content\/uploads\/2024\/07\/Konzert-13.11.11-Messias-klein.bmp\" alt=\"Auff\u00fchrung am 13.11.11 in Remich (Lux.) | Georg Friedrich H\u00e4ndel: Messias HWV 56 | Ausf\u00fchrende: Eva Leonardy, Sopran | Matthias Lucht, Altus | Peter Diebschlag, Tenor | Marek Rzepka, Bass | Chorgemeinschaft Heiligkreuz Trier | Ensemble vocal &#039;Jubilate Musica&#039; Luxembourg | Mitglieder der Chorale r\u00e9unie Donven-Flaxweiler Luxembourg | Julia Glas, Orgel \/ Cembalo | Orchestre &#039;Estro Armonico&#039; Luxembourg | Leitung: Burkhard P\u00fctz\"><\/noscript> <a class=\"pb-link \" data-magnific=\"gallery-14\" data-caption=\"Auff\u00fchrung am 13.11.11 in Remich (Lux.) | Georg Friedrich H\u00e4ndel: Messias HWV 56 | Ausf\u00fchrende: Eva Leonardy, Sopran | Matthias Lucht, Altus | Peter Diebschlag, Tenor | Marek Rzepka, Bass | Chorgemeinschaft Heiligkreuz Trier | Ensemble vocal 'Jubilate Musica' Luxembourg | Mitglieder der Chorale r\u00e9unie Donven-Flaxweiler Luxembourg | Julia Glas, Orgel \/ Cembalo | Orchestre 'Estro Armonico' Luxembourg | Leitung: Burkhard P\u00fctz\" rel=\"\" target=\"\" href=\"https:\/\/burkhard-puetz.de\/wp-content\/uploads\/2024\/07\/Konzert-13.11.11-Messias-klein.bmp\"> <div class=\"pb-overlay\" style=\"\"> <div class=\"pb-caption-bottom\"> <span class=\"pb-description pb-caption-left\" style=\"\">Auff\u00fchrung am 13.11.11 in Remich (Lux.) | Georg Friedrich H\u00e4ndel: Messias HWV 56 | Ausf\u00fchrende: Eva Leonardy, Sopran | Matthias Lucht, Altus | Peter Diebschlag, Tenor | Marek Rzepka, Bass | Chorgemeinschaft Heiligkreuz Trier | Ensemble vocal 'Jubilate Musica' Luxembourg | Mitglieder der Chorale r\u00e9unie Donven-Flaxweiler Luxembourg | Julia Glas, Orgel \/ Cembalo | Orchestre 'Estro Armonico' Luxembourg | Leitung: Burkhard P\u00fctz<\/span> <\/div> <\/div> <\/a> <\/div> <div class=\"pb-block with-text with-social-or-text pb-landscape pb-width pb-type-image \" style=\"\" data-colspan=\"1\" data-rowspan=\"1\" data-col=\"1\" data-row=\"27\" data-valign=\"center\" data-halign=\"center\" data-type=\"image\" data-ratio=\"1.5066844919786\"> <img decoding=\"async\" class=\"pb-image skip-lazy \" src=\"data:image\/png;base64,iVBORw0KGgoAAAANSUhEUgAAAAEAAAABCAYAAAAfFcSJAAAADUlEQVR42mNkYPhfDwAChwGA60e6kgAAAABJRU5ErkJggg==\" data-pb-source=\"https:\/\/burkhardpuetz-i6psyu9my.live-website.com\/wp-content\/uploads\/2024\/08\/BUGA-Koblenz-006-klein.jpg\" alt=\"Chorausflug Bundesgartenschau Koblenz 2011\"> <noscript><img decoding=\"async\" src=\"https:\/\/burkhardpuetz-i6psyu9my.live-website.com\/wp-content\/uploads\/2024\/08\/BUGA-Koblenz-006-klein.jpg\" alt=\"Chorausflug Bundesgartenschau Koblenz 2011\"><\/noscript> <a class=\"pb-link \" data-magnific=\"gallery-14\" data-caption=\"Chorausflug Bundesgartenschau Koblenz 2011\" rel=\"\" target=\"\" href=\"https:\/\/burkhard-puetz.de\/wp-content\/uploads\/2024\/08\/BUGA-Koblenz-006-klein.jpg\"> <div class=\"pb-overlay\" style=\"\"> <div class=\"pb-caption-bottom\"> <span class=\"pb-description pb-caption-left\" style=\"\">Chorausflug Bundesgartenschau Koblenz 2011<\/span> <\/div> <\/div> <\/a> <\/div> <div class=\"pb-block with-text with-social-or-text pb-landscape pb-width pb-type-image \" style=\"\" data-colspan=\"1\" data-rowspan=\"1\" data-col=\"2\" data-row=\"27\" data-valign=\"center\" data-halign=\"center\" data-type=\"image\" data-ratio=\"1.3161953727506\"> <img decoding=\"async\" class=\"pb-image skip-lazy \" src=\"data:image\/png;base64,iVBORw0KGgoAAAANSUhEUgAAAAEAAAABCAYAAAAfFcSJAAAADUlEQVR42mNkYPhfDwAChwGA60e6kgAAAABJRU5ErkJggg==\" data-pb-source=\"https:\/\/burkhardpuetz-i6psyu9my.live-website.com\/wp-content\/uploads\/2024\/08\/voc400-scaled.jpg\" alt=\"Konzert 07.11.10 in Hostert (Lux.) | Wolfgang Amadeus Mozart: Requiem KV 626 | Felix Mendelssohn Bartholdy: Der 42. Psalm op. 42 | Ausf\u00fchrende: Sabine Zimmermann, Sopran | Manou Walesch, Alt | Peter Diebschlag, Tenor | David John Pike, Bass | Ensemble vocal Jubilate Musica Luxembourg | Chorale R\u00e9unie Donven-Flaxweiler Luxembourg | Chorgemeinschaft Heiligkreuz Trier | Orchestre Estro Armonico Luxembourg | Klauspeter Bungert, Orgel | Leitung: Burkhard P\u00fctz\"> <noscript><img decoding=\"async\" src=\"https:\/\/burkhardpuetz-i6psyu9my.live-website.com\/wp-content\/uploads\/2024\/08\/voc400-scaled.jpg\" alt=\"Konzert 07.11.10 in Hostert (Lux.) | Wolfgang Amadeus Mozart: Requiem KV 626 | Felix Mendelssohn Bartholdy: Der 42. Psalm op. 42 | Ausf\u00fchrende: Sabine Zimmermann, Sopran | Manou Walesch, Alt | Peter Diebschlag, Tenor | David John Pike, Bass | Ensemble vocal Jubilate Musica Luxembourg | Chorale R\u00e9unie Donven-Flaxweiler Luxembourg | Chorgemeinschaft Heiligkreuz Trier | Orchestre Estro Armonico Luxembourg | Klauspeter Bungert, Orgel | Leitung: Burkhard P\u00fctz\"><\/noscript> <a class=\"pb-link \" data-magnific=\"gallery-14\" data-caption=\"Konzert 07.11.10 in Hostert (Lux.) | Wolfgang Amadeus Mozart: Requiem KV 626 | Felix Mendelssohn Bartholdy: Der 42. Psalm op. 42 | Ausf\u00fchrende: Sabine Zimmermann, Sopran | Manou Walesch, Alt | Peter Diebschlag, Tenor | David John Pike, Bass | Ensemble vocal Jubilate Musica Luxembourg | Chorale R\u00e9unie Donven-Flaxweiler Luxembourg | Chorgemeinschaft Heiligkreuz Trier | Orchestre Estro Armonico Luxembourg | Klauspeter Bungert, Orgel | Leitung: Burkhard P\u00fctz\" rel=\"\" target=\"\" href=\"https:\/\/burkhard-puetz.de\/wp-content\/uploads\/2024\/08\/voc400-scaled.jpg\"> <div class=\"pb-overlay\" style=\"\"> <div class=\"pb-caption-bottom\"> <span class=\"pb-description pb-caption-left\" style=\"\">Konzert 07.11.10 in Hostert (Lux.) | Wolfgang Amadeus Mozart: Requiem KV 626 | Felix Mendelssohn Bartholdy: Der 42. Psalm op. 42 | Ausf\u00fchrende: Sabine Zimmermann, Sopran | Manou Walesch, Alt | Peter Diebschlag, Tenor | David John Pike, Bass | Ensemble vocal Jubilate Musica Luxembourg | Chorale R\u00e9unie Donven-Flaxweiler Luxembourg | Chorgemeinschaft Heiligkreuz Trier | Orchestre Estro Armonico Luxembourg | Klauspeter Bungert, Orgel | Leitung: Burkhard P\u00fctz<\/span> <\/div> <\/div> <\/a> <\/div> <div class=\"pb-block with-text with-social-or-text pb-landscape pb-width pb-type-image \" style=\"\" data-colspan=\"1\" data-rowspan=\"1\" data-col=\"3\" data-row=\"27\" data-valign=\"center\" data-halign=\"center\" data-type=\"image\" data-ratio=\"1.5\"> <img decoding=\"async\" class=\"pb-image skip-lazy \" src=\"data:image\/png;base64,iVBORw0KGgoAAAANSUhEUgAAAAEAAAABCAYAAAAfFcSJAAAADUlEQVR42mNkYPhfDwAChwGA60e6kgAAAABJRU5ErkJggg==\" data-pb-source=\"https:\/\/burkhardpuetz-i6psyu9my.live-website.com\/wp-content\/uploads\/2024\/07\/Konzert-7.11.2010-klein.jpg\" alt=\"Konzert 07.11.10 in Hostert (Lux.) | Wolfgang Amadeus Mozart: Requiem KV 626 | Felix Mendelssohn Bartholdy: Der 42. Psalm op. 42 | Ausf\u00fchrende: Sabine Zimmermann, Sopran | Manou Walesch, Alt | Peter Diebschlag, Tenor | David John Pike, Bass | Ensemble vocal Jubilate Musica Luxembourg | Chorale R\u00e9unie Donven-Flaxweiler Luxembourg | Chorgemeinschaft Heiligkreuz Trier | Orchestre Estro Armonico Luxembourg | Klauspeter Bungert, Orgel | Leitung: Burkhard P\u00fctz\"> <noscript><img decoding=\"async\" src=\"https:\/\/burkhardpuetz-i6psyu9my.live-website.com\/wp-content\/uploads\/2024\/07\/Konzert-7.11.2010-klein.jpg\" alt=\"Konzert 07.11.10 in Hostert (Lux.) | Wolfgang Amadeus Mozart: Requiem KV 626 | Felix Mendelssohn Bartholdy: Der 42. Psalm op. 42 | Ausf\u00fchrende: Sabine Zimmermann, Sopran | Manou Walesch, Alt | Peter Diebschlag, Tenor | David John Pike, Bass | Ensemble vocal Jubilate Musica Luxembourg | Chorale R\u00e9unie Donven-Flaxweiler Luxembourg | Chorgemeinschaft Heiligkreuz Trier | Orchestre Estro Armonico Luxembourg | Klauspeter Bungert, Orgel | Leitung: Burkhard P\u00fctz\"><\/noscript> <a class=\"pb-link \" data-magnific=\"gallery-14\" data-caption=\"Konzert 07.11.10 in Hostert (Lux.) | Wolfgang Amadeus Mozart: Requiem KV 626 | Felix Mendelssohn Bartholdy: Der 42. Psalm op. 42 | Ausf\u00fchrende: Sabine Zimmermann, Sopran | Manou Walesch, Alt | Peter Diebschlag, Tenor | David John Pike, Bass | Ensemble vocal Jubilate Musica Luxembourg | Chorale R\u00e9unie Donven-Flaxweiler Luxembourg | Chorgemeinschaft Heiligkreuz Trier | Orchestre Estro Armonico Luxembourg | Klauspeter Bungert, Orgel | Leitung: Burkhard P\u00fctz\" rel=\"\" target=\"\" href=\"https:\/\/burkhard-puetz.de\/wp-content\/uploads\/2024\/07\/Konzert-7.11.2010-klein.jpg\"> <div class=\"pb-overlay\" style=\"\"> <div class=\"pb-caption-bottom\"> <span class=\"pb-description pb-caption-left\" style=\"\">Konzert 07.11.10 in Hostert (Lux.) | Wolfgang Amadeus Mozart: Requiem KV 626 | Felix Mendelssohn Bartholdy: Der 42. Psalm op. 42 | Ausf\u00fchrende: Sabine Zimmermann, Sopran | Manou Walesch, Alt | Peter Diebschlag, Tenor | David John Pike, Bass | Ensemble vocal Jubilate Musica Luxembourg | Chorale R\u00e9unie Donven-Flaxweiler Luxembourg | Chorgemeinschaft Heiligkreuz Trier | Orchestre Estro Armonico Luxembourg | Klauspeter Bungert, Orgel | Leitung: Burkhard P\u00fctz<\/span> <\/div> <\/div> <\/a> <\/div> <div class=\"pb-block with-text with-social-or-text pb-landscape pb-width pb-type-image \" style=\"\" data-colspan=\"1\" data-rowspan=\"1\" data-col=\"0\" data-row=\"28\" data-valign=\"center\" data-halign=\"center\" data-type=\"image\" data-ratio=\"1.5\"> <img decoding=\"async\" class=\"pb-image skip-lazy \" src=\"data:image\/png;base64,iVBORw0KGgoAAAANSUhEUgAAAAEAAAABCAYAAAAfFcSJAAAADUlEQVR42mNkYPhfDwAChwGA60e6kgAAAABJRU5ErkJggg==\" data-pb-source=\"https:\/\/burkhardpuetz-i6psyu9my.live-website.com\/wp-content\/uploads\/2024\/07\/Konzert-7.11.2010-2-klein.jpg\" alt=\"Konzert 07.11.10 in Hostert (Lux.) | Wolfgang Amadeus Mozart: Requiem KV 626 | Felix Mendelssohn Bartholdy: Der 42. Psalm op. 42 | Ausf\u00fchrende: Sabine Zimmermann, Sopran | Manou Walesch, Alt | Peter Diebschlag, Tenor | David John Pike, Bass | Ensemble vocal Jubilate Musica Luxembourg | Chorale R\u00e9unie Donven-Flaxweiler Luxembourg | Chorgemeinschaft Heiligkreuz Trier | Orchestre Estro Armonico Luxembourg | Klauspeter Bungert, Orgel | Leitung: Burkhard P\u00fctz\"> <noscript><img decoding=\"async\" src=\"https:\/\/burkhardpuetz-i6psyu9my.live-website.com\/wp-content\/uploads\/2024\/07\/Konzert-7.11.2010-2-klein.jpg\" alt=\"Konzert 07.11.10 in Hostert (Lux.) | Wolfgang Amadeus Mozart: Requiem KV 626 | Felix Mendelssohn Bartholdy: Der 42. Psalm op. 42 | Ausf\u00fchrende: Sabine Zimmermann, Sopran | Manou Walesch, Alt | Peter Diebschlag, Tenor | David John Pike, Bass | Ensemble vocal Jubilate Musica Luxembourg | Chorale R\u00e9unie Donven-Flaxweiler Luxembourg | Chorgemeinschaft Heiligkreuz Trier | Orchestre Estro Armonico Luxembourg | Klauspeter Bungert, Orgel | Leitung: Burkhard P\u00fctz\"><\/noscript> <a class=\"pb-link \" data-magnific=\"gallery-14\" data-caption=\"Konzert 07.11.10 in Hostert (Lux.) | Wolfgang Amadeus Mozart: Requiem KV 626 | Felix Mendelssohn Bartholdy: Der 42. Psalm op. 42 | Ausf\u00fchrende: Sabine Zimmermann, Sopran | Manou Walesch, Alt | Peter Diebschlag, Tenor | David John Pike, Bass | Ensemble vocal Jubilate Musica Luxembourg | Chorale R\u00e9unie Donven-Flaxweiler Luxembourg | Chorgemeinschaft Heiligkreuz Trier | Orchestre Estro Armonico Luxembourg | Klauspeter Bungert, Orgel | Leitung: Burkhard P\u00fctz\" rel=\"\" target=\"\" href=\"https:\/\/burkhard-puetz.de\/wp-content\/uploads\/2024\/07\/Konzert-7.11.2010-2-klein.jpg\"> <div class=\"pb-overlay\" style=\"\"> <div class=\"pb-caption-bottom\"> <span class=\"pb-description pb-caption-left\" style=\"\">Konzert 07.11.10 in Hostert (Lux.) | Wolfgang Amadeus Mozart: Requiem KV 626 | Felix Mendelssohn Bartholdy: Der 42. Psalm op. 42 | Ausf\u00fchrende: Sabine Zimmermann, Sopran | Manou Walesch, Alt | Peter Diebschlag, Tenor | David John Pike, Bass | Ensemble vocal Jubilate Musica Luxembourg | Chorale R\u00e9unie Donven-Flaxweiler Luxembourg | Chorgemeinschaft Heiligkreuz Trier | Orchestre Estro Armonico Luxembourg | Klauspeter Bungert, Orgel | Leitung: Burkhard P\u00fctz<\/span> <\/div> <\/div> <\/a> <\/div> <div class=\"pb-block with-text with-social-or-text pb-landscape pb-width pb-type-image \" style=\"\" data-colspan=\"1\" data-rowspan=\"1\" data-col=\"1\" data-row=\"28\" data-valign=\"center\" data-halign=\"center\" data-type=\"image\" data-ratio=\"1.5005861664713\"> <img decoding=\"async\" class=\"pb-image skip-lazy \" src=\"data:image\/png;base64,iVBORw0KGgoAAAANSUhEUgAAAAEAAAABCAYAAAAfFcSJAAAADUlEQVR42mNkYPhfDwAChwGA60e6kgAAAABJRU5ErkJggg==\" data-pb-source=\"https:\/\/burkhardpuetz-i6psyu9my.live-website.com\/wp-content\/uploads\/2024\/07\/Konzert-Mozart-Requiem-7.11.2010-scaled.jpg\" alt=\"Konzert 07.11.10 in Hostert (Lux.) | Wolfgang Amadeus Mozart: Requiem KV 626 | Felix Mendelssohn Bartholdy: Der 42. Psalm op. 42 | Ausf\u00fchrende: Sabine Zimmermann, Sopran | Manou Walesch, Alt | Peter Diebschlag, Tenor | David John Pike, Bass | Ensemble vocal Jubilate Musica Luxembourg | Chorale R\u00e9unie Donven-Flaxweiler Luxembourg | Chorgemeinschaft Heiligkreuz Trier | Orchestre Estro Armonico Luxembourg | Klauspeter Bungert, Orgel | Leitung: Burkhard P\u00fctz\"> <noscript><img decoding=\"async\" src=\"https:\/\/burkhardpuetz-i6psyu9my.live-website.com\/wp-content\/uploads\/2024\/07\/Konzert-Mozart-Requiem-7.11.2010-scaled.jpg\" alt=\"Konzert 07.11.10 in Hostert (Lux.) | Wolfgang Amadeus Mozart: Requiem KV 626 | Felix Mendelssohn Bartholdy: Der 42. Psalm op. 42 | Ausf\u00fchrende: Sabine Zimmermann, Sopran | Manou Walesch, Alt | Peter Diebschlag, Tenor | David John Pike, Bass | Ensemble vocal Jubilate Musica Luxembourg | Chorale R\u00e9unie Donven-Flaxweiler Luxembourg | Chorgemeinschaft Heiligkreuz Trier | Orchestre Estro Armonico Luxembourg | Klauspeter Bungert, Orgel | Leitung: Burkhard P\u00fctz\"><\/noscript> <a class=\"pb-link \" data-magnific=\"gallery-14\" data-caption=\"Konzert 07.11.10 in Hostert (Lux.) | Wolfgang Amadeus Mozart: Requiem KV 626 | Felix Mendelssohn Bartholdy: Der 42. Psalm op. 42 | Ausf\u00fchrende: Sabine Zimmermann, Sopran | Manou Walesch, Alt | Peter Diebschlag, Tenor | David John Pike, Bass | Ensemble vocal Jubilate Musica Luxembourg | Chorale R\u00e9unie Donven-Flaxweiler Luxembourg | Chorgemeinschaft Heiligkreuz Trier | Orchestre Estro Armonico Luxembourg | Klauspeter Bungert, Orgel | Leitung: Burkhard P\u00fctz\" rel=\"\" target=\"\" href=\"https:\/\/burkhard-puetz.de\/wp-content\/uploads\/2024\/07\/Konzert-Mozart-Requiem-7.11.2010-scaled.jpg\"> <div class=\"pb-overlay\" style=\"\"> <div class=\"pb-caption-bottom\"> <span class=\"pb-description pb-caption-left\" style=\"\">Konzert 07.11.10 in Hostert (Lux.) | Wolfgang Amadeus Mozart: Requiem KV 626 | Felix Mendelssohn Bartholdy: Der 42. Psalm op. 42 | Ausf\u00fchrende: Sabine Zimmermann, Sopran | Manou Walesch, Alt | Peter Diebschlag, Tenor | David John Pike, Bass | Ensemble vocal Jubilate Musica Luxembourg | Chorale R\u00e9unie Donven-Flaxweiler Luxembourg | Chorgemeinschaft Heiligkreuz Trier | Orchestre Estro Armonico Luxembourg | Klauspeter Bungert, Orgel | Leitung: Burkhard P\u00fctz<\/span> <\/div> <\/div> <\/a> <\/div> <div class=\"pb-block with-text with-social-or-text pb-landscape pb-width pb-type-image \" style=\"\" data-colspan=\"1\" data-rowspan=\"1\" data-col=\"2\" data-row=\"28\" data-valign=\"center\" data-halign=\"center\" data-type=\"image\" data-ratio=\"1.8390410958904\"> <img decoding=\"async\" class=\"pb-image skip-lazy \" src=\"data:image\/png;base64,iVBORw0KGgoAAAANSUhEUgAAAAEAAAABCAYAAAAfFcSJAAAADUlEQVR42mNkYPhfDwAChwGA60e6kgAAAABJRU5ErkJggg==\" data-pb-source=\"https:\/\/burkhardpuetz-i6psyu9my.live-website.com\/wp-content\/uploads\/2024\/07\/voc1-klein.jpg\" alt=\"Konzert 07.11.10 in Hostert (Lux.) | Das Solistenquartett | Wolfgang Amadeus Mozart: Requiem KV 626 | Felix Mendelssohn Bartholdy: Der 42. Psalm op. 42 | Ausf\u00fchrende: Sabine Zimmermann, Sopran | Manou Walesch, Alt | Peter Diebschlag, Tenor | David John Pike, Bass | Ensemble vocal Jubilate Musica Luxembourg | Chorale R\u00e9unie Donven-Flaxweiler Luxembourg | Chorgemeinschaft Heiligkreuz Trier | Orchestre Estro Armonico Luxembourg | Klauspeter Bungert, Orgel | Leitung: Burkhard P\u00fctz\"> <noscript><img decoding=\"async\" src=\"https:\/\/burkhardpuetz-i6psyu9my.live-website.com\/wp-content\/uploads\/2024\/07\/voc1-klein.jpg\" alt=\"Konzert 07.11.10 in Hostert (Lux.) | Das Solistenquartett | Wolfgang Amadeus Mozart: Requiem KV 626 | Felix Mendelssohn Bartholdy: Der 42. Psalm op. 42 | Ausf\u00fchrende: Sabine Zimmermann, Sopran | Manou Walesch, Alt | Peter Diebschlag, Tenor | David John Pike, Bass | Ensemble vocal Jubilate Musica Luxembourg | Chorale R\u00e9unie Donven-Flaxweiler Luxembourg | Chorgemeinschaft Heiligkreuz Trier | Orchestre Estro Armonico Luxembourg | Klauspeter Bungert, Orgel | Leitung: Burkhard P\u00fctz\"><\/noscript> <a class=\"pb-link \" data-magnific=\"gallery-14\" data-caption=\"Konzert 07.11.10 in Hostert (Lux.) | Das Solistenquartett | Wolfgang Amadeus Mozart: Requiem KV 626 | Felix Mendelssohn Bartholdy: Der 42. Psalm op. 42 | Ausf\u00fchrende: Sabine Zimmermann, Sopran | Manou Walesch, Alt | Peter Diebschlag, Tenor | David John Pike, Bass | Ensemble vocal Jubilate Musica Luxembourg | Chorale R\u00e9unie Donven-Flaxweiler Luxembourg | Chorgemeinschaft Heiligkreuz Trier | Orchestre Estro Armonico Luxembourg | Klauspeter Bungert, Orgel | Leitung: Burkhard P\u00fctz\" rel=\"\" target=\"\" href=\"https:\/\/burkhard-puetz.de\/wp-content\/uploads\/2024\/07\/voc1-klein.jpg\"> <div class=\"pb-overlay\" style=\"\"> <div class=\"pb-caption-bottom\"> <span class=\"pb-description pb-caption-left\" style=\"\">Konzert 07.11.10 in Hostert (Lux.) | Das Solistenquartett | Wolfgang Amadeus Mozart: Requiem KV 626 | Felix Mendelssohn Bartholdy: Der 42. Psalm op. 42 | Ausf\u00fchrende: Sabine Zimmermann, Sopran | Manou Walesch, Alt | Peter Diebschlag, Tenor | David John Pike, Bass | Ensemble vocal Jubilate Musica Luxembourg | Chorale R\u00e9unie Donven-Flaxweiler Luxembourg | Chorgemeinschaft Heiligkreuz Trier | Orchestre Estro Armonico Luxembourg | Klauspeter Bungert, Orgel | Leitung: Burkhard P\u00fctz<\/span> <\/div> <\/div> <\/a> <\/div> <div class=\"pb-block with-text with-social-or-text pb-landscape pb-width pb-type-image \" style=\"\" data-colspan=\"1\" data-rowspan=\"1\" data-col=\"3\" data-row=\"28\" data-valign=\"center\" data-halign=\"center\" data-type=\"image\" data-ratio=\"1.993769470405\"> <img decoding=\"async\" class=\"pb-image skip-lazy \" src=\"data:image\/png;base64,iVBORw0KGgoAAAANSUhEUgAAAAEAAAABCAYAAAAfFcSJAAAADUlEQVR42mNkYPhfDwAChwGA60e6kgAAAABJRU5ErkJggg==\" data-pb-source=\"https:\/\/burkhardpuetz-i6psyu9my.live-website.com\/wp-content\/uploads\/2024\/08\/Chorgemeinschaft-Heiligkreuz-Rippinger-scaled.jpg\" alt=\"Die Chorgemeinschaft Heiligkreuz nach der Probe am 06.10.05\"> <noscript><img decoding=\"async\" src=\"https:\/\/burkhardpuetz-i6psyu9my.live-website.com\/wp-content\/uploads\/2024\/08\/Chorgemeinschaft-Heiligkreuz-Rippinger-scaled.jpg\" alt=\"Die Chorgemeinschaft Heiligkreuz nach der Probe am 06.10.05\"><\/noscript> <a class=\"pb-link \" data-magnific=\"gallery-14\" data-caption=\"Die Chorgemeinschaft Heiligkreuz nach der Probe am 06.10.05\" rel=\"\" target=\"\" href=\"https:\/\/burkhard-puetz.de\/wp-content\/uploads\/2024\/08\/Chorgemeinschaft-Heiligkreuz-Rippinger-scaled.jpg\"> <div class=\"pb-overlay\" style=\"\"> <div class=\"pb-caption-bottom\"> <span class=\"pb-description pb-caption-left\" style=\"\">Die Chorgemeinschaft Heiligkreuz nach der Probe am 06.10.05<\/span> <\/div> <\/div> <\/a> <\/div> <div class=\"pb-block with-text with-social-or-text pb-landscape pb-width pb-type-image \" style=\"\" data-colspan=\"1\" data-rowspan=\"1\" data-col=\"0\" data-row=\"29\" data-valign=\"center\" data-halign=\"center\" data-type=\"image\" data-ratio=\"1.5640138408304\"> <img decoding=\"async\" class=\"pb-image skip-lazy \" src=\"data:image\/png;base64,iVBORw0KGgoAAAANSUhEUgAAAAEAAAABCAYAAAAfFcSJAAAADUlEQVR42mNkYPhfDwAChwGA60e6kgAAAABJRU5ErkJggg==\" data-pb-source=\"https:\/\/burkhardpuetz-i6psyu9my.live-website.com\/wp-content\/uploads\/2024\/07\/Konzert-14.11.10-Trier-Heiligkreuz-klein.jpg\" alt=\"Konzert 14.11.10 in der Pfarrkirche Heiligkreuz Trier | Wolfgang Amadeus Mozart: Requiem KV 626 | Felix Mendelssohn Bartholdy: Der 42. Psalm op. 42 | Ausf\u00fchrende: Sabine Zimmermann, Sopran | Manou Walesch, Alt | Peter Diebschlag, Tenor | David John Pike, Bass | Ensemble vocal Jubilate Musica Luxembourg | Chorale R\u00e9unie Donven-Flaxweiler Luxembourg | Chorgemeinschaft Heiligkreuz Trier | Orchestre Estro Armonico Luxembourg | Klauspeter Bungert, Orgel | Leitung: Burkhard P\u00fctz\"> <noscript><img decoding=\"async\" src=\"https:\/\/burkhardpuetz-i6psyu9my.live-website.com\/wp-content\/uploads\/2024\/07\/Konzert-14.11.10-Trier-Heiligkreuz-klein.jpg\" alt=\"Konzert 14.11.10 in der Pfarrkirche Heiligkreuz Trier | Wolfgang Amadeus Mozart: Requiem KV 626 | Felix Mendelssohn Bartholdy: Der 42. Psalm op. 42 | Ausf\u00fchrende: Sabine Zimmermann, Sopran | Manou Walesch, Alt | Peter Diebschlag, Tenor | David John Pike, Bass | Ensemble vocal Jubilate Musica Luxembourg | Chorale R\u00e9unie Donven-Flaxweiler Luxembourg | Chorgemeinschaft Heiligkreuz Trier | Orchestre Estro Armonico Luxembourg | Klauspeter Bungert, Orgel | Leitung: Burkhard P\u00fctz\"><\/noscript> <a class=\"pb-link \" data-magnific=\"gallery-14\" data-caption=\"Konzert 14.11.10 in der Pfarrkirche Heiligkreuz Trier | Wolfgang Amadeus Mozart: Requiem KV 626 | Felix Mendelssohn Bartholdy: Der 42. Psalm op. 42 | Ausf\u00fchrende: Sabine Zimmermann, Sopran | Manou Walesch, Alt | Peter Diebschlag, Tenor | David John Pike, Bass | Ensemble vocal Jubilate Musica Luxembourg | Chorale R\u00e9unie Donven-Flaxweiler Luxembourg | Chorgemeinschaft Heiligkreuz Trier | Orchestre Estro Armonico Luxembourg | Klauspeter Bungert, Orgel | Leitung: Burkhard P\u00fctz\" rel=\"\" target=\"\" href=\"https:\/\/burkhard-puetz.de\/wp-content\/uploads\/2024\/07\/Konzert-14.11.10-Trier-Heiligkreuz-klein.jpg\"> <div class=\"pb-overlay\" style=\"\"> <div class=\"pb-caption-bottom\"> <span class=\"pb-description pb-caption-left\" style=\"\">Konzert 14.11.10 in der Pfarrkirche Heiligkreuz Trier | Wolfgang Amadeus Mozart: Requiem KV 626 | Felix Mendelssohn Bartholdy: Der 42. Psalm op. 42 | Ausf\u00fchrende: Sabine Zimmermann, Sopran | Manou Walesch, Alt | Peter Diebschlag, Tenor | David John Pike, Bass | Ensemble vocal Jubilate Musica Luxembourg | Chorale R\u00e9unie Donven-Flaxweiler Luxembourg | Chorgemeinschaft Heiligkreuz Trier | Orchestre Estro Armonico Luxembourg | Klauspeter Bungert, Orgel | Leitung: Burkhard P\u00fctz<\/span> <\/div> <\/div> <\/a> <\/div> <div class=\"pb-block with-text with-social-or-text pb-landscape pb-width pb-type-image \" style=\"\" data-colspan=\"1\" data-rowspan=\"1\" data-col=\"1\" data-row=\"29\" data-valign=\"center\" data-halign=\"center\" data-type=\"image\" data-ratio=\"1.5051740357479\"> <img decoding=\"async\" class=\"pb-image skip-lazy \" src=\"data:image\/png;base64,iVBORw0KGgoAAAANSUhEUgAAAAEAAAABCAYAAAAfFcSJAAAADUlEQVR42mNkYPhfDwAChwGA60e6kgAAAABJRU5ErkJggg==\" data-pb-source=\"https:\/\/burkhardpuetz-i6psyu9my.live-website.com\/wp-content\/uploads\/2024\/07\/Chorgemeinschaft.jpg\" alt=\"Die Chorgemeinschaft Heiligkreuz Trier nach der Orgelweihe in St. Michael am 07.06.09\"> <noscript><img decoding=\"async\" src=\"https:\/\/burkhardpuetz-i6psyu9my.live-website.com\/wp-content\/uploads\/2024\/07\/Chorgemeinschaft.jpg\" alt=\"Die Chorgemeinschaft Heiligkreuz Trier nach der Orgelweihe in St. Michael am 07.06.09\"><\/noscript> <a class=\"pb-link \" data-magnific=\"gallery-14\" data-caption=\"Die Chorgemeinschaft Heiligkreuz Trier nach der Orgelweihe in St. Michael am 07.06.09\" rel=\"\" target=\"\" href=\"https:\/\/burkhard-puetz.de\/wp-content\/uploads\/2024\/07\/Chorgemeinschaft.jpg\"> <div class=\"pb-overlay\" style=\"\"> <div class=\"pb-caption-bottom\"> <span class=\"pb-description pb-caption-left\" style=\"\">Die Chorgemeinschaft Heiligkreuz Trier nach der Orgelweihe in St. Michael am 07.06.09<\/span> <\/div> <\/div> <\/a> <\/div> <div class=\"pb-block with-text with-social-or-text pb-landscape pb-width pb-type-image \" style=\"\" data-colspan=\"1\" data-rowspan=\"1\" data-col=\"2\" data-row=\"29\" data-valign=\"center\" data-halign=\"center\" data-type=\"image\" data-ratio=\"1.3333333333333\"> <img decoding=\"async\" class=\"pb-image skip-lazy \" src=\"data:image\/png;base64,iVBORw0KGgoAAAANSUhEUgAAAAEAAAABCAYAAAAfFcSJAAAADUlEQVR42mNkYPhfDwAChwGA60e6kgAAAABJRU5ErkJggg==\" data-pb-source=\"https:\/\/burkhardpuetz-i6psyu9my.live-website.com\/wp-content\/uploads\/2024\/07\/Chorfahrt-Paris-2009-Gruppenfoto-klein.jpg\" alt=\"Fahrt des Jugendchores und der jugendlichen S\u00e4ngerinnen und S\u00e4nger der Chorgemeinschaft am 10.-11. Oktober 2009 nach Paris\"> <noscript><img decoding=\"async\" src=\"https:\/\/burkhardpuetz-i6psyu9my.live-website.com\/wp-content\/uploads\/2024\/07\/Chorfahrt-Paris-2009-Gruppenfoto-klein.jpg\" alt=\"Fahrt des Jugendchores und der jugendlichen S\u00e4ngerinnen und S\u00e4nger der Chorgemeinschaft am 10.-11. Oktober 2009 nach Paris\"><\/noscript> <a class=\"pb-link \" data-magnific=\"gallery-14\" data-caption=\"Fahrt des Jugendchores und der jugendlichen S\u00e4ngerinnen und S\u00e4nger der Chorgemeinschaft am 10.-11. Oktober 2009 nach Paris\" rel=\"\" target=\"\" href=\"https:\/\/burkhard-puetz.de\/wp-content\/uploads\/2024\/07\/Chorfahrt-Paris-2009-Gruppenfoto-klein.jpg\"> <div class=\"pb-overlay\" style=\"\"> <div class=\"pb-caption-bottom\"> <span class=\"pb-description pb-caption-left\" style=\"\">Fahrt des Jugendchores und der jugendlichen S\u00e4ngerinnen und S\u00e4nger der Chorgemeinschaft am 10.-11. Oktober 2009 nach Paris<\/span> <\/div> <\/div> <\/a> <\/div> <div class=\"pb-block with-text with-social-or-text pb-landscape pb-width pb-type-image \" style=\"\" data-colspan=\"1\" data-rowspan=\"1\" data-col=\"3\" data-row=\"29\" data-valign=\"center\" data-halign=\"center\" data-type=\"image\" data-ratio=\"1.5004233700254\"> <img decoding=\"async\" class=\"pb-image skip-lazy \" src=\"data:image\/png;base64,iVBORw0KGgoAAAANSUhEUgAAAAEAAAABCAYAAAAfFcSJAAAADUlEQVR42mNkYPhfDwAChwGA60e6kgAAAABJRU5ErkJggg==\" data-pb-source=\"https:\/\/burkhardpuetz-i6psyu9my.live-website.com\/wp-content\/uploads\/2024\/08\/Chorgemeinschaft-Heiligkreuz-Trier-2005.jpg\" alt=\"Die Chorgemeinschaft Heiligkreuz Trier 2005\"> <noscript><img decoding=\"async\" src=\"https:\/\/burkhardpuetz-i6psyu9my.live-website.com\/wp-content\/uploads\/2024\/08\/Chorgemeinschaft-Heiligkreuz-Trier-2005.jpg\" alt=\"Die Chorgemeinschaft Heiligkreuz Trier 2005\"><\/noscript> <a class=\"pb-link \" data-magnific=\"gallery-14\" data-caption=\"Die Chorgemeinschaft Heiligkreuz Trier 2005\" rel=\"\" target=\"\" href=\"https:\/\/burkhard-puetz.de\/wp-content\/uploads\/2024\/08\/Chorgemeinschaft-Heiligkreuz-Trier-2005.jpg\"> <div class=\"pb-overlay\" style=\"\"> <div class=\"pb-caption-bottom\"> <span class=\"pb-description pb-caption-left\" style=\"\">Die Chorgemeinschaft Heiligkreuz Trier 2005<\/span> <\/div> <\/div> <\/a> <\/div> <\/div><\/div><div id=\"photoblocks-fancybox-14\"><\/div><script>jQuery(function () { var p = new PhotoBlocks({ selector: \"#photoblocks-14\", columns: 4, padding: 10, disable_below: 320, on: { before: function () { }, after: function () { }, refresh: function () { } }, mobile_layout: [], lazy: false, debug: false }); jQuery(\"#photoblocks-14\").magnificPopup({ delegate: \".pb-block:not(.pb-filtered) [data-magnific]\", type: \"image\", gallery: { enabled: true, preload: [0,2] }, image: { titleSrc: 'data-caption' }, mainClass: \"mfp-14\" }); });<\/script>\n","protected":false},"excerpt":{"rendered":"","protected":false},"author":1,"featured_media":0,"parent":154,"menu_order":1,"comment_status":"closed","ping_status":"closed","template":"","meta":{"_kadence_starter_templates_imported_post":false,"_kad_post_transparent":"","_kad_post_title":"","_kad_post_layout":"narrow","_kad_post_sidebar_id":"","_kad_post_content_style":"","_kad_post_vertical_padding":"","_kad_post_feature":"","_kad_post_feature_position":"","_kad_post_header":false,"_kad_post_footer":false,"_kad_post_classname":"","footnotes":""},"class_list":["post-408","page","type-page","status-publish","hentry"],"_links":{"self":[{"href":"https:\/\/burkhard-puetz.de\/index.php?rest_route=\/wp\/v2\/pages\/408","targetHints":{"allow":["GET"]}}],"collection":[{"href":"https:\/\/burkhard-puetz.de\/index.php?rest_route=\/wp\/v2\/pages"}],"about":[{"href":"https:\/\/burkhard-puetz.de\/index.php?rest_route=\/wp\/v2\/types\/page"}],"author":[{"embeddable":true,"href":"https:\/\/burkhard-puetz.de\/index.php?rest_route=\/wp\/v2\/users\/1"}],"replies":[{"embeddable":true,"href":"https:\/\/burkhard-puetz.de\/index.php?rest_route=%2Fwp%2Fv2%2Fcomments&post=408"}],"version-history":[{"count":3,"href":"https:\/\/burkhard-puetz.de\/index.php?rest_route=\/wp\/v2\/pages\/408\/revisions"}],"predecessor-version":[{"id":841,"href":"https:\/\/burkhard-puetz.de\/index.php?rest_route=\/wp\/v2\/pages\/408\/revisions\/841"}],"up":[{"embeddable":true,"href":"https:\/\/burkhard-puetz.de\/index.php?rest_route=\/wp\/v2\/pages\/154"}],"wp:attachment":[{"href":"https:\/\/burkhard-puetz.de\/index.php?rest_route=%2Fwp%2Fv2%2Fmedia&parent=408"}],"curies":[{"name":"wp","href":"https:\/\/api.w.org\/{rel}","templated":true}]}}