{"id":410,"date":"2024-08-05T14:52:41","date_gmt":"2024-08-05T14:52:41","guid":{"rendered":"https:\/\/burkhard-puetz.de\/?page_id=410"},"modified":"2026-04-01T09:04:21","modified_gmt":"2026-04-01T09:04:21","slug":"fotos-kinder-und-jugendchor-heiligkreuz","status":"publish","type":"page","link":"https:\/\/burkhard-puetz.de\/?page_id=410","title":{"rendered":"Kinder- und Jugendchor Heiligkreuz Trier"},"content":{"rendered":"<!-- PhotoBlocks for WordPress v1.3.3 free --><style> #photoblocks-15 {width: 100%;} #photoblocks-15 .pb-block {border-color: #333333;} #photoblocks-15 .pb-title {color: #ffffff;font-size: 20px;} #photoblocks-15 .pb-description {color: rgba(255, 255, 255, 0.7);font-size: 14px;} #photoblocks-15 .pb-block.pb-type-text .pb-overlay {} #photoblocks-15 .pb-block.pb-type-text .pb-title, #photoblocks-15 .pb-block.pb-type-text .pb-description {} #photoblocks-15 .pb-block.pb-type-text .pb-title {} #photoblocks-15 .pb-block.pb-type-text .pb-description {} #photoblocks-15 .pb-overlay {background: rgba(0, 0, 0, 0.75);} #photoblocks-15.pb-lift.show-empty-overlay .pb-block.pb-type-image:hover, #photoblocks-15.pb-lift .pb-block.pb-type-image.with-text:hover { box-shadow: rgba(0, 0, 0, 0.75) 0 0 20px; } #photoblocks-15 .pb-block { } #photoblocks-15 .pb-block .pb-social button {color: #ffffff;font-size: 14px;} #photoblocks-15 .pb-blocks .pb-type-image {max-width: calc( 100% - 10px )}<\/style><div class=\"photoblocks-gallery pb-blur pb-lift pb-effect-fade\" data-anim=\"fade\" id=\"photoblocks-15\"> <div class=\"pb-blocks\"> <div class=\"pb-block with-text with-social-or-text pb-landscape pb-width pb-type-image \" style=\"\" data-colspan=\"1\" data-rowspan=\"1\" data-col=\"0\" data-row=\"0\" data-valign=\"center\" data-halign=\"center\" data-type=\"image\" data-ratio=\"1.5213963963964\"> <img decoding=\"async\" class=\"pb-image skip-lazy \" src=\"data:image\/png;base64,iVBORw0KGgoAAAANSUhEUgAAAAEAAAABCAYAAAAfFcSJAAAADUlEQVR42mNkYPhfDwAChwGA60e6kgAAAABJRU5ErkJggg==\" data-pb-source=\"https:\/\/burkhard-puetz.de\/wp-content\/uploads\/2025\/08\/Kinderchor-Heiligkreuz-Trier-23.08.25-Eifelpark-Gondorf.jpg\" alt=\"Ausflug Kinderchor Heiligkreuz Trier in den Eifelpark Gondorf am Samstag, 23. August 2025\"> <noscript><img decoding=\"async\" src=\"https:\/\/burkhard-puetz.de\/wp-content\/uploads\/2025\/08\/Kinderchor-Heiligkreuz-Trier-23.08.25-Eifelpark-Gondorf.jpg\" alt=\"Ausflug Kinderchor Heiligkreuz Trier in den Eifelpark Gondorf am Samstag, 23. August 2025\"><\/noscript> <a class=\"pb-link \" data-magnific=\"gallery-15\" data-caption=\"Ausflug Kinderchor Heiligkreuz Trier in den Eifelpark Gondorf am Samstag, 23. August 2025\" rel=\"\" target=\"\" href=\"https:\/\/burkhard-puetz.de\/wp-content\/uploads\/2025\/08\/Kinderchor-Heiligkreuz-Trier-23.08.25-Eifelpark-Gondorf.jpg\"> <div class=\"pb-overlay\" style=\"\"> <div class=\"pb-caption-bottom\"> <span class=\"pb-description pb-caption-left\" style=\"\">Ausflug Kinderchor Heiligkreuz Trier in den Eifelpark Gondorf am Samstag, 23. August 2025<\/span> <\/div> <\/div> <\/a> <\/div> <div class=\"pb-block with-text with-social-or-text pb-landscape pb-width pb-type-image \" style=\"\" data-colspan=\"1\" data-rowspan=\"1\" data-col=\"1\" data-row=\"0\" data-valign=\"center\" data-halign=\"center\" data-type=\"image\" data-ratio=\"1.6789383561644\"> <img decoding=\"async\" class=\"pb-image skip-lazy \" src=\"data:image\/png;base64,iVBORw0KGgoAAAANSUhEUgAAAAEAAAABCAYAAAAfFcSJAAAADUlEQVR42mNkYPhfDwAChwGA60e6kgAAAABJRU5ErkJggg==\" data-pb-source=\"https:\/\/burkhard-puetz.de\/wp-content\/uploads\/2025\/06\/IMG_3738.jpg\" alt=\"Der Kinderchor Heiligkreuz Trier im Hochamt zum Pfarrfest | Dreifaltigkeitssonntag, 15. Juni 2025 in der Pfarrkirche St. Michael, Trier-Mariahof | Chorges\u00e4nge von Richard Runciman Terry, C\u00e9sar Franck und Christian Matthias Hei\u00df\"> <noscript><img decoding=\"async\" src=\"https:\/\/burkhard-puetz.de\/wp-content\/uploads\/2025\/06\/IMG_3738.jpg\" alt=\"Der Kinderchor Heiligkreuz Trier im Hochamt zum Pfarrfest | Dreifaltigkeitssonntag, 15. Juni 2025 in der Pfarrkirche St. Michael, Trier-Mariahof | Chorges\u00e4nge von Richard Runciman Terry, C\u00e9sar Franck und Christian Matthias Hei\u00df\"><\/noscript> <a class=\"pb-link \" data-magnific=\"gallery-15\" data-caption=\"Der Kinderchor Heiligkreuz Trier im Hochamt zum Pfarrfest | Dreifaltigkeitssonntag, 15. Juni 2025 in der Pfarrkirche St. Michael, Trier-Mariahof | Chorges\u00e4nge von Richard Runciman Terry, C\u00e9sar Franck und Christian Matthias Hei\u00df\" rel=\"\" target=\"\" href=\"https:\/\/burkhard-puetz.de\/wp-content\/uploads\/2025\/06\/IMG_3738.jpg\"> <div class=\"pb-overlay\" style=\"\"> <div class=\"pb-caption-bottom\"> <span class=\"pb-description pb-caption-left\" style=\"\">Der Kinderchor Heiligkreuz Trier im Hochamt zum Pfarrfest | Dreifaltigkeitssonntag, 15. Juni 2025 in der Pfarrkirche St. Michael, Trier-Mariahof | Chorges\u00e4nge von Richard Runciman Terry, C\u00e9sar Franck und Christian Matthias Hei\u00df<\/span> <\/div> <\/div> <\/a> <\/div> <div class=\"pb-block with-text with-social-or-text pb-landscape pb-width pb-type-image \" style=\"\" data-colspan=\"1\" data-rowspan=\"1\" data-col=\"2\" data-row=\"0\" data-valign=\"center\" data-halign=\"center\" data-type=\"image\" data-ratio=\"1.6745670009116\"> <img decoding=\"async\" class=\"pb-image skip-lazy \" src=\"data:image\/png;base64,iVBORw0KGgoAAAANSUhEUgAAAAEAAAABCAYAAAAfFcSJAAAADUlEQVR42mNkYPhfDwAChwGA60e6kgAAAABJRU5ErkJggg==\" data-pb-source=\"https:\/\/burkhard-puetz.de\/wp-content\/uploads\/2025\/06\/20250615_102631.jpg\" alt=\"Der Kinderchor Heiligkreuz Trier im Hochamt zum Pfarrfest | Dreifaltigkeitssonntag, 15. Juni 2025 in der Pfarrkirche St. Michael, Trier-Mariahof | Chorges\u00e4nge von Richard Runciman Terry, C\u00e9sar Franck und Christian Matthias Hei\u00df\"> <noscript><img decoding=\"async\" src=\"https:\/\/burkhard-puetz.de\/wp-content\/uploads\/2025\/06\/20250615_102631.jpg\" alt=\"Der Kinderchor Heiligkreuz Trier im Hochamt zum Pfarrfest | Dreifaltigkeitssonntag, 15. Juni 2025 in der Pfarrkirche St. Michael, Trier-Mariahof | Chorges\u00e4nge von Richard Runciman Terry, C\u00e9sar Franck und Christian Matthias Hei\u00df\"><\/noscript> <a class=\"pb-link \" data-magnific=\"gallery-15\" data-caption=\"Der Kinderchor Heiligkreuz Trier im Hochamt zum Pfarrfest | Dreifaltigkeitssonntag, 15. Juni 2025 in der Pfarrkirche St. Michael, Trier-Mariahof | Chorges\u00e4nge von Richard Runciman Terry, C\u00e9sar Franck und Christian Matthias Hei\u00df\" rel=\"\" target=\"\" href=\"https:\/\/burkhard-puetz.de\/wp-content\/uploads\/2025\/06\/20250615_102631.jpg\"> <div class=\"pb-overlay\" style=\"\"> <div class=\"pb-caption-bottom\"> <span class=\"pb-description pb-caption-left\" style=\"\">Der Kinderchor Heiligkreuz Trier im Hochamt zum Pfarrfest | Dreifaltigkeitssonntag, 15. Juni 2025 in der Pfarrkirche St. Michael, Trier-Mariahof | Chorges\u00e4nge von Richard Runciman Terry, C\u00e9sar Franck und Christian Matthias Hei\u00df<\/span> <\/div> <\/div> <\/a> <\/div> <div class=\"pb-block with-text with-social-or-text pb-landscape pb-width pb-type-image \" style=\"\" data-colspan=\"1\" data-rowspan=\"1\" data-col=\"3\" data-row=\"0\" data-valign=\"center\" data-halign=\"center\" data-type=\"image\" data-ratio=\"1.7167381974249\"> <img decoding=\"async\" class=\"pb-image skip-lazy \" src=\"data:image\/png;base64,iVBORw0KGgoAAAANSUhEUgAAAAEAAAABCAYAAAAfFcSJAAAADUlEQVR42mNkYPhfDwAChwGA60e6kgAAAABJRU5ErkJggg==\" data-pb-source=\"https:\/\/burkhard-puetz.de\/wp-content\/uploads\/2025\/06\/20250615_102804.jpg\" alt=\"Der Kinderchor Heiligkreuz Trier im Hochamt zum Pfarrfest | Dreifaltigkeitssonntag, 15. Juni 2025 in der Pfarrkirche St. Michael, Trier-Mariahof | Chorges\u00e4nge von Richard Runciman Terry, C\u00e9sar Franck und Christian Matthias Hei\u00df\"> <noscript><img decoding=\"async\" src=\"https:\/\/burkhard-puetz.de\/wp-content\/uploads\/2025\/06\/20250615_102804.jpg\" alt=\"Der Kinderchor Heiligkreuz Trier im Hochamt zum Pfarrfest | Dreifaltigkeitssonntag, 15. Juni 2025 in der Pfarrkirche St. Michael, Trier-Mariahof | Chorges\u00e4nge von Richard Runciman Terry, C\u00e9sar Franck und Christian Matthias Hei\u00df\"><\/noscript> <a class=\"pb-link \" data-magnific=\"gallery-15\" data-caption=\"Der Kinderchor Heiligkreuz Trier im Hochamt zum Pfarrfest | Dreifaltigkeitssonntag, 15. Juni 2025 in der Pfarrkirche St. Michael, Trier-Mariahof | Chorges\u00e4nge von Richard Runciman Terry, C\u00e9sar Franck und Christian Matthias Hei\u00df\" rel=\"\" target=\"\" href=\"https:\/\/burkhard-puetz.de\/wp-content\/uploads\/2025\/06\/20250615_102804.jpg\"> <div class=\"pb-overlay\" style=\"\"> <div class=\"pb-caption-bottom\"> <span class=\"pb-description pb-caption-left\" style=\"\">Der Kinderchor Heiligkreuz Trier im Hochamt zum Pfarrfest | Dreifaltigkeitssonntag, 15. Juni 2025 in der Pfarrkirche St. Michael, Trier-Mariahof | Chorges\u00e4nge von Richard Runciman Terry, C\u00e9sar Franck und Christian Matthias Hei\u00df<\/span> <\/div> <\/div> <\/a> <\/div> <div class=\"pb-block with-text with-social-or-text pb-landscape pb-width pb-type-image \" style=\"\" data-colspan=\"1\" data-rowspan=\"1\" data-col=\"0\" data-row=\"1\" data-valign=\"center\" data-halign=\"center\" data-type=\"image\" data-ratio=\"1.6129032258065\"> <img decoding=\"async\" class=\"pb-image skip-lazy \" src=\"data:image\/png;base64,iVBORw0KGgoAAAANSUhEUgAAAAEAAAABCAYAAAAfFcSJAAAADUlEQVR42mNkYPhfDwAChwGA60e6kgAAAABJRU5ErkJggg==\" data-pb-source=\"https:\/\/burkhard-puetz.de\/wp-content\/uploads\/2025\/06\/IMG-20250616-WA0001.jpg\" alt=\"Der Kinderchor Heiligkreuz Trier im Hochamt zum Pfarrfest | Dreifaltigkeitssonntag, 15. Juni 2025 in der Pfarrkirche St. Michael, Trier-Mariahof | Chorges\u00e4nge von Richard Runciman Terry, C\u00e9sar Franck und Christian Matthias Hei\u00df\"> <noscript><img decoding=\"async\" src=\"https:\/\/burkhard-puetz.de\/wp-content\/uploads\/2025\/06\/IMG-20250616-WA0001.jpg\" alt=\"Der Kinderchor Heiligkreuz Trier im Hochamt zum Pfarrfest | Dreifaltigkeitssonntag, 15. Juni 2025 in der Pfarrkirche St. Michael, Trier-Mariahof | Chorges\u00e4nge von Richard Runciman Terry, C\u00e9sar Franck und Christian Matthias Hei\u00df\"><\/noscript> <a class=\"pb-link \" data-magnific=\"gallery-15\" data-caption=\"Der Kinderchor Heiligkreuz Trier im Hochamt zum Pfarrfest | Dreifaltigkeitssonntag, 15. Juni 2025 in der Pfarrkirche St. Michael, Trier-Mariahof | Chorges\u00e4nge von Richard Runciman Terry, C\u00e9sar Franck und Christian Matthias Hei\u00df\" rel=\"\" target=\"\" href=\"https:\/\/burkhard-puetz.de\/wp-content\/uploads\/2025\/06\/IMG-20250616-WA0001-e1753692438792.jpg\"> <div class=\"pb-overlay\" style=\"\"> <div class=\"pb-caption-bottom\"> <span class=\"pb-description pb-caption-left\" style=\"\">Der Kinderchor Heiligkreuz Trier im Hochamt zum Pfarrfest | Dreifaltigkeitssonntag, 15. Juni 2025 in der Pfarrkirche St. Michael, Trier-Mariahof | Chorges\u00e4nge von Richard Runciman Terry, C\u00e9sar Franck und Christian Matthias Hei\u00df<\/span> <\/div> <\/div> <\/a> <\/div> <div class=\"pb-block with-text with-social-or-text pb-landscape pb-width pb-type-image \" style=\"\" data-colspan=\"1\" data-rowspan=\"1\" data-col=\"1\" data-row=\"1\" data-valign=\"center\" data-halign=\"center\" data-type=\"image\" data-ratio=\"1.3333333333333\"> <img decoding=\"async\" class=\"pb-image skip-lazy \" src=\"data:image\/png;base64,iVBORw0KGgoAAAANSUhEUgAAAAEAAAABCAYAAAAfFcSJAAAADUlEQVR42mNkYPhfDwAChwGA60e6kgAAAABJRU5ErkJggg==\" data-pb-source=\"https:\/\/burkhard-puetz.de\/wp-content\/uploads\/2024\/10\/IMG_0925-Kopie2-scaled.jpg\" alt=\"Ausflug des Kinderchores (A-Chor) und der Jugendlichen der Chorgemeinschaft Heiligkreuz Trier in den Europapark Rust am Samstag, 5. Oktober 2024\"> <noscript><img decoding=\"async\" src=\"https:\/\/burkhard-puetz.de\/wp-content\/uploads\/2024\/10\/IMG_0925-Kopie2-scaled.jpg\" alt=\"Ausflug des Kinderchores (A-Chor) und der Jugendlichen der Chorgemeinschaft Heiligkreuz Trier in den Europapark Rust am Samstag, 5. Oktober 2024\"><\/noscript> <a class=\"pb-link \" data-magnific=\"gallery-15\" data-caption=\"Ausflug des Kinderchores (A-Chor) und der Jugendlichen der Chorgemeinschaft Heiligkreuz Trier in den Europapark Rust am Samstag, 5. Oktober 2024\" rel=\"\" target=\"\" href=\"https:\/\/burkhard-puetz.de\/wp-content\/uploads\/2024\/10\/IMG_0925-Kopie2-scaled.jpg\"> <div class=\"pb-overlay\" style=\"\"> <div class=\"pb-caption-bottom\"> <span class=\"pb-description pb-caption-left\" style=\"\">Ausflug des Kinderchores (A-Chor) und der Jugendlichen der Chorgemeinschaft Heiligkreuz Trier in den Europapark Rust am Samstag, 5. Oktober 2024<\/span> <\/div> <\/div> <\/a> <\/div> <div class=\"pb-block with-text with-social-or-text pb-landscape pb-width pb-type-image \" style=\"\" data-colspan=\"1\" data-rowspan=\"1\" data-col=\"2\" data-row=\"1\" data-valign=\"center\" data-halign=\"center\" data-type=\"image\" data-ratio=\"1.3333333333333\"> <img decoding=\"async\" class=\"pb-image skip-lazy \" src=\"data:image\/png;base64,iVBORw0KGgoAAAANSUhEUgAAAAEAAAABCAYAAAAfFcSJAAAADUlEQVR42mNkYPhfDwAChwGA60e6kgAAAABJRU5ErkJggg==\" data-pb-source=\"https:\/\/burkhard-puetz.de\/wp-content\/uploads\/2024\/10\/IMG_0932-Kopie2-scaled.jpg\" alt=\"Ausflug des Kinderchores (A-Chor) und der Jugendlichen der Chorgemeinschaft Heiligkreuz Trier in den Europapark Rust am Samstag, 5. Oktober 2024\"> <noscript><img decoding=\"async\" src=\"https:\/\/burkhard-puetz.de\/wp-content\/uploads\/2024\/10\/IMG_0932-Kopie2-scaled.jpg\" alt=\"Ausflug des Kinderchores (A-Chor) und der Jugendlichen der Chorgemeinschaft Heiligkreuz Trier in den Europapark Rust am Samstag, 5. Oktober 2024\"><\/noscript> <a class=\"pb-link \" data-magnific=\"gallery-15\" data-caption=\"Ausflug des Kinderchores (A-Chor) und der Jugendlichen der Chorgemeinschaft Heiligkreuz Trier in den Europapark Rust am Samstag, 5. Oktober 2024\" rel=\"\" target=\"\" href=\"https:\/\/burkhard-puetz.de\/wp-content\/uploads\/2024\/10\/IMG_0932-Kopie2-scaled.jpg\"> <div class=\"pb-overlay\" style=\"\"> <div class=\"pb-caption-bottom\"> <span class=\"pb-description pb-caption-left\" style=\"\">Ausflug des Kinderchores (A-Chor) und der Jugendlichen der Chorgemeinschaft Heiligkreuz Trier in den Europapark Rust am Samstag, 5. Oktober 2024<\/span> <\/div> <\/div> <\/a> <\/div> <div class=\"pb-block with-text with-social-or-text pb-landscape pb-width pb-type-image \" style=\"\" data-colspan=\"1\" data-rowspan=\"1\" data-col=\"3\" data-row=\"1\" data-valign=\"center\" data-halign=\"center\" data-type=\"image\" data-ratio=\"1.3333333333333\"> <img decoding=\"async\" class=\"pb-image skip-lazy \" src=\"data:image\/png;base64,iVBORw0KGgoAAAANSUhEUgAAAAEAAAABCAYAAAAfFcSJAAAADUlEQVR42mNkYPhfDwAChwGA60e6kgAAAABJRU5ErkJggg==\" data-pb-source=\"https:\/\/burkhard-puetz.de\/wp-content\/uploads\/2024\/10\/IMG_0946-Kopie2-scaled.jpg\" alt=\"Ausflug des Kinderchores (A-Chor) und der Jugendlichen der Chorgemeinschaft Heiligkreuz Trier in den Europapark Rust am Samstag, 5. Oktober 2024\"> <noscript><img decoding=\"async\" src=\"https:\/\/burkhard-puetz.de\/wp-content\/uploads\/2024\/10\/IMG_0946-Kopie2-scaled.jpg\" alt=\"Ausflug des Kinderchores (A-Chor) und der Jugendlichen der Chorgemeinschaft Heiligkreuz Trier in den Europapark Rust am Samstag, 5. Oktober 2024\"><\/noscript> <a class=\"pb-link \" data-magnific=\"gallery-15\" data-caption=\"Ausflug des Kinderchores (A-Chor) und der Jugendlichen der Chorgemeinschaft Heiligkreuz Trier in den Europapark Rust am Samstag, 5. Oktober 2024\" rel=\"\" target=\"\" href=\"https:\/\/burkhard-puetz.de\/wp-content\/uploads\/2024\/10\/IMG_0946-Kopie2-scaled.jpg\"> <div class=\"pb-overlay\" style=\"\"> <div class=\"pb-caption-bottom\"> <span class=\"pb-description pb-caption-left\" style=\"\">Ausflug des Kinderchores (A-Chor) und der Jugendlichen der Chorgemeinschaft Heiligkreuz Trier in den Europapark Rust am Samstag, 5. Oktober 2024<\/span> <\/div> <\/div> <\/a> <\/div> <div class=\"pb-block with-text with-social-or-text pb-landscape pb-width pb-type-image \" style=\"\" data-colspan=\"1\" data-rowspan=\"1\" data-col=\"0\" data-row=\"2\" data-valign=\"center\" data-halign=\"center\" data-type=\"image\" data-ratio=\"1.4117210682493\"> <img decoding=\"async\" class=\"pb-image skip-lazy \" src=\"data:image\/png;base64,iVBORw0KGgoAAAANSUhEUgAAAAEAAAABCAYAAAAfFcSJAAAADUlEQVR42mNkYPhfDwAChwGA60e6kgAAAABJRU5ErkJggg==\" data-pb-source=\"https:\/\/burkhard-puetz.de\/wp-content\/uploads\/2024\/09\/IMG-20240922-WA0011.jpg\" alt=\"Der Kinderchor Heiligkreuz (A-Chor) im Hochamt zum Pfarrfest, 22. September 2024 in der Pfarrkirche Heiligkreuz, Trier | Chorges\u00e4nge von Richard Runciman Terry, C\u00e9sar Franck und Christian Matthias Hei\u00df\"> <noscript><img decoding=\"async\" src=\"https:\/\/burkhard-puetz.de\/wp-content\/uploads\/2024\/09\/IMG-20240922-WA0011.jpg\" alt=\"Der Kinderchor Heiligkreuz (A-Chor) im Hochamt zum Pfarrfest, 22. September 2024 in der Pfarrkirche Heiligkreuz, Trier | Chorges\u00e4nge von Richard Runciman Terry, C\u00e9sar Franck und Christian Matthias Hei\u00df\"><\/noscript> <a class=\"pb-link \" data-magnific=\"gallery-15\" data-caption=\"Der Kinderchor Heiligkreuz (A-Chor) im Hochamt zum Pfarrfest, 22. September 2024 in der Pfarrkirche Heiligkreuz, Trier | Chorges\u00e4nge von Richard Runciman Terry, C\u00e9sar Franck und Christian Matthias Hei\u00df\" rel=\"\" target=\"\" href=\"https:\/\/burkhard-puetz.de\/wp-content\/uploads\/2024\/09\/IMG-20240922-WA0011.jpg\"> <div class=\"pb-overlay\" style=\"\"> <div class=\"pb-caption-bottom\"> <span class=\"pb-description pb-caption-left\" style=\"\">Der Kinderchor Heiligkreuz (A-Chor) im Hochamt zum Pfarrfest, 22. September 2024 in der Pfarrkirche Heiligkreuz, Trier | Chorges\u00e4nge von Richard Runciman Terry, C\u00e9sar Franck und Christian Matthias Hei\u00df<\/span> <\/div> <\/div> <\/a> <\/div> <div class=\"pb-block with-text with-social-or-text pb-landscape pb-width pb-type-image \" style=\"\" data-colspan=\"1\" data-rowspan=\"1\" data-col=\"1\" data-row=\"2\" data-valign=\"center\" data-halign=\"center\" data-type=\"image\" data-ratio=\"1.360103626943\"> <img decoding=\"async\" class=\"pb-image skip-lazy \" src=\"data:image\/png;base64,iVBORw0KGgoAAAANSUhEUgAAAAEAAAABCAYAAAAfFcSJAAAADUlEQVR42mNkYPhfDwAChwGA60e6kgAAAABJRU5ErkJggg==\" data-pb-source=\"https:\/\/burkhard-puetz.de\/wp-content\/uploads\/2024\/09\/IMG-20240922-WA0009.jpg\" alt=\"Der Kinderchor Heiligkreuz (A-Chor) im Hochamt zum Pfarrfest, 22. September 2024 in der Pfarrkirche Heiligkreuz, Trier | Chorges\u00e4nge von Richard Runciman Terry, C\u00e9sar Franck und Christian Matthias Hei\u00df\"> <noscript><img decoding=\"async\" src=\"https:\/\/burkhard-puetz.de\/wp-content\/uploads\/2024\/09\/IMG-20240922-WA0009.jpg\" alt=\"Der Kinderchor Heiligkreuz (A-Chor) im Hochamt zum Pfarrfest, 22. September 2024 in der Pfarrkirche Heiligkreuz, Trier | Chorges\u00e4nge von Richard Runciman Terry, C\u00e9sar Franck und Christian Matthias Hei\u00df\"><\/noscript> <a class=\"pb-link \" data-magnific=\"gallery-15\" data-caption=\"Der Kinderchor Heiligkreuz (A-Chor) im Hochamt zum Pfarrfest, 22. September 2024 in der Pfarrkirche Heiligkreuz, Trier | Chorges\u00e4nge von Richard Runciman Terry, C\u00e9sar Franck und Christian Matthias Hei\u00df\" rel=\"\" target=\"\" href=\"https:\/\/burkhard-puetz.de\/wp-content\/uploads\/2024\/09\/IMG-20240922-WA0009.jpg\"> <div class=\"pb-overlay\" style=\"\"> <div class=\"pb-caption-bottom\"> <span class=\"pb-description pb-caption-left\" style=\"\">Der Kinderchor Heiligkreuz (A-Chor) im Hochamt zum Pfarrfest, 22. September 2024 in der Pfarrkirche Heiligkreuz, Trier | Chorges\u00e4nge von Richard Runciman Terry, C\u00e9sar Franck und Christian Matthias Hei\u00df<\/span> <\/div> <\/div> <\/a> <\/div> <div class=\"pb-block with-text with-social-or-text pb-landscape pb-width pb-type-image \" style=\"\" data-colspan=\"1\" data-rowspan=\"1\" data-col=\"2\" data-row=\"2\" data-valign=\"center\" data-halign=\"center\" data-type=\"image\" data-ratio=\"1.3578802477632\"> <img decoding=\"async\" class=\"pb-image skip-lazy \" src=\"data:image\/png;base64,iVBORw0KGgoAAAANSUhEUgAAAAEAAAABCAYAAAAfFcSJAAAADUlEQVR42mNkYPhfDwAChwGA60e6kgAAAABJRU5ErkJggg==\" data-pb-source=\"https:\/\/burkhard-puetz.de\/wp-content\/uploads\/2024\/09\/IMG-20240922-WA0007.jpg\" alt=\"Der Kinderchor Heiligkreuz (A-Chor) vor dem Hochamt zum Pfarrfest, 22. September 2024 in der Pfarrkirche Heiligkreuz, Trier | Chorges\u00e4nge von Richard Runciman Terry, C\u00e9sar Franck und Christian Matthias Hei\u00df\"> <noscript><img decoding=\"async\" src=\"https:\/\/burkhard-puetz.de\/wp-content\/uploads\/2024\/09\/IMG-20240922-WA0007.jpg\" alt=\"Der Kinderchor Heiligkreuz (A-Chor) vor dem Hochamt zum Pfarrfest, 22. September 2024 in der Pfarrkirche Heiligkreuz, Trier | Chorges\u00e4nge von Richard Runciman Terry, C\u00e9sar Franck und Christian Matthias Hei\u00df\"><\/noscript> <a class=\"pb-link \" data-magnific=\"gallery-15\" data-caption=\"Der Kinderchor Heiligkreuz (A-Chor) vor dem Hochamt zum Pfarrfest, 22. September 2024 in der Pfarrkirche Heiligkreuz, Trier | Chorges\u00e4nge von Richard Runciman Terry, C\u00e9sar Franck und Christian Matthias Hei\u00df\" rel=\"\" target=\"\" href=\"https:\/\/burkhard-puetz.de\/wp-content\/uploads\/2024\/09\/IMG-20240922-WA0007.jpg\"> <div class=\"pb-overlay\" style=\"\"> <div class=\"pb-caption-bottom\"> <span class=\"pb-description pb-caption-left\" style=\"\">Der Kinderchor Heiligkreuz (A-Chor) vor dem Hochamt zum Pfarrfest, 22. September 2024 in der Pfarrkirche Heiligkreuz, Trier | Chorges\u00e4nge von Richard Runciman Terry, C\u00e9sar Franck und Christian Matthias Hei\u00df<\/span> <\/div> <\/div> <\/a> <\/div> <div class=\"pb-block with-text with-social-or-text pb-landscape pb-width pb-type-image \" style=\"\" data-colspan=\"1\" data-rowspan=\"1\" data-col=\"3\" data-row=\"2\" data-valign=\"center\" data-halign=\"center\" data-type=\"image\" data-ratio=\"1.5048387096774\"> <img decoding=\"async\" class=\"pb-image skip-lazy \" src=\"data:image\/png;base64,iVBORw0KGgoAAAANSUhEUgAAAAEAAAABCAYAAAAfFcSJAAAADUlEQVR42mNkYPhfDwAChwGA60e6kgAAAABJRU5ErkJggg==\" data-pb-source=\"https:\/\/burkhard-puetz.de\/wp-content\/uploads\/2024\/09\/IMG-20240922-WA0003.jpg\" alt=\"Der Kinderchor Heiligkreuz (A-Chor) im Hochamt zum Pfarrfest, 22. September 2024 in der Pfarrkirche Heiligkreuz, Trier | Chorges\u00e4nge von Richard Runciman Terry, C\u00e9sar Franck und Christian Matthias Hei\u00df\"> <noscript><img decoding=\"async\" src=\"https:\/\/burkhard-puetz.de\/wp-content\/uploads\/2024\/09\/IMG-20240922-WA0003.jpg\" alt=\"Der Kinderchor Heiligkreuz (A-Chor) im Hochamt zum Pfarrfest, 22. September 2024 in der Pfarrkirche Heiligkreuz, Trier | Chorges\u00e4nge von Richard Runciman Terry, C\u00e9sar Franck und Christian Matthias Hei\u00df\"><\/noscript> <a class=\"pb-link \" data-magnific=\"gallery-15\" data-caption=\"Der Kinderchor Heiligkreuz (A-Chor) im Hochamt zum Pfarrfest, 22. September 2024 in der Pfarrkirche Heiligkreuz, Trier | Chorges\u00e4nge von Richard Runciman Terry, C\u00e9sar Franck und Christian Matthias Hei\u00df\" rel=\"\" target=\"\" href=\"https:\/\/burkhard-puetz.de\/wp-content\/uploads\/2024\/09\/IMG-20240922-WA0003.jpg\"> <div class=\"pb-overlay\" style=\"\"> <div class=\"pb-caption-bottom\"> <span class=\"pb-description pb-caption-left\" style=\"\">Der Kinderchor Heiligkreuz (A-Chor) im Hochamt zum Pfarrfest, 22. September 2024 in der Pfarrkirche Heiligkreuz, Trier | Chorges\u00e4nge von Richard Runciman Terry, C\u00e9sar Franck und Christian Matthias Hei\u00df<\/span> <\/div> <\/div> <\/a> <\/div> <div class=\"pb-block with-text with-social-or-text pb-landscape pb-width pb-type-image \" style=\"\" data-colspan=\"1\" data-rowspan=\"1\" data-col=\"0\" data-row=\"3\" data-valign=\"center\" data-halign=\"center\" data-type=\"image\" data-ratio=\"1.3873649210308\"> <img decoding=\"async\" class=\"pb-image skip-lazy \" src=\"data:image\/png;base64,iVBORw0KGgoAAAANSUhEUgAAAAEAAAABCAYAAAAfFcSJAAAADUlEQVR42mNkYPhfDwAChwGA60e6kgAAAABJRU5ErkJggg==\" data-pb-source=\"https:\/\/burkhardpuetz-i6psyu9my.live-website.com\/wp-content\/uploads\/2024\/08\/A-Kinder-und-Jugendchor-Heiligkreuz-14.04.24-Erstkommunion-St.-Michael.jpg\" alt=\"Der Kinder- und Jugendchor Heiligkreuz (A-Chor) vor der Erstkommunionfeier am 14. April 2024 in der Pfarrkirche St. Michael, Trier-Mariahof | Neue Geistliche Lieder | Chorges\u00e4nge von Felix Mendelssohn Bartholdy, Richard Runciman Terry und C\u00e9sar Franck\"> <noscript><img decoding=\"async\" src=\"https:\/\/burkhardpuetz-i6psyu9my.live-website.com\/wp-content\/uploads\/2024\/08\/A-Kinder-und-Jugendchor-Heiligkreuz-14.04.24-Erstkommunion-St.-Michael.jpg\" alt=\"Der Kinder- und Jugendchor Heiligkreuz (A-Chor) vor der Erstkommunionfeier am 14. April 2024 in der Pfarrkirche St. Michael, Trier-Mariahof | Neue Geistliche Lieder | Chorges\u00e4nge von Felix Mendelssohn Bartholdy, Richard Runciman Terry und C\u00e9sar Franck\"><\/noscript> <a class=\"pb-link \" data-magnific=\"gallery-15\" data-caption=\"Der Kinder- und Jugendchor Heiligkreuz (A-Chor) vor der Erstkommunionfeier am 14. April 2024 in der Pfarrkirche St. Michael, Trier-Mariahof | Neue Geistliche Lieder | Chorges\u00e4nge von Felix Mendelssohn Bartholdy, Richard Runciman Terry und C\u00e9sar Franck\" rel=\"\" target=\"\" href=\"https:\/\/burkhard-puetz.de\/wp-content\/uploads\/2024\/08\/A-Kinder-und-Jugendchor-Heiligkreuz-14.04.24-Erstkommunion-St.-Michael.jpg\"> <div class=\"pb-overlay\" style=\"\"> <div class=\"pb-caption-bottom\"> <span class=\"pb-description pb-caption-left\" style=\"\">Der Kinder- und Jugendchor Heiligkreuz (A-Chor) vor der Erstkommunionfeier am 14. April 2024 in der Pfarrkirche St. Michael, Trier-Mariahof | Neue Geistliche Lieder | Chorges\u00e4nge von Felix Mendelssohn Bartholdy, Richard Runciman Terry und C\u00e9sar Franck<\/span> <\/div> <\/div> <\/a> <\/div> <div class=\"pb-block with-text with-social-or-text pb-landscape pb-width pb-type-image \" style=\"\" data-colspan=\"1\" data-rowspan=\"1\" data-col=\"1\" data-row=\"3\" data-valign=\"center\" data-halign=\"center\" data-type=\"image\" data-ratio=\"1.1815823605707\"> <img decoding=\"async\" class=\"pb-image skip-lazy \" src=\"data:image\/png;base64,iVBORw0KGgoAAAANSUhEUgAAAAEAAAABCAYAAAAfFcSJAAAADUlEQVR42mNkYPhfDwAChwGA60e6kgAAAABJRU5ErkJggg==\" data-pb-source=\"https:\/\/burkhardpuetz-i6psyu9my.live-website.com\/wp-content\/uploads\/2024\/08\/IMG-20231204-WA0010.jpg\" alt=\"Der Kinderchor Heiligkreuz (A-Chor) im Hochamt am 1. Adventssonntag, 3. Dezember 2023 in der Pfarrkirche St. Michael, Trier-Mariahof | Adventliche Lieder und Ges\u00e4nge | Richard Runciman Terry: Missa brevis in C | Gottfried A. Homilius: Israel, hoffe auf den Herrn | C\u00e9sar Franck: Panis angelicus\"> <noscript><img decoding=\"async\" src=\"https:\/\/burkhardpuetz-i6psyu9my.live-website.com\/wp-content\/uploads\/2024\/08\/IMG-20231204-WA0010.jpg\" alt=\"Der Kinderchor Heiligkreuz (A-Chor) im Hochamt am 1. Adventssonntag, 3. Dezember 2023 in der Pfarrkirche St. Michael, Trier-Mariahof | Adventliche Lieder und Ges\u00e4nge | Richard Runciman Terry: Missa brevis in C | Gottfried A. Homilius: Israel, hoffe auf den Herrn | C\u00e9sar Franck: Panis angelicus\"><\/noscript> <a class=\"pb-link \" data-magnific=\"gallery-15\" data-caption=\"Der Kinderchor Heiligkreuz (A-Chor) im Hochamt am 1. Adventssonntag, 3. Dezember 2023 in der Pfarrkirche St. Michael, Trier-Mariahof | Adventliche Lieder und Ges\u00e4nge | Richard Runciman Terry: Missa brevis in C | Gottfried A. Homilius: Israel, hoffe auf den Herrn | C\u00e9sar Franck: Panis angelicus\" rel=\"\" target=\"\" href=\"https:\/\/burkhard-puetz.de\/wp-content\/uploads\/2024\/08\/IMG-20231204-WA0010.jpg\"> <div class=\"pb-overlay\" style=\"\"> <div class=\"pb-caption-bottom\"> <span class=\"pb-description pb-caption-left\" style=\"\">Der Kinderchor Heiligkreuz (A-Chor) im Hochamt am 1. Adventssonntag, 3. Dezember 2023 in der Pfarrkirche St. Michael, Trier-Mariahof | Adventliche Lieder und Ges\u00e4nge | Richard Runciman Terry: Missa brevis in C | Gottfried A. Homilius: Israel, hoffe auf den Herrn | C\u00e9sar Franck: Panis angelicus<\/span> <\/div> <\/div> <\/a> <\/div> <div class=\"pb-block with-text with-social-or-text pb-landscape pb-width pb-type-image \" style=\"\" data-colspan=\"1\" data-rowspan=\"1\" data-col=\"2\" data-row=\"3\" data-valign=\"center\" data-halign=\"center\" data-type=\"image\" data-ratio=\"1.0511534603811\"> <img decoding=\"async\" class=\"pb-image skip-lazy \" src=\"data:image\/png;base64,iVBORw0KGgoAAAANSUhEUgAAAAEAAAABCAYAAAAfFcSJAAAADUlEQVR42mNkYPhfDwAChwGA60e6kgAAAABJRU5ErkJggg==\" data-pb-source=\"https:\/\/burkhardpuetz-i6psyu9my.live-website.com\/wp-content\/uploads\/2024\/08\/IMG-20231204-WA0007.jpg\" alt=\"Der Kinderchor Heiligkreuz (A-Chor) im Hochamt am 1. Adventssonntag, 3. Dezember 2023 in der Pfarrkirche St. Michael, Trier-Mariahof | Adventliche Lieder und Ges\u00e4nge | Richard Runciman Terry: Missa brevis in C | Gottfried A. Homilius: Israel, hoffe auf den Herrn | C\u00e9sar Franck: Panis angelicus\"> <noscript><img decoding=\"async\" src=\"https:\/\/burkhardpuetz-i6psyu9my.live-website.com\/wp-content\/uploads\/2024\/08\/IMG-20231204-WA0007.jpg\" alt=\"Der Kinderchor Heiligkreuz (A-Chor) im Hochamt am 1. Adventssonntag, 3. Dezember 2023 in der Pfarrkirche St. Michael, Trier-Mariahof | Adventliche Lieder und Ges\u00e4nge | Richard Runciman Terry: Missa brevis in C | Gottfried A. Homilius: Israel, hoffe auf den Herrn | C\u00e9sar Franck: Panis angelicus\"><\/noscript> <a class=\"pb-link \" data-magnific=\"gallery-15\" data-caption=\"Der Kinderchor Heiligkreuz (A-Chor) im Hochamt am 1. Adventssonntag, 3. Dezember 2023 in der Pfarrkirche St. Michael, Trier-Mariahof | Adventliche Lieder und Ges\u00e4nge | Richard Runciman Terry: Missa brevis in C | Gottfried A. Homilius: Israel, hoffe auf den Herrn | C\u00e9sar Franck: Panis angelicus\" rel=\"\" target=\"\" href=\"https:\/\/burkhard-puetz.de\/wp-content\/uploads\/2024\/08\/IMG-20231204-WA0007.jpg\"> <div class=\"pb-overlay\" style=\"\"> <div class=\"pb-caption-bottom\"> <span class=\"pb-description pb-caption-left\" style=\"\">Der Kinderchor Heiligkreuz (A-Chor) im Hochamt am 1. Adventssonntag, 3. Dezember 2023 in der Pfarrkirche St. Michael, Trier-Mariahof | Adventliche Lieder und Ges\u00e4nge | Richard Runciman Terry: Missa brevis in C | Gottfried A. Homilius: Israel, hoffe auf den Herrn | C\u00e9sar Franck: Panis angelicus<\/span> <\/div> <\/div> <\/a> <\/div> <div class=\"pb-block with-text with-social-or-text pb-landscape pb-width pb-type-image \" style=\"\" data-colspan=\"1\" data-rowspan=\"1\" data-col=\"3\" data-row=\"3\" data-valign=\"center\" data-halign=\"center\" data-type=\"image\" data-ratio=\"1.0418552036199\"> <img decoding=\"async\" class=\"pb-image skip-lazy \" src=\"data:image\/png;base64,iVBORw0KGgoAAAANSUhEUgAAAAEAAAABCAYAAAAfFcSJAAAADUlEQVR42mNkYPhfDwAChwGA60e6kgAAAABJRU5ErkJggg==\" data-pb-source=\"https:\/\/burkhardpuetz-i6psyu9my.live-website.com\/wp-content\/uploads\/2024\/08\/IMG-20231204-WA0002.jpg\" alt=\"Der Kinderchor Heiligkreuz (A-Chor) im Hochamt am 1. Adventssonntag, 3. Dezember 2023 in der Pfarrkirche St. Michael, Trier-Mariahof | Adventliche Lieder und Ges\u00e4nge | Richard Runciman Terry: Missa brevis in C | Gottfried A. Homilius: Israel, hoffe auf den Herrn | C\u00e9sar Franck: Panis angelicus\"> <noscript><img decoding=\"async\" src=\"https:\/\/burkhardpuetz-i6psyu9my.live-website.com\/wp-content\/uploads\/2024\/08\/IMG-20231204-WA0002.jpg\" alt=\"Der Kinderchor Heiligkreuz (A-Chor) im Hochamt am 1. Adventssonntag, 3. Dezember 2023 in der Pfarrkirche St. Michael, Trier-Mariahof | Adventliche Lieder und Ges\u00e4nge | Richard Runciman Terry: Missa brevis in C | Gottfried A. Homilius: Israel, hoffe auf den Herrn | C\u00e9sar Franck: Panis angelicus\"><\/noscript> <a class=\"pb-link \" data-magnific=\"gallery-15\" data-caption=\"Der Kinderchor Heiligkreuz (A-Chor) im Hochamt am 1. Adventssonntag, 3. Dezember 2023 in der Pfarrkirche St. Michael, Trier-Mariahof | Adventliche Lieder und Ges\u00e4nge | Richard Runciman Terry: Missa brevis in C | Gottfried A. Homilius: Israel, hoffe auf den Herrn | C\u00e9sar Franck: Panis angelicus\" rel=\"\" target=\"\" href=\"https:\/\/burkhard-puetz.de\/wp-content\/uploads\/2024\/08\/IMG-20231204-WA0002.jpg\"> <div class=\"pb-overlay\" style=\"\"> <div class=\"pb-caption-bottom\"> <span class=\"pb-description pb-caption-left\" style=\"\">Der Kinderchor Heiligkreuz (A-Chor) im Hochamt am 1. Adventssonntag, 3. Dezember 2023 in der Pfarrkirche St. Michael, Trier-Mariahof | Adventliche Lieder und Ges\u00e4nge | Richard Runciman Terry: Missa brevis in C | Gottfried A. Homilius: Israel, hoffe auf den Herrn | C\u00e9sar Franck: Panis angelicus<\/span> <\/div> <\/div> <\/a> <\/div> <div class=\"pb-block with-text with-social-or-text pb-landscape pb-width pb-type-image \" style=\"\" data-colspan=\"1\" data-rowspan=\"1\" data-col=\"0\" data-row=\"4\" data-valign=\"center\" data-halign=\"center\" data-type=\"image\" data-ratio=\"1.3333333333333\"> <img decoding=\"async\" class=\"pb-image skip-lazy \" src=\"data:image\/png;base64,iVBORw0KGgoAAAANSUhEUgAAAAEAAAABCAYAAAAfFcSJAAAADUlEQVR42mNkYPhfDwAChwGA60e6kgAAAABJRU5ErkJggg==\" data-pb-source=\"https:\/\/burkhardpuetz-i6psyu9my.live-website.com\/wp-content\/uploads\/2024\/08\/IMG-20231001-WA0000.jpg\" alt=\"Ausflug des Kinderchores (A-Chor) und der Jugendlichen der Chorgemeinschaft Heiligkreuz in den Europapark Rust am 30.09.23 | VORHER ...\"> <noscript><img decoding=\"async\" src=\"https:\/\/burkhardpuetz-i6psyu9my.live-website.com\/wp-content\/uploads\/2024\/08\/IMG-20231001-WA0000.jpg\" alt=\"Ausflug des Kinderchores (A-Chor) und der Jugendlichen der Chorgemeinschaft Heiligkreuz in den Europapark Rust am 30.09.23 | VORHER ...\"><\/noscript> <a class=\"pb-link \" data-magnific=\"gallery-15\" data-caption=\"Ausflug des Kinderchores (A-Chor) und der Jugendlichen der Chorgemeinschaft Heiligkreuz in den Europapark Rust am 30.09.23 | VORHER ...\" rel=\"\" target=\"\" href=\"https:\/\/burkhard-puetz.de\/wp-content\/uploads\/2024\/08\/IMG-20231001-WA0000.jpg\"> <div class=\"pb-overlay\" style=\"\"> <div class=\"pb-caption-bottom\"> <span class=\"pb-description pb-caption-left\" style=\"\">Ausflug des Kinderchores (A-Chor) und der Jugendlichen der Chorgemeinschaft Heiligkreuz in den Europapark Rust am 30.09.23 | VORHER ...<\/span> <\/div> <\/div> <\/a> <\/div> <div class=\"pb-block with-text with-social-or-text pb-landscape pb-width pb-type-image \" style=\"\" data-colspan=\"1\" data-rowspan=\"1\" data-col=\"1\" data-row=\"4\" data-valign=\"center\" data-halign=\"center\" data-type=\"image\" data-ratio=\"1.3335745296671\"> <img decoding=\"async\" class=\"pb-image skip-lazy \" src=\"data:image\/png;base64,iVBORw0KGgoAAAANSUhEUgAAAAEAAAABCAYAAAAfFcSJAAAADUlEQVR42mNkYPhfDwAChwGA60e6kgAAAABJRU5ErkJggg==\" data-pb-source=\"https:\/\/burkhardpuetz-i6psyu9my.live-website.com\/wp-content\/uploads\/2024\/08\/Huebner1-Klein.jpg\" alt=\"Ausflug des Kinderchores (A-Chor) und der Jugendlichen der Chorgemeinschaft Heiligkreuz in den Europapark Rust am 30.09.23 | VORHER ...\"> <noscript><img decoding=\"async\" src=\"https:\/\/burkhardpuetz-i6psyu9my.live-website.com\/wp-content\/uploads\/2024\/08\/Huebner1-Klein.jpg\" alt=\"Ausflug des Kinderchores (A-Chor) und der Jugendlichen der Chorgemeinschaft Heiligkreuz in den Europapark Rust am 30.09.23 | VORHER ...\"><\/noscript> <a class=\"pb-link \" data-magnific=\"gallery-15\" data-caption=\"Ausflug des Kinderchores (A-Chor) und der Jugendlichen der Chorgemeinschaft Heiligkreuz in den Europapark Rust am 30.09.23 | VORHER ...\" rel=\"\" target=\"\" href=\"https:\/\/burkhard-puetz.de\/wp-content\/uploads\/2024\/08\/Huebner1-Klein.jpg\"> <div class=\"pb-overlay\" style=\"\"> <div class=\"pb-caption-bottom\"> <span class=\"pb-description pb-caption-left\" style=\"\">Ausflug des Kinderchores (A-Chor) und der Jugendlichen der Chorgemeinschaft Heiligkreuz in den Europapark Rust am 30.09.23 | VORHER ...<\/span> <\/div> <\/div> <\/a> <\/div> <div class=\"pb-block with-text with-social-or-text pb-landscape pb-width pb-type-image \" style=\"\" data-colspan=\"1\" data-rowspan=\"1\" data-col=\"2\" data-row=\"4\" data-valign=\"center\" data-halign=\"center\" data-type=\"image\" data-ratio=\"1.4971567831032\"> <img decoding=\"async\" class=\"pb-image skip-lazy \" src=\"data:image\/png;base64,iVBORw0KGgoAAAANSUhEUgAAAAEAAAABCAYAAAAfFcSJAAAADUlEQVR42mNkYPhfDwAChwGA60e6kgAAAABJRU5ErkJggg==\" data-pb-source=\"https:\/\/burkhardpuetz-i6psyu9my.live-website.com\/wp-content\/uploads\/2024\/08\/Huebner3-Klein.jpg\" alt=\"Ausflug des Kinderchores (A-Chor) und der Jugendlichen der Chorgemeinschaft Heiligkreuz in den Europapark Rust am 30.09.23 | NACHHER ...\"> <noscript><img decoding=\"async\" src=\"https:\/\/burkhardpuetz-i6psyu9my.live-website.com\/wp-content\/uploads\/2024\/08\/Huebner3-Klein.jpg\" alt=\"Ausflug des Kinderchores (A-Chor) und der Jugendlichen der Chorgemeinschaft Heiligkreuz in den Europapark Rust am 30.09.23 | NACHHER ...\"><\/noscript> <a class=\"pb-link \" data-magnific=\"gallery-15\" data-caption=\"Ausflug des Kinderchores (A-Chor) und der Jugendlichen der Chorgemeinschaft Heiligkreuz in den Europapark Rust am 30.09.23 | NACHHER ...\" rel=\"\" target=\"\" href=\"https:\/\/burkhard-puetz.de\/wp-content\/uploads\/2024\/08\/Huebner3-Klein.jpg\"> <div class=\"pb-overlay\" style=\"\"> <div class=\"pb-caption-bottom\"> <span class=\"pb-description pb-caption-left\" style=\"\">Ausflug des Kinderchores (A-Chor) und der Jugendlichen der Chorgemeinschaft Heiligkreuz in den Europapark Rust am 30.09.23 | NACHHER ...<\/span> <\/div> <\/div> <\/a> <\/div> <div class=\"pb-block with-text with-social-or-text pb-landscape pb-width pb-type-image \" style=\"\" data-colspan=\"1\" data-rowspan=\"1\" data-col=\"3\" data-row=\"4\" data-valign=\"center\" data-halign=\"center\" data-type=\"image\" data-ratio=\"1.3669724770642\"> <img decoding=\"async\" class=\"pb-image skip-lazy \" src=\"data:image\/png;base64,iVBORw0KGgoAAAANSUhEUgAAAAEAAAABCAYAAAAfFcSJAAAADUlEQVR42mNkYPhfDwAChwGA60e6kgAAAABJRU5ErkJggg==\" data-pb-source=\"https:\/\/burkhardpuetz-i6psyu9my.live-website.com\/wp-content\/uploads\/2024\/08\/IMG-20231001-WA0007.jpg\" alt=\"Ausflug des Kinderchores (A-Chor) und der Jugendlichen der Chorgemeinschaft Heiligkreuz in den Europapark Rust am 30.09.23 | NACHHER ...\"> <noscript><img decoding=\"async\" src=\"https:\/\/burkhardpuetz-i6psyu9my.live-website.com\/wp-content\/uploads\/2024\/08\/IMG-20231001-WA0007.jpg\" alt=\"Ausflug des Kinderchores (A-Chor) und der Jugendlichen der Chorgemeinschaft Heiligkreuz in den Europapark Rust am 30.09.23 | NACHHER ...\"><\/noscript> <a class=\"pb-link \" data-magnific=\"gallery-15\" data-caption=\"Ausflug des Kinderchores (A-Chor) und der Jugendlichen der Chorgemeinschaft Heiligkreuz in den Europapark Rust am 30.09.23 | NACHHER ...\" rel=\"\" target=\"\" href=\"https:\/\/burkhard-puetz.de\/wp-content\/uploads\/2024\/08\/IMG-20231001-WA0007.jpg\"> <div class=\"pb-overlay\" style=\"\"> <div class=\"pb-caption-bottom\"> <span class=\"pb-description pb-caption-left\" style=\"\">Ausflug des Kinderchores (A-Chor) und der Jugendlichen der Chorgemeinschaft Heiligkreuz in den Europapark Rust am 30.09.23 | NACHHER ...<\/span> <\/div> <\/div> <\/a> <\/div> <div class=\"pb-block with-text with-social-or-text pb-landscape pb-width pb-type-image \" style=\"\" data-colspan=\"1\" data-rowspan=\"1\" data-col=\"0\" data-row=\"5\" data-valign=\"center\" data-halign=\"center\" data-type=\"image\" data-ratio=\"1.4807692307692\"> <img decoding=\"async\" class=\"pb-image skip-lazy \" src=\"data:image\/png;base64,iVBORw0KGgoAAAANSUhEUgAAAAEAAAABCAYAAAAfFcSJAAAADUlEQVR42mNkYPhfDwAChwGA60e6kgAAAABJRU5ErkJggg==\" data-pb-source=\"https:\/\/burkhardpuetz-i6psyu9my.live-website.com\/wp-content\/uploads\/2024\/08\/Kinder-und-Jugendchor-Heiligkreuz-Europapark.jpg\" alt=\"Ausflug des Kinderchores (A-Chor) und der Jugendlichen der Chorgemeinschaft Heiligkreuz in den Europapark Rust am 30.09.23 | NACHHER ...!\"> <noscript><img decoding=\"async\" src=\"https:\/\/burkhardpuetz-i6psyu9my.live-website.com\/wp-content\/uploads\/2024\/08\/Kinder-und-Jugendchor-Heiligkreuz-Europapark.jpg\" alt=\"Ausflug des Kinderchores (A-Chor) und der Jugendlichen der Chorgemeinschaft Heiligkreuz in den Europapark Rust am 30.09.23 | NACHHER ...!\"><\/noscript> <a class=\"pb-link \" data-magnific=\"gallery-15\" data-caption=\"Ausflug des Kinderchores (A-Chor) und der Jugendlichen der Chorgemeinschaft Heiligkreuz in den Europapark Rust am 30.09.23 | NACHHER ...!\" rel=\"\" target=\"\" href=\"https:\/\/burkhard-puetz.de\/wp-content\/uploads\/2024\/08\/Kinder-und-Jugendchor-Heiligkreuz-Europapark.jpg\"> <div class=\"pb-overlay\" style=\"\"> <div class=\"pb-caption-bottom\"> <span class=\"pb-description pb-caption-left\" style=\"\">Ausflug des Kinderchores (A-Chor) und der Jugendlichen der Chorgemeinschaft Heiligkreuz in den Europapark Rust am 30.09.23 | NACHHER ...!<\/span> <\/div> <\/div> <\/a> <\/div> <div class=\"pb-block with-text with-social-or-text pb-landscape pb-width pb-type-image \" style=\"\" data-colspan=\"1\" data-rowspan=\"1\" data-col=\"1\" data-row=\"5\" data-valign=\"center\" data-halign=\"center\" data-type=\"image\" data-ratio=\"1.451355661882\"> <img decoding=\"async\" class=\"pb-image skip-lazy \" src=\"data:image\/png;base64,iVBORw0KGgoAAAANSUhEUgAAAAEAAAABCAYAAAAfFcSJAAAADUlEQVR42mNkYPhfDwAChwGA60e6kgAAAABJRU5ErkJggg==\" data-pb-source=\"https:\/\/burkhardpuetz-i6psyu9my.live-website.com\/wp-content\/uploads\/2024\/08\/Huebner4-Klein.jpg\" alt=\"Ausflug des Kinderchores (A-Chor) und der Jugendlichen der Chorgemeinschaft Heiligkreuz in den Europapark Rust am 30.09.23 | NACHHER ...!\"> <noscript><img decoding=\"async\" src=\"https:\/\/burkhardpuetz-i6psyu9my.live-website.com\/wp-content\/uploads\/2024\/08\/Huebner4-Klein.jpg\" alt=\"Ausflug des Kinderchores (A-Chor) und der Jugendlichen der Chorgemeinschaft Heiligkreuz in den Europapark Rust am 30.09.23 | NACHHER ...!\"><\/noscript> <a class=\"pb-link \" data-magnific=\"gallery-15\" data-caption=\"Ausflug des Kinderchores (A-Chor) und der Jugendlichen der Chorgemeinschaft Heiligkreuz in den Europapark Rust am 30.09.23 | NACHHER ...!\" rel=\"\" target=\"\" href=\"https:\/\/burkhard-puetz.de\/wp-content\/uploads\/2024\/08\/Huebner4-Klein.jpg\"> <div class=\"pb-overlay\" style=\"\"> <div class=\"pb-caption-bottom\"> <span class=\"pb-description pb-caption-left\" style=\"\">Ausflug des Kinderchores (A-Chor) und der Jugendlichen der Chorgemeinschaft Heiligkreuz in den Europapark Rust am 30.09.23 | NACHHER ...!<\/span> <\/div> <\/div> <\/a> <\/div> <div class=\"pb-block with-text with-social-or-text pb-landscape pb-width pb-type-image \" style=\"\" data-colspan=\"1\" data-rowspan=\"1\" data-col=\"2\" data-row=\"5\" data-valign=\"center\" data-halign=\"center\" data-type=\"image\" data-ratio=\"1.3309455587393\"> <img decoding=\"async\" class=\"pb-image skip-lazy \" src=\"data:image\/png;base64,iVBORw0KGgoAAAANSUhEUgAAAAEAAAABCAYAAAAfFcSJAAAADUlEQVR42mNkYPhfDwAChwGA60e6kgAAAABJRU5ErkJggg==\" data-pb-source=\"https:\/\/burkhardpuetz-i6psyu9my.live-website.com\/wp-content\/uploads\/2024\/08\/IMG-20230507-WA0009-Kopie.jpg\" alt=\"Der Kinder- und Jugendchor Heiligkreuz vor dem Hochamt am 5. Sonntag der Osterzeit, 7. Mai 2023 in der Pfarrkirche Heiligkreuz Trier zusammen mit Pfarrer Benedikt Welter und Dekanatskantor Burkhard P\u00fctz\"> <noscript><img decoding=\"async\" src=\"https:\/\/burkhardpuetz-i6psyu9my.live-website.com\/wp-content\/uploads\/2024\/08\/IMG-20230507-WA0009-Kopie.jpg\" alt=\"Der Kinder- und Jugendchor Heiligkreuz vor dem Hochamt am 5. Sonntag der Osterzeit, 7. Mai 2023 in der Pfarrkirche Heiligkreuz Trier zusammen mit Pfarrer Benedikt Welter und Dekanatskantor Burkhard P\u00fctz\"><\/noscript> <a class=\"pb-link \" data-magnific=\"gallery-15\" data-caption=\"Der Kinder- und Jugendchor Heiligkreuz vor dem Hochamt am 5. Sonntag der Osterzeit, 7. Mai 2023 in der Pfarrkirche Heiligkreuz Trier zusammen mit Pfarrer Benedikt Welter und Dekanatskantor Burkhard P\u00fctz\" rel=\"\" target=\"\" href=\"https:\/\/burkhard-puetz.de\/wp-content\/uploads\/2024\/08\/IMG-20230507-WA0009-Kopie.jpg\"> <div class=\"pb-overlay\" style=\"\"> <div class=\"pb-caption-bottom\"> <span class=\"pb-description pb-caption-left\" style=\"\">Der Kinder- und Jugendchor Heiligkreuz vor dem Hochamt am 5. Sonntag der Osterzeit, 7. Mai 2023 in der Pfarrkirche Heiligkreuz Trier zusammen mit Pfarrer Benedikt Welter und Dekanatskantor Burkhard P\u00fctz<\/span> <\/div> <\/div> <\/a> <\/div> <div class=\"pb-block with-text with-social-or-text pb-landscape pb-width pb-type-image \" style=\"\" data-colspan=\"1\" data-rowspan=\"1\" data-col=\"3\" data-row=\"5\" data-valign=\"center\" data-halign=\"center\" data-type=\"image\" data-ratio=\"1.2614583333333\"> <img decoding=\"async\" class=\"pb-image skip-lazy \" src=\"data:image\/png;base64,iVBORw0KGgoAAAANSUhEUgAAAAEAAAABCAYAAAAfFcSJAAAADUlEQVR42mNkYPhfDwAChwGA60e6kgAAAABJRU5ErkJggg==\" data-pb-source=\"https:\/\/burkhardpuetz-i6psyu9my.live-website.com\/wp-content\/uploads\/2024\/08\/IMG-20230507-WA0017-Kopie.jpg\" alt=\"Der Kinder- und Jugendchor Heiligkreuz (A-Chor) im Hochamt am 5. Sonntag der Osterzeit, 7. Mai 2023 in der Pfarrkirche Heiligkreuz | Richard Runciman Terry: Missa brevis in C | Chorges\u00e4nge und Neue Geistliche Lieder\"> <noscript><img decoding=\"async\" src=\"https:\/\/burkhardpuetz-i6psyu9my.live-website.com\/wp-content\/uploads\/2024\/08\/IMG-20230507-WA0017-Kopie.jpg\" alt=\"Der Kinder- und Jugendchor Heiligkreuz (A-Chor) im Hochamt am 5. Sonntag der Osterzeit, 7. Mai 2023 in der Pfarrkirche Heiligkreuz | Richard Runciman Terry: Missa brevis in C | Chorges\u00e4nge und Neue Geistliche Lieder\"><\/noscript> <a class=\"pb-link \" data-magnific=\"gallery-15\" data-caption=\"Der Kinder- und Jugendchor Heiligkreuz (A-Chor) im Hochamt am 5. Sonntag der Osterzeit, 7. Mai 2023 in der Pfarrkirche Heiligkreuz | Richard Runciman Terry: Missa brevis in C | Chorges\u00e4nge und Neue Geistliche Lieder\" rel=\"\" target=\"\" href=\"https:\/\/burkhard-puetz.de\/wp-content\/uploads\/2024\/08\/IMG-20230507-WA0017-Kopie.jpg\"> <div class=\"pb-overlay\" style=\"\"> <div class=\"pb-caption-bottom\"> <span class=\"pb-description pb-caption-left\" style=\"\">Der Kinder- und Jugendchor Heiligkreuz (A-Chor) im Hochamt am 5. Sonntag der Osterzeit, 7. Mai 2023 in der Pfarrkirche Heiligkreuz | Richard Runciman Terry: Missa brevis in C | Chorges\u00e4nge und Neue Geistliche Lieder<\/span> <\/div> <\/div> <\/a> <\/div> <div class=\"pb-block with-text with-social-or-text pb-landscape pb-width pb-type-image \" style=\"\" data-colspan=\"1\" data-rowspan=\"1\" data-col=\"0\" data-row=\"6\" data-valign=\"center\" data-halign=\"center\" data-type=\"image\" data-ratio=\"1.4765924788949\"> <img decoding=\"async\" class=\"pb-image skip-lazy \" src=\"data:image\/png;base64,iVBORw0KGgoAAAANSUhEUgAAAAEAAAABCAYAAAAfFcSJAAAADUlEQVR42mNkYPhfDwAChwGA60e6kgAAAABJRU5ErkJggg==\" data-pb-source=\"https:\/\/burkhardpuetz-i6psyu9my.live-website.com\/wp-content\/uploads\/2024\/08\/IMG-20230507-WA0017.jpg\" alt=\"Der Kinder- und Jugendchor Heiligkreuz (A-Chor) im Hochamt am 5. Sonntag der Osterzeit, 7. Mai 2023 in der Pfarrkirche Heiligkreuz | Richard Runciman Terry: Missa brevis in C | Chorges\u00e4nge und Neue Geistliche Lieder\"> <noscript><img decoding=\"async\" src=\"https:\/\/burkhardpuetz-i6psyu9my.live-website.com\/wp-content\/uploads\/2024\/08\/IMG-20230507-WA0017.jpg\" alt=\"Der Kinder- und Jugendchor Heiligkreuz (A-Chor) im Hochamt am 5. Sonntag der Osterzeit, 7. Mai 2023 in der Pfarrkirche Heiligkreuz | Richard Runciman Terry: Missa brevis in C | Chorges\u00e4nge und Neue Geistliche Lieder\"><\/noscript> <a class=\"pb-link \" data-magnific=\"gallery-15\" data-caption=\"Der Kinder- und Jugendchor Heiligkreuz (A-Chor) im Hochamt am 5. Sonntag der Osterzeit, 7. Mai 2023 in der Pfarrkirche Heiligkreuz | Richard Runciman Terry: Missa brevis in C | Chorges\u00e4nge und Neue Geistliche Lieder\" rel=\"\" target=\"\" href=\"https:\/\/burkhard-puetz.de\/wp-content\/uploads\/2024\/08\/IMG-20230507-WA0017.jpg\"> <div class=\"pb-overlay\" style=\"\"> <div class=\"pb-caption-bottom\"> <span class=\"pb-description pb-caption-left\" style=\"\">Der Kinder- und Jugendchor Heiligkreuz (A-Chor) im Hochamt am 5. Sonntag der Osterzeit, 7. Mai 2023 in der Pfarrkirche Heiligkreuz | Richard Runciman Terry: Missa brevis in C | Chorges\u00e4nge und Neue Geistliche Lieder<\/span> <\/div> <\/div> <\/a> <\/div> <div class=\"pb-block with-text with-social-or-text pb-landscape pb-width pb-type-image \" style=\"\" data-colspan=\"1\" data-rowspan=\"1\" data-col=\"1\" data-row=\"6\" data-valign=\"center\" data-halign=\"center\" data-type=\"image\" data-ratio=\"1.3598875351453\"> <img decoding=\"async\" class=\"pb-image skip-lazy \" src=\"data:image\/png;base64,iVBORw0KGgoAAAANSUhEUgAAAAEAAAABCAYAAAAfFcSJAAAADUlEQVR42mNkYPhfDwAChwGA60e6kgAAAABJRU5ErkJggg==\" data-pb-source=\"https:\/\/burkhardpuetz-i6psyu9my.live-website.com\/wp-content\/uploads\/2024\/08\/IMG-20230507-WA0022.jpg\" alt=\"Sechs S\u00e4ngerinnen und S\u00e4nger des Kinder- und Jugendchores Heiligkreuz werden f\u00fcr f\u00fcnf- bzw. sechsj\u00e4hrige Mitgliedschaft im Chor vom Di\u00f6zesanverband der PUERI CANTORES geehrt. | Nach dem Hochamt am 5. Sonntag der Osterzeit, 7. Mai 2023 in der Pfarrkirche Heiligkreuz Trier\"> <noscript><img decoding=\"async\" src=\"https:\/\/burkhardpuetz-i6psyu9my.live-website.com\/wp-content\/uploads\/2024\/08\/IMG-20230507-WA0022.jpg\" alt=\"Sechs S\u00e4ngerinnen und S\u00e4nger des Kinder- und Jugendchores Heiligkreuz werden f\u00fcr f\u00fcnf- bzw. sechsj\u00e4hrige Mitgliedschaft im Chor vom Di\u00f6zesanverband der PUERI CANTORES geehrt. | Nach dem Hochamt am 5. Sonntag der Osterzeit, 7. Mai 2023 in der Pfarrkirche Heiligkreuz Trier\"><\/noscript> <a class=\"pb-link \" data-magnific=\"gallery-15\" data-caption=\"Sechs S\u00e4ngerinnen und S\u00e4nger des Kinder- und Jugendchores Heiligkreuz werden f\u00fcr f\u00fcnf- bzw. sechsj\u00e4hrige Mitgliedschaft im Chor vom Di\u00f6zesanverband der PUERI CANTORES geehrt. | Nach dem Hochamt am 5. Sonntag der Osterzeit, 7. Mai 2023 in der Pfarrkirche Heiligkreuz Trier\" rel=\"\" target=\"\" href=\"https:\/\/burkhard-puetz.de\/wp-content\/uploads\/2024\/08\/IMG-20230507-WA0022.jpg\"> <div class=\"pb-overlay\" style=\"\"> <div class=\"pb-caption-bottom\"> <span class=\"pb-description pb-caption-left\" style=\"\">Sechs S\u00e4ngerinnen und S\u00e4nger des Kinder- und Jugendchores Heiligkreuz werden f\u00fcr f\u00fcnf- bzw. sechsj\u00e4hrige Mitgliedschaft im Chor vom Di\u00f6zesanverband der PUERI CANTORES geehrt. | Nach dem Hochamt am 5. Sonntag der Osterzeit, 7. Mai 2023 in der Pfarrkirche Heiligkreuz Trier<\/span> <\/div> <\/div> <\/a> <\/div> <div class=\"pb-block with-text with-social-or-text pb-landscape pb-width pb-type-image \" style=\"\" data-colspan=\"1\" data-rowspan=\"1\" data-col=\"2\" data-row=\"6\" data-valign=\"center\" data-halign=\"center\" data-type=\"image\" data-ratio=\"1.3263636363636\"> <img decoding=\"async\" class=\"pb-image skip-lazy \" src=\"data:image\/png;base64,iVBORw0KGgoAAAANSUhEUgAAAAEAAAABCAYAAAAfFcSJAAAADUlEQVR42mNkYPhfDwAChwGA60e6kgAAAABJRU5ErkJggg==\" data-pb-source=\"https:\/\/burkhardpuetz-i6psyu9my.live-website.com\/wp-content\/uploads\/2024\/08\/IMG-20230507-WA0028.jpg\" alt=\"Sechs S\u00e4ngerinnen und S\u00e4nger des Kinder- und Jugendchores Heiligkreuz werden f\u00fcr f\u00fcnf- bzw. sechsj\u00e4hrige Mitgliedschaft im Chor vom Di\u00f6zesanverband der PUERI CANTORES geehrt. | Nach dem Hochamt am 5. Sonntag der Osterzeit, 7. Mai 2023 in der Pfarrkirche Heiligkreuz Trier\"> <noscript><img decoding=\"async\" src=\"https:\/\/burkhardpuetz-i6psyu9my.live-website.com\/wp-content\/uploads\/2024\/08\/IMG-20230507-WA0028.jpg\" alt=\"Sechs S\u00e4ngerinnen und S\u00e4nger des Kinder- und Jugendchores Heiligkreuz werden f\u00fcr f\u00fcnf- bzw. sechsj\u00e4hrige Mitgliedschaft im Chor vom Di\u00f6zesanverband der PUERI CANTORES geehrt. | Nach dem Hochamt am 5. Sonntag der Osterzeit, 7. Mai 2023 in der Pfarrkirche Heiligkreuz Trier\"><\/noscript> <a class=\"pb-link \" data-magnific=\"gallery-15\" data-caption=\"Sechs S\u00e4ngerinnen und S\u00e4nger des Kinder- und Jugendchores Heiligkreuz werden f\u00fcr f\u00fcnf- bzw. sechsj\u00e4hrige Mitgliedschaft im Chor vom Di\u00f6zesanverband der PUERI CANTORES geehrt. | Nach dem Hochamt am 5. Sonntag der Osterzeit, 7. Mai 2023 in der Pfarrkirche Heiligkreuz Trier\" rel=\"\" target=\"\" href=\"https:\/\/burkhard-puetz.de\/wp-content\/uploads\/2024\/08\/IMG-20230507-WA0028.jpg\"> <div class=\"pb-overlay\" style=\"\"> <div class=\"pb-caption-bottom\"> <span class=\"pb-description pb-caption-left\" style=\"\">Sechs S\u00e4ngerinnen und S\u00e4nger des Kinder- und Jugendchores Heiligkreuz werden f\u00fcr f\u00fcnf- bzw. sechsj\u00e4hrige Mitgliedschaft im Chor vom Di\u00f6zesanverband der PUERI CANTORES geehrt. | Nach dem Hochamt am 5. Sonntag der Osterzeit, 7. Mai 2023 in der Pfarrkirche Heiligkreuz Trier<\/span> <\/div> <\/div> <\/a> <\/div> <div class=\"pb-block with-text with-social-or-text pb-portrait pb-height pb-type-image \" style=\"\" data-colspan=\"1\" data-rowspan=\"1\" data-col=\"3\" data-row=\"6\" data-valign=\"center\" data-halign=\"center\" data-type=\"image\" data-ratio=\"0.90508806262231\"> <img decoding=\"async\" class=\"pb-image skip-lazy \" src=\"data:image\/png;base64,iVBORw0KGgoAAAANSUhEUgAAAAEAAAABCAYAAAAfFcSJAAAADUlEQVR42mNkYPhfDwAChwGA60e6kgAAAABJRU5ErkJggg==\" data-pb-source=\"https:\/\/burkhardpuetz-i6psyu9my.live-website.com\/wp-content\/uploads\/2024\/08\/IMG-20230507-WA0030.jpg\" alt=\"Sechs S\u00e4ngerinnen und S\u00e4nger des Kinder- und Jugendchores Heiligkreuz werden f\u00fcr f\u00fcnf- bzw. sechsj\u00e4hrige Mitgliedschaft im Chor vom Di\u00f6zesanverband der PUERI CANTORES geehrt. | Nach dem Hochamt am 5. Sonntag der Osterzeit, 7. Mai 2023 in der Pfarrkirche Heiligkreuz Trier\"> <noscript><img decoding=\"async\" src=\"https:\/\/burkhardpuetz-i6psyu9my.live-website.com\/wp-content\/uploads\/2024\/08\/IMG-20230507-WA0030.jpg\" alt=\"Sechs S\u00e4ngerinnen und S\u00e4nger des Kinder- und Jugendchores Heiligkreuz werden f\u00fcr f\u00fcnf- bzw. sechsj\u00e4hrige Mitgliedschaft im Chor vom Di\u00f6zesanverband der PUERI CANTORES geehrt. | Nach dem Hochamt am 5. Sonntag der Osterzeit, 7. Mai 2023 in der Pfarrkirche Heiligkreuz Trier\"><\/noscript> <a class=\"pb-link \" data-magnific=\"gallery-15\" data-caption=\"Sechs S\u00e4ngerinnen und S\u00e4nger des Kinder- und Jugendchores Heiligkreuz werden f\u00fcr f\u00fcnf- bzw. sechsj\u00e4hrige Mitgliedschaft im Chor vom Di\u00f6zesanverband der PUERI CANTORES geehrt. | Nach dem Hochamt am 5. Sonntag der Osterzeit, 7. Mai 2023 in der Pfarrkirche Heiligkreuz Trier\" rel=\"\" target=\"\" href=\"https:\/\/burkhard-puetz.de\/wp-content\/uploads\/2024\/08\/IMG-20230507-WA0030.jpg\"> <div class=\"pb-overlay\" style=\"\"> <div class=\"pb-caption-bottom\"> <span class=\"pb-description pb-caption-left\" style=\"\">Sechs S\u00e4ngerinnen und S\u00e4nger des Kinder- und Jugendchores Heiligkreuz werden f\u00fcr f\u00fcnf- bzw. sechsj\u00e4hrige Mitgliedschaft im Chor vom Di\u00f6zesanverband der PUERI CANTORES geehrt. | Nach dem Hochamt am 5. Sonntag der Osterzeit, 7. Mai 2023 in der Pfarrkirche Heiligkreuz Trier<\/span> <\/div> <\/div> <\/a> <\/div> <div class=\"pb-block with-text with-social-or-text pb-portrait pb-height pb-type-image \" style=\"\" data-colspan=\"1\" data-rowspan=\"1\" data-col=\"0\" data-row=\"7\" data-valign=\"center\" data-halign=\"center\" data-type=\"image\" data-ratio=\"0.99426605504587\"> <img decoding=\"async\" class=\"pb-image skip-lazy \" src=\"data:image\/png;base64,iVBORw0KGgoAAAANSUhEUgAAAAEAAAABCAYAAAAfFcSJAAAADUlEQVR42mNkYPhfDwAChwGA60e6kgAAAABJRU5ErkJggg==\" data-pb-source=\"https:\/\/burkhardpuetz-i6psyu9my.live-website.com\/wp-content\/uploads\/2024\/08\/IMG-20230507-WA0032.jpg\" alt=\"Sechs S\u00e4ngerinnen und S\u00e4nger des Kinder- und Jugendchores Heiligkreuz werden f\u00fcr f\u00fcnf- bzw. sechsj\u00e4hrige Mitgliedschaft im Chor vom Di\u00f6zesanverband der PUERI CANTORES geehrt. | Nach dem Hochamt am 5. Sonntag der Osterzeit, 7. Mai 2023 in der Pfarrkirche Heiligkreuz Trier\"> <noscript><img decoding=\"async\" src=\"https:\/\/burkhardpuetz-i6psyu9my.live-website.com\/wp-content\/uploads\/2024\/08\/IMG-20230507-WA0032.jpg\" alt=\"Sechs S\u00e4ngerinnen und S\u00e4nger des Kinder- und Jugendchores Heiligkreuz werden f\u00fcr f\u00fcnf- bzw. sechsj\u00e4hrige Mitgliedschaft im Chor vom Di\u00f6zesanverband der PUERI CANTORES geehrt. | Nach dem Hochamt am 5. Sonntag der Osterzeit, 7. Mai 2023 in der Pfarrkirche Heiligkreuz Trier\"><\/noscript> <a class=\"pb-link \" data-magnific=\"gallery-15\" data-caption=\"Sechs S\u00e4ngerinnen und S\u00e4nger des Kinder- und Jugendchores Heiligkreuz werden f\u00fcr f\u00fcnf- bzw. sechsj\u00e4hrige Mitgliedschaft im Chor vom Di\u00f6zesanverband der PUERI CANTORES geehrt. | Nach dem Hochamt am 5. Sonntag der Osterzeit, 7. Mai 2023 in der Pfarrkirche Heiligkreuz Trier\" rel=\"\" target=\"\" href=\"https:\/\/burkhard-puetz.de\/wp-content\/uploads\/2024\/08\/IMG-20230507-WA0032.jpg\"> <div class=\"pb-overlay\" style=\"\"> <div class=\"pb-caption-bottom\"> <span class=\"pb-description pb-caption-left\" style=\"\">Sechs S\u00e4ngerinnen und S\u00e4nger des Kinder- und Jugendchores Heiligkreuz werden f\u00fcr f\u00fcnf- bzw. sechsj\u00e4hrige Mitgliedschaft im Chor vom Di\u00f6zesanverband der PUERI CANTORES geehrt. | Nach dem Hochamt am 5. Sonntag der Osterzeit, 7. Mai 2023 in der Pfarrkirche Heiligkreuz Trier<\/span> <\/div> <\/div> <\/a> <\/div> <div class=\"pb-block with-text with-social-or-text pb-portrait pb-height pb-type-image \" style=\"\" data-colspan=\"1\" data-rowspan=\"1\" data-col=\"1\" data-row=\"7\" data-valign=\"center\" data-halign=\"center\" data-type=\"image\" data-ratio=\"0.78585858585859\"> <img decoding=\"async\" class=\"pb-image skip-lazy \" src=\"data:image\/png;base64,iVBORw0KGgoAAAANSUhEUgAAAAEAAAABCAYAAAAfFcSJAAAADUlEQVR42mNkYPhfDwAChwGA60e6kgAAAABJRU5ErkJggg==\" data-pb-source=\"https:\/\/burkhardpuetz-i6psyu9my.live-website.com\/wp-content\/uploads\/2024\/08\/IMG-20230507-WA0034.jpg\" alt=\"Sechs S\u00e4ngerinnen und S\u00e4nger des Kinder- und Jugendchores Heiligkreuz werden f\u00fcr f\u00fcnf- bzw. sechsj\u00e4hrige Mitgliedschaft im Chor vom Di\u00f6zesanverband der PUERI CANTORES geehrt. | Nach dem Hochamt am 5. Sonntag der Osterzeit, 7. Mai 2023 in der Pfarrkirche Heiligkreuz Trier\"> <noscript><img decoding=\"async\" src=\"https:\/\/burkhardpuetz-i6psyu9my.live-website.com\/wp-content\/uploads\/2024\/08\/IMG-20230507-WA0034.jpg\" alt=\"Sechs S\u00e4ngerinnen und S\u00e4nger des Kinder- und Jugendchores Heiligkreuz werden f\u00fcr f\u00fcnf- bzw. sechsj\u00e4hrige Mitgliedschaft im Chor vom Di\u00f6zesanverband der PUERI CANTORES geehrt. | Nach dem Hochamt am 5. Sonntag der Osterzeit, 7. Mai 2023 in der Pfarrkirche Heiligkreuz Trier\"><\/noscript> <a class=\"pb-link \" data-magnific=\"gallery-15\" data-caption=\"Sechs S\u00e4ngerinnen und S\u00e4nger des Kinder- und Jugendchores Heiligkreuz werden f\u00fcr f\u00fcnf- bzw. sechsj\u00e4hrige Mitgliedschaft im Chor vom Di\u00f6zesanverband der PUERI CANTORES geehrt. | Nach dem Hochamt am 5. Sonntag der Osterzeit, 7. Mai 2023 in der Pfarrkirche Heiligkreuz Trier\" rel=\"\" target=\"\" href=\"https:\/\/burkhard-puetz.de\/wp-content\/uploads\/2024\/08\/IMG-20230507-WA0034.jpg\"> <div class=\"pb-overlay\" style=\"\"> <div class=\"pb-caption-bottom\"> <span class=\"pb-description pb-caption-left\" style=\"\">Sechs S\u00e4ngerinnen und S\u00e4nger des Kinder- und Jugendchores Heiligkreuz werden f\u00fcr f\u00fcnf- bzw. sechsj\u00e4hrige Mitgliedschaft im Chor vom Di\u00f6zesanverband der PUERI CANTORES geehrt. | Nach dem Hochamt am 5. Sonntag der Osterzeit, 7. Mai 2023 in der Pfarrkirche Heiligkreuz Trier<\/span> <\/div> <\/div> <\/a> <\/div> <div class=\"pb-block with-text with-social-or-text pb-portrait pb-height pb-type-image \" style=\"\" data-colspan=\"1\" data-rowspan=\"1\" data-col=\"2\" data-row=\"7\" data-valign=\"center\" data-halign=\"center\" data-type=\"image\" data-ratio=\"0.90417136414882\"> <img decoding=\"async\" class=\"pb-image skip-lazy \" src=\"data:image\/png;base64,iVBORw0KGgoAAAANSUhEUgAAAAEAAAABCAYAAAAfFcSJAAAADUlEQVR42mNkYPhfDwAChwGA60e6kgAAAABJRU5ErkJggg==\" data-pb-source=\"https:\/\/burkhardpuetz-i6psyu9my.live-website.com\/wp-content\/uploads\/2024\/08\/IMG-20230507-WA0035.jpg\" alt=\"Sechs S\u00e4ngerinnen und S\u00e4nger des Kinder- und Jugendchores Heiligkreuz werden f\u00fcr f\u00fcnf- bzw. sechsj\u00e4hrige Mitgliedschaft im Chor vom Di\u00f6zesanverband der PUERI CANTORES geehrt. | Nach dem Hochamt am 5. Sonntag der Osterzeit, 7. Mai 2023 in der Pfarrkirche Heiligkreuz Trier\"> <noscript><img decoding=\"async\" src=\"https:\/\/burkhardpuetz-i6psyu9my.live-website.com\/wp-content\/uploads\/2024\/08\/IMG-20230507-WA0035.jpg\" alt=\"Sechs S\u00e4ngerinnen und S\u00e4nger des Kinder- und Jugendchores Heiligkreuz werden f\u00fcr f\u00fcnf- bzw. sechsj\u00e4hrige Mitgliedschaft im Chor vom Di\u00f6zesanverband der PUERI CANTORES geehrt. | Nach dem Hochamt am 5. Sonntag der Osterzeit, 7. Mai 2023 in der Pfarrkirche Heiligkreuz Trier\"><\/noscript> <a class=\"pb-link \" data-magnific=\"gallery-15\" data-caption=\"Sechs S\u00e4ngerinnen und S\u00e4nger des Kinder- und Jugendchores Heiligkreuz werden f\u00fcr f\u00fcnf- bzw. sechsj\u00e4hrige Mitgliedschaft im Chor vom Di\u00f6zesanverband der PUERI CANTORES geehrt. | Nach dem Hochamt am 5. Sonntag der Osterzeit, 7. Mai 2023 in der Pfarrkirche Heiligkreuz Trier\" rel=\"\" target=\"\" href=\"https:\/\/burkhard-puetz.de\/wp-content\/uploads\/2024\/08\/IMG-20230507-WA0035.jpg\"> <div class=\"pb-overlay\" style=\"\"> <div class=\"pb-caption-bottom\"> <span class=\"pb-description pb-caption-left\" style=\"\">Sechs S\u00e4ngerinnen und S\u00e4nger des Kinder- und Jugendchores Heiligkreuz werden f\u00fcr f\u00fcnf- bzw. sechsj\u00e4hrige Mitgliedschaft im Chor vom Di\u00f6zesanverband der PUERI CANTORES geehrt. | Nach dem Hochamt am 5. Sonntag der Osterzeit, 7. Mai 2023 in der Pfarrkirche Heiligkreuz Trier<\/span> <\/div> <\/div> <\/a> <\/div> <div class=\"pb-block with-text with-social-or-text pb-landscape pb-width pb-type-image \" style=\"\" data-colspan=\"1\" data-rowspan=\"1\" data-col=\"3\" data-row=\"7\" data-valign=\"center\" data-halign=\"center\" data-type=\"image\" data-ratio=\"1.0574875798439\"> <img decoding=\"async\" class=\"pb-image skip-lazy \" src=\"data:image\/png;base64,iVBORw0KGgoAAAANSUhEUgAAAAEAAAABCAYAAAAfFcSJAAAADUlEQVR42mNkYPhfDwAChwGA60e6kgAAAABJRU5ErkJggg==\" data-pb-source=\"https:\/\/burkhardpuetz-i6psyu9my.live-website.com\/wp-content\/uploads\/2024\/08\/IMG-20230507-WA0038.jpg\" alt=\"Sechs S\u00e4ngerinnen und S\u00e4nger des Kinder- und Jugendchores Heiligkreuz werden f\u00fcr f\u00fcnf- bzw. sechsj\u00e4hrige Mitgliedschaft im Chor vom Di\u00f6zesanverband der PUERI CANTORES geehrt. | Die geehrten S\u00e4ngerinnen und S\u00e4nger mit ihren Urkunden nach dem Hochamt am 5. Sonntag der Osterzeit, 7. Mai 2023 in der Pfarrkirche Heiligkreuz Trier\"> <noscript><img decoding=\"async\" src=\"https:\/\/burkhardpuetz-i6psyu9my.live-website.com\/wp-content\/uploads\/2024\/08\/IMG-20230507-WA0038.jpg\" alt=\"Sechs S\u00e4ngerinnen und S\u00e4nger des Kinder- und Jugendchores Heiligkreuz werden f\u00fcr f\u00fcnf- bzw. sechsj\u00e4hrige Mitgliedschaft im Chor vom Di\u00f6zesanverband der PUERI CANTORES geehrt. | Die geehrten S\u00e4ngerinnen und S\u00e4nger mit ihren Urkunden nach dem Hochamt am 5. Sonntag der Osterzeit, 7. Mai 2023 in der Pfarrkirche Heiligkreuz Trier\"><\/noscript> <a class=\"pb-link \" data-magnific=\"gallery-15\" data-caption=\"Sechs S\u00e4ngerinnen und S\u00e4nger des Kinder- und Jugendchores Heiligkreuz werden f\u00fcr f\u00fcnf- bzw. sechsj\u00e4hrige Mitgliedschaft im Chor vom Di\u00f6zesanverband der PUERI CANTORES geehrt. | Die geehrten S\u00e4ngerinnen und S\u00e4nger mit ihren Urkunden nach dem Hochamt am 5. Sonntag der Osterzeit, 7. Mai 2023 in der Pfarrkirche Heiligkreuz Trier\" rel=\"\" target=\"\" href=\"https:\/\/burkhard-puetz.de\/wp-content\/uploads\/2024\/08\/IMG-20230507-WA0038.jpg\"> <div class=\"pb-overlay\" style=\"\"> <div class=\"pb-caption-bottom\"> <span class=\"pb-description pb-caption-left\" style=\"\">Sechs S\u00e4ngerinnen und S\u00e4nger des Kinder- und Jugendchores Heiligkreuz werden f\u00fcr f\u00fcnf- bzw. sechsj\u00e4hrige Mitgliedschaft im Chor vom Di\u00f6zesanverband der PUERI CANTORES geehrt. | Die geehrten S\u00e4ngerinnen und S\u00e4nger mit ihren Urkunden nach dem Hochamt am 5. Sonntag der Osterzeit, 7. Mai 2023 in der Pfarrkirche Heiligkreuz Trier<\/span> <\/div> <\/div> <\/a> <\/div> <div class=\"pb-block with-text with-social-or-text pb-landscape pb-width pb-type-image \" style=\"\" data-colspan=\"1\" data-rowspan=\"1\" data-col=\"0\" data-row=\"8\" data-valign=\"center\" data-halign=\"center\" data-type=\"image\" data-ratio=\"1.215873015873\"> <img decoding=\"async\" class=\"pb-image skip-lazy \" src=\"data:image\/png;base64,iVBORw0KGgoAAAANSUhEUgAAAAEAAAABCAYAAAAfFcSJAAAADUlEQVR42mNkYPhfDwAChwGA60e6kgAAAABJRU5ErkJggg==\" data-pb-source=\"https:\/\/burkhardpuetz-i6psyu9my.live-website.com\/wp-content\/uploads\/2024\/08\/Kinderchor-Heiligkreuz-Erstkommunion-16.04.23.jpg\" alt=\"Der Kinder- und Jugendchor Heiligkreuz (A-Chor) bei der Feier der Erstkommunion am Wei\u00dfen Sonntag, 16. April 2023 in der Pfarrkirche Heiligkreuz, Trier\"> <noscript><img decoding=\"async\" src=\"https:\/\/burkhardpuetz-i6psyu9my.live-website.com\/wp-content\/uploads\/2024\/08\/Kinderchor-Heiligkreuz-Erstkommunion-16.04.23.jpg\" alt=\"Der Kinder- und Jugendchor Heiligkreuz (A-Chor) bei der Feier der Erstkommunion am Wei\u00dfen Sonntag, 16. April 2023 in der Pfarrkirche Heiligkreuz, Trier\"><\/noscript> <a class=\"pb-link \" data-magnific=\"gallery-15\" data-caption=\"Der Kinder- und Jugendchor Heiligkreuz (A-Chor) bei der Feier der Erstkommunion am Wei\u00dfen Sonntag, 16. April 2023 in der Pfarrkirche Heiligkreuz, Trier\" rel=\"\" target=\"\" href=\"https:\/\/burkhard-puetz.de\/wp-content\/uploads\/2024\/08\/Kinderchor-Heiligkreuz-Erstkommunion-16.04.23.jpg\"> <div class=\"pb-overlay\" style=\"\"> <div class=\"pb-caption-bottom\"> <span class=\"pb-description pb-caption-left\" style=\"\">Der Kinder- und Jugendchor Heiligkreuz (A-Chor) bei der Feier der Erstkommunion am Wei\u00dfen Sonntag, 16. April 2023 in der Pfarrkirche Heiligkreuz, Trier<\/span> <\/div> <\/div> <\/a> <\/div> <div class=\"pb-block with-text with-social-or-text pb-landscape pb-width pb-type-image \" style=\"\" data-colspan=\"1\" data-rowspan=\"1\" data-col=\"1\" data-row=\"8\" data-valign=\"center\" data-halign=\"center\" data-type=\"image\" data-ratio=\"1.3073270013569\"> <img decoding=\"async\" class=\"pb-image skip-lazy \" src=\"data:image\/png;base64,iVBORw0KGgoAAAANSUhEUgAAAAEAAAABCAYAAAAfFcSJAAAADUlEQVR42mNkYPhfDwAChwGA60e6kgAAAABJRU5ErkJggg==\" data-pb-source=\"https:\/\/burkhardpuetz-i6psyu9my.live-website.com\/wp-content\/uploads\/2024\/08\/Kinderchor-Heiligkreuz-Erstkommunion-16.04.23-2.jpg\" alt=\"Der Kinder- und Jugendchor Heiligkreuz (A-Chor) bei der Feier der Erstkommunion am Wei\u00dfen Sonntag, 16. April 2023 in der Pfarrkirche Heiligkreuz, Trier\"> <noscript><img decoding=\"async\" src=\"https:\/\/burkhardpuetz-i6psyu9my.live-website.com\/wp-content\/uploads\/2024\/08\/Kinderchor-Heiligkreuz-Erstkommunion-16.04.23-2.jpg\" alt=\"Der Kinder- und Jugendchor Heiligkreuz (A-Chor) bei der Feier der Erstkommunion am Wei\u00dfen Sonntag, 16. April 2023 in der Pfarrkirche Heiligkreuz, Trier\"><\/noscript> <a class=\"pb-link \" data-magnific=\"gallery-15\" data-caption=\"Der Kinder- und Jugendchor Heiligkreuz (A-Chor) bei der Feier der Erstkommunion am Wei\u00dfen Sonntag, 16. April 2023 in der Pfarrkirche Heiligkreuz, Trier\" rel=\"\" target=\"\" href=\"https:\/\/burkhard-puetz.de\/wp-content\/uploads\/2024\/08\/Kinderchor-Heiligkreuz-Erstkommunion-16.04.23-2.jpg\"> <div class=\"pb-overlay\" style=\"\"> <div class=\"pb-caption-bottom\"> <span class=\"pb-description pb-caption-left\" style=\"\">Der Kinder- und Jugendchor Heiligkreuz (A-Chor) bei der Feier der Erstkommunion am Wei\u00dfen Sonntag, 16. April 2023 in der Pfarrkirche Heiligkreuz, Trier<\/span> <\/div> <\/div> <\/a> <\/div> <div class=\"pb-block with-text with-social-or-text pb-landscape pb-width pb-type-image \" style=\"\" data-colspan=\"1\" data-rowspan=\"1\" data-col=\"2\" data-row=\"8\" data-valign=\"center\" data-halign=\"center\" data-type=\"image\" data-ratio=\"1.3970432946146\"> <img decoding=\"async\" class=\"pb-image skip-lazy \" src=\"data:image\/png;base64,iVBORw0KGgoAAAANSUhEUgAAAAEAAAABCAYAAAAfFcSJAAAADUlEQVR42mNkYPhfDwAChwGA60e6kgAAAABJRU5ErkJggg==\" data-pb-source=\"https:\/\/burkhardpuetz-i6psyu9my.live-website.com\/wp-content\/uploads\/2024\/08\/A-Kinderchor-Heiligkreuz-St.-Michael-11.12.22-2.jpg\" alt=\"Der Kinderchor Heiligkreuz (A-Chor) im Hochamt am 3. Adventssonntag (Gaudete), 11. Dezember 2022 in der Pfarrkirche St. Michael, Trier-Mariahof | Adventliche Chor- und Scholages\u00e4nge von Georg Friedrich H\u00e4ndel, Richard Runciman Terry u. a.\"> <noscript><img decoding=\"async\" src=\"https:\/\/burkhardpuetz-i6psyu9my.live-website.com\/wp-content\/uploads\/2024\/08\/A-Kinderchor-Heiligkreuz-St.-Michael-11.12.22-2.jpg\" alt=\"Der Kinderchor Heiligkreuz (A-Chor) im Hochamt am 3. Adventssonntag (Gaudete), 11. Dezember 2022 in der Pfarrkirche St. Michael, Trier-Mariahof | Adventliche Chor- und Scholages\u00e4nge von Georg Friedrich H\u00e4ndel, Richard Runciman Terry u. a.\"><\/noscript> <a class=\"pb-link \" data-magnific=\"gallery-15\" data-caption=\"Der Kinderchor Heiligkreuz (A-Chor) im Hochamt am 3. Adventssonntag (Gaudete), 11. Dezember 2022 in der Pfarrkirche St. Michael, Trier-Mariahof | Adventliche Chor- und Scholages\u00e4nge von Georg Friedrich H\u00e4ndel, Richard Runciman Terry u. a.\" rel=\"\" target=\"\" href=\"https:\/\/burkhard-puetz.de\/wp-content\/uploads\/2024\/08\/A-Kinderchor-Heiligkreuz-St.-Michael-11.12.22-2.jpg\"> <div class=\"pb-overlay\" style=\"\"> <div class=\"pb-caption-bottom\"> <span class=\"pb-description pb-caption-left\" style=\"\">Der Kinderchor Heiligkreuz (A-Chor) im Hochamt am 3. Adventssonntag (Gaudete), 11. Dezember 2022 in der Pfarrkirche St. Michael, Trier-Mariahof | Adventliche Chor- und Scholages\u00e4nge von Georg Friedrich H\u00e4ndel, Richard Runciman Terry u. a.<\/span> <\/div> <\/div> <\/a> <\/div> <div class=\"pb-block with-text with-social-or-text pb-landscape pb-width pb-type-image \" style=\"\" data-colspan=\"1\" data-rowspan=\"1\" data-col=\"3\" data-row=\"8\" data-valign=\"center\" data-halign=\"center\" data-type=\"image\" data-ratio=\"1.8682634730539\"> <img decoding=\"async\" class=\"pb-image skip-lazy \" src=\"data:image\/png;base64,iVBORw0KGgoAAAANSUhEUgAAAAEAAAABCAYAAAAfFcSJAAAADUlEQVR42mNkYPhfDwAChwGA60e6kgAAAABJRU5ErkJggg==\" data-pb-source=\"https:\/\/burkhardpuetz-i6psyu9my.live-website.com\/wp-content\/uploads\/2024\/08\/A-Kinderchor-Heiligkreuz-St.-Michael-11.12.22-1.jpg\" alt=\"Der Kinderchor Heiligkreuz (A-Chor) im Hochamt am 3. Adventssonntag (Gaudete), 11. Dezember 2022 in der Pfarrkirche St. Michael, Trier-Mariahof | Adventliche Chor- und Scholages\u00e4nge von Georg Friedrich H\u00e4ndel, Richard Runciman Terry u. a.\"> <noscript><img decoding=\"async\" src=\"https:\/\/burkhardpuetz-i6psyu9my.live-website.com\/wp-content\/uploads\/2024\/08\/A-Kinderchor-Heiligkreuz-St.-Michael-11.12.22-1.jpg\" alt=\"Der Kinderchor Heiligkreuz (A-Chor) im Hochamt am 3. Adventssonntag (Gaudete), 11. Dezember 2022 in der Pfarrkirche St. Michael, Trier-Mariahof | Adventliche Chor- und Scholages\u00e4nge von Georg Friedrich H\u00e4ndel, Richard Runciman Terry u. a.\"><\/noscript> <a class=\"pb-link \" data-magnific=\"gallery-15\" data-caption=\"Der Kinderchor Heiligkreuz (A-Chor) im Hochamt am 3. Adventssonntag (Gaudete), 11. Dezember 2022 in der Pfarrkirche St. Michael, Trier-Mariahof | Adventliche Chor- und Scholages\u00e4nge von Georg Friedrich H\u00e4ndel, Richard Runciman Terry u. a.\" rel=\"\" target=\"\" href=\"https:\/\/burkhard-puetz.de\/wp-content\/uploads\/2024\/08\/A-Kinderchor-Heiligkreuz-St.-Michael-11.12.22-1.jpg\"> <div class=\"pb-overlay\" style=\"\"> <div class=\"pb-caption-bottom\"> <span class=\"pb-description pb-caption-left\" style=\"\">Der Kinderchor Heiligkreuz (A-Chor) im Hochamt am 3. Adventssonntag (Gaudete), 11. Dezember 2022 in der Pfarrkirche St. Michael, Trier-Mariahof | Adventliche Chor- und Scholages\u00e4nge von Georg Friedrich H\u00e4ndel, Richard Runciman Terry u. a.<\/span> <\/div> <\/div> <\/a> <\/div> <div class=\"pb-block with-text with-social-or-text pb-landscape pb-width pb-type-image \" style=\"\" data-colspan=\"1\" data-rowspan=\"1\" data-col=\"0\" data-row=\"9\" data-valign=\"center\" data-halign=\"center\" data-type=\"image\" data-ratio=\"1.5209125475285\"> <img decoding=\"async\" class=\"pb-image skip-lazy \" src=\"data:image\/png;base64,iVBORw0KGgoAAAANSUhEUgAAAAEAAAABCAYAAAAfFcSJAAAADUlEQVR42mNkYPhfDwAChwGA60e6kgAAAABJRU5ErkJggg==\" data-pb-source=\"https:\/\/burkhardpuetz-i6psyu9my.live-website.com\/wp-content\/uploads\/2024\/08\/IMG-20220713-WA0003.jpg\" alt=\"Internationales PUERI-CANTORES-Chorfestival 2022 in Florenz | Der Di\u00f6zesanjugendchor Trier mit 18 Teilnehmern aus den Heiligkreuzer Ch\u00f6ren vor der Abfahrt am 12. Juli 2022 in Trier-Heiligkreuz\"> <noscript><img decoding=\"async\" src=\"https:\/\/burkhardpuetz-i6psyu9my.live-website.com\/wp-content\/uploads\/2024\/08\/IMG-20220713-WA0003.jpg\" alt=\"Internationales PUERI-CANTORES-Chorfestival 2022 in Florenz | Der Di\u00f6zesanjugendchor Trier mit 18 Teilnehmern aus den Heiligkreuzer Ch\u00f6ren vor der Abfahrt am 12. Juli 2022 in Trier-Heiligkreuz\"><\/noscript> <a class=\"pb-link \" data-magnific=\"gallery-15\" data-caption=\"Internationales PUERI-CANTORES-Chorfestival 2022 in Florenz | Der Di\u00f6zesanjugendchor Trier mit 18 Teilnehmern aus den Heiligkreuzer Ch\u00f6ren vor der Abfahrt am 12. Juli 2022 in Trier-Heiligkreuz\" rel=\"\" target=\"\" href=\"https:\/\/burkhard-puetz.de\/wp-content\/uploads\/2024\/08\/IMG-20220713-WA0003.jpg\"> <div class=\"pb-overlay\" style=\"\"> <div class=\"pb-caption-bottom\"> <span class=\"pb-description pb-caption-left\" style=\"\">Internationales PUERI-CANTORES-Chorfestival 2022 in Florenz | Der Di\u00f6zesanjugendchor Trier mit 18 Teilnehmern aus den Heiligkreuzer Ch\u00f6ren vor der Abfahrt am 12. Juli 2022 in Trier-Heiligkreuz<\/span> <\/div> <\/div> <\/a> <\/div> <div class=\"pb-block with-text with-social-or-text pb-landscape pb-width pb-type-image \" style=\"\" data-colspan=\"1\" data-rowspan=\"1\" data-col=\"1\" data-row=\"9\" data-valign=\"center\" data-halign=\"center\" data-type=\"image\" data-ratio=\"1.3333333333333\"> <img decoding=\"async\" class=\"pb-image skip-lazy \" src=\"data:image\/png;base64,iVBORw0KGgoAAAANSUhEUgAAAAEAAAABCAYAAAAfFcSJAAAADUlEQVR42mNkYPhfDwAChwGA60e6kgAAAABJRU5ErkJggg==\" data-pb-source=\"https:\/\/burkhardpuetz-i6psyu9my.live-website.com\/wp-content\/uploads\/2024\/08\/IMG-20220713-WA0001.jpg\" alt=\"Internationales PUERI-CANTORES-Chorfestival 2022 in Florenz | Domkapitular Pfr. Benedikt Welter erteilt den Teilnehmern aus dem Bistum Trier den Reisesegen am 12. Juli 2022 vor der Heiligkreuz-Kapelle\"> <noscript><img decoding=\"async\" src=\"https:\/\/burkhardpuetz-i6psyu9my.live-website.com\/wp-content\/uploads\/2024\/08\/IMG-20220713-WA0001.jpg\" alt=\"Internationales PUERI-CANTORES-Chorfestival 2022 in Florenz | Domkapitular Pfr. Benedikt Welter erteilt den Teilnehmern aus dem Bistum Trier den Reisesegen am 12. Juli 2022 vor der Heiligkreuz-Kapelle\"><\/noscript> <a class=\"pb-link \" data-magnific=\"gallery-15\" data-caption=\"Internationales PUERI-CANTORES-Chorfestival 2022 in Florenz | Domkapitular Pfr. Benedikt Welter erteilt den Teilnehmern aus dem Bistum Trier den Reisesegen am 12. Juli 2022 vor der Heiligkreuz-Kapelle\" rel=\"\" target=\"\" href=\"https:\/\/burkhard-puetz.de\/wp-content\/uploads\/2024\/08\/IMG-20220713-WA0001.jpg\"> <div class=\"pb-overlay\" style=\"\"> <div class=\"pb-caption-bottom\"> <span class=\"pb-description pb-caption-left\" style=\"\">Internationales PUERI-CANTORES-Chorfestival 2022 in Florenz | Domkapitular Pfr. Benedikt Welter erteilt den Teilnehmern aus dem Bistum Trier den Reisesegen am 12. Juli 2022 vor der Heiligkreuz-Kapelle<\/span> <\/div> <\/div> <\/a> <\/div> <div class=\"pb-block with-text with-social-or-text pb-landscape pb-width pb-type-image \" style=\"\" data-colspan=\"1\" data-rowspan=\"1\" data-col=\"2\" data-row=\"9\" data-valign=\"center\" data-halign=\"center\" data-type=\"image\" data-ratio=\"1.3333333333333\"> <img decoding=\"async\" class=\"pb-image skip-lazy \" src=\"data:image\/png;base64,iVBORw0KGgoAAAANSUhEUgAAAAEAAAABCAYAAAAfFcSJAAAADUlEQVR42mNkYPhfDwAChwGA60e6kgAAAABJRU5ErkJggg==\" data-pb-source=\"https:\/\/burkhardpuetz-i6psyu9my.live-website.com\/wp-content\/uploads\/2024\/08\/IMG-20220725-WA0040.jpg\" alt=\"Internationales PUERI-CANTORES-Chorfestival 2022 in Florenz Er\u00f6ffnung des Festivals am 13. Juli 2022 auf der Piazza della Signoria (rechts vorne Teilnehmer aus Trier-Heiligkreuz)\"> <noscript><img decoding=\"async\" src=\"https:\/\/burkhardpuetz-i6psyu9my.live-website.com\/wp-content\/uploads\/2024\/08\/IMG-20220725-WA0040.jpg\" alt=\"Internationales PUERI-CANTORES-Chorfestival 2022 in Florenz Er\u00f6ffnung des Festivals am 13. Juli 2022 auf der Piazza della Signoria (rechts vorne Teilnehmer aus Trier-Heiligkreuz)\"><\/noscript> <a class=\"pb-link \" data-magnific=\"gallery-15\" data-caption=\"Internationales PUERI-CANTORES-Chorfestival 2022 in Florenz Er\u00f6ffnung des Festivals am 13. Juli 2022 auf der Piazza della Signoria (rechts vorne Teilnehmer aus Trier-Heiligkreuz)\" rel=\"\" target=\"\" href=\"https:\/\/burkhard-puetz.de\/wp-content\/uploads\/2024\/08\/IMG-20220725-WA0040.jpg\"> <div class=\"pb-overlay\" style=\"\"> <div class=\"pb-caption-bottom\"> <span class=\"pb-description pb-caption-left\" style=\"\">Internationales PUERI-CANTORES-Chorfestival 2022 in Florenz Er\u00f6ffnung des Festivals am 13. Juli 2022 auf der Piazza della Signoria (rechts vorne Teilnehmer aus Trier-Heiligkreuz)<\/span> <\/div> <\/div> <\/a> <\/div> <div class=\"pb-block with-text with-social-or-text pb-landscape pb-width pb-type-image \" style=\"\" data-colspan=\"1\" data-rowspan=\"1\" data-col=\"3\" data-row=\"9\" data-valign=\"center\" data-halign=\"center\" data-type=\"image\" data-ratio=\"1.3333333333333\"> <img decoding=\"async\" class=\"pb-image skip-lazy \" src=\"data:image\/png;base64,iVBORw0KGgoAAAANSUhEUgAAAAEAAAABCAYAAAAfFcSJAAAADUlEQVR42mNkYPhfDwAChwGA60e6kgAAAABJRU5ErkJggg==\" data-pb-source=\"https:\/\/burkhardpuetz-i6psyu9my.live-website.com\/wp-content\/uploads\/2024\/08\/IMG-20220713-WA0028.jpg\" alt=\"Internationales PUERI-CANTORES-Chorfestival 2022 in Florenz | Teilnehmer aus Trier-Heiligkreuz bei einer Besichtigungstour vor dem Dom\"> <noscript><img decoding=\"async\" src=\"https:\/\/burkhardpuetz-i6psyu9my.live-website.com\/wp-content\/uploads\/2024\/08\/IMG-20220713-WA0028.jpg\" alt=\"Internationales PUERI-CANTORES-Chorfestival 2022 in Florenz | Teilnehmer aus Trier-Heiligkreuz bei einer Besichtigungstour vor dem Dom\"><\/noscript> <a class=\"pb-link \" data-magnific=\"gallery-15\" data-caption=\"Internationales PUERI-CANTORES-Chorfestival 2022 in Florenz | Teilnehmer aus Trier-Heiligkreuz bei einer Besichtigungstour vor dem Dom\" rel=\"\" target=\"\" href=\"https:\/\/burkhard-puetz.de\/wp-content\/uploads\/2024\/08\/IMG-20220713-WA0028.jpg\"> <div class=\"pb-overlay\" style=\"\"> <div class=\"pb-caption-bottom\"> <span class=\"pb-description pb-caption-left\" style=\"\">Internationales PUERI-CANTORES-Chorfestival 2022 in Florenz | Teilnehmer aus Trier-Heiligkreuz bei einer Besichtigungstour vor dem Dom<\/span> <\/div> <\/div> <\/a> <\/div> <div class=\"pb-block with-text with-social-or-text pb-landscape pb-width pb-type-image \" style=\"\" data-colspan=\"1\" data-rowspan=\"1\" data-col=\"0\" data-row=\"10\" data-valign=\"center\" data-halign=\"center\" data-type=\"image\" data-ratio=\"1.3333333333333\"> <img decoding=\"async\" class=\"pb-image skip-lazy \" src=\"data:image\/png;base64,iVBORw0KGgoAAAANSUhEUgAAAAEAAAABCAYAAAAfFcSJAAAADUlEQVR42mNkYPhfDwAChwGA60e6kgAAAABJRU5ErkJggg==\" data-pb-source=\"https:\/\/burkhardpuetz-i6psyu9my.live-website.com\/wp-content\/uploads\/2024\/08\/20220714_180722-scaled-1.jpg\" alt=\"Internationales PUERI-CANTORES-Chorfestival 2022 in Florenz | Der Di\u00f6zesanjugendchor Trier bei seinem &#039;Open-Singing-Concert&#039; vor der Basilica di San Lorenzo am 14. Juli 2022\"> <noscript><img decoding=\"async\" src=\"https:\/\/burkhardpuetz-i6psyu9my.live-website.com\/wp-content\/uploads\/2024\/08\/20220714_180722-scaled-1.jpg\" alt=\"Internationales PUERI-CANTORES-Chorfestival 2022 in Florenz | Der Di\u00f6zesanjugendchor Trier bei seinem &#039;Open-Singing-Concert&#039; vor der Basilica di San Lorenzo am 14. Juli 2022\"><\/noscript> <a class=\"pb-link \" data-magnific=\"gallery-15\" data-caption=\"Internationales PUERI-CANTORES-Chorfestival 2022 in Florenz | Der Di\u00f6zesanjugendchor Trier bei seinem 'Open-Singing-Concert' vor der Basilica di San Lorenzo am 14. Juli 2022\" rel=\"\" target=\"\" href=\"https:\/\/burkhard-puetz.de\/wp-content\/uploads\/2024\/08\/20220714_180722-scaled-1.jpg\"> <div class=\"pb-overlay\" style=\"\"> <div class=\"pb-caption-bottom\"> <span class=\"pb-description pb-caption-left\" style=\"\">Internationales PUERI-CANTORES-Chorfestival 2022 in Florenz | Der Di\u00f6zesanjugendchor Trier bei seinem 'Open-Singing-Concert' vor der Basilica di San Lorenzo am 14. Juli 2022<\/span> <\/div> <\/div> <\/a> <\/div> <div class=\"pb-block with-text with-social-or-text pb-landscape pb-width pb-type-image \" style=\"\" data-colspan=\"1\" data-rowspan=\"1\" data-col=\"1\" data-row=\"10\" data-valign=\"center\" data-halign=\"center\" data-type=\"image\" data-ratio=\"1.332361516035\"> <img decoding=\"async\" class=\"pb-image skip-lazy \" src=\"data:image\/png;base64,iVBORw0KGgoAAAANSUhEUgAAAAEAAAABCAYAAAAfFcSJAAAADUlEQVR42mNkYPhfDwAChwGA60e6kgAAAABJRU5ErkJggg==\" data-pb-source=\"https:\/\/burkhardpuetz-i6psyu9my.live-website.com\/wp-content\/uploads\/2024\/08\/20220714_171551.jpg\" alt=\"Internationales PUERI-CANTORES-Chorfestival 2022 in Florenz | Der Di\u00f6zesanjugendchor Trier bei seinem &#039;Open-Singing-Concert&#039; unter der Leitung von Matthias Balzer vor der Basilica di San Lorenzo am 14. Juli 2022\"> <noscript><img decoding=\"async\" src=\"https:\/\/burkhardpuetz-i6psyu9my.live-website.com\/wp-content\/uploads\/2024\/08\/20220714_171551.jpg\" alt=\"Internationales PUERI-CANTORES-Chorfestival 2022 in Florenz | Der Di\u00f6zesanjugendchor Trier bei seinem &#039;Open-Singing-Concert&#039; unter der Leitung von Matthias Balzer vor der Basilica di San Lorenzo am 14. Juli 2022\"><\/noscript> <a class=\"pb-link \" data-magnific=\"gallery-15\" data-caption=\"Internationales PUERI-CANTORES-Chorfestival 2022 in Florenz | Der Di\u00f6zesanjugendchor Trier bei seinem 'Open-Singing-Concert' unter der Leitung von Matthias Balzer vor der Basilica di San Lorenzo am 14. Juli 2022\" rel=\"\" target=\"\" href=\"https:\/\/burkhard-puetz.de\/wp-content\/uploads\/2024\/08\/20220714_171551.jpg\"> <div class=\"pb-overlay\" style=\"\"> <div class=\"pb-caption-bottom\"> <span class=\"pb-description pb-caption-left\" style=\"\">Internationales PUERI-CANTORES-Chorfestival 2022 in Florenz | Der Di\u00f6zesanjugendchor Trier bei seinem 'Open-Singing-Concert' unter der Leitung von Matthias Balzer vor der Basilica di San Lorenzo am 14. Juli 2022<\/span> <\/div> <\/div> <\/a> <\/div> <div class=\"pb-block with-text with-social-or-text pb-landscape pb-width pb-type-image \" style=\"\" data-colspan=\"1\" data-rowspan=\"1\" data-col=\"2\" data-row=\"10\" data-valign=\"center\" data-halign=\"center\" data-type=\"image\" data-ratio=\"1.5007633587786\"> <img decoding=\"async\" class=\"pb-image skip-lazy \" src=\"data:image\/png;base64,iVBORw0KGgoAAAANSUhEUgAAAAEAAAABCAYAAAAfFcSJAAAADUlEQVR42mNkYPhfDwAChwGA60e6kgAAAABJRU5ErkJggg==\" data-pb-source=\"https:\/\/burkhardpuetz-i6psyu9my.live-website.com\/wp-content\/uploads\/2024\/08\/20220714_171551-Kopie.jpg\" alt=\"Internationales PUERI-CANTORES-Chorfestival 2022 in Florenz | Der Di\u00f6zesanjugendchor Trier bei seinem &#039;Open-Singing-Concert&#039; vor der Basilica di San Lorenzo am 14. Juli 2022\"> <noscript><img decoding=\"async\" src=\"https:\/\/burkhardpuetz-i6psyu9my.live-website.com\/wp-content\/uploads\/2024\/08\/20220714_171551-Kopie.jpg\" alt=\"Internationales PUERI-CANTORES-Chorfestival 2022 in Florenz | Der Di\u00f6zesanjugendchor Trier bei seinem &#039;Open-Singing-Concert&#039; vor der Basilica di San Lorenzo am 14. Juli 2022\"><\/noscript> <a class=\"pb-link \" data-magnific=\"gallery-15\" data-caption=\"Internationales PUERI-CANTORES-Chorfestival 2022 in Florenz | Der Di\u00f6zesanjugendchor Trier bei seinem 'Open-Singing-Concert' vor der Basilica di San Lorenzo am 14. Juli 2022\" rel=\"\" target=\"\" href=\"https:\/\/burkhard-puetz.de\/wp-content\/uploads\/2024\/08\/20220714_171551-Kopie.jpg\"> <div class=\"pb-overlay\" style=\"\"> <div class=\"pb-caption-bottom\"> <span class=\"pb-description pb-caption-left\" style=\"\">Internationales PUERI-CANTORES-Chorfestival 2022 in Florenz | Der Di\u00f6zesanjugendchor Trier bei seinem 'Open-Singing-Concert' vor der Basilica di San Lorenzo am 14. Juli 2022<\/span> <\/div> <\/div> <\/a> <\/div> <div class=\"pb-block with-text with-social-or-text pb-landscape pb-width pb-type-image \" style=\"\" data-colspan=\"1\" data-rowspan=\"1\" data-col=\"3\" data-row=\"10\" data-valign=\"center\" data-halign=\"center\" data-type=\"image\" data-ratio=\"1.3333333333333\"> <img decoding=\"async\" class=\"pb-image skip-lazy \" src=\"data:image\/png;base64,iVBORw0KGgoAAAANSUhEUgAAAAEAAAABCAYAAAAfFcSJAAAADUlEQVR42mNkYPhfDwAChwGA60e6kgAAAABJRU5ErkJggg==\" data-pb-source=\"https:\/\/burkhardpuetz-i6psyu9my.live-website.com\/wp-content\/uploads\/2024\/08\/IMG-20220725-WA0056.jpg\" alt=\"Internationales PUERI-CANTORES-Chorfestival 2022 in Florenz | Friedensgebet am 14. Juli 2022 auf der Piazza della Signoria (im Vordergrund Teilnehmer aus Trier-Heiligkreuz)\"> <noscript><img decoding=\"async\" src=\"https:\/\/burkhardpuetz-i6psyu9my.live-website.com\/wp-content\/uploads\/2024\/08\/IMG-20220725-WA0056.jpg\" alt=\"Internationales PUERI-CANTORES-Chorfestival 2022 in Florenz | Friedensgebet am 14. Juli 2022 auf der Piazza della Signoria (im Vordergrund Teilnehmer aus Trier-Heiligkreuz)\"><\/noscript> <a class=\"pb-link \" data-magnific=\"gallery-15\" data-caption=\"Internationales PUERI-CANTORES-Chorfestival 2022 in Florenz | Friedensgebet am 14. Juli 2022 auf der Piazza della Signoria (im Vordergrund Teilnehmer aus Trier-Heiligkreuz)\" rel=\"\" target=\"\" href=\"https:\/\/burkhard-puetz.de\/wp-content\/uploads\/2024\/08\/IMG-20220725-WA0056.jpg\"> <div class=\"pb-overlay\" style=\"\"> <div class=\"pb-caption-bottom\"> <span class=\"pb-description pb-caption-left\" style=\"\">Internationales PUERI-CANTORES-Chorfestival 2022 in Florenz | Friedensgebet am 14. Juli 2022 auf der Piazza della Signoria (im Vordergrund Teilnehmer aus Trier-Heiligkreuz)<\/span> <\/div> <\/div> <\/a> <\/div> <div class=\"pb-block with-text with-social-or-text pb-landscape pb-width pb-type-image \" style=\"\" data-colspan=\"1\" data-rowspan=\"1\" data-col=\"0\" data-row=\"11\" data-valign=\"center\" data-halign=\"center\" data-type=\"image\" data-ratio=\"1.3333333333333\"> <img decoding=\"async\" class=\"pb-image skip-lazy \" src=\"data:image\/png;base64,iVBORw0KGgoAAAANSUhEUgAAAAEAAAABCAYAAAAfFcSJAAAADUlEQVR42mNkYPhfDwAChwGA60e6kgAAAABJRU5ErkJggg==\" data-pb-source=\"https:\/\/burkhardpuetz-i6psyu9my.live-website.com\/wp-content\/uploads\/2024\/08\/IMG-20220717-WA0006.jpg\" alt=\"Internationales PUERI-CANTORES-Chorfestival 2022 in Florenz | Teilnehmer aus Trier-Heiligkreuz bei einer Besichtigungstour\"> <noscript><img decoding=\"async\" src=\"https:\/\/burkhardpuetz-i6psyu9my.live-website.com\/wp-content\/uploads\/2024\/08\/IMG-20220717-WA0006.jpg\" alt=\"Internationales PUERI-CANTORES-Chorfestival 2022 in Florenz | Teilnehmer aus Trier-Heiligkreuz bei einer Besichtigungstour\"><\/noscript> <a class=\"pb-link \" data-magnific=\"gallery-15\" data-caption=\"Internationales PUERI-CANTORES-Chorfestival 2022 in Florenz | Teilnehmer aus Trier-Heiligkreuz bei einer Besichtigungstour\" rel=\"\" target=\"\" href=\"https:\/\/burkhard-puetz.de\/wp-content\/uploads\/2024\/08\/IMG-20220717-WA0006.jpg\"> <div class=\"pb-overlay\" style=\"\"> <div class=\"pb-caption-bottom\"> <span class=\"pb-description pb-caption-left\" style=\"\">Internationales PUERI-CANTORES-Chorfestival 2022 in Florenz | Teilnehmer aus Trier-Heiligkreuz bei einer Besichtigungstour<\/span> <\/div> <\/div> <\/a> <\/div> <div class=\"pb-block with-text with-social-or-text pb-landscape pb-width pb-type-image \" style=\"\" data-colspan=\"1\" data-rowspan=\"1\" data-col=\"1\" data-row=\"11\" data-valign=\"center\" data-halign=\"center\" data-type=\"image\" data-ratio=\"1.5\"> <img decoding=\"async\" class=\"pb-image skip-lazy \" src=\"data:image\/png;base64,iVBORw0KGgoAAAANSUhEUgAAAAEAAAABCAYAAAAfFcSJAAAADUlEQVR42mNkYPhfDwAChwGA60e6kgAAAABJRU5ErkJggg==\" data-pb-source=\"https:\/\/burkhardpuetz-i6psyu9my.live-website.com\/wp-content\/uploads\/2024\/08\/JK2022_Florenz_Tag3-34-scaled-Kopie.jpg\" alt=\"Internationales PUERI-CANTORES-Chorfestival 2022 in Florenz | Messfeier der Ch\u00f6re aus Deutschland am 15. Juli 2022 in der Basilica Santa Croce\"> <noscript><img decoding=\"async\" src=\"https:\/\/burkhardpuetz-i6psyu9my.live-website.com\/wp-content\/uploads\/2024\/08\/JK2022_Florenz_Tag3-34-scaled-Kopie.jpg\" alt=\"Internationales PUERI-CANTORES-Chorfestival 2022 in Florenz | Messfeier der Ch\u00f6re aus Deutschland am 15. Juli 2022 in der Basilica Santa Croce\"><\/noscript> <a class=\"pb-link \" data-magnific=\"gallery-15\" data-caption=\"Internationales PUERI-CANTORES-Chorfestival 2022 in Florenz | Messfeier der Ch\u00f6re aus Deutschland am 15. Juli 2022 in der Basilica Santa Croce\" rel=\"\" target=\"\" href=\"https:\/\/burkhard-puetz.de\/wp-content\/uploads\/2024\/08\/JK2022_Florenz_Tag3-34-scaled-Kopie.jpg\"> <div class=\"pb-overlay\" style=\"\"> <div class=\"pb-caption-bottom\"> <span class=\"pb-description pb-caption-left\" style=\"\">Internationales PUERI-CANTORES-Chorfestival 2022 in Florenz | Messfeier der Ch\u00f6re aus Deutschland am 15. Juli 2022 in der Basilica Santa Croce<\/span> <\/div> <\/div> <\/a> <\/div> <div class=\"pb-block with-text with-social-or-text pb-portrait pb-height pb-type-image \" style=\"\" data-colspan=\"1\" data-rowspan=\"1\" data-col=\"2\" data-row=\"11\" data-valign=\"center\" data-halign=\"center\" data-type=\"image\" data-ratio=\"0.86080586080586\"> <img decoding=\"async\" class=\"pb-image skip-lazy \" src=\"data:image\/png;base64,iVBORw0KGgoAAAANSUhEUgAAAAEAAAABCAYAAAAfFcSJAAAADUlEQVR42mNkYPhfDwAChwGA60e6kgAAAABJRU5ErkJggg==\" data-pb-source=\"https:\/\/burkhardpuetz-i6psyu9my.live-website.com\/wp-content\/uploads\/2024\/08\/IMG-20220717-WA0008.jpg\" alt=\"Internationales PUERI-CANTORES-Chorfestival 2022 in Florenz | Die S\u00e4nger\/innen aus Trier-Heiligkreuz am 15. Juli 2022 nach dem Gottesdienst vor der Basilica Santa Croce\"> <noscript><img decoding=\"async\" src=\"https:\/\/burkhardpuetz-i6psyu9my.live-website.com\/wp-content\/uploads\/2024\/08\/IMG-20220717-WA0008.jpg\" alt=\"Internationales PUERI-CANTORES-Chorfestival 2022 in Florenz | Die S\u00e4nger\/innen aus Trier-Heiligkreuz am 15. Juli 2022 nach dem Gottesdienst vor der Basilica Santa Croce\"><\/noscript> <a class=\"pb-link \" data-magnific=\"gallery-15\" data-caption=\"Internationales PUERI-CANTORES-Chorfestival 2022 in Florenz | Die S\u00e4nger\/innen aus Trier-Heiligkreuz am 15. Juli 2022 nach dem Gottesdienst vor der Basilica Santa Croce\" rel=\"\" target=\"\" href=\"https:\/\/burkhard-puetz.de\/wp-content\/uploads\/2024\/08\/IMG-20220717-WA0008.jpg\"> <div class=\"pb-overlay\" style=\"\"> <div class=\"pb-caption-bottom\"> <span class=\"pb-description pb-caption-left\" style=\"\">Internationales PUERI-CANTORES-Chorfestival 2022 in Florenz | Die S\u00e4nger\/innen aus Trier-Heiligkreuz am 15. Juli 2022 nach dem Gottesdienst vor der Basilica Santa Croce<\/span> <\/div> <\/div> <\/a> <\/div> <div class=\"pb-block with-text with-social-or-text pb-landscape pb-width pb-type-image \" style=\"\" data-colspan=\"1\" data-rowspan=\"1\" data-col=\"3\" data-row=\"11\" data-valign=\"center\" data-halign=\"center\" data-type=\"image\" data-ratio=\"1.5078053259871\"> <img decoding=\"async\" class=\"pb-image skip-lazy \" src=\"data:image\/png;base64,iVBORw0KGgoAAAANSUhEUgAAAAEAAAABCAYAAAAfFcSJAAAADUlEQVR42mNkYPhfDwAChwGA60e6kgAAAABJRU5ErkJggg==\" data-pb-source=\"https:\/\/burkhardpuetz-i6psyu9my.live-website.com\/wp-content\/uploads\/2024\/08\/Florenz2022_Int.Pueri-cantores-Festival-135.jpg\" alt=\"Internationales PUERI-CANTORES-Chorfestival 2022 in Florenz | Der Di\u00f6zesanjugendchor Trier bei seinem Konzert auf der Piazza di Santa Maria Novella am 15. Juli 2022 - mit Bewegung und Tanzeinlagen!\"> <noscript><img decoding=\"async\" src=\"https:\/\/burkhardpuetz-i6psyu9my.live-website.com\/wp-content\/uploads\/2024\/08\/Florenz2022_Int.Pueri-cantores-Festival-135.jpg\" alt=\"Internationales PUERI-CANTORES-Chorfestival 2022 in Florenz | Der Di\u00f6zesanjugendchor Trier bei seinem Konzert auf der Piazza di Santa Maria Novella am 15. Juli 2022 - mit Bewegung und Tanzeinlagen!\"><\/noscript> <a class=\"pb-link \" data-magnific=\"gallery-15\" data-caption=\"Internationales PUERI-CANTORES-Chorfestival 2022 in Florenz | Der Di\u00f6zesanjugendchor Trier bei seinem Konzert auf der Piazza di Santa Maria Novella am 15. Juli 2022 - mit Bewegung und Tanzeinlagen!\" rel=\"\" target=\"\" href=\"https:\/\/burkhard-puetz.de\/wp-content\/uploads\/2024\/08\/Florenz2022_Int.Pueri-cantores-Festival-135.jpg\"> <div class=\"pb-overlay\" style=\"\"> <div class=\"pb-caption-bottom\"> <span class=\"pb-description pb-caption-left\" style=\"\">Internationales PUERI-CANTORES-Chorfestival 2022 in Florenz | Der Di\u00f6zesanjugendchor Trier bei seinem Konzert auf der Piazza di Santa Maria Novella am 15. Juli 2022 - mit Bewegung und Tanzeinlagen!<\/span> <\/div> <\/div> <\/a> <\/div> <div class=\"pb-block with-text with-social-or-text pb-landscape pb-width pb-type-image \" style=\"\" data-colspan=\"1\" data-rowspan=\"1\" data-col=\"0\" data-row=\"12\" data-valign=\"center\" data-halign=\"center\" data-type=\"image\" data-ratio=\"1.6779661016949\"> <img decoding=\"async\" class=\"pb-image skip-lazy \" src=\"data:image\/png;base64,iVBORw0KGgoAAAANSUhEUgAAAAEAAAABCAYAAAAfFcSJAAAADUlEQVR42mNkYPhfDwAChwGA60e6kgAAAABJRU5ErkJggg==\" data-pb-source=\"https:\/\/burkhardpuetz-i6psyu9my.live-website.com\/wp-content\/uploads\/2024\/08\/Florenz2022_Int.Pueri-cantores-Festival-136.jpg\" alt=\"Internationales PUERI-CANTORES-Chorfestival 2022 in Florenz | Der Di\u00f6zesanjugendchor Trier bei seinem Konzert auf der Piazza di Santa Maria Novella am 15. Juli 2022 - mit Bewegung und Tanzeinlagen!\"> <noscript><img decoding=\"async\" src=\"https:\/\/burkhardpuetz-i6psyu9my.live-website.com\/wp-content\/uploads\/2024\/08\/Florenz2022_Int.Pueri-cantores-Festival-136.jpg\" alt=\"Internationales PUERI-CANTORES-Chorfestival 2022 in Florenz | Der Di\u00f6zesanjugendchor Trier bei seinem Konzert auf der Piazza di Santa Maria Novella am 15. Juli 2022 - mit Bewegung und Tanzeinlagen!\"><\/noscript> <a class=\"pb-link \" data-magnific=\"gallery-15\" data-caption=\"Internationales PUERI-CANTORES-Chorfestival 2022 in Florenz | Der Di\u00f6zesanjugendchor Trier bei seinem Konzert auf der Piazza di Santa Maria Novella am 15. Juli 2022 - mit Bewegung und Tanzeinlagen!\" rel=\"\" target=\"\" href=\"https:\/\/burkhard-puetz.de\/wp-content\/uploads\/2024\/08\/Florenz2022_Int.Pueri-cantores-Festival-136.jpg\"> <div class=\"pb-overlay\" style=\"\"> <div class=\"pb-caption-bottom\"> <span class=\"pb-description pb-caption-left\" style=\"\">Internationales PUERI-CANTORES-Chorfestival 2022 in Florenz | Der Di\u00f6zesanjugendchor Trier bei seinem Konzert auf der Piazza di Santa Maria Novella am 15. Juli 2022 - mit Bewegung und Tanzeinlagen!<\/span> <\/div> <\/div> <\/a> <\/div> <div class=\"pb-block with-text with-social-or-text pb-landscape pb-width pb-type-image \" style=\"\" data-colspan=\"1\" data-rowspan=\"1\" data-col=\"1\" data-row=\"12\" data-valign=\"center\" data-halign=\"center\" data-type=\"image\" data-ratio=\"1.7594501718213\"> <img decoding=\"async\" class=\"pb-image skip-lazy \" src=\"data:image\/png;base64,iVBORw0KGgoAAAANSUhEUgAAAAEAAAABCAYAAAAfFcSJAAAADUlEQVR42mNkYPhfDwAChwGA60e6kgAAAABJRU5ErkJggg==\" data-pb-source=\"https:\/\/burkhardpuetz-i6psyu9my.live-website.com\/wp-content\/uploads\/2024\/08\/IMG_0871-scaled-Kopie.jpg\" alt=\"Internationales PUERI-CANTORES-Chorfestival 2022 in Florenz | Offenes Singen des Di\u00f6zesanjugendchors Trier vor der Basilica di San Lorenzo am 15. Juli 2022\"> <noscript><img decoding=\"async\" src=\"https:\/\/burkhardpuetz-i6psyu9my.live-website.com\/wp-content\/uploads\/2024\/08\/IMG_0871-scaled-Kopie.jpg\" alt=\"Internationales PUERI-CANTORES-Chorfestival 2022 in Florenz | Offenes Singen des Di\u00f6zesanjugendchors Trier vor der Basilica di San Lorenzo am 15. Juli 2022\"><\/noscript> <a class=\"pb-link \" data-magnific=\"gallery-15\" data-caption=\"Internationales PUERI-CANTORES-Chorfestival 2022 in Florenz | Offenes Singen des Di\u00f6zesanjugendchors Trier vor der Basilica di San Lorenzo am 15. Juli 2022\" rel=\"\" target=\"\" href=\"https:\/\/burkhard-puetz.de\/wp-content\/uploads\/2024\/08\/IMG_0871-scaled-Kopie.jpg\"> <div class=\"pb-overlay\" style=\"\"> <div class=\"pb-caption-bottom\"> <span class=\"pb-description pb-caption-left\" style=\"\">Internationales PUERI-CANTORES-Chorfestival 2022 in Florenz | Offenes Singen des Di\u00f6zesanjugendchors Trier vor der Basilica di San Lorenzo am 15. Juli 2022<\/span> <\/div> <\/div> <\/a> <\/div> <div class=\"pb-block with-text with-social-or-text pb-landscape pb-width pb-type-image \" style=\"\" data-colspan=\"1\" data-rowspan=\"1\" data-col=\"2\" data-row=\"12\" data-valign=\"center\" data-halign=\"center\" data-type=\"image\" data-ratio=\"1.6042240587695\"> <img decoding=\"async\" class=\"pb-image skip-lazy \" src=\"data:image\/png;base64,iVBORw0KGgoAAAANSUhEUgAAAAEAAAABCAYAAAAfFcSJAAAADUlEQVR42mNkYPhfDwAChwGA60e6kgAAAABJRU5ErkJggg==\" data-pb-source=\"https:\/\/burkhardpuetz-i6psyu9my.live-website.com\/wp-content\/uploads\/2024\/08\/Florenz2022_Int.Pueri-cantores-Festival-80.jpg\" alt=\"Internationales PUERI-CANTORES-Chorfestival 2022 in Florenz | Offenes Singen des Di\u00f6zesanjugendchors Trier vor der Basilica di San Lorenzo am 15. Juli 2022\"> <noscript><img decoding=\"async\" src=\"https:\/\/burkhardpuetz-i6psyu9my.live-website.com\/wp-content\/uploads\/2024\/08\/Florenz2022_Int.Pueri-cantores-Festival-80.jpg\" alt=\"Internationales PUERI-CANTORES-Chorfestival 2022 in Florenz | Offenes Singen des Di\u00f6zesanjugendchors Trier vor der Basilica di San Lorenzo am 15. Juli 2022\"><\/noscript> <a class=\"pb-link \" data-magnific=\"gallery-15\" data-caption=\"Internationales PUERI-CANTORES-Chorfestival 2022 in Florenz | Offenes Singen des Di\u00f6zesanjugendchors Trier vor der Basilica di San Lorenzo am 15. Juli 2022\" rel=\"\" target=\"\" href=\"https:\/\/burkhard-puetz.de\/wp-content\/uploads\/2024\/08\/Florenz2022_Int.Pueri-cantores-Festival-80.jpg\"> <div class=\"pb-overlay\" style=\"\"> <div class=\"pb-caption-bottom\"> <span class=\"pb-description pb-caption-left\" style=\"\">Internationales PUERI-CANTORES-Chorfestival 2022 in Florenz | Offenes Singen des Di\u00f6zesanjugendchors Trier vor der Basilica di San Lorenzo am 15. Juli 2022<\/span> <\/div> <\/div> <\/a> <\/div> <div class=\"pb-block with-text with-social-or-text pb-landscape pb-width pb-type-image \" style=\"\" data-colspan=\"1\" data-rowspan=\"1\" data-col=\"3\" data-row=\"12\" data-valign=\"center\" data-halign=\"center\" data-type=\"image\" data-ratio=\"1.2800734618916\"> <img decoding=\"async\" class=\"pb-image skip-lazy \" src=\"data:image\/png;base64,iVBORw0KGgoAAAANSUhEUgAAAAEAAAABCAYAAAAfFcSJAAAADUlEQVR42mNkYPhfDwAChwGA60e6kgAAAABJRU5ErkJggg==\" data-pb-source=\"https:\/\/burkhardpuetz-i6psyu9my.live-website.com\/wp-content\/uploads\/2024\/08\/Florenz2022_Int.Pueri-cantores-Festival-90.jpg\" alt=\"Internationales PUERI-CANTORES-Chorfestival 2022 in Florenz | Offenes Singen des Di\u00f6zesanjugendchors Trier vor der Basilica di San Lorenzo am 15. Juli 2022\"> <noscript><img decoding=\"async\" src=\"https:\/\/burkhardpuetz-i6psyu9my.live-website.com\/wp-content\/uploads\/2024\/08\/Florenz2022_Int.Pueri-cantores-Festival-90.jpg\" alt=\"Internationales PUERI-CANTORES-Chorfestival 2022 in Florenz | Offenes Singen des Di\u00f6zesanjugendchors Trier vor der Basilica di San Lorenzo am 15. Juli 2022\"><\/noscript> <a class=\"pb-link \" data-magnific=\"gallery-15\" data-caption=\"Internationales PUERI-CANTORES-Chorfestival 2022 in Florenz | Offenes Singen des Di\u00f6zesanjugendchors Trier vor der Basilica di San Lorenzo am 15. Juli 2022\" rel=\"\" target=\"\" href=\"https:\/\/burkhard-puetz.de\/wp-content\/uploads\/2024\/08\/Florenz2022_Int.Pueri-cantores-Festival-90.jpg\"> <div class=\"pb-overlay\" style=\"\"> <div class=\"pb-caption-bottom\"> <span class=\"pb-description pb-caption-left\" style=\"\">Internationales PUERI-CANTORES-Chorfestival 2022 in Florenz | Offenes Singen des Di\u00f6zesanjugendchors Trier vor der Basilica di San Lorenzo am 15. Juli 2022<\/span> <\/div> <\/div> <\/a> <\/div> <div class=\"pb-block with-text with-social-or-text pb-landscape pb-width pb-type-image \" style=\"\" data-colspan=\"1\" data-rowspan=\"1\" data-col=\"0\" data-row=\"13\" data-valign=\"center\" data-halign=\"center\" data-type=\"image\" data-ratio=\"1.0077669902913\"> <img decoding=\"async\" class=\"pb-image skip-lazy \" src=\"data:image\/png;base64,iVBORw0KGgoAAAANSUhEUgAAAAEAAAABCAYAAAAfFcSJAAAADUlEQVR42mNkYPhfDwAChwGA60e6kgAAAABJRU5ErkJggg==\" data-pb-source=\"https:\/\/burkhardpuetz-i6psyu9my.live-website.com\/wp-content\/uploads\/2024\/08\/Florenz2022_Int.Pueri-cantores-Festival-98.jpg\" alt=\"Internationales PUERI-CANTORES-Chorfestival 2022 in Florenz | Offenes Singen des Di\u00f6zesanjugendchors Trier vor der Basilica di San Lorenzo am 15. Juli 2022\"> <noscript><img decoding=\"async\" src=\"https:\/\/burkhardpuetz-i6psyu9my.live-website.com\/wp-content\/uploads\/2024\/08\/Florenz2022_Int.Pueri-cantores-Festival-98.jpg\" alt=\"Internationales PUERI-CANTORES-Chorfestival 2022 in Florenz | Offenes Singen des Di\u00f6zesanjugendchors Trier vor der Basilica di San Lorenzo am 15. Juli 2022\"><\/noscript> <a class=\"pb-link \" data-magnific=\"gallery-15\" data-caption=\"Internationales PUERI-CANTORES-Chorfestival 2022 in Florenz | Offenes Singen des Di\u00f6zesanjugendchors Trier vor der Basilica di San Lorenzo am 15. Juli 2022\" rel=\"\" target=\"\" href=\"https:\/\/burkhard-puetz.de\/wp-content\/uploads\/2024\/08\/Florenz2022_Int.Pueri-cantores-Festival-98.jpg\"> <div class=\"pb-overlay\" style=\"\"> <div class=\"pb-caption-bottom\"> <span class=\"pb-description pb-caption-left\" style=\"\">Internationales PUERI-CANTORES-Chorfestival 2022 in Florenz | Offenes Singen des Di\u00f6zesanjugendchors Trier vor der Basilica di San Lorenzo am 15. Juli 2022<\/span> <\/div> <\/div> <\/a> <\/div> <div class=\"pb-block with-text with-social-or-text pb-landscape pb-width pb-type-image \" style=\"\" data-colspan=\"1\" data-rowspan=\"1\" data-col=\"1\" data-row=\"13\" data-valign=\"center\" data-halign=\"center\" data-type=\"image\" data-ratio=\"1.7146684527796\"> <img decoding=\"async\" class=\"pb-image skip-lazy \" src=\"data:image\/png;base64,iVBORw0KGgoAAAANSUhEUgAAAAEAAAABCAYAAAAfFcSJAAAADUlEQVR42mNkYPhfDwAChwGA60e6kgAAAABJRU5ErkJggg==\" data-pb-source=\"https:\/\/burkhardpuetz-i6psyu9my.live-website.com\/wp-content\/uploads\/2024\/08\/IMG_0887-scaled-Kopie.jpg\" alt=\"Internationales PUERI-CANTORES-Chorfestival 2022 in Florenz | Offenes Singen des Di\u00f6zesanjugendchors Trier vor der Basilica di San Lorenzo am 15. Juli 2022\"> <noscript><img decoding=\"async\" src=\"https:\/\/burkhardpuetz-i6psyu9my.live-website.com\/wp-content\/uploads\/2024\/08\/IMG_0887-scaled-Kopie.jpg\" alt=\"Internationales PUERI-CANTORES-Chorfestival 2022 in Florenz | Offenes Singen des Di\u00f6zesanjugendchors Trier vor der Basilica di San Lorenzo am 15. Juli 2022\"><\/noscript> <a class=\"pb-link \" data-magnific=\"gallery-15\" data-caption=\"Internationales PUERI-CANTORES-Chorfestival 2022 in Florenz | Offenes Singen des Di\u00f6zesanjugendchors Trier vor der Basilica di San Lorenzo am 15. Juli 2022\" rel=\"\" target=\"\" href=\"https:\/\/burkhard-puetz.de\/wp-content\/uploads\/2024\/08\/IMG_0887-scaled-Kopie.jpg\"> <div class=\"pb-overlay\" style=\"\"> <div class=\"pb-caption-bottom\"> <span class=\"pb-description pb-caption-left\" style=\"\">Internationales PUERI-CANTORES-Chorfestival 2022 in Florenz | Offenes Singen des Di\u00f6zesanjugendchors Trier vor der Basilica di San Lorenzo am 15. Juli 2022<\/span> <\/div> <\/div> <\/a> <\/div> <div class=\"pb-block with-text with-social-or-text pb-landscape pb-width pb-type-image \" style=\"\" data-colspan=\"1\" data-rowspan=\"1\" data-col=\"2\" data-row=\"13\" data-valign=\"center\" data-halign=\"center\" data-type=\"image\" data-ratio=\"2.1709633649932\"> <img decoding=\"async\" class=\"pb-image skip-lazy \" src=\"data:image\/png;base64,iVBORw0KGgoAAAANSUhEUgAAAAEAAAABCAYAAAAfFcSJAAAADUlEQVR42mNkYPhfDwAChwGA60e6kgAAAABJRU5ErkJggg==\" data-pb-source=\"https:\/\/burkhardpuetz-i6psyu9my.live-website.com\/wp-content\/uploads\/2024\/08\/IMG-20220716-WA0018.jpg\" alt=\"Internationales PUERI-CANTORES-Chorfestival 2022 in Florenz | Teilnehmer aus Trier-Heiligkreuz bei einer Besichtigungstour am 16. Juli 2022\"> <noscript><img decoding=\"async\" src=\"https:\/\/burkhardpuetz-i6psyu9my.live-website.com\/wp-content\/uploads\/2024\/08\/IMG-20220716-WA0018.jpg\" alt=\"Internationales PUERI-CANTORES-Chorfestival 2022 in Florenz | Teilnehmer aus Trier-Heiligkreuz bei einer Besichtigungstour am 16. Juli 2022\"><\/noscript> <a class=\"pb-link \" data-magnific=\"gallery-15\" data-caption=\"Internationales PUERI-CANTORES-Chorfestival 2022 in Florenz | Teilnehmer aus Trier-Heiligkreuz bei einer Besichtigungstour am 16. Juli 2022\" rel=\"\" target=\"\" href=\"https:\/\/burkhard-puetz.de\/wp-content\/uploads\/2024\/08\/IMG-20220716-WA0018.jpg\"> <div class=\"pb-overlay\" style=\"\"> <div class=\"pb-caption-bottom\"> <span class=\"pb-description pb-caption-left\" style=\"\">Internationales PUERI-CANTORES-Chorfestival 2022 in Florenz | Teilnehmer aus Trier-Heiligkreuz bei einer Besichtigungstour am 16. Juli 2022<\/span> <\/div> <\/div> <\/a> <\/div> <div class=\"pb-block with-text with-social-or-text pb-landscape pb-width pb-type-image \" style=\"\" data-colspan=\"1\" data-rowspan=\"1\" data-col=\"3\" data-row=\"13\" data-valign=\"center\" data-halign=\"center\" data-type=\"image\" data-ratio=\"1.3333333333333\"> <img decoding=\"async\" class=\"pb-image skip-lazy \" src=\"data:image\/png;base64,iVBORw0KGgoAAAANSUhEUgAAAAEAAAABCAYAAAAfFcSJAAAADUlEQVR42mNkYPhfDwAChwGA60e6kgAAAABJRU5ErkJggg==\" data-pb-source=\"https:\/\/burkhardpuetz-i6psyu9my.live-website.com\/wp-content\/uploads\/2024\/08\/IMG-20220725-WA0043.jpg\" alt=\"Internationales PUERI-CANTORES-Chorfestival 2022 in Florenz | Gute Stimmung und Gesang auch auf der Heimfahrt am 17. Juli 2022\"> <noscript><img decoding=\"async\" src=\"https:\/\/burkhardpuetz-i6psyu9my.live-website.com\/wp-content\/uploads\/2024\/08\/IMG-20220725-WA0043.jpg\" alt=\"Internationales PUERI-CANTORES-Chorfestival 2022 in Florenz | Gute Stimmung und Gesang auch auf der Heimfahrt am 17. Juli 2022\"><\/noscript> <a class=\"pb-link \" data-magnific=\"gallery-15\" data-caption=\"Internationales PUERI-CANTORES-Chorfestival 2022 in Florenz | Gute Stimmung und Gesang auch auf der Heimfahrt am 17. Juli 2022\" rel=\"\" target=\"\" href=\"https:\/\/burkhard-puetz.de\/wp-content\/uploads\/2024\/08\/IMG-20220725-WA0043.jpg\"> <div class=\"pb-overlay\" style=\"\"> <div class=\"pb-caption-bottom\"> <span class=\"pb-description pb-caption-left\" style=\"\">Internationales PUERI-CANTORES-Chorfestival 2022 in Florenz | Gute Stimmung und Gesang auch auf der Heimfahrt am 17. Juli 2022<\/span> <\/div> <\/div> <\/a> <\/div> <div class=\"pb-block with-text with-social-or-text pb-portrait pb-height pb-type-image \" style=\"\" data-colspan=\"1\" data-rowspan=\"1\" data-col=\"0\" data-row=\"14\" data-valign=\"center\" data-halign=\"center\" data-type=\"image\" data-ratio=\"0.75\"> <img decoding=\"async\" class=\"pb-image skip-lazy \" src=\"data:image\/png;base64,iVBORw0KGgoAAAANSUhEUgAAAAEAAAABCAYAAAAfFcSJAAAADUlEQVR42mNkYPhfDwAChwGA60e6kgAAAABJRU5ErkJggg==\" data-pb-source=\"https:\/\/burkhardpuetz-i6psyu9my.live-website.com\/wp-content\/uploads\/2024\/08\/IMG-20220515-WA0012.jpg\" alt=\"Gro\u00dfe Begeisterung der zahlreichen Besucher des Konzertes zum Orgeljubil\u00e4um mit David Cassan aus Paris am 15. Mai 2022 in Trier-Heiligkreuz\"> <noscript><img decoding=\"async\" src=\"https:\/\/burkhardpuetz-i6psyu9my.live-website.com\/wp-content\/uploads\/2024\/08\/IMG-20220515-WA0012.jpg\" alt=\"Gro\u00dfe Begeisterung der zahlreichen Besucher des Konzertes zum Orgeljubil\u00e4um mit David Cassan aus Paris am 15. Mai 2022 in Trier-Heiligkreuz\"><\/noscript> <a class=\"pb-link \" data-magnific=\"gallery-15\" data-caption=\"Gro\u00dfe Begeisterung der zahlreichen Besucher des Konzertes zum Orgeljubil\u00e4um mit David Cassan aus Paris am 15. Mai 2022 in Trier-Heiligkreuz\" rel=\"\" target=\"\" href=\"https:\/\/burkhard-puetz.de\/wp-content\/uploads\/2024\/08\/IMG-20220515-WA0012.jpg\"> <div class=\"pb-overlay\" style=\"\"> <div class=\"pb-caption-bottom\"> <span class=\"pb-description pb-caption-left\" style=\"\">Gro\u00dfe Begeisterung der zahlreichen Besucher des Konzertes zum Orgeljubil\u00e4um mit David Cassan aus Paris am 15. Mai 2022 in Trier-Heiligkreuz<\/span> <\/div> <\/div> <\/a> <\/div> <div class=\"pb-block with-text with-social-or-text pb-landscape pb-width pb-type-image \" style=\"\" data-colspan=\"1\" data-rowspan=\"1\" data-col=\"1\" data-row=\"14\" data-valign=\"center\" data-halign=\"center\" data-type=\"image\" data-ratio=\"1.3333333333333\"> <img decoding=\"async\" class=\"pb-image skip-lazy \" src=\"data:image\/png;base64,iVBORw0KGgoAAAANSUhEUgAAAAEAAAABCAYAAAAfFcSJAAAADUlEQVR42mNkYPhfDwAChwGA60e6kgAAAABJRU5ErkJggg==\" data-pb-source=\"https:\/\/burkhardpuetz-i6psyu9my.live-website.com\/wp-content\/uploads\/2024\/08\/IMG-20220515-WA0015.jpg\" alt=\"Gro\u00dfe Begeisterung der zahlreichen Besucher des Konzertes zum Orgeljubil\u00e4um mit David Cassan aus Paris am 15. Mai 2022 in Trier-Heiligkreuz\"> <noscript><img decoding=\"async\" src=\"https:\/\/burkhardpuetz-i6psyu9my.live-website.com\/wp-content\/uploads\/2024\/08\/IMG-20220515-WA0015.jpg\" alt=\"Gro\u00dfe Begeisterung der zahlreichen Besucher des Konzertes zum Orgeljubil\u00e4um mit David Cassan aus Paris am 15. Mai 2022 in Trier-Heiligkreuz\"><\/noscript> <a class=\"pb-link \" data-magnific=\"gallery-15\" data-caption=\"Gro\u00dfe Begeisterung der zahlreichen Besucher des Konzertes zum Orgeljubil\u00e4um mit David Cassan aus Paris am 15. Mai 2022 in Trier-Heiligkreuz\" rel=\"\" target=\"\" href=\"https:\/\/burkhard-puetz.de\/wp-content\/uploads\/2024\/08\/IMG-20220515-WA0015.jpg\"> <div class=\"pb-overlay\" style=\"\"> <div class=\"pb-caption-bottom\"> <span class=\"pb-description pb-caption-left\" style=\"\">Gro\u00dfe Begeisterung der zahlreichen Besucher des Konzertes zum Orgeljubil\u00e4um mit David Cassan aus Paris am 15. Mai 2022 in Trier-Heiligkreuz<\/span> <\/div> <\/div> <\/a> <\/div> <div class=\"pb-block with-text with-social-or-text pb-portrait pb-height pb-type-image \" style=\"\" data-colspan=\"1\" data-rowspan=\"1\" data-col=\"2\" data-row=\"14\" data-valign=\"center\" data-halign=\"center\" data-type=\"image\" data-ratio=\"0.75\"> <img decoding=\"async\" class=\"pb-image skip-lazy \" src=\"data:image\/png;base64,iVBORw0KGgoAAAANSUhEUgAAAAEAAAABCAYAAAAfFcSJAAAADUlEQVR42mNkYPhfDwAChwGA60e6kgAAAABJRU5ErkJggg==\" data-pb-source=\"https:\/\/burkhardpuetz-i6psyu9my.live-website.com\/wp-content\/uploads\/2024\/08\/IMG-20220515-WA0014.jpg\" alt=\"Gro\u00dfe Begeisterung der zahlreichen Besucher des Konzertes zum Orgeljubil\u00e4um mit David Cassan aus Paris am 15. Mai 2022 in Trier-Heiligkreuz\"> <noscript><img decoding=\"async\" src=\"https:\/\/burkhardpuetz-i6psyu9my.live-website.com\/wp-content\/uploads\/2024\/08\/IMG-20220515-WA0014.jpg\" alt=\"Gro\u00dfe Begeisterung der zahlreichen Besucher des Konzertes zum Orgeljubil\u00e4um mit David Cassan aus Paris am 15. Mai 2022 in Trier-Heiligkreuz\"><\/noscript> <a class=\"pb-link \" data-magnific=\"gallery-15\" data-caption=\"Gro\u00dfe Begeisterung der zahlreichen Besucher des Konzertes zum Orgeljubil\u00e4um mit David Cassan aus Paris am 15. Mai 2022 in Trier-Heiligkreuz\" rel=\"\" target=\"\" href=\"https:\/\/burkhard-puetz.de\/wp-content\/uploads\/2024\/08\/IMG-20220515-WA0014.jpg\"> <div class=\"pb-overlay\" style=\"\"> <div class=\"pb-caption-bottom\"> <span class=\"pb-description pb-caption-left\" style=\"\">Gro\u00dfe Begeisterung der zahlreichen Besucher des Konzertes zum Orgeljubil\u00e4um mit David Cassan aus Paris am 15. Mai 2022 in Trier-Heiligkreuz<\/span> <\/div> <\/div> <\/a> <\/div> <div class=\"pb-block with-text with-social-or-text pb-landscape pb-width pb-type-image \" style=\"\" data-colspan=\"1\" data-rowspan=\"1\" data-col=\"3\" data-row=\"14\" data-valign=\"center\" data-halign=\"center\" data-type=\"image\" data-ratio=\"1.3495286439449\"> <img decoding=\"async\" class=\"pb-image skip-lazy \" src=\"data:image\/png;base64,iVBORw0KGgoAAAANSUhEUgAAAAEAAAABCAYAAAAfFcSJAAAADUlEQVR42mNkYPhfDwAChwGA60e6kgAAAABJRU5ErkJggg==\" data-pb-source=\"https:\/\/burkhardpuetz-i6psyu9my.live-website.com\/wp-content\/uploads\/2024\/08\/IMG-20220424-WA0001.jpg\" alt=\"Die Jungenschola des Kinder- und Jugendchores Heiligkreuz w\u00e4hrend der Erstkommunionfeier am Sonntag, 24. April 2022 in der Trierer Pfarrkirche Heiligkreuz\"> <noscript><img decoding=\"async\" src=\"https:\/\/burkhardpuetz-i6psyu9my.live-website.com\/wp-content\/uploads\/2024\/08\/IMG-20220424-WA0001.jpg\" alt=\"Die Jungenschola des Kinder- und Jugendchores Heiligkreuz w\u00e4hrend der Erstkommunionfeier am Sonntag, 24. April 2022 in der Trierer Pfarrkirche Heiligkreuz\"><\/noscript> <a class=\"pb-link \" data-magnific=\"gallery-15\" data-caption=\"Die Jungenschola des Kinder- und Jugendchores Heiligkreuz w\u00e4hrend der Erstkommunionfeier am Sonntag, 24. April 2022 in der Trierer Pfarrkirche Heiligkreuz\" rel=\"\" target=\"\" href=\"https:\/\/burkhard-puetz.de\/wp-content\/uploads\/2024\/08\/IMG-20220424-WA0001.jpg\"> <div class=\"pb-overlay\" style=\"\"> <div class=\"pb-caption-bottom\"> <span class=\"pb-description pb-caption-left\" style=\"\">Die Jungenschola des Kinder- und Jugendchores Heiligkreuz w\u00e4hrend der Erstkommunionfeier am Sonntag, 24. April 2022 in der Trierer Pfarrkirche Heiligkreuz<\/span> <\/div> <\/div> <\/a> <\/div> <div class=\"pb-block with-text with-social-or-text pb-landscape pb-width pb-type-image \" style=\"\" data-colspan=\"1\" data-rowspan=\"1\" data-col=\"0\" data-row=\"15\" data-valign=\"center\" data-halign=\"center\" data-type=\"image\" data-ratio=\"1.7285067873303\"> <img decoding=\"async\" class=\"pb-image skip-lazy \" src=\"data:image\/png;base64,iVBORw0KGgoAAAANSUhEUgAAAAEAAAABCAYAAAAfFcSJAAAADUlEQVR42mNkYPhfDwAChwGA60e6kgAAAABJRU5ErkJggg==\" data-pb-source=\"https:\/\/burkhardpuetz-i6psyu9my.live-website.com\/wp-content\/uploads\/2024\/08\/IMG-20220327-WA0010.jpg\" alt=\"Der Kinder- und Jugendchor Heiligkreuz (A-Chor) vor dem Hochamt am 4. Fastensonntag (Laetare), 27. M\u00e4rz 2022 in der Pfarrkirche St. Maternus | Chorwerke von Gottfried August Homilius, Malcolm Archer, Klaus-Ewald Fischbach, Martin Schomaker, Robert Sund u. a.\"> <noscript><img decoding=\"async\" src=\"https:\/\/burkhardpuetz-i6psyu9my.live-website.com\/wp-content\/uploads\/2024\/08\/IMG-20220327-WA0010.jpg\" alt=\"Der Kinder- und Jugendchor Heiligkreuz (A-Chor) vor dem Hochamt am 4. Fastensonntag (Laetare), 27. M\u00e4rz 2022 in der Pfarrkirche St. Maternus | Chorwerke von Gottfried August Homilius, Malcolm Archer, Klaus-Ewald Fischbach, Martin Schomaker, Robert Sund u. a.\"><\/noscript> <a class=\"pb-link \" data-magnific=\"gallery-15\" data-caption=\"Der Kinder- und Jugendchor Heiligkreuz (A-Chor) vor dem Hochamt am 4. Fastensonntag (Laetare), 27. M\u00e4rz 2022 in der Pfarrkirche St. Maternus | Chorwerke von Gottfried August Homilius, Malcolm Archer, Klaus-Ewald Fischbach, Martin Schomaker, Robert Sund u. a.\" rel=\"\" target=\"\" href=\"https:\/\/burkhard-puetz.de\/wp-content\/uploads\/2024\/08\/IMG-20220327-WA0010.jpg\"> <div class=\"pb-overlay\" style=\"\"> <div class=\"pb-caption-bottom\"> <span class=\"pb-description pb-caption-left\" style=\"\">Der Kinder- und Jugendchor Heiligkreuz (A-Chor) vor dem Hochamt am 4. Fastensonntag (Laetare), 27. M\u00e4rz 2022 in der Pfarrkirche St. Maternus | Chorwerke von Gottfried August Homilius, Malcolm Archer, Klaus-Ewald Fischbach, Martin Schomaker, Robert Sund u. a.<\/span> <\/div> <\/div> <\/a> <\/div> <div class=\"pb-block with-text with-social-or-text pb-portrait pb-height pb-type-image \" style=\"\" data-colspan=\"1\" data-rowspan=\"1\" data-col=\"1\" data-row=\"15\" data-valign=\"center\" data-halign=\"center\" data-type=\"image\" data-ratio=\"0.96801346801347\"> <img decoding=\"async\" class=\"pb-image skip-lazy \" src=\"data:image\/png;base64,iVBORw0KGgoAAAANSUhEUgAAAAEAAAABCAYAAAAfFcSJAAAADUlEQVR42mNkYPhfDwAChwGA60e6kgAAAABJRU5ErkJggg==\" data-pb-source=\"https:\/\/burkhardpuetz-i6psyu9my.live-website.com\/wp-content\/uploads\/2024\/08\/IMG-20220327-WA0018.jpg\" alt=\"Der Kinder- und Jugendchor Heiligkreuz (A-Chor) vor dem Hochamt am 4. Fastensonntag (Laetare), 27. M\u00e4rz 2022 in der Pfarrkirche St. Maternus | Chorwerke von Gottfried August Homilius, Malcolm Archer, Klaus-Ewald Fischbach, Martin Schomaker, Robert Sund u. a.\"> <noscript><img decoding=\"async\" src=\"https:\/\/burkhardpuetz-i6psyu9my.live-website.com\/wp-content\/uploads\/2024\/08\/IMG-20220327-WA0018.jpg\" alt=\"Der Kinder- und Jugendchor Heiligkreuz (A-Chor) vor dem Hochamt am 4. Fastensonntag (Laetare), 27. M\u00e4rz 2022 in der Pfarrkirche St. Maternus | Chorwerke von Gottfried August Homilius, Malcolm Archer, Klaus-Ewald Fischbach, Martin Schomaker, Robert Sund u. a.\"><\/noscript> <a class=\"pb-link \" data-magnific=\"gallery-15\" data-caption=\"Der Kinder- und Jugendchor Heiligkreuz (A-Chor) vor dem Hochamt am 4. Fastensonntag (Laetare), 27. M\u00e4rz 2022 in der Pfarrkirche St. Maternus | Chorwerke von Gottfried August Homilius, Malcolm Archer, Klaus-Ewald Fischbach, Martin Schomaker, Robert Sund u. a.\" rel=\"\" target=\"\" href=\"https:\/\/burkhard-puetz.de\/wp-content\/uploads\/2024\/08\/IMG-20220327-WA0018.jpg\"> <div class=\"pb-overlay\" style=\"\"> <div class=\"pb-caption-bottom\"> <span class=\"pb-description pb-caption-left\" style=\"\">Der Kinder- und Jugendchor Heiligkreuz (A-Chor) vor dem Hochamt am 4. Fastensonntag (Laetare), 27. M\u00e4rz 2022 in der Pfarrkirche St. Maternus | Chorwerke von Gottfried August Homilius, Malcolm Archer, Klaus-Ewald Fischbach, Martin Schomaker, Robert Sund u. a.<\/span> <\/div> <\/div> <\/a> <\/div> <div class=\"pb-block with-text with-social-or-text pb-landscape pb-width pb-type-image \" style=\"\" data-colspan=\"1\" data-rowspan=\"1\" data-col=\"2\" data-row=\"15\" data-valign=\"center\" data-halign=\"center\" data-type=\"image\" data-ratio=\"1.0188425302826\"> <img decoding=\"async\" class=\"pb-image skip-lazy \" src=\"data:image\/png;base64,iVBORw0KGgoAAAANSUhEUgAAAAEAAAABCAYAAAAfFcSJAAAADUlEQVR42mNkYPhfDwAChwGA60e6kgAAAABJRU5ErkJggg==\" data-pb-source=\"https:\/\/burkhardpuetz-i6psyu9my.live-website.com\/wp-content\/uploads\/2024\/08\/IMG-20220327-WA0017.jpg\" alt=\"Der Kinder- und Jugendchor Heiligkreuz (A-Chor) vor dem Hochamt am 4. Fastensonntag (Laetare), 27. M\u00e4rz 2022 in der Pfarrkirche St. Maternus | Chorwerke von Gottfried August Homilius, Malcolm Archer, Klaus-Ewald Fischbach, Martin Schomaker, Robert Sund u. a.\"> <noscript><img decoding=\"async\" src=\"https:\/\/burkhardpuetz-i6psyu9my.live-website.com\/wp-content\/uploads\/2024\/08\/IMG-20220327-WA0017.jpg\" alt=\"Der Kinder- und Jugendchor Heiligkreuz (A-Chor) vor dem Hochamt am 4. Fastensonntag (Laetare), 27. M\u00e4rz 2022 in der Pfarrkirche St. Maternus | Chorwerke von Gottfried August Homilius, Malcolm Archer, Klaus-Ewald Fischbach, Martin Schomaker, Robert Sund u. a.\"><\/noscript> <a class=\"pb-link \" data-magnific=\"gallery-15\" data-caption=\"Der Kinder- und Jugendchor Heiligkreuz (A-Chor) vor dem Hochamt am 4. Fastensonntag (Laetare), 27. M\u00e4rz 2022 in der Pfarrkirche St. Maternus | Chorwerke von Gottfried August Homilius, Malcolm Archer, Klaus-Ewald Fischbach, Martin Schomaker, Robert Sund u. a.\" rel=\"\" target=\"\" href=\"https:\/\/burkhard-puetz.de\/wp-content\/uploads\/2024\/08\/IMG-20220327-WA0017.jpg\"> <div class=\"pb-overlay\" style=\"\"> <div class=\"pb-caption-bottom\"> <span class=\"pb-description pb-caption-left\" style=\"\">Der Kinder- und Jugendchor Heiligkreuz (A-Chor) vor dem Hochamt am 4. Fastensonntag (Laetare), 27. M\u00e4rz 2022 in der Pfarrkirche St. Maternus | Chorwerke von Gottfried August Homilius, Malcolm Archer, Klaus-Ewald Fischbach, Martin Schomaker, Robert Sund u. a.<\/span> <\/div> <\/div> <\/a> <\/div> <div class=\"pb-block with-text with-social-or-text pb-portrait pb-height pb-type-image \" style=\"\" data-colspan=\"1\" data-rowspan=\"1\" data-col=\"3\" data-row=\"15\" data-valign=\"center\" data-halign=\"center\" data-type=\"image\" data-ratio=\"0.98646820027064\"> <img decoding=\"async\" class=\"pb-image skip-lazy \" src=\"data:image\/png;base64,iVBORw0KGgoAAAANSUhEUgAAAAEAAAABCAYAAAAfFcSJAAAADUlEQVR42mNkYPhfDwAChwGA60e6kgAAAABJRU5ErkJggg==\" data-pb-source=\"https:\/\/burkhardpuetz-i6psyu9my.live-website.com\/wp-content\/uploads\/2024\/08\/IMG-20220327-WA0016.jpg\" alt=\"Der Kinder- und Jugendchor Heiligkreuz (A-Chor) vor dem Hochamt am 4. Fastensonntag (Laetare), 27. M\u00e4rz 2022 in der Pfarrkirche St. Maternus | Chorwerke von Gottfried August Homilius, Malcolm Archer, Klaus-Ewald Fischbach, Martin Schomaker, Robert Sund u. a.\"> <noscript><img decoding=\"async\" src=\"https:\/\/burkhardpuetz-i6psyu9my.live-website.com\/wp-content\/uploads\/2024\/08\/IMG-20220327-WA0016.jpg\" alt=\"Der Kinder- und Jugendchor Heiligkreuz (A-Chor) vor dem Hochamt am 4. Fastensonntag (Laetare), 27. M\u00e4rz 2022 in der Pfarrkirche St. Maternus | Chorwerke von Gottfried August Homilius, Malcolm Archer, Klaus-Ewald Fischbach, Martin Schomaker, Robert Sund u. a.\"><\/noscript> <a class=\"pb-link \" data-magnific=\"gallery-15\" data-caption=\"Der Kinder- und Jugendchor Heiligkreuz (A-Chor) vor dem Hochamt am 4. Fastensonntag (Laetare), 27. M\u00e4rz 2022 in der Pfarrkirche St. Maternus | Chorwerke von Gottfried August Homilius, Malcolm Archer, Klaus-Ewald Fischbach, Martin Schomaker, Robert Sund u. a.\" rel=\"\" target=\"\" href=\"https:\/\/burkhard-puetz.de\/wp-content\/uploads\/2024\/08\/IMG-20220327-WA0016.jpg\"> <div class=\"pb-overlay\" style=\"\"> <div class=\"pb-caption-bottom\"> <span class=\"pb-description pb-caption-left\" style=\"\">Der Kinder- und Jugendchor Heiligkreuz (A-Chor) vor dem Hochamt am 4. Fastensonntag (Laetare), 27. M\u00e4rz 2022 in der Pfarrkirche St. Maternus | Chorwerke von Gottfried August Homilius, Malcolm Archer, Klaus-Ewald Fischbach, Martin Schomaker, Robert Sund u. a.<\/span> <\/div> <\/div> <\/a> <\/div> <div class=\"pb-block with-text with-social-or-text pb-landscape pb-width pb-type-image \" style=\"\" data-colspan=\"1\" data-rowspan=\"1\" data-col=\"0\" data-row=\"16\" data-valign=\"center\" data-halign=\"center\" data-type=\"image\" data-ratio=\"1.0363636363636\"> <img decoding=\"async\" class=\"pb-image skip-lazy \" src=\"data:image\/png;base64,iVBORw0KGgoAAAANSUhEUgAAAAEAAAABCAYAAAAfFcSJAAAADUlEQVR42mNkYPhfDwAChwGA60e6kgAAAABJRU5ErkJggg==\" data-pb-source=\"https:\/\/burkhardpuetz-i6psyu9my.live-website.com\/wp-content\/uploads\/2024\/08\/IMG-20220327-WA0015.jpg\" alt=\"Der Kinder- und Jugendchor Heiligkreuz (A-Chor) vor dem Hochamt am 4. Fastensonntag (Laetare), 27. M\u00e4rz 2022 in der Pfarrkirche St. Maternus | Chorwerke von Gottfried August Homilius, Malcolm Archer, Klaus-Ewald Fischbach, Martin Schomaker, Robert Sund u. a.\"> <noscript><img decoding=\"async\" src=\"https:\/\/burkhardpuetz-i6psyu9my.live-website.com\/wp-content\/uploads\/2024\/08\/IMG-20220327-WA0015.jpg\" alt=\"Der Kinder- und Jugendchor Heiligkreuz (A-Chor) vor dem Hochamt am 4. Fastensonntag (Laetare), 27. M\u00e4rz 2022 in der Pfarrkirche St. Maternus | Chorwerke von Gottfried August Homilius, Malcolm Archer, Klaus-Ewald Fischbach, Martin Schomaker, Robert Sund u. a.\"><\/noscript> <a class=\"pb-link \" data-magnific=\"gallery-15\" data-caption=\"Der Kinder- und Jugendchor Heiligkreuz (A-Chor) vor dem Hochamt am 4. Fastensonntag (Laetare), 27. M\u00e4rz 2022 in der Pfarrkirche St. Maternus | Chorwerke von Gottfried August Homilius, Malcolm Archer, Klaus-Ewald Fischbach, Martin Schomaker, Robert Sund u. a.\" rel=\"\" target=\"\" href=\"https:\/\/burkhard-puetz.de\/wp-content\/uploads\/2024\/08\/IMG-20220327-WA0015.jpg\"> <div class=\"pb-overlay\" style=\"\"> <div class=\"pb-caption-bottom\"> <span class=\"pb-description pb-caption-left\" style=\"\">Der Kinder- und Jugendchor Heiligkreuz (A-Chor) vor dem Hochamt am 4. Fastensonntag (Laetare), 27. M\u00e4rz 2022 in der Pfarrkirche St. Maternus | Chorwerke von Gottfried August Homilius, Malcolm Archer, Klaus-Ewald Fischbach, Martin Schomaker, Robert Sund u. a.<\/span> <\/div> <\/div> <\/a> <\/div> <div class=\"pb-block with-text with-social-or-text pb-landscape pb-width pb-type-image \" style=\"\" data-colspan=\"1\" data-rowspan=\"1\" data-col=\"1\" data-row=\"16\" data-valign=\"center\" data-halign=\"center\" data-type=\"image\" data-ratio=\"1.1920122887865\"> <img decoding=\"async\" class=\"pb-image skip-lazy \" src=\"data:image\/png;base64,iVBORw0KGgoAAAANSUhEUgAAAAEAAAABCAYAAAAfFcSJAAAADUlEQVR42mNkYPhfDwAChwGA60e6kgAAAABJRU5ErkJggg==\" data-pb-source=\"https:\/\/burkhardpuetz-i6psyu9my.live-website.com\/wp-content\/uploads\/2024\/08\/IMG-20220327-WA0014.jpg\" alt=\"Der Kinder- und Jugendchor Heiligkreuz (A-Chor) vor dem Hochamt am 4. Fastensonntag (Laetare), 27. M\u00e4rz 2022 in der Pfarrkirche St. Maternus | Chorwerke von Gottfried August Homilius, Malcolm Archer, Klaus-Ewald Fischbach, Martin Schomaker, Robert Sund u. a.\"> <noscript><img decoding=\"async\" src=\"https:\/\/burkhardpuetz-i6psyu9my.live-website.com\/wp-content\/uploads\/2024\/08\/IMG-20220327-WA0014.jpg\" alt=\"Der Kinder- und Jugendchor Heiligkreuz (A-Chor) vor dem Hochamt am 4. Fastensonntag (Laetare), 27. M\u00e4rz 2022 in der Pfarrkirche St. Maternus | Chorwerke von Gottfried August Homilius, Malcolm Archer, Klaus-Ewald Fischbach, Martin Schomaker, Robert Sund u. a.\"><\/noscript> <a class=\"pb-link \" data-magnific=\"gallery-15\" data-caption=\"Der Kinder- und Jugendchor Heiligkreuz (A-Chor) vor dem Hochamt am 4. Fastensonntag (Laetare), 27. M\u00e4rz 2022 in der Pfarrkirche St. Maternus | Chorwerke von Gottfried August Homilius, Malcolm Archer, Klaus-Ewald Fischbach, Martin Schomaker, Robert Sund u. a.\" rel=\"\" target=\"\" href=\"https:\/\/burkhard-puetz.de\/wp-content\/uploads\/2024\/08\/IMG-20220327-WA0014.jpg\"> <div class=\"pb-overlay\" style=\"\"> <div class=\"pb-caption-bottom\"> <span class=\"pb-description pb-caption-left\" style=\"\">Der Kinder- und Jugendchor Heiligkreuz (A-Chor) vor dem Hochamt am 4. Fastensonntag (Laetare), 27. M\u00e4rz 2022 in der Pfarrkirche St. Maternus | Chorwerke von Gottfried August Homilius, Malcolm Archer, Klaus-Ewald Fischbach, Martin Schomaker, Robert Sund u. a.<\/span> <\/div> <\/div> <\/a> <\/div> <div class=\"pb-block with-text with-social-or-text pb-portrait pb-height pb-type-image \" style=\"\" data-colspan=\"1\" data-rowspan=\"1\" data-col=\"2\" data-row=\"16\" data-valign=\"center\" data-halign=\"center\" data-type=\"image\" data-ratio=\"0.93949579831933\"> <img decoding=\"async\" class=\"pb-image skip-lazy \" src=\"data:image\/png;base64,iVBORw0KGgoAAAANSUhEUgAAAAEAAAABCAYAAAAfFcSJAAAADUlEQVR42mNkYPhfDwAChwGA60e6kgAAAABJRU5ErkJggg==\" data-pb-source=\"https:\/\/burkhardpuetz-i6psyu9my.live-website.com\/wp-content\/uploads\/2024\/08\/IMG-20220327-WA0013.jpg\" alt=\"Der Kinder- und Jugendchor Heiligkreuz (A-Chor) vor dem Hochamt am 4. Fastensonntag (Laetare), 27. M\u00e4rz 2022 in der Pfarrkirche St. Maternus | Chorwerke von Gottfried August Homilius, Malcolm Archer, Klaus-Ewald Fischbach, Martin Schomaker, Robert Sund u. a.\"> <noscript><img decoding=\"async\" src=\"https:\/\/burkhardpuetz-i6psyu9my.live-website.com\/wp-content\/uploads\/2024\/08\/IMG-20220327-WA0013.jpg\" alt=\"Der Kinder- und Jugendchor Heiligkreuz (A-Chor) vor dem Hochamt am 4. Fastensonntag (Laetare), 27. M\u00e4rz 2022 in der Pfarrkirche St. Maternus | Chorwerke von Gottfried August Homilius, Malcolm Archer, Klaus-Ewald Fischbach, Martin Schomaker, Robert Sund u. a.\"><\/noscript> <a class=\"pb-link \" data-magnific=\"gallery-15\" data-caption=\"Der Kinder- und Jugendchor Heiligkreuz (A-Chor) vor dem Hochamt am 4. Fastensonntag (Laetare), 27. M\u00e4rz 2022 in der Pfarrkirche St. Maternus | Chorwerke von Gottfried August Homilius, Malcolm Archer, Klaus-Ewald Fischbach, Martin Schomaker, Robert Sund u. a.\" rel=\"\" target=\"\" href=\"https:\/\/burkhard-puetz.de\/wp-content\/uploads\/2024\/08\/IMG-20220327-WA0013.jpg\"> <div class=\"pb-overlay\" style=\"\"> <div class=\"pb-caption-bottom\"> <span class=\"pb-description pb-caption-left\" style=\"\">Der Kinder- und Jugendchor Heiligkreuz (A-Chor) vor dem Hochamt am 4. Fastensonntag (Laetare), 27. M\u00e4rz 2022 in der Pfarrkirche St. Maternus | Chorwerke von Gottfried August Homilius, Malcolm Archer, Klaus-Ewald Fischbach, Martin Schomaker, Robert Sund u. a.<\/span> <\/div> <\/div> <\/a> <\/div> <div class=\"pb-block with-text with-social-or-text pb-landscape pb-width pb-type-image \" style=\"\" data-colspan=\"1\" data-rowspan=\"1\" data-col=\"3\" data-row=\"16\" data-valign=\"center\" data-halign=\"center\" data-type=\"image\" data-ratio=\"1.6247086247086\"> <img decoding=\"async\" class=\"pb-image skip-lazy \" src=\"data:image\/png;base64,iVBORw0KGgoAAAANSUhEUgAAAAEAAAABCAYAAAAfFcSJAAAADUlEQVR42mNkYPhfDwAChwGA60e6kgAAAABJRU5ErkJggg==\" data-pb-source=\"https:\/\/burkhardpuetz-i6psyu9my.live-website.com\/wp-content\/uploads\/2024\/08\/IMG-20220327-WA0022.jpg\" alt=\"Der Kinder- und Jugendchor Heiligkreuz (A-Chor) vor dem Hochamt am 4. Fastensonntag (Laetare), 27. M\u00e4rz 2022 in der Pfarrkirche St. Maternus | Chorwerke von Gottfried August Homilius, Malcolm Archer, Klaus-Ewald Fischbach, Martin Schomaker, Robert Sund u. a.\"> <noscript><img decoding=\"async\" src=\"https:\/\/burkhardpuetz-i6psyu9my.live-website.com\/wp-content\/uploads\/2024\/08\/IMG-20220327-WA0022.jpg\" alt=\"Der Kinder- und Jugendchor Heiligkreuz (A-Chor) vor dem Hochamt am 4. Fastensonntag (Laetare), 27. M\u00e4rz 2022 in der Pfarrkirche St. Maternus | Chorwerke von Gottfried August Homilius, Malcolm Archer, Klaus-Ewald Fischbach, Martin Schomaker, Robert Sund u. a.\"><\/noscript> <a class=\"pb-link \" data-magnific=\"gallery-15\" data-caption=\"Der Kinder- und Jugendchor Heiligkreuz (A-Chor) vor dem Hochamt am 4. Fastensonntag (Laetare), 27. M\u00e4rz 2022 in der Pfarrkirche St. Maternus | Chorwerke von Gottfried August Homilius, Malcolm Archer, Klaus-Ewald Fischbach, Martin Schomaker, Robert Sund u. a.\" rel=\"\" target=\"\" href=\"https:\/\/burkhard-puetz.de\/wp-content\/uploads\/2024\/08\/IMG-20220327-WA0022.jpg\"> <div class=\"pb-overlay\" style=\"\"> <div class=\"pb-caption-bottom\"> <span class=\"pb-description pb-caption-left\" style=\"\">Der Kinder- und Jugendchor Heiligkreuz (A-Chor) vor dem Hochamt am 4. Fastensonntag (Laetare), 27. M\u00e4rz 2022 in der Pfarrkirche St. Maternus | Chorwerke von Gottfried August Homilius, Malcolm Archer, Klaus-Ewald Fischbach, Martin Schomaker, Robert Sund u. a.<\/span> <\/div> <\/div> <\/a> <\/div> <div class=\"pb-block with-text with-social-or-text pb-landscape pb-width pb-type-image \" style=\"\" data-colspan=\"1\" data-rowspan=\"1\" data-col=\"0\" data-row=\"17\" data-valign=\"center\" data-halign=\"center\" data-type=\"image\" data-ratio=\"1.6189151599444\"> <img decoding=\"async\" class=\"pb-image skip-lazy \" src=\"data:image\/png;base64,iVBORw0KGgoAAAANSUhEUgAAAAEAAAABCAYAAAAfFcSJAAAADUlEQVR42mNkYPhfDwAChwGA60e6kgAAAABJRU5ErkJggg==\" data-pb-source=\"https:\/\/burkhardpuetz-i6psyu9my.live-website.com\/wp-content\/uploads\/2024\/08\/IMG-20220327-WA0012.jpg\" alt=\"Der Kinder- und Jugendchor Heiligkreuz (A-Chor) vor dem Hochamt am 4. Fastensonntag (Laetare), 27. M\u00e4rz 2022 in der Pfarrkirche St. Maternus | Chorwerke von Gottfried August Homilius, Malcolm Archer, Klaus-Ewald Fischbach, Martin Schomaker, Robert Sund u. a.\"> <noscript><img decoding=\"async\" src=\"https:\/\/burkhardpuetz-i6psyu9my.live-website.com\/wp-content\/uploads\/2024\/08\/IMG-20220327-WA0012.jpg\" alt=\"Der Kinder- und Jugendchor Heiligkreuz (A-Chor) vor dem Hochamt am 4. Fastensonntag (Laetare), 27. M\u00e4rz 2022 in der Pfarrkirche St. Maternus | Chorwerke von Gottfried August Homilius, Malcolm Archer, Klaus-Ewald Fischbach, Martin Schomaker, Robert Sund u. a.\"><\/noscript> <a class=\"pb-link \" data-magnific=\"gallery-15\" data-caption=\"Der Kinder- und Jugendchor Heiligkreuz (A-Chor) vor dem Hochamt am 4. Fastensonntag (Laetare), 27. M\u00e4rz 2022 in der Pfarrkirche St. Maternus | Chorwerke von Gottfried August Homilius, Malcolm Archer, Klaus-Ewald Fischbach, Martin Schomaker, Robert Sund u. a.\" rel=\"\" target=\"\" href=\"https:\/\/burkhard-puetz.de\/wp-content\/uploads\/2024\/08\/IMG-20220327-WA0012.jpg\"> <div class=\"pb-overlay\" style=\"\"> <div class=\"pb-caption-bottom\"> <span class=\"pb-description pb-caption-left\" style=\"\">Der Kinder- und Jugendchor Heiligkreuz (A-Chor) vor dem Hochamt am 4. Fastensonntag (Laetare), 27. M\u00e4rz 2022 in der Pfarrkirche St. Maternus | Chorwerke von Gottfried August Homilius, Malcolm Archer, Klaus-Ewald Fischbach, Martin Schomaker, Robert Sund u. a.<\/span> <\/div> <\/div> <\/a> <\/div> <div class=\"pb-block with-text with-social-or-text pb-landscape pb-width pb-type-image \" style=\"\" data-colspan=\"1\" data-rowspan=\"1\" data-col=\"1\" data-row=\"17\" data-valign=\"center\" data-halign=\"center\" data-type=\"image\" data-ratio=\"1.8491124260355\"> <img decoding=\"async\" class=\"pb-image skip-lazy \" src=\"data:image\/png;base64,iVBORw0KGgoAAAANSUhEUgAAAAEAAAABCAYAAAAfFcSJAAAADUlEQVR42mNkYPhfDwAChwGA60e6kgAAAABJRU5ErkJggg==\" data-pb-source=\"https:\/\/burkhardpuetz-i6psyu9my.live-website.com\/wp-content\/uploads\/2024\/08\/20211128_105040-Klein.jpg\" alt=\"Der Kinder- und Jugendchor Heiligkreuz (A-Chor) vor dem Hochamt am 1. Adventssonntag, 28. November 2021 in der Pfarrkirche Heiligkreuz\"> <noscript><img decoding=\"async\" src=\"https:\/\/burkhardpuetz-i6psyu9my.live-website.com\/wp-content\/uploads\/2024\/08\/20211128_105040-Klein.jpg\" alt=\"Der Kinder- und Jugendchor Heiligkreuz (A-Chor) vor dem Hochamt am 1. Adventssonntag, 28. November 2021 in der Pfarrkirche Heiligkreuz\"><\/noscript> <a class=\"pb-link \" data-magnific=\"gallery-15\" data-caption=\"Der Kinder- und Jugendchor Heiligkreuz (A-Chor) vor dem Hochamt am 1. Adventssonntag, 28. November 2021 in der Pfarrkirche Heiligkreuz\" rel=\"\" target=\"\" href=\"https:\/\/burkhard-puetz.de\/wp-content\/uploads\/2024\/08\/20211128_105040-Klein.jpg\"> <div class=\"pb-overlay\" style=\"\"> <div class=\"pb-caption-bottom\"> <span class=\"pb-description pb-caption-left\" style=\"\">Der Kinder- und Jugendchor Heiligkreuz (A-Chor) vor dem Hochamt am 1. Adventssonntag, 28. November 2021 in der Pfarrkirche Heiligkreuz<\/span> <\/div> <\/div> <\/a> <\/div> <div class=\"pb-block with-text with-social-or-text pb-landscape pb-width pb-type-image \" style=\"\" data-colspan=\"1\" data-rowspan=\"1\" data-col=\"2\" data-row=\"17\" data-valign=\"center\" data-halign=\"center\" data-type=\"image\" data-ratio=\"1.6945812807882\"> <img decoding=\"async\" class=\"pb-image skip-lazy \" src=\"data:image\/png;base64,iVBORw0KGgoAAAANSUhEUgAAAAEAAAABCAYAAAAfFcSJAAAADUlEQVR42mNkYPhfDwAChwGA60e6kgAAAABJRU5ErkJggg==\" data-pb-source=\"https:\/\/burkhardpuetz-i6psyu9my.live-website.com\/wp-content\/uploads\/2024\/08\/20211128_105037-Klein.jpg\" alt=\"Der Kinder- und Jugendchor Heiligkreuz (A-Chor) vor dem Hochamt am 1. Adventssonntag, 28. November 2021 in der Pfarrkirche Heiligkreuz\"> <noscript><img decoding=\"async\" src=\"https:\/\/burkhardpuetz-i6psyu9my.live-website.com\/wp-content\/uploads\/2024\/08\/20211128_105037-Klein.jpg\" alt=\"Der Kinder- und Jugendchor Heiligkreuz (A-Chor) vor dem Hochamt am 1. Adventssonntag, 28. November 2021 in der Pfarrkirche Heiligkreuz\"><\/noscript> <a class=\"pb-link \" data-magnific=\"gallery-15\" data-caption=\"Der Kinder- und Jugendchor Heiligkreuz (A-Chor) vor dem Hochamt am 1. Adventssonntag, 28. November 2021 in der Pfarrkirche Heiligkreuz\" rel=\"\" target=\"\" href=\"https:\/\/burkhard-puetz.de\/wp-content\/uploads\/2024\/08\/20211128_105037-Klein.jpg\"> <div class=\"pb-overlay\" style=\"\"> <div class=\"pb-caption-bottom\"> <span class=\"pb-description pb-caption-left\" style=\"\">Der Kinder- und Jugendchor Heiligkreuz (A-Chor) vor dem Hochamt am 1. Adventssonntag, 28. November 2021 in der Pfarrkirche Heiligkreuz<\/span> <\/div> <\/div> <\/a> <\/div> <div class=\"pb-block with-text with-social-or-text pb-landscape pb-width pb-type-image \" style=\"\" data-colspan=\"1\" data-rowspan=\"1\" data-col=\"3\" data-row=\"17\" data-valign=\"center\" data-halign=\"center\" data-type=\"image\" data-ratio=\"1.3333333333333\"> <img decoding=\"async\" class=\"pb-image skip-lazy \" src=\"data:image\/png;base64,iVBORw0KGgoAAAANSUhEUgAAAAEAAAABCAYAAAAfFcSJAAAADUlEQVR42mNkYPhfDwAChwGA60e6kgAAAABJRU5ErkJggg==\" data-pb-source=\"https:\/\/burkhardpuetz-i6psyu9my.live-website.com\/wp-content\/uploads\/2024\/08\/20211128_103329-Klein.jpg\" alt=\"Der Kinder- und Jugendchor Heiligkreuz (A-Chor) vor dem Hochamt am 1. Adventssonntag, 28. November 2021 in der Pfarrkirche Heiligkreuz | Adventliche Lieder und Ges\u00e4nge von Malcolm Archer, Lorenz Maierhofer, Peter Janssens, Bruno Hamm u. a.\"> <noscript><img decoding=\"async\" src=\"https:\/\/burkhardpuetz-i6psyu9my.live-website.com\/wp-content\/uploads\/2024\/08\/20211128_103329-Klein.jpg\" alt=\"Der Kinder- und Jugendchor Heiligkreuz (A-Chor) vor dem Hochamt am 1. Adventssonntag, 28. November 2021 in der Pfarrkirche Heiligkreuz | Adventliche Lieder und Ges\u00e4nge von Malcolm Archer, Lorenz Maierhofer, Peter Janssens, Bruno Hamm u. a.\"><\/noscript> <a class=\"pb-link \" data-magnific=\"gallery-15\" data-caption=\"Der Kinder- und Jugendchor Heiligkreuz (A-Chor) vor dem Hochamt am 1. Adventssonntag, 28. November 2021 in der Pfarrkirche Heiligkreuz | Adventliche Lieder und Ges\u00e4nge von Malcolm Archer, Lorenz Maierhofer, Peter Janssens, Bruno Hamm u. a.\" rel=\"\" target=\"\" href=\"https:\/\/burkhard-puetz.de\/wp-content\/uploads\/2024\/08\/20211128_103329-Klein.jpg\"> <div class=\"pb-overlay\" style=\"\"> <div class=\"pb-caption-bottom\"> <span class=\"pb-description pb-caption-left\" style=\"\">Der Kinder- und Jugendchor Heiligkreuz (A-Chor) vor dem Hochamt am 1. Adventssonntag, 28. November 2021 in der Pfarrkirche Heiligkreuz | Adventliche Lieder und Ges\u00e4nge von Malcolm Archer, Lorenz Maierhofer, Peter Janssens, Bruno Hamm u. a.<\/span> <\/div> <\/div> <\/a> <\/div> <div class=\"pb-block with-text with-social-or-text pb-portrait pb-height pb-type-image \" style=\"\" data-colspan=\"1\" data-rowspan=\"1\" data-col=\"0\" data-row=\"18\" data-valign=\"center\" data-halign=\"center\" data-type=\"image\" data-ratio=\"0.78277886497065\"> <img decoding=\"async\" class=\"pb-image skip-lazy \" src=\"data:image\/png;base64,iVBORw0KGgoAAAANSUhEUgAAAAEAAAABCAYAAAAfFcSJAAAADUlEQVR42mNkYPhfDwAChwGA60e6kgAAAABJRU5ErkJggg==\" data-pb-source=\"https:\/\/burkhardpuetz-i6psyu9my.live-website.com\/wp-content\/uploads\/2024\/08\/20211128_103614-Klein-rotated.jpg\" alt=\"Der Kinder- und Jugendchor Heiligkreuz (A-Chor) vor dem Hochamt am 1. Adventssonntag, 28. November 2021 in der Pfarrkirche Heiligkreuz | Adventliche Lieder und Ges\u00e4nge von Malcolm Archer, Lorenz Maierhofer, Peter Janssens, Bruno Hamm u. a.\"> <noscript><img decoding=\"async\" src=\"https:\/\/burkhardpuetz-i6psyu9my.live-website.com\/wp-content\/uploads\/2024\/08\/20211128_103614-Klein-rotated.jpg\" alt=\"Der Kinder- und Jugendchor Heiligkreuz (A-Chor) vor dem Hochamt am 1. Adventssonntag, 28. November 2021 in der Pfarrkirche Heiligkreuz | Adventliche Lieder und Ges\u00e4nge von Malcolm Archer, Lorenz Maierhofer, Peter Janssens, Bruno Hamm u. a.\"><\/noscript> <a class=\"pb-link \" data-magnific=\"gallery-15\" data-caption=\"Der Kinder- und Jugendchor Heiligkreuz (A-Chor) vor dem Hochamt am 1. Adventssonntag, 28. November 2021 in der Pfarrkirche Heiligkreuz | Adventliche Lieder und Ges\u00e4nge von Malcolm Archer, Lorenz Maierhofer, Peter Janssens, Bruno Hamm u. a.\" rel=\"\" target=\"\" href=\"https:\/\/burkhard-puetz.de\/wp-content\/uploads\/2024\/08\/20211128_103614-Klein-rotated.jpg\"> <div class=\"pb-overlay\" style=\"\"> <div class=\"pb-caption-bottom\"> <span class=\"pb-description pb-caption-left\" style=\"\">Der Kinder- und Jugendchor Heiligkreuz (A-Chor) vor dem Hochamt am 1. Adventssonntag, 28. November 2021 in der Pfarrkirche Heiligkreuz | Adventliche Lieder und Ges\u00e4nge von Malcolm Archer, Lorenz Maierhofer, Peter Janssens, Bruno Hamm u. a.<\/span> <\/div> <\/div> <\/a> <\/div> <div class=\"pb-block with-text with-social-or-text pb-landscape pb-width pb-type-image \" style=\"\" data-colspan=\"1\" data-rowspan=\"1\" data-col=\"1\" data-row=\"18\" data-valign=\"center\" data-halign=\"center\" data-type=\"image\" data-ratio=\"1.053171641791\"> <img decoding=\"async\" class=\"pb-image skip-lazy \" src=\"data:image\/png;base64,iVBORw0KGgoAAAANSUhEUgAAAAEAAAABCAYAAAAfFcSJAAAADUlEQVR42mNkYPhfDwAChwGA60e6kgAAAABJRU5ErkJggg==\" data-pb-source=\"https:\/\/burkhardpuetz-i6psyu9my.live-website.com\/wp-content\/uploads\/2024\/08\/20211128_102400-Klein.jpg\" alt=\"Der Kinder- und Jugendchor Heiligkreuz (A-Chor) vor dem Hochamt am 1. Adventssonntag, 28. November 2021 in der Pfarrkirche Heiligkreuz | Adventliche Lieder und Ges\u00e4nge von Malcolm Archer, Lorenz Maierhofer, Peter Janssens, Bruno Hamm u. a.\"> <noscript><img decoding=\"async\" src=\"https:\/\/burkhardpuetz-i6psyu9my.live-website.com\/wp-content\/uploads\/2024\/08\/20211128_102400-Klein.jpg\" alt=\"Der Kinder- und Jugendchor Heiligkreuz (A-Chor) vor dem Hochamt am 1. Adventssonntag, 28. November 2021 in der Pfarrkirche Heiligkreuz | Adventliche Lieder und Ges\u00e4nge von Malcolm Archer, Lorenz Maierhofer, Peter Janssens, Bruno Hamm u. a.\"><\/noscript> <a class=\"pb-link \" data-magnific=\"gallery-15\" data-caption=\"Der Kinder- und Jugendchor Heiligkreuz (A-Chor) vor dem Hochamt am 1. Adventssonntag, 28. November 2021 in der Pfarrkirche Heiligkreuz | Adventliche Lieder und Ges\u00e4nge von Malcolm Archer, Lorenz Maierhofer, Peter Janssens, Bruno Hamm u. a.\" rel=\"\" target=\"\" href=\"https:\/\/burkhard-puetz.de\/wp-content\/uploads\/2024\/08\/20211128_102400-Klein.jpg\"> <div class=\"pb-overlay\" style=\"\"> <div class=\"pb-caption-bottom\"> <span class=\"pb-description pb-caption-left\" style=\"\">Der Kinder- und Jugendchor Heiligkreuz (A-Chor) vor dem Hochamt am 1. Adventssonntag, 28. November 2021 in der Pfarrkirche Heiligkreuz | Adventliche Lieder und Ges\u00e4nge von Malcolm Archer, Lorenz Maierhofer, Peter Janssens, Bruno Hamm u. a.<\/span> <\/div> <\/div> <\/a> <\/div> <div class=\"pb-block with-text with-social-or-text pb-landscape pb-width pb-type-image \" style=\"\" data-colspan=\"1\" data-rowspan=\"1\" data-col=\"2\" data-row=\"18\" data-valign=\"center\" data-halign=\"center\" data-type=\"image\" data-ratio=\"1.2568250758342\"> <img decoding=\"async\" class=\"pb-image skip-lazy \" src=\"data:image\/png;base64,iVBORw0KGgoAAAANSUhEUgAAAAEAAAABCAYAAAAfFcSJAAAADUlEQVR42mNkYPhfDwAChwGA60e6kgAAAABJRU5ErkJggg==\" data-pb-source=\"https:\/\/burkhardpuetz-i6psyu9my.live-website.com\/wp-content\/uploads\/2024\/08\/20211128_120537-Klein.jpg\" alt=\"Vier S\u00e4nger des Kinder- und Jugendchores Heiligkreuz werden f\u00fcr f\u00fcnf- bzw. sechsj\u00e4hrige Mitgliedschaft im Chor vom Di\u00f6zesanverband der PUERI CANTORES geehrt. | Nach dem Hochamt am 1. Adventssonntag, 28. November 2021 in der Pfarrkirche Heiligkreuz\"> <noscript><img decoding=\"async\" src=\"https:\/\/burkhardpuetz-i6psyu9my.live-website.com\/wp-content\/uploads\/2024\/08\/20211128_120537-Klein.jpg\" alt=\"Vier S\u00e4nger des Kinder- und Jugendchores Heiligkreuz werden f\u00fcr f\u00fcnf- bzw. sechsj\u00e4hrige Mitgliedschaft im Chor vom Di\u00f6zesanverband der PUERI CANTORES geehrt. | Nach dem Hochamt am 1. Adventssonntag, 28. November 2021 in der Pfarrkirche Heiligkreuz\"><\/noscript> <a class=\"pb-link \" data-magnific=\"gallery-15\" data-caption=\"Vier S\u00e4nger des Kinder- und Jugendchores Heiligkreuz werden f\u00fcr f\u00fcnf- bzw. sechsj\u00e4hrige Mitgliedschaft im Chor vom Di\u00f6zesanverband der PUERI CANTORES geehrt. | Nach dem Hochamt am 1. Adventssonntag, 28. November 2021 in der Pfarrkirche Heiligkreuz\" rel=\"\" target=\"\" href=\"https:\/\/burkhard-puetz.de\/wp-content\/uploads\/2024\/08\/20211128_120537-Klein.jpg\"> <div class=\"pb-overlay\" style=\"\"> <div class=\"pb-caption-bottom\"> <span class=\"pb-description pb-caption-left\" style=\"\">Vier S\u00e4nger des Kinder- und Jugendchores Heiligkreuz werden f\u00fcr f\u00fcnf- bzw. sechsj\u00e4hrige Mitgliedschaft im Chor vom Di\u00f6zesanverband der PUERI CANTORES geehrt. | Nach dem Hochamt am 1. Adventssonntag, 28. November 2021 in der Pfarrkirche Heiligkreuz<\/span> <\/div> <\/div> <\/a> <\/div> <div class=\"pb-block with-text with-social-or-text pb-portrait pb-height pb-type-image \" style=\"\" data-colspan=\"1\" data-rowspan=\"1\" data-col=\"3\" data-row=\"18\" data-valign=\"center\" data-halign=\"center\" data-type=\"image\" data-ratio=\"0.82758620689655\"> <img decoding=\"async\" class=\"pb-image skip-lazy \" src=\"data:image\/png;base64,iVBORw0KGgoAAAANSUhEUgAAAAEAAAABCAYAAAAfFcSJAAAADUlEQVR42mNkYPhfDwAChwGA60e6kgAAAABJRU5ErkJggg==\" data-pb-source=\"https:\/\/burkhardpuetz-i6psyu9my.live-website.com\/wp-content\/uploads\/2024\/08\/20211128_120604-Klein.jpg\" alt=\"Vier S\u00e4nger des Kinder- und Jugendchores Heiligkreuz werden f\u00fcr f\u00fcnf- bzw. sechsj\u00e4hrige Mitgliedschaft im Chor vom Di\u00f6zesanverband der PUERI CANTORES geehrt. | Nach dem Hochamt am 1. Adventssonntag, 28. November 2021 in der Pfarrkirche Heiligkreuz\"> <noscript><img decoding=\"async\" src=\"https:\/\/burkhardpuetz-i6psyu9my.live-website.com\/wp-content\/uploads\/2024\/08\/20211128_120604-Klein.jpg\" alt=\"Vier S\u00e4nger des Kinder- und Jugendchores Heiligkreuz werden f\u00fcr f\u00fcnf- bzw. sechsj\u00e4hrige Mitgliedschaft im Chor vom Di\u00f6zesanverband der PUERI CANTORES geehrt. | Nach dem Hochamt am 1. Adventssonntag, 28. November 2021 in der Pfarrkirche Heiligkreuz\"><\/noscript> <a class=\"pb-link \" data-magnific=\"gallery-15\" data-caption=\"Vier S\u00e4nger des Kinder- und Jugendchores Heiligkreuz werden f\u00fcr f\u00fcnf- bzw. sechsj\u00e4hrige Mitgliedschaft im Chor vom Di\u00f6zesanverband der PUERI CANTORES geehrt. | Nach dem Hochamt am 1. Adventssonntag, 28. November 2021 in der Pfarrkirche Heiligkreuz\" rel=\"\" target=\"\" href=\"https:\/\/burkhard-puetz.de\/wp-content\/uploads\/2024\/08\/20211128_120604-Klein.jpg\"> <div class=\"pb-overlay\" style=\"\"> <div class=\"pb-caption-bottom\"> <span class=\"pb-description pb-caption-left\" style=\"\">Vier S\u00e4nger des Kinder- und Jugendchores Heiligkreuz werden f\u00fcr f\u00fcnf- bzw. sechsj\u00e4hrige Mitgliedschaft im Chor vom Di\u00f6zesanverband der PUERI CANTORES geehrt. | Nach dem Hochamt am 1. Adventssonntag, 28. November 2021 in der Pfarrkirche Heiligkreuz<\/span> <\/div> <\/div> <\/a> <\/div> <div class=\"pb-block with-text with-social-or-text pb-landscape pb-width pb-type-image \" style=\"\" data-colspan=\"1\" data-rowspan=\"1\" data-col=\"0\" data-row=\"19\" data-valign=\"center\" data-halign=\"center\" data-type=\"image\" data-ratio=\"1.3333333333333\"> <img decoding=\"async\" class=\"pb-image skip-lazy \" src=\"data:image\/png;base64,iVBORw0KGgoAAAANSUhEUgAAAAEAAAABCAYAAAAfFcSJAAAADUlEQVR42mNkYPhfDwAChwGA60e6kgAAAABJRU5ErkJggg==\" data-pb-source=\"https:\/\/burkhardpuetz-i6psyu9my.live-website.com\/wp-content\/uploads\/2024\/08\/20211128_121534-Klein.jpg\" alt=\"Vier S\u00e4nger des Kinder- und Jugendchores Heiligkreuz werden f\u00fcr f\u00fcnf- bzw. sechsj\u00e4hrige Mitgliedschaft im Chor vom Di\u00f6zesanverband der PUERI CANTORES geehrt. | Die geehrten S\u00e4nger mit ihren Urkunden nach dem Hochamt am 1. Adventssonntag, 28. November 2021 in der Pfarrkirche Heiligkreuz\"> <noscript><img decoding=\"async\" src=\"https:\/\/burkhardpuetz-i6psyu9my.live-website.com\/wp-content\/uploads\/2024\/08\/20211128_121534-Klein.jpg\" alt=\"Vier S\u00e4nger des Kinder- und Jugendchores Heiligkreuz werden f\u00fcr f\u00fcnf- bzw. sechsj\u00e4hrige Mitgliedschaft im Chor vom Di\u00f6zesanverband der PUERI CANTORES geehrt. | Die geehrten S\u00e4nger mit ihren Urkunden nach dem Hochamt am 1. Adventssonntag, 28. November 2021 in der Pfarrkirche Heiligkreuz\"><\/noscript> <a class=\"pb-link \" data-magnific=\"gallery-15\" data-caption=\"Vier S\u00e4nger des Kinder- und Jugendchores Heiligkreuz werden f\u00fcr f\u00fcnf- bzw. sechsj\u00e4hrige Mitgliedschaft im Chor vom Di\u00f6zesanverband der PUERI CANTORES geehrt. | Die geehrten S\u00e4nger mit ihren Urkunden nach dem Hochamt am 1. Adventssonntag, 28. November 2021 in der Pfarrkirche Heiligkreuz\" rel=\"\" target=\"\" href=\"https:\/\/burkhard-puetz.de\/wp-content\/uploads\/2024\/08\/20211128_121534-Klein.jpg\"> <div class=\"pb-overlay\" style=\"\"> <div class=\"pb-caption-bottom\"> <span class=\"pb-description pb-caption-left\" style=\"\">Vier S\u00e4nger des Kinder- und Jugendchores Heiligkreuz werden f\u00fcr f\u00fcnf- bzw. sechsj\u00e4hrige Mitgliedschaft im Chor vom Di\u00f6zesanverband der PUERI CANTORES geehrt. | Die geehrten S\u00e4nger mit ihren Urkunden nach dem Hochamt am 1. Adventssonntag, 28. November 2021 in der Pfarrkirche Heiligkreuz<\/span> <\/div> <\/div> <\/a> <\/div> <div class=\"pb-block with-text with-social-or-text pb-landscape pb-width pb-type-image \" style=\"\" data-colspan=\"1\" data-rowspan=\"1\" data-col=\"1\" data-row=\"19\" data-valign=\"center\" data-halign=\"center\" data-type=\"image\" data-ratio=\"1.1073825503356\"> <img decoding=\"async\" class=\"pb-image skip-lazy \" src=\"data:image\/png;base64,iVBORw0KGgoAAAANSUhEUgAAAAEAAAABCAYAAAAfFcSJAAAADUlEQVR42mNkYPhfDwAChwGA60e6kgAAAABJRU5ErkJggg==\" data-pb-source=\"https:\/\/burkhardpuetz-i6psyu9my.live-website.com\/wp-content\/uploads\/2024\/08\/St.-Michael-02.12.18-1.jpg\" alt=\"Der Kinderchor Heiligkreuz beim Einzug im Hochamt am 1. Adventsonntag, 2. Dezember 2018 in der Pfarrkirche St. Michael, Trier-Mariahof\"> <noscript><img decoding=\"async\" src=\"https:\/\/burkhardpuetz-i6psyu9my.live-website.com\/wp-content\/uploads\/2024\/08\/St.-Michael-02.12.18-1.jpg\" alt=\"Der Kinderchor Heiligkreuz beim Einzug im Hochamt am 1. Adventsonntag, 2. Dezember 2018 in der Pfarrkirche St. Michael, Trier-Mariahof\"><\/noscript> <a class=\"pb-link \" data-magnific=\"gallery-15\" data-caption=\"Der Kinderchor Heiligkreuz beim Einzug im Hochamt am 1. Adventsonntag, 2. Dezember 2018 in der Pfarrkirche St. Michael, Trier-Mariahof\" rel=\"\" target=\"\" href=\"https:\/\/burkhard-puetz.de\/wp-content\/uploads\/2024\/08\/St.-Michael-02.12.18-1.jpg\"> <div class=\"pb-overlay\" style=\"\"> <div class=\"pb-caption-bottom\"> <span class=\"pb-description pb-caption-left\" style=\"\">Der Kinderchor Heiligkreuz beim Einzug im Hochamt am 1. Adventsonntag, 2. Dezember 2018 in der Pfarrkirche St. Michael, Trier-Mariahof<\/span> <\/div> <\/div> <\/a> <\/div> <div class=\"pb-block with-text with-social-or-text pb-landscape pb-width pb-type-image \" style=\"\" data-colspan=\"1\" data-rowspan=\"1\" data-col=\"2\" data-row=\"19\" data-valign=\"center\" data-halign=\"center\" data-type=\"image\" data-ratio=\"1.4363312555654\"> <img decoding=\"async\" class=\"pb-image skip-lazy \" src=\"data:image\/png;base64,iVBORw0KGgoAAAANSUhEUgAAAAEAAAABCAYAAAAfFcSJAAAADUlEQVR42mNkYPhfDwAChwGA60e6kgAAAABJRU5ErkJggg==\" data-pb-source=\"https:\/\/burkhardpuetz-i6psyu9my.live-website.com\/wp-content\/uploads\/2024\/08\/Kinderchortag-15.09.18-Eroeffnung-in-St.-Maximin-1.jpg\" alt=\"Kinderchor Heiligkreuz beim di\u00f6zesanen Kinderchortag der PUERI CANTORES am 15.09.18 in Trier | Er\u00f6ffnung in St. Maximin\"> <noscript><img decoding=\"async\" src=\"https:\/\/burkhardpuetz-i6psyu9my.live-website.com\/wp-content\/uploads\/2024\/08\/Kinderchortag-15.09.18-Eroeffnung-in-St.-Maximin-1.jpg\" alt=\"Kinderchor Heiligkreuz beim di\u00f6zesanen Kinderchortag der PUERI CANTORES am 15.09.18 in Trier | Er\u00f6ffnung in St. Maximin\"><\/noscript> <a class=\"pb-link \" data-magnific=\"gallery-15\" data-caption=\"Kinderchor Heiligkreuz beim di\u00f6zesanen Kinderchortag der PUERI CANTORES am 15.09.18 in Trier | Er\u00f6ffnung in St. Maximin\" rel=\"\" target=\"\" href=\"https:\/\/burkhard-puetz.de\/wp-content\/uploads\/2024\/08\/Kinderchortag-15.09.18-Eroeffnung-in-St.-Maximin-1.jpg\"> <div class=\"pb-overlay\" style=\"\"> <div class=\"pb-caption-bottom\"> <span class=\"pb-description pb-caption-left\" style=\"\">Kinderchor Heiligkreuz beim di\u00f6zesanen Kinderchortag der PUERI CANTORES am 15.09.18 in Trier | Er\u00f6ffnung in St. Maximin<\/span> <\/div> <\/div> <\/a> <\/div> <div class=\"pb-block with-text with-social-or-text pb-landscape pb-width pb-type-image \" style=\"\" data-colspan=\"1\" data-rowspan=\"1\" data-col=\"3\" data-row=\"19\" data-valign=\"center\" data-halign=\"center\" data-type=\"image\" data-ratio=\"1.4225774225774\"> <img decoding=\"async\" class=\"pb-image skip-lazy \" src=\"data:image\/png;base64,iVBORw0KGgoAAAANSUhEUgAAAAEAAAABCAYAAAAfFcSJAAAADUlEQVR42mNkYPhfDwAChwGA60e6kgAAAABJRU5ErkJggg==\" data-pb-source=\"https:\/\/burkhardpuetz-i6psyu9my.live-website.com\/wp-content\/uploads\/2024\/08\/Kinderchortag-15.09.18-Eroeffnung-in-St.-Maximin-2.jpg\" alt=\"Kinderchor Heiligkreuz beim di\u00f6zesanen Kinderchortag der PUERI CANTORES am 15.09.18 in Trier | Er\u00f6ffnung in St. Maximin\"> <noscript><img decoding=\"async\" src=\"https:\/\/burkhardpuetz-i6psyu9my.live-website.com\/wp-content\/uploads\/2024\/08\/Kinderchortag-15.09.18-Eroeffnung-in-St.-Maximin-2.jpg\" alt=\"Kinderchor Heiligkreuz beim di\u00f6zesanen Kinderchortag der PUERI CANTORES am 15.09.18 in Trier | Er\u00f6ffnung in St. Maximin\"><\/noscript> <a class=\"pb-link \" data-magnific=\"gallery-15\" data-caption=\"Kinderchor Heiligkreuz beim di\u00f6zesanen Kinderchortag der PUERI CANTORES am 15.09.18 in Trier | Er\u00f6ffnung in St. Maximin\" rel=\"\" target=\"\" href=\"https:\/\/burkhard-puetz.de\/wp-content\/uploads\/2024\/08\/Kinderchortag-15.09.18-Eroeffnung-in-St.-Maximin-2.jpg\"> <div class=\"pb-overlay\" style=\"\"> <div class=\"pb-caption-bottom\"> <span class=\"pb-description pb-caption-left\" style=\"\">Kinderchor Heiligkreuz beim di\u00f6zesanen Kinderchortag der PUERI CANTORES am 15.09.18 in Trier | Er\u00f6ffnung in St. Maximin<\/span> <\/div> <\/div> <\/a> <\/div> <div class=\"pb-block with-text with-social-or-text pb-portrait pb-height pb-type-image \" style=\"\" data-colspan=\"1\" data-rowspan=\"1\" data-col=\"0\" data-row=\"20\" data-valign=\"center\" data-halign=\"center\" data-type=\"image\" data-ratio=\"0.84240454914703\"> <img decoding=\"async\" class=\"pb-image skip-lazy \" src=\"data:image\/png;base64,iVBORw0KGgoAAAANSUhEUgAAAAEAAAABCAYAAAAfFcSJAAAADUlEQVR42mNkYPhfDwAChwGA60e6kgAAAABJRU5ErkJggg==\" data-pb-source=\"https:\/\/burkhardpuetz-i6psyu9my.live-website.com\/wp-content\/uploads\/2024\/08\/Kinderchortag-15.09.18-beim-Mittagessen.jpg\" alt=\"Kinderchor Heiligkreuz beim di\u00f6zesanen Kinderchortag der PUERI CANTORES am 15.09.18 in Trier | Beim Mittagessen\"> <noscript><img decoding=\"async\" src=\"https:\/\/burkhardpuetz-i6psyu9my.live-website.com\/wp-content\/uploads\/2024\/08\/Kinderchortag-15.09.18-beim-Mittagessen.jpg\" alt=\"Kinderchor Heiligkreuz beim di\u00f6zesanen Kinderchortag der PUERI CANTORES am 15.09.18 in Trier | Beim Mittagessen\"><\/noscript> <a class=\"pb-link \" data-magnific=\"gallery-15\" data-caption=\"Kinderchor Heiligkreuz beim di\u00f6zesanen Kinderchortag der PUERI CANTORES am 15.09.18 in Trier | Beim Mittagessen\" rel=\"\" target=\"\" href=\"https:\/\/burkhard-puetz.de\/wp-content\/uploads\/2024\/08\/Kinderchortag-15.09.18-beim-Mittagessen.jpg\"> <div class=\"pb-overlay\" style=\"\"> <div class=\"pb-caption-bottom\"> <span class=\"pb-description pb-caption-left\" style=\"\">Kinderchor Heiligkreuz beim di\u00f6zesanen Kinderchortag der PUERI CANTORES am 15.09.18 in Trier | Beim Mittagessen<\/span> <\/div> <\/div> <\/a> <\/div> <div class=\"pb-block with-text with-social-or-text pb-portrait pb-height pb-type-image \" style=\"\" data-colspan=\"1\" data-rowspan=\"1\" data-col=\"1\" data-row=\"20\" data-valign=\"center\" data-halign=\"center\" data-type=\"image\" data-ratio=\"0.80725623582766\"> <img decoding=\"async\" class=\"pb-image skip-lazy \" src=\"data:image\/png;base64,iVBORw0KGgoAAAANSUhEUgAAAAEAAAABCAYAAAAfFcSJAAAADUlEQVR42mNkYPhfDwAChwGA60e6kgAAAABJRU5ErkJggg==\" data-pb-source=\"https:\/\/burkhardpuetz-i6psyu9my.live-website.com\/wp-content\/uploads\/2024\/08\/Kinderchortag-15.09.18-Cheerleading-die-Maedchen-feuern-die-Jungs-kraeftig-an-beim-Fussballturnier-rotated.jpg\" alt=\"Kinderchor Heiligkreuz beim di\u00f6zesanen Kinderchortag der PUERI CANTORES am 15.09.18 in Trier | Cheerleading - die M\u00e4dchen feuern die Jungs kr\u00e4ftig an beim Fu\u00dfballturnier\"> <noscript><img decoding=\"async\" src=\"https:\/\/burkhardpuetz-i6psyu9my.live-website.com\/wp-content\/uploads\/2024\/08\/Kinderchortag-15.09.18-Cheerleading-die-Maedchen-feuern-die-Jungs-kraeftig-an-beim-Fussballturnier-rotated.jpg\" alt=\"Kinderchor Heiligkreuz beim di\u00f6zesanen Kinderchortag der PUERI CANTORES am 15.09.18 in Trier | Cheerleading - die M\u00e4dchen feuern die Jungs kr\u00e4ftig an beim Fu\u00dfballturnier\"><\/noscript> <a class=\"pb-link \" data-magnific=\"gallery-15\" data-caption=\"Kinderchor Heiligkreuz beim di\u00f6zesanen Kinderchortag der PUERI CANTORES am 15.09.18 in Trier | Cheerleading - die M\u00e4dchen feuern die Jungs kr\u00e4ftig an beim Fu\u00dfballturnier\" rel=\"\" target=\"\" href=\"https:\/\/burkhard-puetz.de\/wp-content\/uploads\/2024\/08\/Kinderchortag-15.09.18-Cheerleading-die-Maedchen-feuern-die-Jungs-kraeftig-an-beim-Fussballturnier-rotated.jpg\"> <div class=\"pb-overlay\" style=\"\"> <div class=\"pb-caption-bottom\"> <span class=\"pb-description pb-caption-left\" style=\"\">Kinderchor Heiligkreuz beim di\u00f6zesanen Kinderchortag der PUERI CANTORES am 15.09.18 in Trier | Cheerleading - die M\u00e4dchen feuern die Jungs kr\u00e4ftig an beim Fu\u00dfballturnier<\/span> <\/div> <\/div> <\/a> <\/div> <div class=\"pb-block with-text with-social-or-text pb-landscape pb-width pb-type-image \" style=\"\" data-colspan=\"1\" data-rowspan=\"1\" data-col=\"2\" data-row=\"20\" data-valign=\"center\" data-halign=\"center\" data-type=\"image\" data-ratio=\"1.1333930170098\"> <img decoding=\"async\" class=\"pb-image skip-lazy \" src=\"data:image\/png;base64,iVBORw0KGgoAAAANSUhEUgAAAAEAAAABCAYAAAAfFcSJAAAADUlEQVR42mNkYPhfDwAChwGA60e6kgAAAABJRU5ErkJggg==\" data-pb-source=\"https:\/\/burkhardpuetz-i6psyu9my.live-website.com\/wp-content\/uploads\/2024\/08\/Kinderchortag-15.09.18-die-Jungs-nach-dem-gewonnenen-Fussballturnier.jpg\" alt=\"Kinderchor Heiligkreuz beim di\u00f6zesanen Kinderchortag der PUERI CANTORES am 15.09.18 in Trier | Die Jungs nach dem gewonnenen Fu\u00dfballturnier\"> <noscript><img decoding=\"async\" src=\"https:\/\/burkhardpuetz-i6psyu9my.live-website.com\/wp-content\/uploads\/2024\/08\/Kinderchortag-15.09.18-die-Jungs-nach-dem-gewonnenen-Fussballturnier.jpg\" alt=\"Kinderchor Heiligkreuz beim di\u00f6zesanen Kinderchortag der PUERI CANTORES am 15.09.18 in Trier | Die Jungs nach dem gewonnenen Fu\u00dfballturnier\"><\/noscript> <a class=\"pb-link \" data-magnific=\"gallery-15\" data-caption=\"Kinderchor Heiligkreuz beim di\u00f6zesanen Kinderchortag der PUERI CANTORES am 15.09.18 in Trier | Die Jungs nach dem gewonnenen Fu\u00dfballturnier\" rel=\"\" target=\"\" href=\"https:\/\/burkhard-puetz.de\/wp-content\/uploads\/2024\/08\/Kinderchortag-15.09.18-die-Jungs-nach-dem-gewonnenen-Fussballturnier.jpg\"> <div class=\"pb-overlay\" style=\"\"> <div class=\"pb-caption-bottom\"> <span class=\"pb-description pb-caption-left\" style=\"\">Kinderchor Heiligkreuz beim di\u00f6zesanen Kinderchortag der PUERI CANTORES am 15.09.18 in Trier | Die Jungs nach dem gewonnenen Fu\u00dfballturnier<\/span> <\/div> <\/div> <\/a> <\/div> <div class=\"pb-block with-text with-social-or-text pb-landscape pb-width pb-type-image \" style=\"\" data-colspan=\"1\" data-rowspan=\"1\" data-col=\"3\" data-row=\"20\" data-valign=\"center\" data-halign=\"center\" data-type=\"image\" data-ratio=\"1.0746003552398\"> <img decoding=\"async\" class=\"pb-image skip-lazy \" src=\"data:image\/png;base64,iVBORw0KGgoAAAANSUhEUgAAAAEAAAABCAYAAAAfFcSJAAAADUlEQVR42mNkYPhfDwAChwGA60e6kgAAAABJRU5ErkJggg==\" data-pb-source=\"https:\/\/burkhardpuetz-i6psyu9my.live-website.com\/wp-content\/uploads\/2024\/08\/Kinderchortag-15.09.18-die-Jungs-holen-den-Fussballpokal-nach-Heiligkreuz.jpg\" alt=\"Kinderchor Heiligkreuz beim di\u00f6zesanen Kinderchortag der PUERI CANTORES am 15.09.18 in Trier | Die Jungs holen den Fu\u00dfballpokal nach Heiligkreuz\"> <noscript><img decoding=\"async\" src=\"https:\/\/burkhardpuetz-i6psyu9my.live-website.com\/wp-content\/uploads\/2024\/08\/Kinderchortag-15.09.18-die-Jungs-holen-den-Fussballpokal-nach-Heiligkreuz.jpg\" alt=\"Kinderchor Heiligkreuz beim di\u00f6zesanen Kinderchortag der PUERI CANTORES am 15.09.18 in Trier | Die Jungs holen den Fu\u00dfballpokal nach Heiligkreuz\"><\/noscript> <a class=\"pb-link \" data-magnific=\"gallery-15\" data-caption=\"Kinderchor Heiligkreuz beim di\u00f6zesanen Kinderchortag der PUERI CANTORES am 15.09.18 in Trier | Die Jungs holen den Fu\u00dfballpokal nach Heiligkreuz\" rel=\"\" target=\"\" href=\"https:\/\/burkhard-puetz.de\/wp-content\/uploads\/2024\/08\/Kinderchortag-15.09.18-die-Jungs-holen-den-Fussballpokal-nach-Heiligkreuz.jpg\"> <div class=\"pb-overlay\" style=\"\"> <div class=\"pb-caption-bottom\"> <span class=\"pb-description pb-caption-left\" style=\"\">Kinderchor Heiligkreuz beim di\u00f6zesanen Kinderchortag der PUERI CANTORES am 15.09.18 in Trier | Die Jungs holen den Fu\u00dfballpokal nach Heiligkreuz<\/span> <\/div> <\/div> <\/a> <\/div> <div class=\"pb-block with-text with-social-or-text pb-landscape pb-width pb-type-image \" style=\"\" data-colspan=\"1\" data-rowspan=\"1\" data-col=\"0\" data-row=\"21\" data-valign=\"center\" data-halign=\"center\" data-type=\"image\" data-ratio=\"1.5\"> <img decoding=\"async\" class=\"pb-image skip-lazy \" src=\"data:image\/png;base64,iVBORw0KGgoAAAANSUhEUgAAAAEAAAABCAYAAAAfFcSJAAAADUlEQVR42mNkYPhfDwAChwGA60e6kgAAAABJRU5ErkJggg==\" data-pb-source=\"https:\/\/burkhardpuetz-i6psyu9my.live-website.com\/wp-content\/uploads\/2024\/08\/Kinderchor-Heiligkreuz-Trier-klein.jpg\" alt=\"Vorstellung beim di\u00f6zesanen Kinderchortag der PUERI CANTORES am 15.09.18 in Trier | Der Kinderchor Heiligkreuz stellt das &#039;Y&#039; aus dem Mottolied &#039;Jesus Christ, You are my life&#039; dar\"> <noscript><img decoding=\"async\" src=\"https:\/\/burkhardpuetz-i6psyu9my.live-website.com\/wp-content\/uploads\/2024\/08\/Kinderchor-Heiligkreuz-Trier-klein.jpg\" alt=\"Vorstellung beim di\u00f6zesanen Kinderchortag der PUERI CANTORES am 15.09.18 in Trier | Der Kinderchor Heiligkreuz stellt das &#039;Y&#039; aus dem Mottolied &#039;Jesus Christ, You are my life&#039; dar\"><\/noscript> <a class=\"pb-link \" data-magnific=\"gallery-15\" data-caption=\"Vorstellung beim di\u00f6zesanen Kinderchortag der PUERI CANTORES am 15.09.18 in Trier | Der Kinderchor Heiligkreuz stellt das 'Y' aus dem Mottolied 'Jesus Christ, You are my life' dar\" rel=\"\" target=\"\" href=\"https:\/\/burkhard-puetz.de\/wp-content\/uploads\/2024\/08\/Kinderchor-Heiligkreuz-Trier-klein.jpg\"> <div class=\"pb-overlay\" style=\"\"> <div class=\"pb-caption-bottom\"> <span class=\"pb-description pb-caption-left\" style=\"\">Vorstellung beim di\u00f6zesanen Kinderchortag der PUERI CANTORES am 15.09.18 in Trier | Der Kinderchor Heiligkreuz stellt das 'Y' aus dem Mottolied 'Jesus Christ, You are my life' dar<\/span> <\/div> <\/div> <\/a> <\/div> <div class=\"pb-block with-text with-social-or-text pb-landscape pb-width pb-type-image \" style=\"\" data-colspan=\"1\" data-rowspan=\"1\" data-col=\"1\" data-row=\"21\" data-valign=\"center\" data-halign=\"center\" data-type=\"image\" data-ratio=\"1.4988290398126\"> <img decoding=\"async\" class=\"pb-image skip-lazy \" src=\"data:image\/png;base64,iVBORw0KGgoAAAANSUhEUgAAAAEAAAABCAYAAAAfFcSJAAAADUlEQVR42mNkYPhfDwAChwGA60e6kgAAAABJRU5ErkJggg==\" data-pb-source=\"https:\/\/burkhardpuetz-i6psyu9my.live-website.com\/wp-content\/uploads\/2024\/08\/Kinderchor-Heiligkreuz-15.09.18.jpg\" alt=\"Der Kinderchor Heiligkreuz beim di\u00f6zesanen Kinderchortag der PUERI CANTORES am 15.09.18 in Trier\"> <noscript><img decoding=\"async\" src=\"https:\/\/burkhardpuetz-i6psyu9my.live-website.com\/wp-content\/uploads\/2024\/08\/Kinderchor-Heiligkreuz-15.09.18.jpg\" alt=\"Der Kinderchor Heiligkreuz beim di\u00f6zesanen Kinderchortag der PUERI CANTORES am 15.09.18 in Trier\"><\/noscript> <a class=\"pb-link \" data-magnific=\"gallery-15\" data-caption=\"Der Kinderchor Heiligkreuz beim di\u00f6zesanen Kinderchortag der PUERI CANTORES am 15.09.18 in Trier\" rel=\"\" target=\"\" href=\"https:\/\/burkhard-puetz.de\/wp-content\/uploads\/2024\/08\/Kinderchor-Heiligkreuz-15.09.18.jpg\"> <div class=\"pb-overlay\" style=\"\"> <div class=\"pb-caption-bottom\"> <span class=\"pb-description pb-caption-left\" style=\"\">Der Kinderchor Heiligkreuz beim di\u00f6zesanen Kinderchortag der PUERI CANTORES am 15.09.18 in Trier<\/span> <\/div> <\/div> <\/a> <\/div> <div class=\"pb-block with-text with-social-or-text pb-landscape pb-width pb-type-image \" style=\"\" data-colspan=\"1\" data-rowspan=\"1\" data-col=\"2\" data-row=\"21\" data-valign=\"center\" data-halign=\"center\" data-type=\"image\" data-ratio=\"1.3333333333333\"> <img decoding=\"async\" class=\"pb-image skip-lazy \" src=\"data:image\/png;base64,iVBORw0KGgoAAAANSUhEUgAAAAEAAAABCAYAAAAfFcSJAAAADUlEQVR42mNkYPhfDwAChwGA60e6kgAAAABJRU5ErkJggg==\" data-pb-source=\"https:\/\/burkhardpuetz-i6psyu9my.live-website.com\/wp-content\/uploads\/2024\/08\/SAM_4780-rotated.jpg\" alt=\"Kinderchor Heiligkreuz beim di\u00f6zesanen Kinderchortag der PUERI CANTORES am 15.09.18 in Trier | Abschluss im Dom\"> <noscript><img decoding=\"async\" src=\"https:\/\/burkhardpuetz-i6psyu9my.live-website.com\/wp-content\/uploads\/2024\/08\/SAM_4780-rotated.jpg\" alt=\"Kinderchor Heiligkreuz beim di\u00f6zesanen Kinderchortag der PUERI CANTORES am 15.09.18 in Trier | Abschluss im Dom\"><\/noscript> <a class=\"pb-link \" data-magnific=\"gallery-15\" data-caption=\"Kinderchor Heiligkreuz beim di\u00f6zesanen Kinderchortag der PUERI CANTORES am 15.09.18 in Trier | Abschluss im Dom\" rel=\"\" target=\"\" href=\"https:\/\/burkhard-puetz.de\/wp-content\/uploads\/2024\/08\/SAM_4780-rotated.jpg\"> <div class=\"pb-overlay\" style=\"\"> <div class=\"pb-caption-bottom\"> <span class=\"pb-description pb-caption-left\" style=\"\">Kinderchor Heiligkreuz beim di\u00f6zesanen Kinderchortag der PUERI CANTORES am 15.09.18 in Trier | Abschluss im Dom<\/span> <\/div> <\/div> <\/a> <\/div> <div class=\"pb-block with-text with-social-or-text pb-landscape pb-width pb-type-image \" style=\"\" data-colspan=\"1\" data-rowspan=\"1\" data-col=\"3\" data-row=\"21\" data-valign=\"center\" data-halign=\"center\" data-type=\"image\" data-ratio=\"1.3767395626243\"> <img decoding=\"async\" class=\"pb-image skip-lazy \" src=\"data:image\/png;base64,iVBORw0KGgoAAAANSUhEUgAAAAEAAAABCAYAAAAfFcSJAAAADUlEQVR42mNkYPhfDwAChwGA60e6kgAAAABJRU5ErkJggg==\" data-pb-source=\"https:\/\/burkhardpuetz-i6psyu9my.live-website.com\/wp-content\/uploads\/2024\/08\/DSCF4515-Web.jpg\" alt=\"Besuch des hl. Nikolaus beim B-Kinderchor Heiligkreuz in der Probe am 7. Dezember 2017\"> <noscript><img decoding=\"async\" src=\"https:\/\/burkhardpuetz-i6psyu9my.live-website.com\/wp-content\/uploads\/2024\/08\/DSCF4515-Web.jpg\" alt=\"Besuch des hl. Nikolaus beim B-Kinderchor Heiligkreuz in der Probe am 7. Dezember 2017\"><\/noscript> <a class=\"pb-link \" data-magnific=\"gallery-15\" data-caption=\"Besuch des hl. Nikolaus beim B-Kinderchor Heiligkreuz in der Probe am 7. Dezember 2017\" rel=\"\" target=\"\" href=\"https:\/\/burkhard-puetz.de\/wp-content\/uploads\/2024\/08\/DSCF4515-Web.jpg\"> <div class=\"pb-overlay\" style=\"\"> <div class=\"pb-caption-bottom\"> <span class=\"pb-description pb-caption-left\" style=\"\">Besuch des hl. Nikolaus beim B-Kinderchor Heiligkreuz in der Probe am 7. Dezember 2017<\/span> <\/div> <\/div> <\/a> <\/div> <div class=\"pb-block with-text with-social-or-text pb-portrait pb-height pb-type-image \" style=\"\" data-colspan=\"1\" data-rowspan=\"1\" data-col=\"0\" data-row=\"22\" data-valign=\"center\" data-halign=\"center\" data-type=\"image\" data-ratio=\"0.89709762532982\"> <img decoding=\"async\" class=\"pb-image skip-lazy \" src=\"data:image\/png;base64,iVBORw0KGgoAAAANSUhEUgAAAAEAAAABCAYAAAAfFcSJAAAADUlEQVR42mNkYPhfDwAChwGA60e6kgAAAABJRU5ErkJggg==\" data-pb-source=\"https:\/\/burkhardpuetz-i6psyu9my.live-website.com\/wp-content\/uploads\/2024\/08\/DSCF4517-Web.jpg\" alt=\"Besuch des hl. Nikolaus beim B-Kinderchor Heiligkreuz in der Probe am 7. Dezember 2017\"> <noscript><img decoding=\"async\" src=\"https:\/\/burkhardpuetz-i6psyu9my.live-website.com\/wp-content\/uploads\/2024\/08\/DSCF4517-Web.jpg\" alt=\"Besuch des hl. Nikolaus beim B-Kinderchor Heiligkreuz in der Probe am 7. Dezember 2017\"><\/noscript> <a class=\"pb-link \" data-magnific=\"gallery-15\" data-caption=\"Besuch des hl. Nikolaus beim B-Kinderchor Heiligkreuz in der Probe am 7. Dezember 2017\" rel=\"\" target=\"\" href=\"https:\/\/burkhard-puetz.de\/wp-content\/uploads\/2024\/08\/DSCF4517-Web.jpg\"> <div class=\"pb-overlay\" style=\"\"> <div class=\"pb-caption-bottom\"> <span class=\"pb-description pb-caption-left\" style=\"\">Besuch des hl. Nikolaus beim B-Kinderchor Heiligkreuz in der Probe am 7. Dezember 2017<\/span> <\/div> <\/div> <\/a> <\/div> <div class=\"pb-block with-text with-social-or-text pb-portrait pb-height pb-type-image \" style=\"\" data-colspan=\"1\" data-rowspan=\"1\" data-col=\"1\" data-row=\"22\" data-valign=\"center\" data-halign=\"center\" data-type=\"image\" data-ratio=\"0.77922077922078\"> <img decoding=\"async\" class=\"pb-image skip-lazy \" src=\"data:image\/png;base64,iVBORw0KGgoAAAANSUhEUgAAAAEAAAABCAYAAAAfFcSJAAAADUlEQVR42mNkYPhfDwAChwGA60e6kgAAAABJRU5ErkJggg==\" data-pb-source=\"https:\/\/burkhardpuetz-i6psyu9my.live-website.com\/wp-content\/uploads\/2024\/08\/DSCF4518-Web.jpg\" alt=\"Besuch des hl. Nikolaus beim B-Kinderchor Heiligkreuz in der Probe am 7. Dezember 2017\"> <noscript><img decoding=\"async\" src=\"https:\/\/burkhardpuetz-i6psyu9my.live-website.com\/wp-content\/uploads\/2024\/08\/DSCF4518-Web.jpg\" alt=\"Besuch des hl. Nikolaus beim B-Kinderchor Heiligkreuz in der Probe am 7. Dezember 2017\"><\/noscript> <a class=\"pb-link \" data-magnific=\"gallery-15\" data-caption=\"Besuch des hl. Nikolaus beim B-Kinderchor Heiligkreuz in der Probe am 7. Dezember 2017\" rel=\"\" target=\"\" href=\"https:\/\/burkhard-puetz.de\/wp-content\/uploads\/2024\/08\/DSCF4518-Web.jpg\"> <div class=\"pb-overlay\" style=\"\"> <div class=\"pb-caption-bottom\"> <span class=\"pb-description pb-caption-left\" style=\"\">Besuch des hl. Nikolaus beim B-Kinderchor Heiligkreuz in der Probe am 7. Dezember 2017<\/span> <\/div> <\/div> <\/a> <\/div> <div class=\"pb-block with-text with-social-or-text pb-landscape pb-width pb-type-image \" style=\"\" data-colspan=\"1\" data-rowspan=\"1\" data-col=\"2\" data-row=\"22\" data-valign=\"center\" data-halign=\"center\" data-type=\"image\" data-ratio=\"1.4201183431953\"> <img decoding=\"async\" class=\"pb-image skip-lazy \" src=\"data:image\/png;base64,iVBORw0KGgoAAAANSUhEUgAAAAEAAAABCAYAAAAfFcSJAAAADUlEQVR42mNkYPhfDwAChwGA60e6kgAAAABJRU5ErkJggg==\" data-pb-source=\"https:\/\/burkhardpuetz-i6psyu9my.live-website.com\/wp-content\/uploads\/2024\/08\/DSCF4521-Web.jpg\" alt=\"Besuch des hl. Nikolaus beim B-Kinderchor Heiligkreuz in der Probe am 7. Dezember 2017\"> <noscript><img decoding=\"async\" src=\"https:\/\/burkhardpuetz-i6psyu9my.live-website.com\/wp-content\/uploads\/2024\/08\/DSCF4521-Web.jpg\" alt=\"Besuch des hl. Nikolaus beim B-Kinderchor Heiligkreuz in der Probe am 7. Dezember 2017\"><\/noscript> <a class=\"pb-link \" data-magnific=\"gallery-15\" data-caption=\"Besuch des hl. Nikolaus beim B-Kinderchor Heiligkreuz in der Probe am 7. Dezember 2017\" rel=\"\" target=\"\" href=\"https:\/\/burkhard-puetz.de\/wp-content\/uploads\/2024\/08\/DSCF4521-Web.jpg\"> <div class=\"pb-overlay\" style=\"\"> <div class=\"pb-caption-bottom\"> <span class=\"pb-description pb-caption-left\" style=\"\">Besuch des hl. Nikolaus beim B-Kinderchor Heiligkreuz in der Probe am 7. Dezember 2017<\/span> <\/div> <\/div> <\/a> <\/div> <div class=\"pb-block with-text with-social-or-text pb-landscape pb-width pb-type-image \" style=\"\" data-colspan=\"1\" data-rowspan=\"1\" data-col=\"3\" data-row=\"22\" data-valign=\"center\" data-halign=\"center\" data-type=\"image\" data-ratio=\"1.6363636363636\"> <img decoding=\"async\" class=\"pb-image skip-lazy \" src=\"data:image\/png;base64,iVBORw0KGgoAAAANSUhEUgAAAAEAAAABCAYAAAAfFcSJAAAADUlEQVR42mNkYPhfDwAChwGA60e6kgAAAABJRU5ErkJggg==\" data-pb-source=\"https:\/\/burkhardpuetz-i6psyu9my.live-website.com\/wp-content\/uploads\/2024\/08\/3-Korr.jpg\" alt=\"Der Kinderchor Heiligkreuz (A-Chor) vor dem Hochamt am 1. Adventsonntag, 3. Dezember 2017 in der Pfarrkirche St. Michael\"> <noscript><img decoding=\"async\" src=\"https:\/\/burkhardpuetz-i6psyu9my.live-website.com\/wp-content\/uploads\/2024\/08\/3-Korr.jpg\" alt=\"Der Kinderchor Heiligkreuz (A-Chor) vor dem Hochamt am 1. Adventsonntag, 3. Dezember 2017 in der Pfarrkirche St. Michael\"><\/noscript> <a class=\"pb-link \" data-magnific=\"gallery-15\" data-caption=\"Der Kinderchor Heiligkreuz (A-Chor) vor dem Hochamt am 1. Adventsonntag, 3. Dezember 2017 in der Pfarrkirche St. Michael\" rel=\"\" target=\"\" href=\"https:\/\/burkhard-puetz.de\/wp-content\/uploads\/2024\/08\/3-Korr.jpg\"> <div class=\"pb-overlay\" style=\"\"> <div class=\"pb-caption-bottom\"> <span class=\"pb-description pb-caption-left\" style=\"\">Der Kinderchor Heiligkreuz (A-Chor) vor dem Hochamt am 1. Adventsonntag, 3. Dezember 2017 in der Pfarrkirche St. Michael<\/span> <\/div> <\/div> <\/a> <\/div> <div class=\"pb-block with-text with-social-or-text pb-landscape pb-width pb-type-image \" style=\"\" data-colspan=\"1\" data-rowspan=\"1\" data-col=\"0\" data-row=\"23\" data-valign=\"center\" data-halign=\"center\" data-type=\"image\" data-ratio=\"1.4773936170213\"> <img decoding=\"async\" class=\"pb-image skip-lazy \" src=\"data:image\/png;base64,iVBORw0KGgoAAAANSUhEUgAAAAEAAAABCAYAAAAfFcSJAAAADUlEQVR42mNkYPhfDwAChwGA60e6kgAAAABJRU5ErkJggg==\" data-pb-source=\"https:\/\/burkhardpuetz-i6psyu9my.live-website.com\/wp-content\/uploads\/2024\/08\/5-Korr.jpg\" alt=\"Der Kinderchor Heiligkreuz (A-Chor) vor dem Hochamt am 1. Adventsonntag, 3. Dezember 2017 in der Pfarrkirche St. Michael\"> <noscript><img decoding=\"async\" src=\"https:\/\/burkhardpuetz-i6psyu9my.live-website.com\/wp-content\/uploads\/2024\/08\/5-Korr.jpg\" alt=\"Der Kinderchor Heiligkreuz (A-Chor) vor dem Hochamt am 1. Adventsonntag, 3. Dezember 2017 in der Pfarrkirche St. Michael\"><\/noscript> <a class=\"pb-link \" data-magnific=\"gallery-15\" data-caption=\"Der Kinderchor Heiligkreuz (A-Chor) vor dem Hochamt am 1. Adventsonntag, 3. Dezember 2017 in der Pfarrkirche St. Michael\" rel=\"\" target=\"\" href=\"https:\/\/burkhard-puetz.de\/wp-content\/uploads\/2024\/08\/5-Korr.jpg\"> <div class=\"pb-overlay\" style=\"\"> <div class=\"pb-caption-bottom\"> <span class=\"pb-description pb-caption-left\" style=\"\">Der Kinderchor Heiligkreuz (A-Chor) vor dem Hochamt am 1. Adventsonntag, 3. Dezember 2017 in der Pfarrkirche St. Michael<\/span> <\/div> <\/div> <\/a> <\/div> <div class=\"pb-block with-text with-social-or-text pb-landscape pb-width pb-type-image \" style=\"\" data-colspan=\"1\" data-rowspan=\"1\" data-col=\"1\" data-row=\"23\" data-valign=\"center\" data-halign=\"center\" data-type=\"image\" data-ratio=\"1.4844006568144\"> <img decoding=\"async\" class=\"pb-image skip-lazy \" src=\"data:image\/png;base64,iVBORw0KGgoAAAANSUhEUgAAAAEAAAABCAYAAAAfFcSJAAAADUlEQVR42mNkYPhfDwAChwGA60e6kgAAAABJRU5ErkJggg==\" data-pb-source=\"https:\/\/burkhardpuetz-i6psyu9my.live-website.com\/wp-content\/uploads\/2024\/08\/Kinderchor-Heiligkreuz-03.12.17.jpg\" alt=\"Der Kinderchor Heiligkreuz (A-Chor) vor dem Hochamt am 1. Adventsonntag, 3. Dezember 2017 in der Pfarrkirche St. Michael\"> <noscript><img decoding=\"async\" src=\"https:\/\/burkhardpuetz-i6psyu9my.live-website.com\/wp-content\/uploads\/2024\/08\/Kinderchor-Heiligkreuz-03.12.17.jpg\" alt=\"Der Kinderchor Heiligkreuz (A-Chor) vor dem Hochamt am 1. Adventsonntag, 3. Dezember 2017 in der Pfarrkirche St. Michael\"><\/noscript> <a class=\"pb-link \" data-magnific=\"gallery-15\" data-caption=\"Der Kinderchor Heiligkreuz (A-Chor) vor dem Hochamt am 1. Adventsonntag, 3. Dezember 2017 in der Pfarrkirche St. Michael\" rel=\"\" target=\"\" href=\"https:\/\/burkhard-puetz.de\/wp-content\/uploads\/2024\/08\/Kinderchor-Heiligkreuz-03.12.17.jpg\"> <div class=\"pb-overlay\" style=\"\"> <div class=\"pb-caption-bottom\"> <span class=\"pb-description pb-caption-left\" style=\"\">Der Kinderchor Heiligkreuz (A-Chor) vor dem Hochamt am 1. Adventsonntag, 3. Dezember 2017 in der Pfarrkirche St. Michael<\/span> <\/div> <\/div> <\/a> <\/div> <div class=\"pb-block with-text with-social-or-text pb-landscape pb-width pb-type-image \" style=\"\" data-colspan=\"1\" data-rowspan=\"1\" data-col=\"2\" data-row=\"23\" data-valign=\"center\" data-halign=\"center\" data-type=\"image\" data-ratio=\"1.3330206378987\"> <img decoding=\"async\" class=\"pb-image skip-lazy \" src=\"data:image\/png;base64,iVBORw0KGgoAAAANSUhEUgAAAAEAAAABCAYAAAAfFcSJAAAADUlEQVR42mNkYPhfDwAChwGA60e6kgAAAABJRU5ErkJggg==\" data-pb-source=\"https:\/\/burkhardpuetz-i6psyu9my.live-website.com\/wp-content\/uploads\/2024\/08\/2017-10-29-12.07.42_1509281326417-Web.jpg\" alt=\"Der Kinderchor Heiligkreuz im Hochamt am 29.10.17 in der Pfarrkirche Heiligkreuz Trier | Messe f\u00fcr Oberstimmenchor und Orgel von Bernhard Blitsch\"> <noscript><img decoding=\"async\" src=\"https:\/\/burkhardpuetz-i6psyu9my.live-website.com\/wp-content\/uploads\/2024\/08\/2017-10-29-12.07.42_1509281326417-Web.jpg\" alt=\"Der Kinderchor Heiligkreuz im Hochamt am 29.10.17 in der Pfarrkirche Heiligkreuz Trier | Messe f\u00fcr Oberstimmenchor und Orgel von Bernhard Blitsch\"><\/noscript> <a class=\"pb-link \" data-magnific=\"gallery-15\" data-caption=\"Der Kinderchor Heiligkreuz im Hochamt am 29.10.17 in der Pfarrkirche Heiligkreuz Trier | Messe f\u00fcr Oberstimmenchor und Orgel von Bernhard Blitsch\" rel=\"\" target=\"\" href=\"https:\/\/burkhard-puetz.de\/wp-content\/uploads\/2024\/08\/2017-10-29-12.07.42_1509281326417-Web.jpg\"> <div class=\"pb-overlay\" style=\"\"> <div class=\"pb-caption-bottom\"> <span class=\"pb-description pb-caption-left\" style=\"\">Der Kinderchor Heiligkreuz im Hochamt am 29.10.17 in der Pfarrkirche Heiligkreuz Trier | Messe f\u00fcr Oberstimmenchor und Orgel von Bernhard Blitsch<\/span> <\/div> <\/div> <\/a> <\/div> <div class=\"pb-block with-text with-social-or-text pb-portrait pb-height pb-type-image \" style=\"\" data-colspan=\"1\" data-rowspan=\"1\" data-col=\"3\" data-row=\"23\" data-valign=\"center\" data-halign=\"center\" data-type=\"image\" data-ratio=\"0.56267409470752\"> <img decoding=\"async\" class=\"pb-image skip-lazy \" src=\"data:image\/png;base64,iVBORw0KGgoAAAANSUhEUgAAAAEAAAABCAYAAAAfFcSJAAAADUlEQVR42mNkYPhfDwAChwGA60e6kgAAAABJRU5ErkJggg==\" data-pb-source=\"https:\/\/burkhardpuetz-i6psyu9my.live-website.com\/wp-content\/uploads\/2024\/08\/20171029_085849_1509281440071-Web.jpg\" alt=\"Der Kinderchor Heiligkreuz im Hochamt am 29.10.17 in der Pfarrkirche Heiligkreuz Trier | Messe f\u00fcr Oberstimmenchor und Orgel von Bernhard Blitsch\"> <noscript><img decoding=\"async\" src=\"https:\/\/burkhardpuetz-i6psyu9my.live-website.com\/wp-content\/uploads\/2024\/08\/20171029_085849_1509281440071-Web.jpg\" alt=\"Der Kinderchor Heiligkreuz im Hochamt am 29.10.17 in der Pfarrkirche Heiligkreuz Trier | Messe f\u00fcr Oberstimmenchor und Orgel von Bernhard Blitsch\"><\/noscript> <a class=\"pb-link \" data-magnific=\"gallery-15\" data-caption=\"Der Kinderchor Heiligkreuz im Hochamt am 29.10.17 in der Pfarrkirche Heiligkreuz Trier | Messe f\u00fcr Oberstimmenchor und Orgel von Bernhard Blitsch\" rel=\"\" target=\"\" href=\"https:\/\/burkhard-puetz.de\/wp-content\/uploads\/2024\/08\/20171029_085849_1509281440071-Web.jpg\"> <div class=\"pb-overlay\" style=\"\"> <div class=\"pb-caption-bottom\"> <span class=\"pb-description pb-caption-left\" style=\"\">Der Kinderchor Heiligkreuz im Hochamt am 29.10.17 in der Pfarrkirche Heiligkreuz Trier | Messe f\u00fcr Oberstimmenchor und Orgel von Bernhard Blitsch<\/span> <\/div> <\/div> <\/a> <\/div> <div class=\"pb-block with-text with-social-or-text pb-landscape pb-width pb-type-image \" style=\"\" data-colspan=\"1\" data-rowspan=\"1\" data-col=\"0\" data-row=\"24\" data-valign=\"center\" data-halign=\"center\" data-type=\"image\" data-ratio=\"1.3333333333333\"> <img decoding=\"async\" class=\"pb-image skip-lazy \" src=\"data:image\/png;base64,iVBORw0KGgoAAAANSUhEUgAAAAEAAAABCAYAAAAfFcSJAAAADUlEQVR42mNkYPhfDwAChwGA60e6kgAAAABJRU5ErkJggg==\" data-pb-source=\"https:\/\/burkhardpuetz-i6psyu9my.live-website.com\/wp-content\/uploads\/2024\/08\/web-Konzert-St.-Maternus-Trier-17.09.17-1.jpg\" alt=\"Konzert in St. Maternus am 17.09.17 | 50 Jahre Pfarrei St. Maternus Trier | Im Kreuz ist Leben | J. Reidenbach: Im Kreuz ist Heil (Urauff\u00fchrung) | R. Vaughan Williams: Five Mystical Songs | Werke v. Mendelssohn, Rheinberger, Stanford u. a. | Chorgemeinschaft und Kinderchor Heiligkreuz | D. J. Pike, Bariton | J. Still, Orgel | Ltg.: B. P\u00fctz\"> <noscript><img decoding=\"async\" src=\"https:\/\/burkhardpuetz-i6psyu9my.live-website.com\/wp-content\/uploads\/2024\/08\/web-Konzert-St.-Maternus-Trier-17.09.17-1.jpg\" alt=\"Konzert in St. Maternus am 17.09.17 | 50 Jahre Pfarrei St. Maternus Trier | Im Kreuz ist Leben | J. Reidenbach: Im Kreuz ist Heil (Urauff\u00fchrung) | R. Vaughan Williams: Five Mystical Songs | Werke v. Mendelssohn, Rheinberger, Stanford u. a. | Chorgemeinschaft und Kinderchor Heiligkreuz | D. J. Pike, Bariton | J. Still, Orgel | Ltg.: B. P\u00fctz\"><\/noscript> <a class=\"pb-link \" data-magnific=\"gallery-15\" data-caption=\"Konzert in St. Maternus am 17.09.17 | 50 Jahre Pfarrei St. Maternus Trier | Im Kreuz ist Leben | J. Reidenbach: Im Kreuz ist Heil (Urauff\u00fchrung) | R. Vaughan Williams: Five Mystical Songs | Werke v. Mendelssohn, Rheinberger, Stanford u. a. | Chorgemeinschaft und Kinderchor Heiligkreuz | D. J. Pike, Bariton | J. Still, Orgel | Ltg.: B. P\u00fctz\" rel=\"\" target=\"\" href=\"https:\/\/burkhard-puetz.de\/wp-content\/uploads\/2024\/08\/web-Konzert-St.-Maternus-Trier-17.09.17-1.jpg\"> <div class=\"pb-overlay\" style=\"\"> <div class=\"pb-caption-bottom\"> <span class=\"pb-description pb-caption-left\" style=\"\">Konzert in St. Maternus am 17.09.17 | 50 Jahre Pfarrei St. Maternus Trier | Im Kreuz ist Leben | J. Reidenbach: Im Kreuz ist Heil (Urauff\u00fchrung) | R. Vaughan Williams: Five Mystical Songs | Werke v. Mendelssohn, Rheinberger, Stanford u. a. | Chorgemeinschaft und Kinderchor Heiligkreuz | D. J. Pike, Bariton | J. Still, Orgel | Ltg.: B. P\u00fctz<\/span> <\/div> <\/div> <\/a> <\/div> <div class=\"pb-block with-text with-social-or-text pb-landscape pb-width pb-type-image \" style=\"\" data-colspan=\"1\" data-rowspan=\"1\" data-col=\"1\" data-row=\"24\" data-valign=\"center\" data-halign=\"center\" data-type=\"image\" data-ratio=\"1.5930304915993\"> <img decoding=\"async\" class=\"pb-image skip-lazy \" src=\"data:image\/png;base64,iVBORw0KGgoAAAANSUhEUgAAAAEAAAABCAYAAAAfFcSJAAAADUlEQVR42mNkYPhfDwAChwGA60e6kgAAAABJRU5ErkJggg==\" data-pb-source=\"https:\/\/burkhardpuetz-i6psyu9my.live-website.com\/wp-content\/uploads\/2024\/08\/web-Konzert-St.-Maternus-Trier-17.09.17-2b-scaled.jpg\" alt=\"Konzert in St. Maternus am 17.09.17 | 50 Jahre Pfarrei St. Maternus Trier | Im Kreuz ist Leben | J. Reidenbach: Im Kreuz ist Heil (Urauff\u00fchrung) | R. Vaughan Williams: Five Mystical Songs | Werke v. Mendelssohn, Rheinberger, Stanford u. a. | Chorgemeinschaft und Kinderchor Heiligkreuz | D. J. Pike, Bariton | J. Still, Orgel | Ltg.: B. P\u00fctz\"> <noscript><img decoding=\"async\" src=\"https:\/\/burkhardpuetz-i6psyu9my.live-website.com\/wp-content\/uploads\/2024\/08\/web-Konzert-St.-Maternus-Trier-17.09.17-2b-scaled.jpg\" alt=\"Konzert in St. Maternus am 17.09.17 | 50 Jahre Pfarrei St. Maternus Trier | Im Kreuz ist Leben | J. Reidenbach: Im Kreuz ist Heil (Urauff\u00fchrung) | R. Vaughan Williams: Five Mystical Songs | Werke v. Mendelssohn, Rheinberger, Stanford u. a. | Chorgemeinschaft und Kinderchor Heiligkreuz | D. J. Pike, Bariton | J. Still, Orgel | Ltg.: B. P\u00fctz\"><\/noscript> <a class=\"pb-link \" data-magnific=\"gallery-15\" data-caption=\"Konzert in St. Maternus am 17.09.17 | 50 Jahre Pfarrei St. Maternus Trier | Im Kreuz ist Leben | J. Reidenbach: Im Kreuz ist Heil (Urauff\u00fchrung) | R. Vaughan Williams: Five Mystical Songs | Werke v. Mendelssohn, Rheinberger, Stanford u. a. | Chorgemeinschaft und Kinderchor Heiligkreuz | D. J. Pike, Bariton | J. Still, Orgel | Ltg.: B. P\u00fctz\" rel=\"\" target=\"\" href=\"https:\/\/burkhard-puetz.de\/wp-content\/uploads\/2024\/08\/web-Konzert-St.-Maternus-Trier-17.09.17-2b-scaled.jpg\"> <div class=\"pb-overlay\" style=\"\"> <div class=\"pb-caption-bottom\"> <span class=\"pb-description pb-caption-left\" style=\"\">Konzert in St. Maternus am 17.09.17 | 50 Jahre Pfarrei St. Maternus Trier | Im Kreuz ist Leben | J. Reidenbach: Im Kreuz ist Heil (Urauff\u00fchrung) | R. Vaughan Williams: Five Mystical Songs | Werke v. Mendelssohn, Rheinberger, Stanford u. a. | Chorgemeinschaft und Kinderchor Heiligkreuz | D. J. Pike, Bariton | J. Still, Orgel | Ltg.: B. P\u00fctz<\/span> <\/div> <\/div> <\/a> <\/div> <div class=\"pb-block with-text with-social-or-text pb-landscape pb-width pb-type-image \" style=\"\" data-colspan=\"1\" data-rowspan=\"1\" data-col=\"2\" data-row=\"24\" data-valign=\"center\" data-halign=\"center\" data-type=\"image\" data-ratio=\"2.1192052980132\"> <img decoding=\"async\" class=\"pb-image skip-lazy \" src=\"data:image\/png;base64,iVBORw0KGgoAAAANSUhEUgAAAAEAAAABCAYAAAAfFcSJAAAADUlEQVR42mNkYPhfDwAChwGA60e6kgAAAABJRU5ErkJggg==\" data-pb-source=\"https:\/\/burkhardpuetz-i6psyu9my.live-website.com\/wp-content\/uploads\/2024\/08\/web-Konzert-St.-Maternus-Trier-17.09.17-3-scaled.jpg\" alt=\"Konzert in St. Maternus am 17.09.17 | 50 Jahre Pfarrei St. Maternus Trier | Im Kreuz ist Leben | J. Reidenbach: Im Kreuz ist Heil (Urauff\u00fchrung) | R. Vaughan Williams: Five Mystical Songs | Werke v. Mendelssohn, Rheinberger, Stanford u. a. | Chorgemeinschaft und Kinderchor Heiligkreuz | D. J. Pike, Bariton | J. Still, Orgel | Ltg.: B. P\u00fctz\"> <noscript><img decoding=\"async\" src=\"https:\/\/burkhardpuetz-i6psyu9my.live-website.com\/wp-content\/uploads\/2024\/08\/web-Konzert-St.-Maternus-Trier-17.09.17-3-scaled.jpg\" alt=\"Konzert in St. Maternus am 17.09.17 | 50 Jahre Pfarrei St. Maternus Trier | Im Kreuz ist Leben | J. Reidenbach: Im Kreuz ist Heil (Urauff\u00fchrung) | R. Vaughan Williams: Five Mystical Songs | Werke v. Mendelssohn, Rheinberger, Stanford u. a. | Chorgemeinschaft und Kinderchor Heiligkreuz | D. J. Pike, Bariton | J. Still, Orgel | Ltg.: B. P\u00fctz\"><\/noscript> <a class=\"pb-link \" data-magnific=\"gallery-15\" data-caption=\"Konzert in St. Maternus am 17.09.17 | 50 Jahre Pfarrei St. Maternus Trier | Im Kreuz ist Leben | J. Reidenbach: Im Kreuz ist Heil (Urauff\u00fchrung) | R. Vaughan Williams: Five Mystical Songs | Werke v. Mendelssohn, Rheinberger, Stanford u. a. | Chorgemeinschaft und Kinderchor Heiligkreuz | D. J. Pike, Bariton | J. Still, Orgel | Ltg.: B. P\u00fctz\" rel=\"\" target=\"\" href=\"https:\/\/burkhard-puetz.de\/wp-content\/uploads\/2024\/08\/web-Konzert-St.-Maternus-Trier-17.09.17-3-scaled.jpg\"> <div class=\"pb-overlay\" style=\"\"> <div class=\"pb-caption-bottom\"> <span class=\"pb-description pb-caption-left\" style=\"\">Konzert in St. Maternus am 17.09.17 | 50 Jahre Pfarrei St. Maternus Trier | Im Kreuz ist Leben | J. Reidenbach: Im Kreuz ist Heil (Urauff\u00fchrung) | R. Vaughan Williams: Five Mystical Songs | Werke v. Mendelssohn, Rheinberger, Stanford u. a. | Chorgemeinschaft und Kinderchor Heiligkreuz | D. J. Pike, Bariton | J. Still, Orgel | Ltg.: B. P\u00fctz<\/span> <\/div> <\/div> <\/a> <\/div> <div class=\"pb-block with-text with-social-or-text pb-landscape pb-width pb-type-image \" style=\"\" data-colspan=\"1\" data-rowspan=\"1\" data-col=\"3\" data-row=\"24\" data-valign=\"center\" data-halign=\"center\" data-type=\"image\" data-ratio=\"1.3333333333333\"> <img decoding=\"async\" class=\"pb-image skip-lazy \" src=\"data:image\/png;base64,iVBORw0KGgoAAAANSUhEUgAAAAEAAAABCAYAAAAfFcSJAAAADUlEQVR42mNkYPhfDwAChwGA60e6kgAAAABJRU5ErkJggg==\" data-pb-source=\"https:\/\/burkhardpuetz-i6psyu9my.live-website.com\/wp-content\/uploads\/2024\/08\/web-Konzert-St.-Maternus-Trier-17.09.17-4.jpg\" alt=\"Konzert in St. Maternus am 17.09.17 | 50 Jahre Pfarrei St. Maternus Trier | Im Kreuz ist Leben | J. Reidenbach: Im Kreuz ist Heil (Urauff\u00fchrung) | R. Vaughan Williams: Five Mystical Songs | Werke v. Mendelssohn, Rheinberger, Stanford u. a. | Chorgemeinschaft und Kinderchor Heiligkreuz | D. J. Pike, Bariton | J. Still, Orgel | Ltg.: B. P\u00fctz\"> <noscript><img decoding=\"async\" src=\"https:\/\/burkhardpuetz-i6psyu9my.live-website.com\/wp-content\/uploads\/2024\/08\/web-Konzert-St.-Maternus-Trier-17.09.17-4.jpg\" alt=\"Konzert in St. Maternus am 17.09.17 | 50 Jahre Pfarrei St. Maternus Trier | Im Kreuz ist Leben | J. Reidenbach: Im Kreuz ist Heil (Urauff\u00fchrung) | R. Vaughan Williams: Five Mystical Songs | Werke v. Mendelssohn, Rheinberger, Stanford u. a. | Chorgemeinschaft und Kinderchor Heiligkreuz | D. J. Pike, Bariton | J. Still, Orgel | Ltg.: B. P\u00fctz\"><\/noscript> <a class=\"pb-link \" data-magnific=\"gallery-15\" data-caption=\"Konzert in St. Maternus am 17.09.17 | 50 Jahre Pfarrei St. Maternus Trier | Im Kreuz ist Leben | J. Reidenbach: Im Kreuz ist Heil (Urauff\u00fchrung) | R. Vaughan Williams: Five Mystical Songs | Werke v. Mendelssohn, Rheinberger, Stanford u. a. | Chorgemeinschaft und Kinderchor Heiligkreuz | D. J. Pike, Bariton | J. Still, Orgel | Ltg.: B. P\u00fctz\" rel=\"\" target=\"\" href=\"https:\/\/burkhard-puetz.de\/wp-content\/uploads\/2024\/08\/web-Konzert-St.-Maternus-Trier-17.09.17-4.jpg\"> <div class=\"pb-overlay\" style=\"\"> <div class=\"pb-caption-bottom\"> <span class=\"pb-description pb-caption-left\" style=\"\">Konzert in St. Maternus am 17.09.17 | 50 Jahre Pfarrei St. Maternus Trier | Im Kreuz ist Leben | J. Reidenbach: Im Kreuz ist Heil (Urauff\u00fchrung) | R. Vaughan Williams: Five Mystical Songs | Werke v. Mendelssohn, Rheinberger, Stanford u. a. | Chorgemeinschaft und Kinderchor Heiligkreuz | D. J. Pike, Bariton | J. Still, Orgel | Ltg.: B. P\u00fctz<\/span> <\/div> <\/div> <\/a> <\/div> <div class=\"pb-block with-text with-social-or-text pb-landscape pb-width pb-type-image \" style=\"\" data-colspan=\"1\" data-rowspan=\"1\" data-col=\"0\" data-row=\"25\" data-valign=\"center\" data-halign=\"center\" data-type=\"image\" data-ratio=\"1.9234404536862\"> <img decoding=\"async\" class=\"pb-image skip-lazy \" src=\"data:image\/png;base64,iVBORw0KGgoAAAANSUhEUgAAAAEAAAABCAYAAAAfFcSJAAAADUlEQVR42mNkYPhfDwAChwGA60e6kgAAAABJRU5ErkJggg==\" data-pb-source=\"https:\/\/burkhardpuetz-i6psyu9my.live-website.com\/wp-content\/uploads\/2024\/08\/web-Konzert-St.-Maternus-Trier-17.09.17-6.jpg\" alt=\"Konzert in St. Maternus am 17.09.17 | 50 Jahre Pfarrei St. Maternus Trier | Im Kreuz ist Leben | J. Reidenbach: Im Kreuz ist Heil (Urauff\u00fchrung) | R. Vaughan Williams: Five Mystical Songs | Werke v. Mendelssohn, Rheinberger, Stanford u. a. | Chorgemeinschaft und Kinderchor Heiligkreuz | D. J. Pike, Bariton | J. Still, Orgel | Ltg.: B. P\u00fctz\"> <noscript><img decoding=\"async\" src=\"https:\/\/burkhardpuetz-i6psyu9my.live-website.com\/wp-content\/uploads\/2024\/08\/web-Konzert-St.-Maternus-Trier-17.09.17-6.jpg\" alt=\"Konzert in St. Maternus am 17.09.17 | 50 Jahre Pfarrei St. Maternus Trier | Im Kreuz ist Leben | J. Reidenbach: Im Kreuz ist Heil (Urauff\u00fchrung) | R. Vaughan Williams: Five Mystical Songs | Werke v. Mendelssohn, Rheinberger, Stanford u. a. | Chorgemeinschaft und Kinderchor Heiligkreuz | D. J. Pike, Bariton | J. Still, Orgel | Ltg.: B. P\u00fctz\"><\/noscript> <a class=\"pb-link \" data-magnific=\"gallery-15\" data-caption=\"Konzert in St. Maternus am 17.09.17 | 50 Jahre Pfarrei St. Maternus Trier | Im Kreuz ist Leben | J. Reidenbach: Im Kreuz ist Heil (Urauff\u00fchrung) | R. Vaughan Williams: Five Mystical Songs | Werke v. Mendelssohn, Rheinberger, Stanford u. a. | Chorgemeinschaft und Kinderchor Heiligkreuz | D. J. Pike, Bariton | J. Still, Orgel | Ltg.: B. P\u00fctz\" rel=\"\" target=\"\" href=\"https:\/\/burkhard-puetz.de\/wp-content\/uploads\/2024\/08\/web-Konzert-St.-Maternus-Trier-17.09.17-6.jpg\"> <div class=\"pb-overlay\" style=\"\"> <div class=\"pb-caption-bottom\"> <span class=\"pb-description pb-caption-left\" style=\"\">Konzert in St. Maternus am 17.09.17 | 50 Jahre Pfarrei St. Maternus Trier | Im Kreuz ist Leben | J. Reidenbach: Im Kreuz ist Heil (Urauff\u00fchrung) | R. Vaughan Williams: Five Mystical Songs | Werke v. Mendelssohn, Rheinberger, Stanford u. a. | Chorgemeinschaft und Kinderchor Heiligkreuz | D. J. Pike, Bariton | J. Still, Orgel | Ltg.: B. P\u00fctz<\/span> <\/div> <\/div> <\/a> <\/div> <div class=\"pb-block with-text with-social-or-text pb-landscape pb-width pb-type-image \" style=\"\" data-colspan=\"1\" data-rowspan=\"1\" data-col=\"1\" data-row=\"25\" data-valign=\"center\" data-halign=\"center\" data-type=\"image\" data-ratio=\"1.6326781326781\"> <img decoding=\"async\" class=\"pb-image skip-lazy \" src=\"data:image\/png;base64,iVBORw0KGgoAAAANSUhEUgAAAAEAAAABCAYAAAAfFcSJAAAADUlEQVR42mNkYPhfDwAChwGA60e6kgAAAABJRU5ErkJggg==\" data-pb-source=\"https:\/\/burkhardpuetz-i6psyu9my.live-website.com\/wp-content\/uploads\/2024\/08\/Aufnahme-neuer-Chorkinder-18.06.16.jpg\" alt=\"Aufnahme neuer Chorkinder | Vorabendmesse St. Maternus 18.06.16 | B. Blitsch: Messe f\u00fcr Oberstimmenchor u. Orgel (Ausz\u00fcge) | R. Jones: Segne, Gott im Himmel | Kinderchor Heiligkreuz Trier | K. Bungert, Orgel | Leitung: B. P\u00fctz\"> <noscript><img decoding=\"async\" src=\"https:\/\/burkhardpuetz-i6psyu9my.live-website.com\/wp-content\/uploads\/2024\/08\/Aufnahme-neuer-Chorkinder-18.06.16.jpg\" alt=\"Aufnahme neuer Chorkinder | Vorabendmesse St. Maternus 18.06.16 | B. Blitsch: Messe f\u00fcr Oberstimmenchor u. Orgel (Ausz\u00fcge) | R. Jones: Segne, Gott im Himmel | Kinderchor Heiligkreuz Trier | K. Bungert, Orgel | Leitung: B. P\u00fctz\"><\/noscript> <a class=\"pb-link \" data-magnific=\"gallery-15\" data-caption=\"Aufnahme neuer Chorkinder | Vorabendmesse St. Maternus 18.06.16 | B. Blitsch: Messe f\u00fcr Oberstimmenchor u. Orgel (Ausz\u00fcge) | R. Jones: Segne, Gott im Himmel | Kinderchor Heiligkreuz Trier | K. Bungert, Orgel | Leitung: B. P\u00fctz\" rel=\"\" target=\"\" href=\"https:\/\/burkhard-puetz.de\/wp-content\/uploads\/2024\/08\/Aufnahme-neuer-Chorkinder-18.06.16.jpg\"> <div class=\"pb-overlay\" style=\"\"> <div class=\"pb-caption-bottom\"> <span class=\"pb-description pb-caption-left\" style=\"\">Aufnahme neuer Chorkinder | Vorabendmesse St. Maternus 18.06.16 | B. Blitsch: Messe f\u00fcr Oberstimmenchor u. Orgel (Ausz\u00fcge) | R. Jones: Segne, Gott im Himmel | Kinderchor Heiligkreuz Trier | K. Bungert, Orgel | Leitung: B. P\u00fctz<\/span> <\/div> <\/div> <\/a> <\/div> <div class=\"pb-block with-text with-social-or-text pb-landscape pb-width pb-type-image \" style=\"\" data-colspan=\"1\" data-rowspan=\"1\" data-col=\"2\" data-row=\"25\" data-valign=\"center\" data-halign=\"center\" data-type=\"image\" data-ratio=\"1.6866666666667\"> <img decoding=\"async\" class=\"pb-image skip-lazy \" src=\"data:image\/png;base64,iVBORw0KGgoAAAANSUhEUgAAAAEAAAABCAYAAAAfFcSJAAAADUlEQVR42mNkYPhfDwAChwGA60e6kgAAAABJRU5ErkJggg==\" data-pb-source=\"https:\/\/burkhardpuetz-i6psyu9my.live-website.com\/wp-content\/uploads\/2024\/08\/Kinderchor-Heiligkreuz-Trier-06.03.16.jpg\" alt=\"Hochamt Pfarrkirche Heiligkreuz 06.03.16 | Christopher Tambling: Messe in A | C\u00e9sar Franck: Panis angelicus u. a. | Kinderchor Heiligkreuz (A-Chor) | K. Bungert, Orgel | Ltg.: B. P\u00fctz\"> <noscript><img decoding=\"async\" src=\"https:\/\/burkhardpuetz-i6psyu9my.live-website.com\/wp-content\/uploads\/2024\/08\/Kinderchor-Heiligkreuz-Trier-06.03.16.jpg\" alt=\"Hochamt Pfarrkirche Heiligkreuz 06.03.16 | Christopher Tambling: Messe in A | C\u00e9sar Franck: Panis angelicus u. a. | Kinderchor Heiligkreuz (A-Chor) | K. Bungert, Orgel | Ltg.: B. P\u00fctz\"><\/noscript> <a class=\"pb-link \" data-magnific=\"gallery-15\" data-caption=\"Hochamt Pfarrkirche Heiligkreuz 06.03.16 | Christopher Tambling: Messe in A | C\u00e9sar Franck: Panis angelicus u. a. | Kinderchor Heiligkreuz (A-Chor) | K. Bungert, Orgel | Ltg.: B. P\u00fctz\" rel=\"\" target=\"\" href=\"https:\/\/burkhard-puetz.de\/wp-content\/uploads\/2024\/08\/Kinderchor-Heiligkreuz-Trier-06.03.16.jpg\"> <div class=\"pb-overlay\" style=\"\"> <div class=\"pb-caption-bottom\"> <span class=\"pb-description pb-caption-left\" style=\"\">Hochamt Pfarrkirche Heiligkreuz 06.03.16 | Christopher Tambling: Messe in A | C\u00e9sar Franck: Panis angelicus u. a. | Kinderchor Heiligkreuz (A-Chor) | K. Bungert, Orgel | Ltg.: B. P\u00fctz<\/span> <\/div> <\/div> <\/a> <\/div> <div class=\"pb-block with-text with-social-or-text pb-landscape pb-width pb-type-image \" style=\"\" data-colspan=\"1\" data-rowspan=\"1\" data-col=\"3\" data-row=\"25\" data-valign=\"center\" data-halign=\"center\" data-type=\"image\" data-ratio=\"1.3298701298701\"> <img decoding=\"async\" class=\"pb-image skip-lazy \" src=\"data:image\/png;base64,iVBORw0KGgoAAAANSUhEUgAAAAEAAAABCAYAAAAfFcSJAAAADUlEQVR42mNkYPhfDwAChwGA60e6kgAAAABJRU5ErkJggg==\" data-pb-source=\"https:\/\/burkhardpuetz-i6psyu9my.live-website.com\/wp-content\/uploads\/2024\/08\/Kinderchor-Heiligkreuz-Trier-2015-scaled.jpg\" alt=\"Aufnahme neuer Chorkinder | Hochamt 08.03.15 St. Maternus | Christopher Tambling: Kyrie a. d. Messe in A | Robert Jones: Segne, Gott im Himmel | C\u00e9sar Franck: Panis angelicus u. a. | Kinderchor Heiligkreuz Trier | Klauspeter Bungert, Orgel | Ltg.: Burkhard P\u00fctz\"> <noscript><img decoding=\"async\" src=\"https:\/\/burkhardpuetz-i6psyu9my.live-website.com\/wp-content\/uploads\/2024\/08\/Kinderchor-Heiligkreuz-Trier-2015-scaled.jpg\" alt=\"Aufnahme neuer Chorkinder | Hochamt 08.03.15 St. Maternus | Christopher Tambling: Kyrie a. d. Messe in A | Robert Jones: Segne, Gott im Himmel | C\u00e9sar Franck: Panis angelicus u. a. | Kinderchor Heiligkreuz Trier | Klauspeter Bungert, Orgel | Ltg.: Burkhard P\u00fctz\"><\/noscript> <a class=\"pb-link \" data-magnific=\"gallery-15\" data-caption=\"Aufnahme neuer Chorkinder | Hochamt 08.03.15 St. Maternus | Christopher Tambling: Kyrie a. d. Messe in A | Robert Jones: Segne, Gott im Himmel | C\u00e9sar Franck: Panis angelicus u. a. | Kinderchor Heiligkreuz Trier | Klauspeter Bungert, Orgel | Ltg.: Burkhard P\u00fctz\" rel=\"\" target=\"\" href=\"https:\/\/burkhard-puetz.de\/wp-content\/uploads\/2024\/08\/Kinderchor-Heiligkreuz-Trier-2015-scaled.jpg\"> <div class=\"pb-overlay\" style=\"\"> <div class=\"pb-caption-bottom\"> <span class=\"pb-description pb-caption-left\" style=\"\">Aufnahme neuer Chorkinder | Hochamt 08.03.15 St. Maternus | Christopher Tambling: Kyrie a. d. Messe in A | Robert Jones: Segne, Gott im Himmel | C\u00e9sar Franck: Panis angelicus u. a. | Kinderchor Heiligkreuz Trier | Klauspeter Bungert, Orgel | Ltg.: Burkhard P\u00fctz<\/span> <\/div> <\/div> <\/a> <\/div> <div class=\"pb-block with-text with-social-or-text pb-landscape pb-width pb-type-image \" style=\"\" data-colspan=\"1\" data-rowspan=\"1\" data-col=\"0\" data-row=\"26\" data-valign=\"center\" data-halign=\"center\" data-type=\"image\" data-ratio=\"1.2787212787213\"> <img decoding=\"async\" class=\"pb-image skip-lazy \" src=\"data:image\/png;base64,iVBORw0KGgoAAAANSUhEUgAAAAEAAAABCAYAAAAfFcSJAAAADUlEQVR42mNkYPhfDwAChwGA60e6kgAAAABJRU5ErkJggg==\" data-pb-source=\"https:\/\/burkhardpuetz-i6psyu9my.live-website.com\/wp-content\/uploads\/2024\/08\/Kinderchor-Heiligkreuz-Trier-2015-3-scaled.jpg\" alt=\"Aufnahme neuer Chorkinder | Hochamt 08.03.15 St. Maternus | Christopher Tambling: Kyrie a. d. Messe in A | Robert Jones: Segne, Gott im Himmel | C\u00e9sar Franck: Panis angelicus u. a. | Kinderchor Heiligkreuz Trier | Klauspeter Bungert, Orgel | Ltg.: Burkhard P\u00fctz\"> <noscript><img decoding=\"async\" src=\"https:\/\/burkhardpuetz-i6psyu9my.live-website.com\/wp-content\/uploads\/2024\/08\/Kinderchor-Heiligkreuz-Trier-2015-3-scaled.jpg\" alt=\"Aufnahme neuer Chorkinder | Hochamt 08.03.15 St. Maternus | Christopher Tambling: Kyrie a. d. Messe in A | Robert Jones: Segne, Gott im Himmel | C\u00e9sar Franck: Panis angelicus u. a. | Kinderchor Heiligkreuz Trier | Klauspeter Bungert, Orgel | Ltg.: Burkhard P\u00fctz\"><\/noscript> <a class=\"pb-link \" data-magnific=\"gallery-15\" data-caption=\"Aufnahme neuer Chorkinder | Hochamt 08.03.15 St. Maternus | Christopher Tambling: Kyrie a. d. Messe in A | Robert Jones: Segne, Gott im Himmel | C\u00e9sar Franck: Panis angelicus u. a. | Kinderchor Heiligkreuz Trier | Klauspeter Bungert, Orgel | Ltg.: Burkhard P\u00fctz\" rel=\"\" target=\"\" href=\"https:\/\/burkhard-puetz.de\/wp-content\/uploads\/2024\/08\/Kinderchor-Heiligkreuz-Trier-2015-3-scaled.jpg\"> <div class=\"pb-overlay\" style=\"\"> <div class=\"pb-caption-bottom\"> <span class=\"pb-description pb-caption-left\" style=\"\">Aufnahme neuer Chorkinder | Hochamt 08.03.15 St. Maternus | Christopher Tambling: Kyrie a. d. Messe in A | Robert Jones: Segne, Gott im Himmel | C\u00e9sar Franck: Panis angelicus u. a. | Kinderchor Heiligkreuz Trier | Klauspeter Bungert, Orgel | Ltg.: Burkhard P\u00fctz<\/span> <\/div> <\/div> <\/a> <\/div> <div class=\"pb-block with-text with-social-or-text pb-landscape pb-width pb-type-image \" style=\"\" data-colspan=\"1\" data-rowspan=\"1\" data-col=\"1\" data-row=\"26\" data-valign=\"center\" data-halign=\"center\" data-type=\"image\" data-ratio=\"1.3236814891417\"> <img decoding=\"async\" class=\"pb-image skip-lazy \" src=\"data:image\/png;base64,iVBORw0KGgoAAAANSUhEUgAAAAEAAAABCAYAAAAfFcSJAAAADUlEQVR42mNkYPhfDwAChwGA60e6kgAAAABJRU5ErkJggg==\" data-pb-source=\"https:\/\/burkhardpuetz-i6psyu9my.live-website.com\/wp-content\/uploads\/2024\/08\/Kinderchor-Heiligkreuz-Trier-2015-2-scaled.jpg\" alt=\"Aufnahme neuer Chorkinder | Hochamt 08.03.15 St. Maternus | Christopher Tambling: Kyrie a. d. Messe in A | Robert Jones: Segne, Gott im Himmel | C\u00e9sar Franck: Panis angelicus u. a. | Kinderchor Heiligkreuz Trier | Klauspeter Bungert, Orgel | Ltg.: Burkhard P\u00fctz\"> <noscript><img decoding=\"async\" src=\"https:\/\/burkhardpuetz-i6psyu9my.live-website.com\/wp-content\/uploads\/2024\/08\/Kinderchor-Heiligkreuz-Trier-2015-2-scaled.jpg\" alt=\"Aufnahme neuer Chorkinder | Hochamt 08.03.15 St. Maternus | Christopher Tambling: Kyrie a. d. Messe in A | Robert Jones: Segne, Gott im Himmel | C\u00e9sar Franck: Panis angelicus u. a. | Kinderchor Heiligkreuz Trier | Klauspeter Bungert, Orgel | Ltg.: Burkhard P\u00fctz\"><\/noscript> <a class=\"pb-link \" data-magnific=\"gallery-15\" data-caption=\"Aufnahme neuer Chorkinder | Hochamt 08.03.15 St. Maternus | Christopher Tambling: Kyrie a. d. Messe in A | Robert Jones: Segne, Gott im Himmel | C\u00e9sar Franck: Panis angelicus u. a. | Kinderchor Heiligkreuz Trier | Klauspeter Bungert, Orgel | Ltg.: Burkhard P\u00fctz\" rel=\"\" target=\"\" href=\"https:\/\/burkhard-puetz.de\/wp-content\/uploads\/2024\/08\/Kinderchor-Heiligkreuz-Trier-2015-2-scaled.jpg\"> <div class=\"pb-overlay\" style=\"\"> <div class=\"pb-caption-bottom\"> <span class=\"pb-description pb-caption-left\" style=\"\">Aufnahme neuer Chorkinder | Hochamt 08.03.15 St. Maternus | Christopher Tambling: Kyrie a. d. Messe in A | Robert Jones: Segne, Gott im Himmel | C\u00e9sar Franck: Panis angelicus u. a. | Kinderchor Heiligkreuz Trier | Klauspeter Bungert, Orgel | Ltg.: Burkhard P\u00fctz<\/span> <\/div> <\/div> <\/a> <\/div> <div class=\"pb-block with-text with-social-or-text pb-landscape pb-width pb-type-image \" style=\"\" data-colspan=\"1\" data-rowspan=\"1\" data-col=\"2\" data-row=\"26\" data-valign=\"center\" data-halign=\"center\" data-type=\"image\" data-ratio=\"1.3333333333333\"> <img decoding=\"async\" class=\"pb-image skip-lazy \" src=\"data:image\/png;base64,iVBORw0KGgoAAAANSUhEUgAAAAEAAAABCAYAAAAfFcSJAAAADUlEQVR42mNkYPhfDwAChwGA60e6kgAAAABJRU5ErkJggg==\" data-pb-source=\"https:\/\/burkhardpuetz-i6psyu9my.live-website.com\/wp-content\/uploads\/2024\/08\/DSCF2773-heller-scaled.jpg\" alt=\"Aufnahme neuer Chorkinder | Hochamt am 23. M\u00e4rz 2014 in St. Maternus | Josef Gabriel Rheinberger: Kyrie aus der Missa puerorum op. 62 | Lieder und Ges\u00e4nge aus dem neuen Gotteslob\"> <noscript><img decoding=\"async\" src=\"https:\/\/burkhardpuetz-i6psyu9my.live-website.com\/wp-content\/uploads\/2024\/08\/DSCF2773-heller-scaled.jpg\" alt=\"Aufnahme neuer Chorkinder | Hochamt am 23. M\u00e4rz 2014 in St. Maternus | Josef Gabriel Rheinberger: Kyrie aus der Missa puerorum op. 62 | Lieder und Ges\u00e4nge aus dem neuen Gotteslob\"><\/noscript> <a class=\"pb-link \" data-magnific=\"gallery-15\" data-caption=\"Aufnahme neuer Chorkinder | Hochamt am 23. M\u00e4rz 2014 in St. Maternus | Josef Gabriel Rheinberger: Kyrie aus der Missa puerorum op. 62 | Lieder und Ges\u00e4nge aus dem neuen Gotteslob\" rel=\"\" target=\"\" href=\"https:\/\/burkhard-puetz.de\/wp-content\/uploads\/2024\/08\/DSCF2773-heller-scaled.jpg\"> <div class=\"pb-overlay\" style=\"\"> <div class=\"pb-caption-bottom\"> <span class=\"pb-description pb-caption-left\" style=\"\">Aufnahme neuer Chorkinder | Hochamt am 23. M\u00e4rz 2014 in St. Maternus | Josef Gabriel Rheinberger: Kyrie aus der Missa puerorum op. 62 | Lieder und Ges\u00e4nge aus dem neuen Gotteslob<\/span> <\/div> <\/div> <\/a> <\/div> <div class=\"pb-block with-text with-social-or-text pb-landscape pb-width pb-type-image \" style=\"\" data-colspan=\"1\" data-rowspan=\"1\" data-col=\"3\" data-row=\"26\" data-valign=\"center\" data-halign=\"center\" data-type=\"image\" data-ratio=\"1.3333333333333\"> <img decoding=\"async\" class=\"pb-image skip-lazy \" src=\"data:image\/png;base64,iVBORw0KGgoAAAANSUhEUgAAAAEAAAABCAYAAAAfFcSJAAAADUlEQVR42mNkYPhfDwAChwGA60e6kgAAAABJRU5ErkJggg==\" data-pb-source=\"https:\/\/burkhardpuetz-i6psyu9my.live-website.com\/wp-content\/uploads\/2024\/08\/Kinderchor-Heiligkreuz-2-scaled.jpg\" alt=\"Aufnahme neuer Chorkinder | Hochamt am 23. M\u00e4rz 2014 in St. Maternus | Josef Gabriel Rheinberger: Kyrie aus der Missa puerorum op. 62 | Lieder und Ges\u00e4nge aus dem neuen Gotteslob\"> <noscript><img decoding=\"async\" src=\"https:\/\/burkhardpuetz-i6psyu9my.live-website.com\/wp-content\/uploads\/2024\/08\/Kinderchor-Heiligkreuz-2-scaled.jpg\" alt=\"Aufnahme neuer Chorkinder | Hochamt am 23. M\u00e4rz 2014 in St. Maternus | Josef Gabriel Rheinberger: Kyrie aus der Missa puerorum op. 62 | Lieder und Ges\u00e4nge aus dem neuen Gotteslob\"><\/noscript> <a class=\"pb-link \" data-magnific=\"gallery-15\" data-caption=\"Aufnahme neuer Chorkinder | Hochamt am 23. M\u00e4rz 2014 in St. Maternus | Josef Gabriel Rheinberger: Kyrie aus der Missa puerorum op. 62 | Lieder und Ges\u00e4nge aus dem neuen Gotteslob\" rel=\"\" target=\"\" href=\"https:\/\/burkhard-puetz.de\/wp-content\/uploads\/2024\/08\/Kinderchor-Heiligkreuz-2-scaled.jpg\"> <div class=\"pb-overlay\" style=\"\"> <div class=\"pb-caption-bottom\"> <span class=\"pb-description pb-caption-left\" style=\"\">Aufnahme neuer Chorkinder | Hochamt am 23. M\u00e4rz 2014 in St. Maternus | Josef Gabriel Rheinberger: Kyrie aus der Missa puerorum op. 62 | Lieder und Ges\u00e4nge aus dem neuen Gotteslob<\/span> <\/div> <\/div> <\/a> <\/div> <div class=\"pb-block with-text with-social-or-text pb-landscape pb-width pb-type-image \" style=\"\" data-colspan=\"1\" data-rowspan=\"1\" data-col=\"0\" data-row=\"27\" data-valign=\"center\" data-halign=\"center\" data-type=\"image\" data-ratio=\"1.3333333333333\"> <img decoding=\"async\" class=\"pb-image skip-lazy \" src=\"data:image\/png;base64,iVBORw0KGgoAAAANSUhEUgAAAAEAAAABCAYAAAAfFcSJAAAADUlEQVR42mNkYPhfDwAChwGA60e6kgAAAABJRU5ErkJggg==\" data-pb-source=\"https:\/\/burkhardpuetz-i6psyu9my.live-website.com\/wp-content\/uploads\/2024\/08\/Kinderchor-Heiligkreuz-3-scaled.jpg\" alt=\"Aufnahme neuer Chorkinder | Hochamt am 23. M\u00e4rz 2014 in St. Maternus | Josef Gabriel Rheinberger: Kyrie aus der Missa puerorum op. 62 | Lieder und Ges\u00e4nge aus dem neuen Gotteslob\"> <noscript><img decoding=\"async\" src=\"https:\/\/burkhardpuetz-i6psyu9my.live-website.com\/wp-content\/uploads\/2024\/08\/Kinderchor-Heiligkreuz-3-scaled.jpg\" alt=\"Aufnahme neuer Chorkinder | Hochamt am 23. M\u00e4rz 2014 in St. Maternus | Josef Gabriel Rheinberger: Kyrie aus der Missa puerorum op. 62 | Lieder und Ges\u00e4nge aus dem neuen Gotteslob\"><\/noscript> <a class=\"pb-link \" data-magnific=\"gallery-15\" data-caption=\"Aufnahme neuer Chorkinder | Hochamt am 23. M\u00e4rz 2014 in St. Maternus | Josef Gabriel Rheinberger: Kyrie aus der Missa puerorum op. 62 | Lieder und Ges\u00e4nge aus dem neuen Gotteslob\" rel=\"\" target=\"\" href=\"https:\/\/burkhard-puetz.de\/wp-content\/uploads\/2024\/08\/Kinderchor-Heiligkreuz-3-scaled.jpg\"> <div class=\"pb-overlay\" style=\"\"> <div class=\"pb-caption-bottom\"> <span class=\"pb-description pb-caption-left\" style=\"\">Aufnahme neuer Chorkinder | Hochamt am 23. M\u00e4rz 2014 in St. Maternus | Josef Gabriel Rheinberger: Kyrie aus der Missa puerorum op. 62 | Lieder und Ges\u00e4nge aus dem neuen Gotteslob<\/span> <\/div> <\/div> <\/a> <\/div> <div class=\"pb-block with-text with-social-or-text pb-landscape pb-width pb-type-image \" style=\"\" data-colspan=\"1\" data-rowspan=\"1\" data-col=\"1\" data-row=\"27\" data-valign=\"center\" data-halign=\"center\" data-type=\"image\" data-ratio=\"1.5\"> <img decoding=\"async\" class=\"pb-image skip-lazy \" src=\"data:image\/png;base64,iVBORw0KGgoAAAANSUhEUgAAAAEAAAABCAYAAAAfFcSJAAAADUlEQVR42mNkYPhfDwAChwGA60e6kgAAAABJRU5ErkJggg==\" data-pb-source=\"https:\/\/burkhardpuetz-i6psyu9my.live-website.com\/wp-content\/uploads\/2024\/08\/Kinderchoere-Heiligkreuz-St.-Maternus-St.-Michael-2006-klein.jpg\" alt=\"Der Kinderchor Heiligkreuz - St. Maternus - St. Michael Trier nach dem Gottesdienst am 9. Juli 2006 in St. Maternus\"> <noscript><img decoding=\"async\" src=\"https:\/\/burkhardpuetz-i6psyu9my.live-website.com\/wp-content\/uploads\/2024\/08\/Kinderchoere-Heiligkreuz-St.-Maternus-St.-Michael-2006-klein.jpg\" alt=\"Der Kinderchor Heiligkreuz - St. Maternus - St. Michael Trier nach dem Gottesdienst am 9. Juli 2006 in St. Maternus\"><\/noscript> <a class=\"pb-link \" data-magnific=\"gallery-15\" data-caption=\"Der Kinderchor Heiligkreuz - St. Maternus - St. Michael Trier nach dem Gottesdienst am 9. Juli 2006 in St. Maternus\" rel=\"\" target=\"\" href=\"https:\/\/burkhard-puetz.de\/wp-content\/uploads\/2024\/08\/Kinderchoere-Heiligkreuz-St.-Maternus-St.-Michael-2006-klein.jpg\"> <div class=\"pb-overlay\" style=\"\"> <div class=\"pb-caption-bottom\"> <span class=\"pb-description pb-caption-left\" style=\"\">Der Kinderchor Heiligkreuz - St. Maternus - St. Michael Trier nach dem Gottesdienst am 9. Juli 2006 in St. Maternus<\/span> <\/div> <\/div> <\/a> <\/div> <div class=\"pb-block with-text with-social-or-text pb-landscape pb-width pb-type-image \" style=\"\" data-colspan=\"1\" data-rowspan=\"1\" data-col=\"2\" data-row=\"27\" data-valign=\"center\" data-halign=\"center\" data-type=\"image\" data-ratio=\"1.4837310195228\"> <img decoding=\"async\" class=\"pb-image skip-lazy \" src=\"data:image\/png;base64,iVBORw0KGgoAAAANSUhEUgAAAAEAAAABCAYAAAAfFcSJAAAADUlEQVR42mNkYPhfDwAChwGA60e6kgAAAABJRU5ErkJggg==\" data-pb-source=\"https:\/\/burkhardpuetz-i6psyu9my.live-website.com\/wp-content\/uploads\/2024\/08\/Kinderschola-Heiligkreuz-2-klein.jpg\" alt=\"Die Kinderschola Heiligkreuz Trier im Erntedankgottesdienst am 2. Oktober 2005 in der Pfarrkirche Heiligkreuz\"> <noscript><img decoding=\"async\" src=\"https:\/\/burkhardpuetz-i6psyu9my.live-website.com\/wp-content\/uploads\/2024\/08\/Kinderschola-Heiligkreuz-2-klein.jpg\" alt=\"Die Kinderschola Heiligkreuz Trier im Erntedankgottesdienst am 2. Oktober 2005 in der Pfarrkirche Heiligkreuz\"><\/noscript> <a class=\"pb-link \" data-magnific=\"gallery-15\" data-caption=\"Die Kinderschola Heiligkreuz Trier im Erntedankgottesdienst am 2. Oktober 2005 in der Pfarrkirche Heiligkreuz\" rel=\"\" target=\"\" href=\"https:\/\/burkhard-puetz.de\/wp-content\/uploads\/2024\/08\/Kinderschola-Heiligkreuz-2-klein.jpg\"> <div class=\"pb-overlay\" style=\"\"> <div class=\"pb-caption-bottom\"> <span class=\"pb-description pb-caption-left\" style=\"\">Die Kinderschola Heiligkreuz Trier im Erntedankgottesdienst am 2. Oktober 2005 in der Pfarrkirche Heiligkreuz<\/span> <\/div> <\/div> <\/a> <\/div> <div class=\"pb-block with-text with-social-or-text pb-landscape pb-width pb-type-image \" style=\"\" data-colspan=\"1\" data-rowspan=\"1\" data-col=\"3\" data-row=\"27\" data-valign=\"center\" data-halign=\"center\" data-type=\"image\" data-ratio=\"1.3872832369942\"> <img decoding=\"async\" class=\"pb-image skip-lazy \" src=\"data:image\/png;base64,iVBORw0KGgoAAAANSUhEUgAAAAEAAAABCAYAAAAfFcSJAAAADUlEQVR42mNkYPhfDwAChwGA60e6kgAAAABJRU5ErkJggg==\" data-pb-source=\"https:\/\/burkhardpuetz-i6psyu9my.live-website.com\/wp-content\/uploads\/2024\/08\/Kinderchor-3.4.2005.jpg\" alt=\"Die Kinderschola Heiligkreuz Trier in der Erstkommunionfeier am 3. April 2005 in der Pfarrkirche Heiligkreuz\"> <noscript><img decoding=\"async\" src=\"https:\/\/burkhardpuetz-i6psyu9my.live-website.com\/wp-content\/uploads\/2024\/08\/Kinderchor-3.4.2005.jpg\" alt=\"Die Kinderschola Heiligkreuz Trier in der Erstkommunionfeier am 3. April 2005 in der Pfarrkirche Heiligkreuz\"><\/noscript> <a class=\"pb-link \" data-magnific=\"gallery-15\" data-caption=\"Die Kinderschola Heiligkreuz Trier in der Erstkommunionfeier am 3. April 2005 in der Pfarrkirche Heiligkreuz\" rel=\"\" target=\"\" href=\"https:\/\/burkhard-puetz.de\/wp-content\/uploads\/2024\/08\/Kinderchor-3.4.2005.jpg\"> <div class=\"pb-overlay\" style=\"\"> <div class=\"pb-caption-bottom\"> <span class=\"pb-description pb-caption-left\" style=\"\">Die Kinderschola Heiligkreuz Trier in der Erstkommunionfeier am 3. April 2005 in der Pfarrkirche Heiligkreuz<\/span> <\/div> <\/div> <\/a> <\/div> <\/div><\/div><div id=\"photoblocks-fancybox-15\"><\/div><script>jQuery(function () { var p = new PhotoBlocks({ selector: \"#photoblocks-15\", columns: 4, padding: 10, disable_below: 320, on: { before: function () { }, after: function () { }, refresh: function () { } }, mobile_layout: [], lazy: false, debug: false }); jQuery(\"#photoblocks-15\").magnificPopup({ delegate: \".pb-block:not(.pb-filtered) [data-magnific]\", type: \"image\", gallery: { enabled: true, preload: [0,2] }, image: { titleSrc: 'data-caption' }, mainClass: \"mfp-15\" }); });<\/script>\n","protected":false},"excerpt":{"rendered":"","protected":false},"author":1,"featured_media":0,"parent":154,"menu_order":2,"comment_status":"closed","ping_status":"closed","template":"","meta":{"_kadence_starter_templates_imported_post":false,"_kad_post_transparent":"","_kad_post_title":"","_kad_post_layout":"narrow","_kad_post_sidebar_id":"","_kad_post_content_style":"","_kad_post_vertical_padding":"","_kad_post_feature":"","_kad_post_feature_position":"","_kad_post_header":false,"_kad_post_footer":false,"_kad_post_classname":"","footnotes":""},"class_list":["post-410","page","type-page","status-publish","hentry"],"_links":{"self":[{"href":"https:\/\/burkhard-puetz.de\/index.php?rest_route=\/wp\/v2\/pages\/410","targetHints":{"allow":["GET"]}}],"collection":[{"href":"https:\/\/burkhard-puetz.de\/index.php?rest_route=\/wp\/v2\/pages"}],"about":[{"href":"https:\/\/burkhard-puetz.de\/index.php?rest_route=\/wp\/v2\/types\/page"}],"author":[{"embeddable":true,"href":"https:\/\/burkhard-puetz.de\/index.php?rest_route=\/wp\/v2\/users\/1"}],"replies":[{"embeddable":true,"href":"https:\/\/burkhard-puetz.de\/index.php?rest_route=%2Fwp%2Fv2%2Fcomments&post=410"}],"version-history":[{"count":4,"href":"https:\/\/burkhard-puetz.de\/index.php?rest_route=\/wp\/v2\/pages\/410\/revisions"}],"predecessor-version":[{"id":842,"href":"https:\/\/burkhard-puetz.de\/index.php?rest_route=\/wp\/v2\/pages\/410\/revisions\/842"}],"up":[{"embeddable":true,"href":"https:\/\/burkhard-puetz.de\/index.php?rest_route=\/wp\/v2\/pages\/154"}],"wp:attachment":[{"href":"https:\/\/burkhard-puetz.de\/index.php?rest_route=%2Fwp%2Fv2%2Fmedia&parent=410"}],"curies":[{"name":"wp","href":"https:\/\/api.w.org\/{rel}","templated":true}]}}