{"id":412,"date":"2024-08-05T15:38:52","date_gmt":"2024-08-05T15:38:52","guid":{"rendered":"https:\/\/burkhard-puetz.de\/?page_id=412"},"modified":"2026-04-01T09:05:16","modified_gmt":"2026-04-01T09:05:16","slug":"fotos-chorprojekte-und-dekanatssingen-trier","status":"publish","type":"page","link":"https:\/\/burkhard-puetz.de\/?page_id=412","title":{"rendered":"Chorprojekte und Dekanatssingen Trier"},"content":{"rendered":"<!-- PhotoBlocks for WordPress v1.3.3 free --><style> #photoblocks-11 {width: 100%;} #photoblocks-11 .pb-block {border-color: #333333;} #photoblocks-11 .pb-title {color: #ffffff;font-size: 20px;} #photoblocks-11 .pb-description {color: rgba(255, 255, 255, 0.7);font-size: 14px;} #photoblocks-11 .pb-block.pb-type-text .pb-overlay {} #photoblocks-11 .pb-block.pb-type-text .pb-title, #photoblocks-11 .pb-block.pb-type-text .pb-description {} #photoblocks-11 .pb-block.pb-type-text .pb-title {} #photoblocks-11 .pb-block.pb-type-text .pb-description {} #photoblocks-11 .pb-overlay {background: rgba(0, 0, 0, 0.75);} #photoblocks-11.pb-lift.show-empty-overlay .pb-block.pb-type-image:hover, #photoblocks-11.pb-lift .pb-block.pb-type-image.with-text:hover { box-shadow: rgba(0, 0, 0, 0.75) 0 0 20px; } #photoblocks-11 .pb-block { } #photoblocks-11 .pb-block .pb-social button {color: #ffffff;font-size: 14px;} #photoblocks-11 .pb-blocks .pb-type-image {max-width: calc( 100% - 10px )}<\/style><div class=\"photoblocks-gallery pb-blur pb-lift pb-effect-fade\" data-anim=\"fade\" id=\"photoblocks-11\"> <div class=\"pb-blocks\"> <div class=\"pb-block with-text with-social-or-text pb-landscape pb-height pb-type-image \" style=\"\" data-colspan=\"2\" data-rowspan=\"1\" data-col=\"0\" data-row=\"0\" data-valign=\"center\" data-halign=\"center\" data-type=\"image\" data-ratio=\"1.566\"> <img decoding=\"async\" class=\"pb-image skip-lazy \" src=\"data:image\/png;base64,iVBORw0KGgoAAAANSUhEUgAAAAEAAAABCAYAAAAfFcSJAAAADUlEQVR42mNkYPhfDwAChwGA60e6kgAAAABJRU5ErkJggg==\" data-pb-source=\"https:\/\/burkhardpuetz-i6psyu9my.live-website.com\/wp-content\/uploads\/2024\/07\/Stimmbildung-Dekanat-Trier-10.11.18-klein.jpg\" alt=\"Workshop &quot;Singen leicht gemacht&quot; (II) des Dekanates Trier 10.11.18 | Stimmbildung mit Diplom-Gesangsp\u00e4dagogin Antonia Lutz im Pfarrsaal St. Matthias (78 Teilnehmer)\"> <noscript><img decoding=\"async\" src=\"https:\/\/burkhardpuetz-i6psyu9my.live-website.com\/wp-content\/uploads\/2024\/07\/Stimmbildung-Dekanat-Trier-10.11.18-klein.jpg\" alt=\"Workshop &quot;Singen leicht gemacht&quot; (II) des Dekanates Trier 10.11.18 | Stimmbildung mit Diplom-Gesangsp\u00e4dagogin Antonia Lutz im Pfarrsaal St. Matthias (78 Teilnehmer)\"><\/noscript> <a class=\"pb-link \" data-magnific=\"gallery-11\" data-caption=\"Workshop \"Singen leicht gemacht\" (II) des Dekanates Trier 10.11.18 | Stimmbildung mit Diplom-Gesangsp\u00e4dagogin Antonia Lutz im Pfarrsaal St. Matthias (78 Teilnehmer)\" rel=\"\" target=\"\" href=\"https:\/\/burkhard-puetz.de\/wp-content\/uploads\/2024\/07\/Stimmbildung-Dekanat-Trier-10.11.18-klein.jpg\"> <div class=\"pb-overlay\" style=\"\"> <div class=\"pb-caption-bottom\"> <span class=\"pb-description pb-caption-left\" style=\"\">Workshop \"Singen leicht gemacht\" (II) des Dekanates Trier 10.11.18 | Stimmbildung mit Diplom-Gesangsp\u00e4dagogin Antonia Lutz im Pfarrsaal St. Matthias (78 Teilnehmer)<\/span> <\/div> <\/div> <\/a> <\/div> <div class=\"pb-block with-text with-social-or-text pb-landscape pb-width pb-type-image \" style=\"\" data-colspan=\"1\" data-rowspan=\"1\" data-col=\"2\" data-row=\"0\" data-valign=\"center\" data-halign=\"center\" data-type=\"image\" data-ratio=\"1.3333333333333\"> <img decoding=\"async\" class=\"pb-image skip-lazy \" src=\"data:image\/png;base64,iVBORw0KGgoAAAANSUhEUgAAAAEAAAABCAYAAAAfFcSJAAAADUlEQVR42mNkYPhfDwAChwGA60e6kgAAAABJRU5ErkJggg==\" data-pb-source=\"https:\/\/burkhardpuetz-i6psyu9my.live-website.com\/wp-content\/uploads\/2024\/07\/Stimmbildung-Dekanat-Trier-21.10.17-2-web.jpg\" alt=\"Workshop &quot;Singen leicht gemacht&quot; Dekanat Trier 21.10.17 | Stimmbildung mit Diplom-Gesangsp\u00e4dagogin Antonia Lutz\"> <noscript><img decoding=\"async\" src=\"https:\/\/burkhardpuetz-i6psyu9my.live-website.com\/wp-content\/uploads\/2024\/07\/Stimmbildung-Dekanat-Trier-21.10.17-2-web.jpg\" alt=\"Workshop &quot;Singen leicht gemacht&quot; Dekanat Trier 21.10.17 | Stimmbildung mit Diplom-Gesangsp\u00e4dagogin Antonia Lutz\"><\/noscript> <a class=\"pb-link \" data-magnific=\"gallery-11\" data-caption=\"Workshop \"Singen leicht gemacht\" Dekanat Trier 21.10.17 | Stimmbildung mit Diplom-Gesangsp\u00e4dagogin Antonia Lutz\" rel=\"\" target=\"\" href=\"https:\/\/burkhard-puetz.de\/wp-content\/uploads\/2024\/07\/Stimmbildung-Dekanat-Trier-21.10.17-2-web.jpg\"> <div class=\"pb-overlay\" style=\"\"> <div class=\"pb-caption-bottom\"> <span class=\"pb-description pb-caption-left\" style=\"\">Workshop \"Singen leicht gemacht\" Dekanat Trier 21.10.17 | Stimmbildung mit Diplom-Gesangsp\u00e4dagogin Antonia Lutz<\/span> <\/div> <\/div> <\/a> <\/div> <div class=\"pb-block with-text with-social-or-text pb-landscape pb-width pb-type-image \" style=\"\" data-colspan=\"1\" data-rowspan=\"1\" data-col=\"3\" data-row=\"0\" data-valign=\"center\" data-halign=\"center\" data-type=\"image\" data-ratio=\"1.3333333333333\"> <img decoding=\"async\" class=\"pb-image skip-lazy \" src=\"data:image\/png;base64,iVBORw0KGgoAAAANSUhEUgAAAAEAAAABCAYAAAAfFcSJAAAADUlEQVR42mNkYPhfDwAChwGA60e6kgAAAABJRU5ErkJggg==\" data-pb-source=\"https:\/\/burkhardpuetz-i6psyu9my.live-website.com\/wp-content\/uploads\/2024\/07\/Stimmbildung-Dekanat-Trier-21.10.17-3-web.jpg\" alt=\"Workshop &quot;Singen leicht gemacht&quot; Dekanat Trier 21.10.17 | Stimmbildung mit Diplom-Gesangsp\u00e4dagogin Antonia Lutz\"> <noscript><img decoding=\"async\" src=\"https:\/\/burkhardpuetz-i6psyu9my.live-website.com\/wp-content\/uploads\/2024\/07\/Stimmbildung-Dekanat-Trier-21.10.17-3-web.jpg\" alt=\"Workshop &quot;Singen leicht gemacht&quot; Dekanat Trier 21.10.17 | Stimmbildung mit Diplom-Gesangsp\u00e4dagogin Antonia Lutz\"><\/noscript> <a class=\"pb-link \" data-magnific=\"gallery-11\" data-caption=\"Workshop \"Singen leicht gemacht\" Dekanat Trier 21.10.17 | Stimmbildung mit Diplom-Gesangsp\u00e4dagogin Antonia Lutz\" rel=\"\" target=\"\" href=\"https:\/\/burkhard-puetz.de\/wp-content\/uploads\/2024\/07\/Stimmbildung-Dekanat-Trier-21.10.17-3-web.jpg\"> <div class=\"pb-overlay\" style=\"\"> <div class=\"pb-caption-bottom\"> <span class=\"pb-description pb-caption-left\" style=\"\">Workshop \"Singen leicht gemacht\" Dekanat Trier 21.10.17 | Stimmbildung mit Diplom-Gesangsp\u00e4dagogin Antonia Lutz<\/span> <\/div> <\/div> <\/a> <\/div> <div class=\"pb-block with-text with-social-or-text pb-landscape pb-width pb-type-image \" style=\"\" data-colspan=\"1\" data-rowspan=\"1\" data-col=\"0\" data-row=\"1\" data-valign=\"center\" data-halign=\"center\" data-type=\"image\" data-ratio=\"1.3333333333333\"> <img decoding=\"async\" class=\"pb-image skip-lazy \" src=\"data:image\/png;base64,iVBORw0KGgoAAAANSUhEUgAAAAEAAAABCAYAAAAfFcSJAAAADUlEQVR42mNkYPhfDwAChwGA60e6kgAAAABJRU5ErkJggg==\" data-pb-source=\"https:\/\/burkhardpuetz-i6psyu9my.live-website.com\/wp-content\/uploads\/2024\/07\/Stimmbildung-Dekanat-Trier-21.10.17-4-web.jpg\" alt=\"Workshop &quot;Singen leicht gemacht&quot; Dekanat Trier 21.10.17 | Stimmbildung mit Diplom-Gesangsp\u00e4dagogin Antonia Lutz\"> <noscript><img decoding=\"async\" src=\"https:\/\/burkhardpuetz-i6psyu9my.live-website.com\/wp-content\/uploads\/2024\/07\/Stimmbildung-Dekanat-Trier-21.10.17-4-web.jpg\" alt=\"Workshop &quot;Singen leicht gemacht&quot; Dekanat Trier 21.10.17 | Stimmbildung mit Diplom-Gesangsp\u00e4dagogin Antonia Lutz\"><\/noscript> <a class=\"pb-link \" data-magnific=\"gallery-11\" data-caption=\"Workshop \"Singen leicht gemacht\" Dekanat Trier 21.10.17 | Stimmbildung mit Diplom-Gesangsp\u00e4dagogin Antonia Lutz\" rel=\"\" target=\"\" href=\"https:\/\/burkhard-puetz.de\/wp-content\/uploads\/2024\/07\/Stimmbildung-Dekanat-Trier-21.10.17-4-web.jpg\"> <div class=\"pb-overlay\" style=\"\"> <div class=\"pb-caption-bottom\"> <span class=\"pb-description pb-caption-left\" style=\"\">Workshop \"Singen leicht gemacht\" Dekanat Trier 21.10.17 | Stimmbildung mit Diplom-Gesangsp\u00e4dagogin Antonia Lutz<\/span> <\/div> <\/div> <\/a> <\/div> <div class=\"pb-block with-text with-social-or-text pb-landscape pb-width pb-type-image \" style=\"\" data-colspan=\"1\" data-rowspan=\"1\" data-col=\"1\" data-row=\"1\" data-valign=\"center\" data-halign=\"center\" data-type=\"image\" data-ratio=\"1.3333333333333\"> <img decoding=\"async\" class=\"pb-image skip-lazy \" src=\"data:image\/png;base64,iVBORw0KGgoAAAANSUhEUgAAAAEAAAABCAYAAAAfFcSJAAAADUlEQVR42mNkYPhfDwAChwGA60e6kgAAAABJRU5ErkJggg==\" data-pb-source=\"https:\/\/burkhardpuetz-i6psyu9my.live-website.com\/wp-content\/uploads\/2024\/07\/Stimmbildung-Dekanat-Trier-21.10.17-1-web.jpg\" alt=\"Workshop &quot;Singen leicht gemacht&quot; Dekanat Trier 21.10.17 | Stimmbildung mit Diplom-Gesangsp\u00e4dagogin Antonia Lutz\"> <noscript><img decoding=\"async\" src=\"https:\/\/burkhardpuetz-i6psyu9my.live-website.com\/wp-content\/uploads\/2024\/07\/Stimmbildung-Dekanat-Trier-21.10.17-1-web.jpg\" alt=\"Workshop &quot;Singen leicht gemacht&quot; Dekanat Trier 21.10.17 | Stimmbildung mit Diplom-Gesangsp\u00e4dagogin Antonia Lutz\"><\/noscript> <a class=\"pb-link \" data-magnific=\"gallery-11\" data-caption=\"Workshop \"Singen leicht gemacht\" Dekanat Trier 21.10.17 | Stimmbildung mit Diplom-Gesangsp\u00e4dagogin Antonia Lutz\" rel=\"\" target=\"\" href=\"https:\/\/burkhard-puetz.de\/wp-content\/uploads\/2024\/07\/Stimmbildung-Dekanat-Trier-21.10.17-1-web.jpg\"> <div class=\"pb-overlay\" style=\"\"> <div class=\"pb-caption-bottom\"> <span class=\"pb-description pb-caption-left\" style=\"\">Workshop \"Singen leicht gemacht\" Dekanat Trier 21.10.17 | Stimmbildung mit Diplom-Gesangsp\u00e4dagogin Antonia Lutz<\/span> <\/div> <\/div> <\/a> <\/div> <div class=\"pb-block with-text with-social-or-text pb-landscape pb-width pb-type-image \" style=\"\" data-colspan=\"1\" data-rowspan=\"1\" data-col=\"2\" data-row=\"1\" data-valign=\"center\" data-halign=\"center\" data-type=\"image\" data-ratio=\"1.3333333333333\"> <img decoding=\"async\" class=\"pb-image skip-lazy \" src=\"data:image\/png;base64,iVBORw0KGgoAAAANSUhEUgAAAAEAAAABCAYAAAAfFcSJAAAADUlEQVR42mNkYPhfDwAChwGA60e6kgAAAABJRU5ErkJggg==\" data-pb-source=\"https:\/\/burkhardpuetz-i6psyu9my.live-website.com\/wp-content\/uploads\/2024\/07\/Stimmbildung-Dekanat-Trier-21.10.17-6-web.jpg\" alt=\"Workshop &quot;Singen leicht gemacht&quot; Dekanat Trier 21.10.17 | Stimmbildung mit Diplom-Gesangsp\u00e4dagogin Antonia Lutz\"> <noscript><img decoding=\"async\" src=\"https:\/\/burkhardpuetz-i6psyu9my.live-website.com\/wp-content\/uploads\/2024\/07\/Stimmbildung-Dekanat-Trier-21.10.17-6-web.jpg\" alt=\"Workshop &quot;Singen leicht gemacht&quot; Dekanat Trier 21.10.17 | Stimmbildung mit Diplom-Gesangsp\u00e4dagogin Antonia Lutz\"><\/noscript> <a class=\"pb-link \" data-magnific=\"gallery-11\" data-caption=\"Workshop \"Singen leicht gemacht\" Dekanat Trier 21.10.17 | Stimmbildung mit Diplom-Gesangsp\u00e4dagogin Antonia Lutz\" rel=\"\" target=\"\" href=\"https:\/\/burkhard-puetz.de\/wp-content\/uploads\/2024\/07\/Stimmbildung-Dekanat-Trier-21.10.17-6-web.jpg\"> <div class=\"pb-overlay\" style=\"\"> <div class=\"pb-caption-bottom\"> <span class=\"pb-description pb-caption-left\" style=\"\">Workshop \"Singen leicht gemacht\" Dekanat Trier 21.10.17 | Stimmbildung mit Diplom-Gesangsp\u00e4dagogin Antonia Lutz<\/span> <\/div> <\/div> <\/a> <\/div> <div class=\"pb-block with-text with-social-or-text pb-landscape pb-width pb-type-image \" style=\"\" data-colspan=\"1\" data-rowspan=\"1\" data-col=\"3\" data-row=\"1\" data-valign=\"center\" data-halign=\"center\" data-type=\"image\" data-ratio=\"1.7689440993789\"> <img decoding=\"async\" class=\"pb-image skip-lazy \" src=\"data:image\/png;base64,iVBORw0KGgoAAAANSUhEUgAAAAEAAAABCAYAAAAfFcSJAAAADUlEQVR42mNkYPhfDwAChwGA60e6kgAAAABJRU5ErkJggg==\" data-pb-source=\"https:\/\/burkhardpuetz-i6psyu9my.live-website.com\/wp-content\/uploads\/2024\/07\/Stimmbildung-Dekanat-Trier-21.10.17-7-web.jpg\" alt=\"Workshop &quot;Singen leicht gemacht&quot; Dekanat Trier 21.10.17 | Stimmbildung mit Diplom-Gesangsp\u00e4dagogin Antonia Lutz\"> <noscript><img decoding=\"async\" src=\"https:\/\/burkhardpuetz-i6psyu9my.live-website.com\/wp-content\/uploads\/2024\/07\/Stimmbildung-Dekanat-Trier-21.10.17-7-web.jpg\" alt=\"Workshop &quot;Singen leicht gemacht&quot; Dekanat Trier 21.10.17 | Stimmbildung mit Diplom-Gesangsp\u00e4dagogin Antonia Lutz\"><\/noscript> <a class=\"pb-link \" data-magnific=\"gallery-11\" data-caption=\"Workshop \"Singen leicht gemacht\" Dekanat Trier 21.10.17 | Stimmbildung mit Diplom-Gesangsp\u00e4dagogin Antonia Lutz\" rel=\"\" target=\"\" href=\"https:\/\/burkhard-puetz.de\/wp-content\/uploads\/2024\/07\/Stimmbildung-Dekanat-Trier-21.10.17-7-web.jpg\"> <div class=\"pb-overlay\" style=\"\"> <div class=\"pb-caption-bottom\"> <span class=\"pb-description pb-caption-left\" style=\"\">Workshop \"Singen leicht gemacht\" Dekanat Trier 21.10.17 | Stimmbildung mit Diplom-Gesangsp\u00e4dagogin Antonia Lutz<\/span> <\/div> <\/div> <\/a> <\/div> <div class=\"pb-block with-text with-social-or-text pb-landscape pb-width pb-type-image \" style=\"\" data-colspan=\"1\" data-rowspan=\"1\" data-col=\"0\" data-row=\"2\" data-valign=\"center\" data-halign=\"center\" data-type=\"image\" data-ratio=\"1.3333333333333\"> <img decoding=\"async\" class=\"pb-image skip-lazy \" src=\"data:image\/png;base64,iVBORw0KGgoAAAANSUhEUgAAAAEAAAABCAYAAAAfFcSJAAAADUlEQVR42mNkYPhfDwAChwGA60e6kgAAAABJRU5ErkJggg==\" data-pb-source=\"https:\/\/burkhardpuetz-i6psyu9my.live-website.com\/wp-content\/uploads\/2024\/07\/Stimmbildung-Dekanat-Trier-21.10.17-8-web.jpg\" alt=\"Workshop &quot;Singen leicht gemacht&quot; Dekanat Trier 21.10.17 | Stimmbildung mit Diplom-Gesangsp\u00e4dagogin Antonia Lutz\"> <noscript><img decoding=\"async\" src=\"https:\/\/burkhardpuetz-i6psyu9my.live-website.com\/wp-content\/uploads\/2024\/07\/Stimmbildung-Dekanat-Trier-21.10.17-8-web.jpg\" alt=\"Workshop &quot;Singen leicht gemacht&quot; Dekanat Trier 21.10.17 | Stimmbildung mit Diplom-Gesangsp\u00e4dagogin Antonia Lutz\"><\/noscript> <a class=\"pb-link \" data-magnific=\"gallery-11\" data-caption=\"Workshop \"Singen leicht gemacht\" Dekanat Trier 21.10.17 | Stimmbildung mit Diplom-Gesangsp\u00e4dagogin Antonia Lutz\" rel=\"\" target=\"\" href=\"https:\/\/burkhard-puetz.de\/wp-content\/uploads\/2024\/07\/Stimmbildung-Dekanat-Trier-21.10.17-8-web.jpg\"> <div class=\"pb-overlay\" style=\"\"> <div class=\"pb-caption-bottom\"> <span class=\"pb-description pb-caption-left\" style=\"\">Workshop \"Singen leicht gemacht\" Dekanat Trier 21.10.17 | Stimmbildung mit Diplom-Gesangsp\u00e4dagogin Antonia Lutz<\/span> <\/div> <\/div> <\/a> <\/div> <div class=\"pb-block with-text with-social-or-text pb-landscape pb-width pb-type-image \" style=\"\" data-colspan=\"1\" data-rowspan=\"1\" data-col=\"1\" data-row=\"2\" data-valign=\"center\" data-halign=\"center\" data-type=\"image\" data-ratio=\"1.3333333333333\"> <img decoding=\"async\" class=\"pb-image skip-lazy \" src=\"data:image\/png;base64,iVBORw0KGgoAAAANSUhEUgAAAAEAAAABCAYAAAAfFcSJAAAADUlEQVR42mNkYPhfDwAChwGA60e6kgAAAABJRU5ErkJggg==\" data-pb-source=\"https:\/\/burkhardpuetz-i6psyu9my.live-website.com\/wp-content\/uploads\/2024\/07\/Stimmbildung-Dekanat-Trier-21.10.17-5-web.jpg\" alt=\"Workshop &quot;Singen leicht gemacht&quot; Dekanat Trier 21.10.17 | Stimmbildung mit Diplom-Gesangsp\u00e4dagogin Antonia Lutz\"> <noscript><img decoding=\"async\" src=\"https:\/\/burkhardpuetz-i6psyu9my.live-website.com\/wp-content\/uploads\/2024\/07\/Stimmbildung-Dekanat-Trier-21.10.17-5-web.jpg\" alt=\"Workshop &quot;Singen leicht gemacht&quot; Dekanat Trier 21.10.17 | Stimmbildung mit Diplom-Gesangsp\u00e4dagogin Antonia Lutz\"><\/noscript> <a class=\"pb-link \" data-magnific=\"gallery-11\" data-caption=\"Workshop \"Singen leicht gemacht\" Dekanat Trier 21.10.17 | Stimmbildung mit Diplom-Gesangsp\u00e4dagogin Antonia Lutz\" rel=\"\" target=\"\" href=\"https:\/\/burkhard-puetz.de\/wp-content\/uploads\/2024\/07\/Stimmbildung-Dekanat-Trier-21.10.17-5-web.jpg\"> <div class=\"pb-overlay\" style=\"\"> <div class=\"pb-caption-bottom\"> <span class=\"pb-description pb-caption-left\" style=\"\">Workshop \"Singen leicht gemacht\" Dekanat Trier 21.10.17 | Stimmbildung mit Diplom-Gesangsp\u00e4dagogin Antonia Lutz<\/span> <\/div> <\/div> <\/a> <\/div> <div class=\"pb-block with-text with-social-or-text pb-landscape pb-width pb-type-image \" style=\"\" data-colspan=\"1\" data-rowspan=\"1\" data-col=\"2\" data-row=\"2\" data-valign=\"center\" data-halign=\"center\" data-type=\"image\" data-ratio=\"1.6405529953917\"> <img decoding=\"async\" class=\"pb-image skip-lazy \" src=\"data:image\/png;base64,iVBORw0KGgoAAAANSUhEUgAAAAEAAAABCAYAAAAfFcSJAAAADUlEQVR42mNkYPhfDwAChwGA60e6kgAAAABJRU5ErkJggg==\" data-pb-source=\"https:\/\/burkhardpuetz-i6psyu9my.live-website.com\/wp-content\/uploads\/2024\/07\/Stimmbildung-Dekanat-Trier-21.10.17-10-web.jpg\" alt=\"Workshop &quot;Singen leicht gemacht&quot; Dekanat Trier 21.10.17 | Stimmbildung mit Diplom-Gesangsp\u00e4dagogin Antonia Lutz\"> <noscript><img decoding=\"async\" src=\"https:\/\/burkhardpuetz-i6psyu9my.live-website.com\/wp-content\/uploads\/2024\/07\/Stimmbildung-Dekanat-Trier-21.10.17-10-web.jpg\" alt=\"Workshop &quot;Singen leicht gemacht&quot; Dekanat Trier 21.10.17 | Stimmbildung mit Diplom-Gesangsp\u00e4dagogin Antonia Lutz\"><\/noscript> <a class=\"pb-link \" data-magnific=\"gallery-11\" data-caption=\"Workshop \"Singen leicht gemacht\" Dekanat Trier 21.10.17 | Stimmbildung mit Diplom-Gesangsp\u00e4dagogin Antonia Lutz\" rel=\"\" target=\"\" href=\"https:\/\/burkhard-puetz.de\/wp-content\/uploads\/2024\/07\/Stimmbildung-Dekanat-Trier-21.10.17-10-web.jpg\"> <div class=\"pb-overlay\" style=\"\"> <div class=\"pb-caption-bottom\"> <span class=\"pb-description pb-caption-left\" style=\"\">Workshop \"Singen leicht gemacht\" Dekanat Trier 21.10.17 | Stimmbildung mit Diplom-Gesangsp\u00e4dagogin Antonia Lutz<\/span> <\/div> <\/div> <\/a> <\/div> <div class=\"pb-block with-text with-social-or-text pb-landscape pb-width pb-type-image \" style=\"\" data-colspan=\"1\" data-rowspan=\"1\" data-col=\"3\" data-row=\"2\" data-valign=\"center\" data-halign=\"center\" data-type=\"image\" data-ratio=\"1.3333333333333\"> <img decoding=\"async\" class=\"pb-image skip-lazy \" src=\"data:image\/png;base64,iVBORw0KGgoAAAANSUhEUgAAAAEAAAABCAYAAAAfFcSJAAAADUlEQVR42mNkYPhfDwAChwGA60e6kgAAAABJRU5ErkJggg==\" data-pb-source=\"https:\/\/burkhardpuetz-i6psyu9my.live-website.com\/wp-content\/uploads\/2024\/07\/Stimmbildung-Dekanat-Trier-21.10.17-11-web.jpg\" alt=\"Workshop &quot;Singen leicht gemacht&quot; Dekanat Trier 21.10.17 | Stimmbildung mit Diplom-Gesangsp\u00e4dagogin Antonia Lutz\"> <noscript><img decoding=\"async\" src=\"https:\/\/burkhardpuetz-i6psyu9my.live-website.com\/wp-content\/uploads\/2024\/07\/Stimmbildung-Dekanat-Trier-21.10.17-11-web.jpg\" alt=\"Workshop &quot;Singen leicht gemacht&quot; Dekanat Trier 21.10.17 | Stimmbildung mit Diplom-Gesangsp\u00e4dagogin Antonia Lutz\"><\/noscript> <a class=\"pb-link \" data-magnific=\"gallery-11\" data-caption=\"Workshop \"Singen leicht gemacht\" Dekanat Trier 21.10.17 | Stimmbildung mit Diplom-Gesangsp\u00e4dagogin Antonia Lutz\" rel=\"\" target=\"\" href=\"https:\/\/burkhard-puetz.de\/wp-content\/uploads\/2024\/07\/Stimmbildung-Dekanat-Trier-21.10.17-11-web.jpg\"> <div class=\"pb-overlay\" style=\"\"> <div class=\"pb-caption-bottom\"> <span class=\"pb-description pb-caption-left\" style=\"\">Workshop \"Singen leicht gemacht\" Dekanat Trier 21.10.17 | Stimmbildung mit Diplom-Gesangsp\u00e4dagogin Antonia Lutz<\/span> <\/div> <\/div> <\/a> <\/div> <div class=\"pb-block with-text with-social-or-text pb-landscape pb-width pb-type-image \" style=\"\" data-colspan=\"1\" data-rowspan=\"1\" data-col=\"0\" data-row=\"3\" data-valign=\"center\" data-halign=\"center\" data-type=\"image\" data-ratio=\"1.3333333333333\"> <img decoding=\"async\" class=\"pb-image skip-lazy \" src=\"data:image\/png;base64,iVBORw0KGgoAAAANSUhEUgAAAAEAAAABCAYAAAAfFcSJAAAADUlEQVR42mNkYPhfDwAChwGA60e6kgAAAABJRU5ErkJggg==\" data-pb-source=\"https:\/\/burkhardpuetz-i6psyu9my.live-website.com\/wp-content\/uploads\/2024\/07\/Stimmbildung-Dekanat-Trier-21.10.17-12-web.jpg\" alt=\"Workshop &quot;Singen leicht gemacht&quot; Dekanat Trier 21.10.17 | Stimmbildung mit Diplom-Gesangsp\u00e4dagogin Antonia Lutz\"> <noscript><img decoding=\"async\" src=\"https:\/\/burkhardpuetz-i6psyu9my.live-website.com\/wp-content\/uploads\/2024\/07\/Stimmbildung-Dekanat-Trier-21.10.17-12-web.jpg\" alt=\"Workshop &quot;Singen leicht gemacht&quot; Dekanat Trier 21.10.17 | Stimmbildung mit Diplom-Gesangsp\u00e4dagogin Antonia Lutz\"><\/noscript> <a class=\"pb-link \" data-magnific=\"gallery-11\" data-caption=\"Workshop \"Singen leicht gemacht\" Dekanat Trier 21.10.17 | Stimmbildung mit Diplom-Gesangsp\u00e4dagogin Antonia Lutz\" rel=\"\" target=\"\" href=\"https:\/\/burkhard-puetz.de\/wp-content\/uploads\/2024\/07\/Stimmbildung-Dekanat-Trier-21.10.17-12-web.jpg\"> <div class=\"pb-overlay\" style=\"\"> <div class=\"pb-caption-bottom\"> <span class=\"pb-description pb-caption-left\" style=\"\">Workshop \"Singen leicht gemacht\" Dekanat Trier 21.10.17 | Stimmbildung mit Diplom-Gesangsp\u00e4dagogin Antonia Lutz<\/span> <\/div> <\/div> <\/a> <\/div> <div class=\"pb-block with-text with-social-or-text pb-landscape pb-width pb-type-image \" style=\"\" data-colspan=\"1\" data-rowspan=\"1\" data-col=\"1\" data-row=\"3\" data-valign=\"center\" data-halign=\"center\" data-type=\"image\" data-ratio=\"1.3333333333333\"> <img decoding=\"async\" class=\"pb-image skip-lazy \" src=\"data:image\/png;base64,iVBORw0KGgoAAAANSUhEUgAAAAEAAAABCAYAAAAfFcSJAAAADUlEQVR42mNkYPhfDwAChwGA60e6kgAAAABJRU5ErkJggg==\" data-pb-source=\"https:\/\/burkhardpuetz-i6psyu9my.live-website.com\/wp-content\/uploads\/2024\/07\/Stimmbildung-Dekanat-Trier-21.10.17-9-web.jpg\" alt=\"Workshop &quot;Singen leicht gemacht&quot; Dekanat Trier 21.10.17 | Stimmbildung mit Diplom-Gesangsp\u00e4dagogin Antonia Lutz\"> <noscript><img decoding=\"async\" src=\"https:\/\/burkhardpuetz-i6psyu9my.live-website.com\/wp-content\/uploads\/2024\/07\/Stimmbildung-Dekanat-Trier-21.10.17-9-web.jpg\" alt=\"Workshop &quot;Singen leicht gemacht&quot; Dekanat Trier 21.10.17 | Stimmbildung mit Diplom-Gesangsp\u00e4dagogin Antonia Lutz\"><\/noscript> <a class=\"pb-link \" data-magnific=\"gallery-11\" data-caption=\"Workshop \"Singen leicht gemacht\" Dekanat Trier 21.10.17 | Stimmbildung mit Diplom-Gesangsp\u00e4dagogin Antonia Lutz\" rel=\"\" target=\"\" href=\"https:\/\/burkhard-puetz.de\/wp-content\/uploads\/2024\/07\/Stimmbildung-Dekanat-Trier-21.10.17-9-web.jpg\"> <div class=\"pb-overlay\" style=\"\"> <div class=\"pb-caption-bottom\"> <span class=\"pb-description pb-caption-left\" style=\"\">Workshop \"Singen leicht gemacht\" Dekanat Trier 21.10.17 | Stimmbildung mit Diplom-Gesangsp\u00e4dagogin Antonia Lutz<\/span> <\/div> <\/div> <\/a> <\/div> <div class=\"pb-block with-text with-social-or-text pb-landscape pb-width pb-type-image \" style=\"\" data-colspan=\"1\" data-rowspan=\"1\" data-col=\"2\" data-row=\"3\" data-valign=\"center\" data-halign=\"center\" data-type=\"image\" data-ratio=\"1.3333333333333\"> <img decoding=\"async\" class=\"pb-image skip-lazy \" src=\"data:image\/png;base64,iVBORw0KGgoAAAANSUhEUgAAAAEAAAABCAYAAAAfFcSJAAAADUlEQVR42mNkYPhfDwAChwGA60e6kgAAAABJRU5ErkJggg==\" data-pb-source=\"https:\/\/burkhardpuetz-i6psyu9my.live-website.com\/wp-content\/uploads\/2024\/07\/Stimmbildung-Dekanat-Trier-21.10.17-13-web.jpg\" alt=\"Workshop &quot;Singen leicht gemacht&quot; Dekanat Trier 21.10.17 | Stimmbildung mit Diplom-Gesangsp\u00e4dagogin Antonia Lutz\"> <noscript><img decoding=\"async\" src=\"https:\/\/burkhardpuetz-i6psyu9my.live-website.com\/wp-content\/uploads\/2024\/07\/Stimmbildung-Dekanat-Trier-21.10.17-13-web.jpg\" alt=\"Workshop &quot;Singen leicht gemacht&quot; Dekanat Trier 21.10.17 | Stimmbildung mit Diplom-Gesangsp\u00e4dagogin Antonia Lutz\"><\/noscript> <a class=\"pb-link \" data-magnific=\"gallery-11\" data-caption=\"Workshop \"Singen leicht gemacht\" Dekanat Trier 21.10.17 | Stimmbildung mit Diplom-Gesangsp\u00e4dagogin Antonia Lutz\" rel=\"\" target=\"\" href=\"https:\/\/burkhard-puetz.de\/wp-content\/uploads\/2024\/07\/Stimmbildung-Dekanat-Trier-21.10.17-13-web.jpg\"> <div class=\"pb-overlay\" style=\"\"> <div class=\"pb-caption-bottom\"> <span class=\"pb-description pb-caption-left\" style=\"\">Workshop \"Singen leicht gemacht\" Dekanat Trier 21.10.17 | Stimmbildung mit Diplom-Gesangsp\u00e4dagogin Antonia Lutz<\/span> <\/div> <\/div> <\/a> <\/div> <div class=\"pb-block with-text with-social-or-text pb-landscape pb-width pb-type-image \" style=\"\" data-colspan=\"1\" data-rowspan=\"1\" data-col=\"3\" data-row=\"3\" data-valign=\"center\" data-halign=\"center\" data-type=\"image\" data-ratio=\"1.8445595854922\"> <img decoding=\"async\" class=\"pb-image skip-lazy \" src=\"data:image\/png;base64,iVBORw0KGgoAAAANSUhEUgAAAAEAAAABCAYAAAAfFcSJAAAADUlEQVR42mNkYPhfDwAChwGA60e6kgAAAABJRU5ErkJggg==\" data-pb-source=\"https:\/\/burkhardpuetz-i6psyu9my.live-website.com\/wp-content\/uploads\/2024\/07\/Stimmbildung-Dekanat-Trier-21.10.17-14-web.jpg\" alt=\"Workshop &quot;Singen leicht gemacht&quot; Dekanat Trier 21.10.17 | Stimmbildung mit Diplom-Gesangsp\u00e4dagogin Antonia Lutz\"> <noscript><img decoding=\"async\" src=\"https:\/\/burkhardpuetz-i6psyu9my.live-website.com\/wp-content\/uploads\/2024\/07\/Stimmbildung-Dekanat-Trier-21.10.17-14-web.jpg\" alt=\"Workshop &quot;Singen leicht gemacht&quot; Dekanat Trier 21.10.17 | Stimmbildung mit Diplom-Gesangsp\u00e4dagogin Antonia Lutz\"><\/noscript> <a class=\"pb-link \" data-magnific=\"gallery-11\" data-caption=\"Workshop \"Singen leicht gemacht\" Dekanat Trier 21.10.17 | Stimmbildung mit Diplom-Gesangsp\u00e4dagogin Antonia Lutz\" rel=\"\" target=\"\" href=\"https:\/\/burkhard-puetz.de\/wp-content\/uploads\/2024\/07\/Stimmbildung-Dekanat-Trier-21.10.17-14-web.jpg\"> <div class=\"pb-overlay\" style=\"\"> <div class=\"pb-caption-bottom\"> <span class=\"pb-description pb-caption-left\" style=\"\">Workshop \"Singen leicht gemacht\" Dekanat Trier 21.10.17 | Stimmbildung mit Diplom-Gesangsp\u00e4dagogin Antonia Lutz<\/span> <\/div> <\/div> <\/a> <\/div> <div class=\"pb-block with-text with-social-or-text pb-landscape pb-width pb-type-image \" style=\"\" data-colspan=\"1\" data-rowspan=\"1\" data-col=\"0\" data-row=\"4\" data-valign=\"center\" data-halign=\"center\" data-type=\"image\" data-ratio=\"1.568281938326\"> <img decoding=\"async\" class=\"pb-image skip-lazy \" src=\"data:image\/png;base64,iVBORw0KGgoAAAANSUhEUgAAAAEAAAABCAYAAAAfFcSJAAAADUlEQVR42mNkYPhfDwAChwGA60e6kgAAAABJRU5ErkJggg==\" data-pb-source=\"https:\/\/burkhardpuetz-i6psyu9my.live-website.com\/wp-content\/uploads\/2024\/07\/Stimmbildung-Dekanat-Trier-21.10.17-15-web.jpg\" alt=\"Workshop &quot;Singen leicht gemacht&quot; Dekanat Trier 21.10.17 | Stimmbildung mit Diplom-Gesangsp\u00e4dagogin Antonia Lutz\"> <noscript><img decoding=\"async\" src=\"https:\/\/burkhardpuetz-i6psyu9my.live-website.com\/wp-content\/uploads\/2024\/07\/Stimmbildung-Dekanat-Trier-21.10.17-15-web.jpg\" alt=\"Workshop &quot;Singen leicht gemacht&quot; Dekanat Trier 21.10.17 | Stimmbildung mit Diplom-Gesangsp\u00e4dagogin Antonia Lutz\"><\/noscript> <a class=\"pb-link \" data-magnific=\"gallery-11\" data-caption=\"Workshop \"Singen leicht gemacht\" Dekanat Trier 21.10.17 | Stimmbildung mit Diplom-Gesangsp\u00e4dagogin Antonia Lutz\" rel=\"\" target=\"\" href=\"https:\/\/burkhard-puetz.de\/wp-content\/uploads\/2024\/07\/Stimmbildung-Dekanat-Trier-21.10.17-15-web.jpg\"> <div class=\"pb-overlay\" style=\"\"> <div class=\"pb-caption-bottom\"> <span class=\"pb-description pb-caption-left\" style=\"\">Workshop \"Singen leicht gemacht\" Dekanat Trier 21.10.17 | Stimmbildung mit Diplom-Gesangsp\u00e4dagogin Antonia Lutz<\/span> <\/div> <\/div> <\/a> <\/div> <div class=\"pb-block with-text with-social-or-text pb-landscape pb-height pb-type-image \" style=\"\" data-colspan=\"2\" data-rowspan=\"1\" data-col=\"1\" data-row=\"4\" data-valign=\"center\" data-halign=\"center\" data-type=\"image\" data-ratio=\"1.49875\"> <img decoding=\"async\" class=\"pb-image skip-lazy \" src=\"data:image\/png;base64,iVBORw0KGgoAAAANSUhEUgAAAAEAAAABCAYAAAAfFcSJAAAADUlEQVR42mNkYPhfDwAChwGA60e6kgAAAABJRU5ErkJggg==\" data-pb-source=\"https:\/\/burkhardpuetz-i6psyu9my.live-website.com\/wp-content\/uploads\/2024\/07\/6d8606e1-8c4c-1d53-09b8-f8adbf9d6ea7.jpg\" alt=\"Marienlob 2016 - 150 Jahre Mariens\u00e4ule Trier\"> <noscript><img decoding=\"async\" src=\"https:\/\/burkhardpuetz-i6psyu9my.live-website.com\/wp-content\/uploads\/2024\/07\/6d8606e1-8c4c-1d53-09b8-f8adbf9d6ea7.jpg\" alt=\"Marienlob 2016 - 150 Jahre Mariens\u00e4ule Trier\"><\/noscript> <a class=\"pb-link \" data-magnific=\"gallery-11\" data-caption=\"Marienlob m. Bischof Dr. St. Ackermann 08.10.16 | Robert Schuman Haus | Kompositionen von A. Gabrieli, G. Gabrieli, J. Arcadelt, G. Roussel u. a. | Ausf\u00fchrende: Projektchor Dekanat Trier | Ein Bl\u00e4serensemble | Leitung: Dekanatskantor B. P\u00fctz\" rel=\"\" target=\"\" href=\"https:\/\/burkhard-puetz.de\/wp-content\/uploads\/2024\/07\/6d8606e1-8c4c-1d53-09b8-f8adbf9d6ea7.jpg\"> <div class=\"pb-overlay\" style=\"\"> <div class=\"pb-caption-top\"> <span class=\"pb-title pb-caption-left\" style=\"\">Marienlob 2016 - 150 Jahre Mariens\u00e4ule Trier<\/span> <\/div> <div class=\"pb-caption-bottom\"> <span class=\"pb-description pb-caption-left\" style=\"\">Marienlob m. Bischof Dr. St. Ackermann 08.10.16 | Robert Schuman Haus | Kompositionen von A. Gabrieli, G. Gabrieli, J. Arcadelt, G. Roussel u. a. | Ausf\u00fchrende: Projektchor Dekanat Trier | Ein Bl\u00e4serensemble | Leitung: Dekanatskantor B. P\u00fctz<\/span> <\/div> <\/div> <\/a> <\/div> <div class=\"pb-block with-text with-social-or-text pb-landscape pb-width pb-type-image \" style=\"\" data-colspan=\"1\" data-rowspan=\"2\" data-col=\"3\" data-row=\"4\" data-valign=\"center\" data-halign=\"center\" data-type=\"image\" data-ratio=\"1.49875\"> <img decoding=\"async\" class=\"pb-image skip-lazy \" src=\"data:image\/png;base64,iVBORw0KGgoAAAANSUhEUgAAAAEAAAABCAYAAAAfFcSJAAAADUlEQVR42mNkYPhfDwAChwGA60e6kgAAAABJRU5ErkJggg==\" data-pb-source=\"https:\/\/burkhardpuetz-i6psyu9my.live-website.com\/wp-content\/uploads\/2024\/07\/1f6ccab1-8b2d-50e8-6737-c941226a58b9.jpg\" alt=\"Marienlob 2016 - 150 Jahre Mariens\u00e4ule Trier\"> <noscript><img decoding=\"async\" src=\"https:\/\/burkhardpuetz-i6psyu9my.live-website.com\/wp-content\/uploads\/2024\/07\/1f6ccab1-8b2d-50e8-6737-c941226a58b9.jpg\" alt=\"Marienlob 2016 - 150 Jahre Mariens\u00e4ule Trier\"><\/noscript> <a class=\"pb-link \" data-magnific=\"gallery-11\" data-caption=\"Marienlob m. Bischof Dr. St. Ackermann 08.10.16 | Robert Schuman Haus | Kompositionen von A. Gabrieli, G. Gabrieli, J. Arcadelt, G. Roussel u. a. | Ausf\u00fchrende: Projektchor Dekanat Trier | Ein Bl\u00e4serensemble | Leitung: Dekanatskantor B. P\u00fctz\" rel=\"\" target=\"\" href=\"https:\/\/burkhard-puetz.de\/wp-content\/uploads\/2024\/07\/1f6ccab1-8b2d-50e8-6737-c941226a58b9.jpg\"> <div class=\"pb-overlay\" style=\"\"> <div class=\"pb-caption-top\"> <span class=\"pb-title pb-caption-left\" style=\"\">Marienlob 2016 - 150 Jahre Mariens\u00e4ule Trier<\/span> <\/div> <div class=\"pb-caption-bottom\"> <span class=\"pb-description pb-caption-left\" style=\"\">Marienlob m. Bischof Dr. St. Ackermann 08.10.16 | Robert Schuman Haus | Kompositionen von A. Gabrieli, G. Gabrieli, J. Arcadelt, G. Roussel u. a. | Ausf\u00fchrende: Projektchor Dekanat Trier | Ein Bl\u00e4serensemble | Leitung: Dekanatskantor B. P\u00fctz<\/span> <\/div> <\/div> <\/a> <\/div> <div class=\"pb-block with-text with-social-or-text pb-landscape pb-height pb-type-image \" style=\"\" data-colspan=\"2\" data-rowspan=\"1\" data-col=\"0\" data-row=\"5\" data-valign=\"center\" data-halign=\"center\" data-type=\"image\" data-ratio=\"1.49875\"> <img decoding=\"async\" class=\"pb-image skip-lazy \" src=\"data:image\/png;base64,iVBORw0KGgoAAAANSUhEUgAAAAEAAAABCAYAAAAfFcSJAAAADUlEQVR42mNkYPhfDwAChwGA60e6kgAAAABJRU5ErkJggg==\" data-pb-source=\"https:\/\/burkhardpuetz-i6psyu9my.live-website.com\/wp-content\/uploads\/2024\/07\/8f4314ba-3293-a263-0cec-97d38b7b9901.jpg\" alt=\"Marienlob 2016 - 150 Jahre Mariens\u00e4ule Trier\"> <noscript><img decoding=\"async\" src=\"https:\/\/burkhardpuetz-i6psyu9my.live-website.com\/wp-content\/uploads\/2024\/07\/8f4314ba-3293-a263-0cec-97d38b7b9901.jpg\" alt=\"Marienlob 2016 - 150 Jahre Mariens\u00e4ule Trier\"><\/noscript> <a class=\"pb-link \" data-magnific=\"gallery-11\" data-caption=\"Marienlob m. Bischof Dr. St. Ackermann 08.10.16 | Robert Schuman Haus | Kompositionen von A. Gabrieli, G. Gabrieli, J. Arcadelt, G. Roussel u. a. | Ausf\u00fchrende: Projektchor Dekanat Trier | Ein Bl\u00e4serensemble | Leitung: Dekanatskantor B. P\u00fctz\" rel=\"\" target=\"\" href=\"https:\/\/burkhard-puetz.de\/wp-content\/uploads\/2024\/07\/8f4314ba-3293-a263-0cec-97d38b7b9901.jpg\"> <div class=\"pb-overlay\" style=\"\"> <div class=\"pb-caption-top\"> <span class=\"pb-title pb-caption-left\" style=\"\">Marienlob 2016 - 150 Jahre Mariens\u00e4ule Trier<\/span> <\/div> <div class=\"pb-caption-bottom\"> <span class=\"pb-description pb-caption-left\" style=\"\">Marienlob m. Bischof Dr. St. Ackermann 08.10.16 | Robert Schuman Haus | Kompositionen von A. Gabrieli, G. Gabrieli, J. Arcadelt, G. Roussel u. a. | Ausf\u00fchrende: Projektchor Dekanat Trier | Ein Bl\u00e4serensemble | Leitung: Dekanatskantor B. P\u00fctz<\/span> <\/div> <\/div> <\/a> <\/div> <div class=\"pb-block with-text with-social-or-text pb-landscape pb-width pb-type-image \" style=\"\" data-colspan=\"1\" data-rowspan=\"1\" data-col=\"2\" data-row=\"5\" data-valign=\"center\" data-halign=\"center\" data-type=\"image\" data-ratio=\"1.5\"> <img decoding=\"async\" class=\"pb-image skip-lazy \" src=\"data:image\/png;base64,iVBORw0KGgoAAAANSUhEUgAAAAEAAAABCAYAAAAfFcSJAAAADUlEQVR42mNkYPhfDwAChwGA60e6kgAAAABJRU5ErkJggg==\" data-pb-source=\"https:\/\/burkhardpuetz-i6psyu9my.live-website.com\/wp-content\/uploads\/2024\/07\/e745d1e6-6afe-3a52-fec1-ebab37518265.jpg\" alt=\"Marienlob 2016 - 150 Jahre Mariens\u00e4ule Trier\"> <noscript><img decoding=\"async\" src=\"https:\/\/burkhardpuetz-i6psyu9my.live-website.com\/wp-content\/uploads\/2024\/07\/e745d1e6-6afe-3a52-fec1-ebab37518265.jpg\" alt=\"Marienlob 2016 - 150 Jahre Mariens\u00e4ule Trier\"><\/noscript> <a class=\"pb-link \" data-magnific=\"gallery-11\" data-caption=\"Marienlob 2016 - 150 Jahre Mariens\u00e4ule Trier\" rel=\"\" target=\"\" href=\"https:\/\/burkhard-puetz.de\/wp-content\/uploads\/2024\/07\/e745d1e6-6afe-3a52-fec1-ebab37518265.jpg\"> <div class=\"pb-overlay\" style=\"\"> <div class=\"pb-caption-bottom\"> <span class=\"pb-description pb-caption-left\" style=\"\">Marienlob 2016 - 150 Jahre Mariens\u00e4ule Trier<\/span> <\/div> <\/div> <\/a> <\/div> <div class=\"pb-block with-text with-social-or-text pb-landscape pb-width pb-type-image \" style=\"\" data-colspan=\"1\" data-rowspan=\"2\" data-col=\"0\" data-row=\"6\" data-valign=\"center\" data-halign=\"center\" data-type=\"image\" data-ratio=\"1.5\"> <img decoding=\"async\" class=\"pb-image skip-lazy \" src=\"data:image\/png;base64,iVBORw0KGgoAAAANSUhEUgAAAAEAAAABCAYAAAAfFcSJAAAADUlEQVR42mNkYPhfDwAChwGA60e6kgAAAABJRU5ErkJggg==\" data-pb-source=\"https:\/\/burkhardpuetz-i6psyu9my.live-website.com\/wp-content\/uploads\/2024\/07\/11cba248-28d3-10cf-9415-b8546b5d8f07.jpg\" alt=\"Marienlob 2016 - 150 Jahre Mariens\u00e4ule Trier\"> <noscript><img decoding=\"async\" src=\"https:\/\/burkhardpuetz-i6psyu9my.live-website.com\/wp-content\/uploads\/2024\/07\/11cba248-28d3-10cf-9415-b8546b5d8f07.jpg\" alt=\"Marienlob 2016 - 150 Jahre Mariens\u00e4ule Trier\"><\/noscript> <a class=\"pb-link \" data-magnific=\"gallery-11\" data-caption=\"Marienlob m. Bischof Dr. St. Ackermann 08.10.16 | Robert Schuman Haus | Kompositionen von A. Gabrieli, G. Gabrieli, J. Arcadelt, G. Roussel u. a. | Ausf\u00fchrende: Projektchor Dekanat Trier | Ein Bl\u00e4serensemble | Leitung: Dekanatskantor B. P\u00fctz\" rel=\"\" target=\"\" href=\"https:\/\/burkhard-puetz.de\/wp-content\/uploads\/2024\/07\/11cba248-28d3-10cf-9415-b8546b5d8f07.jpg\"> <div class=\"pb-overlay\" style=\"\"> <div class=\"pb-caption-top\"> <span class=\"pb-title pb-caption-left\" style=\"\">Marienlob 2016 - 150 Jahre Mariens\u00e4ule Trier<\/span> <\/div> <div class=\"pb-caption-bottom\"> <span class=\"pb-description pb-caption-left\" style=\"\">Marienlob m. Bischof Dr. St. Ackermann 08.10.16 | Robert Schuman Haus | Kompositionen von A. Gabrieli, G. Gabrieli, J. Arcadelt, G. Roussel u. a. | Ausf\u00fchrende: Projektchor Dekanat Trier | Ein Bl\u00e4serensemble | Leitung: Dekanatskantor B. P\u00fctz<\/span> <\/div> <\/div> <\/a> <\/div> <div class=\"pb-block with-text with-social-or-text pb-portrait pb-height pb-type-image \" style=\"\" data-colspan=\"1\" data-rowspan=\"1\" data-col=\"1\" data-row=\"6\" data-valign=\"center\" data-halign=\"center\" data-type=\"image\" data-ratio=\"0.66625\"> <img decoding=\"async\" class=\"pb-image skip-lazy \" src=\"data:image\/png;base64,iVBORw0KGgoAAAANSUhEUgAAAAEAAAABCAYAAAAfFcSJAAAADUlEQVR42mNkYPhfDwAChwGA60e6kgAAAABJRU5ErkJggg==\" data-pb-source=\"https:\/\/burkhardpuetz-i6psyu9my.live-website.com\/wp-content\/uploads\/2024\/07\/bdc0bdf0-0651-f6a5-979f-49b4832ddc27.jpg\" alt=\"Marienlob 2016 - 150 Jahre Mariens\u00e4ule Trier\"> <noscript><img decoding=\"async\" src=\"https:\/\/burkhardpuetz-i6psyu9my.live-website.com\/wp-content\/uploads\/2024\/07\/bdc0bdf0-0651-f6a5-979f-49b4832ddc27.jpg\" alt=\"Marienlob 2016 - 150 Jahre Mariens\u00e4ule Trier\"><\/noscript> <a class=\"pb-link \" data-magnific=\"gallery-11\" data-caption=\"Marienlob 2016 - 150 Jahre Mariens\u00e4ule Trier\" rel=\"\" target=\"\" href=\"https:\/\/burkhard-puetz.de\/wp-content\/uploads\/2024\/07\/bdc0bdf0-0651-f6a5-979f-49b4832ddc27.jpg\"> <div class=\"pb-overlay\" style=\"\"> <div class=\"pb-caption-bottom\"> <span class=\"pb-description pb-caption-left\" style=\"\">Marienlob 2016 - 150 Jahre Mariens\u00e4ule Trier<\/span> <\/div> <\/div> <\/a> <\/div> <div class=\"pb-block with-text with-social-or-text pb-portrait pb-height pb-type-image \" style=\"\" data-colspan=\"2\" data-rowspan=\"1\" data-col=\"2\" data-row=\"6\" data-valign=\"center\" data-halign=\"center\" data-type=\"image\" data-ratio=\"0.66625\"> <img decoding=\"async\" class=\"pb-image skip-lazy \" src=\"data:image\/png;base64,iVBORw0KGgoAAAANSUhEUgAAAAEAAAABCAYAAAAfFcSJAAAADUlEQVR42mNkYPhfDwAChwGA60e6kgAAAABJRU5ErkJggg==\" data-pb-source=\"https:\/\/burkhardpuetz-i6psyu9my.live-website.com\/wp-content\/uploads\/2024\/07\/a2502ad1-acc6-f896-0523-b21d1aad8df6.jpg\" alt=\"Marienlob 2016 - 150 Jahre Mariens\u00e4ule Trier\"> <noscript><img decoding=\"async\" src=\"https:\/\/burkhardpuetz-i6psyu9my.live-website.com\/wp-content\/uploads\/2024\/07\/a2502ad1-acc6-f896-0523-b21d1aad8df6.jpg\" alt=\"Marienlob 2016 - 150 Jahre Mariens\u00e4ule Trier\"><\/noscript> <a class=\"pb-link \" data-magnific=\"gallery-11\" data-caption=\"Marienlob m. Bischof Dr. St. Ackermann 08.10.16 | Robert Schuman Haus | Kompositionen von A. Gabrieli, G. Gabrieli, J. Arcadelt, G. Roussel u. a. | Ausf\u00fchrende: Projektchor Dekanat Trier | Ein Bl\u00e4serensemble | Leitung: Dekanatskantor B. P\u00fctz\" rel=\"\" target=\"\" href=\"https:\/\/burkhard-puetz.de\/wp-content\/uploads\/2024\/07\/a2502ad1-acc6-f896-0523-b21d1aad8df6.jpg\"> <div class=\"pb-overlay\" style=\"\"> <div class=\"pb-caption-top\"> <span class=\"pb-title pb-caption-left\" style=\"\">Marienlob 2016 - 150 Jahre Mariens\u00e4ule Trier<\/span> <\/div> <div class=\"pb-caption-bottom\"> <span class=\"pb-description pb-caption-left\" style=\"\">Marienlob m. Bischof Dr. St. Ackermann 08.10.16 | Robert Schuman Haus | Kompositionen von A. Gabrieli, G. Gabrieli, J. Arcadelt, G. Roussel u. a. | Ausf\u00fchrende: Projektchor Dekanat Trier | Ein Bl\u00e4serensemble | Leitung: Dekanatskantor B. P\u00fctz<\/span> <\/div> <\/div> <\/a> <\/div> <div class=\"pb-block with-text with-social-or-text pb-landscape pb-height pb-type-image \" style=\"\" data-colspan=\"2\" data-rowspan=\"1\" data-col=\"1\" data-row=\"7\" data-valign=\"center\" data-halign=\"center\" data-type=\"image\" data-ratio=\"1.5008849557522\"> <img decoding=\"async\" class=\"pb-image skip-lazy \" src=\"data:image\/png;base64,iVBORw0KGgoAAAANSUhEUgAAAAEAAAABCAYAAAAfFcSJAAAADUlEQVR42mNkYPhfDwAChwGA60e6kgAAAABJRU5ErkJggg==\" data-pb-source=\"https:\/\/burkhardpuetz-i6psyu9my.live-website.com\/wp-content\/uploads\/2024\/07\/Dekanatssingen-15.09.13-Heiligkreuz-Kopie.jpg\" alt=\"Dekanatssingen Pfarrkirche Heiligkreuz 15.09.13 | Abendlob zum Fest Kreuzerh\u00f6hung \u2013 100 Jahre Kirchenchor Heiligkreuz | Lieder und Ges\u00e4nge aus dem neuen Gotteslob | Chormusik aus England von Monk, Scholefield, Parry, Stanford, Wilson u. a.\"> <noscript><img decoding=\"async\" src=\"https:\/\/burkhardpuetz-i6psyu9my.live-website.com\/wp-content\/uploads\/2024\/07\/Dekanatssingen-15.09.13-Heiligkreuz-Kopie.jpg\" alt=\"Dekanatssingen Pfarrkirche Heiligkreuz 15.09.13 | Abendlob zum Fest Kreuzerh\u00f6hung \u2013 100 Jahre Kirchenchor Heiligkreuz | Lieder und Ges\u00e4nge aus dem neuen Gotteslob | Chormusik aus England von Monk, Scholefield, Parry, Stanford, Wilson u. a.\"><\/noscript> <a class=\"pb-link \" data-magnific=\"gallery-11\" data-caption=\"Dekanatssingen Pfarrkirche Heiligkreuz 15.09.13 | Abendlob zum Fest Kreuzerh\u00f6hung \u2013 100 Jahre Kirchenchor Heiligkreuz | Lieder und Ges\u00e4nge aus dem neuen Gotteslob | Chormusik aus England von Monk, Scholefield, Parry, Stanford, Wilson u. a.\" rel=\"\" target=\"\" href=\"https:\/\/burkhard-puetz.de\/wp-content\/uploads\/2024\/07\/Dekanatssingen-15.09.13-Heiligkreuz-Kopie.jpg\"> <div class=\"pb-overlay\" style=\"\"> <div class=\"pb-caption-bottom\"> <span class=\"pb-description pb-caption-left\" style=\"\">Dekanatssingen Pfarrkirche Heiligkreuz 15.09.13 | Abendlob zum Fest Kreuzerh\u00f6hung \u2013 100 Jahre Kirchenchor Heiligkreuz | Lieder und Ges\u00e4nge aus dem neuen Gotteslob | Chormusik aus England von Monk, Scholefield, Parry, Stanford, Wilson u. a.<\/span> <\/div> <\/div> <\/a> <\/div> <div class=\"pb-block with-text with-social-or-text pb-portrait pb-height pb-type-image \" style=\"\" data-colspan=\"1\" data-rowspan=\"1\" data-col=\"3\" data-row=\"7\" data-valign=\"center\" data-halign=\"center\" data-type=\"image\" data-ratio=\"0.70577045022194\"> <img decoding=\"async\" class=\"pb-image skip-lazy \" src=\"data:image\/png;base64,iVBORw0KGgoAAAANSUhEUgAAAAEAAAABCAYAAAAfFcSJAAAADUlEQVR42mNkYPhfDwAChwGA60e6kgAAAABJRU5ErkJggg==\" data-pb-source=\"https:\/\/burkhardpuetz-i6psyu9my.live-website.com\/wp-content\/uploads\/2024\/07\/Dekanatssingen_Liebfrauen__01_10_2011_58-Klein.jpg\" alt=\"Dekanatssingen 01.10.11 Basilika Liebfrauen Trier | Chorwerke von R. Gr\u00f6ssler, H. \u00c5kerblom, J.-P. L\u00e9cot, A. Veciana, F. Santini, A. Wilson, Ch. H. Parry, P. Reulein, B. Kolberg, K. N. Schmid u. a.\"> <noscript><img decoding=\"async\" src=\"https:\/\/burkhardpuetz-i6psyu9my.live-website.com\/wp-content\/uploads\/2024\/07\/Dekanatssingen_Liebfrauen__01_10_2011_58-Klein.jpg\" alt=\"Dekanatssingen 01.10.11 Basilika Liebfrauen Trier | Chorwerke von R. Gr\u00f6ssler, H. \u00c5kerblom, J.-P. L\u00e9cot, A. Veciana, F. Santini, A. Wilson, Ch. H. Parry, P. Reulein, B. Kolberg, K. N. Schmid u. a.\"><\/noscript> <a class=\"pb-link \" data-magnific=\"gallery-11\" data-caption=\"Dekanatssingen 01.10.11 Basilika Liebfrauen Trier | Chorwerke von R. Gr\u00f6ssler, H. \u00c5kerblom, J.-P. L\u00e9cot, A. Veciana, F. Santini, A. Wilson, Ch. H. Parry, P. Reulein, B. Kolberg, K. N. Schmid u. a.\" rel=\"\" target=\"\" href=\"https:\/\/burkhard-puetz.de\/wp-content\/uploads\/2024\/07\/Dekanatssingen_Liebfrauen__01_10_2011_58-Klein.jpg\"> <div class=\"pb-overlay\" style=\"\"> <div class=\"pb-caption-bottom\"> <span class=\"pb-description pb-caption-left\" style=\"\">Dekanatssingen 01.10.11 Basilika Liebfrauen Trier | Chorwerke von R. Gr\u00f6ssler, H. \u00c5kerblom, J.-P. L\u00e9cot, A. Veciana, F. Santini, A. Wilson, Ch. H. Parry, P. Reulein, B. Kolberg, K. N. Schmid u. a.<\/span> <\/div> <\/div> <\/a> <\/div> <div class=\"pb-block with-text with-social-or-text pb-landscape pb-width pb-type-image \" style=\"\" data-colspan=\"1\" data-rowspan=\"1\" data-col=\"0\" data-row=\"8\" data-valign=\"center\" data-halign=\"center\" data-type=\"image\" data-ratio=\"1.3333333333333\"> <img decoding=\"async\" class=\"pb-image skip-lazy \" src=\"data:image\/png;base64,iVBORw0KGgoAAAANSUhEUgAAAAEAAAABCAYAAAAfFcSJAAAADUlEQVR42mNkYPhfDwAChwGA60e6kgAAAABJRU5ErkJggg==\" data-pb-source=\"https:\/\/burkhardpuetz-i6psyu9my.live-website.com\/wp-content\/uploads\/2024\/07\/Dekanatssingen_Liebfrauen_01_10_2011-140-klein-1.jpg\" alt=\"Dekanatssingen 01.10.11 Basilika Liebfrauen Trier | Chorwerke von R. Gr\u00f6ssler, H. \u00c5kerblom, J.-P. L\u00e9cot, A. Veciana, F. Santini, A. Wilson, Ch. H. Parry, P. Reulein, B. Kolberg, K. N. Schmid u. a.\"> <noscript><img decoding=\"async\" src=\"https:\/\/burkhardpuetz-i6psyu9my.live-website.com\/wp-content\/uploads\/2024\/07\/Dekanatssingen_Liebfrauen_01_10_2011-140-klein-1.jpg\" alt=\"Dekanatssingen 01.10.11 Basilika Liebfrauen Trier | Chorwerke von R. Gr\u00f6ssler, H. \u00c5kerblom, J.-P. L\u00e9cot, A. Veciana, F. Santini, A. Wilson, Ch. H. Parry, P. Reulein, B. Kolberg, K. N. Schmid u. a.\"><\/noscript> <a class=\"pb-link \" data-magnific=\"gallery-11\" data-caption=\"Dekanatssingen 01.10.11 Basilika Liebfrauen Trier | Chorwerke von R. Gr\u00f6ssler, H. \u00c5kerblom, J.-P. L\u00e9cot, A. Veciana, F. Santini, A. Wilson, Ch. H. Parry, P. Reulein, B. Kolberg, K. N. Schmid u. a.\" rel=\"\" target=\"\" href=\"https:\/\/burkhard-puetz.de\/wp-content\/uploads\/2024\/07\/Dekanatssingen_Liebfrauen_01_10_2011-140-klein-1.jpg\"> <div class=\"pb-overlay\" style=\"\"> <div class=\"pb-caption-bottom\"> <span class=\"pb-description pb-caption-left\" style=\"\">Dekanatssingen 01.10.11 Basilika Liebfrauen Trier | Chorwerke von R. Gr\u00f6ssler, H. \u00c5kerblom, J.-P. L\u00e9cot, A. Veciana, F. Santini, A. Wilson, Ch. H. Parry, P. Reulein, B. Kolberg, K. N. Schmid u. a.<\/span> <\/div> <\/div> <\/a> <\/div> <div class=\"pb-block with-text with-social-or-text pb-portrait pb-height pb-type-image \" style=\"\" data-colspan=\"1\" data-rowspan=\"1\" data-col=\"1\" data-row=\"8\" data-valign=\"center\" data-halign=\"center\" data-type=\"image\" data-ratio=\"0.75\"> <img decoding=\"async\" class=\"pb-image skip-lazy \" src=\"data:image\/png;base64,iVBORw0KGgoAAAANSUhEUgAAAAEAAAABCAYAAAAfFcSJAAAADUlEQVR42mNkYPhfDwAChwGA60e6kgAAAABJRU5ErkJggg==\" data-pb-source=\"https:\/\/burkhardpuetz-i6psyu9my.live-website.com\/wp-content\/uploads\/2024\/07\/Dekanatssingen_Liebfrauen_01_10_2011-106-Klein.jpg\" alt=\"Dekanatssingen 2011 Basilika Liebfrauen Trier\"> <noscript><img decoding=\"async\" src=\"https:\/\/burkhardpuetz-i6psyu9my.live-website.com\/wp-content\/uploads\/2024\/07\/Dekanatssingen_Liebfrauen_01_10_2011-106-Klein.jpg\" alt=\"Dekanatssingen 2011 Basilika Liebfrauen Trier\"><\/noscript> <a class=\"pb-link \" data-magnific=\"gallery-11\" data-caption=\"Dekanatssingen 2011 Basilika Liebfrauen Trier\" rel=\"\" target=\"\" href=\"https:\/\/burkhard-puetz.de\/wp-content\/uploads\/2024\/07\/Dekanatssingen_Liebfrauen_01_10_2011-106-Klein.jpg\"> <div class=\"pb-overlay\" style=\"\"> <div class=\"pb-caption-bottom\"> <span class=\"pb-description pb-caption-left\" style=\"\">Dekanatssingen 2011 Basilika Liebfrauen Trier<\/span> <\/div> <\/div> <\/a> <\/div> <div class=\"pb-block with-text with-social-or-text pb-landscape pb-width pb-type-image \" style=\"\" data-colspan=\"1\" data-rowspan=\"1\" data-col=\"2\" data-row=\"8\" data-valign=\"center\" data-halign=\"center\" data-type=\"image\" data-ratio=\"1.3333333333333\"> <img decoding=\"async\" class=\"pb-image skip-lazy \" src=\"data:image\/png;base64,iVBORw0KGgoAAAANSUhEUgAAAAEAAAABCAYAAAAfFcSJAAAADUlEQVR42mNkYPhfDwAChwGA60e6kgAAAABJRU5ErkJggg==\" data-pb-source=\"https:\/\/burkhardpuetz-i6psyu9my.live-website.com\/wp-content\/uploads\/2024\/07\/Dekanatssingen_Liebfrauen_01_10_2011-140-klein-scaled.jpg\" alt=\"Dekanatssingen 01.10.11 Basilika Liebfrauen Trier | Chorwerke von R. Gr\u00f6ssler, H. \u00c5kerblom, J.-P. L\u00e9cot, A. Veciana, F. Santini, A. Wilson, Ch. H. Parry, P. Reulein, B. Kolberg, K. N. Schmid u. a.\"> <noscript><img decoding=\"async\" src=\"https:\/\/burkhardpuetz-i6psyu9my.live-website.com\/wp-content\/uploads\/2024\/07\/Dekanatssingen_Liebfrauen_01_10_2011-140-klein-scaled.jpg\" alt=\"Dekanatssingen 01.10.11 Basilika Liebfrauen Trier | Chorwerke von R. Gr\u00f6ssler, H. \u00c5kerblom, J.-P. L\u00e9cot, A. Veciana, F. Santini, A. Wilson, Ch. H. Parry, P. Reulein, B. Kolberg, K. N. Schmid u. a.\"><\/noscript> <a class=\"pb-link \" data-magnific=\"gallery-11\" data-caption=\"Dekanatssingen 01.10.11 Basilika Liebfrauen Trier | Chorwerke von R. Gr\u00f6ssler, H. \u00c5kerblom, J.-P. L\u00e9cot, A. Veciana, F. Santini, A. Wilson, Ch. H. Parry, P. Reulein, B. Kolberg, K. N. Schmid u. a.\" rel=\"\" target=\"\" href=\"https:\/\/burkhard-puetz.de\/wp-content\/uploads\/2024\/07\/Dekanatssingen_Liebfrauen_01_10_2011-140-klein-scaled.jpg\"> <div class=\"pb-overlay\" style=\"\"> <div class=\"pb-caption-bottom\"> <span class=\"pb-description pb-caption-left\" style=\"\">Dekanatssingen 01.10.11 Basilika Liebfrauen Trier | Chorwerke von R. Gr\u00f6ssler, H. \u00c5kerblom, J.-P. L\u00e9cot, A. Veciana, F. Santini, A. Wilson, Ch. H. Parry, P. Reulein, B. Kolberg, K. N. Schmid u. a.<\/span> <\/div> <\/div> <\/a> <\/div> <div class=\"pb-block with-text with-social-or-text pb-portrait pb-height pb-type-image \" style=\"\" data-colspan=\"1\" data-rowspan=\"1\" data-col=\"3\" data-row=\"8\" data-valign=\"center\" data-halign=\"center\" data-type=\"image\" data-ratio=\"0.75\"> <img decoding=\"async\" class=\"pb-image skip-lazy \" src=\"data:image\/png;base64,iVBORw0KGgoAAAANSUhEUgAAAAEAAAABCAYAAAAfFcSJAAAADUlEQVR42mNkYPhfDwAChwGA60e6kgAAAABJRU5ErkJggg==\" data-pb-source=\"https:\/\/burkhardpuetz-i6psyu9my.live-website.com\/wp-content\/uploads\/2024\/07\/2011_1001Dekanatssingen2011-0006-klein-scaled.jpg\" alt=\"Probe f\u00fcr das Dekanatssingen am 01.10.11 in der Basilika Liebfrauen Trier\"> <noscript><img decoding=\"async\" src=\"https:\/\/burkhardpuetz-i6psyu9my.live-website.com\/wp-content\/uploads\/2024\/07\/2011_1001Dekanatssingen2011-0006-klein-scaled.jpg\" alt=\"Probe f\u00fcr das Dekanatssingen am 01.10.11 in der Basilika Liebfrauen Trier\"><\/noscript> <a class=\"pb-link \" data-magnific=\"gallery-11\" data-caption=\"Probe f\u00fcr das Dekanatssingen am 01.10.11 in der Basilika Liebfrauen Trier\" rel=\"\" target=\"\" href=\"https:\/\/burkhard-puetz.de\/wp-content\/uploads\/2024\/07\/2011_1001Dekanatssingen2011-0006-klein-scaled.jpg\"> <div class=\"pb-overlay\" style=\"\"> <div class=\"pb-caption-bottom\"> <span class=\"pb-description pb-caption-left\" style=\"\">Probe f\u00fcr das Dekanatssingen am 01.10.11 in der Basilika Liebfrauen Trier<\/span> <\/div> <\/div> <\/a> <\/div> <div class=\"pb-block with-text with-social-or-text pb-landscape pb-width pb-type-image \" style=\"\" data-colspan=\"1\" data-rowspan=\"1\" data-col=\"0\" data-row=\"9\" data-valign=\"center\" data-halign=\"center\" data-type=\"image\" data-ratio=\"1.3333333333333\"> <img decoding=\"async\" class=\"pb-image skip-lazy \" src=\"data:image\/png;base64,iVBORw0KGgoAAAANSUhEUgAAAAEAAAABCAYAAAAfFcSJAAAADUlEQVR42mNkYPhfDwAChwGA60e6kgAAAABJRU5ErkJggg==\" data-pb-source=\"https:\/\/burkhardpuetz-i6psyu9my.live-website.com\/wp-content\/uploads\/2024\/07\/2011_1001Dekanatssingen2011-0002-klein.jpg\" alt=\"Probe f\u00fcr das Dekanatssingen am 01.10.11 in der Basilika Liebfrauen Trier\"> <noscript><img decoding=\"async\" src=\"https:\/\/burkhardpuetz-i6psyu9my.live-website.com\/wp-content\/uploads\/2024\/07\/2011_1001Dekanatssingen2011-0002-klein.jpg\" alt=\"Probe f\u00fcr das Dekanatssingen am 01.10.11 in der Basilika Liebfrauen Trier\"><\/noscript> <a class=\"pb-link \" data-magnific=\"gallery-11\" data-caption=\"Probe f\u00fcr das Dekanatssingen am 01.10.11 in der Basilika Liebfrauen Trier\" rel=\"\" target=\"\" href=\"https:\/\/burkhard-puetz.de\/wp-content\/uploads\/2024\/07\/2011_1001Dekanatssingen2011-0002-klein.jpg\"> <div class=\"pb-overlay\" style=\"\"> <div class=\"pb-caption-bottom\"> <span class=\"pb-description pb-caption-left\" style=\"\">Probe f\u00fcr das Dekanatssingen am 01.10.11 in der Basilika Liebfrauen Trier<\/span> <\/div> <\/div> <\/a> <\/div> <div class=\"pb-block with-text with-social-or-text pb-landscape pb-height pb-type-image \" style=\"\" data-colspan=\"2\" data-rowspan=\"1\" data-col=\"1\" data-row=\"9\" data-valign=\"center\" data-halign=\"center\" data-type=\"image\" data-ratio=\"1.3333333333333\"> <img decoding=\"async\" class=\"pb-image skip-lazy \" src=\"data:image\/png;base64,iVBORw0KGgoAAAANSUhEUgAAAAEAAAABCAYAAAAfFcSJAAAADUlEQVR42mNkYPhfDwAChwGA60e6kgAAAABJRU5ErkJggg==\" data-pb-source=\"https:\/\/burkhardpuetz-i6psyu9my.live-website.com\/wp-content\/uploads\/2024\/07\/Dekanatssingen-2010-1-klein.jpg\" alt=\"Dekanatssingen 02.10.2010 Marienstiftskirche Trier-Pfalzel | L\u00e1szlo Halmos: \u201eMissa e sole\u201c f\u00fcr Chor und Orgel | J. Gallus: Laus et perennis gloria (Doppelchor) | J. Pachelbel: Singet dem Herrn ein neues Lied (Doppelchor) | J. G. Rheinberger: Abendlied op. 69 Nr. 3 | F. Santini: Halleluja u. a.\"> <noscript><img decoding=\"async\" src=\"https:\/\/burkhardpuetz-i6psyu9my.live-website.com\/wp-content\/uploads\/2024\/07\/Dekanatssingen-2010-1-klein.jpg\" alt=\"Dekanatssingen 02.10.2010 Marienstiftskirche Trier-Pfalzel | L\u00e1szlo Halmos: \u201eMissa e sole\u201c f\u00fcr Chor und Orgel | J. Gallus: Laus et perennis gloria (Doppelchor) | J. Pachelbel: Singet dem Herrn ein neues Lied (Doppelchor) | J. G. Rheinberger: Abendlied op. 69 Nr. 3 | F. Santini: Halleluja u. a.\"><\/noscript> <a class=\"pb-link \" data-magnific=\"gallery-11\" data-caption=\"Dekanatssingen 02.10.2010 Marienstiftskirche Trier-Pfalzel | L\u00e1szlo Halmos: \u201eMissa e sole\u201c f\u00fcr Chor und Orgel | J. Gallus: Laus et perennis gloria (Doppelchor) | J. Pachelbel: Singet dem Herrn ein neues Lied (Doppelchor) | J. G. Rheinberger: Abendlied op. 69 Nr. 3 | F. Santini: Halleluja u. a.\" rel=\"\" target=\"\" href=\"https:\/\/burkhard-puetz.de\/wp-content\/uploads\/2024\/07\/Dekanatssingen-2010-1-klein.jpg\"> <div class=\"pb-overlay\" style=\"\"> <div class=\"pb-caption-bottom\"> <span class=\"pb-description pb-caption-left\" style=\"\">Dekanatssingen 02.10.2010 Marienstiftskirche Trier-Pfalzel | L\u00e1szlo Halmos: \u201eMissa e sole\u201c f\u00fcr Chor und Orgel | J. Gallus: Laus et perennis gloria (Doppelchor) | J. Pachelbel: Singet dem Herrn ein neues Lied (Doppelchor) | J. G. Rheinberger: Abendlied op. 69 Nr. 3 | F. Santini: Halleluja u. a.<\/span> <\/div> <\/div> <\/a> <\/div> <div class=\"pb-block with-text with-social-or-text pb-landscape pb-width pb-type-image \" style=\"\" data-colspan=\"1\" data-rowspan=\"2\" data-col=\"3\" data-row=\"9\" data-valign=\"center\" data-halign=\"center\" data-type=\"image\" data-ratio=\"1.3333333333333\"> <img decoding=\"async\" class=\"pb-image skip-lazy \" src=\"data:image\/png;base64,iVBORw0KGgoAAAANSUhEUgAAAAEAAAABCAYAAAAfFcSJAAAADUlEQVR42mNkYPhfDwAChwGA60e6kgAAAABJRU5ErkJggg==\" data-pb-source=\"https:\/\/burkhardpuetz-i6psyu9my.live-website.com\/wp-content\/uploads\/2024\/07\/Dekanatssingen-2010-2-klein.jpg\" alt=\"Dekanatssingen 02.10.2010 Marienstiftskirche Trier-Pfalzel | L\u00e1szlo Halmos: \u201eMissa e sole\u201c f\u00fcr Chor und Orgel | J. Gallus: Laus et perennis gloria (Doppelchor) | J. Pachelbel: Singet dem Herrn ein neues Lied (Doppelchor) | J. G. Rheinberger: Abendlied op. 69 Nr. 3 | F. Santini: Halleluja u. a.\"> <noscript><img decoding=\"async\" src=\"https:\/\/burkhardpuetz-i6psyu9my.live-website.com\/wp-content\/uploads\/2024\/07\/Dekanatssingen-2010-2-klein.jpg\" alt=\"Dekanatssingen 02.10.2010 Marienstiftskirche Trier-Pfalzel | L\u00e1szlo Halmos: \u201eMissa e sole\u201c f\u00fcr Chor und Orgel | J. Gallus: Laus et perennis gloria (Doppelchor) | J. Pachelbel: Singet dem Herrn ein neues Lied (Doppelchor) | J. G. Rheinberger: Abendlied op. 69 Nr. 3 | F. Santini: Halleluja u. a.\"><\/noscript> <a class=\"pb-link \" data-magnific=\"gallery-11\" data-caption=\"Dekanatssingen 02.10.2010 Marienstiftskirche Trier-Pfalzel | L\u00e1szlo Halmos: \u201eMissa e sole\u201c f\u00fcr Chor und Orgel | J. Gallus: Laus et perennis gloria (Doppelchor) | J. Pachelbel: Singet dem Herrn ein neues Lied (Doppelchor) | J. G. Rheinberger: Abendlied op. 69 Nr. 3 | F. Santini: Halleluja u. a.\" rel=\"\" target=\"\" href=\"https:\/\/burkhard-puetz.de\/wp-content\/uploads\/2024\/07\/Dekanatssingen-2010-2-klein.jpg\"> <div class=\"pb-overlay\" style=\"\"> <div class=\"pb-caption-bottom\"> <span class=\"pb-description pb-caption-left\" style=\"\">Dekanatssingen 02.10.2010 Marienstiftskirche Trier-Pfalzel | L\u00e1szlo Halmos: \u201eMissa e sole\u201c f\u00fcr Chor und Orgel | J. Gallus: Laus et perennis gloria (Doppelchor) | J. Pachelbel: Singet dem Herrn ein neues Lied (Doppelchor) | J. G. Rheinberger: Abendlied op. 69 Nr. 3 | F. Santini: Halleluja u. a.<\/span> <\/div> <\/div> <\/a> <\/div> <div class=\"pb-block with-text with-social-or-text pb-landscape pb-height pb-type-image \" style=\"\" data-colspan=\"2\" data-rowspan=\"1\" data-col=\"0\" data-row=\"10\" data-valign=\"center\" data-halign=\"center\" data-type=\"image\" data-ratio=\"1.3333333333333\"> <img decoding=\"async\" class=\"pb-image skip-lazy \" src=\"data:image\/png;base64,iVBORw0KGgoAAAANSUhEUgAAAAEAAAABCAYAAAAfFcSJAAAADUlEQVR42mNkYPhfDwAChwGA60e6kgAAAABJRU5ErkJggg==\" data-pb-source=\"https:\/\/burkhardpuetz-i6psyu9my.live-website.com\/wp-content\/uploads\/2024\/07\/Dekanatssingen-2009-Sopran-Ausschnitt-klein.jpg\" alt=\"Dekanatssingen 03.10.09 St. Martinus, Trier-Zewen | R. Shephard: Woodard-Messe | J. Harper: Psalm 150 | C. Mawby: Halleluja | Ch. H. Parry: Jerusalem | Werke f\u00fcr Chor und Orgel von A. Reinthaler, K. Dobrovolskis und B. Huijbers\"> <noscript><img decoding=\"async\" src=\"https:\/\/burkhardpuetz-i6psyu9my.live-website.com\/wp-content\/uploads\/2024\/07\/Dekanatssingen-2009-Sopran-Ausschnitt-klein.jpg\" alt=\"Dekanatssingen 03.10.09 St. Martinus, Trier-Zewen | R. Shephard: Woodard-Messe | J. Harper: Psalm 150 | C. Mawby: Halleluja | Ch. H. Parry: Jerusalem | Werke f\u00fcr Chor und Orgel von A. Reinthaler, K. Dobrovolskis und B. Huijbers\"><\/noscript> <a class=\"pb-link \" data-magnific=\"gallery-11\" data-caption=\"Dekanatssingen 03.10.09 St. Martinus, Trier-Zewen | R. Shephard: Woodard-Messe | J. Harper: Psalm 150 | C. Mawby: Halleluja | Ch. H. Parry: Jerusalem | Werke f\u00fcr Chor und Orgel von A. Reinthaler, K. Dobrovolskis und B. Huijbers\" rel=\"\" target=\"\" href=\"https:\/\/burkhard-puetz.de\/wp-content\/uploads\/2024\/07\/Dekanatssingen-2009-Sopran-Ausschnitt-klein.jpg\"> <div class=\"pb-overlay\" style=\"\"> <div class=\"pb-caption-bottom\"> <span class=\"pb-description pb-caption-left\" style=\"\">Dekanatssingen 03.10.09 St. Martinus, Trier-Zewen | R. Shephard: Woodard-Messe | J. Harper: Psalm 150 | C. Mawby: Halleluja | Ch. H. Parry: Jerusalem | Werke f\u00fcr Chor und Orgel von A. Reinthaler, K. Dobrovolskis und B. Huijbers<\/span> <\/div> <\/div> <\/a> <\/div> <div class=\"pb-block with-text with-social-or-text pb-landscape pb-width pb-type-image \" style=\"\" data-colspan=\"1\" data-rowspan=\"2\" data-col=\"2\" data-row=\"10\" data-valign=\"center\" data-halign=\"center\" data-type=\"image\" data-ratio=\"1.3317757009346\"> <img decoding=\"async\" class=\"pb-image skip-lazy \" src=\"data:image\/png;base64,iVBORw0KGgoAAAANSUhEUgAAAAEAAAABCAYAAAAfFcSJAAAADUlEQVR42mNkYPhfDwAChwGA60e6kgAAAABJRU5ErkJggg==\" data-pb-source=\"https:\/\/burkhardpuetz-i6psyu9my.live-website.com\/wp-content\/uploads\/2024\/07\/Dekanatssingen-2009-Sopran-klein.jpg\" alt=\"Dekanatssingen 03.10.09 St. Martinus, Trier-Zewen | R. Shephard: Woodard-Messe | J. Harper: Psalm 150 | C. Mawby: Halleluja | Ch. H. Parry: Jerusalem | Werke f\u00fcr Chor und Orgel von A. Reinthaler, K. Dobrovolskis und B. Huijbers\"> <noscript><img decoding=\"async\" src=\"https:\/\/burkhardpuetz-i6psyu9my.live-website.com\/wp-content\/uploads\/2024\/07\/Dekanatssingen-2009-Sopran-klein.jpg\" alt=\"Dekanatssingen 03.10.09 St. Martinus, Trier-Zewen | R. Shephard: Woodard-Messe | J. Harper: Psalm 150 | C. Mawby: Halleluja | Ch. H. Parry: Jerusalem | Werke f\u00fcr Chor und Orgel von A. Reinthaler, K. Dobrovolskis und B. Huijbers\"><\/noscript> <a class=\"pb-link \" data-magnific=\"gallery-11\" data-caption=\"Dekanatssingen 03.10.09 St. Martinus, Trier-Zewen | R. Shephard: Woodard-Messe | J. Harper: Psalm 150 | C. Mawby: Halleluja | Ch. H. Parry: Jerusalem | Werke f\u00fcr Chor und Orgel von A. Reinthaler, K. Dobrovolskis und B. Huijbers\" rel=\"\" target=\"\" href=\"https:\/\/burkhard-puetz.de\/wp-content\/uploads\/2024\/07\/Dekanatssingen-2009-Sopran-klein.jpg\"> <div class=\"pb-overlay\" style=\"\"> <div class=\"pb-caption-bottom\"> <span class=\"pb-description pb-caption-left\" style=\"\">Dekanatssingen 03.10.09 St. Martinus, Trier-Zewen | R. Shephard: Woodard-Messe | J. Harper: Psalm 150 | C. Mawby: Halleluja | Ch. H. Parry: Jerusalem | Werke f\u00fcr Chor und Orgel von A. Reinthaler, K. Dobrovolskis und B. Huijbers<\/span> <\/div> <\/div> <\/a> <\/div> <div class=\"pb-block with-text with-social-or-text pb-landscape pb-width pb-type-image \" style=\"\" data-colspan=\"1\" data-rowspan=\"1\" data-col=\"0\" data-row=\"11\" data-valign=\"center\" data-halign=\"center\" data-type=\"image\" data-ratio=\"1.3333333333333\"> <img decoding=\"async\" class=\"pb-image skip-lazy \" src=\"data:image\/png;base64,iVBORw0KGgoAAAANSUhEUgAAAAEAAAABCAYAAAAfFcSJAAAADUlEQVR42mNkYPhfDwAChwGA60e6kgAAAABJRU5ErkJggg==\" data-pb-source=\"https:\/\/burkhardpuetz-i6psyu9my.live-website.com\/wp-content\/uploads\/2024\/07\/Dekanatssingen-2009-Sopran-vorne-klein.jpg\" alt=\"Dekanatssingen 03.10.09 St. Martinus, Trier-Zewen | R. Shephard: Woodard-Messe | J. Harper: Psalm 150 | C. Mawby: Halleluja | Ch. H. Parry: Jerusalem | Werke f\u00fcr Chor und Orgel von A. Reinthaler, K. Dobrovolskis und B. Huijbers\"> <noscript><img decoding=\"async\" src=\"https:\/\/burkhardpuetz-i6psyu9my.live-website.com\/wp-content\/uploads\/2024\/07\/Dekanatssingen-2009-Sopran-vorne-klein.jpg\" alt=\"Dekanatssingen 03.10.09 St. Martinus, Trier-Zewen | R. Shephard: Woodard-Messe | J. Harper: Psalm 150 | C. Mawby: Halleluja | Ch. H. Parry: Jerusalem | Werke f\u00fcr Chor und Orgel von A. Reinthaler, K. Dobrovolskis und B. Huijbers\"><\/noscript> <a class=\"pb-link \" data-magnific=\"gallery-11\" data-caption=\"Dekanatssingen 03.10.09 St. Martinus, Trier-Zewen | R. Shephard: Woodard-Messe | J. Harper: Psalm 150 | C. Mawby: Halleluja | Ch. H. Parry: Jerusalem | Werke f\u00fcr Chor und Orgel von A. Reinthaler, K. Dobrovolskis und B. Huijbers\" rel=\"\" target=\"\" href=\"https:\/\/burkhard-puetz.de\/wp-content\/uploads\/2024\/07\/Dekanatssingen-2009-Sopran-vorne-klein.jpg\"> <div class=\"pb-overlay\" style=\"\"> <div class=\"pb-caption-bottom\"> <span class=\"pb-description pb-caption-left\" style=\"\">Dekanatssingen 03.10.09 St. Martinus, Trier-Zewen | R. Shephard: Woodard-Messe | J. Harper: Psalm 150 | C. Mawby: Halleluja | Ch. H. Parry: Jerusalem | Werke f\u00fcr Chor und Orgel von A. Reinthaler, K. Dobrovolskis und B. Huijbers<\/span> <\/div> <\/div> <\/a> <\/div> <div class=\"pb-block with-text with-social-or-text pb-landscape pb-width pb-type-image \" style=\"\" data-colspan=\"1\" data-rowspan=\"1\" data-col=\"1\" data-row=\"11\" data-valign=\"center\" data-halign=\"center\" data-type=\"image\" data-ratio=\"1.3333333333333\"> <img decoding=\"async\" class=\"pb-image skip-lazy \" src=\"data:image\/png;base64,iVBORw0KGgoAAAANSUhEUgAAAAEAAAABCAYAAAAfFcSJAAAADUlEQVR42mNkYPhfDwAChwGA60e6kgAAAABJRU5ErkJggg==\" data-pb-source=\"https:\/\/burkhardpuetz-i6psyu9my.live-website.com\/wp-content\/uploads\/2024\/07\/Dekanatssingen-2009-Alt-klein.jpg\" alt=\"Dekanatssingen 03.10.09 St. Martinus, Trier-Zewen | R. Shephard: Woodard-Messe | J. Harper: Psalm 150 | C. Mawby: Halleluja | Ch. H. Parry: Jerusalem | Werke f\u00fcr Chor und Orgel von A. Reinthaler, K. Dobrovolskis und B. Huijbers\"> <noscript><img decoding=\"async\" src=\"https:\/\/burkhardpuetz-i6psyu9my.live-website.com\/wp-content\/uploads\/2024\/07\/Dekanatssingen-2009-Alt-klein.jpg\" alt=\"Dekanatssingen 03.10.09 St. Martinus, Trier-Zewen | R. Shephard: Woodard-Messe | J. Harper: Psalm 150 | C. Mawby: Halleluja | Ch. H. Parry: Jerusalem | Werke f\u00fcr Chor und Orgel von A. Reinthaler, K. Dobrovolskis und B. Huijbers\"><\/noscript> <a class=\"pb-link \" data-magnific=\"gallery-11\" data-caption=\"Dekanatssingen 03.10.09 St. Martinus, Trier-Zewen | R. Shephard: Woodard-Messe | J. Harper: Psalm 150 | C. Mawby: Halleluja | Ch. H. Parry: Jerusalem | Werke f\u00fcr Chor und Orgel von A. Reinthaler, K. Dobrovolskis und B. Huijbers\" rel=\"\" target=\"\" href=\"https:\/\/burkhard-puetz.de\/wp-content\/uploads\/2024\/07\/Dekanatssingen-2009-Alt-klein.jpg\"> <div class=\"pb-overlay\" style=\"\"> <div class=\"pb-caption-bottom\"> <span class=\"pb-description pb-caption-left\" style=\"\">Dekanatssingen 03.10.09 St. Martinus, Trier-Zewen | R. Shephard: Woodard-Messe | J. Harper: Psalm 150 | C. Mawby: Halleluja | Ch. H. Parry: Jerusalem | Werke f\u00fcr Chor und Orgel von A. Reinthaler, K. Dobrovolskis und B. Huijbers<\/span> <\/div> <\/div> <\/a> <\/div> <div class=\"pb-block with-text with-social-or-text pb-landscape pb-width pb-type-image \" style=\"\" data-colspan=\"1\" data-rowspan=\"1\" data-col=\"3\" data-row=\"11\" data-valign=\"center\" data-halign=\"center\" data-type=\"image\" data-ratio=\"1.3333333333333\"> <img decoding=\"async\" class=\"pb-image skip-lazy \" src=\"data:image\/png;base64,iVBORw0KGgoAAAANSUhEUgAAAAEAAAABCAYAAAAfFcSJAAAADUlEQVR42mNkYPhfDwAChwGA60e6kgAAAABJRU5ErkJggg==\" data-pb-source=\"https:\/\/burkhardpuetz-i6psyu9my.live-website.com\/wp-content\/uploads\/2024\/07\/Dekanatssingen-2009-Alt-Tenor-klein.jpg\" alt=\"Dekanatssingen 03.10.09 St. Martinus, Trier-Zewen | R. Shephard: Woodard-Messe | J. Harper: Psalm 150 | C. Mawby: Halleluja | Ch. H. Parry: Jerusalem | Werke f\u00fcr Chor und Orgel von A. Reinthaler, K. Dobrovolskis und B. Huijbers\"> <noscript><img decoding=\"async\" src=\"https:\/\/burkhardpuetz-i6psyu9my.live-website.com\/wp-content\/uploads\/2024\/07\/Dekanatssingen-2009-Alt-Tenor-klein.jpg\" alt=\"Dekanatssingen 03.10.09 St. Martinus, Trier-Zewen | R. Shephard: Woodard-Messe | J. Harper: Psalm 150 | C. Mawby: Halleluja | Ch. H. Parry: Jerusalem | Werke f\u00fcr Chor und Orgel von A. Reinthaler, K. Dobrovolskis und B. Huijbers\"><\/noscript> <a class=\"pb-link \" data-magnific=\"gallery-11\" data-caption=\"Dekanatssingen 03.10.09 St. Martinus, Trier-Zewen | R. Shephard: Woodard-Messe | J. Harper: Psalm 150 | C. Mawby: Halleluja | Ch. H. Parry: Jerusalem | Werke f\u00fcr Chor und Orgel von A. Reinthaler, K. Dobrovolskis und B. Huijbers\" rel=\"\" target=\"\" href=\"https:\/\/burkhard-puetz.de\/wp-content\/uploads\/2024\/07\/Dekanatssingen-2009-Alt-Tenor-klein.jpg\"> <div class=\"pb-overlay\" style=\"\"> <div class=\"pb-caption-bottom\"> <span class=\"pb-description pb-caption-left\" style=\"\">Dekanatssingen 03.10.09 St. Martinus, Trier-Zewen | R. Shephard: Woodard-Messe | J. Harper: Psalm 150 | C. Mawby: Halleluja | Ch. H. Parry: Jerusalem | Werke f\u00fcr Chor und Orgel von A. Reinthaler, K. Dobrovolskis und B. Huijbers<\/span> <\/div> <\/div> <\/a> <\/div> <div class=\"pb-block with-text with-social-or-text pb-landscape pb-width pb-type-image \" style=\"\" data-colspan=\"1\" data-rowspan=\"1\" data-col=\"0\" data-row=\"12\" data-valign=\"center\" data-halign=\"center\" data-type=\"image\" data-ratio=\"1.3333333333333\"> <img decoding=\"async\" class=\"pb-image skip-lazy \" src=\"data:image\/png;base64,iVBORw0KGgoAAAANSUhEUgAAAAEAAAABCAYAAAAfFcSJAAAADUlEQVR42mNkYPhfDwAChwGA60e6kgAAAABJRU5ErkJggg==\" data-pb-source=\"https:\/\/burkhardpuetz-i6psyu9my.live-website.com\/wp-content\/uploads\/2024\/07\/DSCF1392-klein.jpg\" alt=\"Workshop &quot;Atmung und Stimme&quot; Dekanat Trier 20.09.08 mit Gesangsp\u00e4dagogin Eva Leonardy\"> <noscript><img decoding=\"async\" src=\"https:\/\/burkhardpuetz-i6psyu9my.live-website.com\/wp-content\/uploads\/2024\/07\/DSCF1392-klein.jpg\" alt=\"Workshop &quot;Atmung und Stimme&quot; Dekanat Trier 20.09.08 mit Gesangsp\u00e4dagogin Eva Leonardy\"><\/noscript> <a class=\"pb-link \" data-magnific=\"gallery-11\" data-caption=\"Workshop \"Atmung und Stimme\" Dekanat Trier 20.09.08 mit Gesangsp\u00e4dagogin Eva Leonardy\" rel=\"\" target=\"\" href=\"https:\/\/burkhard-puetz.de\/wp-content\/uploads\/2024\/07\/DSCF1392-klein.jpg\"> <div class=\"pb-overlay\" style=\"\"> <div class=\"pb-caption-bottom\"> <span class=\"pb-description pb-caption-left\" style=\"\">Workshop \"Atmung und Stimme\" Dekanat Trier 20.09.08 mit Gesangsp\u00e4dagogin Eva Leonardy<\/span> <\/div> <\/div> <\/a> <\/div> <div class=\"pb-block with-text with-social-or-text pb-landscape pb-width pb-type-image \" style=\"\" data-colspan=\"1\" data-rowspan=\"1\" data-col=\"1\" data-row=\"12\" data-valign=\"center\" data-halign=\"center\" data-type=\"image\" data-ratio=\"1.3333333333333\"> <img decoding=\"async\" class=\"pb-image skip-lazy \" src=\"data:image\/png;base64,iVBORw0KGgoAAAANSUhEUgAAAAEAAAABCAYAAAAfFcSJAAAADUlEQVR42mNkYPhfDwAChwGA60e6kgAAAABJRU5ErkJggg==\" data-pb-source=\"https:\/\/burkhardpuetz-i6psyu9my.live-website.com\/wp-content\/uploads\/2024\/07\/DSCF1417-klein.jpg\" alt=\"Workshop &quot;Atmung und Stimme&quot; Dekanat Trier 20.09.08 mit Gesangsp\u00e4dagogin Eva Leonardy\"> <noscript><img decoding=\"async\" src=\"https:\/\/burkhardpuetz-i6psyu9my.live-website.com\/wp-content\/uploads\/2024\/07\/DSCF1417-klein.jpg\" alt=\"Workshop &quot;Atmung und Stimme&quot; Dekanat Trier 20.09.08 mit Gesangsp\u00e4dagogin Eva Leonardy\"><\/noscript> <a class=\"pb-link \" data-magnific=\"gallery-11\" data-caption=\"Workshop \"Atmung und Stimme\" Dekanat Trier 20.09.08 mit Gesangsp\u00e4dagogin Eva Leonardy\" rel=\"\" target=\"\" href=\"https:\/\/burkhard-puetz.de\/wp-content\/uploads\/2024\/07\/DSCF1417-klein.jpg\"> <div class=\"pb-overlay\" style=\"\"> <div class=\"pb-caption-bottom\"> <span class=\"pb-description pb-caption-left\" style=\"\">Workshop \"Atmung und Stimme\" Dekanat Trier 20.09.08 mit Gesangsp\u00e4dagogin Eva Leonardy<\/span> <\/div> <\/div> <\/a> <\/div> <div class=\"pb-block with-text with-social-or-text pb-landscape pb-width pb-type-image \" style=\"\" data-colspan=\"1\" data-rowspan=\"1\" data-col=\"2\" data-row=\"12\" data-valign=\"center\" data-halign=\"center\" data-type=\"image\" data-ratio=\"1.3333333333333\"> <img decoding=\"async\" class=\"pb-image skip-lazy \" src=\"data:image\/png;base64,iVBORw0KGgoAAAANSUhEUgAAAAEAAAABCAYAAAAfFcSJAAAADUlEQVR42mNkYPhfDwAChwGA60e6kgAAAABJRU5ErkJggg==\" data-pb-source=\"https:\/\/burkhardpuetz-i6psyu9my.live-website.com\/wp-content\/uploads\/2024\/07\/DSCF0735-klein.jpg\" alt=\"Dekanatssingen Trier 22.09.07 St. Anna, Olewig | Der NGL-Workshop\"> <noscript><img decoding=\"async\" src=\"https:\/\/burkhardpuetz-i6psyu9my.live-website.com\/wp-content\/uploads\/2024\/07\/DSCF0735-klein.jpg\" alt=\"Dekanatssingen Trier 22.09.07 St. Anna, Olewig | Der NGL-Workshop\"><\/noscript> <a class=\"pb-link \" data-magnific=\"gallery-11\" data-caption=\"Dekanatssingen Trier 22.09.07 St. Anna, Olewig | Der NGL-Workshop\" rel=\"\" target=\"\" href=\"https:\/\/burkhard-puetz.de\/wp-content\/uploads\/2024\/07\/DSCF0735-klein.jpg\"> <div class=\"pb-overlay\" style=\"\"> <div class=\"pb-caption-bottom\"> <span class=\"pb-description pb-caption-left\" style=\"\">Dekanatssingen Trier 22.09.07 St. Anna, Olewig | Der NGL-Workshop<\/span> <\/div> <\/div> <\/a> <\/div> <div class=\"pb-block with-text with-social-or-text pb-portrait pb-height pb-type-image \" style=\"\" data-colspan=\"1\" data-rowspan=\"1\" data-col=\"3\" data-row=\"12\" data-valign=\"center\" data-halign=\"center\" data-type=\"image\" data-ratio=\"0.75\"> <img decoding=\"async\" class=\"pb-image skip-lazy \" src=\"data:image\/png;base64,iVBORw0KGgoAAAANSUhEUgAAAAEAAAABCAYAAAAfFcSJAAAADUlEQVR42mNkYPhfDwAChwGA60e6kgAAAABJRU5ErkJggg==\" data-pb-source=\"https:\/\/burkhardpuetz-i6psyu9my.live-website.com\/wp-content\/uploads\/2024\/07\/DSCF0744-klein.jpg\" alt=\"Dekanatssingen Trier 22.09.07 St. Anna, Olewig | Dekanatskantor B. P\u00fctz leitet den NGL-Workshop\"> <noscript><img decoding=\"async\" src=\"https:\/\/burkhardpuetz-i6psyu9my.live-website.com\/wp-content\/uploads\/2024\/07\/DSCF0744-klein.jpg\" alt=\"Dekanatssingen Trier 22.09.07 St. Anna, Olewig | Dekanatskantor B. P\u00fctz leitet den NGL-Workshop\"><\/noscript> <a class=\"pb-link \" data-magnific=\"gallery-11\" data-caption=\"Dekanatssingen Trier 22.09.07 St. Anna, Olewig | Dekanatskantor B. P\u00fctz leitet den NGL-Workshop\" rel=\"\" target=\"\" href=\"https:\/\/burkhard-puetz.de\/wp-content\/uploads\/2024\/07\/DSCF0744-klein.jpg\"> <div class=\"pb-overlay\" style=\"\"> <div class=\"pb-caption-bottom\"> <span class=\"pb-description pb-caption-left\" style=\"\">Dekanatssingen Trier 22.09.07 St. Anna, Olewig | Dekanatskantor B. P\u00fctz leitet den NGL-Workshop<\/span> <\/div> <\/div> <\/a> <\/div> <div class=\"pb-block with-text with-social-or-text pb-landscape pb-width pb-type-image \" style=\"\" data-colspan=\"1\" data-rowspan=\"1\" data-col=\"0\" data-row=\"13\" data-valign=\"center\" data-halign=\"center\" data-type=\"image\" data-ratio=\"1.3333333333333\"> <img decoding=\"async\" class=\"pb-image skip-lazy \" src=\"data:image\/png;base64,iVBORw0KGgoAAAANSUhEUgAAAAEAAAABCAYAAAAfFcSJAAAADUlEQVR42mNkYPhfDwAChwGA60e6kgAAAABJRU5ErkJggg==\" data-pb-source=\"https:\/\/burkhardpuetz-i6psyu9my.live-website.com\/wp-content\/uploads\/2024\/07\/DSCF0760-klein.jpg\" alt=\"Dekanatssingen Trier 22.09.07 St. Anna, Olewig | Neue Geistliche Lieder f\u00fcr Chor und Instrumentalensemble in S\u00e4tzen von Thomas Gabriel, Peter Janssens, Craig Kingsbury, Christoph Lehmann, Hans-Josef Roth, James Moore Junior, Matthias Nagel, Thomas Quast, Stephan Sahm u. a.\"> <noscript><img decoding=\"async\" src=\"https:\/\/burkhardpuetz-i6psyu9my.live-website.com\/wp-content\/uploads\/2024\/07\/DSCF0760-klein.jpg\" alt=\"Dekanatssingen Trier 22.09.07 St. Anna, Olewig | Neue Geistliche Lieder f\u00fcr Chor und Instrumentalensemble in S\u00e4tzen von Thomas Gabriel, Peter Janssens, Craig Kingsbury, Christoph Lehmann, Hans-Josef Roth, James Moore Junior, Matthias Nagel, Thomas Quast, Stephan Sahm u. a.\"><\/noscript> <a class=\"pb-link \" data-magnific=\"gallery-11\" data-caption=\"Dekanatssingen Trier 22.09.07 St. Anna, Olewig | Neue Geistliche Lieder f\u00fcr Chor und Instrumentalensemble in S\u00e4tzen von Thomas Gabriel, Peter Janssens, Craig Kingsbury, Christoph Lehmann, Hans-Josef Roth, James Moore Junior, Matthias Nagel, Thomas Quast, Stephan Sahm u. a.\" rel=\"\" target=\"\" href=\"https:\/\/burkhard-puetz.de\/wp-content\/uploads\/2024\/07\/DSCF0760-klein.jpg\"> <div class=\"pb-overlay\" style=\"\"> <div class=\"pb-caption-bottom\"> <span class=\"pb-description pb-caption-left\" style=\"\">Dekanatssingen Trier 22.09.07 St. Anna, Olewig | Neue Geistliche Lieder f\u00fcr Chor und Instrumentalensemble in S\u00e4tzen von Thomas Gabriel, Peter Janssens, Craig Kingsbury, Christoph Lehmann, Hans-Josef Roth, James Moore Junior, Matthias Nagel, Thomas Quast, Stephan Sahm u. a.<\/span> <\/div> <\/div> <\/a> <\/div> <div class=\"pb-block with-text with-social-or-text pb-landscape pb-width pb-type-image \" style=\"\" data-colspan=\"1\" data-rowspan=\"1\" data-col=\"1\" data-row=\"13\" data-valign=\"center\" data-halign=\"center\" data-type=\"image\" data-ratio=\"1.5\"> <img decoding=\"async\" class=\"pb-image skip-lazy \" src=\"data:image\/png;base64,iVBORw0KGgoAAAANSUhEUgAAAAEAAAABCAYAAAAfFcSJAAAADUlEQVR42mNkYPhfDwAChwGA60e6kgAAAABJRU5ErkJggg==\" data-pb-source=\"https:\/\/burkhardpuetz-i6psyu9my.live-website.com\/wp-content\/uploads\/2024\/07\/Dekanatssingen-29.10.2006-klein.jpg\" alt=\"Dekanatssingen 29.10.06 Trier-Euren St. Helena m. Bischof Dr. St. Ackermann | Abendlob \u201eMit dir, Maria, singen wir\u201c | W. A. Mozart: Alma Dei creatoris KV 277 | Kirchensonate in D KV 245 | M. Haydn: Ave Regina caelorum | Hymnus \u201eAve maris stella\u201c | A. Hammerschmidt: Deutsches Magnificat (6-stg.) u. a.\"> <noscript><img decoding=\"async\" src=\"https:\/\/burkhardpuetz-i6psyu9my.live-website.com\/wp-content\/uploads\/2024\/07\/Dekanatssingen-29.10.2006-klein.jpg\" alt=\"Dekanatssingen 29.10.06 Trier-Euren St. Helena m. Bischof Dr. St. Ackermann | Abendlob \u201eMit dir, Maria, singen wir\u201c | W. A. Mozart: Alma Dei creatoris KV 277 | Kirchensonate in D KV 245 | M. Haydn: Ave Regina caelorum | Hymnus \u201eAve maris stella\u201c | A. Hammerschmidt: Deutsches Magnificat (6-stg.) u. a.\"><\/noscript> <a class=\"pb-link \" data-magnific=\"gallery-11\" data-caption=\"Dekanatssingen 29.10.06 Trier-Euren St. Helena m. Bischof Dr. St. Ackermann | Abendlob \u201eMit dir, Maria, singen wir\u201c | W. A. Mozart: Alma Dei creatoris KV 277 | Kirchensonate in D KV 245 | M. Haydn: Ave Regina caelorum | Hymnus \u201eAve maris stella\u201c | A. Hammerschmidt: Deutsches Magnificat (6-stg.) u. a.\" rel=\"\" target=\"\" href=\"https:\/\/burkhard-puetz.de\/wp-content\/uploads\/2024\/07\/Dekanatssingen-29.10.2006-klein.jpg\"> <div class=\"pb-overlay\" style=\"\"> <div class=\"pb-caption-bottom\"> <span class=\"pb-description pb-caption-left\" style=\"\">Dekanatssingen 29.10.06 Trier-Euren St. Helena m. Bischof Dr. St. Ackermann | Abendlob \u201eMit dir, Maria, singen wir\u201c | W. A. Mozart: Alma Dei creatoris KV 277 | Kirchensonate in D KV 245 | M. Haydn: Ave Regina caelorum | Hymnus \u201eAve maris stella\u201c | A. Hammerschmidt: Deutsches Magnificat (6-stg.) u. a.<\/span> <\/div> <\/div> <\/a> <\/div> <div class=\"pb-block with-text with-social-or-text pb-landscape pb-width pb-type-image \" style=\"\" data-colspan=\"1\" data-rowspan=\"1\" data-col=\"2\" data-row=\"13\" data-valign=\"center\" data-halign=\"center\" data-type=\"image\" data-ratio=\"1.385016286645\"> <img decoding=\"async\" class=\"pb-image skip-lazy \" src=\"data:image\/png;base64,iVBORw0KGgoAAAANSUhEUgAAAAEAAAABCAYAAAAfFcSJAAAADUlEQVR42mNkYPhfDwAChwGA60e6kgAAAABJRU5ErkJggg==\" data-pb-source=\"https:\/\/burkhardpuetz-i6psyu9my.live-website.com\/wp-content\/uploads\/2024\/07\/Dekanatssingen-Trier-St.-Paulus.jpg\" alt=\"Dekanatssingen 10.10.04 Kirche St. Paulus Trier | Abendlob \u201eSinget, danket unserm Gott\u201c | W. Andriessen: \u201eExsultate Deo\u201c f. Chor, Bl\u00e4ser u. Orgel | H. Schubert: Vaterunser-Bitten f. Chor, Gem. Bl\u00e4ser u. Orgel | H. Lemacher: Te Deum op. 140 f. Chor, Bl\u00e4ser u. Orgel u. a.\"> <noscript><img decoding=\"async\" src=\"https:\/\/burkhardpuetz-i6psyu9my.live-website.com\/wp-content\/uploads\/2024\/07\/Dekanatssingen-Trier-St.-Paulus.jpg\" alt=\"Dekanatssingen 10.10.04 Kirche St. Paulus Trier | Abendlob \u201eSinget, danket unserm Gott\u201c | W. Andriessen: \u201eExsultate Deo\u201c f. Chor, Bl\u00e4ser u. Orgel | H. Schubert: Vaterunser-Bitten f. Chor, Gem. Bl\u00e4ser u. Orgel | H. Lemacher: Te Deum op. 140 f. Chor, Bl\u00e4ser u. Orgel u. a.\"><\/noscript> <a class=\"pb-link \" data-magnific=\"gallery-11\" data-caption=\"Dekanatssingen 10.10.04 Kirche St. Paulus Trier | Abendlob \u201eSinget, danket unserm Gott\u201c | W. Andriessen: \u201eExsultate Deo\u201c f. Chor, Bl\u00e4ser u. Orgel | H. Schubert: Vaterunser-Bitten f. Chor, Gem. Bl\u00e4ser u. Orgel | H. Lemacher: Te Deum op. 140 f. Chor, Bl\u00e4ser u. Orgel u. a.\" rel=\"\" target=\"\" href=\"https:\/\/burkhard-puetz.de\/wp-content\/uploads\/2024\/07\/Dekanatssingen-Trier-St.-Paulus.jpg\"> <div class=\"pb-overlay\" style=\"\"> <div class=\"pb-caption-bottom\"> <span class=\"pb-description pb-caption-left\" style=\"\">Dekanatssingen 10.10.04 Kirche St. Paulus Trier | Abendlob \u201eSinget, danket unserm Gott\u201c | W. Andriessen: \u201eExsultate Deo\u201c f. Chor, Bl\u00e4ser u. Orgel | H. Schubert: Vaterunser-Bitten f. Chor, Gem. Bl\u00e4ser u. Orgel | H. Lemacher: Te Deum op. 140 f. Chor, Bl\u00e4ser u. Orgel u. a.<\/span> <\/div> <\/div> <\/a> <\/div> <\/div><\/div><div id=\"photoblocks-fancybox-11\"><\/div><script>jQuery(function () { var p = new PhotoBlocks({ selector: \"#photoblocks-11\", columns: 4, padding: 10, disable_below: 320, on: { before: function () { }, after: function () { }, refresh: function () { } }, mobile_layout: [], lazy: false, debug: false }); jQuery(\"#photoblocks-11\").magnificPopup({ delegate: \".pb-block:not(.pb-filtered) [data-magnific]\", type: \"image\", gallery: { enabled: true, preload: [0,2] }, image: { titleSrc: 'data-caption' }, mainClass: \"mfp-11\" }); });<\/script>\n","protected":false},"excerpt":{"rendered":"","protected":false},"author":1,"featured_media":0,"parent":154,"menu_order":5,"comment_status":"closed","ping_status":"closed","template":"","meta":{"_kadence_starter_templates_imported_post":false,"_kad_post_transparent":"","_kad_post_title":"","_kad_post_layout":"narrow","_kad_post_sidebar_id":"","_kad_post_content_style":"","_kad_post_vertical_padding":"","_kad_post_feature":"","_kad_post_feature_position":"","_kad_post_header":false,"_kad_post_footer":false,"_kad_post_classname":"","footnotes":""},"class_list":["post-412","page","type-page","status-publish","hentry"],"_links":{"self":[{"href":"https:\/\/burkhard-puetz.de\/index.php?rest_route=\/wp\/v2\/pages\/412","targetHints":{"allow":["GET"]}}],"collection":[{"href":"https:\/\/burkhard-puetz.de\/index.php?rest_route=\/wp\/v2\/pages"}],"about":[{"href":"https:\/\/burkhard-puetz.de\/index.php?rest_route=\/wp\/v2\/types\/page"}],"author":[{"embeddable":true,"href":"https:\/\/burkhard-puetz.de\/index.php?rest_route=\/wp\/v2\/users\/1"}],"replies":[{"embeddable":true,"href":"https:\/\/burkhard-puetz.de\/index.php?rest_route=%2Fwp%2Fv2%2Fcomments&post=412"}],"version-history":[{"count":5,"href":"https:\/\/burkhard-puetz.de\/index.php?rest_route=\/wp\/v2\/pages\/412\/revisions"}],"predecessor-version":[{"id":845,"href":"https:\/\/burkhard-puetz.de\/index.php?rest_route=\/wp\/v2\/pages\/412\/revisions\/845"}],"up":[{"embeddable":true,"href":"https:\/\/burkhard-puetz.de\/index.php?rest_route=\/wp\/v2\/pages\/154"}],"wp:attachment":[{"href":"https:\/\/burkhard-puetz.de\/index.php?rest_route=%2Fwp%2Fv2%2Fmedia&parent=412"}],"curies":[{"name":"wp","href":"https:\/\/api.w.org\/{rel}","templated":true}]}}