{"id":418,"date":"2024-08-05T15:36:47","date_gmt":"2024-08-05T15:36:47","guid":{"rendered":"https:\/\/burkhard-puetz.de\/?page_id=418"},"modified":"2026-04-01T09:04:32","modified_gmt":"2026-04-01T09:04:32","slug":"fotos-cappella-vocale-trier","status":"publish","type":"page","link":"https:\/\/burkhard-puetz.de\/?page_id=418","title":{"rendered":"Cappella vocale Trier"},"content":{"rendered":"<!-- PhotoBlocks for WordPress v1.3.3 free --><style> #photoblocks-13 {width: 100%;} #photoblocks-13 .pb-block {border-color: #333333;} #photoblocks-13 .pb-title {color: #ffffff;font-size: 20px;} #photoblocks-13 .pb-description {color: rgba(255, 255, 255, 0.7);font-size: 14px;} #photoblocks-13 .pb-block.pb-type-text .pb-overlay {} #photoblocks-13 .pb-block.pb-type-text .pb-title, #photoblocks-13 .pb-block.pb-type-text .pb-description {} #photoblocks-13 .pb-block.pb-type-text .pb-title {} #photoblocks-13 .pb-block.pb-type-text .pb-description {} #photoblocks-13 .pb-overlay {background: rgba(0, 0, 0, 0.75);} #photoblocks-13.pb-lift.show-empty-overlay .pb-block.pb-type-image:hover, #photoblocks-13.pb-lift .pb-block.pb-type-image.with-text:hover { box-shadow: rgba(0, 0, 0, 0.75) 0 0 20px; } #photoblocks-13 .pb-block { } #photoblocks-13 .pb-block .pb-social button {color: #ffffff;font-size: 14px;} #photoblocks-13 .pb-blocks .pb-type-image {max-width: calc( 100% - 10px )}<\/style><div class=\"photoblocks-gallery pb-blur pb-lift pb-effect-fade\" data-anim=\"fade\" id=\"photoblocks-13\"> <div class=\"pb-blocks\"> <div class=\"pb-block with-text with-social-or-text pb-landscape pb-width pb-type-image \" style=\"\" data-colspan=\"1\" data-rowspan=\"1\" data-col=\"0\" data-row=\"0\" data-valign=\"center\" data-halign=\"center\" data-type=\"image\" data-ratio=\"1.3333333333333\"> <img decoding=\"async\" class=\"pb-image skip-lazy \" src=\"data:image\/png;base64,iVBORw0KGgoAAAANSUhEUgAAAAEAAAABCAYAAAAfFcSJAAAADUlEQVR42mNkYPhfDwAChwGA60e6kgAAAABJRU5ErkJggg==\" data-pb-source=\"https:\/\/burkhardpuetz-i6psyu9my.live-website.com\/wp-content\/uploads\/2024\/08\/w1200_h900_x600_y450_100373596664245965-55e3d92f84f6e5fa.jpg\" alt=\"ZDF-Gottesdienst am 06.08.23 in St. Michael, Trier-Mariahof | Kompositionen von Terry, P\u00fctz, Reinthaler, Parry u. a. | Projektchor Cappella vocale Heiligkreuz | M. Meuser, Orgel | Ltg.: Burkhard P\u00fctz | Live-Mitschnitt: www.zdf.de\/gesellschaft\/gottesdienste\/katholischer-gottesdienst-502.html\"> <noscript><img decoding=\"async\" src=\"https:\/\/burkhardpuetz-i6psyu9my.live-website.com\/wp-content\/uploads\/2024\/08\/w1200_h900_x600_y450_100373596664245965-55e3d92f84f6e5fa.jpg\" alt=\"ZDF-Gottesdienst am 06.08.23 in St. Michael, Trier-Mariahof | Kompositionen von Terry, P\u00fctz, Reinthaler, Parry u. a. | Projektchor Cappella vocale Heiligkreuz | M. Meuser, Orgel | Ltg.: Burkhard P\u00fctz | Live-Mitschnitt: www.zdf.de\/gesellschaft\/gottesdienste\/katholischer-gottesdienst-502.html\"><\/noscript> <a class=\"pb-link \" data-magnific=\"gallery-13\" data-caption=\"ZDF-Gottesdienst am 06.08.23 in St. Michael, Trier-Mariahof | Kompositionen von Terry, P\u00fctz, Reinthaler, Parry u. a. | Projektchor Cappella vocale Heiligkreuz | M. Meuser, Orgel | Ltg.: Burkhard P\u00fctz | Live-Mitschnitt: www.zdf.de\/gesellschaft\/gottesdienste\/katholischer-gottesdienst-502.html\" rel=\"\" target=\"\" href=\"https:\/\/burkhard-puetz.de\/wp-content\/uploads\/2024\/08\/w1200_h900_x600_y450_100373596664245965-55e3d92f84f6e5fa.jpg\"> <div class=\"pb-overlay\" style=\"\"> <div class=\"pb-caption-bottom\"> <span class=\"pb-description pb-caption-left\" style=\"\">ZDF-Gottesdienst am 06.08.23 in St. Michael, Trier-Mariahof | Kompositionen von Terry, P\u00fctz, Reinthaler, Parry u. a. | Projektchor Cappella vocale Heiligkreuz | M. Meuser, Orgel | Ltg.: Burkhard P\u00fctz | Live-Mitschnitt: www.zdf.de\/gesellschaft\/gottesdienste\/katholischer-gottesdienst-502.html<\/span> <\/div> <\/div> <\/a> <\/div> <div class=\"pb-block with-text with-social-or-text pb-portrait pb-height pb-type-image \" style=\"\" data-colspan=\"1\" data-rowspan=\"1\" data-col=\"1\" data-row=\"0\" data-valign=\"center\" data-halign=\"center\" data-type=\"image\" data-ratio=\"0.75\"> <img decoding=\"async\" class=\"pb-image skip-lazy \" src=\"data:image\/png;base64,iVBORw0KGgoAAAANSUhEUgAAAAEAAAABCAYAAAAfFcSJAAAADUlEQVR42mNkYPhfDwAChwGA60e6kgAAAABJRU5ErkJggg==\" data-pb-source=\"https:\/\/burkhardpuetz-i6psyu9my.live-website.com\/wp-content\/uploads\/2024\/08\/IMG-20230804-WA0015.jpg\" alt=\"ZDF-Gottesdienst am 06.08.23 in St. Michael, Trier-Mariahof | Vorbesprechung von Mitarbeitern des ZDF mit der liturgischen und musikalischen Leitung | Kompositionen von Terry, P\u00fctz, Reinthaler, Parry u. a. | Projektchor Cappella vocale Heiligkreuz | M. Meuser, Orgel | Ltg.: Burkhard P\u00fctz | Live-Mitschnitt: www.zdf.de\/gesellschaft\/gottesdienste\/katholischer-gottesdienst-502.html\"> <noscript><img decoding=\"async\" src=\"https:\/\/burkhardpuetz-i6psyu9my.live-website.com\/wp-content\/uploads\/2024\/08\/IMG-20230804-WA0015.jpg\" alt=\"ZDF-Gottesdienst am 06.08.23 in St. Michael, Trier-Mariahof | Vorbesprechung von Mitarbeitern des ZDF mit der liturgischen und musikalischen Leitung | Kompositionen von Terry, P\u00fctz, Reinthaler, Parry u. a. | Projektchor Cappella vocale Heiligkreuz | M. Meuser, Orgel | Ltg.: Burkhard P\u00fctz | Live-Mitschnitt: www.zdf.de\/gesellschaft\/gottesdienste\/katholischer-gottesdienst-502.html\"><\/noscript> <a class=\"pb-link \" data-magnific=\"gallery-13\" data-caption=\"ZDF-Gottesdienst am 06.08.23 in St. Michael, Trier-Mariahof | Vorbesprechung von Mitarbeitern des ZDF mit der liturgischen und musikalischen Leitung | Kompositionen von Terry, P\u00fctz, Reinthaler, Parry u. a. | Projektchor Cappella vocale Heiligkreuz | M. Meuser, Orgel | Ltg.: Burkhard P\u00fctz | Live-Mitschnitt: www.zdf.de\/gesellschaft\/gottesdienste\/katholischer-gottesdienst-502.html\" rel=\"\" target=\"\" href=\"https:\/\/burkhard-puetz.de\/wp-content\/uploads\/2024\/08\/IMG-20230804-WA0015.jpg\"> <div class=\"pb-overlay\" style=\"\"> <div class=\"pb-caption-bottom\"> <span class=\"pb-description pb-caption-left\" style=\"\">ZDF-Gottesdienst am 06.08.23 in St. Michael, Trier-Mariahof | Vorbesprechung von Mitarbeitern des ZDF mit der liturgischen und musikalischen Leitung | Kompositionen von Terry, P\u00fctz, Reinthaler, Parry u. a. | Projektchor Cappella vocale Heiligkreuz | M. Meuser, Orgel | Ltg.: Burkhard P\u00fctz | Live-Mitschnitt: www.zdf.de\/gesellschaft\/gottesdienste\/katholischer-gottesdienst-502.html<\/span> <\/div> <\/div> <\/a> <\/div> <div class=\"pb-block with-text with-social-or-text pb-landscape pb-width pb-type-image \" style=\"\" data-colspan=\"1\" data-rowspan=\"1\" data-col=\"2\" data-row=\"0\" data-valign=\"center\" data-halign=\"center\" data-type=\"image\" data-ratio=\"1.3333333333333\"> <img decoding=\"async\" class=\"pb-image skip-lazy \" src=\"data:image\/png;base64,iVBORw0KGgoAAAANSUhEUgAAAAEAAAABCAYAAAAfFcSJAAAADUlEQVR42mNkYPhfDwAChwGA60e6kgAAAABJRU5ErkJggg==\" data-pb-source=\"https:\/\/burkhardpuetz-i6psyu9my.live-website.com\/wp-content\/uploads\/2024\/08\/IMG-20230804-WA0027.jpg\" alt=\"ZDF-Gottesdienst am 06.08.23 in St. Michael, Trier-Mariahof | Vorbesprechung Zelebrant Pfr. Benedikt Welter und Chorleiter Dekanatskantor Burkhard P\u00fctz | Kompositionen von Terry, P\u00fctz, Reinthaler, Parry u. a. | Projektchor Cappella vocale Heiligkreuz | M. Meuser, Orgel | Ltg.: Burkhard P\u00fctz | Live-Mitschnitt: www.zdf.de\/gesellschaft\/gottesdienste\/katholischer-gottesdienst-502.html\"> <noscript><img decoding=\"async\" src=\"https:\/\/burkhardpuetz-i6psyu9my.live-website.com\/wp-content\/uploads\/2024\/08\/IMG-20230804-WA0027.jpg\" alt=\"ZDF-Gottesdienst am 06.08.23 in St. Michael, Trier-Mariahof | Vorbesprechung Zelebrant Pfr. Benedikt Welter und Chorleiter Dekanatskantor Burkhard P\u00fctz | Kompositionen von Terry, P\u00fctz, Reinthaler, Parry u. a. | Projektchor Cappella vocale Heiligkreuz | M. Meuser, Orgel | Ltg.: Burkhard P\u00fctz | Live-Mitschnitt: www.zdf.de\/gesellschaft\/gottesdienste\/katholischer-gottesdienst-502.html\"><\/noscript> <a class=\"pb-link \" data-magnific=\"gallery-13\" data-caption=\"ZDF-Gottesdienst am 06.08.23 in St. Michael, Trier-Mariahof | Vorbesprechung Zelebrant Pfr. Benedikt Welter und Chorleiter Dekanatskantor Burkhard P\u00fctz | Kompositionen von Terry, P\u00fctz, Reinthaler, Parry u. a. | Projektchor Cappella vocale Heiligkreuz | M. Meuser, Orgel | Ltg.: Burkhard P\u00fctz | Live-Mitschnitt: www.zdf.de\/gesellschaft\/gottesdienste\/katholischer-gottesdienst-502.html\" rel=\"\" target=\"\" href=\"https:\/\/burkhard-puetz.de\/wp-content\/uploads\/2024\/08\/IMG-20230804-WA0027.jpg\"> <div class=\"pb-overlay\" style=\"\"> <div class=\"pb-caption-bottom\"> <span class=\"pb-description pb-caption-left\" style=\"\">ZDF-Gottesdienst am 06.08.23 in St. Michael, Trier-Mariahof | Vorbesprechung Zelebrant Pfr. Benedikt Welter und Chorleiter Dekanatskantor Burkhard P\u00fctz | Kompositionen von Terry, P\u00fctz, Reinthaler, Parry u. a. | Projektchor Cappella vocale Heiligkreuz | M. Meuser, Orgel | Ltg.: Burkhard P\u00fctz | Live-Mitschnitt: www.zdf.de\/gesellschaft\/gottesdienste\/katholischer-gottesdienst-502.html<\/span> <\/div> <\/div> <\/a> <\/div> <div class=\"pb-block with-text with-social-or-text pb-landscape pb-width pb-type-image \" style=\"\" data-colspan=\"1\" data-rowspan=\"1\" data-col=\"3\" data-row=\"0\" data-valign=\"center\" data-halign=\"center\" data-type=\"image\" data-ratio=\"1.3333333333333\"> <img decoding=\"async\" class=\"pb-image skip-lazy \" src=\"data:image\/png;base64,iVBORw0KGgoAAAANSUhEUgAAAAEAAAABCAYAAAAfFcSJAAAADUlEQVR42mNkYPhfDwAChwGA60e6kgAAAABJRU5ErkJggg==\" data-pb-source=\"https:\/\/burkhardpuetz-i6psyu9my.live-website.com\/wp-content\/uploads\/2024\/08\/ZDF-Gottesdienst-06.08.23-Vorbesprechung-Welter-Puetz-Meuser-privat.jpg\" alt=\"ZDF-Gottesdienst am 06.08.23 in St. Michael, Trier-Mariahof | Vorbesprechung Vorbesprechung Pfarrer Benedikt Welter, musikalische Leitung Burkhard P\u00fctz, Organist KMD Michael Meuser | Kompositionen von Terry, P\u00fctz, Reinthaler, Parry u. a. | Projektchor Cappella vocale Heiligkreuz | M. Meuser, Orgel | Ltg.: Burkhard P\u00fctz | Live-Mitschnitt: www.zdf.de\/gesellschaft\/gottesdienste\/katholischer-gottesdienst-502.html\"> <noscript><img decoding=\"async\" src=\"https:\/\/burkhardpuetz-i6psyu9my.live-website.com\/wp-content\/uploads\/2024\/08\/ZDF-Gottesdienst-06.08.23-Vorbesprechung-Welter-Puetz-Meuser-privat.jpg\" alt=\"ZDF-Gottesdienst am 06.08.23 in St. Michael, Trier-Mariahof | Vorbesprechung Vorbesprechung Pfarrer Benedikt Welter, musikalische Leitung Burkhard P\u00fctz, Organist KMD Michael Meuser | Kompositionen von Terry, P\u00fctz, Reinthaler, Parry u. a. | Projektchor Cappella vocale Heiligkreuz | M. Meuser, Orgel | Ltg.: Burkhard P\u00fctz | Live-Mitschnitt: www.zdf.de\/gesellschaft\/gottesdienste\/katholischer-gottesdienst-502.html\"><\/noscript> <a class=\"pb-link \" data-magnific=\"gallery-13\" data-caption=\"ZDF-Gottesdienst am 06.08.23 in St. Michael, Trier-Mariahof | Vorbesprechung Vorbesprechung Pfarrer Benedikt Welter, musikalische Leitung Burkhard P\u00fctz, Organist KMD Michael Meuser | Kompositionen von Terry, P\u00fctz, Reinthaler, Parry u. a. | Projektchor Cappella vocale Heiligkreuz | M. Meuser, Orgel | Ltg.: Burkhard P\u00fctz | Live-Mitschnitt: www.zdf.de\/gesellschaft\/gottesdienste\/katholischer-gottesdienst-502.html\" rel=\"\" target=\"\" href=\"https:\/\/burkhard-puetz.de\/wp-content\/uploads\/2024\/08\/ZDF-Gottesdienst-06.08.23-Vorbesprechung-Welter-Puetz-Meuser-privat.jpg\"> <div class=\"pb-overlay\" style=\"\"> <div class=\"pb-caption-bottom\"> <span class=\"pb-description pb-caption-left\" style=\"\">ZDF-Gottesdienst am 06.08.23 in St. Michael, Trier-Mariahof | Vorbesprechung Vorbesprechung Pfarrer Benedikt Welter, musikalische Leitung Burkhard P\u00fctz, Organist KMD Michael Meuser | Kompositionen von Terry, P\u00fctz, Reinthaler, Parry u. a. | Projektchor Cappella vocale Heiligkreuz | M. Meuser, Orgel | Ltg.: Burkhard P\u00fctz | Live-Mitschnitt: www.zdf.de\/gesellschaft\/gottesdienste\/katholischer-gottesdienst-502.html<\/span> <\/div> <\/div> <\/a> <\/div> <div class=\"pb-block with-text with-social-or-text pb-landscape pb-width pb-type-image \" style=\"\" data-colspan=\"1\" data-rowspan=\"1\" data-col=\"0\" data-row=\"1\" data-valign=\"center\" data-halign=\"center\" data-type=\"image\" data-ratio=\"1.3333333333333\"> <img decoding=\"async\" class=\"pb-image skip-lazy \" src=\"data:image\/png;base64,iVBORw0KGgoAAAANSUhEUgAAAAEAAAABCAYAAAAfFcSJAAAADUlEQVR42mNkYPhfDwAChwGA60e6kgAAAABJRU5ErkJggg==\" data-pb-source=\"https:\/\/burkhardpuetz-i6psyu9my.live-website.com\/wp-content\/uploads\/2024\/08\/ZDF-Gottesdienst-06.08.23-Vorbesprechung-vor-der-ersten-Proibe-TV-Foto-Blaes-Florian.jpg\" alt=\"ZDF-Gottesdienst am 06.08.23 in St. Michael, Trier-Mariahof | Besprechung vor der ersten Probe | Kompositionen von Terry, P\u00fctz, Reinthaler, Parry u. a. | Projektchor Cappella vocale Heiligkreuz | M. Meuser, Orgel | Ltg.: Burkhard P\u00fctz | Live-Mitschnitt: www.zdf.de\/gesellschaft\/gottesdienste\/katholischer-gottesdienst-502.html\"> <noscript><img decoding=\"async\" src=\"https:\/\/burkhardpuetz-i6psyu9my.live-website.com\/wp-content\/uploads\/2024\/08\/ZDF-Gottesdienst-06.08.23-Vorbesprechung-vor-der-ersten-Proibe-TV-Foto-Blaes-Florian.jpg\" alt=\"ZDF-Gottesdienst am 06.08.23 in St. Michael, Trier-Mariahof | Besprechung vor der ersten Probe | Kompositionen von Terry, P\u00fctz, Reinthaler, Parry u. a. | Projektchor Cappella vocale Heiligkreuz | M. Meuser, Orgel | Ltg.: Burkhard P\u00fctz | Live-Mitschnitt: www.zdf.de\/gesellschaft\/gottesdienste\/katholischer-gottesdienst-502.html\"><\/noscript> <a class=\"pb-link \" data-magnific=\"gallery-13\" data-caption=\"ZDF-Gottesdienst am 06.08.23 in St. Michael, Trier-Mariahof | Besprechung vor der ersten Probe | Kompositionen von Terry, P\u00fctz, Reinthaler, Parry u. a. | Projektchor Cappella vocale Heiligkreuz | M. Meuser, Orgel | Ltg.: Burkhard P\u00fctz | Live-Mitschnitt: www.zdf.de\/gesellschaft\/gottesdienste\/katholischer-gottesdienst-502.html\" rel=\"\" target=\"\" href=\"https:\/\/burkhard-puetz.de\/wp-content\/uploads\/2024\/08\/ZDF-Gottesdienst-06.08.23-Vorbesprechung-vor-der-ersten-Proibe-TV-Foto-Blaes-Florian.jpg\"> <div class=\"pb-overlay\" style=\"\"> <div class=\"pb-caption-bottom\"> <span class=\"pb-description pb-caption-left\" style=\"\">ZDF-Gottesdienst am 06.08.23 in St. Michael, Trier-Mariahof | Besprechung vor der ersten Probe | Kompositionen von Terry, P\u00fctz, Reinthaler, Parry u. a. | Projektchor Cappella vocale Heiligkreuz | M. Meuser, Orgel | Ltg.: Burkhard P\u00fctz | Live-Mitschnitt: www.zdf.de\/gesellschaft\/gottesdienste\/katholischer-gottesdienst-502.html<\/span> <\/div> <\/div> <\/a> <\/div> <div class=\"pb-block with-text with-social-or-text pb-landscape pb-width pb-type-image \" style=\"\" data-colspan=\"1\" data-rowspan=\"1\" data-col=\"1\" data-row=\"1\" data-valign=\"center\" data-halign=\"center\" data-type=\"image\" data-ratio=\"1.3333333333333\"> <img decoding=\"async\" class=\"pb-image skip-lazy \" src=\"data:image\/png;base64,iVBORw0KGgoAAAANSUhEUgAAAAEAAAABCAYAAAAfFcSJAAAADUlEQVR42mNkYPhfDwAChwGA60e6kgAAAABJRU5ErkJggg==\" data-pb-source=\"https:\/\/burkhardpuetz-i6psyu9my.live-website.com\/wp-content\/uploads\/2024\/08\/IMG-20230804-WA0011.jpg\" alt=\"ZDF-Gottesdienst am 06.08.23 in St. Michael, Trier-Mariahof | Letzte Anweisungen vor der Probe | Kompositionen von Terry, P\u00fctz, Reinthaler, Parry u. a. | Projektchor Cappella vocale Heiligkreuz | M. Meuser, Orgel | Ltg.: Burkhard P\u00fctz | Live-Mitschnitt: www.zdf.de\/gesellschaft\/gottesdienste\/katholischer-gottesdienst-502.html\"> <noscript><img decoding=\"async\" src=\"https:\/\/burkhardpuetz-i6psyu9my.live-website.com\/wp-content\/uploads\/2024\/08\/IMG-20230804-WA0011.jpg\" alt=\"ZDF-Gottesdienst am 06.08.23 in St. Michael, Trier-Mariahof | Letzte Anweisungen vor der Probe | Kompositionen von Terry, P\u00fctz, Reinthaler, Parry u. a. | Projektchor Cappella vocale Heiligkreuz | M. Meuser, Orgel | Ltg.: Burkhard P\u00fctz | Live-Mitschnitt: www.zdf.de\/gesellschaft\/gottesdienste\/katholischer-gottesdienst-502.html\"><\/noscript> <a class=\"pb-link \" data-magnific=\"gallery-13\" data-caption=\"ZDF-Gottesdienst am 06.08.23 in St. Michael, Trier-Mariahof | Letzte Anweisungen vor der Probe | Kompositionen von Terry, P\u00fctz, Reinthaler, Parry u. a. | Projektchor Cappella vocale Heiligkreuz | M. Meuser, Orgel | Ltg.: Burkhard P\u00fctz | Live-Mitschnitt: www.zdf.de\/gesellschaft\/gottesdienste\/katholischer-gottesdienst-502.html\" rel=\"\" target=\"\" href=\"https:\/\/burkhard-puetz.de\/wp-content\/uploads\/2024\/08\/IMG-20230804-WA0011.jpg\"> <div class=\"pb-overlay\" style=\"\"> <div class=\"pb-caption-bottom\"> <span class=\"pb-description pb-caption-left\" style=\"\">ZDF-Gottesdienst am 06.08.23 in St. Michael, Trier-Mariahof | Letzte Anweisungen vor der Probe | Kompositionen von Terry, P\u00fctz, Reinthaler, Parry u. a. | Projektchor Cappella vocale Heiligkreuz | M. Meuser, Orgel | Ltg.: Burkhard P\u00fctz | Live-Mitschnitt: www.zdf.de\/gesellschaft\/gottesdienste\/katholischer-gottesdienst-502.html<\/span> <\/div> <\/div> <\/a> <\/div> <div class=\"pb-block with-text with-social-or-text pb-landscape pb-width pb-type-image \" style=\"\" data-colspan=\"1\" data-rowspan=\"1\" data-col=\"2\" data-row=\"1\" data-valign=\"center\" data-halign=\"center\" data-type=\"image\" data-ratio=\"1.3333333333333\"> <img decoding=\"async\" class=\"pb-image skip-lazy \" src=\"data:image\/png;base64,iVBORw0KGgoAAAANSUhEUgAAAAEAAAABCAYAAAAfFcSJAAAADUlEQVR42mNkYPhfDwAChwGA60e6kgAAAABJRU5ErkJggg==\" data-pb-source=\"https:\/\/burkhardpuetz-i6psyu9my.live-website.com\/wp-content\/uploads\/2024\/08\/ZDF-Gottesdienst-06.08.23-Projektchor-und-Kameras-vor-der-Probe-TV-Foto-Blaes-Florian.jpg\" alt=\"ZDF-Gottesdienst am 06.08.23 in St. Michael, Trier-Mariahof | Projektchor und Kameras bei der ersten Probe | Kompositionen von Terry, P\u00fctz, Reinthaler, Parry u. a. | Projektchor Cappella vocale Heiligkreuz | M. Meuser, Orgel | Ltg.: Burkhard P\u00fctz | Live-Mitschnitt: www.zdf.de\/gesellschaft\/gottesdienste\/katholischer-gottesdienst-502.html\"> <noscript><img decoding=\"async\" src=\"https:\/\/burkhardpuetz-i6psyu9my.live-website.com\/wp-content\/uploads\/2024\/08\/ZDF-Gottesdienst-06.08.23-Projektchor-und-Kameras-vor-der-Probe-TV-Foto-Blaes-Florian.jpg\" alt=\"ZDF-Gottesdienst am 06.08.23 in St. Michael, Trier-Mariahof | Projektchor und Kameras bei der ersten Probe | Kompositionen von Terry, P\u00fctz, Reinthaler, Parry u. a. | Projektchor Cappella vocale Heiligkreuz | M. Meuser, Orgel | Ltg.: Burkhard P\u00fctz | Live-Mitschnitt: www.zdf.de\/gesellschaft\/gottesdienste\/katholischer-gottesdienst-502.html\"><\/noscript> <a class=\"pb-link \" data-magnific=\"gallery-13\" data-caption=\"ZDF-Gottesdienst am 06.08.23 in St. Michael, Trier-Mariahof | Projektchor und Kameras bei der ersten Probe | Kompositionen von Terry, P\u00fctz, Reinthaler, Parry u. a. | Projektchor Cappella vocale Heiligkreuz | M. Meuser, Orgel | Ltg.: Burkhard P\u00fctz | Live-Mitschnitt: www.zdf.de\/gesellschaft\/gottesdienste\/katholischer-gottesdienst-502.html\" rel=\"\" target=\"\" href=\"https:\/\/burkhard-puetz.de\/wp-content\/uploads\/2024\/08\/ZDF-Gottesdienst-06.08.23-Projektchor-und-Kameras-vor-der-Probe-TV-Foto-Blaes-Florian.jpg\"> <div class=\"pb-overlay\" style=\"\"> <div class=\"pb-caption-bottom\"> <span class=\"pb-description pb-caption-left\" style=\"\">ZDF-Gottesdienst am 06.08.23 in St. Michael, Trier-Mariahof | Projektchor und Kameras bei der ersten Probe | Kompositionen von Terry, P\u00fctz, Reinthaler, Parry u. a. | Projektchor Cappella vocale Heiligkreuz | M. Meuser, Orgel | Ltg.: Burkhard P\u00fctz | Live-Mitschnitt: www.zdf.de\/gesellschaft\/gottesdienste\/katholischer-gottesdienst-502.html<\/span> <\/div> <\/div> <\/a> <\/div> <div class=\"pb-block with-text with-social-or-text pb-landscape pb-width pb-type-image \" style=\"\" data-colspan=\"1\" data-rowspan=\"1\" data-col=\"3\" data-row=\"1\" data-valign=\"center\" data-halign=\"center\" data-type=\"image\" data-ratio=\"1.3333333333333\"> <img decoding=\"async\" class=\"pb-image skip-lazy \" src=\"data:image\/png;base64,iVBORw0KGgoAAAANSUhEUgAAAAEAAAABCAYAAAAfFcSJAAAADUlEQVR42mNkYPhfDwAChwGA60e6kgAAAABJRU5ErkJggg==\" data-pb-source=\"https:\/\/burkhardpuetz-i6psyu9my.live-website.com\/wp-content\/uploads\/2024\/08\/ZDF-Gottesdienst-06.08.23-Projektchor-Cappella-vocale-Trier-Heiligkreuz-nach-der-ersten-Probe-TV-Foto-Blaes-Florian.jpg\" alt=\"ZDF-Gottesdienst am 06.08.23 in St. Michael, Trier-Mariahof | Projektchor Cappella vocale Trier-Heiligkreuz nach der ersten Probe | Kompositionen von Terry, P\u00fctz, Reinthaler, Parry u. a. | Projektchor Cappella vocale Heiligkreuz | M. Meuser, Orgel | Ltg.: Burkhard P\u00fctz | Live-Mitschnitt: www.zdf.de\/gesellschaft\/gottesdienste\/katholischer-gottesdienst-502.html\"> <noscript><img decoding=\"async\" src=\"https:\/\/burkhardpuetz-i6psyu9my.live-website.com\/wp-content\/uploads\/2024\/08\/ZDF-Gottesdienst-06.08.23-Projektchor-Cappella-vocale-Trier-Heiligkreuz-nach-der-ersten-Probe-TV-Foto-Blaes-Florian.jpg\" alt=\"ZDF-Gottesdienst am 06.08.23 in St. Michael, Trier-Mariahof | Projektchor Cappella vocale Trier-Heiligkreuz nach der ersten Probe | Kompositionen von Terry, P\u00fctz, Reinthaler, Parry u. a. | Projektchor Cappella vocale Heiligkreuz | M. Meuser, Orgel | Ltg.: Burkhard P\u00fctz | Live-Mitschnitt: www.zdf.de\/gesellschaft\/gottesdienste\/katholischer-gottesdienst-502.html\"><\/noscript> <a class=\"pb-link \" data-magnific=\"gallery-13\" data-caption=\"ZDF-Gottesdienst am 06.08.23 in St. Michael, Trier-Mariahof | Projektchor Cappella vocale Trier-Heiligkreuz nach der ersten Probe | Kompositionen von Terry, P\u00fctz, Reinthaler, Parry u. a. | Projektchor Cappella vocale Heiligkreuz | M. Meuser, Orgel | Ltg.: Burkhard P\u00fctz | Live-Mitschnitt: www.zdf.de\/gesellschaft\/gottesdienste\/katholischer-gottesdienst-502.html\" rel=\"\" target=\"\" href=\"https:\/\/burkhard-puetz.de\/wp-content\/uploads\/2024\/08\/ZDF-Gottesdienst-06.08.23-Projektchor-Cappella-vocale-Trier-Heiligkreuz-nach-der-ersten-Probe-TV-Foto-Blaes-Florian.jpg\"> <div class=\"pb-overlay\" style=\"\"> <div class=\"pb-caption-bottom\"> <span class=\"pb-description pb-caption-left\" style=\"\">ZDF-Gottesdienst am 06.08.23 in St. Michael, Trier-Mariahof | Projektchor Cappella vocale Trier-Heiligkreuz nach der ersten Probe | Kompositionen von Terry, P\u00fctz, Reinthaler, Parry u. a. | Projektchor Cappella vocale Heiligkreuz | M. Meuser, Orgel | Ltg.: Burkhard P\u00fctz | Live-Mitschnitt: www.zdf.de\/gesellschaft\/gottesdienste\/katholischer-gottesdienst-502.html<\/span> <\/div> <\/div> <\/a> <\/div> <div class=\"pb-block with-text with-social-or-text pb-landscape pb-width pb-type-image \" style=\"\" data-colspan=\"1\" data-rowspan=\"1\" data-col=\"0\" data-row=\"2\" data-valign=\"center\" data-halign=\"center\" data-type=\"image\" data-ratio=\"1.3333333333333\"> <img decoding=\"async\" class=\"pb-image skip-lazy \" src=\"data:image\/png;base64,iVBORw0KGgoAAAANSUhEUgAAAAEAAAABCAYAAAAfFcSJAAAADUlEQVR42mNkYPhfDwAChwGA60e6kgAAAABJRU5ErkJggg==\" data-pb-source=\"https:\/\/burkhardpuetz-i6psyu9my.live-website.com\/wp-content\/uploads\/2024\/08\/IMG-20230804-WA0043.jpg\" alt=\"ZDF-Gottesdienst am 06.08.23 in St. Michael, Trier-Mariahof | Wartezeit zwischen den Proben | Kompositionen von Terry, P\u00fctz, Reinthaler, Parry u. a. | Projektchor Cappella vocale Heiligkreuz | M. Meuser, Orgel | Ltg.: Burkhard P\u00fctz | Live-Mitschnitt: www.zdf.de\/gesellschaft\/gottesdienste\/katholischer-gottesdienst-502.html\"> <noscript><img decoding=\"async\" src=\"https:\/\/burkhardpuetz-i6psyu9my.live-website.com\/wp-content\/uploads\/2024\/08\/IMG-20230804-WA0043.jpg\" alt=\"ZDF-Gottesdienst am 06.08.23 in St. Michael, Trier-Mariahof | Wartezeit zwischen den Proben | Kompositionen von Terry, P\u00fctz, Reinthaler, Parry u. a. | Projektchor Cappella vocale Heiligkreuz | M. Meuser, Orgel | Ltg.: Burkhard P\u00fctz | Live-Mitschnitt: www.zdf.de\/gesellschaft\/gottesdienste\/katholischer-gottesdienst-502.html\"><\/noscript> <a class=\"pb-link \" data-magnific=\"gallery-13\" data-caption=\"ZDF-Gottesdienst am 06.08.23 in St. Michael, Trier-Mariahof | Wartezeit zwischen den Proben | Kompositionen von Terry, P\u00fctz, Reinthaler, Parry u. a. | Projektchor Cappella vocale Heiligkreuz | M. Meuser, Orgel | Ltg.: Burkhard P\u00fctz | Live-Mitschnitt: www.zdf.de\/gesellschaft\/gottesdienste\/katholischer-gottesdienst-502.html\" rel=\"\" target=\"\" href=\"https:\/\/burkhard-puetz.de\/wp-content\/uploads\/2024\/08\/IMG-20230804-WA0043.jpg\"> <div class=\"pb-overlay\" style=\"\"> <div class=\"pb-caption-bottom\"> <span class=\"pb-description pb-caption-left\" style=\"\">ZDF-Gottesdienst am 06.08.23 in St. Michael, Trier-Mariahof | Wartezeit zwischen den Proben | Kompositionen von Terry, P\u00fctz, Reinthaler, Parry u. a. | Projektchor Cappella vocale Heiligkreuz | M. Meuser, Orgel | Ltg.: Burkhard P\u00fctz | Live-Mitschnitt: www.zdf.de\/gesellschaft\/gottesdienste\/katholischer-gottesdienst-502.html<\/span> <\/div> <\/div> <\/a> <\/div> <div class=\"pb-block with-text with-social-or-text pb-landscape pb-width pb-type-image \" style=\"\" data-colspan=\"1\" data-rowspan=\"1\" data-col=\"1\" data-row=\"2\" data-valign=\"center\" data-halign=\"center\" data-type=\"image\" data-ratio=\"1.3333333333333\"> <img decoding=\"async\" class=\"pb-image skip-lazy \" src=\"data:image\/png;base64,iVBORw0KGgoAAAANSUhEUgAAAAEAAAABCAYAAAAfFcSJAAAADUlEQVR42mNkYPhfDwAChwGA60e6kgAAAABJRU5ErkJggg==\" data-pb-source=\"https:\/\/burkhardpuetz-i6psyu9my.live-website.com\/wp-content\/uploads\/2024\/08\/IMG-20230804-WA0019.jpg\" alt=\"ZDF-Gottesdienst am 06.08.23 in St. Michael, Trier-Mariahof | Wartezeit zwischen den Proben | Kompositionen von Terry, P\u00fctz, Reinthaler, Parry u. a. | Projektchor Cappella vocale Heiligkreuz | M. Meuser, Orgel | Ltg.: Burkhard P\u00fctz | Live-Mitschnitt: www.zdf.de\/gesellschaft\/gottesdienste\/katholischer-gottesdienst-502.html\"> <noscript><img decoding=\"async\" src=\"https:\/\/burkhardpuetz-i6psyu9my.live-website.com\/wp-content\/uploads\/2024\/08\/IMG-20230804-WA0019.jpg\" alt=\"ZDF-Gottesdienst am 06.08.23 in St. Michael, Trier-Mariahof | Wartezeit zwischen den Proben | Kompositionen von Terry, P\u00fctz, Reinthaler, Parry u. a. | Projektchor Cappella vocale Heiligkreuz | M. Meuser, Orgel | Ltg.: Burkhard P\u00fctz | Live-Mitschnitt: www.zdf.de\/gesellschaft\/gottesdienste\/katholischer-gottesdienst-502.html\"><\/noscript> <a class=\"pb-link \" data-magnific=\"gallery-13\" data-caption=\"ZDF-Gottesdienst am 06.08.23 in St. Michael, Trier-Mariahof | Wartezeit zwischen den Proben | Kompositionen von Terry, P\u00fctz, Reinthaler, Parry u. a. | Projektchor Cappella vocale Heiligkreuz | M. Meuser, Orgel | Ltg.: Burkhard P\u00fctz | Live-Mitschnitt: www.zdf.de\/gesellschaft\/gottesdienste\/katholischer-gottesdienst-502.html\" rel=\"\" target=\"\" href=\"https:\/\/burkhard-puetz.de\/wp-content\/uploads\/2024\/08\/IMG-20230804-WA0019.jpg\"> <div class=\"pb-overlay\" style=\"\"> <div class=\"pb-caption-bottom\"> <span class=\"pb-description pb-caption-left\" style=\"\">ZDF-Gottesdienst am 06.08.23 in St. Michael, Trier-Mariahof | Wartezeit zwischen den Proben | Kompositionen von Terry, P\u00fctz, Reinthaler, Parry u. a. | Projektchor Cappella vocale Heiligkreuz | M. Meuser, Orgel | Ltg.: Burkhard P\u00fctz | Live-Mitschnitt: www.zdf.de\/gesellschaft\/gottesdienste\/katholischer-gottesdienst-502.html<\/span> <\/div> <\/div> <\/a> <\/div> <div class=\"pb-block with-text with-social-or-text pb-landscape pb-width pb-type-image \" style=\"\" data-colspan=\"1\" data-rowspan=\"1\" data-col=\"2\" data-row=\"2\" data-valign=\"center\" data-halign=\"center\" data-type=\"image\" data-ratio=\"1.3333333333333\"> <img decoding=\"async\" class=\"pb-image skip-lazy \" src=\"data:image\/png;base64,iVBORw0KGgoAAAANSUhEUgAAAAEAAAABCAYAAAAfFcSJAAAADUlEQVR42mNkYPhfDwAChwGA60e6kgAAAABJRU5ErkJggg==\" data-pb-source=\"https:\/\/burkhardpuetz-i6psyu9my.live-website.com\/wp-content\/uploads\/2024\/08\/IMG-20230807-WA0014.jpg\" alt=\"ZDF-Gottesdienst am 06.08.23 in St. Michael, Trier-Mariahof | Die S\u00e4ngerinnen und S\u00e4nger von Cappella vocale beim Brunch nach dem Fernsehgottesdienst\"> <noscript><img decoding=\"async\" src=\"https:\/\/burkhardpuetz-i6psyu9my.live-website.com\/wp-content\/uploads\/2024\/08\/IMG-20230807-WA0014.jpg\" alt=\"ZDF-Gottesdienst am 06.08.23 in St. Michael, Trier-Mariahof | Die S\u00e4ngerinnen und S\u00e4nger von Cappella vocale beim Brunch nach dem Fernsehgottesdienst\"><\/noscript> <a class=\"pb-link \" data-magnific=\"gallery-13\" data-caption=\"ZDF-Gottesdienst am 06.08.23 in St. Michael, Trier-Mariahof | Die S\u00e4ngerinnen und S\u00e4nger von Cappella vocale beim Brunch nach dem Fernsehgottesdienst\" rel=\"\" target=\"\" href=\"https:\/\/burkhard-puetz.de\/wp-content\/uploads\/2024\/08\/IMG-20230807-WA0014.jpg\"> <div class=\"pb-overlay\" style=\"\"> <div class=\"pb-caption-bottom\"> <span class=\"pb-description pb-caption-left\" style=\"\">ZDF-Gottesdienst am 06.08.23 in St. Michael, Trier-Mariahof | Die S\u00e4ngerinnen und S\u00e4nger von Cappella vocale beim Brunch nach dem Fernsehgottesdienst<\/span> <\/div> <\/div> <\/a> <\/div> <div class=\"pb-block with-text with-social-or-text pb-landscape pb-width pb-type-image \" style=\"\" data-colspan=\"1\" data-rowspan=\"1\" data-col=\"3\" data-row=\"2\" data-valign=\"center\" data-halign=\"center\" data-type=\"image\" data-ratio=\"1.3333333333333\"> <img decoding=\"async\" class=\"pb-image skip-lazy \" src=\"data:image\/png;base64,iVBORw0KGgoAAAANSUhEUgAAAAEAAAABCAYAAAAfFcSJAAAADUlEQVR42mNkYPhfDwAChwGA60e6kgAAAABJRU5ErkJggg==\" data-pb-source=\"https:\/\/burkhardpuetz-i6psyu9my.live-website.com\/wp-content\/uploads\/2024\/08\/IMG-20230807-WA0008.jpg\" alt=\"ZDF-Gottesdienst am 06.08.23 in St. Michael, Trier-Mariahof | S\u00e4ngerinnen und S\u00e4nger beim Brunch nach dem Fernsehgottesdienst\"> <noscript><img decoding=\"async\" src=\"https:\/\/burkhardpuetz-i6psyu9my.live-website.com\/wp-content\/uploads\/2024\/08\/IMG-20230807-WA0008.jpg\" alt=\"ZDF-Gottesdienst am 06.08.23 in St. Michael, Trier-Mariahof | S\u00e4ngerinnen und S\u00e4nger beim Brunch nach dem Fernsehgottesdienst\"><\/noscript> <a class=\"pb-link \" data-magnific=\"gallery-13\" data-caption=\"ZDF-Gottesdienst am 06.08.23 in St. Michael, Trier-Mariahof | S\u00e4ngerinnen und S\u00e4nger beim Brunch nach dem Fernsehgottesdienst\" rel=\"\" target=\"\" href=\"https:\/\/burkhard-puetz.de\/wp-content\/uploads\/2024\/08\/IMG-20230807-WA0008.jpg\"> <div class=\"pb-overlay\" style=\"\"> <div class=\"pb-caption-bottom\"> <span class=\"pb-description pb-caption-left\" style=\"\">ZDF-Gottesdienst am 06.08.23 in St. Michael, Trier-Mariahof | S\u00e4ngerinnen und S\u00e4nger beim Brunch nach dem Fernsehgottesdienst<\/span> <\/div> <\/div> <\/a> <\/div> <div class=\"pb-block with-text with-social-or-text pb-landscape pb-width pb-type-image \" style=\"\" data-colspan=\"1\" data-rowspan=\"1\" data-col=\"0\" data-row=\"3\" data-valign=\"center\" data-halign=\"center\" data-type=\"image\" data-ratio=\"1.3333333333333\"> <img decoding=\"async\" class=\"pb-image skip-lazy \" src=\"data:image\/png;base64,iVBORw0KGgoAAAANSUhEUgAAAAEAAAABCAYAAAAfFcSJAAAADUlEQVR42mNkYPhfDwAChwGA60e6kgAAAABJRU5ErkJggg==\" data-pb-source=\"https:\/\/burkhardpuetz-i6psyu9my.live-website.com\/wp-content\/uploads\/2024\/08\/IMG-20230807-WA0016.jpg\" alt=\"ZDF-Gottesdienst am 06.08.23 in St. Michael, Trier-Mariahof | S\u00e4ngerinnen und S\u00e4nger beim Brunch nach dem Fernsehgottesdienst\"> <noscript><img decoding=\"async\" src=\"https:\/\/burkhardpuetz-i6psyu9my.live-website.com\/wp-content\/uploads\/2024\/08\/IMG-20230807-WA0016.jpg\" alt=\"ZDF-Gottesdienst am 06.08.23 in St. Michael, Trier-Mariahof | S\u00e4ngerinnen und S\u00e4nger beim Brunch nach dem Fernsehgottesdienst\"><\/noscript> <a class=\"pb-link \" data-magnific=\"gallery-13\" data-caption=\"ZDF-Gottesdienst am 06.08.23 in St. Michael, Trier-Mariahof | S\u00e4ngerinnen und S\u00e4nger beim Brunch nach dem Fernsehgottesdienst\" rel=\"\" target=\"\" href=\"https:\/\/burkhard-puetz.de\/wp-content\/uploads\/2024\/08\/IMG-20230807-WA0016.jpg\"> <div class=\"pb-overlay\" style=\"\"> <div class=\"pb-caption-bottom\"> <span class=\"pb-description pb-caption-left\" style=\"\">ZDF-Gottesdienst am 06.08.23 in St. Michael, Trier-Mariahof | S\u00e4ngerinnen und S\u00e4nger beim Brunch nach dem Fernsehgottesdienst<\/span> <\/div> <\/div> <\/a> <\/div> <div class=\"pb-block with-text with-social-or-text pb-landscape pb-width pb-type-image \" style=\"\" data-colspan=\"1\" data-rowspan=\"1\" data-col=\"1\" data-row=\"3\" data-valign=\"center\" data-halign=\"center\" data-type=\"image\" data-ratio=\"1.3333333333333\"> <img decoding=\"async\" class=\"pb-image skip-lazy \" src=\"data:image\/png;base64,iVBORw0KGgoAAAANSUhEUgAAAAEAAAABCAYAAAAfFcSJAAAADUlEQVR42mNkYPhfDwAChwGA60e6kgAAAABJRU5ErkJggg==\" data-pb-source=\"https:\/\/burkhardpuetz-i6psyu9my.live-website.com\/wp-content\/uploads\/2024\/08\/IMG-20230807-WA0009.jpg\" alt=\"ZDF-Gottesdienst am 06.08.23 in St. Michael, Trier-Mariahof | S\u00e4ngerinnen und S\u00e4nger beim Brunch nach dem Fernsehgottesdienst\"> <noscript><img decoding=\"async\" src=\"https:\/\/burkhardpuetz-i6psyu9my.live-website.com\/wp-content\/uploads\/2024\/08\/IMG-20230807-WA0009.jpg\" alt=\"ZDF-Gottesdienst am 06.08.23 in St. Michael, Trier-Mariahof | S\u00e4ngerinnen und S\u00e4nger beim Brunch nach dem Fernsehgottesdienst\"><\/noscript> <a class=\"pb-link \" data-magnific=\"gallery-13\" data-caption=\"ZDF-Gottesdienst am 06.08.23 in St. Michael, Trier-Mariahof | S\u00e4ngerinnen und S\u00e4nger beim Brunch nach dem Fernsehgottesdienst\" rel=\"\" target=\"\" href=\"https:\/\/burkhard-puetz.de\/wp-content\/uploads\/2024\/08\/IMG-20230807-WA0009.jpg\"> <div class=\"pb-overlay\" style=\"\"> <div class=\"pb-caption-bottom\"> <span class=\"pb-description pb-caption-left\" style=\"\">ZDF-Gottesdienst am 06.08.23 in St. Michael, Trier-Mariahof | S\u00e4ngerinnen und S\u00e4nger beim Brunch nach dem Fernsehgottesdienst<\/span> <\/div> <\/div> <\/a> <\/div> <div class=\"pb-block with-text with-social-or-text pb-landscape pb-width pb-type-image \" style=\"\" data-colspan=\"1\" data-rowspan=\"1\" data-col=\"2\" data-row=\"3\" data-valign=\"center\" data-halign=\"center\" data-type=\"image\" data-ratio=\"1.3333333333333\"> <img decoding=\"async\" class=\"pb-image skip-lazy \" src=\"data:image\/png;base64,iVBORw0KGgoAAAANSUhEUgAAAAEAAAABCAYAAAAfFcSJAAAADUlEQVR42mNkYPhfDwAChwGA60e6kgAAAABJRU5ErkJggg==\" data-pb-source=\"https:\/\/burkhardpuetz-i6psyu9my.live-website.com\/wp-content\/uploads\/2024\/08\/IMG-20230807-WA0013.jpg\" alt=\"ZDF-Gottesdienst am 06.08.23 in St. Michael, Trier-Mariahof | S\u00e4nger beim Brunch nach dem Fernsehgottesdienst\"> <noscript><img decoding=\"async\" src=\"https:\/\/burkhardpuetz-i6psyu9my.live-website.com\/wp-content\/uploads\/2024\/08\/IMG-20230807-WA0013.jpg\" alt=\"ZDF-Gottesdienst am 06.08.23 in St. Michael, Trier-Mariahof | S\u00e4nger beim Brunch nach dem Fernsehgottesdienst\"><\/noscript> <a class=\"pb-link \" data-magnific=\"gallery-13\" data-caption=\"ZDF-Gottesdienst am 06.08.23 in St. Michael, Trier-Mariahof | S\u00e4nger beim Brunch nach dem Fernsehgottesdienst\" rel=\"\" target=\"\" href=\"https:\/\/burkhard-puetz.de\/wp-content\/uploads\/2024\/08\/IMG-20230807-WA0013.jpg\"> <div class=\"pb-overlay\" style=\"\"> <div class=\"pb-caption-bottom\"> <span class=\"pb-description pb-caption-left\" style=\"\">ZDF-Gottesdienst am 06.08.23 in St. Michael, Trier-Mariahof | S\u00e4nger beim Brunch nach dem Fernsehgottesdienst<\/span> <\/div> <\/div> <\/a> <\/div> <div class=\"pb-block with-text with-social-or-text pb-landscape pb-width pb-type-image \" style=\"\" data-colspan=\"1\" data-rowspan=\"1\" data-col=\"3\" data-row=\"3\" data-valign=\"center\" data-halign=\"center\" data-type=\"image\" data-ratio=\"1.3330308529946\"> <img decoding=\"async\" class=\"pb-image skip-lazy \" src=\"data:image\/png;base64,iVBORw0KGgoAAAANSUhEUgAAAAEAAAABCAYAAAAfFcSJAAAADUlEQVR42mNkYPhfDwAChwGA60e6kgAAAABJRU5ErkJggg==\" data-pb-source=\"https:\/\/burkhardpuetz-i6psyu9my.live-website.com\/wp-content\/uploads\/2024\/08\/CAPPELLA-VOCALE-Evensong-26.10.18-klein-bearb.jpg\" alt=\"Cappella vocale nach dem Evensong in der Konstantin-Basilika Trier am 26. Oktober 2018 in gem\u00fctlich-fr\u00f6hlicher Runde\"> <noscript><img decoding=\"async\" src=\"https:\/\/burkhardpuetz-i6psyu9my.live-website.com\/wp-content\/uploads\/2024\/08\/CAPPELLA-VOCALE-Evensong-26.10.18-klein-bearb.jpg\" alt=\"Cappella vocale nach dem Evensong in der Konstantin-Basilika Trier am 26. Oktober 2018 in gem\u00fctlich-fr\u00f6hlicher Runde\"><\/noscript> <a class=\"pb-link \" data-magnific=\"gallery-13\" data-caption=\"Cappella vocale nach dem Evensong in der Konstantin-Basilika Trier am 26. Oktober 2018 in gem\u00fctlich-fr\u00f6hlicher Runde\" rel=\"\" target=\"\" href=\"https:\/\/burkhard-puetz.de\/wp-content\/uploads\/2024\/08\/CAPPELLA-VOCALE-Evensong-26.10.18-klein-bearb.jpg\"> <div class=\"pb-overlay\" style=\"\"> <div class=\"pb-caption-bottom\"> <span class=\"pb-description pb-caption-left\" style=\"\">Cappella vocale nach dem Evensong in der Konstantin-Basilika Trier am 26. Oktober 2018 in gem\u00fctlich-fr\u00f6hlicher Runde<\/span> <\/div> <\/div> <\/a> <\/div> <div class=\"pb-block with-text with-social-or-text pb-landscape pb-width pb-type-image \" style=\"\" data-colspan=\"1\" data-rowspan=\"1\" data-col=\"0\" data-row=\"4\" data-valign=\"center\" data-halign=\"center\" data-type=\"image\" data-ratio=\"1.5003750937734\"> <img decoding=\"async\" class=\"pb-image skip-lazy \" src=\"data:image\/png;base64,iVBORw0KGgoAAAANSUhEUgAAAAEAAAABCAYAAAAfFcSJAAAADUlEQVR42mNkYPhfDwAChwGA60e6kgAAAABJRU5ErkJggg==\" data-pb-source=\"https:\/\/burkhardpuetz-i6psyu9my.live-website.com\/wp-content\/uploads\/2024\/08\/1_Liturgische-Tagung-Herzogenrath-29.3.17_Collegium-Gregorianum-Koeln_Richenhagen.jpg\" alt=\"18. K\u00f6lner Internationale Liturgische Tagung: Herzogenrath 29.03.17 | Inauguralmesse in St. Marien | Collegium Gregorianum K\u00f6ln (Leitung: Prof. Dr. Albert Richenhagen, Berlin\/K\u00f6ln)\"> <noscript><img decoding=\"async\" src=\"https:\/\/burkhardpuetz-i6psyu9my.live-website.com\/wp-content\/uploads\/2024\/08\/1_Liturgische-Tagung-Herzogenrath-29.3.17_Collegium-Gregorianum-Koeln_Richenhagen.jpg\" alt=\"18. K\u00f6lner Internationale Liturgische Tagung: Herzogenrath 29.03.17 | Inauguralmesse in St. Marien | Collegium Gregorianum K\u00f6ln (Leitung: Prof. Dr. Albert Richenhagen, Berlin\/K\u00f6ln)\"><\/noscript> <a class=\"pb-link \" data-magnific=\"gallery-13\" data-caption=\"18. K\u00f6lner Internationale Liturgische Tagung: Herzogenrath 29.03.17 | Inauguralmesse in St. Marien | Collegium Gregorianum K\u00f6ln (Leitung: Prof. Dr. Albert Richenhagen, Berlin\/K\u00f6ln)\" rel=\"\" target=\"\" href=\"https:\/\/burkhard-puetz.de\/wp-content\/uploads\/2024\/08\/1_Liturgische-Tagung-Herzogenrath-29.3.17_Collegium-Gregorianum-Koeln_Richenhagen.jpg\"> <div class=\"pb-overlay\" style=\"\"> <div class=\"pb-caption-bottom\"> <span class=\"pb-description pb-caption-left\" style=\"\">18. K\u00f6lner Internationale Liturgische Tagung: Herzogenrath 29.03.17 | Inauguralmesse in St. Marien | Collegium Gregorianum K\u00f6ln (Leitung: Prof. Dr. Albert Richenhagen, Berlin\/K\u00f6ln)<\/span> <\/div> <\/div> <\/a> <\/div> <div class=\"pb-block with-text with-social-or-text pb-landscape pb-width pb-type-image \" style=\"\" data-colspan=\"1\" data-rowspan=\"1\" data-col=\"1\" data-row=\"4\" data-valign=\"center\" data-halign=\"center\" data-type=\"image\" data-ratio=\"1.5\"> <img decoding=\"async\" class=\"pb-image skip-lazy \" src=\"data:image\/png;base64,iVBORw0KGgoAAAANSUhEUgAAAAEAAAABCAYAAAAfFcSJAAAADUlEQVR42mNkYPhfDwAChwGA60e6kgAAAABJRU5ErkJggg==\" data-pb-source=\"https:\/\/burkhardpuetz-i6psyu9my.live-website.com\/wp-content\/uploads\/2024\/08\/2_Liturgische-Tagung-Herzogenrath-30.03.17-Bischof-Steven-Lopes-USA.jpg\" alt=\"18. K\u00f6lner Internationale Liturgische Tagung: Herzogenrath 30.03.17 | Pontifikalamt nach \u201eDivine Worship \u2013 The Missal\u201d in St. Marien, Herzogenrath | Zelebrant und Prediger: S.E. Bischof Steven Lopes, Houston\/Texas USA\"> <noscript><img decoding=\"async\" src=\"https:\/\/burkhardpuetz-i6psyu9my.live-website.com\/wp-content\/uploads\/2024\/08\/2_Liturgische-Tagung-Herzogenrath-30.03.17-Bischof-Steven-Lopes-USA.jpg\" alt=\"18. K\u00f6lner Internationale Liturgische Tagung: Herzogenrath 30.03.17 | Pontifikalamt nach \u201eDivine Worship \u2013 The Missal\u201d in St. Marien, Herzogenrath | Zelebrant und Prediger: S.E. Bischof Steven Lopes, Houston\/Texas USA\"><\/noscript> <a class=\"pb-link \" data-magnific=\"gallery-13\" data-caption=\"18. K\u00f6lner Internationale Liturgische Tagung: Herzogenrath 30.03.17 | Pontifikalamt nach \u201eDivine Worship \u2013 The Missal\u201d in St. Marien, Herzogenrath | Zelebrant und Prediger: S.E. Bischof Steven Lopes, Houston\/Texas USA\" rel=\"\" target=\"\" href=\"https:\/\/burkhard-puetz.de\/wp-content\/uploads\/2024\/08\/2_Liturgische-Tagung-Herzogenrath-30.03.17-Bischof-Steven-Lopes-USA.jpg\"> <div class=\"pb-overlay\" style=\"\"> <div class=\"pb-caption-bottom\"> <span class=\"pb-description pb-caption-left\" style=\"\">18. K\u00f6lner Internationale Liturgische Tagung: Herzogenrath 30.03.17 | Pontifikalamt nach \u201eDivine Worship \u2013 The Missal\u201d in St. Marien, Herzogenrath | Zelebrant und Prediger: S.E. Bischof Steven Lopes, Houston\/Texas USA<\/span> <\/div> <\/div> <\/a> <\/div> <div class=\"pb-block with-text with-social-or-text pb-landscape pb-width pb-type-image \" style=\"\" data-colspan=\"1\" data-rowspan=\"1\" data-col=\"2\" data-row=\"4\" data-valign=\"center\" data-halign=\"center\" data-type=\"image\" data-ratio=\"1.5\"> <img decoding=\"async\" class=\"pb-image skip-lazy \" src=\"data:image\/png;base64,iVBORw0KGgoAAAANSUhEUgAAAAEAAAABCAYAAAAfFcSJAAAADUlEQVR42mNkYPhfDwAChwGA60e6kgAAAABJRU5ErkJggg==\" data-pb-source=\"https:\/\/burkhardpuetz-i6psyu9my.live-website.com\/wp-content\/uploads\/2024\/08\/4_Liturgische-Tagung-Herzogenrath-30.03.17-Bischof-Steven-Lopes-USA.jpg\" alt=\"18. K\u00f6lner Internationale Liturgische Tagung: Herzogenrath 30.03.17 | Pontifikalamt nach \u201eDivine Worship \u2013 The Missal\u201d in St. Marien, Herzogenrath | Zelebrant und Prediger: S.E. Bischof Steven Lopes, Houston\/Texas USA\"> <noscript><img decoding=\"async\" src=\"https:\/\/burkhardpuetz-i6psyu9my.live-website.com\/wp-content\/uploads\/2024\/08\/4_Liturgische-Tagung-Herzogenrath-30.03.17-Bischof-Steven-Lopes-USA.jpg\" alt=\"18. K\u00f6lner Internationale Liturgische Tagung: Herzogenrath 30.03.17 | Pontifikalamt nach \u201eDivine Worship \u2013 The Missal\u201d in St. Marien, Herzogenrath | Zelebrant und Prediger: S.E. Bischof Steven Lopes, Houston\/Texas USA\"><\/noscript> <a class=\"pb-link \" data-magnific=\"gallery-13\" data-caption=\"18. K\u00f6lner Internationale Liturgische Tagung: Herzogenrath 30.03.17 | Pontifikalamt nach \u201eDivine Worship \u2013 The Missal\u201d in St. Marien, Herzogenrath | Zelebrant und Prediger: S.E. Bischof Steven Lopes, Houston\/Texas USA\" rel=\"\" target=\"\" href=\"https:\/\/burkhard-puetz.de\/wp-content\/uploads\/2024\/08\/4_Liturgische-Tagung-Herzogenrath-30.03.17-Bischof-Steven-Lopes-USA.jpg\"> <div class=\"pb-overlay\" style=\"\"> <div class=\"pb-caption-bottom\"> <span class=\"pb-description pb-caption-left\" style=\"\">18. K\u00f6lner Internationale Liturgische Tagung: Herzogenrath 30.03.17 | Pontifikalamt nach \u201eDivine Worship \u2013 The Missal\u201d in St. Marien, Herzogenrath | Zelebrant und Prediger: S.E. Bischof Steven Lopes, Houston\/Texas USA<\/span> <\/div> <\/div> <\/a> <\/div> <div class=\"pb-block with-text with-social-or-text pb-landscape pb-width pb-type-image \" style=\"\" data-colspan=\"1\" data-rowspan=\"1\" data-col=\"3\" data-row=\"4\" data-valign=\"center\" data-halign=\"center\" data-type=\"image\" data-ratio=\"1.5\"> <img decoding=\"async\" class=\"pb-image skip-lazy \" src=\"data:image\/png;base64,iVBORw0KGgoAAAANSUhEUgAAAAEAAAABCAYAAAAfFcSJAAAADUlEQVR42mNkYPhfDwAChwGA60e6kgAAAABJRU5ErkJggg==\" data-pb-source=\"https:\/\/burkhardpuetz-i6psyu9my.live-website.com\/wp-content\/uploads\/2024\/08\/6_Liturgische-Tagung-Herzogenrath-30.03.17-Erzbischof-Alexander-K.-Sample-USA.jpg\" alt=\"18. K\u00f6lner Internationale Liturgische Tagung: Herzogenrath 30.03.17 | Erzbischof Alexander K. Sample, Portland Oregon USA | Pontifikalamt nach \u201eDivine Worship \u2013 The Missal\u201d in St. Marien, Herzogenrath | Zelebrant und Prediger: S.E. Bischof Steven Lopes, Houston\/Texas USA\"> <noscript><img decoding=\"async\" src=\"https:\/\/burkhardpuetz-i6psyu9my.live-website.com\/wp-content\/uploads\/2024\/08\/6_Liturgische-Tagung-Herzogenrath-30.03.17-Erzbischof-Alexander-K.-Sample-USA.jpg\" alt=\"18. K\u00f6lner Internationale Liturgische Tagung: Herzogenrath 30.03.17 | Erzbischof Alexander K. Sample, Portland Oregon USA | Pontifikalamt nach \u201eDivine Worship \u2013 The Missal\u201d in St. Marien, Herzogenrath | Zelebrant und Prediger: S.E. Bischof Steven Lopes, Houston\/Texas USA\"><\/noscript> <a class=\"pb-link \" data-magnific=\"gallery-13\" data-caption=\"18. K\u00f6lner Internationale Liturgische Tagung: Herzogenrath 30.03.17 | Erzbischof Alexander K. Sample, Portland Oregon USA | Pontifikalamt nach \u201eDivine Worship \u2013 The Missal\u201d in St. Marien, Herzogenrath | Zelebrant und Prediger: S.E. Bischof Steven Lopes, Houston\/Texas USA\" rel=\"\" target=\"\" href=\"https:\/\/burkhard-puetz.de\/wp-content\/uploads\/2024\/08\/6_Liturgische-Tagung-Herzogenrath-30.03.17-Erzbischof-Alexander-K.-Sample-USA.jpg\"> <div class=\"pb-overlay\" style=\"\"> <div class=\"pb-caption-bottom\"> <span class=\"pb-description pb-caption-left\" style=\"\">18. K\u00f6lner Internationale Liturgische Tagung: Herzogenrath 30.03.17 | Erzbischof Alexander K. Sample, Portland Oregon USA | Pontifikalamt nach \u201eDivine Worship \u2013 The Missal\u201d in St. Marien, Herzogenrath | Zelebrant und Prediger: S.E. Bischof Steven Lopes, Houston\/Texas USA<\/span> <\/div> <\/div> <\/a> <\/div> <div class=\"pb-block with-text with-social-or-text pb-landscape pb-width pb-type-image \" style=\"\" data-colspan=\"1\" data-rowspan=\"1\" data-col=\"0\" data-row=\"5\" data-valign=\"center\" data-halign=\"center\" data-type=\"image\" data-ratio=\"1.5\"> <img decoding=\"async\" class=\"pb-image skip-lazy \" src=\"data:image\/png;base64,iVBORw0KGgoAAAANSUhEUgAAAAEAAAABCAYAAAAfFcSJAAAADUlEQVR42mNkYPhfDwAChwGA60e6kgAAAABJRU5ErkJggg==\" data-pb-source=\"https:\/\/burkhardpuetz-i6psyu9my.live-website.com\/wp-content\/uploads\/2024\/08\/9_Liturgische-Tagung-Herzogenrath-30.03.17-Bischof-Steven-Lopes-USA.jpg\" alt=\"18. K\u00f6lner Internationale Liturgische Tagung: Herzogenrath 30.03.17 | Pontifikalamt nach \u201eDivine Worship \u2013 The Missal\u201d in St. Marien, Herzogenrath | Zelebrant und Prediger: S.E. Bischof Steven Lopes, Houston\/Texas USA\"> <noscript><img decoding=\"async\" src=\"https:\/\/burkhardpuetz-i6psyu9my.live-website.com\/wp-content\/uploads\/2024\/08\/9_Liturgische-Tagung-Herzogenrath-30.03.17-Bischof-Steven-Lopes-USA.jpg\" alt=\"18. K\u00f6lner Internationale Liturgische Tagung: Herzogenrath 30.03.17 | Pontifikalamt nach \u201eDivine Worship \u2013 The Missal\u201d in St. Marien, Herzogenrath | Zelebrant und Prediger: S.E. Bischof Steven Lopes, Houston\/Texas USA\"><\/noscript> <a class=\"pb-link \" data-magnific=\"gallery-13\" data-caption=\"18. K\u00f6lner Internationale Liturgische Tagung: Herzogenrath 30.03.17 | Pontifikalamt nach \u201eDivine Worship \u2013 The Missal\u201d in St. Marien, Herzogenrath | Zelebrant und Prediger: S.E. Bischof Steven Lopes, Houston\/Texas USA\" rel=\"\" target=\"\" href=\"https:\/\/burkhard-puetz.de\/wp-content\/uploads\/2024\/08\/9_Liturgische-Tagung-Herzogenrath-30.03.17-Bischof-Steven-Lopes-USA.jpg\"> <div class=\"pb-overlay\" style=\"\"> <div class=\"pb-caption-bottom\"> <span class=\"pb-description pb-caption-left\" style=\"\">18. K\u00f6lner Internationale Liturgische Tagung: Herzogenrath 30.03.17 | Pontifikalamt nach \u201eDivine Worship \u2013 The Missal\u201d in St. Marien, Herzogenrath | Zelebrant und Prediger: S.E. Bischof Steven Lopes, Houston\/Texas USA<\/span> <\/div> <\/div> <\/a> <\/div> <div class=\"pb-block with-text with-social-or-text pb-landscape pb-width pb-type-image \" style=\"\" data-colspan=\"1\" data-rowspan=\"1\" data-col=\"1\" data-row=\"5\" data-valign=\"center\" data-halign=\"center\" data-type=\"image\" data-ratio=\"1.5\"> <img decoding=\"async\" class=\"pb-image skip-lazy \" src=\"data:image\/png;base64,iVBORw0KGgoAAAANSUhEUgAAAAEAAAABCAYAAAAfFcSJAAAADUlEQVR42mNkYPhfDwAChwGA60e6kgAAAABJRU5ErkJggg==\" data-pb-source=\"https:\/\/burkhardpuetz-i6psyu9my.live-website.com\/wp-content\/uploads\/2024\/08\/10_Liturgische-Tagung-Herzogenrath-30.03.17.jpg\" alt=\"18. K\u00f6lner Internationale Liturgische Tagung: Herzogenrath 30.03.17 | Pontifikalamt nach \u201eDivine Worship \u2013 The Missal\u201d in St. Marien, Herzogenrath | Zelebrant und Prediger: S.E. Bischof Steven Lopes, Houston\/Texas USA\"> <noscript><img decoding=\"async\" src=\"https:\/\/burkhardpuetz-i6psyu9my.live-website.com\/wp-content\/uploads\/2024\/08\/10_Liturgische-Tagung-Herzogenrath-30.03.17.jpg\" alt=\"18. K\u00f6lner Internationale Liturgische Tagung: Herzogenrath 30.03.17 | Pontifikalamt nach \u201eDivine Worship \u2013 The Missal\u201d in St. Marien, Herzogenrath | Zelebrant und Prediger: S.E. Bischof Steven Lopes, Houston\/Texas USA\"><\/noscript> <a class=\"pb-link \" data-magnific=\"gallery-13\" data-caption=\"18. K\u00f6lner Internationale Liturgische Tagung: Herzogenrath 30.03.17 | Pontifikalamt nach \u201eDivine Worship \u2013 The Missal\u201d in St. Marien, Herzogenrath | Zelebrant und Prediger: S.E. Bischof Steven Lopes, Houston\/Texas USA\" rel=\"\" target=\"\" href=\"https:\/\/burkhard-puetz.de\/wp-content\/uploads\/2024\/08\/10_Liturgische-Tagung-Herzogenrath-30.03.17.jpg\"> <div class=\"pb-overlay\" style=\"\"> <div class=\"pb-caption-bottom\"> <span class=\"pb-description pb-caption-left\" style=\"\">18. K\u00f6lner Internationale Liturgische Tagung: Herzogenrath 30.03.17 | Pontifikalamt nach \u201eDivine Worship \u2013 The Missal\u201d in St. Marien, Herzogenrath | Zelebrant und Prediger: S.E. Bischof Steven Lopes, Houston\/Texas USA<\/span> <\/div> <\/div> <\/a> <\/div> <div class=\"pb-block with-text with-social-or-text pb-landscape pb-width pb-type-image \" style=\"\" data-colspan=\"1\" data-rowspan=\"1\" data-col=\"2\" data-row=\"5\" data-valign=\"center\" data-halign=\"center\" data-type=\"image\" data-ratio=\"1.5\"> <img decoding=\"async\" class=\"pb-image skip-lazy \" src=\"data:image\/png;base64,iVBORw0KGgoAAAANSUhEUgAAAAEAAAABCAYAAAAfFcSJAAAADUlEQVR42mNkYPhfDwAChwGA60e6kgAAAABJRU5ErkJggg==\" data-pb-source=\"https:\/\/burkhardpuetz-i6psyu9my.live-website.com\/wp-content\/uploads\/2024\/08\/11_Liturgische-Tagung-Herzogenrath-30.03.17-Bischof-Steven-Lopes-USA.jpg\" alt=\"18. K\u00f6lner Internationale Liturgische Tagung: Herzogenrath 30.03.17 | Pontifikalamt nach \u201eDivine Worship \u2013 The Missal\u201d in St. Marien, Herzogenrath | Zelebrant und Prediger: S.E. Bischof Steven Lopes, Houston\/Texas USA\"> <noscript><img decoding=\"async\" src=\"https:\/\/burkhardpuetz-i6psyu9my.live-website.com\/wp-content\/uploads\/2024\/08\/11_Liturgische-Tagung-Herzogenrath-30.03.17-Bischof-Steven-Lopes-USA.jpg\" alt=\"18. K\u00f6lner Internationale Liturgische Tagung: Herzogenrath 30.03.17 | Pontifikalamt nach \u201eDivine Worship \u2013 The Missal\u201d in St. Marien, Herzogenrath | Zelebrant und Prediger: S.E. Bischof Steven Lopes, Houston\/Texas USA\"><\/noscript> <a class=\"pb-link \" data-magnific=\"gallery-13\" data-caption=\"18. K\u00f6lner Internationale Liturgische Tagung: Herzogenrath 30.03.17 | Pontifikalamt nach \u201eDivine Worship \u2013 The Missal\u201d in St. Marien, Herzogenrath | Zelebrant und Prediger: S.E. Bischof Steven Lopes, Houston\/Texas USA\" rel=\"\" target=\"\" href=\"https:\/\/burkhard-puetz.de\/wp-content\/uploads\/2024\/08\/11_Liturgische-Tagung-Herzogenrath-30.03.17-Bischof-Steven-Lopes-USA.jpg\"> <div class=\"pb-overlay\" style=\"\"> <div class=\"pb-caption-bottom\"> <span class=\"pb-description pb-caption-left\" style=\"\">18. K\u00f6lner Internationale Liturgische Tagung: Herzogenrath 30.03.17 | Pontifikalamt nach \u201eDivine Worship \u2013 The Missal\u201d in St. Marien, Herzogenrath | Zelebrant und Prediger: S.E. Bischof Steven Lopes, Houston\/Texas USA<\/span> <\/div> <\/div> <\/a> <\/div> <div class=\"pb-block with-text with-social-or-text pb-landscape pb-width pb-type-image \" style=\"\" data-colspan=\"1\" data-rowspan=\"1\" data-col=\"3\" data-row=\"5\" data-valign=\"center\" data-halign=\"center\" data-type=\"image\" data-ratio=\"1.5\"> <img decoding=\"async\" class=\"pb-image skip-lazy \" src=\"data:image\/png;base64,iVBORw0KGgoAAAANSUhEUgAAAAEAAAABCAYAAAAfFcSJAAAADUlEQVR42mNkYPhfDwAChwGA60e6kgAAAABJRU5ErkJggg==\" data-pb-source=\"https:\/\/burkhardpuetz-i6psyu9my.live-website.com\/wp-content\/uploads\/2024\/08\/14_Liturgische-Tagung-Herzogenrath-30.03.17-Bischof-Steven-Lopes-USA.jpg\" alt=\"18. K\u00f6lner Internationale Liturgische Tagung: Herzogenrath 30.03.17 | Pontifikalamt nach \u201eDivine Worship \u2013 The Missal\u201d in St. Marien, Herzogenrath | Zelebrant und Prediger: S.E. Bischof Steven Lopes, Houston\/Texas USA\"> <noscript><img decoding=\"async\" src=\"https:\/\/burkhardpuetz-i6psyu9my.live-website.com\/wp-content\/uploads\/2024\/08\/14_Liturgische-Tagung-Herzogenrath-30.03.17-Bischof-Steven-Lopes-USA.jpg\" alt=\"18. K\u00f6lner Internationale Liturgische Tagung: Herzogenrath 30.03.17 | Pontifikalamt nach \u201eDivine Worship \u2013 The Missal\u201d in St. Marien, Herzogenrath | Zelebrant und Prediger: S.E. Bischof Steven Lopes, Houston\/Texas USA\"><\/noscript> <a class=\"pb-link \" data-magnific=\"gallery-13\" data-caption=\"18. K\u00f6lner Internationale Liturgische Tagung: Herzogenrath 30.03.17 | Pontifikalamt nach \u201eDivine Worship \u2013 The Missal\u201d in St. Marien, Herzogenrath | Zelebrant und Prediger: S.E. Bischof Steven Lopes, Houston\/Texas USA\" rel=\"\" target=\"\" href=\"https:\/\/burkhard-puetz.de\/wp-content\/uploads\/2024\/08\/14_Liturgische-Tagung-Herzogenrath-30.03.17-Bischof-Steven-Lopes-USA.jpg\"> <div class=\"pb-overlay\" style=\"\"> <div class=\"pb-caption-bottom\"> <span class=\"pb-description pb-caption-left\" style=\"\">18. K\u00f6lner Internationale Liturgische Tagung: Herzogenrath 30.03.17 | Pontifikalamt nach \u201eDivine Worship \u2013 The Missal\u201d in St. Marien, Herzogenrath | Zelebrant und Prediger: S.E. Bischof Steven Lopes, Houston\/Texas USA<\/span> <\/div> <\/div> <\/a> <\/div> <div class=\"pb-block with-text with-social-or-text pb-landscape pb-width pb-type-image \" style=\"\" data-colspan=\"1\" data-rowspan=\"1\" data-col=\"0\" data-row=\"6\" data-valign=\"center\" data-halign=\"center\" data-type=\"image\" data-ratio=\"1.5\"> <img decoding=\"async\" class=\"pb-image skip-lazy \" src=\"data:image\/png;base64,iVBORw0KGgoAAAANSUhEUgAAAAEAAAABCAYAAAAfFcSJAAAADUlEQVR42mNkYPhfDwAChwGA60e6kgAAAABJRU5ErkJggg==\" data-pb-source=\"https:\/\/burkhardpuetz-i6psyu9my.live-website.com\/wp-content\/uploads\/2024\/08\/15_Liturgische-Tagung-Herzogenrath-30.03.17-Bischof-Steven-Lopes-USA.jpg\" alt=\"18. K\u00f6lner Internationale Liturgische Tagung: Herzogenrath 30.03.17 | Pontifikalamt nach \u201eDivine Worship \u2013 The Missal\u201d in St. Marien, Herzogenrath | Zelebrant und Prediger: S.E. Bischof Steven Lopes, Houston\/Texas USA\"> <noscript><img decoding=\"async\" src=\"https:\/\/burkhardpuetz-i6psyu9my.live-website.com\/wp-content\/uploads\/2024\/08\/15_Liturgische-Tagung-Herzogenrath-30.03.17-Bischof-Steven-Lopes-USA.jpg\" alt=\"18. K\u00f6lner Internationale Liturgische Tagung: Herzogenrath 30.03.17 | Pontifikalamt nach \u201eDivine Worship \u2013 The Missal\u201d in St. Marien, Herzogenrath | Zelebrant und Prediger: S.E. Bischof Steven Lopes, Houston\/Texas USA\"><\/noscript> <a class=\"pb-link \" data-magnific=\"gallery-13\" data-caption=\"18. K\u00f6lner Internationale Liturgische Tagung: Herzogenrath 30.03.17 | Pontifikalamt nach \u201eDivine Worship \u2013 The Missal\u201d in St. Marien, Herzogenrath | Zelebrant und Prediger: S.E. Bischof Steven Lopes, Houston\/Texas USA\" rel=\"\" target=\"\" href=\"https:\/\/burkhard-puetz.de\/wp-content\/uploads\/2024\/08\/15_Liturgische-Tagung-Herzogenrath-30.03.17-Bischof-Steven-Lopes-USA.jpg\"> <div class=\"pb-overlay\" style=\"\"> <div class=\"pb-caption-bottom\"> <span class=\"pb-description pb-caption-left\" style=\"\">18. K\u00f6lner Internationale Liturgische Tagung: Herzogenrath 30.03.17 | Pontifikalamt nach \u201eDivine Worship \u2013 The Missal\u201d in St. Marien, Herzogenrath | Zelebrant und Prediger: S.E. Bischof Steven Lopes, Houston\/Texas USA<\/span> <\/div> <\/div> <\/a> <\/div> <div class=\"pb-block with-text with-social-or-text pb-landscape pb-width pb-type-image \" style=\"\" data-colspan=\"1\" data-rowspan=\"1\" data-col=\"1\" data-row=\"6\" data-valign=\"center\" data-halign=\"center\" data-type=\"image\" data-ratio=\"1.5\"> <img decoding=\"async\" class=\"pb-image skip-lazy \" src=\"data:image\/png;base64,iVBORw0KGgoAAAANSUhEUgAAAAEAAAABCAYAAAAfFcSJAAAADUlEQVR42mNkYPhfDwAChwGA60e6kgAAAABJRU5ErkJggg==\" data-pb-source=\"https:\/\/burkhardpuetz-i6psyu9my.live-website.com\/wp-content\/uploads\/2024\/08\/16_Liturgische-Tagung-Herzogenrath-30.03.17-Bischof-Steven-Lopes-USA.jpg\" alt=\"18. K\u00f6lner Internationale Liturgische Tagung: Herzogenrath 30.03.17 | Pontifikalamt nach \u201eDivine Worship \u2013 The Missal\u201d in St. Marien, Herzogenrath | Zelebrant und Prediger: S.E. Bischof Steven Lopes, Houston\/Texas USA\"> <noscript><img decoding=\"async\" src=\"https:\/\/burkhardpuetz-i6psyu9my.live-website.com\/wp-content\/uploads\/2024\/08\/16_Liturgische-Tagung-Herzogenrath-30.03.17-Bischof-Steven-Lopes-USA.jpg\" alt=\"18. K\u00f6lner Internationale Liturgische Tagung: Herzogenrath 30.03.17 | Pontifikalamt nach \u201eDivine Worship \u2013 The Missal\u201d in St. Marien, Herzogenrath | Zelebrant und Prediger: S.E. Bischof Steven Lopes, Houston\/Texas USA\"><\/noscript> <a class=\"pb-link \" data-magnific=\"gallery-13\" data-caption=\"18. K\u00f6lner Internationale Liturgische Tagung: Herzogenrath 30.03.17 | Pontifikalamt nach \u201eDivine Worship \u2013 The Missal\u201d in St. Marien, Herzogenrath | Zelebrant und Prediger: S.E. Bischof Steven Lopes, Houston\/Texas USA\" rel=\"\" target=\"\" href=\"https:\/\/burkhard-puetz.de\/wp-content\/uploads\/2024\/08\/16_Liturgische-Tagung-Herzogenrath-30.03.17-Bischof-Steven-Lopes-USA.jpg\"> <div class=\"pb-overlay\" style=\"\"> <div class=\"pb-caption-bottom\"> <span class=\"pb-description pb-caption-left\" style=\"\">18. K\u00f6lner Internationale Liturgische Tagung: Herzogenrath 30.03.17 | Pontifikalamt nach \u201eDivine Worship \u2013 The Missal\u201d in St. Marien, Herzogenrath | Zelebrant und Prediger: S.E. Bischof Steven Lopes, Houston\/Texas USA<\/span> <\/div> <\/div> <\/a> <\/div> <div class=\"pb-block with-text with-social-or-text pb-landscape pb-width pb-type-image \" style=\"\" data-colspan=\"1\" data-rowspan=\"1\" data-col=\"2\" data-row=\"6\" data-valign=\"center\" data-halign=\"center\" data-type=\"image\" data-ratio=\"1.5\"> <img decoding=\"async\" class=\"pb-image skip-lazy \" src=\"data:image\/png;base64,iVBORw0KGgoAAAANSUhEUgAAAAEAAAABCAYAAAAfFcSJAAAADUlEQVR42mNkYPhfDwAChwGA60e6kgAAAABJRU5ErkJggg==\" data-pb-source=\"https:\/\/burkhardpuetz-i6psyu9my.live-website.com\/wp-content\/uploads\/2024\/08\/18_Liturgische-Tagung-Herzogenrath-30.03.17.jpg\" alt=\"18. K\u00f6lner Internationale Liturgische Tagung: Herzogenrath 30.03.17 | Pontifikalamt nach \u201eDivine Worship \u2013 The Missal\u201d in St. Marien, Herzogenrath | Zelebrant und Prediger: S.E. Bischof Steven Lopes, Houston\/Texas USA\"> <noscript><img decoding=\"async\" src=\"https:\/\/burkhardpuetz-i6psyu9my.live-website.com\/wp-content\/uploads\/2024\/08\/18_Liturgische-Tagung-Herzogenrath-30.03.17.jpg\" alt=\"18. K\u00f6lner Internationale Liturgische Tagung: Herzogenrath 30.03.17 | Pontifikalamt nach \u201eDivine Worship \u2013 The Missal\u201d in St. Marien, Herzogenrath | Zelebrant und Prediger: S.E. Bischof Steven Lopes, Houston\/Texas USA\"><\/noscript> <a class=\"pb-link \" data-magnific=\"gallery-13\" data-caption=\"18. K\u00f6lner Internationale Liturgische Tagung: Herzogenrath 30.03.17 | Pontifikalamt nach \u201eDivine Worship \u2013 The Missal\u201d in St. Marien, Herzogenrath | Zelebrant und Prediger: S.E. Bischof Steven Lopes, Houston\/Texas USA\" rel=\"\" target=\"\" href=\"https:\/\/burkhard-puetz.de\/wp-content\/uploads\/2024\/08\/18_Liturgische-Tagung-Herzogenrath-30.03.17.jpg\"> <div class=\"pb-overlay\" style=\"\"> <div class=\"pb-caption-bottom\"> <span class=\"pb-description pb-caption-left\" style=\"\">18. K\u00f6lner Internationale Liturgische Tagung: Herzogenrath 30.03.17 | Pontifikalamt nach \u201eDivine Worship \u2013 The Missal\u201d in St. Marien, Herzogenrath | Zelebrant und Prediger: S.E. Bischof Steven Lopes, Houston\/Texas USA<\/span> <\/div> <\/div> <\/a> <\/div> <div class=\"pb-block with-text with-social-or-text pb-landscape pb-width pb-type-image \" style=\"\" data-colspan=\"1\" data-rowspan=\"1\" data-col=\"3\" data-row=\"6\" data-valign=\"center\" data-halign=\"center\" data-type=\"image\" data-ratio=\"1.5\"> <img decoding=\"async\" class=\"pb-image skip-lazy \" src=\"data:image\/png;base64,iVBORw0KGgoAAAANSUhEUgAAAAEAAAABCAYAAAAfFcSJAAAADUlEQVR42mNkYPhfDwAChwGA60e6kgAAAABJRU5ErkJggg==\" data-pb-source=\"https:\/\/burkhardpuetz-i6psyu9my.live-website.com\/wp-content\/uploads\/2024\/08\/19_Liturgische-Tagung-Herzogenrath-30.03.17-Bischof-Steven-Lopes-USA.jpg\" alt=\"18. K\u00f6lner Internationale Liturgische Tagung: Herzogenrath 30.03.17 | Pontifikalamt nach \u201eDivine Worship \u2013 The Missal\u201d in St. Marien, Herzogenrath | Zelebrant und Prediger: S.E. Bischof Steven Lopes, Houston\/Texas USA\"> <noscript><img decoding=\"async\" src=\"https:\/\/burkhardpuetz-i6psyu9my.live-website.com\/wp-content\/uploads\/2024\/08\/19_Liturgische-Tagung-Herzogenrath-30.03.17-Bischof-Steven-Lopes-USA.jpg\" alt=\"18. K\u00f6lner Internationale Liturgische Tagung: Herzogenrath 30.03.17 | Pontifikalamt nach \u201eDivine Worship \u2013 The Missal\u201d in St. Marien, Herzogenrath | Zelebrant und Prediger: S.E. Bischof Steven Lopes, Houston\/Texas USA\"><\/noscript> <a class=\"pb-link \" data-magnific=\"gallery-13\" data-caption=\"18. K\u00f6lner Internationale Liturgische Tagung: Herzogenrath 30.03.17 | Pontifikalamt nach \u201eDivine Worship \u2013 The Missal\u201d in St. Marien, Herzogenrath | Zelebrant und Prediger: S.E. Bischof Steven Lopes, Houston\/Texas USA\" rel=\"\" target=\"\" href=\"https:\/\/burkhard-puetz.de\/wp-content\/uploads\/2024\/08\/19_Liturgische-Tagung-Herzogenrath-30.03.17-Bischof-Steven-Lopes-USA.jpg\"> <div class=\"pb-overlay\" style=\"\"> <div class=\"pb-caption-bottom\"> <span class=\"pb-description pb-caption-left\" style=\"\">18. K\u00f6lner Internationale Liturgische Tagung: Herzogenrath 30.03.17 | Pontifikalamt nach \u201eDivine Worship \u2013 The Missal\u201d in St. Marien, Herzogenrath | Zelebrant und Prediger: S.E. Bischof Steven Lopes, Houston\/Texas USA<\/span> <\/div> <\/div> <\/a> <\/div> <div class=\"pb-block with-text with-social-or-text pb-landscape pb-width pb-type-image \" style=\"\" data-colspan=\"1\" data-rowspan=\"1\" data-col=\"0\" data-row=\"7\" data-valign=\"center\" data-halign=\"center\" data-type=\"image\" data-ratio=\"1.5\"> <img decoding=\"async\" class=\"pb-image skip-lazy \" src=\"data:image\/png;base64,iVBORw0KGgoAAAANSUhEUgAAAAEAAAABCAYAAAAfFcSJAAAADUlEQVR42mNkYPhfDwAChwGA60e6kgAAAABJRU5ErkJggg==\" data-pb-source=\"https:\/\/burkhardpuetz-i6psyu9my.live-website.com\/wp-content\/uploads\/2024\/08\/20_Liturgische-Tagung-Herzogenrath-30.03.17.jpg\" alt=\"18. K\u00f6lner Internationale Liturgische Tagung: Herzogenrath 30.03.17 | Pontifikalamt nach \u201eDivine Worship \u2013 The Missal\u201d in St. Marien, Herzogenrath | Zelebrant und Prediger: S.E. Bischof Steven Lopes, Houston\/Texas USA\"> <noscript><img decoding=\"async\" src=\"https:\/\/burkhardpuetz-i6psyu9my.live-website.com\/wp-content\/uploads\/2024\/08\/20_Liturgische-Tagung-Herzogenrath-30.03.17.jpg\" alt=\"18. K\u00f6lner Internationale Liturgische Tagung: Herzogenrath 30.03.17 | Pontifikalamt nach \u201eDivine Worship \u2013 The Missal\u201d in St. Marien, Herzogenrath | Zelebrant und Prediger: S.E. Bischof Steven Lopes, Houston\/Texas USA\"><\/noscript> <a class=\"pb-link \" data-magnific=\"gallery-13\" data-caption=\"18. K\u00f6lner Internationale Liturgische Tagung: Herzogenrath 30.03.17 | Pontifikalamt nach \u201eDivine Worship \u2013 The Missal\u201d in St. Marien, Herzogenrath | Zelebrant und Prediger: S.E. Bischof Steven Lopes, Houston\/Texas USA\" rel=\"\" target=\"\" href=\"https:\/\/burkhard-puetz.de\/wp-content\/uploads\/2024\/08\/20_Liturgische-Tagung-Herzogenrath-30.03.17.jpg\"> <div class=\"pb-overlay\" style=\"\"> <div class=\"pb-caption-bottom\"> <span class=\"pb-description pb-caption-left\" style=\"\">18. K\u00f6lner Internationale Liturgische Tagung: Herzogenrath 30.03.17 | Pontifikalamt nach \u201eDivine Worship \u2013 The Missal\u201d in St. Marien, Herzogenrath | Zelebrant und Prediger: S.E. Bischof Steven Lopes, Houston\/Texas USA<\/span> <\/div> <\/div> <\/a> <\/div> <div class=\"pb-block with-text with-social-or-text pb-landscape pb-width pb-type-image \" style=\"\" data-colspan=\"1\" data-rowspan=\"1\" data-col=\"1\" data-row=\"7\" data-valign=\"center\" data-halign=\"center\" data-type=\"image\" data-ratio=\"1.5\"> <img decoding=\"async\" class=\"pb-image skip-lazy \" src=\"data:image\/png;base64,iVBORw0KGgoAAAANSUhEUgAAAAEAAAABCAYAAAAfFcSJAAAADUlEQVR42mNkYPhfDwAChwGA60e6kgAAAABJRU5ErkJggg==\" data-pb-source=\"https:\/\/burkhardpuetz-i6psyu9my.live-website.com\/wp-content\/uploads\/2024\/08\/21_Liturgische-Tagung-Herzogenrath-30.03.17-Bischof-Steven-Lopes-USA.jpg\" alt=\"18. K\u00f6lner Internationale Liturgische Tagung: Herzogenrath 30.03.17 | Pontifikalamt nach \u201eDivine Worship \u2013 The Missal\u201d in St. Marien, Herzogenrath | Zelebrant und Prediger: S.E. Bischof Steven Lopes, Houston\/Texas USA\"> <noscript><img decoding=\"async\" src=\"https:\/\/burkhardpuetz-i6psyu9my.live-website.com\/wp-content\/uploads\/2024\/08\/21_Liturgische-Tagung-Herzogenrath-30.03.17-Bischof-Steven-Lopes-USA.jpg\" alt=\"18. K\u00f6lner Internationale Liturgische Tagung: Herzogenrath 30.03.17 | Pontifikalamt nach \u201eDivine Worship \u2013 The Missal\u201d in St. Marien, Herzogenrath | Zelebrant und Prediger: S.E. Bischof Steven Lopes, Houston\/Texas USA\"><\/noscript> <a class=\"pb-link \" data-magnific=\"gallery-13\" data-caption=\"18. K\u00f6lner Internationale Liturgische Tagung: Herzogenrath 30.03.17 | Pontifikalamt nach \u201eDivine Worship \u2013 The Missal\u201d in St. Marien, Herzogenrath | Zelebrant und Prediger: S.E. Bischof Steven Lopes, Houston\/Texas USA\" rel=\"\" target=\"\" href=\"https:\/\/burkhard-puetz.de\/wp-content\/uploads\/2024\/08\/21_Liturgische-Tagung-Herzogenrath-30.03.17-Bischof-Steven-Lopes-USA.jpg\"> <div class=\"pb-overlay\" style=\"\"> <div class=\"pb-caption-bottom\"> <span class=\"pb-description pb-caption-left\" style=\"\">18. K\u00f6lner Internationale Liturgische Tagung: Herzogenrath 30.03.17 | Pontifikalamt nach \u201eDivine Worship \u2013 The Missal\u201d in St. Marien, Herzogenrath | Zelebrant und Prediger: S.E. Bischof Steven Lopes, Houston\/Texas USA<\/span> <\/div> <\/div> <\/a> <\/div> <div class=\"pb-block with-text with-social-or-text pb-landscape pb-width pb-type-image \" style=\"\" data-colspan=\"1\" data-rowspan=\"1\" data-col=\"2\" data-row=\"7\" data-valign=\"center\" data-halign=\"center\" data-type=\"image\" data-ratio=\"1.5\"> <img decoding=\"async\" class=\"pb-image skip-lazy \" src=\"data:image\/png;base64,iVBORw0KGgoAAAANSUhEUgAAAAEAAAABCAYAAAAfFcSJAAAADUlEQVR42mNkYPhfDwAChwGA60e6kgAAAABJRU5ErkJggg==\" data-pb-source=\"https:\/\/burkhardpuetz-i6psyu9my.live-website.com\/wp-content\/uploads\/2024\/08\/23_Liturgische-Tagung-Herzogenrath-30.03.17-Bischof-Steven-Lopes-USA.jpg\" alt=\"18. K\u00f6lner Internationale Liturgische Tagung: Herzogenrath 30.03.17 | Pontifikalamt nach \u201eDivine Worship \u2013 The Missal\u201d in St. Marien, Herzogenrath | Zelebrant und Prediger: S.E. Bischof Steven Lopes, Houston\/Texas USA\"> <noscript><img decoding=\"async\" src=\"https:\/\/burkhardpuetz-i6psyu9my.live-website.com\/wp-content\/uploads\/2024\/08\/23_Liturgische-Tagung-Herzogenrath-30.03.17-Bischof-Steven-Lopes-USA.jpg\" alt=\"18. K\u00f6lner Internationale Liturgische Tagung: Herzogenrath 30.03.17 | Pontifikalamt nach \u201eDivine Worship \u2013 The Missal\u201d in St. Marien, Herzogenrath | Zelebrant und Prediger: S.E. Bischof Steven Lopes, Houston\/Texas USA\"><\/noscript> <a class=\"pb-link \" data-magnific=\"gallery-13\" data-caption=\"18. K\u00f6lner Internationale Liturgische Tagung: Herzogenrath 30.03.17 | Pontifikalamt nach \u201eDivine Worship \u2013 The Missal\u201d in St. Marien, Herzogenrath | Zelebrant und Prediger: S.E. Bischof Steven Lopes, Houston\/Texas USA\" rel=\"\" target=\"\" href=\"https:\/\/burkhard-puetz.de\/wp-content\/uploads\/2024\/08\/23_Liturgische-Tagung-Herzogenrath-30.03.17-Bischof-Steven-Lopes-USA.jpg\"> <div class=\"pb-overlay\" style=\"\"> <div class=\"pb-caption-bottom\"> <span class=\"pb-description pb-caption-left\" style=\"\">18. K\u00f6lner Internationale Liturgische Tagung: Herzogenrath 30.03.17 | Pontifikalamt nach \u201eDivine Worship \u2013 The Missal\u201d in St. Marien, Herzogenrath | Zelebrant und Prediger: S.E. Bischof Steven Lopes, Houston\/Texas USA<\/span> <\/div> <\/div> <\/a> <\/div> <div class=\"pb-block with-text with-social-or-text pb-portrait pb-height pb-type-image \" style=\"\" data-colspan=\"1\" data-rowspan=\"1\" data-col=\"3\" data-row=\"7\" data-valign=\"center\" data-halign=\"center\" data-type=\"image\" data-ratio=\"0.66666666666667\"> <img decoding=\"async\" class=\"pb-image skip-lazy \" src=\"data:image\/png;base64,iVBORw0KGgoAAAANSUhEUgAAAAEAAAABCAYAAAAfFcSJAAAADUlEQVR42mNkYPhfDwAChwGA60e6kgAAAABJRU5ErkJggg==\" data-pb-source=\"https:\/\/burkhardpuetz-i6psyu9my.live-website.com\/wp-content\/uploads\/2024\/08\/25_Liturgische-Tagung-Herzogenrath-30.03.17-Erzbischof-Alexander-K.-Sample.jpg\" alt=\"18. K\u00f6lner Internationale Liturgische Tagung: Herzogenrath 30.03.17 | Erzbischof Alexander K. Sample, Portland Oregon USA | Pontifikalamt nach \u201eDivine Worship \u2013 The Missal\u201d in St. Marien, Herzogenrath | Zelebrant und Prediger: S.E. Bischof Steven Lopes, Houston\/Texas USA\"> <noscript><img decoding=\"async\" src=\"https:\/\/burkhardpuetz-i6psyu9my.live-website.com\/wp-content\/uploads\/2024\/08\/25_Liturgische-Tagung-Herzogenrath-30.03.17-Erzbischof-Alexander-K.-Sample.jpg\" alt=\"18. K\u00f6lner Internationale Liturgische Tagung: Herzogenrath 30.03.17 | Erzbischof Alexander K. Sample, Portland Oregon USA | Pontifikalamt nach \u201eDivine Worship \u2013 The Missal\u201d in St. Marien, Herzogenrath | Zelebrant und Prediger: S.E. Bischof Steven Lopes, Houston\/Texas USA\"><\/noscript> <a class=\"pb-link \" data-magnific=\"gallery-13\" data-caption=\"18. K\u00f6lner Internationale Liturgische Tagung: Herzogenrath 30.03.17 | Erzbischof Alexander K. Sample, Portland Oregon USA | Pontifikalamt nach \u201eDivine Worship \u2013 The Missal\u201d in St. Marien, Herzogenrath | Zelebrant und Prediger: S.E. Bischof Steven Lopes, Houston\/Texas USA\" rel=\"\" target=\"\" href=\"https:\/\/burkhard-puetz.de\/wp-content\/uploads\/2024\/08\/25_Liturgische-Tagung-Herzogenrath-30.03.17-Erzbischof-Alexander-K.-Sample.jpg\"> <div class=\"pb-overlay\" style=\"\"> <div class=\"pb-caption-bottom\"> <span class=\"pb-description pb-caption-left\" style=\"\">18. K\u00f6lner Internationale Liturgische Tagung: Herzogenrath 30.03.17 | Erzbischof Alexander K. Sample, Portland Oregon USA | Pontifikalamt nach \u201eDivine Worship \u2013 The Missal\u201d in St. Marien, Herzogenrath | Zelebrant und Prediger: S.E. Bischof Steven Lopes, Houston\/Texas USA<\/span> <\/div> <\/div> <\/a> <\/div> <div class=\"pb-block with-text with-social-or-text pb-landscape pb-width pb-type-image \" style=\"\" data-colspan=\"1\" data-rowspan=\"1\" data-col=\"0\" data-row=\"8\" data-valign=\"center\" data-halign=\"center\" data-type=\"image\" data-ratio=\"1.5\"> <img decoding=\"async\" class=\"pb-image skip-lazy \" src=\"data:image\/png;base64,iVBORw0KGgoAAAANSUhEUgAAAAEAAAABCAYAAAAfFcSJAAAADUlEQVR42mNkYPhfDwAChwGA60e6kgAAAABJRU5ErkJggg==\" data-pb-source=\"https:\/\/burkhardpuetz-i6psyu9my.live-website.com\/wp-content\/uploads\/2024\/08\/26_Liturgische-Tagung-Herzogenrath-30.03.17-Bischof-Steven-Lopes-USA.jpg\" alt=\"18. K\u00f6lner Internationale Liturgische Tagung: Herzogenrath 30.03.17 | Pontifikalamt nach \u201eDivine Worship \u2013 The Missal\u201d in St. Marien, Herzogenrath | Zelebrant und Prediger: S.E. Bischof Steven Lopes, Houston\/Texas USA\"> <noscript><img decoding=\"async\" src=\"https:\/\/burkhardpuetz-i6psyu9my.live-website.com\/wp-content\/uploads\/2024\/08\/26_Liturgische-Tagung-Herzogenrath-30.03.17-Bischof-Steven-Lopes-USA.jpg\" alt=\"18. K\u00f6lner Internationale Liturgische Tagung: Herzogenrath 30.03.17 | Pontifikalamt nach \u201eDivine Worship \u2013 The Missal\u201d in St. Marien, Herzogenrath | Zelebrant und Prediger: S.E. Bischof Steven Lopes, Houston\/Texas USA\"><\/noscript> <a class=\"pb-link \" data-magnific=\"gallery-13\" data-caption=\"18. K\u00f6lner Internationale Liturgische Tagung: Herzogenrath 30.03.17 | Pontifikalamt nach \u201eDivine Worship \u2013 The Missal\u201d in St. Marien, Herzogenrath | Zelebrant und Prediger: S.E. Bischof Steven Lopes, Houston\/Texas USA\" rel=\"\" target=\"\" href=\"https:\/\/burkhard-puetz.de\/wp-content\/uploads\/2024\/08\/26_Liturgische-Tagung-Herzogenrath-30.03.17-Bischof-Steven-Lopes-USA.jpg\"> <div class=\"pb-overlay\" style=\"\"> <div class=\"pb-caption-bottom\"> <span class=\"pb-description pb-caption-left\" style=\"\">18. K\u00f6lner Internationale Liturgische Tagung: Herzogenrath 30.03.17 | Pontifikalamt nach \u201eDivine Worship \u2013 The Missal\u201d in St. Marien, Herzogenrath | Zelebrant und Prediger: S.E. Bischof Steven Lopes, Houston\/Texas USA<\/span> <\/div> <\/div> <\/a> <\/div> <div class=\"pb-block with-text with-social-or-text pb-landscape pb-width pb-type-image \" style=\"\" data-colspan=\"1\" data-rowspan=\"1\" data-col=\"1\" data-row=\"8\" data-valign=\"center\" data-halign=\"center\" data-type=\"image\" data-ratio=\"1.5\"> <img decoding=\"async\" class=\"pb-image skip-lazy \" src=\"data:image\/png;base64,iVBORw0KGgoAAAANSUhEUgAAAAEAAAABCAYAAAAfFcSJAAAADUlEQVR42mNkYPhfDwAChwGA60e6kgAAAABJRU5ErkJggg==\" data-pb-source=\"https:\/\/burkhardpuetz-i6psyu9my.live-website.com\/wp-content\/uploads\/2024\/08\/27_Liturgische-Tagung-Herzogenrath-30.03.17-Bischof-Steven-Lopes-USA.jpg\" alt=\"18. K\u00f6lner Internationale Liturgische Tagung: Herzogenrath 30.03.17 | Pontifikalamt nach \u201eDivine Worship \u2013 The Missal\u201d in St. Marien, Herzogenrath | Zelebrant und Prediger: S.E. Bischof Steven Lopes, Houston\/Texas USA\"> <noscript><img decoding=\"async\" src=\"https:\/\/burkhardpuetz-i6psyu9my.live-website.com\/wp-content\/uploads\/2024\/08\/27_Liturgische-Tagung-Herzogenrath-30.03.17-Bischof-Steven-Lopes-USA.jpg\" alt=\"18. K\u00f6lner Internationale Liturgische Tagung: Herzogenrath 30.03.17 | Pontifikalamt nach \u201eDivine Worship \u2013 The Missal\u201d in St. Marien, Herzogenrath | Zelebrant und Prediger: S.E. Bischof Steven Lopes, Houston\/Texas USA\"><\/noscript> <a class=\"pb-link \" data-magnific=\"gallery-13\" data-caption=\"18. K\u00f6lner Internationale Liturgische Tagung: Herzogenrath 30.03.17 | Pontifikalamt nach \u201eDivine Worship \u2013 The Missal\u201d in St. Marien, Herzogenrath | Zelebrant und Prediger: S.E. Bischof Steven Lopes, Houston\/Texas USA\" rel=\"\" target=\"\" href=\"https:\/\/burkhard-puetz.de\/wp-content\/uploads\/2024\/08\/27_Liturgische-Tagung-Herzogenrath-30.03.17-Bischof-Steven-Lopes-USA.jpg\"> <div class=\"pb-overlay\" style=\"\"> <div class=\"pb-caption-bottom\"> <span class=\"pb-description pb-caption-left\" style=\"\">18. K\u00f6lner Internationale Liturgische Tagung: Herzogenrath 30.03.17 | Pontifikalamt nach \u201eDivine Worship \u2013 The Missal\u201d in St. Marien, Herzogenrath | Zelebrant und Prediger: S.E. Bischof Steven Lopes, Houston\/Texas USA<\/span> <\/div> <\/div> <\/a> <\/div> <div class=\"pb-block with-text with-social-or-text pb-landscape pb-width pb-type-image \" style=\"\" data-colspan=\"1\" data-rowspan=\"1\" data-col=\"2\" data-row=\"8\" data-valign=\"center\" data-halign=\"center\" data-type=\"image\" data-ratio=\"1.5\"> <img decoding=\"async\" class=\"pb-image skip-lazy \" src=\"data:image\/png;base64,iVBORw0KGgoAAAANSUhEUgAAAAEAAAABCAYAAAAfFcSJAAAADUlEQVR42mNkYPhfDwAChwGA60e6kgAAAABJRU5ErkJggg==\" data-pb-source=\"https:\/\/burkhardpuetz-i6psyu9my.live-website.com\/wp-content\/uploads\/2024\/08\/13_Liturgische-Tagung-Herzogenrath-30.03.17-Ensemble-CAPPELLA-VOCALE-Trier.jpg\" alt=\"18. K\u00f6lner Internationale Liturgische Tagung: Herzogenrath 30.03.17 | Pontifikalamt in St. Marien, Herzogenrath | Ensemble CAPPELLA VOCALE Trier (Leitung: Dekanatskantor Burkhard P\u00fctz) | Gregorianischer Choral | William Byrd: Mass for 4 voices | Beata Virgo | Ave verum\"> <noscript><img decoding=\"async\" src=\"https:\/\/burkhardpuetz-i6psyu9my.live-website.com\/wp-content\/uploads\/2024\/08\/13_Liturgische-Tagung-Herzogenrath-30.03.17-Ensemble-CAPPELLA-VOCALE-Trier.jpg\" alt=\"18. K\u00f6lner Internationale Liturgische Tagung: Herzogenrath 30.03.17 | Pontifikalamt in St. Marien, Herzogenrath | Ensemble CAPPELLA VOCALE Trier (Leitung: Dekanatskantor Burkhard P\u00fctz) | Gregorianischer Choral | William Byrd: Mass for 4 voices | Beata Virgo | Ave verum\"><\/noscript> <a class=\"pb-link \" data-magnific=\"gallery-13\" data-caption=\"18. K\u00f6lner Internationale Liturgische Tagung: Herzogenrath 30.03.17 | Pontifikalamt in St. Marien, Herzogenrath | Ensemble CAPPELLA VOCALE Trier (Leitung: Dekanatskantor Burkhard P\u00fctz) | Gregorianischer Choral | William Byrd: Mass for 4 voices | Beata Virgo | Ave verum\" rel=\"\" target=\"\" href=\"https:\/\/burkhard-puetz.de\/wp-content\/uploads\/2024\/08\/13_Liturgische-Tagung-Herzogenrath-30.03.17-Ensemble-CAPPELLA-VOCALE-Trier.jpg\"> <div class=\"pb-overlay\" style=\"\"> <div class=\"pb-caption-bottom\"> <span class=\"pb-description pb-caption-left\" style=\"\">18. K\u00f6lner Internationale Liturgische Tagung: Herzogenrath 30.03.17 | Pontifikalamt in St. Marien, Herzogenrath | Ensemble CAPPELLA VOCALE Trier (Leitung: Dekanatskantor Burkhard P\u00fctz) | Gregorianischer Choral | William Byrd: Mass for 4 voices | Beata Virgo | Ave verum<\/span> <\/div> <\/div> <\/a> <\/div> <div class=\"pb-block with-text with-social-or-text pb-portrait pb-height pb-type-image \" style=\"\" data-colspan=\"1\" data-rowspan=\"1\" data-col=\"3\" data-row=\"8\" data-valign=\"center\" data-halign=\"center\" data-type=\"image\" data-ratio=\"0.66666666666667\"> <img decoding=\"async\" class=\"pb-image skip-lazy \" src=\"data:image\/png;base64,iVBORw0KGgoAAAANSUhEUgAAAAEAAAABCAYAAAAfFcSJAAAADUlEQVR42mNkYPhfDwAChwGA60e6kgAAAABJRU5ErkJggg==\" data-pb-source=\"https:\/\/burkhardpuetz-i6psyu9my.live-website.com\/wp-content\/uploads\/2024\/08\/17_Liturgische-Tagung-Herzogenrath-30.03.17-Ensemble-CAPPELLA-VOCALE-Trier.jpg\" alt=\"18. K\u00f6lner Internationale Liturgische Tagung: Herzogenrath 30.03.17 | Pontifikalamt in St. Marien, Herzogenrath | Ensemble CAPPELLA VOCALE Trier (Leitung: Dekanatskantor Burkhard P\u00fctz) | Gregorianischer Choral | William Byrd: Mass for 4 voices | Beata Virgo | Ave verum\"> <noscript><img decoding=\"async\" src=\"https:\/\/burkhardpuetz-i6psyu9my.live-website.com\/wp-content\/uploads\/2024\/08\/17_Liturgische-Tagung-Herzogenrath-30.03.17-Ensemble-CAPPELLA-VOCALE-Trier.jpg\" alt=\"18. K\u00f6lner Internationale Liturgische Tagung: Herzogenrath 30.03.17 | Pontifikalamt in St. Marien, Herzogenrath | Ensemble CAPPELLA VOCALE Trier (Leitung: Dekanatskantor Burkhard P\u00fctz) | Gregorianischer Choral | William Byrd: Mass for 4 voices | Beata Virgo | Ave verum\"><\/noscript> <a class=\"pb-link \" data-magnific=\"gallery-13\" data-caption=\"18. K\u00f6lner Internationale Liturgische Tagung: Herzogenrath 30.03.17 | Pontifikalamt in St. Marien, Herzogenrath | Ensemble CAPPELLA VOCALE Trier (Leitung: Dekanatskantor Burkhard P\u00fctz) | Gregorianischer Choral | William Byrd: Mass for 4 voices | Beata Virgo | Ave verum\" rel=\"\" target=\"\" href=\"https:\/\/burkhard-puetz.de\/wp-content\/uploads\/2024\/08\/17_Liturgische-Tagung-Herzogenrath-30.03.17-Ensemble-CAPPELLA-VOCALE-Trier.jpg\"> <div class=\"pb-overlay\" style=\"\"> <div class=\"pb-caption-bottom\"> <span class=\"pb-description pb-caption-left\" style=\"\">18. K\u00f6lner Internationale Liturgische Tagung: Herzogenrath 30.03.17 | Pontifikalamt in St. Marien, Herzogenrath | Ensemble CAPPELLA VOCALE Trier (Leitung: Dekanatskantor Burkhard P\u00fctz) | Gregorianischer Choral | William Byrd: Mass for 4 voices | Beata Virgo | Ave verum<\/span> <\/div> <\/div> <\/a> <\/div> <div class=\"pb-block with-text with-social-or-text pb-landscape pb-width pb-type-image \" style=\"\" data-colspan=\"1\" data-rowspan=\"1\" data-col=\"0\" data-row=\"9\" data-valign=\"center\" data-halign=\"center\" data-type=\"image\" data-ratio=\"1.5\"> <img decoding=\"async\" class=\"pb-image skip-lazy \" src=\"data:image\/png;base64,iVBORw0KGgoAAAANSUhEUgAAAAEAAAABCAYAAAAfFcSJAAAADUlEQVR42mNkYPhfDwAChwGA60e6kgAAAABJRU5ErkJggg==\" data-pb-source=\"https:\/\/burkhardpuetz-i6psyu9my.live-website.com\/wp-content\/uploads\/2024\/08\/22_Liturgische-Tagung-Herzogenrath-30.03.17-Ensemble-CAPPELLA-VOCALE-Trier.jpg\" alt=\"18. K\u00f6lner Internationale Liturgische Tagung: Herzogenrath 30.03.17 | Pontifikalamt in St. Marien, Herzogenrath | Ensemble CAPPELLA VOCALE Trier (Leitung: Dekanatskantor Burkhard P\u00fctz) | Gregorianischer Choral | William Byrd: Mass for 4 voices | Beata Virgo | Ave verum\"> <noscript><img decoding=\"async\" src=\"https:\/\/burkhardpuetz-i6psyu9my.live-website.com\/wp-content\/uploads\/2024\/08\/22_Liturgische-Tagung-Herzogenrath-30.03.17-Ensemble-CAPPELLA-VOCALE-Trier.jpg\" alt=\"18. K\u00f6lner Internationale Liturgische Tagung: Herzogenrath 30.03.17 | Pontifikalamt in St. Marien, Herzogenrath | Ensemble CAPPELLA VOCALE Trier (Leitung: Dekanatskantor Burkhard P\u00fctz) | Gregorianischer Choral | William Byrd: Mass for 4 voices | Beata Virgo | Ave verum\"><\/noscript> <a class=\"pb-link \" data-magnific=\"gallery-13\" data-caption=\"18. K\u00f6lner Internationale Liturgische Tagung: Herzogenrath 30.03.17 | Pontifikalamt in St. Marien, Herzogenrath | Ensemble CAPPELLA VOCALE Trier (Leitung: Dekanatskantor Burkhard P\u00fctz) | Gregorianischer Choral | William Byrd: Mass for 4 voices | Beata Virgo | Ave verum\" rel=\"\" target=\"\" href=\"https:\/\/burkhard-puetz.de\/wp-content\/uploads\/2024\/08\/22_Liturgische-Tagung-Herzogenrath-30.03.17-Ensemble-CAPPELLA-VOCALE-Trier.jpg\"> <div class=\"pb-overlay\" style=\"\"> <div class=\"pb-caption-bottom\"> <span class=\"pb-description pb-caption-left\" style=\"\">18. K\u00f6lner Internationale Liturgische Tagung: Herzogenrath 30.03.17 | Pontifikalamt in St. Marien, Herzogenrath | Ensemble CAPPELLA VOCALE Trier (Leitung: Dekanatskantor Burkhard P\u00fctz) | Gregorianischer Choral | William Byrd: Mass for 4 voices | Beata Virgo | Ave verum<\/span> <\/div> <\/div> <\/a> <\/div> <div class=\"pb-block with-text with-social-or-text pb-landscape pb-width pb-type-image \" style=\"\" data-colspan=\"1\" data-rowspan=\"1\" data-col=\"1\" data-row=\"9\" data-valign=\"center\" data-halign=\"center\" data-type=\"image\" data-ratio=\"1.505\"> <img decoding=\"async\" class=\"pb-image skip-lazy \" src=\"data:image\/png;base64,iVBORw0KGgoAAAANSUhEUgAAAAEAAAABCAYAAAAfFcSJAAAADUlEQVR42mNkYPhfDwAChwGA60e6kgAAAABJRU5ErkJggg==\" data-pb-source=\"https:\/\/burkhardpuetz-i6psyu9my.live-website.com\/wp-content\/uploads\/2024\/08\/DSC_0254.jpg\" alt=\"18. K\u00f6lner Internationale Liturgische Tagung: Herzogenrath 30.03.17 | Pontifikalamt in St. Marien, Herzogenrath | Ensemble CAPPELLA VOCALE Trier (Leitung: Dekanatskantor Burkhard P\u00fctz) | Gregorianischer Choral | William Byrd: Mass for 4 voices | Beata Virgo | Ave verum\"> <noscript><img decoding=\"async\" src=\"https:\/\/burkhardpuetz-i6psyu9my.live-website.com\/wp-content\/uploads\/2024\/08\/DSC_0254.jpg\" alt=\"18. K\u00f6lner Internationale Liturgische Tagung: Herzogenrath 30.03.17 | Pontifikalamt in St. Marien, Herzogenrath | Ensemble CAPPELLA VOCALE Trier (Leitung: Dekanatskantor Burkhard P\u00fctz) | Gregorianischer Choral | William Byrd: Mass for 4 voices | Beata Virgo | Ave verum\"><\/noscript> <a class=\"pb-link \" data-magnific=\"gallery-13\" data-caption=\"18. K\u00f6lner Internationale Liturgische Tagung: Herzogenrath 30.03.17 | Pontifikalamt in St. Marien, Herzogenrath | Ensemble CAPPELLA VOCALE Trier (Leitung: Dekanatskantor Burkhard P\u00fctz) | Gregorianischer Choral | William Byrd: Mass for 4 voices | Beata Virgo | Ave verum\" rel=\"\" target=\"\" href=\"https:\/\/burkhard-puetz.de\/wp-content\/uploads\/2024\/08\/DSC_0254.jpg\"> <div class=\"pb-overlay\" style=\"\"> <div class=\"pb-caption-bottom\"> <span class=\"pb-description pb-caption-left\" style=\"\">18. K\u00f6lner Internationale Liturgische Tagung: Herzogenrath 30.03.17 | Pontifikalamt in St. Marien, Herzogenrath | Ensemble CAPPELLA VOCALE Trier (Leitung: Dekanatskantor Burkhard P\u00fctz) | Gregorianischer Choral | William Byrd: Mass for 4 voices | Beata Virgo | Ave verum<\/span> <\/div> <\/div> <\/a> <\/div> <div class=\"pb-block with-text with-social-or-text pb-landscape pb-width pb-type-image \" style=\"\" data-colspan=\"1\" data-rowspan=\"1\" data-col=\"2\" data-row=\"9\" data-valign=\"center\" data-halign=\"center\" data-type=\"image\" data-ratio=\"1.505\"> <img decoding=\"async\" class=\"pb-image skip-lazy \" src=\"data:image\/png;base64,iVBORw0KGgoAAAANSUhEUgAAAAEAAAABCAYAAAAfFcSJAAAADUlEQVR42mNkYPhfDwAChwGA60e6kgAAAABJRU5ErkJggg==\" data-pb-source=\"https:\/\/burkhardpuetz-i6psyu9my.live-website.com\/wp-content\/uploads\/2024\/08\/DSC_0256.jpg\" alt=\"18. K\u00f6lner Internationale Liturgische Tagung: Herzogenrath 30.03.17 | Pontifikalamt in St. Marien, Herzogenrath | Ensemble CAPPELLA VOCALE Trier (Leitung: Dekanatskantor Burkhard P\u00fctz) | Gregorianischer Choral | William Byrd: Mass for 4 voices | Beata Virgo | Ave verum\"> <noscript><img decoding=\"async\" src=\"https:\/\/burkhardpuetz-i6psyu9my.live-website.com\/wp-content\/uploads\/2024\/08\/DSC_0256.jpg\" alt=\"18. K\u00f6lner Internationale Liturgische Tagung: Herzogenrath 30.03.17 | Pontifikalamt in St. Marien, Herzogenrath | Ensemble CAPPELLA VOCALE Trier (Leitung: Dekanatskantor Burkhard P\u00fctz) | Gregorianischer Choral | William Byrd: Mass for 4 voices | Beata Virgo | Ave verum\"><\/noscript> <a class=\"pb-link \" data-magnific=\"gallery-13\" data-caption=\"18. K\u00f6lner Internationale Liturgische Tagung: Herzogenrath 30.03.17 | Pontifikalamt in St. Marien, Herzogenrath | Ensemble CAPPELLA VOCALE Trier (Leitung: Dekanatskantor Burkhard P\u00fctz) | Gregorianischer Choral | William Byrd: Mass for 4 voices | Beata Virgo | Ave verum\" rel=\"\" target=\"\" href=\"https:\/\/burkhard-puetz.de\/wp-content\/uploads\/2024\/08\/DSC_0256.jpg\"> <div class=\"pb-overlay\" style=\"\"> <div class=\"pb-caption-bottom\"> <span class=\"pb-description pb-caption-left\" style=\"\">18. K\u00f6lner Internationale Liturgische Tagung: Herzogenrath 30.03.17 | Pontifikalamt in St. Marien, Herzogenrath | Ensemble CAPPELLA VOCALE Trier (Leitung: Dekanatskantor Burkhard P\u00fctz) | Gregorianischer Choral | William Byrd: Mass for 4 voices | Beata Virgo | Ave verum<\/span> <\/div> <\/div> <\/a> <\/div> <div class=\"pb-block with-text with-social-or-text pb-portrait pb-height pb-type-image \" style=\"\" data-colspan=\"1\" data-rowspan=\"1\" data-col=\"3\" data-row=\"9\" data-valign=\"center\" data-halign=\"center\" data-type=\"image\" data-ratio=\"0.66445182724252\"> <img decoding=\"async\" class=\"pb-image skip-lazy \" src=\"data:image\/png;base64,iVBORw0KGgoAAAANSUhEUgAAAAEAAAABCAYAAAAfFcSJAAAADUlEQVR42mNkYPhfDwAChwGA60e6kgAAAABJRU5ErkJggg==\" data-pb-source=\"https:\/\/burkhardpuetz-i6psyu9my.live-website.com\/wp-content\/uploads\/2024\/08\/DSC_0260.jpg\" alt=\"18. K\u00f6lner Internationale Liturgische Tagung: Herzogenrath 30.03.17 | Pontifikalamt in St. Marien, Herzogenrath | Ensemble CAPPELLA VOCALE Trier (Leitung: Dekanatskantor Burkhard P\u00fctz) | Gregorianischer Choral | William Byrd: Mass for 4 voices | Beata Virgo | Ave verum\"> <noscript><img decoding=\"async\" src=\"https:\/\/burkhardpuetz-i6psyu9my.live-website.com\/wp-content\/uploads\/2024\/08\/DSC_0260.jpg\" alt=\"18. K\u00f6lner Internationale Liturgische Tagung: Herzogenrath 30.03.17 | Pontifikalamt in St. Marien, Herzogenrath | Ensemble CAPPELLA VOCALE Trier (Leitung: Dekanatskantor Burkhard P\u00fctz) | Gregorianischer Choral | William Byrd: Mass for 4 voices | Beata Virgo | Ave verum\"><\/noscript> <a class=\"pb-link \" data-magnific=\"gallery-13\" data-caption=\"18. K\u00f6lner Internationale Liturgische Tagung: Herzogenrath 30.03.17 | Pontifikalamt in St. Marien, Herzogenrath | Ensemble CAPPELLA VOCALE Trier (Leitung: Dekanatskantor Burkhard P\u00fctz) | Gregorianischer Choral | William Byrd: Mass for 4 voices | Beata Virgo | Ave verum\" rel=\"\" target=\"\" href=\"https:\/\/burkhard-puetz.de\/wp-content\/uploads\/2024\/08\/DSC_0260.jpg\"> <div class=\"pb-overlay\" style=\"\"> <div class=\"pb-caption-bottom\"> <span class=\"pb-description pb-caption-left\" style=\"\">18. K\u00f6lner Internationale Liturgische Tagung: Herzogenrath 30.03.17 | Pontifikalamt in St. Marien, Herzogenrath | Ensemble CAPPELLA VOCALE Trier (Leitung: Dekanatskantor Burkhard P\u00fctz) | Gregorianischer Choral | William Byrd: Mass for 4 voices | Beata Virgo | Ave verum<\/span> <\/div> <\/div> <\/a> <\/div> <div class=\"pb-block with-text with-social-or-text pb-landscape pb-width pb-type-image \" style=\"\" data-colspan=\"1\" data-rowspan=\"1\" data-col=\"0\" data-row=\"10\" data-valign=\"center\" data-halign=\"center\" data-type=\"image\" data-ratio=\"1.505\"> <img decoding=\"async\" class=\"pb-image skip-lazy \" src=\"data:image\/png;base64,iVBORw0KGgoAAAANSUhEUgAAAAEAAAABCAYAAAAfFcSJAAAADUlEQVR42mNkYPhfDwAChwGA60e6kgAAAABJRU5ErkJggg==\" data-pb-source=\"https:\/\/burkhardpuetz-i6psyu9my.live-website.com\/wp-content\/uploads\/2024\/08\/DSC_0261.jpg\" alt=\"18. K\u00f6lner Internationale Liturgische Tagung: Herzogenrath 30.03.17 | Pontifikalamt in St. Marien, Herzogenrath | Ensemble CAPPELLA VOCALE Trier (Leitung: Dekanatskantor Burkhard P\u00fctz) | Gregorianischer Choral | William Byrd: Mass for 4 voices | Beata Virgo | Ave verum\"> <noscript><img decoding=\"async\" src=\"https:\/\/burkhardpuetz-i6psyu9my.live-website.com\/wp-content\/uploads\/2024\/08\/DSC_0261.jpg\" alt=\"18. K\u00f6lner Internationale Liturgische Tagung: Herzogenrath 30.03.17 | Pontifikalamt in St. Marien, Herzogenrath | Ensemble CAPPELLA VOCALE Trier (Leitung: Dekanatskantor Burkhard P\u00fctz) | Gregorianischer Choral | William Byrd: Mass for 4 voices | Beata Virgo | Ave verum\"><\/noscript> <a class=\"pb-link \" data-magnific=\"gallery-13\" data-caption=\"18. K\u00f6lner Internationale Liturgische Tagung: Herzogenrath 30.03.17 | Pontifikalamt in St. Marien, Herzogenrath | Ensemble CAPPELLA VOCALE Trier (Leitung: Dekanatskantor Burkhard P\u00fctz) | Gregorianischer Choral | William Byrd: Mass for 4 voices | Beata Virgo | Ave verum\" rel=\"\" target=\"\" href=\"https:\/\/burkhard-puetz.de\/wp-content\/uploads\/2024\/08\/DSC_0261.jpg\"> <div class=\"pb-overlay\" style=\"\"> <div class=\"pb-caption-bottom\"> <span class=\"pb-description pb-caption-left\" style=\"\">18. K\u00f6lner Internationale Liturgische Tagung: Herzogenrath 30.03.17 | Pontifikalamt in St. Marien, Herzogenrath | Ensemble CAPPELLA VOCALE Trier (Leitung: Dekanatskantor Burkhard P\u00fctz) | Gregorianischer Choral | William Byrd: Mass for 4 voices | Beata Virgo | Ave verum<\/span> <\/div> <\/div> <\/a> <\/div> <div class=\"pb-block with-text with-social-or-text pb-landscape pb-width pb-type-image \" style=\"\" data-colspan=\"1\" data-rowspan=\"1\" data-col=\"1\" data-row=\"10\" data-valign=\"center\" data-halign=\"center\" data-type=\"image\" data-ratio=\"1.498753117207\"> <img decoding=\"async\" class=\"pb-image skip-lazy \" src=\"data:image\/png;base64,iVBORw0KGgoAAAANSUhEUgAAAAEAAAABCAYAAAAfFcSJAAAADUlEQVR42mNkYPhfDwAChwGA60e6kgAAAABJRU5ErkJggg==\" data-pb-source=\"https:\/\/burkhardpuetz-i6psyu9my.live-website.com\/wp-content\/uploads\/2024\/08\/DSC_0262.jpg\" alt=\"18. K\u00f6lner Internationale Liturgische Tagung: Herzogenrath 30.03.17 | Pontifikalamt in St. Marien, Herzogenrath | Ensemble CAPPELLA VOCALE Trier (Leitung: Dekanatskantor Burkhard P\u00fctz) | Gregorianischer Choral | William Byrd: Mass for 4 voices | Beata Virgo | Ave verum\"> <noscript><img decoding=\"async\" src=\"https:\/\/burkhardpuetz-i6psyu9my.live-website.com\/wp-content\/uploads\/2024\/08\/DSC_0262.jpg\" alt=\"18. K\u00f6lner Internationale Liturgische Tagung: Herzogenrath 30.03.17 | Pontifikalamt in St. Marien, Herzogenrath | Ensemble CAPPELLA VOCALE Trier (Leitung: Dekanatskantor Burkhard P\u00fctz) | Gregorianischer Choral | William Byrd: Mass for 4 voices | Beata Virgo | Ave verum\"><\/noscript> <a class=\"pb-link \" data-magnific=\"gallery-13\" data-caption=\"18. K\u00f6lner Internationale Liturgische Tagung: Herzogenrath 30.03.17 | Pontifikalamt in St. Marien, Herzogenrath | Ensemble CAPPELLA VOCALE Trier (Leitung: Dekanatskantor Burkhard P\u00fctz) | Gregorianischer Choral | William Byrd: Mass for 4 voices | Beata Virgo | Ave verum\" rel=\"\" target=\"\" href=\"https:\/\/burkhard-puetz.de\/wp-content\/uploads\/2024\/08\/DSC_0262.jpg\"> <div class=\"pb-overlay\" style=\"\"> <div class=\"pb-caption-bottom\"> <span class=\"pb-description pb-caption-left\" style=\"\">18. K\u00f6lner Internationale Liturgische Tagung: Herzogenrath 30.03.17 | Pontifikalamt in St. Marien, Herzogenrath | Ensemble CAPPELLA VOCALE Trier (Leitung: Dekanatskantor Burkhard P\u00fctz) | Gregorianischer Choral | William Byrd: Mass for 4 voices | Beata Virgo | Ave verum<\/span> <\/div> <\/div> <\/a> <\/div> <div class=\"pb-block with-text with-social-or-text pb-landscape pb-width pb-type-image \" style=\"\" data-colspan=\"1\" data-rowspan=\"1\" data-col=\"2\" data-row=\"10\" data-valign=\"center\" data-halign=\"center\" data-type=\"image\" data-ratio=\"1.505\"> <img decoding=\"async\" class=\"pb-image skip-lazy \" src=\"data:image\/png;base64,iVBORw0KGgoAAAANSUhEUgAAAAEAAAABCAYAAAAfFcSJAAAADUlEQVR42mNkYPhfDwAChwGA60e6kgAAAABJRU5ErkJggg==\" data-pb-source=\"https:\/\/burkhardpuetz-i6psyu9my.live-website.com\/wp-content\/uploads\/2024\/08\/DSC_0264.jpg\" alt=\"18. K\u00f6lner Internationale Liturgische Tagung: Herzogenrath 30.03.17 | Pontifikalamt in St. Marien, Herzogenrath | Ensemble CAPPELLA VOCALE Trier (Leitung: Dekanatskantor Burkhard P\u00fctz) | Gregorianischer Choral | William Byrd: Mass for 4 voices | Beata Virgo | Ave verum\"> <noscript><img decoding=\"async\" src=\"https:\/\/burkhardpuetz-i6psyu9my.live-website.com\/wp-content\/uploads\/2024\/08\/DSC_0264.jpg\" alt=\"18. K\u00f6lner Internationale Liturgische Tagung: Herzogenrath 30.03.17 | Pontifikalamt in St. Marien, Herzogenrath | Ensemble CAPPELLA VOCALE Trier (Leitung: Dekanatskantor Burkhard P\u00fctz) | Gregorianischer Choral | William Byrd: Mass for 4 voices | Beata Virgo | Ave verum\"><\/noscript> <a class=\"pb-link \" data-magnific=\"gallery-13\" data-caption=\"18. K\u00f6lner Internationale Liturgische Tagung: Herzogenrath 30.03.17 | Pontifikalamt in St. Marien, Herzogenrath | Ensemble CAPPELLA VOCALE Trier (Leitung: Dekanatskantor Burkhard P\u00fctz) | Gregorianischer Choral | William Byrd: Mass for 4 voices | Beata Virgo | Ave verum\" rel=\"\" target=\"\" href=\"https:\/\/burkhard-puetz.de\/wp-content\/uploads\/2024\/08\/DSC_0264.jpg\"> <div class=\"pb-overlay\" style=\"\"> <div class=\"pb-caption-bottom\"> <span class=\"pb-description pb-caption-left\" style=\"\">18. K\u00f6lner Internationale Liturgische Tagung: Herzogenrath 30.03.17 | Pontifikalamt in St. Marien, Herzogenrath | Ensemble CAPPELLA VOCALE Trier (Leitung: Dekanatskantor Burkhard P\u00fctz) | Gregorianischer Choral | William Byrd: Mass for 4 voices | Beata Virgo | Ave verum<\/span> <\/div> <\/div> <\/a> <\/div> <div class=\"pb-block with-text with-social-or-text pb-landscape pb-width pb-type-image \" style=\"\" data-colspan=\"1\" data-rowspan=\"1\" data-col=\"3\" data-row=\"10\" data-valign=\"center\" data-halign=\"center\" data-type=\"image\" data-ratio=\"1.505\"> <img decoding=\"async\" class=\"pb-image skip-lazy \" src=\"data:image\/png;base64,iVBORw0KGgoAAAANSUhEUgAAAAEAAAABCAYAAAAfFcSJAAAADUlEQVR42mNkYPhfDwAChwGA60e6kgAAAABJRU5ErkJggg==\" data-pb-source=\"https:\/\/burkhardpuetz-i6psyu9my.live-website.com\/wp-content\/uploads\/2024\/08\/DSC_0265.jpg\" alt=\"18. K\u00f6lner Internationale Liturgische Tagung: Herzogenrath 30.03.17 | Pontifikalamt in St. Marien, Herzogenrath | Ensemble CAPPELLA VOCALE Trier (Leitung: Dekanatskantor Burkhard P\u00fctz) | Gregorianischer Choral | William Byrd: Mass for 4 voices | Beata Virgo | Ave verum\"> <noscript><img decoding=\"async\" src=\"https:\/\/burkhardpuetz-i6psyu9my.live-website.com\/wp-content\/uploads\/2024\/08\/DSC_0265.jpg\" alt=\"18. K\u00f6lner Internationale Liturgische Tagung: Herzogenrath 30.03.17 | Pontifikalamt in St. Marien, Herzogenrath | Ensemble CAPPELLA VOCALE Trier (Leitung: Dekanatskantor Burkhard P\u00fctz) | Gregorianischer Choral | William Byrd: Mass for 4 voices | Beata Virgo | Ave verum\"><\/noscript> <a class=\"pb-link \" data-magnific=\"gallery-13\" data-caption=\"18. K\u00f6lner Internationale Liturgische Tagung: Herzogenrath 30.03.17 | Pontifikalamt in St. Marien, Herzogenrath | Ensemble CAPPELLA VOCALE Trier (Leitung: Dekanatskantor Burkhard P\u00fctz) | Gregorianischer Choral | William Byrd: Mass for 4 voices | Beata Virgo | Ave verum\" rel=\"\" target=\"\" href=\"https:\/\/burkhard-puetz.de\/wp-content\/uploads\/2024\/08\/DSC_0265.jpg\"> <div class=\"pb-overlay\" style=\"\"> <div class=\"pb-caption-bottom\"> <span class=\"pb-description pb-caption-left\" style=\"\">18. K\u00f6lner Internationale Liturgische Tagung: Herzogenrath 30.03.17 | Pontifikalamt in St. Marien, Herzogenrath | Ensemble CAPPELLA VOCALE Trier (Leitung: Dekanatskantor Burkhard P\u00fctz) | Gregorianischer Choral | William Byrd: Mass for 4 voices | Beata Virgo | Ave verum<\/span> <\/div> <\/div> <\/a> <\/div> <div class=\"pb-block with-text with-social-or-text pb-landscape pb-width pb-type-image \" style=\"\" data-colspan=\"1\" data-rowspan=\"1\" data-col=\"0\" data-row=\"11\" data-valign=\"center\" data-halign=\"center\" data-type=\"image\" data-ratio=\"1.505\"> <img decoding=\"async\" class=\"pb-image skip-lazy \" src=\"data:image\/png;base64,iVBORw0KGgoAAAANSUhEUgAAAAEAAAABCAYAAAAfFcSJAAAADUlEQVR42mNkYPhfDwAChwGA60e6kgAAAABJRU5ErkJggg==\" data-pb-source=\"https:\/\/burkhardpuetz-i6psyu9my.live-website.com\/wp-content\/uploads\/2024\/08\/DSC_0267.jpg\" alt=\"18. K\u00f6lner Internationale Liturgische Tagung: Herzogenrath 30.03.17 | Pontifikalamt in St. Marien, Herzogenrath | Ensemble CAPPELLA VOCALE Trier (Leitung: Dekanatskantor Burkhard P\u00fctz) | Gregorianischer Choral | William Byrd: Mass for 4 voices | Beata Virgo | Ave verum\"> <noscript><img decoding=\"async\" src=\"https:\/\/burkhardpuetz-i6psyu9my.live-website.com\/wp-content\/uploads\/2024\/08\/DSC_0267.jpg\" alt=\"18. K\u00f6lner Internationale Liturgische Tagung: Herzogenrath 30.03.17 | Pontifikalamt in St. Marien, Herzogenrath | Ensemble CAPPELLA VOCALE Trier (Leitung: Dekanatskantor Burkhard P\u00fctz) | Gregorianischer Choral | William Byrd: Mass for 4 voices | Beata Virgo | Ave verum\"><\/noscript> <a class=\"pb-link \" data-magnific=\"gallery-13\" data-caption=\"18. K\u00f6lner Internationale Liturgische Tagung: Herzogenrath 30.03.17 | Pontifikalamt in St. Marien, Herzogenrath | Ensemble CAPPELLA VOCALE Trier (Leitung: Dekanatskantor Burkhard P\u00fctz) | Gregorianischer Choral | William Byrd: Mass for 4 voices | Beata Virgo | Ave verum\" rel=\"\" target=\"\" href=\"https:\/\/burkhard-puetz.de\/wp-content\/uploads\/2024\/08\/DSC_0267.jpg\"> <div class=\"pb-overlay\" style=\"\"> <div class=\"pb-caption-bottom\"> <span class=\"pb-description pb-caption-left\" style=\"\">18. K\u00f6lner Internationale Liturgische Tagung: Herzogenrath 30.03.17 | Pontifikalamt in St. Marien, Herzogenrath | Ensemble CAPPELLA VOCALE Trier (Leitung: Dekanatskantor Burkhard P\u00fctz) | Gregorianischer Choral | William Byrd: Mass for 4 voices | Beata Virgo | Ave verum<\/span> <\/div> <\/div> <\/a> <\/div> <div class=\"pb-block with-text with-social-or-text pb-landscape pb-width pb-type-image \" style=\"\" data-colspan=\"1\" data-rowspan=\"1\" data-col=\"1\" data-row=\"11\" data-valign=\"center\" data-halign=\"center\" data-type=\"image\" data-ratio=\"1.4054388133498\"> <img decoding=\"async\" class=\"pb-image skip-lazy \" src=\"data:image\/png;base64,iVBORw0KGgoAAAANSUhEUgAAAAEAAAABCAYAAAAfFcSJAAAADUlEQVR42mNkYPhfDwAChwGA60e6kgAAAABJRU5ErkJggg==\" data-pb-source=\"https:\/\/burkhardpuetz-i6psyu9my.live-website.com\/wp-content\/uploads\/2024\/08\/DSC_0268.jpg\" alt=\"18. K\u00f6lner Internationale Liturgische Tagung: Herzogenrath 30.03.17 | Pontifikalamt in St. Marien, Herzogenrath | Ensemble CAPPELLA VOCALE Trier (Leitung: Dekanatskantor Burkhard P\u00fctz) | Gregorianischer Choral | William Byrd: Mass for 4 voices | Beata Virgo | Ave verum\"> <noscript><img decoding=\"async\" src=\"https:\/\/burkhardpuetz-i6psyu9my.live-website.com\/wp-content\/uploads\/2024\/08\/DSC_0268.jpg\" alt=\"18. K\u00f6lner Internationale Liturgische Tagung: Herzogenrath 30.03.17 | Pontifikalamt in St. Marien, Herzogenrath | Ensemble CAPPELLA VOCALE Trier (Leitung: Dekanatskantor Burkhard P\u00fctz) | Gregorianischer Choral | William Byrd: Mass for 4 voices | Beata Virgo | Ave verum\"><\/noscript> <a class=\"pb-link \" data-magnific=\"gallery-13\" data-caption=\"18. K\u00f6lner Internationale Liturgische Tagung: Herzogenrath 30.03.17 | Pontifikalamt in St. Marien, Herzogenrath | Ensemble CAPPELLA VOCALE Trier (Leitung: Dekanatskantor Burkhard P\u00fctz) | Gregorianischer Choral | William Byrd: Mass for 4 voices | Beata Virgo | Ave verum\" rel=\"\" target=\"\" href=\"https:\/\/burkhard-puetz.de\/wp-content\/uploads\/2024\/08\/DSC_0268.jpg\"> <div class=\"pb-overlay\" style=\"\"> <div class=\"pb-caption-bottom\"> <span class=\"pb-description pb-caption-left\" style=\"\">18. K\u00f6lner Internationale Liturgische Tagung: Herzogenrath 30.03.17 | Pontifikalamt in St. Marien, Herzogenrath | Ensemble CAPPELLA VOCALE Trier (Leitung: Dekanatskantor Burkhard P\u00fctz) | Gregorianischer Choral | William Byrd: Mass for 4 voices | Beata Virgo | Ave verum<\/span> <\/div> <\/div> <\/a> <\/div> <div class=\"pb-block with-text with-social-or-text pb-landscape pb-width pb-type-image \" style=\"\" data-colspan=\"1\" data-rowspan=\"1\" data-col=\"2\" data-row=\"11\" data-valign=\"center\" data-halign=\"center\" data-type=\"image\" data-ratio=\"1.4244694132335\"> <img decoding=\"async\" class=\"pb-image skip-lazy \" src=\"data:image\/png;base64,iVBORw0KGgoAAAANSUhEUgAAAAEAAAABCAYAAAAfFcSJAAAADUlEQVR42mNkYPhfDwAChwGA60e6kgAAAABJRU5ErkJggg==\" data-pb-source=\"https:\/\/burkhardpuetz-i6psyu9my.live-website.com\/wp-content\/uploads\/2024\/08\/DSC_0269.jpg\" alt=\"18. K\u00f6lner Internationale Liturgische Tagung: Herzogenrath 30.03.17 | Pontifikalamt in St. Marien, Herzogenrath | Ensemble CAPPELLA VOCALE Trier (Leitung: Dekanatskantor Burkhard P\u00fctz) | Dr. Michael Tunger, Orgel | Gregorianischer Choral | William Byrd: Mass for 4 voices | Beata Virgo | Ave verum\"> <noscript><img decoding=\"async\" src=\"https:\/\/burkhardpuetz-i6psyu9my.live-website.com\/wp-content\/uploads\/2024\/08\/DSC_0269.jpg\" alt=\"18. K\u00f6lner Internationale Liturgische Tagung: Herzogenrath 30.03.17 | Pontifikalamt in St. Marien, Herzogenrath | Ensemble CAPPELLA VOCALE Trier (Leitung: Dekanatskantor Burkhard P\u00fctz) | Dr. Michael Tunger, Orgel | Gregorianischer Choral | William Byrd: Mass for 4 voices | Beata Virgo | Ave verum\"><\/noscript> <a class=\"pb-link \" data-magnific=\"gallery-13\" data-caption=\"18. K\u00f6lner Internationale Liturgische Tagung: Herzogenrath 30.03.17 | Pontifikalamt in St. Marien, Herzogenrath | Ensemble CAPPELLA VOCALE Trier (Leitung: Dekanatskantor Burkhard P\u00fctz) | Dr. Michael Tunger, Orgel | Gregorianischer Choral | William Byrd: Mass for 4 voices | Beata Virgo | Ave verum\" rel=\"\" target=\"\" href=\"https:\/\/burkhard-puetz.de\/wp-content\/uploads\/2024\/08\/DSC_0269.jpg\"> <div class=\"pb-overlay\" style=\"\"> <div class=\"pb-caption-bottom\"> <span class=\"pb-description pb-caption-left\" style=\"\">18. K\u00f6lner Internationale Liturgische Tagung: Herzogenrath 30.03.17 | Pontifikalamt in St. Marien, Herzogenrath | Ensemble CAPPELLA VOCALE Trier (Leitung: Dekanatskantor Burkhard P\u00fctz) | Dr. Michael Tunger, Orgel | Gregorianischer Choral | William Byrd: Mass for 4 voices | Beata Virgo | Ave verum<\/span> <\/div> <\/div> <\/a> <\/div> <div class=\"pb-block with-text with-social-or-text pb-landscape pb-width pb-type-image \" style=\"\" data-colspan=\"1\" data-rowspan=\"1\" data-col=\"3\" data-row=\"11\" data-valign=\"center\" data-halign=\"center\" data-type=\"image\" data-ratio=\"1.505\"> <img decoding=\"async\" class=\"pb-image skip-lazy \" src=\"data:image\/png;base64,iVBORw0KGgoAAAANSUhEUgAAAAEAAAABCAYAAAAfFcSJAAAADUlEQVR42mNkYPhfDwAChwGA60e6kgAAAABJRU5ErkJggg==\" data-pb-source=\"https:\/\/burkhardpuetz-i6psyu9my.live-website.com\/wp-content\/uploads\/2024\/08\/DSC_0270.jpg\" alt=\"18. K\u00f6lner Internationale Liturgische Tagung: Herzogenrath 30.03.17 | Pontifikalamt in St. Marien, Herzogenrath | Ensemble CAPPELLA VOCALE Trier (Leitung: Dekanatskantor Burkhard P\u00fctz) | Gregorianischer Choral | William Byrd: Mass for 4 voices | Beata Virgo | Ave verum\"> <noscript><img decoding=\"async\" src=\"https:\/\/burkhardpuetz-i6psyu9my.live-website.com\/wp-content\/uploads\/2024\/08\/DSC_0270.jpg\" alt=\"18. K\u00f6lner Internationale Liturgische Tagung: Herzogenrath 30.03.17 | Pontifikalamt in St. Marien, Herzogenrath | Ensemble CAPPELLA VOCALE Trier (Leitung: Dekanatskantor Burkhard P\u00fctz) | Gregorianischer Choral | William Byrd: Mass for 4 voices | Beata Virgo | Ave verum\"><\/noscript> <a class=\"pb-link \" data-magnific=\"gallery-13\" data-caption=\"18. K\u00f6lner Internationale Liturgische Tagung: Herzogenrath 30.03.17 | Pontifikalamt in St. Marien, Herzogenrath | Ensemble CAPPELLA VOCALE Trier (Leitung: Dekanatskantor Burkhard P\u00fctz) | Gregorianischer Choral | William Byrd: Mass for 4 voices | Beata Virgo | Ave verum\" rel=\"\" target=\"\" href=\"https:\/\/burkhard-puetz.de\/wp-content\/uploads\/2024\/08\/DSC_0270.jpg\"> <div class=\"pb-overlay\" style=\"\"> <div class=\"pb-caption-bottom\"> <span class=\"pb-description pb-caption-left\" style=\"\">18. K\u00f6lner Internationale Liturgische Tagung: Herzogenrath 30.03.17 | Pontifikalamt in St. Marien, Herzogenrath | Ensemble CAPPELLA VOCALE Trier (Leitung: Dekanatskantor Burkhard P\u00fctz) | Gregorianischer Choral | William Byrd: Mass for 4 voices | Beata Virgo | Ave verum<\/span> <\/div> <\/div> <\/a> <\/div> <div class=\"pb-block with-text with-social-or-text pb-landscape pb-width pb-type-image \" style=\"\" data-colspan=\"1\" data-rowspan=\"1\" data-col=\"0\" data-row=\"12\" data-valign=\"center\" data-halign=\"center\" data-type=\"image\" data-ratio=\"1.4360812425329\"> <img decoding=\"async\" class=\"pb-image skip-lazy \" src=\"data:image\/png;base64,iVBORw0KGgoAAAANSUhEUgAAAAEAAAABCAYAAAAfFcSJAAAADUlEQVR42mNkYPhfDwAChwGA60e6kgAAAABJRU5ErkJggg==\" data-pb-source=\"https:\/\/burkhardpuetz-i6psyu9my.live-website.com\/wp-content\/uploads\/2024\/08\/DSC_0282.jpg\" alt=\"18. K\u00f6lner Internationale Liturgische Tagung: Herzogenrath 30.03.17 | Nach dem Pontifikalamt in St. Marien, Herzogenrath: Ensemble CAPPELLA VOCALE Trier mit Bischof Steven Lopes, Houston\/Texas USA\"> <noscript><img decoding=\"async\" src=\"https:\/\/burkhardpuetz-i6psyu9my.live-website.com\/wp-content\/uploads\/2024\/08\/DSC_0282.jpg\" alt=\"18. K\u00f6lner Internationale Liturgische Tagung: Herzogenrath 30.03.17 | Nach dem Pontifikalamt in St. Marien, Herzogenrath: Ensemble CAPPELLA VOCALE Trier mit Bischof Steven Lopes, Houston\/Texas USA\"><\/noscript> <a class=\"pb-link \" data-magnific=\"gallery-13\" data-caption=\"18. K\u00f6lner Internationale Liturgische Tagung: Herzogenrath 30.03.17 | Nach dem Pontifikalamt in St. Marien, Herzogenrath: Ensemble CAPPELLA VOCALE Trier mit Bischof Steven Lopes, Houston\/Texas USA\" rel=\"\" target=\"\" href=\"https:\/\/burkhard-puetz.de\/wp-content\/uploads\/2024\/08\/DSC_0282.jpg\"> <div class=\"pb-overlay\" style=\"\"> <div class=\"pb-caption-bottom\"> <span class=\"pb-description pb-caption-left\" style=\"\">18. K\u00f6lner Internationale Liturgische Tagung: Herzogenrath 30.03.17 | Nach dem Pontifikalamt in St. Marien, Herzogenrath: Ensemble CAPPELLA VOCALE Trier mit Bischof Steven Lopes, Houston\/Texas USA<\/span> <\/div> <\/div> <\/a> <\/div> <div class=\"pb-block with-text with-social-or-text pb-landscape pb-width pb-type-image \" style=\"\" data-colspan=\"1\" data-rowspan=\"1\" data-col=\"1\" data-row=\"12\" data-valign=\"center\" data-halign=\"center\" data-type=\"image\" data-ratio=\"1.8141993957704\"> <img decoding=\"async\" class=\"pb-image skip-lazy \" src=\"data:image\/png;base64,iVBORw0KGgoAAAANSUhEUgAAAAEAAAABCAYAAAAfFcSJAAAADUlEQVR42mNkYPhfDwAChwGA60e6kgAAAABJRU5ErkJggg==\" data-pb-source=\"https:\/\/burkhardpuetz-i6psyu9my.live-website.com\/wp-content\/uploads\/2024\/08\/DSC_0282a.jpg\" alt=\"18. K\u00f6lner Internationale Liturgische Tagung: Herzogenrath 30.03.17 | Nach dem Pontifikalamt in St. Marien, Herzogenrath: Ensemble CAPPELLA VOCALE Trier mit Bischof Steven Lopes, Houston\/Texas USA\"> <noscript><img decoding=\"async\" src=\"https:\/\/burkhardpuetz-i6psyu9my.live-website.com\/wp-content\/uploads\/2024\/08\/DSC_0282a.jpg\" alt=\"18. K\u00f6lner Internationale Liturgische Tagung: Herzogenrath 30.03.17 | Nach dem Pontifikalamt in St. Marien, Herzogenrath: Ensemble CAPPELLA VOCALE Trier mit Bischof Steven Lopes, Houston\/Texas USA\"><\/noscript> <a class=\"pb-link \" data-magnific=\"gallery-13\" data-caption=\"18. K\u00f6lner Internationale Liturgische Tagung: Herzogenrath 30.03.17 | Nach dem Pontifikalamt in St. Marien, Herzogenrath: Ensemble CAPPELLA VOCALE Trier mit Bischof Steven Lopes, Houston\/Texas USA\" rel=\"\" target=\"\" href=\"https:\/\/burkhard-puetz.de\/wp-content\/uploads\/2024\/08\/DSC_0282a.jpg\"> <div class=\"pb-overlay\" style=\"\"> <div class=\"pb-caption-bottom\"> <span class=\"pb-description pb-caption-left\" style=\"\">18. K\u00f6lner Internationale Liturgische Tagung: Herzogenrath 30.03.17 | Nach dem Pontifikalamt in St. Marien, Herzogenrath: Ensemble CAPPELLA VOCALE Trier mit Bischof Steven Lopes, Houston\/Texas USA<\/span> <\/div> <\/div> <\/a> <\/div> <div class=\"pb-block with-text with-social-or-text pb-landscape pb-width pb-type-image \" style=\"\" data-colspan=\"1\" data-rowspan=\"1\" data-col=\"2\" data-row=\"12\" data-valign=\"center\" data-halign=\"center\" data-type=\"image\" data-ratio=\"1.5006915629322\"> <img decoding=\"async\" class=\"pb-image skip-lazy \" src=\"data:image\/png;base64,iVBORw0KGgoAAAANSUhEUgAAAAEAAAABCAYAAAAfFcSJAAAADUlEQVR42mNkYPhfDwAChwGA60e6kgAAAABJRU5ErkJggg==\" data-pb-source=\"https:\/\/burkhardpuetz-i6psyu9my.live-website.com\/wp-content\/uploads\/2024\/08\/DSC_0289.jpg\" alt=\"18. K\u00f6lner Internationale Liturgische Tagung: Herzogenrath 30.03.17 | Ensemble CAPPELLA VOCALE Trier nach dem Pontifikalamt in St. Marien, Herzogenrath\"> <noscript><img decoding=\"async\" src=\"https:\/\/burkhardpuetz-i6psyu9my.live-website.com\/wp-content\/uploads\/2024\/08\/DSC_0289.jpg\" alt=\"18. K\u00f6lner Internationale Liturgische Tagung: Herzogenrath 30.03.17 | Ensemble CAPPELLA VOCALE Trier nach dem Pontifikalamt in St. Marien, Herzogenrath\"><\/noscript> <a class=\"pb-link \" data-magnific=\"gallery-13\" data-caption=\"18. K\u00f6lner Internationale Liturgische Tagung: Herzogenrath 30.03.17 | Ensemble CAPPELLA VOCALE Trier nach dem Pontifikalamt in St. Marien, Herzogenrath\" rel=\"\" target=\"\" href=\"https:\/\/burkhard-puetz.de\/wp-content\/uploads\/2024\/08\/DSC_0289.jpg\"> <div class=\"pb-overlay\" style=\"\"> <div class=\"pb-caption-bottom\"> <span class=\"pb-description pb-caption-left\" style=\"\">18. K\u00f6lner Internationale Liturgische Tagung: Herzogenrath 30.03.17 | Ensemble CAPPELLA VOCALE Trier nach dem Pontifikalamt in St. Marien, Herzogenrath<\/span> <\/div> <\/div> <\/a> <\/div> <div class=\"pb-block with-text with-social-or-text pb-landscape pb-width pb-type-image \" style=\"\" data-colspan=\"1\" data-rowspan=\"1\" data-col=\"3\" data-row=\"12\" data-valign=\"center\" data-halign=\"center\" data-type=\"image\" data-ratio=\"1.505\"> <img decoding=\"async\" class=\"pb-image skip-lazy \" src=\"data:image\/png;base64,iVBORw0KGgoAAAANSUhEUgAAAAEAAAABCAYAAAAfFcSJAAAADUlEQVR42mNkYPhfDwAChwGA60e6kgAAAABJRU5ErkJggg==\" data-pb-source=\"https:\/\/burkhardpuetz-i6psyu9my.live-website.com\/wp-content\/uploads\/2024\/08\/DSC_0271.jpg\" alt=\"18. K\u00f6lner Internationale Liturgische Tagung: Herzogenrath 30.03.17 | Ensemble CAPPELLA VOCALE Trier nach dem Pontifikalamt in St. Marien, Herzogenrath\"> <noscript><img decoding=\"async\" src=\"https:\/\/burkhardpuetz-i6psyu9my.live-website.com\/wp-content\/uploads\/2024\/08\/DSC_0271.jpg\" alt=\"18. K\u00f6lner Internationale Liturgische Tagung: Herzogenrath 30.03.17 | Ensemble CAPPELLA VOCALE Trier nach dem Pontifikalamt in St. Marien, Herzogenrath\"><\/noscript> <a class=\"pb-link \" data-magnific=\"gallery-13\" data-caption=\"18. K\u00f6lner Internationale Liturgische Tagung: Herzogenrath 30.03.17 | Ensemble CAPPELLA VOCALE Trier nach dem Pontifikalamt in St. Marien, Herzogenrath\" rel=\"\" target=\"\" href=\"https:\/\/burkhard-puetz.de\/wp-content\/uploads\/2024\/08\/DSC_0271.jpg\"> <div class=\"pb-overlay\" style=\"\"> <div class=\"pb-caption-bottom\"> <span class=\"pb-description pb-caption-left\" style=\"\">18. K\u00f6lner Internationale Liturgische Tagung: Herzogenrath 30.03.17 | Ensemble CAPPELLA VOCALE Trier nach dem Pontifikalamt in St. Marien, Herzogenrath<\/span> <\/div> <\/div> <\/a> <\/div> <div class=\"pb-block with-text with-social-or-text pb-landscape pb-width pb-type-image \" style=\"\" data-colspan=\"1\" data-rowspan=\"1\" data-col=\"0\" data-row=\"13\" data-valign=\"center\" data-halign=\"center\" data-type=\"image\" data-ratio=\"1.505\"> <img decoding=\"async\" class=\"pb-image skip-lazy \" src=\"data:image\/png;base64,iVBORw0KGgoAAAANSUhEUgAAAAEAAAABCAYAAAAfFcSJAAAADUlEQVR42mNkYPhfDwAChwGA60e6kgAAAABJRU5ErkJggg==\" data-pb-source=\"https:\/\/burkhardpuetz-i6psyu9my.live-website.com\/wp-content\/uploads\/2024\/08\/DSC_0274.jpg\" alt=\"18. K\u00f6lner Internationale Liturgische Tagung: Herzogenrath 30.03.17 | Ensemble CAPPELLA VOCALE Trier nach dem Pontifikalamt in St. Marien, Herzogenrath\"> <noscript><img decoding=\"async\" src=\"https:\/\/burkhardpuetz-i6psyu9my.live-website.com\/wp-content\/uploads\/2024\/08\/DSC_0274.jpg\" alt=\"18. K\u00f6lner Internationale Liturgische Tagung: Herzogenrath 30.03.17 | Ensemble CAPPELLA VOCALE Trier nach dem Pontifikalamt in St. Marien, Herzogenrath\"><\/noscript> <a class=\"pb-link \" data-magnific=\"gallery-13\" data-caption=\"18. K\u00f6lner Internationale Liturgische Tagung: Herzogenrath 30.03.17 | Ensemble CAPPELLA VOCALE Trier nach dem Pontifikalamt in St. Marien, Herzogenrath\" rel=\"\" target=\"\" href=\"https:\/\/burkhard-puetz.de\/wp-content\/uploads\/2024\/08\/DSC_0274.jpg\"> <div class=\"pb-overlay\" style=\"\"> <div class=\"pb-caption-bottom\"> <span class=\"pb-description pb-caption-left\" style=\"\">18. K\u00f6lner Internationale Liturgische Tagung: Herzogenrath 30.03.17 | Ensemble CAPPELLA VOCALE Trier nach dem Pontifikalamt in St. Marien, Herzogenrath<\/span> <\/div> <\/div> <\/a> <\/div> <div class=\"pb-block with-text with-social-or-text pb-landscape pb-width pb-type-image \" style=\"\" data-colspan=\"1\" data-rowspan=\"1\" data-col=\"1\" data-row=\"13\" data-valign=\"center\" data-halign=\"center\" data-type=\"image\" data-ratio=\"1.505\"> <img decoding=\"async\" class=\"pb-image skip-lazy \" src=\"data:image\/png;base64,iVBORw0KGgoAAAANSUhEUgAAAAEAAAABCAYAAAAfFcSJAAAADUlEQVR42mNkYPhfDwAChwGA60e6kgAAAABJRU5ErkJggg==\" data-pb-source=\"https:\/\/burkhardpuetz-i6psyu9my.live-website.com\/wp-content\/uploads\/2024\/08\/DSC_0275.jpg\" alt=\"18. K\u00f6lner Internationale Liturgische Tagung: Herzogenrath 30.03.17 | Ensemble CAPPELLA VOCALE Trier nach dem Pontifikalamt in St. Marien, Herzogenrath\"> <noscript><img decoding=\"async\" src=\"https:\/\/burkhardpuetz-i6psyu9my.live-website.com\/wp-content\/uploads\/2024\/08\/DSC_0275.jpg\" alt=\"18. K\u00f6lner Internationale Liturgische Tagung: Herzogenrath 30.03.17 | Ensemble CAPPELLA VOCALE Trier nach dem Pontifikalamt in St. Marien, Herzogenrath\"><\/noscript> <a class=\"pb-link \" data-magnific=\"gallery-13\" data-caption=\"18. K\u00f6lner Internationale Liturgische Tagung: Herzogenrath 30.03.17 | Ensemble CAPPELLA VOCALE Trier nach dem Pontifikalamt in St. Marien, Herzogenrath\" rel=\"\" target=\"\" href=\"https:\/\/burkhard-puetz.de\/wp-content\/uploads\/2024\/08\/DSC_0275.jpg\"> <div class=\"pb-overlay\" style=\"\"> <div class=\"pb-caption-bottom\"> <span class=\"pb-description pb-caption-left\" style=\"\">18. K\u00f6lner Internationale Liturgische Tagung: Herzogenrath 30.03.17 | Ensemble CAPPELLA VOCALE Trier nach dem Pontifikalamt in St. Marien, Herzogenrath<\/span> <\/div> <\/div> <\/a> <\/div> <div class=\"pb-block with-text with-social-or-text pb-landscape pb-width pb-type-image \" style=\"\" data-colspan=\"1\" data-rowspan=\"1\" data-col=\"2\" data-row=\"13\" data-valign=\"center\" data-halign=\"center\" data-type=\"image\" data-ratio=\"1.505\"> <img decoding=\"async\" class=\"pb-image skip-lazy \" src=\"data:image\/png;base64,iVBORw0KGgoAAAANSUhEUgAAAAEAAAABCAYAAAAfFcSJAAAADUlEQVR42mNkYPhfDwAChwGA60e6kgAAAABJRU5ErkJggg==\" data-pb-source=\"https:\/\/burkhardpuetz-i6psyu9my.live-website.com\/wp-content\/uploads\/2024\/08\/DSC_0276.jpg\" alt=\"18. K\u00f6lner Internationale Liturgische Tagung: Herzogenrath 30.03.17 | Ensemble CAPPELLA VOCALE Trier nach dem Pontifikalamt in St. Marien, Herzogenrath\"> <noscript><img decoding=\"async\" src=\"https:\/\/burkhardpuetz-i6psyu9my.live-website.com\/wp-content\/uploads\/2024\/08\/DSC_0276.jpg\" alt=\"18. K\u00f6lner Internationale Liturgische Tagung: Herzogenrath 30.03.17 | Ensemble CAPPELLA VOCALE Trier nach dem Pontifikalamt in St. Marien, Herzogenrath\"><\/noscript> <a class=\"pb-link \" data-magnific=\"gallery-13\" data-caption=\"18. K\u00f6lner Internationale Liturgische Tagung: Herzogenrath 30.03.17 | Ensemble CAPPELLA VOCALE Trier nach dem Pontifikalamt in St. Marien, Herzogenrath\" rel=\"\" target=\"\" href=\"https:\/\/burkhard-puetz.de\/wp-content\/uploads\/2024\/08\/DSC_0276.jpg\"> <div class=\"pb-overlay\" style=\"\"> <div class=\"pb-caption-bottom\"> <span class=\"pb-description pb-caption-left\" style=\"\">18. K\u00f6lner Internationale Liturgische Tagung: Herzogenrath 30.03.17 | Ensemble CAPPELLA VOCALE Trier nach dem Pontifikalamt in St. Marien, Herzogenrath<\/span> <\/div> <\/div> <\/a> <\/div> <div class=\"pb-block with-text with-social-or-text pb-landscape pb-width pb-type-image \" style=\"\" data-colspan=\"1\" data-rowspan=\"1\" data-col=\"3\" data-row=\"13\" data-valign=\"center\" data-halign=\"center\" data-type=\"image\" data-ratio=\"1.505\"> <img decoding=\"async\" class=\"pb-image skip-lazy \" src=\"data:image\/png;base64,iVBORw0KGgoAAAANSUhEUgAAAAEAAAABCAYAAAAfFcSJAAAADUlEQVR42mNkYPhfDwAChwGA60e6kgAAAABJRU5ErkJggg==\" data-pb-source=\"https:\/\/burkhardpuetz-i6psyu9my.live-website.com\/wp-content\/uploads\/2024\/08\/DSC_0277.jpg\" alt=\"18. K\u00f6lner Internationale Liturgische Tagung: Herzogenrath 30.03.17 | Ensemble CAPPELLA VOCALE Trier nach dem Pontifikalamt in St. Marien, Herzogenrath\"> <noscript><img decoding=\"async\" src=\"https:\/\/burkhardpuetz-i6psyu9my.live-website.com\/wp-content\/uploads\/2024\/08\/DSC_0277.jpg\" alt=\"18. K\u00f6lner Internationale Liturgische Tagung: Herzogenrath 30.03.17 | Ensemble CAPPELLA VOCALE Trier nach dem Pontifikalamt in St. Marien, Herzogenrath\"><\/noscript> <a class=\"pb-link \" data-magnific=\"gallery-13\" data-caption=\"18. K\u00f6lner Internationale Liturgische Tagung: Herzogenrath 30.03.17 | Ensemble CAPPELLA VOCALE Trier nach dem Pontifikalamt in St. Marien, Herzogenrath\" rel=\"\" target=\"\" href=\"https:\/\/burkhard-puetz.de\/wp-content\/uploads\/2024\/08\/DSC_0277.jpg\"> <div class=\"pb-overlay\" style=\"\"> <div class=\"pb-caption-bottom\"> <span class=\"pb-description pb-caption-left\" style=\"\">18. K\u00f6lner Internationale Liturgische Tagung: Herzogenrath 30.03.17 | Ensemble CAPPELLA VOCALE Trier nach dem Pontifikalamt in St. Marien, Herzogenrath<\/span> <\/div> <\/div> <\/a> <\/div> <div class=\"pb-block with-text with-social-or-text pb-landscape pb-width pb-type-image \" style=\"\" data-colspan=\"1\" data-rowspan=\"1\" data-col=\"0\" data-row=\"14\" data-valign=\"center\" data-halign=\"center\" data-type=\"image\" data-ratio=\"1.505\"> <img decoding=\"async\" class=\"pb-image skip-lazy \" src=\"data:image\/png;base64,iVBORw0KGgoAAAANSUhEUgAAAAEAAAABCAYAAAAfFcSJAAAADUlEQVR42mNkYPhfDwAChwGA60e6kgAAAABJRU5ErkJggg==\" data-pb-source=\"https:\/\/burkhardpuetz-i6psyu9my.live-website.com\/wp-content\/uploads\/2024\/08\/DSC_0278.jpg\" alt=\"18. K\u00f6lner Internationale Liturgische Tagung: Herzogenrath 30.03.17 | Ensemble CAPPELLA VOCALE Trier nach dem Pontifikalamt in St. Marien, Herzogenrath\"> <noscript><img decoding=\"async\" src=\"https:\/\/burkhardpuetz-i6psyu9my.live-website.com\/wp-content\/uploads\/2024\/08\/DSC_0278.jpg\" alt=\"18. K\u00f6lner Internationale Liturgische Tagung: Herzogenrath 30.03.17 | Ensemble CAPPELLA VOCALE Trier nach dem Pontifikalamt in St. Marien, Herzogenrath\"><\/noscript> <a class=\"pb-link \" data-magnific=\"gallery-13\" data-caption=\"18. K\u00f6lner Internationale Liturgische Tagung: Herzogenrath 30.03.17 | Ensemble CAPPELLA VOCALE Trier nach dem Pontifikalamt in St. Marien, Herzogenrath\" rel=\"\" target=\"\" href=\"https:\/\/burkhard-puetz.de\/wp-content\/uploads\/2024\/08\/DSC_0278.jpg\"> <div class=\"pb-overlay\" style=\"\"> <div class=\"pb-caption-bottom\"> <span class=\"pb-description pb-caption-left\" style=\"\">18. K\u00f6lner Internationale Liturgische Tagung: Herzogenrath 30.03.17 | Ensemble CAPPELLA VOCALE Trier nach dem Pontifikalamt in St. Marien, Herzogenrath<\/span> <\/div> <\/div> <\/a> <\/div> <div class=\"pb-block with-text with-social-or-text pb-landscape pb-width pb-type-image \" style=\"\" data-colspan=\"1\" data-rowspan=\"1\" data-col=\"1\" data-row=\"14\" data-valign=\"center\" data-halign=\"center\" data-type=\"image\" data-ratio=\"1.505\"> <img decoding=\"async\" class=\"pb-image skip-lazy \" src=\"data:image\/png;base64,iVBORw0KGgoAAAANSUhEUgAAAAEAAAABCAYAAAAfFcSJAAAADUlEQVR42mNkYPhfDwAChwGA60e6kgAAAABJRU5ErkJggg==\" data-pb-source=\"https:\/\/burkhardpuetz-i6psyu9my.live-website.com\/wp-content\/uploads\/2024\/08\/DSC_0279.jpg\" alt=\"18. K\u00f6lner Internationale Liturgische Tagung: Herzogenrath 30.03.17 | Ensemble CAPPELLA VOCALE Trier nach dem Pontifikalamt in St. Marien, Herzogenrath\"> <noscript><img decoding=\"async\" src=\"https:\/\/burkhardpuetz-i6psyu9my.live-website.com\/wp-content\/uploads\/2024\/08\/DSC_0279.jpg\" alt=\"18. K\u00f6lner Internationale Liturgische Tagung: Herzogenrath 30.03.17 | Ensemble CAPPELLA VOCALE Trier nach dem Pontifikalamt in St. Marien, Herzogenrath\"><\/noscript> <a class=\"pb-link \" data-magnific=\"gallery-13\" data-caption=\"18. K\u00f6lner Internationale Liturgische Tagung: Herzogenrath 30.03.17 | Ensemble CAPPELLA VOCALE Trier nach dem Pontifikalamt in St. Marien, Herzogenrath\" rel=\"\" target=\"\" href=\"https:\/\/burkhard-puetz.de\/wp-content\/uploads\/2024\/08\/DSC_0279.jpg\"> <div class=\"pb-overlay\" style=\"\"> <div class=\"pb-caption-bottom\"> <span class=\"pb-description pb-caption-left\" style=\"\">18. K\u00f6lner Internationale Liturgische Tagung: Herzogenrath 30.03.17 | Ensemble CAPPELLA VOCALE Trier nach dem Pontifikalamt in St. Marien, Herzogenrath<\/span> <\/div> <\/div> <\/a> <\/div> <div class=\"pb-block with-text with-social-or-text pb-landscape pb-width pb-type-image \" style=\"\" data-colspan=\"1\" data-rowspan=\"1\" data-col=\"2\" data-row=\"14\" data-valign=\"center\" data-halign=\"center\" data-type=\"image\" data-ratio=\"1.505\"> <img decoding=\"async\" class=\"pb-image skip-lazy \" src=\"data:image\/png;base64,iVBORw0KGgoAAAANSUhEUgAAAAEAAAABCAYAAAAfFcSJAAAADUlEQVR42mNkYPhfDwAChwGA60e6kgAAAABJRU5ErkJggg==\" data-pb-source=\"https:\/\/burkhardpuetz-i6psyu9my.live-website.com\/wp-content\/uploads\/2024\/08\/DSC_0280.jpg\" alt=\"18. K\u00f6lner Internationale Liturgische Tagung: Herzogenrath 30.03.17 | Ensemble CAPPELLA VOCALE Trier nach dem Pontifikalamt in St. Marien, Herzogenrath\"> <noscript><img decoding=\"async\" src=\"https:\/\/burkhardpuetz-i6psyu9my.live-website.com\/wp-content\/uploads\/2024\/08\/DSC_0280.jpg\" alt=\"18. K\u00f6lner Internationale Liturgische Tagung: Herzogenrath 30.03.17 | Ensemble CAPPELLA VOCALE Trier nach dem Pontifikalamt in St. Marien, Herzogenrath\"><\/noscript> <a class=\"pb-link \" data-magnific=\"gallery-13\" data-caption=\"18. K\u00f6lner Internationale Liturgische Tagung: Herzogenrath 30.03.17 | Ensemble CAPPELLA VOCALE Trier nach dem Pontifikalamt in St. Marien, Herzogenrath\" rel=\"\" target=\"\" href=\"https:\/\/burkhard-puetz.de\/wp-content\/uploads\/2024\/08\/DSC_0280.jpg\"> <div class=\"pb-overlay\" style=\"\"> <div class=\"pb-caption-bottom\"> <span class=\"pb-description pb-caption-left\" style=\"\">18. K\u00f6lner Internationale Liturgische Tagung: Herzogenrath 30.03.17 | Ensemble CAPPELLA VOCALE Trier nach dem Pontifikalamt in St. Marien, Herzogenrath<\/span> <\/div> <\/div> <\/a> <\/div> <div class=\"pb-block with-text with-social-or-text pb-landscape pb-width pb-type-image \" style=\"\" data-colspan=\"1\" data-rowspan=\"1\" data-col=\"3\" data-row=\"14\" data-valign=\"center\" data-halign=\"center\" data-type=\"image\" data-ratio=\"1.5067264573991\"> <img decoding=\"async\" class=\"pb-image skip-lazy \" src=\"data:image\/png;base64,iVBORw0KGgoAAAANSUhEUgAAAAEAAAABCAYAAAAfFcSJAAAADUlEQVR42mNkYPhfDwAChwGA60e6kgAAAABJRU5ErkJggg==\" data-pb-source=\"https:\/\/burkhardpuetz-i6psyu9my.live-website.com\/wp-content\/uploads\/2024\/08\/DSC_0291.jpg\" alt=\"18. K\u00f6lner Internationale Liturgische Tagung: Herzogenrath 30.03.17 | Ensemble CAPPELLA VOCALE Trier nach dem Pontifikalamt in St. Marien, Herzogenrath\"> <noscript><img decoding=\"async\" src=\"https:\/\/burkhardpuetz-i6psyu9my.live-website.com\/wp-content\/uploads\/2024\/08\/DSC_0291.jpg\" alt=\"18. K\u00f6lner Internationale Liturgische Tagung: Herzogenrath 30.03.17 | Ensemble CAPPELLA VOCALE Trier nach dem Pontifikalamt in St. Marien, Herzogenrath\"><\/noscript> <a class=\"pb-link \" data-magnific=\"gallery-13\" data-caption=\"18. K\u00f6lner Internationale Liturgische Tagung: Herzogenrath 30.03.17 | Ensemble CAPPELLA VOCALE Trier nach dem Pontifikalamt in St. Marien, Herzogenrath\" rel=\"\" target=\"\" href=\"https:\/\/burkhard-puetz.de\/wp-content\/uploads\/2024\/08\/DSC_0291.jpg\"> <div class=\"pb-overlay\" style=\"\"> <div class=\"pb-caption-bottom\"> <span class=\"pb-description pb-caption-left\" style=\"\">18. K\u00f6lner Internationale Liturgische Tagung: Herzogenrath 30.03.17 | Ensemble CAPPELLA VOCALE Trier nach dem Pontifikalamt in St. Marien, Herzogenrath<\/span> <\/div> <\/div> <\/a> <\/div> <div class=\"pb-block with-text with-social-or-text pb-landscape pb-width pb-type-image \" style=\"\" data-colspan=\"1\" data-rowspan=\"1\" data-col=\"0\" data-row=\"15\" data-valign=\"center\" data-halign=\"center\" data-type=\"image\" data-ratio=\"1.5044776119403\"> <img decoding=\"async\" class=\"pb-image skip-lazy \" src=\"data:image\/png;base64,iVBORw0KGgoAAAANSUhEUgAAAAEAAAABCAYAAAAfFcSJAAAADUlEQVR42mNkYPhfDwAChwGA60e6kgAAAABJRU5ErkJggg==\" data-pb-source=\"https:\/\/burkhardpuetz-i6psyu9my.live-website.com\/wp-content\/uploads\/2024\/08\/DSC_0293.jpg\" alt=\"18. K\u00f6lner Internationale Liturgische Tagung: Herzogenrath 30.03.17 | Ensemble CAPPELLA VOCALE Trier nach dem Pontifikalamt in St. Marien, Herzogenrath\"> <noscript><img decoding=\"async\" src=\"https:\/\/burkhardpuetz-i6psyu9my.live-website.com\/wp-content\/uploads\/2024\/08\/DSC_0293.jpg\" alt=\"18. K\u00f6lner Internationale Liturgische Tagung: Herzogenrath 30.03.17 | Ensemble CAPPELLA VOCALE Trier nach dem Pontifikalamt in St. Marien, Herzogenrath\"><\/noscript> <a class=\"pb-link \" data-magnific=\"gallery-13\" data-caption=\"18. K\u00f6lner Internationale Liturgische Tagung: Herzogenrath 30.03.17 | Ensemble CAPPELLA VOCALE Trier nach dem Pontifikalamt in St. Marien, Herzogenrath\" rel=\"\" target=\"\" href=\"https:\/\/burkhard-puetz.de\/wp-content\/uploads\/2024\/08\/DSC_0293.jpg\"> <div class=\"pb-overlay\" style=\"\"> <div class=\"pb-caption-bottom\"> <span class=\"pb-description pb-caption-left\" style=\"\">18. K\u00f6lner Internationale Liturgische Tagung: Herzogenrath 30.03.17 | Ensemble CAPPELLA VOCALE Trier nach dem Pontifikalamt in St. Marien, Herzogenrath<\/span> <\/div> <\/div> <\/a> <\/div> <div class=\"pb-block with-text with-social-or-text pb-landscape pb-width pb-type-image \" style=\"\" data-colspan=\"1\" data-rowspan=\"1\" data-col=\"1\" data-row=\"15\" data-valign=\"center\" data-halign=\"center\" data-type=\"image\" data-ratio=\"1.5053435114504\"> <img decoding=\"async\" class=\"pb-image skip-lazy \" src=\"data:image\/png;base64,iVBORw0KGgoAAAANSUhEUgAAAAEAAAABCAYAAAAfFcSJAAAADUlEQVR42mNkYPhfDwAChwGA60e6kgAAAABJRU5ErkJggg==\" data-pb-source=\"https:\/\/burkhardpuetz-i6psyu9my.live-website.com\/wp-content\/uploads\/2024\/08\/DSC_0297.jpg\" alt=\"18. K\u00f6lner Internationale Liturgische Tagung: Herzogenrath 30.03.17 | Ensemble CAPPELLA VOCALE Trier nach dem Pontifikalamt in St. Marien, Herzogenrath\"> <noscript><img decoding=\"async\" src=\"https:\/\/burkhardpuetz-i6psyu9my.live-website.com\/wp-content\/uploads\/2024\/08\/DSC_0297.jpg\" alt=\"18. K\u00f6lner Internationale Liturgische Tagung: Herzogenrath 30.03.17 | Ensemble CAPPELLA VOCALE Trier nach dem Pontifikalamt in St. Marien, Herzogenrath\"><\/noscript> <a class=\"pb-link \" data-magnific=\"gallery-13\" data-caption=\"18. K\u00f6lner Internationale Liturgische Tagung: Herzogenrath 30.03.17 | Ensemble CAPPELLA VOCALE Trier nach dem Pontifikalamt in St. Marien, Herzogenrath\" rel=\"\" target=\"\" href=\"https:\/\/burkhard-puetz.de\/wp-content\/uploads\/2024\/08\/DSC_0297.jpg\"> <div class=\"pb-overlay\" style=\"\"> <div class=\"pb-caption-bottom\"> <span class=\"pb-description pb-caption-left\" style=\"\">18. K\u00f6lner Internationale Liturgische Tagung: Herzogenrath 30.03.17 | Ensemble CAPPELLA VOCALE Trier nach dem Pontifikalamt in St. Marien, Herzogenrath<\/span> <\/div> <\/div> <\/a> <\/div> <div class=\"pb-block with-text with-social-or-text pb-landscape pb-width pb-type-image \" style=\"\" data-colspan=\"1\" data-rowspan=\"1\" data-col=\"2\" data-row=\"15\" data-valign=\"center\" data-halign=\"center\" data-type=\"image\" data-ratio=\"1.5053435114504\"> <img decoding=\"async\" class=\"pb-image skip-lazy \" src=\"data:image\/png;base64,iVBORw0KGgoAAAANSUhEUgAAAAEAAAABCAYAAAAfFcSJAAAADUlEQVR42mNkYPhfDwAChwGA60e6kgAAAABJRU5ErkJggg==\" data-pb-source=\"https:\/\/burkhardpuetz-i6psyu9my.live-website.com\/wp-content\/uploads\/2024\/08\/DSC_0298.jpg\" alt=\"18. K\u00f6lner Internationale Liturgische Tagung: Herzogenrath 30.03.17 | Ensemble CAPPELLA VOCALE Trier nach dem Pontifikalamt in St. Marien, Herzogenrath\"> <noscript><img decoding=\"async\" src=\"https:\/\/burkhardpuetz-i6psyu9my.live-website.com\/wp-content\/uploads\/2024\/08\/DSC_0298.jpg\" alt=\"18. K\u00f6lner Internationale Liturgische Tagung: Herzogenrath 30.03.17 | Ensemble CAPPELLA VOCALE Trier nach dem Pontifikalamt in St. Marien, Herzogenrath\"><\/noscript> <a class=\"pb-link \" data-magnific=\"gallery-13\" data-caption=\"18. K\u00f6lner Internationale Liturgische Tagung: Herzogenrath 30.03.17 | Ensemble CAPPELLA VOCALE Trier nach dem Pontifikalamt in St. Marien, Herzogenrath\" rel=\"\" target=\"\" href=\"https:\/\/burkhard-puetz.de\/wp-content\/uploads\/2024\/08\/DSC_0298.jpg\"> <div class=\"pb-overlay\" style=\"\"> <div class=\"pb-caption-bottom\"> <span class=\"pb-description pb-caption-left\" style=\"\">18. K\u00f6lner Internationale Liturgische Tagung: Herzogenrath 30.03.17 | Ensemble CAPPELLA VOCALE Trier nach dem Pontifikalamt in St. Marien, Herzogenrath<\/span> <\/div> <\/div> <\/a> <\/div> <div class=\"pb-block with-text with-social-or-text pb-landscape pb-width pb-type-image \" style=\"\" data-colspan=\"1\" data-rowspan=\"1\" data-col=\"3\" data-row=\"15\" data-valign=\"center\" data-halign=\"center\" data-type=\"image\" data-ratio=\"1.5053435114504\"> <img decoding=\"async\" class=\"pb-image skip-lazy \" src=\"data:image\/png;base64,iVBORw0KGgoAAAANSUhEUgAAAAEAAAABCAYAAAAfFcSJAAAADUlEQVR42mNkYPhfDwAChwGA60e6kgAAAABJRU5ErkJggg==\" data-pb-source=\"https:\/\/burkhardpuetz-i6psyu9my.live-website.com\/wp-content\/uploads\/2024\/08\/DSC_0299.jpg\" alt=\"18. K\u00f6lner Internationale Liturgische Tagung: Herzogenrath 30.03.17 | Ensemble CAPPELLA VOCALE Trier nach dem Pontifikalamt in St. Marien, Herzogenrath\"> <noscript><img decoding=\"async\" src=\"https:\/\/burkhardpuetz-i6psyu9my.live-website.com\/wp-content\/uploads\/2024\/08\/DSC_0299.jpg\" alt=\"18. K\u00f6lner Internationale Liturgische Tagung: Herzogenrath 30.03.17 | Ensemble CAPPELLA VOCALE Trier nach dem Pontifikalamt in St. Marien, Herzogenrath\"><\/noscript> <a class=\"pb-link \" data-magnific=\"gallery-13\" data-caption=\"18. K\u00f6lner Internationale Liturgische Tagung: Herzogenrath 30.03.17 | Ensemble CAPPELLA VOCALE Trier nach dem Pontifikalamt in St. Marien, Herzogenrath\" rel=\"\" target=\"\" href=\"https:\/\/burkhard-puetz.de\/wp-content\/uploads\/2024\/08\/DSC_0299.jpg\"> <div class=\"pb-overlay\" style=\"\"> <div class=\"pb-caption-bottom\"> <span class=\"pb-description pb-caption-left\" style=\"\">18. K\u00f6lner Internationale Liturgische Tagung: Herzogenrath 30.03.17 | Ensemble CAPPELLA VOCALE Trier nach dem Pontifikalamt in St. Marien, Herzogenrath<\/span> <\/div> <\/div> <\/a> <\/div> <div class=\"pb-block with-text with-social-or-text pb-landscape pb-width pb-type-image \" style=\"\" data-colspan=\"1\" data-rowspan=\"1\" data-col=\"0\" data-row=\"16\" data-valign=\"center\" data-halign=\"center\" data-type=\"image\" data-ratio=\"1.3333333333333\"> <img decoding=\"async\" class=\"pb-image skip-lazy \" src=\"data:image\/png;base64,iVBORw0KGgoAAAANSUhEUgAAAAEAAAABCAYAAAAfFcSJAAAADUlEQVR42mNkYPhfDwAChwGA60e6kgAAAABJRU5ErkJggg==\" data-pb-source=\"https:\/\/burkhardpuetz-i6psyu9my.live-website.com\/wp-content\/uploads\/2024\/08\/28_Liturgische-Tagung-Abteikirche-Rolduc-NL-01.04.17_Abschluss-Pontifikalamt-Erzb.-Sample-USA.jpg\" alt=\"18. K\u00f6lner Internationale Liturgische Tagung: Abteikirche Rolduc (NL) 01.04.17 | Abschluss Pontifikalamt | Zelebrant: S.E. Erzbischof Alexander K. Sample, Portland\/Oregon USA | Cappella Aquensis (Ltg.: Thomas Beaujean, Aachen) | Choralschola mit den Kantoren Krystian Skoczowski, Dr. Michael Tunger, Herbert Nell und Burkhard P\u00fctz\"> <noscript><img decoding=\"async\" src=\"https:\/\/burkhardpuetz-i6psyu9my.live-website.com\/wp-content\/uploads\/2024\/08\/28_Liturgische-Tagung-Abteikirche-Rolduc-NL-01.04.17_Abschluss-Pontifikalamt-Erzb.-Sample-USA.jpg\" alt=\"18. K\u00f6lner Internationale Liturgische Tagung: Abteikirche Rolduc (NL) 01.04.17 | Abschluss Pontifikalamt | Zelebrant: S.E. Erzbischof Alexander K. Sample, Portland\/Oregon USA | Cappella Aquensis (Ltg.: Thomas Beaujean, Aachen) | Choralschola mit den Kantoren Krystian Skoczowski, Dr. Michael Tunger, Herbert Nell und Burkhard P\u00fctz\"><\/noscript> <a class=\"pb-link \" data-magnific=\"gallery-13\" data-caption=\"18. K\u00f6lner Internationale Liturgische Tagung: Abteikirche Rolduc (NL) 01.04.17 | Abschluss Pontifikalamt | Zelebrant: S.E. Erzbischof Alexander K. Sample, Portland\/Oregon USA | Cappella Aquensis (Ltg.: Thomas Beaujean, Aachen) | Choralschola mit den Kantoren Krystian Skoczowski, Dr. Michael Tunger, Herbert Nell und Burkhard P\u00fctz\" rel=\"\" target=\"\" href=\"https:\/\/burkhard-puetz.de\/wp-content\/uploads\/2024\/08\/28_Liturgische-Tagung-Abteikirche-Rolduc-NL-01.04.17_Abschluss-Pontifikalamt-Erzb.-Sample-USA.jpg\"> <div class=\"pb-overlay\" style=\"\"> <div class=\"pb-caption-bottom\"> <span class=\"pb-description pb-caption-left\" style=\"\">18. K\u00f6lner Internationale Liturgische Tagung: Abteikirche Rolduc (NL) 01.04.17 | Abschluss Pontifikalamt | Zelebrant: S.E. Erzbischof Alexander K. Sample, Portland\/Oregon USA | Cappella Aquensis (Ltg.: Thomas Beaujean, Aachen) | Choralschola mit den Kantoren Krystian Skoczowski, Dr. Michael Tunger, Herbert Nell und Burkhard P\u00fctz<\/span> <\/div> <\/div> <\/a> <\/div> <div class=\"pb-block with-text with-social-or-text pb-portrait pb-height pb-type-image \" style=\"\" data-colspan=\"1\" data-rowspan=\"1\" data-col=\"1\" data-row=\"16\" data-valign=\"center\" data-halign=\"center\" data-type=\"image\" data-ratio=\"0.6665\"> <img decoding=\"async\" class=\"pb-image skip-lazy \" src=\"data:image\/png;base64,iVBORw0KGgoAAAANSUhEUgAAAAEAAAABCAYAAAAfFcSJAAAADUlEQVR42mNkYPhfDwAChwGA60e6kgAAAABJRU5ErkJggg==\" data-pb-source=\"https:\/\/burkhardpuetz-i6psyu9my.live-website.com\/wp-content\/uploads\/2024\/08\/29_Rolduc-NL-01.04.17-Abschluss-Cappella-Aquensis_Choralschola-Skoczowski_Tunger_Nell_Puetz.jpg\" alt=\"18. K\u00f6lner Internationale Liturgische Tagung: Abteikirche Rolduc (NL) 01.04.17 | Abschluss Pontifikalamt | Zelebrant: S.E. Erzbischof Alexander K. Sample, Portland\/Oregon USA | Cappella Aquensis (Ltg.: Thomas Beaujean, Aachen) | Choralschola mit den Kantoren Krystian Skoczowski, Dr. Michael Tunger, Herbert Nell und Burkhard P\u00fctz\"> <noscript><img decoding=\"async\" src=\"https:\/\/burkhardpuetz-i6psyu9my.live-website.com\/wp-content\/uploads\/2024\/08\/29_Rolduc-NL-01.04.17-Abschluss-Cappella-Aquensis_Choralschola-Skoczowski_Tunger_Nell_Puetz.jpg\" alt=\"18. K\u00f6lner Internationale Liturgische Tagung: Abteikirche Rolduc (NL) 01.04.17 | Abschluss Pontifikalamt | Zelebrant: S.E. Erzbischof Alexander K. Sample, Portland\/Oregon USA | Cappella Aquensis (Ltg.: Thomas Beaujean, Aachen) | Choralschola mit den Kantoren Krystian Skoczowski, Dr. Michael Tunger, Herbert Nell und Burkhard P\u00fctz\"><\/noscript> <a class=\"pb-link \" data-magnific=\"gallery-13\" data-caption=\"18. K\u00f6lner Internationale Liturgische Tagung: Abteikirche Rolduc (NL) 01.04.17 | Abschluss Pontifikalamt | Zelebrant: S.E. Erzbischof Alexander K. Sample, Portland\/Oregon USA | Cappella Aquensis (Ltg.: Thomas Beaujean, Aachen) | Choralschola mit den Kantoren Krystian Skoczowski, Dr. Michael Tunger, Herbert Nell und Burkhard P\u00fctz\" rel=\"\" target=\"\" href=\"https:\/\/burkhard-puetz.de\/wp-content\/uploads\/2024\/08\/29_Rolduc-NL-01.04.17-Abschluss-Cappella-Aquensis_Choralschola-Skoczowski_Tunger_Nell_Puetz.jpg\"> <div class=\"pb-overlay\" style=\"\"> <div class=\"pb-caption-bottom\"> <span class=\"pb-description pb-caption-left\" style=\"\">18. K\u00f6lner Internationale Liturgische Tagung: Abteikirche Rolduc (NL) 01.04.17 | Abschluss Pontifikalamt | Zelebrant: S.E. Erzbischof Alexander K. Sample, Portland\/Oregon USA | Cappella Aquensis (Ltg.: Thomas Beaujean, Aachen) | Choralschola mit den Kantoren Krystian Skoczowski, Dr. Michael Tunger, Herbert Nell und Burkhard P\u00fctz<\/span> <\/div> <\/div> <\/a> <\/div> <div class=\"pb-block with-text with-social-or-text pb-landscape pb-width pb-type-image \" style=\"\" data-colspan=\"1\" data-rowspan=\"1\" data-col=\"2\" data-row=\"16\" data-valign=\"center\" data-halign=\"center\" data-type=\"image\" data-ratio=\"1.5003750937734\"> <img decoding=\"async\" class=\"pb-image skip-lazy \" src=\"data:image\/png;base64,iVBORw0KGgoAAAANSUhEUgAAAAEAAAABCAYAAAAfFcSJAAAADUlEQVR42mNkYPhfDwAChwGA60e6kgAAAABJRU5ErkJggg==\" data-pb-source=\"https:\/\/burkhardpuetz-i6psyu9my.live-website.com\/wp-content\/uploads\/2024\/08\/30_Rolduc-NL-01.04.17-Abschluss-Cappella-Aquensis_Choralschola-Skoczowski_Tunger_Nell_Puetz.jpg\" alt=\"18. K\u00f6lner Internationale Liturgische Tagung: Abteikirche Rolduc (NL) 01.04.17 | Abschluss Pontifikalamt | Zelebrant: S.E. Erzbischof Alexander K. Sample, Portland\/Oregon USA | Cappella Aquensis (Ltg.: Thomas Beaujean, Aachen) | Choralschola mit den Kantoren Krystian Skoczowski, Dr. Michael Tunger, Herbert Nell und Burkhard P\u00fctz\"> <noscript><img decoding=\"async\" src=\"https:\/\/burkhardpuetz-i6psyu9my.live-website.com\/wp-content\/uploads\/2024\/08\/30_Rolduc-NL-01.04.17-Abschluss-Cappella-Aquensis_Choralschola-Skoczowski_Tunger_Nell_Puetz.jpg\" alt=\"18. K\u00f6lner Internationale Liturgische Tagung: Abteikirche Rolduc (NL) 01.04.17 | Abschluss Pontifikalamt | Zelebrant: S.E. Erzbischof Alexander K. Sample, Portland\/Oregon USA | Cappella Aquensis (Ltg.: Thomas Beaujean, Aachen) | Choralschola mit den Kantoren Krystian Skoczowski, Dr. Michael Tunger, Herbert Nell und Burkhard P\u00fctz\"><\/noscript> <a class=\"pb-link \" data-magnific=\"gallery-13\" data-caption=\"18. K\u00f6lner Internationale Liturgische Tagung: Abteikirche Rolduc (NL) 01.04.17 | Abschluss Pontifikalamt | Zelebrant: S.E. Erzbischof Alexander K. Sample, Portland\/Oregon USA | Cappella Aquensis (Ltg.: Thomas Beaujean, Aachen) | Choralschola mit den Kantoren Krystian Skoczowski, Dr. Michael Tunger, Herbert Nell und Burkhard P\u00fctz\" rel=\"\" target=\"\" href=\"https:\/\/burkhard-puetz.de\/wp-content\/uploads\/2024\/08\/30_Rolduc-NL-01.04.17-Abschluss-Cappella-Aquensis_Choralschola-Skoczowski_Tunger_Nell_Puetz.jpg\"> <div class=\"pb-overlay\" style=\"\"> <div class=\"pb-caption-bottom\"> <span class=\"pb-description pb-caption-left\" style=\"\">18. K\u00f6lner Internationale Liturgische Tagung: Abteikirche Rolduc (NL) 01.04.17 | Abschluss Pontifikalamt | Zelebrant: S.E. Erzbischof Alexander K. Sample, Portland\/Oregon USA | Cappella Aquensis (Ltg.: Thomas Beaujean, Aachen) | Choralschola mit den Kantoren Krystian Skoczowski, Dr. Michael Tunger, Herbert Nell und Burkhard P\u00fctz<\/span> <\/div> <\/div> <\/a> <\/div> <div class=\"pb-block with-text with-social-or-text pb-landscape pb-width pb-type-image \" style=\"\" data-colspan=\"1\" data-rowspan=\"1\" data-col=\"3\" data-row=\"16\" data-valign=\"center\" data-halign=\"center\" data-type=\"image\" data-ratio=\"1.5003750937734\"> <img decoding=\"async\" class=\"pb-image skip-lazy \" src=\"data:image\/png;base64,iVBORw0KGgoAAAANSUhEUgAAAAEAAAABCAYAAAAfFcSJAAAADUlEQVR42mNkYPhfDwAChwGA60e6kgAAAABJRU5ErkJggg==\" data-pb-source=\"https:\/\/burkhardpuetz-i6psyu9my.live-website.com\/wp-content\/uploads\/2024\/08\/31_Liturgische-Tagung-Abteikirche-Rolduc-NL-01.04.17_Abschluss-Pontifikalamt-Erzb.-Sample-USA.jpg\" alt=\"18. K\u00f6lner Internationale Liturgische Tagung: Abteikirche Rolduc (NL) 01.04.17 | Abschluss Pontifikalamt | Zelebrant: S.E. Erzbischof Alexander K. Sample, Portland\/Oregon USA | Cappella Aquensis (Ltg.: Thomas Beaujean, Aachen) | Choralschola mit den Kantoren Krystian Skoczowski, Dr. Michael Tunger, Herbert Nell und Burkhard P\u00fctz\"> <noscript><img decoding=\"async\" src=\"https:\/\/burkhardpuetz-i6psyu9my.live-website.com\/wp-content\/uploads\/2024\/08\/31_Liturgische-Tagung-Abteikirche-Rolduc-NL-01.04.17_Abschluss-Pontifikalamt-Erzb.-Sample-USA.jpg\" alt=\"18. K\u00f6lner Internationale Liturgische Tagung: Abteikirche Rolduc (NL) 01.04.17 | Abschluss Pontifikalamt | Zelebrant: S.E. Erzbischof Alexander K. Sample, Portland\/Oregon USA | Cappella Aquensis (Ltg.: Thomas Beaujean, Aachen) | Choralschola mit den Kantoren Krystian Skoczowski, Dr. Michael Tunger, Herbert Nell und Burkhard P\u00fctz\"><\/noscript> <a class=\"pb-link \" data-magnific=\"gallery-13\" data-caption=\"18. K\u00f6lner Internationale Liturgische Tagung: Abteikirche Rolduc (NL) 01.04.17 | Abschluss Pontifikalamt | Zelebrant: S.E. Erzbischof Alexander K. Sample, Portland\/Oregon USA | Cappella Aquensis (Ltg.: Thomas Beaujean, Aachen) | Choralschola mit den Kantoren Krystian Skoczowski, Dr. Michael Tunger, Herbert Nell und Burkhard P\u00fctz\" rel=\"\" target=\"\" href=\"https:\/\/burkhard-puetz.de\/wp-content\/uploads\/2024\/08\/31_Liturgische-Tagung-Abteikirche-Rolduc-NL-01.04.17_Abschluss-Pontifikalamt-Erzb.-Sample-USA.jpg\"> <div class=\"pb-overlay\" style=\"\"> <div class=\"pb-caption-bottom\"> <span class=\"pb-description pb-caption-left\" style=\"\">18. K\u00f6lner Internationale Liturgische Tagung: Abteikirche Rolduc (NL) 01.04.17 | Abschluss Pontifikalamt | Zelebrant: S.E. Erzbischof Alexander K. Sample, Portland\/Oregon USA | Cappella Aquensis (Ltg.: Thomas Beaujean, Aachen) | Choralschola mit den Kantoren Krystian Skoczowski, Dr. Michael Tunger, Herbert Nell und Burkhard P\u00fctz<\/span> <\/div> <\/div> <\/a> <\/div> <div class=\"pb-block with-text with-social-or-text pb-landscape pb-width pb-type-image \" style=\"\" data-colspan=\"1\" data-rowspan=\"1\" data-col=\"0\" data-row=\"17\" data-valign=\"center\" data-halign=\"center\" data-type=\"image\" data-ratio=\"1.5003750937734\"> <img decoding=\"async\" class=\"pb-image skip-lazy \" src=\"data:image\/png;base64,iVBORw0KGgoAAAANSUhEUgAAAAEAAAABCAYAAAAfFcSJAAAADUlEQVR42mNkYPhfDwAChwGA60e6kgAAAABJRU5ErkJggg==\" data-pb-source=\"https:\/\/burkhardpuetz-i6psyu9my.live-website.com\/wp-content\/uploads\/2024\/08\/32_Rolduc-NL-01.04.17-Abschluss-Cappella-Aquensis_Choralschola-Skoczowski_Tunger_Nell_Puetz.jpg\" alt=\"18. K\u00f6lner Internationale Liturgische Tagung: Abteikirche Rolduc (NL) 01.04.17 | Abschluss Pontifikalamt | Zelebrant: S.E. Erzbischof Alexander K. Sample, Portland\/Oregon USA | Cappella Aquensis (Ltg.: Thomas Beaujean, Aachen) | Choralschola mit den Kantoren Krystian Skoczowski, Dr. Michael Tunger, Herbert Nell und Burkhard P\u00fctz\"> <noscript><img decoding=\"async\" src=\"https:\/\/burkhardpuetz-i6psyu9my.live-website.com\/wp-content\/uploads\/2024\/08\/32_Rolduc-NL-01.04.17-Abschluss-Cappella-Aquensis_Choralschola-Skoczowski_Tunger_Nell_Puetz.jpg\" alt=\"18. K\u00f6lner Internationale Liturgische Tagung: Abteikirche Rolduc (NL) 01.04.17 | Abschluss Pontifikalamt | Zelebrant: S.E. Erzbischof Alexander K. Sample, Portland\/Oregon USA | Cappella Aquensis (Ltg.: Thomas Beaujean, Aachen) | Choralschola mit den Kantoren Krystian Skoczowski, Dr. Michael Tunger, Herbert Nell und Burkhard P\u00fctz\"><\/noscript> <a class=\"pb-link \" data-magnific=\"gallery-13\" data-caption=\"18. K\u00f6lner Internationale Liturgische Tagung: Abteikirche Rolduc (NL) 01.04.17 | Abschluss Pontifikalamt | Zelebrant: S.E. Erzbischof Alexander K. Sample, Portland\/Oregon USA | Cappella Aquensis (Ltg.: Thomas Beaujean, Aachen) | Choralschola mit den Kantoren Krystian Skoczowski, Dr. Michael Tunger, Herbert Nell und Burkhard P\u00fctz\" rel=\"\" target=\"\" href=\"https:\/\/burkhard-puetz.de\/wp-content\/uploads\/2024\/08\/32_Rolduc-NL-01.04.17-Abschluss-Cappella-Aquensis_Choralschola-Skoczowski_Tunger_Nell_Puetz.jpg\"> <div class=\"pb-overlay\" style=\"\"> <div class=\"pb-caption-bottom\"> <span class=\"pb-description pb-caption-left\" style=\"\">18. K\u00f6lner Internationale Liturgische Tagung: Abteikirche Rolduc (NL) 01.04.17 | Abschluss Pontifikalamt | Zelebrant: S.E. Erzbischof Alexander K. Sample, Portland\/Oregon USA | Cappella Aquensis (Ltg.: Thomas Beaujean, Aachen) | Choralschola mit den Kantoren Krystian Skoczowski, Dr. Michael Tunger, Herbert Nell und Burkhard P\u00fctz<\/span> <\/div> <\/div> <\/a> <\/div> <div class=\"pb-block with-text with-social-or-text pb-portrait pb-height pb-type-image \" style=\"\" data-colspan=\"1\" data-rowspan=\"1\" data-col=\"1\" data-row=\"17\" data-valign=\"center\" data-halign=\"center\" data-type=\"image\" data-ratio=\"0.6665\"> <img decoding=\"async\" class=\"pb-image skip-lazy \" src=\"data:image\/png;base64,iVBORw0KGgoAAAANSUhEUgAAAAEAAAABCAYAAAAfFcSJAAAADUlEQVR42mNkYPhfDwAChwGA60e6kgAAAABJRU5ErkJggg==\" data-pb-source=\"https:\/\/burkhardpuetz-i6psyu9my.live-website.com\/wp-content\/uploads\/2024\/08\/33_Liturgische-Tagung-Abteikirche-Rolduc-NL-01.04.17_Abschluss-Pontifikalamt-Erzb.-Sample-USA.jpg\" alt=\"18. K\u00f6lner Internationale Liturgische Tagung: Abteikirche Rolduc (NL) 01.04.17 | Abschluss Pontifikalamt | Zelebrant: S.E. Erzbischof Alexander K. Sample, Portland\/Oregon USA | Cappella Aquensis (Ltg.: Thomas Beaujean, Aachen) | Choralschola mit den Kantoren Krystian Skoczowski, Dr. Michael Tunger, Herbert Nell und Burkhard P\u00fctz\"> <noscript><img decoding=\"async\" src=\"https:\/\/burkhardpuetz-i6psyu9my.live-website.com\/wp-content\/uploads\/2024\/08\/33_Liturgische-Tagung-Abteikirche-Rolduc-NL-01.04.17_Abschluss-Pontifikalamt-Erzb.-Sample-USA.jpg\" alt=\"18. K\u00f6lner Internationale Liturgische Tagung: Abteikirche Rolduc (NL) 01.04.17 | Abschluss Pontifikalamt | Zelebrant: S.E. Erzbischof Alexander K. Sample, Portland\/Oregon USA | Cappella Aquensis (Ltg.: Thomas Beaujean, Aachen) | Choralschola mit den Kantoren Krystian Skoczowski, Dr. Michael Tunger, Herbert Nell und Burkhard P\u00fctz\"><\/noscript> <a class=\"pb-link \" data-magnific=\"gallery-13\" data-caption=\"18. K\u00f6lner Internationale Liturgische Tagung: Abteikirche Rolduc (NL) 01.04.17 | Abschluss Pontifikalamt | Zelebrant: S.E. Erzbischof Alexander K. Sample, Portland\/Oregon USA | Cappella Aquensis (Ltg.: Thomas Beaujean, Aachen) | Choralschola mit den Kantoren Krystian Skoczowski, Dr. Michael Tunger, Herbert Nell und Burkhard P\u00fctz\" rel=\"\" target=\"\" href=\"https:\/\/burkhard-puetz.de\/wp-content\/uploads\/2024\/08\/33_Liturgische-Tagung-Abteikirche-Rolduc-NL-01.04.17_Abschluss-Pontifikalamt-Erzb.-Sample-USA.jpg\"> <div class=\"pb-overlay\" style=\"\"> <div class=\"pb-caption-bottom\"> <span class=\"pb-description pb-caption-left\" style=\"\">18. K\u00f6lner Internationale Liturgische Tagung: Abteikirche Rolduc (NL) 01.04.17 | Abschluss Pontifikalamt | Zelebrant: S.E. Erzbischof Alexander K. Sample, Portland\/Oregon USA | Cappella Aquensis (Ltg.: Thomas Beaujean, Aachen) | Choralschola mit den Kantoren Krystian Skoczowski, Dr. Michael Tunger, Herbert Nell und Burkhard P\u00fctz<\/span> <\/div> <\/div> <\/a> <\/div> <div class=\"pb-block with-text with-social-or-text pb-landscape pb-width pb-type-image \" style=\"\" data-colspan=\"1\" data-rowspan=\"1\" data-col=\"2\" data-row=\"17\" data-valign=\"center\" data-halign=\"center\" data-type=\"image\" data-ratio=\"1.5003750937734\"> <img decoding=\"async\" class=\"pb-image skip-lazy \" src=\"data:image\/png;base64,iVBORw0KGgoAAAANSUhEUgAAAAEAAAABCAYAAAAfFcSJAAAADUlEQVR42mNkYPhfDwAChwGA60e6kgAAAABJRU5ErkJggg==\" data-pb-source=\"https:\/\/burkhardpuetz-i6psyu9my.live-website.com\/wp-content\/uploads\/2024\/08\/34_Liturgische-Tagung-Rolduc-NL-01.04.17-Abschluss-Festakademie.jpg\" alt=\"18. K\u00f6lner Internationale Liturgische Tagung: Abtei Rolduc (NL) 01.04.17 | Abschluss Festakademie\"> <noscript><img decoding=\"async\" src=\"https:\/\/burkhardpuetz-i6psyu9my.live-website.com\/wp-content\/uploads\/2024\/08\/34_Liturgische-Tagung-Rolduc-NL-01.04.17-Abschluss-Festakademie.jpg\" alt=\"18. K\u00f6lner Internationale Liturgische Tagung: Abtei Rolduc (NL) 01.04.17 | Abschluss Festakademie\"><\/noscript> <a class=\"pb-link \" data-magnific=\"gallery-13\" data-caption=\"18. K\u00f6lner Internationale Liturgische Tagung: Abtei Rolduc (NL) 01.04.17 | Abschluss Festakademie\" rel=\"\" target=\"\" href=\"https:\/\/burkhard-puetz.de\/wp-content\/uploads\/2024\/08\/34_Liturgische-Tagung-Rolduc-NL-01.04.17-Abschluss-Festakademie.jpg\"> <div class=\"pb-overlay\" style=\"\"> <div class=\"pb-caption-bottom\"> <span class=\"pb-description pb-caption-left\" style=\"\">18. K\u00f6lner Internationale Liturgische Tagung: Abtei Rolduc (NL) 01.04.17 | Abschluss Festakademie<\/span> <\/div> <\/div> <\/a> <\/div> <div class=\"pb-block with-text with-social-or-text pb-landscape pb-width pb-type-image \" style=\"\" data-colspan=\"1\" data-rowspan=\"1\" data-col=\"3\" data-row=\"17\" data-valign=\"center\" data-halign=\"center\" data-type=\"image\" data-ratio=\"1.5003750937734\"> <img decoding=\"async\" class=\"pb-image skip-lazy \" src=\"data:image\/png;base64,iVBORw0KGgoAAAANSUhEUgAAAAEAAAABCAYAAAAfFcSJAAAADUlEQVR42mNkYPhfDwAChwGA60e6kgAAAABJRU5ErkJggg==\" data-pb-source=\"https:\/\/burkhardpuetz-i6psyu9my.live-website.com\/wp-content\/uploads\/2024\/08\/35_Liturgische-Tagung-Rolduc-NL-01.04.17-Abschluss-Festvortrag-Martin-Mosebach.jpg\" alt=\"18. K\u00f6lner Internationale Liturgische Tagung: Abtei Rolduc (NL) 01.04.17 - Abschluss Festvortrag Martin Mosebach\"> <noscript><img decoding=\"async\" src=\"https:\/\/burkhardpuetz-i6psyu9my.live-website.com\/wp-content\/uploads\/2024\/08\/35_Liturgische-Tagung-Rolduc-NL-01.04.17-Abschluss-Festvortrag-Martin-Mosebach.jpg\" alt=\"18. K\u00f6lner Internationale Liturgische Tagung: Abtei Rolduc (NL) 01.04.17 - Abschluss Festvortrag Martin Mosebach\"><\/noscript> <a class=\"pb-link \" data-magnific=\"gallery-13\" data-caption=\"18. K\u00f6lner Internationale Liturgische Tagung: Abtei Rolduc (NL) 01.04.17 - Abschluss Festvortrag Martin Mosebach\" rel=\"\" target=\"\" href=\"https:\/\/burkhard-puetz.de\/wp-content\/uploads\/2024\/08\/35_Liturgische-Tagung-Rolduc-NL-01.04.17-Abschluss-Festvortrag-Martin-Mosebach.jpg\"> <div class=\"pb-overlay\" style=\"\"> <div class=\"pb-caption-bottom\"> <span class=\"pb-description pb-caption-left\" style=\"\">18. K\u00f6lner Internationale Liturgische Tagung: Abtei Rolduc (NL) 01.04.17 - Abschluss Festvortrag Martin Mosebach<\/span> <\/div> <\/div> <\/a> <\/div> <div class=\"pb-block with-text with-social-or-text pb-landscape pb-width pb-type-image \" style=\"\" data-colspan=\"1\" data-rowspan=\"1\" data-col=\"0\" data-row=\"18\" data-valign=\"center\" data-halign=\"center\" data-type=\"image\" data-ratio=\"1.3843648208469\"> <img decoding=\"async\" class=\"pb-image skip-lazy \" src=\"data:image\/png;base64,iVBORw0KGgoAAAANSUhEUgAAAAEAAAABCAYAAAAfFcSJAAAADUlEQVR42mNkYPhfDwAChwGA60e6kgAAAABJRU5ErkJggg==\" data-pb-source=\"https:\/\/burkhardpuetz-i6psyu9my.live-website.com\/wp-content\/uploads\/2024\/08\/DSC_0700bearb-klein.jpg\" alt=\"Cappella vocale | Projekt-Kammerchor Trier 2016 | Leitung: Dekanatskantor Burkhard P\u00fctz\"> <noscript><img decoding=\"async\" src=\"https:\/\/burkhardpuetz-i6psyu9my.live-website.com\/wp-content\/uploads\/2024\/08\/DSC_0700bearb-klein.jpg\" alt=\"Cappella vocale | Projekt-Kammerchor Trier 2016 | Leitung: Dekanatskantor Burkhard P\u00fctz\"><\/noscript> <a class=\"pb-link \" data-magnific=\"gallery-13\" data-caption=\"Cappella vocale | Projekt-Kammerchor Trier 2016 | Leitung: Dekanatskantor Burkhard P\u00fctz\" rel=\"\" target=\"\" href=\"https:\/\/burkhard-puetz.de\/wp-content\/uploads\/2024\/08\/DSC_0700bearb-klein.jpg\"> <div class=\"pb-overlay\" style=\"\"> <div class=\"pb-caption-bottom\"> <span class=\"pb-description pb-caption-left\" style=\"\">Cappella vocale | Projekt-Kammerchor Trier 2016 | Leitung: Dekanatskantor Burkhard P\u00fctz<\/span> <\/div> <\/div> <\/a> <\/div> <div class=\"pb-block with-text with-social-or-text pb-landscape pb-width pb-type-image \" style=\"\" data-colspan=\"1\" data-rowspan=\"1\" data-col=\"1\" data-row=\"18\" data-valign=\"center\" data-halign=\"center\" data-type=\"image\" data-ratio=\"1.4074074074074\"> <img decoding=\"async\" class=\"pb-image skip-lazy \" src=\"data:image\/png;base64,iVBORw0KGgoAAAANSUhEUgAAAAEAAAABCAYAAAAfFcSJAAAADUlEQVR42mNkYPhfDwAChwGA60e6kgAAAABJRU5ErkJggg==\" data-pb-source=\"https:\/\/burkhardpuetz-i6psyu9my.live-website.com\/wp-content\/uploads\/2024\/08\/DSC_0693bearb-klein.jpg\" alt=\"Cappella vocale | Projekt-Kammerchor Trier 2016 | Leitung: Dekanatskantor Burkhard P\u00fctz\"> <noscript><img decoding=\"async\" src=\"https:\/\/burkhardpuetz-i6psyu9my.live-website.com\/wp-content\/uploads\/2024\/08\/DSC_0693bearb-klein.jpg\" alt=\"Cappella vocale | Projekt-Kammerchor Trier 2016 | Leitung: Dekanatskantor Burkhard P\u00fctz\"><\/noscript> <a class=\"pb-link \" data-magnific=\"gallery-13\" data-caption=\"Cappella vocale | Projekt-Kammerchor Trier 2016 | Leitung: Dekanatskantor Burkhard P\u00fctz\" rel=\"\" target=\"\" href=\"https:\/\/burkhard-puetz.de\/wp-content\/uploads\/2024\/08\/DSC_0693bearb-klein.jpg\"> <div class=\"pb-overlay\" style=\"\"> <div class=\"pb-caption-bottom\"> <span class=\"pb-description pb-caption-left\" style=\"\">Cappella vocale | Projekt-Kammerchor Trier 2016 | Leitung: Dekanatskantor Burkhard P\u00fctz<\/span> <\/div> <\/div> <\/a> <\/div> <\/div><\/div><div id=\"photoblocks-fancybox-13\"><\/div><script>jQuery(function () { var p = new PhotoBlocks({ selector: \"#photoblocks-13\", columns: 4, padding: 10, disable_below: 320, on: { before: function () { }, after: function () { }, refresh: function () { } }, mobile_layout: [], lazy: false, debug: false }); jQuery(\"#photoblocks-13\").magnificPopup({ delegate: \".pb-block:not(.pb-filtered) [data-magnific]\", type: \"image\", gallery: { enabled: true, preload: [0,2] }, image: { titleSrc: 'data-caption' }, mainClass: \"mfp-13\" }); });<\/script>\n","protected":false},"excerpt":{"rendered":"","protected":false},"author":1,"featured_media":0,"parent":154,"menu_order":3,"comment_status":"closed","ping_status":"closed","template":"","meta":{"_kadence_starter_templates_imported_post":false,"_kad_post_transparent":"","_kad_post_title":"","_kad_post_layout":"narrow","_kad_post_sidebar_id":"","_kad_post_content_style":"","_kad_post_vertical_padding":"","_kad_post_feature":"","_kad_post_feature_position":"","_kad_post_header":false,"_kad_post_footer":false,"_kad_post_classname":"","footnotes":""},"class_list":["post-418","page","type-page","status-publish","hentry"],"_links":{"self":[{"href":"https:\/\/burkhard-puetz.de\/index.php?rest_route=\/wp\/v2\/pages\/418","targetHints":{"allow":["GET"]}}],"collection":[{"href":"https:\/\/burkhard-puetz.de\/index.php?rest_route=\/wp\/v2\/pages"}],"about":[{"href":"https:\/\/burkhard-puetz.de\/index.php?rest_route=\/wp\/v2\/types\/page"}],"author":[{"embeddable":true,"href":"https:\/\/burkhard-puetz.de\/index.php?rest_route=\/wp\/v2\/users\/1"}],"replies":[{"embeddable":true,"href":"https:\/\/burkhard-puetz.de\/index.php?rest_route=%2Fwp%2Fv2%2Fcomments&post=418"}],"version-history":[{"count":3,"href":"https:\/\/burkhard-puetz.de\/index.php?rest_route=\/wp\/v2\/pages\/418\/revisions"}],"predecessor-version":[{"id":843,"href":"https:\/\/burkhard-puetz.de\/index.php?rest_route=\/wp\/v2\/pages\/418\/revisions\/843"}],"up":[{"embeddable":true,"href":"https:\/\/burkhard-puetz.de\/index.php?rest_route=\/wp\/v2\/pages\/154"}],"wp:attachment":[{"href":"https:\/\/burkhard-puetz.de\/index.php?rest_route=%2Fwp%2Fv2%2Fmedia&parent=418"}],"curies":[{"name":"wp","href":"https:\/\/api.w.org\/{rel}","templated":true}]}}