{"id":420,"date":"2024-08-05T15:37:00","date_gmt":"2024-08-05T15:37:00","guid":{"rendered":"https:\/\/burkhard-puetz.de\/?page_id=420"},"modified":"2026-04-01T09:04:43","modified_gmt":"2026-04-01T09:04:43","slug":"fotos-chorgemeinschaft-heiligkreuz-im-koelner-dom","status":"publish","type":"page","link":"https:\/\/burkhard-puetz.de\/?page_id=420","title":{"rendered":"Chorgemeinschaft Heiligkreuz im K\u00f6lner Dom"},"content":{"rendered":"\n<p>Kapitelsamt im Hohen Dom zu K\u00f6ln am 19. Juli 2015<\/p>\n\n\n<!-- PhotoBlocks for WordPress v1.3.3 free --><style> #photoblocks-12 {width: 100%;} #photoblocks-12 .pb-block {border-color: #333333;} #photoblocks-12 .pb-title {color: #ffffff;font-size: 20px;} #photoblocks-12 .pb-description {color: rgba(255, 255, 255, 0.7);font-size: 14px;} #photoblocks-12 .pb-block.pb-type-text .pb-overlay {} #photoblocks-12 .pb-block.pb-type-text .pb-title, #photoblocks-12 .pb-block.pb-type-text .pb-description {} #photoblocks-12 .pb-block.pb-type-text .pb-title {} #photoblocks-12 .pb-block.pb-type-text .pb-description {} #photoblocks-12 .pb-overlay {background: rgba(0, 0, 0, 0.75);} #photoblocks-12.pb-lift.show-empty-overlay .pb-block.pb-type-image:hover, #photoblocks-12.pb-lift .pb-block.pb-type-image.with-text:hover { box-shadow: rgba(0, 0, 0, 0.75) 0 0 20px; } #photoblocks-12 .pb-block { } #photoblocks-12 .pb-block .pb-social button {color: #ffffff;font-size: 14px;} #photoblocks-12 .pb-blocks .pb-type-image {max-width: calc( 100% - 10px )}<\/style><div class=\"photoblocks-gallery pb-blur pb-lift pb-effect-fade\" data-anim=\"fade\" id=\"photoblocks-12\"> <div class=\"pb-blocks\"> <div class=\"pb-block with-text with-social-or-text pb-landscape pb-width pb-type-image \" style=\"\" data-colspan=\"1\" data-rowspan=\"1\" data-col=\"0\" data-row=\"0\" data-valign=\"center\" data-halign=\"center\" data-type=\"image\" data-ratio=\"1.4990774907749\"> <img decoding=\"async\" class=\"pb-image skip-lazy \" src=\"data:image\/png;base64,iVBORw0KGgoAAAANSUhEUgAAAAEAAAABCAYAAAAfFcSJAAAADUlEQVR42mNkYPhfDwAChwGA60e6kgAAAABJRU5ErkJggg==\" data-pb-source=\"https:\/\/burkhardpuetz-i6psyu9my.live-website.com\/wp-content\/uploads\/2024\/08\/IMG_7923-Kopie.jpg\" alt=\"Die Chorgemeinschaft Heiligkreuz Trier singt im K\u00f6lner Dom am 19.07.15 | Ankunft in K\u00f6ln - Auf dem Weg zum Chorsaal der K\u00f6lner Dommusik\"> <noscript><img decoding=\"async\" src=\"https:\/\/burkhardpuetz-i6psyu9my.live-website.com\/wp-content\/uploads\/2024\/08\/IMG_7923-Kopie.jpg\" alt=\"Die Chorgemeinschaft Heiligkreuz Trier singt im K\u00f6lner Dom am 19.07.15 | Ankunft in K\u00f6ln - Auf dem Weg zum Chorsaal der K\u00f6lner Dommusik\"><\/noscript> <a class=\"pb-link \" data-magnific=\"gallery-12\" data-caption=\"Die Chorgemeinschaft Heiligkreuz Trier singt im K\u00f6lner Dom am 19.07.15 | Ankunft in K\u00f6ln - Auf dem Weg zum Chorsaal der K\u00f6lner Dommusik\" rel=\"\" target=\"\" href=\"https:\/\/burkhard-puetz.de\/wp-content\/uploads\/2024\/08\/IMG_7923-Kopie.jpg\"> <div class=\"pb-overlay\" style=\"\"> <div class=\"pb-caption-bottom\"> <span class=\"pb-description pb-caption-left\" style=\"\">Die Chorgemeinschaft Heiligkreuz Trier singt im K\u00f6lner Dom am 19.07.15 | Ankunft in K\u00f6ln - Auf dem Weg zum Chorsaal der K\u00f6lner Dommusik<\/span> <\/div> <\/div> <\/a> <\/div> <div class=\"pb-block with-text with-social-or-text pb-landscape pb-width pb-type-image \" style=\"\" data-colspan=\"1\" data-rowspan=\"1\" data-col=\"1\" data-row=\"0\" data-valign=\"center\" data-halign=\"center\" data-type=\"image\" data-ratio=\"1.4990774907749\"> <img decoding=\"async\" class=\"pb-image skip-lazy \" src=\"data:image\/png;base64,iVBORw0KGgoAAAANSUhEUgAAAAEAAAABCAYAAAAfFcSJAAAADUlEQVR42mNkYPhfDwAChwGA60e6kgAAAABJRU5ErkJggg==\" data-pb-source=\"https:\/\/burkhardpuetz-i6psyu9my.live-website.com\/wp-content\/uploads\/2024\/08\/IMG_7932-Kopie.jpg\" alt=\"Die Chorgemeinschaft Heiligkreuz Trier singt im K\u00f6lner Dom am 19.07.15 | Seltene Aussichten - nur f\u00fcr Chors\u00e4nger \u2026\"> <noscript><img decoding=\"async\" src=\"https:\/\/burkhardpuetz-i6psyu9my.live-website.com\/wp-content\/uploads\/2024\/08\/IMG_7932-Kopie.jpg\" alt=\"Die Chorgemeinschaft Heiligkreuz Trier singt im K\u00f6lner Dom am 19.07.15 | Seltene Aussichten - nur f\u00fcr Chors\u00e4nger \u2026\"><\/noscript> <a class=\"pb-link \" data-magnific=\"gallery-12\" data-caption=\"Die Chorgemeinschaft Heiligkreuz Trier singt im K\u00f6lner Dom am 19.07.15 | Seltene Aussichten - nur f\u00fcr Chors\u00e4nger \u2026\" rel=\"\" target=\"\" href=\"https:\/\/burkhard-puetz.de\/wp-content\/uploads\/2024\/08\/IMG_7932-Kopie.jpg\"> <div class=\"pb-overlay\" style=\"\"> <div class=\"pb-caption-bottom\"> <span class=\"pb-description pb-caption-left\" style=\"\">Die Chorgemeinschaft Heiligkreuz Trier singt im K\u00f6lner Dom am 19.07.15 | Seltene Aussichten - nur f\u00fcr Chors\u00e4nger \u2026<\/span> <\/div> <\/div> <\/a> <\/div> <div class=\"pb-block with-text with-social-or-text pb-landscape pb-width pb-type-image \" style=\"\" data-colspan=\"1\" data-rowspan=\"1\" data-col=\"2\" data-row=\"0\" data-valign=\"center\" data-halign=\"center\" data-type=\"image\" data-ratio=\"1.5046468401487\"> <img decoding=\"async\" class=\"pb-image skip-lazy \" src=\"data:image\/png;base64,iVBORw0KGgoAAAANSUhEUgAAAAEAAAABCAYAAAAfFcSJAAAADUlEQVR42mNkYPhfDwAChwGA60e6kgAAAABJRU5ErkJggg==\" data-pb-source=\"https:\/\/burkhardpuetz-i6psyu9my.live-website.com\/wp-content\/uploads\/2024\/08\/150719_chor_hk_koeln-2-Kopie.jpg\" alt=\"Die Chorgemeinschaft Heiligkreuz Trier singt im K\u00f6lner Dom am 19.07.15 | Freundlicher Empfang durch die K\u00f6lner Dommusik\"> <noscript><img decoding=\"async\" src=\"https:\/\/burkhardpuetz-i6psyu9my.live-website.com\/wp-content\/uploads\/2024\/08\/150719_chor_hk_koeln-2-Kopie.jpg\" alt=\"Die Chorgemeinschaft Heiligkreuz Trier singt im K\u00f6lner Dom am 19.07.15 | Freundlicher Empfang durch die K\u00f6lner Dommusik\"><\/noscript> <a class=\"pb-link \" data-magnific=\"gallery-12\" data-caption=\"Die Chorgemeinschaft Heiligkreuz Trier singt im K\u00f6lner Dom am 19.07.15 | Freundlicher Empfang durch die K\u00f6lner Dommusik\" rel=\"\" target=\"\" href=\"https:\/\/burkhard-puetz.de\/wp-content\/uploads\/2024\/08\/150719_chor_hk_koeln-2-Kopie.jpg\"> <div class=\"pb-overlay\" style=\"\"> <div class=\"pb-caption-bottom\"> <span class=\"pb-description pb-caption-left\" style=\"\">Die Chorgemeinschaft Heiligkreuz Trier singt im K\u00f6lner Dom am 19.07.15 | Freundlicher Empfang durch die K\u00f6lner Dommusik<\/span> <\/div> <\/div> <\/a> <\/div> <div class=\"pb-block with-text with-social-or-text pb-landscape pb-width pb-type-image \" style=\"\" data-colspan=\"1\" data-rowspan=\"1\" data-col=\"3\" data-row=\"0\" data-valign=\"center\" data-halign=\"center\" data-type=\"image\" data-ratio=\"1.4990774907749\"> <img decoding=\"async\" class=\"pb-image skip-lazy \" src=\"data:image\/png;base64,iVBORw0KGgoAAAANSUhEUgAAAAEAAAABCAYAAAAfFcSJAAAADUlEQVR42mNkYPhfDwAChwGA60e6kgAAAABJRU5ErkJggg==\" data-pb-source=\"https:\/\/burkhardpuetz-i6psyu9my.live-website.com\/wp-content\/uploads\/2024\/08\/IMG_7931-Kopie.jpg\" alt=\"Die Chorgemeinschaft Heiligkreuz Trier singt im K\u00f6lner Dom am 19.07.15 | Auf dem Weg zum Chorsaal\"> <noscript><img decoding=\"async\" src=\"https:\/\/burkhardpuetz-i6psyu9my.live-website.com\/wp-content\/uploads\/2024\/08\/IMG_7931-Kopie.jpg\" alt=\"Die Chorgemeinschaft Heiligkreuz Trier singt im K\u00f6lner Dom am 19.07.15 | Auf dem Weg zum Chorsaal\"><\/noscript> <a class=\"pb-link \" data-magnific=\"gallery-12\" data-caption=\"Die Chorgemeinschaft Heiligkreuz Trier singt im K\u00f6lner Dom am 19.07.15 | Auf dem Weg zum Chorsaal\" rel=\"\" target=\"\" href=\"https:\/\/burkhard-puetz.de\/wp-content\/uploads\/2024\/08\/IMG_7931-Kopie.jpg\"> <div class=\"pb-overlay\" style=\"\"> <div class=\"pb-caption-bottom\"> <span class=\"pb-description pb-caption-left\" style=\"\">Die Chorgemeinschaft Heiligkreuz Trier singt im K\u00f6lner Dom am 19.07.15 | Auf dem Weg zum Chorsaal<\/span> <\/div> <\/div> <\/a> <\/div> <div class=\"pb-block with-text with-social-or-text pb-landscape pb-width pb-type-image \" style=\"\" data-colspan=\"1\" data-rowspan=\"1\" data-col=\"0\" data-row=\"1\" data-valign=\"center\" data-halign=\"center\" data-type=\"image\" data-ratio=\"1.4990774907749\"> <img decoding=\"async\" class=\"pb-image skip-lazy \" src=\"data:image\/png;base64,iVBORw0KGgoAAAANSUhEUgAAAAEAAAABCAYAAAAfFcSJAAAADUlEQVR42mNkYPhfDwAChwGA60e6kgAAAABJRU5ErkJggg==\" data-pb-source=\"https:\/\/burkhardpuetz-i6psyu9my.live-website.com\/wp-content\/uploads\/2024\/08\/IMG_7934-Kopie.jpg\" alt=\"Die Chorgemeinschaft Heiligkreuz Trier singt im K\u00f6lner Dom am 19.07.15 | Im Chorsaal vor der Einsingprobe\"> <noscript><img decoding=\"async\" src=\"https:\/\/burkhardpuetz-i6psyu9my.live-website.com\/wp-content\/uploads\/2024\/08\/IMG_7934-Kopie.jpg\" alt=\"Die Chorgemeinschaft Heiligkreuz Trier singt im K\u00f6lner Dom am 19.07.15 | Im Chorsaal vor der Einsingprobe\"><\/noscript> <a class=\"pb-link \" data-magnific=\"gallery-12\" data-caption=\"Die Chorgemeinschaft Heiligkreuz Trier singt im K\u00f6lner Dom am 19.07.15 | Im Chorsaal vor der Einsingprobe\" rel=\"\" target=\"\" href=\"https:\/\/burkhard-puetz.de\/wp-content\/uploads\/2024\/08\/IMG_7934-Kopie.jpg\"> <div class=\"pb-overlay\" style=\"\"> <div class=\"pb-caption-bottom\"> <span class=\"pb-description pb-caption-left\" style=\"\">Die Chorgemeinschaft Heiligkreuz Trier singt im K\u00f6lner Dom am 19.07.15 | Im Chorsaal vor der Einsingprobe<\/span> <\/div> <\/div> <\/a> <\/div> <div class=\"pb-block with-text with-social-or-text pb-landscape pb-width pb-type-image \" style=\"\" data-colspan=\"1\" data-rowspan=\"1\" data-col=\"1\" data-row=\"1\" data-valign=\"center\" data-halign=\"center\" data-type=\"image\" data-ratio=\"1.5046468401487\"> <img decoding=\"async\" class=\"pb-image skip-lazy \" src=\"data:image\/png;base64,iVBORw0KGgoAAAANSUhEUgAAAAEAAAABCAYAAAAfFcSJAAAADUlEQVR42mNkYPhfDwAChwGA60e6kgAAAABJRU5ErkJggg==\" data-pb-source=\"https:\/\/burkhardpuetz-i6psyu9my.live-website.com\/wp-content\/uploads\/2024\/08\/150719_chor_hk_koeln-9-Kopie.jpg\" alt=\"Die Chorgemeinschaft Heiligkreuz Trier singt im K\u00f6lner Dom am 19.07.15 | Im Chorsaal vor der Einsingprobe: Gut gelaunte Sopranistinnen ...\"> <noscript><img decoding=\"async\" src=\"https:\/\/burkhardpuetz-i6psyu9my.live-website.com\/wp-content\/uploads\/2024\/08\/150719_chor_hk_koeln-9-Kopie.jpg\" alt=\"Die Chorgemeinschaft Heiligkreuz Trier singt im K\u00f6lner Dom am 19.07.15 | Im Chorsaal vor der Einsingprobe: Gut gelaunte Sopranistinnen ...\"><\/noscript> <a class=\"pb-link \" data-magnific=\"gallery-12\" data-caption=\"Die Chorgemeinschaft Heiligkreuz Trier singt im K\u00f6lner Dom am 19.07.15 | Im Chorsaal vor der Einsingprobe: Gut gelaunte Sopranistinnen ...\" rel=\"\" target=\"\" href=\"https:\/\/burkhard-puetz.de\/wp-content\/uploads\/2024\/08\/150719_chor_hk_koeln-9-Kopie.jpg\"> <div class=\"pb-overlay\" style=\"\"> <div class=\"pb-caption-bottom\"> <span class=\"pb-description pb-caption-left\" style=\"\">Die Chorgemeinschaft Heiligkreuz Trier singt im K\u00f6lner Dom am 19.07.15 | Im Chorsaal vor der Einsingprobe: Gut gelaunte Sopranistinnen ...<\/span> <\/div> <\/div> <\/a> <\/div> <div class=\"pb-block with-text with-social-or-text pb-landscape pb-width pb-type-image \" style=\"\" data-colspan=\"1\" data-rowspan=\"1\" data-col=\"2\" data-row=\"1\" data-valign=\"center\" data-halign=\"center\" data-type=\"image\" data-ratio=\"1.4990774907749\"> <img decoding=\"async\" class=\"pb-image skip-lazy \" src=\"data:image\/png;base64,iVBORw0KGgoAAAANSUhEUgAAAAEAAAABCAYAAAAfFcSJAAAADUlEQVR42mNkYPhfDwAChwGA60e6kgAAAABJRU5ErkJggg==\" data-pb-source=\"https:\/\/burkhardpuetz-i6psyu9my.live-website.com\/wp-content\/uploads\/2024\/08\/IMG_7939-Kopie.jpg\" alt=\"Die Chorgemeinschaft Heiligkreuz Trier singt im K\u00f6lner Dom am 19.07.15 | Wie man sieht: Auch Tenor und Bass verstehen sich\"> <noscript><img decoding=\"async\" src=\"https:\/\/burkhardpuetz-i6psyu9my.live-website.com\/wp-content\/uploads\/2024\/08\/IMG_7939-Kopie.jpg\" alt=\"Die Chorgemeinschaft Heiligkreuz Trier singt im K\u00f6lner Dom am 19.07.15 | Wie man sieht: Auch Tenor und Bass verstehen sich\"><\/noscript> <a class=\"pb-link \" data-magnific=\"gallery-12\" data-caption=\"Die Chorgemeinschaft Heiligkreuz Trier singt im K\u00f6lner Dom am 19.07.15 | Wie man sieht: Auch Tenor und Bass verstehen sich\" rel=\"\" target=\"\" href=\"https:\/\/burkhard-puetz.de\/wp-content\/uploads\/2024\/08\/IMG_7939-Kopie.jpg\"> <div class=\"pb-overlay\" style=\"\"> <div class=\"pb-caption-bottom\"> <span class=\"pb-description pb-caption-left\" style=\"\">Die Chorgemeinschaft Heiligkreuz Trier singt im K\u00f6lner Dom am 19.07.15 | Wie man sieht: Auch Tenor und Bass verstehen sich<\/span> <\/div> <\/div> <\/a> <\/div> <div class=\"pb-block with-text with-social-or-text pb-landscape pb-width pb-type-image \" style=\"\" data-colspan=\"1\" data-rowspan=\"1\" data-col=\"3\" data-row=\"1\" data-valign=\"center\" data-halign=\"center\" data-type=\"image\" data-ratio=\"1.5051067780873\"> <img decoding=\"async\" class=\"pb-image skip-lazy \" src=\"data:image\/png;base64,iVBORw0KGgoAAAANSUhEUgAAAAEAAAABCAYAAAAfFcSJAAAADUlEQVR42mNkYPhfDwAChwGA60e6kgAAAABJRU5ErkJggg==\" data-pb-source=\"https:\/\/burkhardpuetz-i6psyu9my.live-website.com\/wp-content\/uploads\/2024\/08\/150719_chor_hk_koeln-14-Kopie.jpg\" alt=\"Die Chorgemeinschaft Heiligkreuz Trier singt im K\u00f6lner Dom am 19.07.15 | Im Vordergrund: Das Bl\u00e4serensemble\"> <noscript><img decoding=\"async\" src=\"https:\/\/burkhardpuetz-i6psyu9my.live-website.com\/wp-content\/uploads\/2024\/08\/150719_chor_hk_koeln-14-Kopie.jpg\" alt=\"Die Chorgemeinschaft Heiligkreuz Trier singt im K\u00f6lner Dom am 19.07.15 | Im Vordergrund: Das Bl\u00e4serensemble\"><\/noscript> <a class=\"pb-link \" data-magnific=\"gallery-12\" data-caption=\"Die Chorgemeinschaft Heiligkreuz Trier singt im K\u00f6lner Dom am 19.07.15 | Im Vordergrund: Das Bl\u00e4serensemble\" rel=\"\" target=\"\" href=\"https:\/\/burkhard-puetz.de\/wp-content\/uploads\/2024\/08\/150719_chor_hk_koeln-14-Kopie.jpg\"> <div class=\"pb-overlay\" style=\"\"> <div class=\"pb-caption-bottom\"> <span class=\"pb-description pb-caption-left\" style=\"\">Die Chorgemeinschaft Heiligkreuz Trier singt im K\u00f6lner Dom am 19.07.15 | Im Vordergrund: Das Bl\u00e4serensemble<\/span> <\/div> <\/div> <\/a> <\/div> <div class=\"pb-block with-text with-social-or-text pb-landscape pb-width pb-type-image \" style=\"\" data-colspan=\"1\" data-rowspan=\"1\" data-col=\"0\" data-row=\"2\" data-valign=\"center\" data-halign=\"center\" data-type=\"image\" data-ratio=\"1.5051067780873\"> <img decoding=\"async\" class=\"pb-image skip-lazy \" src=\"data:image\/png;base64,iVBORw0KGgoAAAANSUhEUgAAAAEAAAABCAYAAAAfFcSJAAAADUlEQVR42mNkYPhfDwAChwGA60e6kgAAAABJRU5ErkJggg==\" data-pb-source=\"https:\/\/burkhardpuetz-i6psyu9my.live-website.com\/wp-content\/uploads\/2024\/08\/150719_chor_hk_koeln-16-Kopie.jpg\" alt=\"Die Chorgemeinschaft Heiligkreuz Trier singt im K\u00f6lner Dom am 19.07.15 | Vor der Einsingprobe: Begr\u00fc\u00dfung durch Chorleiter Burkhard P\u00fctz\"> <noscript><img decoding=\"async\" src=\"https:\/\/burkhardpuetz-i6psyu9my.live-website.com\/wp-content\/uploads\/2024\/08\/150719_chor_hk_koeln-16-Kopie.jpg\" alt=\"Die Chorgemeinschaft Heiligkreuz Trier singt im K\u00f6lner Dom am 19.07.15 | Vor der Einsingprobe: Begr\u00fc\u00dfung durch Chorleiter Burkhard P\u00fctz\"><\/noscript> <a class=\"pb-link \" data-magnific=\"gallery-12\" data-caption=\"Die Chorgemeinschaft Heiligkreuz Trier singt im K\u00f6lner Dom am 19.07.15 | Vor der Einsingprobe: Begr\u00fc\u00dfung durch Chorleiter Burkhard P\u00fctz\" rel=\"\" target=\"\" href=\"https:\/\/burkhard-puetz.de\/wp-content\/uploads\/2024\/08\/150719_chor_hk_koeln-16-Kopie.jpg\"> <div class=\"pb-overlay\" style=\"\"> <div class=\"pb-caption-bottom\"> <span class=\"pb-description pb-caption-left\" style=\"\">Die Chorgemeinschaft Heiligkreuz Trier singt im K\u00f6lner Dom am 19.07.15 | Vor der Einsingprobe: Begr\u00fc\u00dfung durch Chorleiter Burkhard P\u00fctz<\/span> <\/div> <\/div> <\/a> <\/div> <div class=\"pb-block with-text with-social-or-text pb-landscape pb-width pb-type-image \" style=\"\" data-colspan=\"1\" data-rowspan=\"1\" data-col=\"1\" data-row=\"2\" data-valign=\"center\" data-halign=\"center\" data-type=\"image\" data-ratio=\"1.4997070884593\"> <img decoding=\"async\" class=\"pb-image skip-lazy \" src=\"data:image\/png;base64,iVBORw0KGgoAAAANSUhEUgAAAAEAAAABCAYAAAAfFcSJAAAADUlEQVR42mNkYPhfDwAChwGA60e6kgAAAABJRU5ErkJggg==\" data-pb-source=\"https:\/\/burkhardpuetz-i6psyu9my.live-website.com\/wp-content\/uploads\/2024\/08\/IMG_7942-Kopie-scaled.jpg\" alt=\"Die Chorgemeinschaft Heiligkreuz Trier singt im K\u00f6lner Dom am 19.07.15 | Beim Einsingen\"> <noscript><img decoding=\"async\" src=\"https:\/\/burkhardpuetz-i6psyu9my.live-website.com\/wp-content\/uploads\/2024\/08\/IMG_7942-Kopie-scaled.jpg\" alt=\"Die Chorgemeinschaft Heiligkreuz Trier singt im K\u00f6lner Dom am 19.07.15 | Beim Einsingen\"><\/noscript> <a class=\"pb-link \" data-magnific=\"gallery-12\" data-caption=\"Die Chorgemeinschaft Heiligkreuz Trier singt im K\u00f6lner Dom am 19.07.15 | Beim Einsingen\" rel=\"\" target=\"\" href=\"https:\/\/burkhard-puetz.de\/wp-content\/uploads\/2024\/08\/IMG_7942-Kopie-scaled.jpg\"> <div class=\"pb-overlay\" style=\"\"> <div class=\"pb-caption-bottom\"> <span class=\"pb-description pb-caption-left\" style=\"\">Die Chorgemeinschaft Heiligkreuz Trier singt im K\u00f6lner Dom am 19.07.15 | Beim Einsingen<\/span> <\/div> <\/div> <\/a> <\/div> <div class=\"pb-block with-text with-social-or-text pb-landscape pb-width pb-type-image \" style=\"\" data-colspan=\"1\" data-rowspan=\"1\" data-col=\"2\" data-row=\"2\" data-valign=\"center\" data-halign=\"center\" data-type=\"image\" data-ratio=\"1.5051067780873\"> <img decoding=\"async\" class=\"pb-image skip-lazy \" src=\"data:image\/png;base64,iVBORw0KGgoAAAANSUhEUgAAAAEAAAABCAYAAAAfFcSJAAAADUlEQVR42mNkYPhfDwAChwGA60e6kgAAAABJRU5ErkJggg==\" data-pb-source=\"https:\/\/burkhardpuetz-i6psyu9my.live-website.com\/wp-content\/uploads\/2024\/08\/150719_chor_hk_koeln-25-Kopie.jpg\" alt=\"Die Chorgemeinschaft Heiligkreuz Trier singt im K\u00f6lner Dom am 19.07.15 | Kurze Probe vor dem Gottesdienst\"> <noscript><img decoding=\"async\" src=\"https:\/\/burkhardpuetz-i6psyu9my.live-website.com\/wp-content\/uploads\/2024\/08\/150719_chor_hk_koeln-25-Kopie.jpg\" alt=\"Die Chorgemeinschaft Heiligkreuz Trier singt im K\u00f6lner Dom am 19.07.15 | Kurze Probe vor dem Gottesdienst\"><\/noscript> <a class=\"pb-link \" data-magnific=\"gallery-12\" data-caption=\"Die Chorgemeinschaft Heiligkreuz Trier singt im K\u00f6lner Dom am 19.07.15 | Kurze Probe vor dem Gottesdienst\" rel=\"\" target=\"\" href=\"https:\/\/burkhard-puetz.de\/wp-content\/uploads\/2024\/08\/150719_chor_hk_koeln-25-Kopie.jpg\"> <div class=\"pb-overlay\" style=\"\"> <div class=\"pb-caption-bottom\"> <span class=\"pb-description pb-caption-left\" style=\"\">Die Chorgemeinschaft Heiligkreuz Trier singt im K\u00f6lner Dom am 19.07.15 | Kurze Probe vor dem Gottesdienst<\/span> <\/div> <\/div> <\/a> <\/div> <div class=\"pb-block with-text with-social-or-text pb-landscape pb-width pb-type-image \" style=\"\" data-colspan=\"1\" data-rowspan=\"1\" data-col=\"3\" data-row=\"2\" data-valign=\"center\" data-halign=\"center\" data-type=\"image\" data-ratio=\"1.4997070884593\"> <img decoding=\"async\" class=\"pb-image skip-lazy \" src=\"data:image\/png;base64,iVBORw0KGgoAAAANSUhEUgAAAAEAAAABCAYAAAAfFcSJAAAADUlEQVR42mNkYPhfDwAChwGA60e6kgAAAABJRU5ErkJggg==\" data-pb-source=\"https:\/\/burkhardpuetz-i6psyu9my.live-website.com\/wp-content\/uploads\/2024\/08\/IMG_7943-Kopie-scaled.jpg\" alt=\"Die Chorgemeinschaft Heiligkreuz Trier singt im K\u00f6lner Dom am 19.07.15 | Letzte Hinweise des Chorleiters vor dem Auftritt\"> <noscript><img decoding=\"async\" src=\"https:\/\/burkhardpuetz-i6psyu9my.live-website.com\/wp-content\/uploads\/2024\/08\/IMG_7943-Kopie-scaled.jpg\" alt=\"Die Chorgemeinschaft Heiligkreuz Trier singt im K\u00f6lner Dom am 19.07.15 | Letzte Hinweise des Chorleiters vor dem Auftritt\"><\/noscript> <a class=\"pb-link \" data-magnific=\"gallery-12\" data-caption=\"Die Chorgemeinschaft Heiligkreuz Trier singt im K\u00f6lner Dom am 19.07.15 | Letzte Hinweise des Chorleiters vor dem Auftritt\" rel=\"\" target=\"\" href=\"https:\/\/burkhard-puetz.de\/wp-content\/uploads\/2024\/08\/IMG_7943-Kopie-scaled.jpg\"> <div class=\"pb-overlay\" style=\"\"> <div class=\"pb-caption-bottom\"> <span class=\"pb-description pb-caption-left\" style=\"\">Die Chorgemeinschaft Heiligkreuz Trier singt im K\u00f6lner Dom am 19.07.15 | Letzte Hinweise des Chorleiters vor dem Auftritt<\/span> <\/div> <\/div> <\/a> <\/div> <div class=\"pb-block with-text with-social-or-text pb-landscape pb-width pb-type-image \" style=\"\" data-colspan=\"1\" data-rowspan=\"1\" data-col=\"0\" data-row=\"3\" data-valign=\"center\" data-halign=\"center\" data-type=\"image\" data-ratio=\"1.4997070884593\"> <img decoding=\"async\" class=\"pb-image skip-lazy \" src=\"data:image\/png;base64,iVBORw0KGgoAAAANSUhEUgAAAAEAAAABCAYAAAAfFcSJAAAADUlEQVR42mNkYPhfDwAChwGA60e6kgAAAABJRU5ErkJggg==\" data-pb-source=\"https:\/\/burkhardpuetz-i6psyu9my.live-website.com\/wp-content\/uploads\/2024\/08\/IMG_7937-Kopie-scaled.jpg\" alt=\"Die Chorgemeinschaft Heiligkreuz Trier singt im K\u00f6lner Dom am 19.07.15 | Letzte Absprachen kurz vor dem Auftritt: Chorleiter Burkhard P\u00fctz (l.) im Gespr\u00e4ch mit Organist Gilles Leyers (r.)\"> <noscript><img decoding=\"async\" src=\"https:\/\/burkhardpuetz-i6psyu9my.live-website.com\/wp-content\/uploads\/2024\/08\/IMG_7937-Kopie-scaled.jpg\" alt=\"Die Chorgemeinschaft Heiligkreuz Trier singt im K\u00f6lner Dom am 19.07.15 | Letzte Absprachen kurz vor dem Auftritt: Chorleiter Burkhard P\u00fctz (l.) im Gespr\u00e4ch mit Organist Gilles Leyers (r.)\"><\/noscript> <a class=\"pb-link \" data-magnific=\"gallery-12\" data-caption=\"Die Chorgemeinschaft Heiligkreuz Trier singt im K\u00f6lner Dom am 19.07.15 | Letzte Absprachen kurz vor dem Auftritt: Chorleiter Burkhard P\u00fctz (l.) im Gespr\u00e4ch mit Organist Gilles Leyers (r.)\" rel=\"\" target=\"\" href=\"https:\/\/burkhard-puetz.de\/wp-content\/uploads\/2024\/08\/IMG_7937-Kopie-scaled.jpg\"> <div class=\"pb-overlay\" style=\"\"> <div class=\"pb-caption-bottom\"> <span class=\"pb-description pb-caption-left\" style=\"\">Die Chorgemeinschaft Heiligkreuz Trier singt im K\u00f6lner Dom am 19.07.15 | Letzte Absprachen kurz vor dem Auftritt: Chorleiter Burkhard P\u00fctz (l.) im Gespr\u00e4ch mit Organist Gilles Leyers (r.)<\/span> <\/div> <\/div> <\/a> <\/div> <div class=\"pb-block with-text with-social-or-text pb-landscape pb-width pb-type-image \" style=\"\" data-colspan=\"1\" data-rowspan=\"1\" data-col=\"1\" data-row=\"3\" data-valign=\"center\" data-halign=\"center\" data-type=\"image\" data-ratio=\"1.4997070884593\"> <img decoding=\"async\" class=\"pb-image skip-lazy \" src=\"data:image\/png;base64,iVBORw0KGgoAAAANSUhEUgAAAAEAAAABCAYAAAAfFcSJAAAADUlEQVR42mNkYPhfDwAChwGA60e6kgAAAABJRU5ErkJggg==\" data-pb-source=\"https:\/\/burkhardpuetz-i6psyu9my.live-website.com\/wp-content\/uploads\/2024\/08\/IMG_7961-Kopie-scaled.jpg\" alt=\"Die Chorgemeinschaft Heiligkreuz Trier singt im K\u00f6lner Dom am 19.07.15 | Am Auff\u00fchrungsort auf der Vierungsempore des K\u00f6lner Doms: Blick in die Altstimme\"> <noscript><img decoding=\"async\" src=\"https:\/\/burkhardpuetz-i6psyu9my.live-website.com\/wp-content\/uploads\/2024\/08\/IMG_7961-Kopie-scaled.jpg\" alt=\"Die Chorgemeinschaft Heiligkreuz Trier singt im K\u00f6lner Dom am 19.07.15 | Am Auff\u00fchrungsort auf der Vierungsempore des K\u00f6lner Doms: Blick in die Altstimme\"><\/noscript> <a class=\"pb-link \" data-magnific=\"gallery-12\" data-caption=\"Die Chorgemeinschaft Heiligkreuz Trier singt im K\u00f6lner Dom am 19.07.15 | Am Auff\u00fchrungsort auf der Vierungsempore des K\u00f6lner Doms: Blick in die Altstimme\" rel=\"\" target=\"\" href=\"https:\/\/burkhard-puetz.de\/wp-content\/uploads\/2024\/08\/IMG_7961-Kopie-scaled.jpg\"> <div class=\"pb-overlay\" style=\"\"> <div class=\"pb-caption-bottom\"> <span class=\"pb-description pb-caption-left\" style=\"\">Die Chorgemeinschaft Heiligkreuz Trier singt im K\u00f6lner Dom am 19.07.15 | Am Auff\u00fchrungsort auf der Vierungsempore des K\u00f6lner Doms: Blick in die Altstimme<\/span> <\/div> <\/div> <\/a> <\/div> <div class=\"pb-block with-text with-social-or-text pb-landscape pb-width pb-type-image \" style=\"\" data-colspan=\"1\" data-rowspan=\"1\" data-col=\"2\" data-row=\"3\" data-valign=\"center\" data-halign=\"center\" data-type=\"image\" data-ratio=\"1.5\"> <img decoding=\"async\" class=\"pb-image skip-lazy \" src=\"data:image\/png;base64,iVBORw0KGgoAAAANSUhEUgAAAAEAAAABCAYAAAAfFcSJAAAADUlEQVR42mNkYPhfDwAChwGA60e6kgAAAABJRU5ErkJggg==\" data-pb-source=\"https:\/\/burkhardpuetz-i6psyu9my.live-website.com\/wp-content\/uploads\/2024\/08\/IMGP2638.jpg\" alt=\"Die Chorgemeinschaft Heiligkreuz Trier singt im K\u00f6lner Dom am 19.07.15\"> <noscript><img decoding=\"async\" src=\"https:\/\/burkhardpuetz-i6psyu9my.live-website.com\/wp-content\/uploads\/2024\/08\/IMGP2638.jpg\" alt=\"Die Chorgemeinschaft Heiligkreuz Trier singt im K\u00f6lner Dom am 19.07.15\"><\/noscript> <a class=\"pb-link \" data-magnific=\"gallery-12\" data-caption=\"Die Chorgemeinschaft Heiligkreuz Trier singt im K\u00f6lner Dom am 19.07.15\" rel=\"\" target=\"\" href=\"https:\/\/burkhard-puetz.de\/wp-content\/uploads\/2024\/08\/IMGP2638.jpg\"> <div class=\"pb-overlay\" style=\"\"> <div class=\"pb-caption-bottom\"> <span class=\"pb-description pb-caption-left\" style=\"\">Die Chorgemeinschaft Heiligkreuz Trier singt im K\u00f6lner Dom am 19.07.15<\/span> <\/div> <\/div> <\/a> <\/div> <div class=\"pb-block with-text with-social-or-text pb-landscape pb-width pb-type-image \" style=\"\" data-colspan=\"1\" data-rowspan=\"1\" data-col=\"3\" data-row=\"3\" data-valign=\"center\" data-halign=\"center\" data-type=\"image\" data-ratio=\"1.4997070884593\"> <img decoding=\"async\" class=\"pb-image skip-lazy \" src=\"data:image\/png;base64,iVBORw0KGgoAAAANSUhEUgAAAAEAAAABCAYAAAAfFcSJAAAADUlEQVR42mNkYPhfDwAChwGA60e6kgAAAABJRU5ErkJggg==\" data-pb-source=\"https:\/\/burkhardpuetz-i6psyu9my.live-website.com\/wp-content\/uploads\/2024\/08\/IMG_7945-Kopie-scaled.jpg\" alt=\"Die Chorgemeinschaft Heiligkreuz Trier singt im K\u00f6lner Dom am 19.07.15 | Auf der Vierungsempore des K\u00f6lner Doms\"> <noscript><img decoding=\"async\" src=\"https:\/\/burkhardpuetz-i6psyu9my.live-website.com\/wp-content\/uploads\/2024\/08\/IMG_7945-Kopie-scaled.jpg\" alt=\"Die Chorgemeinschaft Heiligkreuz Trier singt im K\u00f6lner Dom am 19.07.15 | Auf der Vierungsempore des K\u00f6lner Doms\"><\/noscript> <a class=\"pb-link \" data-magnific=\"gallery-12\" data-caption=\"Die Chorgemeinschaft Heiligkreuz Trier singt im K\u00f6lner Dom am 19.07.15 | Auf der Vierungsempore des K\u00f6lner Doms\" rel=\"\" target=\"\" href=\"https:\/\/burkhard-puetz.de\/wp-content\/uploads\/2024\/08\/IMG_7945-Kopie-scaled.jpg\"> <div class=\"pb-overlay\" style=\"\"> <div class=\"pb-caption-bottom\"> <span class=\"pb-description pb-caption-left\" style=\"\">Die Chorgemeinschaft Heiligkreuz Trier singt im K\u00f6lner Dom am 19.07.15 | Auf der Vierungsempore des K\u00f6lner Doms<\/span> <\/div> <\/div> <\/a> <\/div> <div class=\"pb-block with-text with-social-or-text pb-landscape pb-width pb-type-image \" style=\"\" data-colspan=\"1\" data-rowspan=\"1\" data-col=\"0\" data-row=\"4\" data-valign=\"center\" data-halign=\"center\" data-type=\"image\" data-ratio=\"1.5051067780873\"> <img decoding=\"async\" class=\"pb-image skip-lazy \" src=\"data:image\/png;base64,iVBORw0KGgoAAAANSUhEUgAAAAEAAAABCAYAAAAfFcSJAAAADUlEQVR42mNkYPhfDwAChwGA60e6kgAAAABJRU5ErkJggg==\" data-pb-source=\"https:\/\/burkhardpuetz-i6psyu9my.live-website.com\/wp-content\/uploads\/2024\/08\/150719_chor_hk_koeln-46-Kopie.jpg\" alt=\"Die Chorgemeinschaft Heiligkreuz Trier singt im K\u00f6lner Dom am 19.07.15 | Vor Beginn des Gottesdienstes auf der Vierungsempore des K\u00f6lner Doms\"> <noscript><img decoding=\"async\" src=\"https:\/\/burkhardpuetz-i6psyu9my.live-website.com\/wp-content\/uploads\/2024\/08\/150719_chor_hk_koeln-46-Kopie.jpg\" alt=\"Die Chorgemeinschaft Heiligkreuz Trier singt im K\u00f6lner Dom am 19.07.15 | Vor Beginn des Gottesdienstes auf der Vierungsempore des K\u00f6lner Doms\"><\/noscript> <a class=\"pb-link \" data-magnific=\"gallery-12\" data-caption=\"Die Chorgemeinschaft Heiligkreuz Trier singt im K\u00f6lner Dom am 19.07.15 | Vor Beginn des Gottesdienstes auf der Vierungsempore des K\u00f6lner Doms\" rel=\"\" target=\"\" href=\"https:\/\/burkhard-puetz.de\/wp-content\/uploads\/2024\/08\/150719_chor_hk_koeln-46-Kopie.jpg\"> <div class=\"pb-overlay\" style=\"\"> <div class=\"pb-caption-bottom\"> <span class=\"pb-description pb-caption-left\" style=\"\">Die Chorgemeinschaft Heiligkreuz Trier singt im K\u00f6lner Dom am 19.07.15 | Vor Beginn des Gottesdienstes auf der Vierungsempore des K\u00f6lner Doms<\/span> <\/div> <\/div> <\/a> <\/div> <div class=\"pb-block with-text with-social-or-text pb-landscape pb-width pb-type-image \" style=\"\" data-colspan=\"1\" data-rowspan=\"1\" data-col=\"1\" data-row=\"4\" data-valign=\"center\" data-halign=\"center\" data-type=\"image\" data-ratio=\"1.4990774907749\"> <img decoding=\"async\" class=\"pb-image skip-lazy \" src=\"data:image\/png;base64,iVBORw0KGgoAAAANSUhEUgAAAAEAAAABCAYAAAAfFcSJAAAADUlEQVR42mNkYPhfDwAChwGA60e6kgAAAABJRU5ErkJggg==\" data-pb-source=\"https:\/\/burkhardpuetz-i6psyu9my.live-website.com\/wp-content\/uploads\/2024\/08\/IMG_7958-Kopie.jpg\" alt=\"Die Chorgemeinschaft Heiligkreuz Trier singt im K\u00f6lner Dom am 19.07.15 | Der Assistent der K\u00f6lner Dommusik, Joachim Weller (l.), im Gespr\u00e4ch mit Dekanatskantor Burkhard P\u00fctz (r.)\"> <noscript><img decoding=\"async\" src=\"https:\/\/burkhardpuetz-i6psyu9my.live-website.com\/wp-content\/uploads\/2024\/08\/IMG_7958-Kopie.jpg\" alt=\"Die Chorgemeinschaft Heiligkreuz Trier singt im K\u00f6lner Dom am 19.07.15 | Der Assistent der K\u00f6lner Dommusik, Joachim Weller (l.), im Gespr\u00e4ch mit Dekanatskantor Burkhard P\u00fctz (r.)\"><\/noscript> <a class=\"pb-link \" data-magnific=\"gallery-12\" data-caption=\"Die Chorgemeinschaft Heiligkreuz Trier singt im K\u00f6lner Dom am 19.07.15 | Der Assistent der K\u00f6lner Dommusik, Joachim Weller (l.), im Gespr\u00e4ch mit Dekanatskantor Burkhard P\u00fctz (r.)\" rel=\"\" target=\"\" href=\"https:\/\/burkhard-puetz.de\/wp-content\/uploads\/2024\/08\/IMG_7958-Kopie.jpg\"> <div class=\"pb-overlay\" style=\"\"> <div class=\"pb-caption-bottom\"> <span class=\"pb-description pb-caption-left\" style=\"\">Die Chorgemeinschaft Heiligkreuz Trier singt im K\u00f6lner Dom am 19.07.15 | Der Assistent der K\u00f6lner Dommusik, Joachim Weller (l.), im Gespr\u00e4ch mit Dekanatskantor Burkhard P\u00fctz (r.)<\/span> <\/div> <\/div> <\/a> <\/div> <div class=\"pb-block with-text with-social-or-text pb-landscape pb-width pb-type-image \" style=\"\" data-colspan=\"1\" data-rowspan=\"1\" data-col=\"2\" data-row=\"4\" data-valign=\"center\" data-halign=\"center\" data-type=\"image\" data-ratio=\"1.5051067780873\"> <img decoding=\"async\" class=\"pb-image skip-lazy \" src=\"data:image\/png;base64,iVBORw0KGgoAAAANSUhEUgAAAAEAAAABCAYAAAAfFcSJAAAADUlEQVR42mNkYPhfDwAChwGA60e6kgAAAABJRU5ErkJggg==\" data-pb-source=\"https:\/\/burkhardpuetz-i6psyu9my.live-website.com\/wp-content\/uploads\/2024\/08\/150719_chor_hk_koeln-49-Kopie.jpg\" alt=\"Die Chorgemeinschaft Heiligkreuz Trier singt im K\u00f6lner Dom am 19.07.15\"> <noscript><img decoding=\"async\" src=\"https:\/\/burkhardpuetz-i6psyu9my.live-website.com\/wp-content\/uploads\/2024\/08\/150719_chor_hk_koeln-49-Kopie.jpg\" alt=\"Die Chorgemeinschaft Heiligkreuz Trier singt im K\u00f6lner Dom am 19.07.15\"><\/noscript> <a class=\"pb-link \" data-magnific=\"gallery-12\" data-caption=\"Die Chorgemeinschaft Heiligkreuz Trier singt im K\u00f6lner Dom am 19.07.15\" rel=\"\" target=\"\" href=\"https:\/\/burkhard-puetz.de\/wp-content\/uploads\/2024\/08\/150719_chor_hk_koeln-49-Kopie.jpg\"> <div class=\"pb-overlay\" style=\"\"> <div class=\"pb-caption-bottom\"> <span class=\"pb-description pb-caption-left\" style=\"\">Die Chorgemeinschaft Heiligkreuz Trier singt im K\u00f6lner Dom am 19.07.15<\/span> <\/div> <\/div> <\/a> <\/div> <div class=\"pb-block with-text with-social-or-text pb-landscape pb-width pb-type-image \" style=\"\" data-colspan=\"1\" data-rowspan=\"1\" data-col=\"3\" data-row=\"4\" data-valign=\"center\" data-halign=\"center\" data-type=\"image\" data-ratio=\"1.4997070884593\"> <img decoding=\"async\" class=\"pb-image skip-lazy \" src=\"data:image\/png;base64,iVBORw0KGgoAAAANSUhEUgAAAAEAAAABCAYAAAAfFcSJAAAADUlEQVR42mNkYPhfDwAChwGA60e6kgAAAABJRU5ErkJggg==\" data-pb-source=\"https:\/\/burkhardpuetz-i6psyu9my.live-website.com\/wp-content\/uploads\/2024\/08\/IMG_7959-Kopie-scaled.jpg\" alt=\"Die Chorgemeinschaft Heiligkreuz Trier singt im K\u00f6lner Dom am 19.07.15 | Der Organist Gilles Leyers am Generalspieltisch der K\u00f6lner Domorgeln\"> <noscript><img decoding=\"async\" src=\"https:\/\/burkhardpuetz-i6psyu9my.live-website.com\/wp-content\/uploads\/2024\/08\/IMG_7959-Kopie-scaled.jpg\" alt=\"Die Chorgemeinschaft Heiligkreuz Trier singt im K\u00f6lner Dom am 19.07.15 | Der Organist Gilles Leyers am Generalspieltisch der K\u00f6lner Domorgeln\"><\/noscript> <a class=\"pb-link \" data-magnific=\"gallery-12\" data-caption=\"Die Chorgemeinschaft Heiligkreuz Trier singt im K\u00f6lner Dom am 19.07.15 | Der Organist Gilles Leyers am Generalspieltisch der K\u00f6lner Domorgeln\" rel=\"\" target=\"\" href=\"https:\/\/burkhard-puetz.de\/wp-content\/uploads\/2024\/08\/IMG_7959-Kopie-scaled.jpg\"> <div class=\"pb-overlay\" style=\"\"> <div class=\"pb-caption-bottom\"> <span class=\"pb-description pb-caption-left\" style=\"\">Die Chorgemeinschaft Heiligkreuz Trier singt im K\u00f6lner Dom am 19.07.15 | Der Organist Gilles Leyers am Generalspieltisch der K\u00f6lner Domorgeln<\/span> <\/div> <\/div> <\/a> <\/div> <div class=\"pb-block with-text with-social-or-text pb-landscape pb-width pb-type-image \" style=\"\" data-colspan=\"1\" data-rowspan=\"1\" data-col=\"0\" data-row=\"5\" data-valign=\"center\" data-halign=\"center\" data-type=\"image\" data-ratio=\"1.5\"> <img decoding=\"async\" class=\"pb-image skip-lazy \" src=\"data:image\/png;base64,iVBORw0KGgoAAAANSUhEUgAAAAEAAAABCAYAAAAfFcSJAAAADUlEQVR42mNkYPhfDwAChwGA60e6kgAAAABJRU5ErkJggg==\" data-pb-source=\"https:\/\/burkhardpuetz-i6psyu9my.live-website.com\/wp-content\/uploads\/2024\/08\/IMGP2637.jpg\" alt=\"Die Chorgemeinschaft Heiligkreuz Trier singt im K\u00f6lner Dom am 19.07.15\"> <noscript><img decoding=\"async\" src=\"https:\/\/burkhardpuetz-i6psyu9my.live-website.com\/wp-content\/uploads\/2024\/08\/IMGP2637.jpg\" alt=\"Die Chorgemeinschaft Heiligkreuz Trier singt im K\u00f6lner Dom am 19.07.15\"><\/noscript> <a class=\"pb-link \" data-magnific=\"gallery-12\" data-caption=\"Die Chorgemeinschaft Heiligkreuz Trier singt im K\u00f6lner Dom am 19.07.15\" rel=\"\" target=\"\" href=\"https:\/\/burkhard-puetz.de\/wp-content\/uploads\/2024\/08\/IMGP2637.jpg\"> <div class=\"pb-overlay\" style=\"\"> <div class=\"pb-caption-bottom\"> <span class=\"pb-description pb-caption-left\" style=\"\">Die Chorgemeinschaft Heiligkreuz Trier singt im K\u00f6lner Dom am 19.07.15<\/span> <\/div> <\/div> <\/a> <\/div> <div class=\"pb-block with-text with-social-or-text pb-landscape pb-width pb-type-image \" style=\"\" data-colspan=\"1\" data-rowspan=\"1\" data-col=\"1\" data-row=\"5\" data-valign=\"center\" data-halign=\"center\" data-type=\"image\" data-ratio=\"1.5051067780873\"> <img decoding=\"async\" class=\"pb-image skip-lazy \" src=\"data:image\/png;base64,iVBORw0KGgoAAAANSUhEUgAAAAEAAAABCAYAAAAfFcSJAAAADUlEQVR42mNkYPhfDwAChwGA60e6kgAAAABJRU5ErkJggg==\" data-pb-source=\"https:\/\/burkhardpuetz-i6psyu9my.live-website.com\/wp-content\/uploads\/2024\/08\/150719_chor_hk_koeln-56-Kopie.jpg\" alt=\"Die Chorgemeinschaft Heiligkreuz Trier singt im K\u00f6lner Dom am 19.07.15 | Konzentration vor Beginn des Gottesdienstes\"> <noscript><img decoding=\"async\" src=\"https:\/\/burkhardpuetz-i6psyu9my.live-website.com\/wp-content\/uploads\/2024\/08\/150719_chor_hk_koeln-56-Kopie.jpg\" alt=\"Die Chorgemeinschaft Heiligkreuz Trier singt im K\u00f6lner Dom am 19.07.15 | Konzentration vor Beginn des Gottesdienstes\"><\/noscript> <a class=\"pb-link \" data-magnific=\"gallery-12\" data-caption=\"Die Chorgemeinschaft Heiligkreuz Trier singt im K\u00f6lner Dom am 19.07.15 | Konzentration vor Beginn des Gottesdienstes\" rel=\"\" target=\"\" href=\"https:\/\/burkhard-puetz.de\/wp-content\/uploads\/2024\/08\/150719_chor_hk_koeln-56-Kopie.jpg\"> <div class=\"pb-overlay\" style=\"\"> <div class=\"pb-caption-bottom\"> <span class=\"pb-description pb-caption-left\" style=\"\">Die Chorgemeinschaft Heiligkreuz Trier singt im K\u00f6lner Dom am 19.07.15 | Konzentration vor Beginn des Gottesdienstes<\/span> <\/div> <\/div> <\/a> <\/div> <div class=\"pb-block with-text with-social-or-text pb-landscape pb-width pb-type-image \" style=\"\" data-colspan=\"1\" data-rowspan=\"1\" data-col=\"2\" data-row=\"5\" data-valign=\"center\" data-halign=\"center\" data-type=\"image\" data-ratio=\"1.5051067780873\"> <img decoding=\"async\" class=\"pb-image skip-lazy \" src=\"data:image\/png;base64,iVBORw0KGgoAAAANSUhEUgAAAAEAAAABCAYAAAAfFcSJAAAADUlEQVR42mNkYPhfDwAChwGA60e6kgAAAABJRU5ErkJggg==\" data-pb-source=\"https:\/\/burkhardpuetz-i6psyu9my.live-website.com\/wp-content\/uploads\/2024\/08\/150719_chor_hk_koeln-63-Kopie.jpg\" alt=\"Die Chorgemeinschaft Heiligkreuz Trier singt im K\u00f6lner Dom am 19.07.15 | Einzugsmusik - Alle S\u00e4nger und Musiker in Aktion: Entrata festiva op. 93 von Flor Peeters\"> <noscript><img decoding=\"async\" src=\"https:\/\/burkhardpuetz-i6psyu9my.live-website.com\/wp-content\/uploads\/2024\/08\/150719_chor_hk_koeln-63-Kopie.jpg\" alt=\"Die Chorgemeinschaft Heiligkreuz Trier singt im K\u00f6lner Dom am 19.07.15 | Einzugsmusik - Alle S\u00e4nger und Musiker in Aktion: Entrata festiva op. 93 von Flor Peeters\"><\/noscript> <a class=\"pb-link \" data-magnific=\"gallery-12\" data-caption=\"Die Chorgemeinschaft Heiligkreuz Trier singt im K\u00f6lner Dom am 19.07.15 | Einzugsmusik - Alle S\u00e4nger und Musiker in Aktion: Entrata festiva op. 93 von Flor Peeters\" rel=\"\" target=\"\" href=\"https:\/\/burkhard-puetz.de\/wp-content\/uploads\/2024\/08\/150719_chor_hk_koeln-63-Kopie.jpg\"> <div class=\"pb-overlay\" style=\"\"> <div class=\"pb-caption-bottom\"> <span class=\"pb-description pb-caption-left\" style=\"\">Die Chorgemeinschaft Heiligkreuz Trier singt im K\u00f6lner Dom am 19.07.15 | Einzugsmusik - Alle S\u00e4nger und Musiker in Aktion: Entrata festiva op. 93 von Flor Peeters<\/span> <\/div> <\/div> <\/a> <\/div> <div class=\"pb-block with-text with-social-or-text pb-landscape pb-width pb-type-image \" style=\"\" data-colspan=\"1\" data-rowspan=\"1\" data-col=\"3\" data-row=\"5\" data-valign=\"center\" data-halign=\"center\" data-type=\"image\" data-ratio=\"1.4993811881188\"> <img decoding=\"async\" class=\"pb-image skip-lazy \" src=\"data:image\/png;base64,iVBORw0KGgoAAAANSUhEUgAAAAEAAAABCAYAAAAfFcSJAAAADUlEQVR42mNkYPhfDwAChwGA60e6kgAAAABJRU5ErkJggg==\" data-pb-source=\"https:\/\/burkhardpuetz-i6psyu9my.live-website.com\/wp-content\/uploads\/2024\/08\/IMG_7960-Kopie.jpg\" alt=\"Die Chorgemeinschaft Heiligkreuz Trier singt im K\u00f6lner Dom am 19.07.15 | Kommentar des Dommusikers Joachim Weller: &#039;Ein so festliches Amen ist sogar im K\u00f6lner Dom nur selten zu h\u00f6ren!&#039;\"> <noscript><img decoding=\"async\" src=\"https:\/\/burkhardpuetz-i6psyu9my.live-website.com\/wp-content\/uploads\/2024\/08\/IMG_7960-Kopie.jpg\" alt=\"Die Chorgemeinschaft Heiligkreuz Trier singt im K\u00f6lner Dom am 19.07.15 | Kommentar des Dommusikers Joachim Weller: &#039;Ein so festliches Amen ist sogar im K\u00f6lner Dom nur selten zu h\u00f6ren!&#039;\"><\/noscript> <a class=\"pb-link \" data-magnific=\"gallery-12\" data-caption=\"Die Chorgemeinschaft Heiligkreuz Trier singt im K\u00f6lner Dom am 19.07.15 | Kommentar des Dommusikers Joachim Weller: 'Ein so festliches Amen ist sogar im K\u00f6lner Dom nur selten zu h\u00f6ren!'\" rel=\"\" target=\"\" href=\"https:\/\/burkhard-puetz.de\/wp-content\/uploads\/2024\/08\/IMG_7960-Kopie.jpg\"> <div class=\"pb-overlay\" style=\"\"> <div class=\"pb-caption-bottom\"> <span class=\"pb-description pb-caption-left\" style=\"\">Die Chorgemeinschaft Heiligkreuz Trier singt im K\u00f6lner Dom am 19.07.15 | Kommentar des Dommusikers Joachim Weller: 'Ein so festliches Amen ist sogar im K\u00f6lner Dom nur selten zu h\u00f6ren!'<\/span> <\/div> <\/div> <\/a> <\/div> <div class=\"pb-block with-text with-social-or-text pb-landscape pb-width pb-type-image \" style=\"\" data-colspan=\"1\" data-rowspan=\"1\" data-col=\"0\" data-row=\"6\" data-valign=\"center\" data-halign=\"center\" data-type=\"image\" data-ratio=\"1.5051067780873\"> <img decoding=\"async\" class=\"pb-image skip-lazy \" src=\"data:image\/png;base64,iVBORw0KGgoAAAANSUhEUgAAAAEAAAABCAYAAAAfFcSJAAAADUlEQVR42mNkYPhfDwAChwGA60e6kgAAAABJRU5ErkJggg==\" data-pb-source=\"https:\/\/burkhardpuetz-i6psyu9my.live-website.com\/wp-content\/uploads\/2024\/08\/150719_chor_hk_koeln-65-Kopie.jpg\" alt=\"Die Chorgemeinschaft Heiligkreuz Trier singt im K\u00f6lner Dom am 19.07.15 | Beim Dankgesang: Johann Sebastian Bach, Nun danket alle Gott BWV 79\"> <noscript><img decoding=\"async\" src=\"https:\/\/burkhardpuetz-i6psyu9my.live-website.com\/wp-content\/uploads\/2024\/08\/150719_chor_hk_koeln-65-Kopie.jpg\" alt=\"Die Chorgemeinschaft Heiligkreuz Trier singt im K\u00f6lner Dom am 19.07.15 | Beim Dankgesang: Johann Sebastian Bach, Nun danket alle Gott BWV 79\"><\/noscript> <a class=\"pb-link \" data-magnific=\"gallery-12\" data-caption=\"Die Chorgemeinschaft Heiligkreuz Trier singt im K\u00f6lner Dom am 19.07.15 | Beim Dankgesang: Johann Sebastian Bach, Nun danket alle Gott BWV 79\" rel=\"\" target=\"\" href=\"https:\/\/burkhard-puetz.de\/wp-content\/uploads\/2024\/08\/150719_chor_hk_koeln-65-Kopie.jpg\"> <div class=\"pb-overlay\" style=\"\"> <div class=\"pb-caption-bottom\"> <span class=\"pb-description pb-caption-left\" style=\"\">Die Chorgemeinschaft Heiligkreuz Trier singt im K\u00f6lner Dom am 19.07.15 | Beim Dankgesang: Johann Sebastian Bach, Nun danket alle Gott BWV 79<\/span> <\/div> <\/div> <\/a> <\/div> <div class=\"pb-block with-text with-social-or-text pb-landscape pb-width pb-type-image \" style=\"\" data-colspan=\"1\" data-rowspan=\"1\" data-col=\"1\" data-row=\"6\" data-valign=\"center\" data-halign=\"center\" data-type=\"image\" data-ratio=\"1.5051067780873\"> <img decoding=\"async\" class=\"pb-image skip-lazy \" src=\"data:image\/png;base64,iVBORw0KGgoAAAANSUhEUgAAAAEAAAABCAYAAAAfFcSJAAAADUlEQVR42mNkYPhfDwAChwGA60e6kgAAAABJRU5ErkJggg==\" data-pb-source=\"https:\/\/burkhardpuetz-i6psyu9my.live-website.com\/wp-content\/uploads\/2024\/08\/150719_chor_hk_koeln-20-Kopie.jpg\" alt=\"Die Chorgemeinschaft Heiligkreuz Trier singt im K\u00f6lner Dom am 19.07.15\"> <noscript><img decoding=\"async\" src=\"https:\/\/burkhardpuetz-i6psyu9my.live-website.com\/wp-content\/uploads\/2024\/08\/150719_chor_hk_koeln-20-Kopie.jpg\" alt=\"Die Chorgemeinschaft Heiligkreuz Trier singt im K\u00f6lner Dom am 19.07.15\"><\/noscript> <a class=\"pb-link \" data-magnific=\"gallery-12\" data-caption=\"Dommusiker Joachim Weller nach unserm Gottesdienst im K\u00f6lner Dom: 'Sie d\u00fcrfen gerne wiederkommen!'\" rel=\"\" target=\"\" href=\"https:\/\/burkhard-puetz.de\/wp-content\/uploads\/2024\/08\/150719_chor_hk_koeln-20-Kopie.jpg\"> <div class=\"pb-overlay\" style=\"\"> <div class=\"pb-caption-top\"> <span class=\"pb-title pb-caption-left\" style=\"\">Die Chorgemeinschaft Heiligkreuz Trier singt im K\u00f6lner Dom am 19.07.15<\/span> <\/div> <div class=\"pb-caption-bottom\"> <span class=\"pb-description pb-caption-left\" style=\"\">Dommusiker Joachim Weller nach unserm Gottesdienst im K\u00f6lner Dom: 'Sie d\u00fcrfen gerne wiederkommen!'<\/span> <\/div> <\/div> <\/a> <\/div> <div class=\"pb-block with-text with-social-or-text pb-landscape pb-width pb-type-image \" style=\"\" data-colspan=\"1\" data-rowspan=\"1\" data-col=\"2\" data-row=\"6\" data-valign=\"center\" data-halign=\"center\" data-type=\"image\" data-ratio=\"1.5051067780873\"> <img decoding=\"async\" class=\"pb-image skip-lazy \" src=\"data:image\/png;base64,iVBORw0KGgoAAAANSUhEUgAAAAEAAAABCAYAAAAfFcSJAAAADUlEQVR42mNkYPhfDwAChwGA60e6kgAAAABJRU5ErkJggg==\" data-pb-source=\"https:\/\/burkhardpuetz-i6psyu9my.live-website.com\/wp-content\/uploads\/2024\/08\/150719_chor_hk_koeln-67-Kopie.jpg\" alt=\"Die Chorgemeinschaft Heiligkreuz Trier singt im K\u00f6lner Dom am 19.07.15 | Der Dreik\u00f6nigenschrein - Ziel der Domwallfahrt\"> <noscript><img decoding=\"async\" src=\"https:\/\/burkhardpuetz-i6psyu9my.live-website.com\/wp-content\/uploads\/2024\/08\/150719_chor_hk_koeln-67-Kopie.jpg\" alt=\"Die Chorgemeinschaft Heiligkreuz Trier singt im K\u00f6lner Dom am 19.07.15 | Der Dreik\u00f6nigenschrein - Ziel der Domwallfahrt\"><\/noscript> <a class=\"pb-link \" data-magnific=\"gallery-12\" data-caption=\"Die Chorgemeinschaft Heiligkreuz Trier singt im K\u00f6lner Dom am 19.07.15 | Der Dreik\u00f6nigenschrein - Ziel der Domwallfahrt\" rel=\"\" target=\"\" href=\"https:\/\/burkhard-puetz.de\/wp-content\/uploads\/2024\/08\/150719_chor_hk_koeln-67-Kopie.jpg\"> <div class=\"pb-overlay\" style=\"\"> <div class=\"pb-caption-bottom\"> <span class=\"pb-description pb-caption-left\" style=\"\">Die Chorgemeinschaft Heiligkreuz Trier singt im K\u00f6lner Dom am 19.07.15 | Der Dreik\u00f6nigenschrein - Ziel der Domwallfahrt<\/span> <\/div> <\/div> <\/a> <\/div> <div class=\"pb-block with-text with-social-or-text pb-landscape pb-width pb-type-image \" style=\"\" data-colspan=\"1\" data-rowspan=\"1\" data-col=\"3\" data-row=\"6\" data-valign=\"center\" data-halign=\"center\" data-type=\"image\" data-ratio=\"1.8962962962963\"> <img decoding=\"async\" class=\"pb-image skip-lazy \" src=\"data:image\/png;base64,iVBORw0KGgoAAAANSUhEUgAAAAEAAAABCAYAAAAfFcSJAAAADUlEQVR42mNkYPhfDwAChwGA60e6kgAAAABJRU5ErkJggg==\" data-pb-source=\"https:\/\/burkhardpuetz-i6psyu9my.live-website.com\/wp-content\/uploads\/2024\/08\/Chorgemeinschaft-Heiligkreuz-Trier-vor-dem-Dreikoenigenschrein-Koelner-Dom-19.07.15-scaled.jpg\" alt=\"Die Chorgemeinschaft Heiligkreuz Trier singt im K\u00f6lner Dom am 19.07.15 | Gl\u00fcckliche Gesichter nach der musikalischen Gestaltung des Kapitelsamtes - Die Chorgemeinschaft Heiligkreuz vor dem Dreik\u00f6nigenschrein\"> <noscript><img decoding=\"async\" src=\"https:\/\/burkhardpuetz-i6psyu9my.live-website.com\/wp-content\/uploads\/2024\/08\/Chorgemeinschaft-Heiligkreuz-Trier-vor-dem-Dreikoenigenschrein-Koelner-Dom-19.07.15-scaled.jpg\" alt=\"Die Chorgemeinschaft Heiligkreuz Trier singt im K\u00f6lner Dom am 19.07.15 | Gl\u00fcckliche Gesichter nach der musikalischen Gestaltung des Kapitelsamtes - Die Chorgemeinschaft Heiligkreuz vor dem Dreik\u00f6nigenschrein\"><\/noscript> <a class=\"pb-link \" data-magnific=\"gallery-12\" data-caption=\"Die Chorgemeinschaft Heiligkreuz Trier singt im K\u00f6lner Dom am 19.07.15 | Gl\u00fcckliche Gesichter nach der musikalischen Gestaltung des Kapitelsamtes - Die Chorgemeinschaft Heiligkreuz vor dem Dreik\u00f6nigenschrein\" rel=\"\" target=\"\" href=\"https:\/\/burkhard-puetz.de\/wp-content\/uploads\/2024\/08\/Chorgemeinschaft-Heiligkreuz-Trier-vor-dem-Dreikoenigenschrein-Koelner-Dom-19.07.15-scaled.jpg\"> <div class=\"pb-overlay\" style=\"\"> <div class=\"pb-caption-bottom\"> <span class=\"pb-description pb-caption-left\" style=\"\">Die Chorgemeinschaft Heiligkreuz Trier singt im K\u00f6lner Dom am 19.07.15 | Gl\u00fcckliche Gesichter nach der musikalischen Gestaltung des Kapitelsamtes - Die Chorgemeinschaft Heiligkreuz vor dem Dreik\u00f6nigenschrein<\/span> <\/div> <\/div> <\/a> <\/div> <div class=\"pb-block with-text with-social-or-text pb-portrait pb-height pb-type-image \" style=\"\" data-colspan=\"1\" data-rowspan=\"1\" data-col=\"0\" data-row=\"7\" data-valign=\"center\" data-halign=\"center\" data-type=\"image\" data-ratio=\"0.66707692307692\"> <img decoding=\"async\" class=\"pb-image skip-lazy \" src=\"data:image\/png;base64,iVBORw0KGgoAAAANSUhEUgAAAAEAAAABCAYAAAAfFcSJAAAADUlEQVR42mNkYPhfDwAChwGA60e6kgAAAABJRU5ErkJggg==\" data-pb-source=\"https:\/\/burkhardpuetz-i6psyu9my.live-website.com\/wp-content\/uploads\/2024\/08\/IMG_7979-Kopie.jpg\" alt=\"Die Chorgemeinschaft Heiligkreuz Trier singt im K\u00f6lner Dom am 19.07.15 | Blick in den Dom nach dem Kapitelsamt\"> <noscript><img decoding=\"async\" src=\"https:\/\/burkhardpuetz-i6psyu9my.live-website.com\/wp-content\/uploads\/2024\/08\/IMG_7979-Kopie.jpg\" alt=\"Die Chorgemeinschaft Heiligkreuz Trier singt im K\u00f6lner Dom am 19.07.15 | Blick in den Dom nach dem Kapitelsamt\"><\/noscript> <a class=\"pb-link \" data-magnific=\"gallery-12\" data-caption=\"Die Chorgemeinschaft Heiligkreuz Trier singt im K\u00f6lner Dom am 19.07.15 | Blick in den Dom nach dem Kapitelsamt\" rel=\"\" target=\"\" href=\"https:\/\/burkhard-puetz.de\/wp-content\/uploads\/2024\/08\/IMG_7979-Kopie.jpg\"> <div class=\"pb-overlay\" style=\"\"> <div class=\"pb-caption-bottom\"> <span class=\"pb-description pb-caption-left\" style=\"\">Die Chorgemeinschaft Heiligkreuz Trier singt im K\u00f6lner Dom am 19.07.15 | Blick in den Dom nach dem Kapitelsamt<\/span> <\/div> <\/div> <\/a> <\/div> <div class=\"pb-block with-text with-social-or-text pb-landscape pb-width pb-type-image \" style=\"\" data-colspan=\"1\" data-rowspan=\"1\" data-col=\"1\" data-row=\"7\" data-valign=\"center\" data-halign=\"center\" data-type=\"image\" data-ratio=\"1.5047410649161\"> <img decoding=\"async\" class=\"pb-image skip-lazy \" src=\"data:image\/png;base64,iVBORw0KGgoAAAANSUhEUgAAAAEAAAABCAYAAAAfFcSJAAAADUlEQVR42mNkYPhfDwAChwGA60e6kgAAAABJRU5ErkJggg==\" data-pb-source=\"https:\/\/burkhardpuetz-i6psyu9my.live-website.com\/wp-content\/uploads\/2024\/08\/gruppenfoto_ternes-Kopie.jpg\" alt=\"Die Chorgemeinschaft Heiligkreuz Trier singt im K\u00f6lner Dom am 19.07.15 | Die Chorgemeinschaft Heiligkreuz Trier mit ihrem Chorleiter Burkhard P\u00fctz (vorn Mitte) und Pr\u00e4ses Pfr. Theo Welsch (rechts) vor dem Dreik\u00f6nigenschrein des K\u00f6lner Doms\"> <noscript><img decoding=\"async\" src=\"https:\/\/burkhardpuetz-i6psyu9my.live-website.com\/wp-content\/uploads\/2024\/08\/gruppenfoto_ternes-Kopie.jpg\" alt=\"Die Chorgemeinschaft Heiligkreuz Trier singt im K\u00f6lner Dom am 19.07.15 | Die Chorgemeinschaft Heiligkreuz Trier mit ihrem Chorleiter Burkhard P\u00fctz (vorn Mitte) und Pr\u00e4ses Pfr. Theo Welsch (rechts) vor dem Dreik\u00f6nigenschrein des K\u00f6lner Doms\"><\/noscript> <a class=\"pb-link \" data-magnific=\"gallery-12\" data-caption=\"Die Chorgemeinschaft Heiligkreuz Trier singt im K\u00f6lner Dom am 19.07.15 | Die Chorgemeinschaft Heiligkreuz Trier mit ihrem Chorleiter Burkhard P\u00fctz (vorn Mitte) und Pr\u00e4ses Pfr. Theo Welsch (rechts) vor dem Dreik\u00f6nigenschrein des K\u00f6lner Doms\" rel=\"\" target=\"\" href=\"https:\/\/burkhard-puetz.de\/wp-content\/uploads\/2024\/08\/gruppenfoto_ternes-Kopie.jpg\"> <div class=\"pb-overlay\" style=\"\"> <div class=\"pb-caption-bottom\"> <span class=\"pb-description pb-caption-left\" style=\"\">Die Chorgemeinschaft Heiligkreuz Trier singt im K\u00f6lner Dom am 19.07.15 | Die Chorgemeinschaft Heiligkreuz Trier mit ihrem Chorleiter Burkhard P\u00fctz (vorn Mitte) und Pr\u00e4ses Pfr. Theo Welsch (rechts) vor dem Dreik\u00f6nigenschrein des K\u00f6lner Doms<\/span> <\/div> <\/div> <\/a> <\/div> <div class=\"pb-block with-text with-social-or-text pb-portrait pb-height pb-type-image \" style=\"\" data-colspan=\"1\" data-rowspan=\"1\" data-col=\"2\" data-row=\"7\" data-valign=\"center\" data-halign=\"center\" data-type=\"image\" data-ratio=\"0.66440468846391\"> <img decoding=\"async\" class=\"pb-image skip-lazy \" src=\"data:image\/png;base64,iVBORw0KGgoAAAANSUhEUgAAAAEAAAABCAYAAAAfFcSJAAAADUlEQVR42mNkYPhfDwAChwGA60e6kgAAAABJRU5ErkJggg==\" data-pb-source=\"https:\/\/burkhardpuetz-i6psyu9my.live-website.com\/wp-content\/uploads\/2024\/08\/150719_chor_hk_koeln-83-Kopie.jpg\" alt=\"Die Chorgemeinschaft Heiligkreuz Trier singt im K\u00f6lner Dom am 19.07.15 | Nach dem Gottesdienst auf der &quot;Domplatte&quot;\"> <noscript><img decoding=\"async\" src=\"https:\/\/burkhardpuetz-i6psyu9my.live-website.com\/wp-content\/uploads\/2024\/08\/150719_chor_hk_koeln-83-Kopie.jpg\" alt=\"Die Chorgemeinschaft Heiligkreuz Trier singt im K\u00f6lner Dom am 19.07.15 | Nach dem Gottesdienst auf der &quot;Domplatte&quot;\"><\/noscript> <a class=\"pb-link \" data-magnific=\"gallery-12\" data-caption=\"Die Chorgemeinschaft Heiligkreuz Trier singt im K\u00f6lner Dom am 19.07.15 | Nach dem Gottesdienst auf der \"Domplatte\"\" rel=\"\" target=\"\" href=\"https:\/\/burkhard-puetz.de\/wp-content\/uploads\/2024\/08\/150719_chor_hk_koeln-83-Kopie.jpg\"> <div class=\"pb-overlay\" style=\"\"> <div class=\"pb-caption-bottom\"> <span class=\"pb-description pb-caption-left\" style=\"\">Die Chorgemeinschaft Heiligkreuz Trier singt im K\u00f6lner Dom am 19.07.15 | Nach dem Gottesdienst auf der \"Domplatte\"<\/span> <\/div> <\/div> <\/a> <\/div> <div class=\"pb-block with-text with-social-or-text pb-landscape pb-width pb-type-image \" style=\"\" data-colspan=\"1\" data-rowspan=\"1\" data-col=\"3\" data-row=\"7\" data-valign=\"center\" data-halign=\"center\" data-type=\"image\" data-ratio=\"1.5051067780873\"> <img decoding=\"async\" class=\"pb-image skip-lazy \" src=\"data:image\/png;base64,iVBORw0KGgoAAAANSUhEUgAAAAEAAAABCAYAAAAfFcSJAAAADUlEQVR42mNkYPhfDwAChwGA60e6kgAAAABJRU5ErkJggg==\" data-pb-source=\"https:\/\/burkhardpuetz-i6psyu9my.live-website.com\/wp-content\/uploads\/2024\/08\/150719_chor_hk_koeln-89-Kopie.jpg\" alt=\"Die Chorgemeinschaft Heiligkreuz Trier singt im K\u00f6lner Dom am 19.07.15 | Chormitglieder warten auf die Domf\u00fchrung\"> <noscript><img decoding=\"async\" src=\"https:\/\/burkhardpuetz-i6psyu9my.live-website.com\/wp-content\/uploads\/2024\/08\/150719_chor_hk_koeln-89-Kopie.jpg\" alt=\"Die Chorgemeinschaft Heiligkreuz Trier singt im K\u00f6lner Dom am 19.07.15 | Chormitglieder warten auf die Domf\u00fchrung\"><\/noscript> <a class=\"pb-link \" data-magnific=\"gallery-12\" data-caption=\"Die Chorgemeinschaft Heiligkreuz Trier singt im K\u00f6lner Dom am 19.07.15 | Chormitglieder warten auf die Domf\u00fchrung\" rel=\"\" target=\"\" href=\"https:\/\/burkhard-puetz.de\/wp-content\/uploads\/2024\/08\/150719_chor_hk_koeln-89-Kopie.jpg\"> <div class=\"pb-overlay\" style=\"\"> <div class=\"pb-caption-bottom\"> <span class=\"pb-description pb-caption-left\" style=\"\">Die Chorgemeinschaft Heiligkreuz Trier singt im K\u00f6lner Dom am 19.07.15 | Chormitglieder warten auf die Domf\u00fchrung<\/span> <\/div> <\/div> <\/a> <\/div> <\/div><\/div><div id=\"photoblocks-fancybox-12\"><\/div><script>jQuery(function () { var p = new PhotoBlocks({ selector: \"#photoblocks-12\", columns: 4, padding: 10, disable_below: 320, on: { before: function () { }, after: function () { }, refresh: function () { } }, mobile_layout: [], lazy: false, debug: false }); jQuery(\"#photoblocks-12\").magnificPopup({ delegate: \".pb-block:not(.pb-filtered) [data-magnific]\", type: \"image\", gallery: { enabled: true, preload: [0,2] }, image: { titleSrc: 'data-caption' }, mainClass: \"mfp-12\" }); });<\/script>\n","protected":false},"excerpt":{"rendered":"<p>Kapitelsamt im Hohen Dom zu K\u00f6ln am 19. Juli 2015<\/p>\n","protected":false},"author":1,"featured_media":0,"parent":154,"menu_order":4,"comment_status":"closed","ping_status":"closed","template":"","meta":{"_kadence_starter_templates_imported_post":false,"_kad_post_transparent":"","_kad_post_title":"","_kad_post_layout":"narrow","_kad_post_sidebar_id":"","_kad_post_content_style":"","_kad_post_vertical_padding":"","_kad_post_feature":"","_kad_post_feature_position":"","_kad_post_header":false,"_kad_post_footer":false,"_kad_post_classname":"","footnotes":""},"class_list":["post-420","page","type-page","status-publish","hentry"],"_links":{"self":[{"href":"https:\/\/burkhard-puetz.de\/index.php?rest_route=\/wp\/v2\/pages\/420","targetHints":{"allow":["GET"]}}],"collection":[{"href":"https:\/\/burkhard-puetz.de\/index.php?rest_route=\/wp\/v2\/pages"}],"about":[{"href":"https:\/\/burkhard-puetz.de\/index.php?rest_route=\/wp\/v2\/types\/page"}],"author":[{"embeddable":true,"href":"https:\/\/burkhard-puetz.de\/index.php?rest_route=\/wp\/v2\/users\/1"}],"replies":[{"embeddable":true,"href":"https:\/\/burkhard-puetz.de\/index.php?rest_route=%2Fwp%2Fv2%2Fcomments&post=420"}],"version-history":[{"count":4,"href":"https:\/\/burkhard-puetz.de\/index.php?rest_route=\/wp\/v2\/pages\/420\/revisions"}],"predecessor-version":[{"id":844,"href":"https:\/\/burkhard-puetz.de\/index.php?rest_route=\/wp\/v2\/pages\/420\/revisions\/844"}],"up":[{"embeddable":true,"href":"https:\/\/burkhard-puetz.de\/index.php?rest_route=\/wp\/v2\/pages\/154"}],"wp:attachment":[{"href":"https:\/\/burkhard-puetz.de\/index.php?rest_route=%2Fwp%2Fv2%2Fmedia&parent=420"}],"curies":[{"name":"wp","href":"https:\/\/api.w.org\/{rel}","templated":true}]}}